{"id":195599,"date":"2025-05-15T14:29:46","date_gmt":"2025-05-15T17:29:46","guid":{"rendered":"https:\/\/sme.goiania.go.gov.br\/conexaoescola\/?post_type=ensino_fundamental&#038;p=195599"},"modified":"2025-10-21T14:07:15","modified_gmt":"2025-10-21T17:07:15","slug":"matematica-leitura-de-tabelas-e-graficos","status":"publish","type":"ensino_fundamental","link":"https:\/\/sme.goiania.go.gov.br\/conexaoescola\/ensino_fundamental\/matematica-leitura-de-tabelas-e-graficos\/","title":{"rendered":"Matem\u00e1tica \u2013 Leitura de Tabelas e Gr\u00e1ficos"},"content":{"rendered":"\n<p class=\"has-text-align-center has-luminous-vivid-orange-to-vivid-red-gradient-background has-background has-medium-font-size\">Esta proposta de atividade de\u00a0<strong>Matem\u00e1tica\u00a0<\/strong>\u00e9 destinada aos estudantes do<strong>\u00a03\u00ba ano\u00a0<\/strong>do Ensino Fundamental.<\/p>\n\n\n\n<div class=\"wp-block-buttons alignwide is-content-justification-center is-layout-flex wp-container-core-buttons-is-layout-16018d1d wp-block-buttons-is-layout-flex\">\n<div class=\"wp-block-button has-custom-width wp-block-button__width-25\"><a class=\"wp-block-button__link wp-element-button\" href=\"https:\/\/drive.google.com\/uc?export=download&amp;id=1NRjHFWEqO64eaxIEwqonLhddTbhuGivr\"><strong>BAIXE A ATIVIDADE<\/strong><\/a><\/div>\n\n\n\n<div class=\"wp-block-button has-custom-width wp-block-button__width-25\"><a class=\"wp-block-button__link wp-element-button\" href=\"https:\/\/drive.google.com\/uc?export=download&amp;id=19ipQbtUHbtN54G5RabZr7YMnVYlcrqOS\"><strong>BAIXE OS SLIDES<\/strong><\/a><\/div>\n\n\n\n<div class=\"wp-block-button has-custom-width wp-block-button__width-25\"><a class=\"wp-block-button__link wp-element-button\" href=\"https:\/\/drive.google.com\/uc?export=download&amp;id=166jlpbY60-CuXatEDSpMadgf8q_4dr5J\"><strong>BAIXE O TEXTO<\/strong><\/a><\/div>\n<\/div>\n\n\n\n<hr class=\"wp-block-separator has-alpha-channel-opacity\"\/>\n\n\n\n<p class=\"has-text-align-center has-medium-font-size\"><strong>Leitura de Tabelas e Gr\u00e1ficos<\/strong><\/p>\n\n\n<div class=\"wp-block-image\">\n<figure class=\"aligncenter size-full is-resized\"><img fetchpriority=\"high\" decoding=\"async\" width=\"401\" height=\"229\" src=\"https:\/\/sme.goiania.go.gov.br\/conexaoescola\/wp-content\/uploads\/2025\/05\/image-79.png\" alt=\"\" class=\"wp-image-195600\" style=\"width:346px;height:auto\" srcset=\"https:\/\/sme.goiania.go.gov.br\/conexaoescola\/wp-content\/uploads\/2025\/05\/image-79.png 401w, https:\/\/sme.goiania.go.gov.br\/conexaoescola\/wp-content\/uploads\/2025\/05\/image-79-300x171.png 300w\" sizes=\"(max-width: 401px) 100vw, 401px\" \/><\/figure><\/div>\n\n\n<p class=\"has-text-align-center\"><em>Figura 1 \u2013 Elaborada por Danielle Fantini no Canva (2025).<\/em><\/p>\n\n\n\n<p class=\"has-medium-font-size\">Tabelas e gr\u00e1ficos est\u00e3o presentes em nosso dia a dia de diversas formas e s\u00e3o ferramentas essenciais para organizar, visualizar e compreender informa\u00e7\u00f5es com mais facilidade. Eles aparecem em jornais, redes sociais, embalagens de produtos, boletins escolares, pesquisas de opini\u00e3o, resultados esportivos, entre outros. A tabela permite registrar dados de forma clara e objetiva, enquanto os gr\u00e1ficos transformam esses dados em imagens que facilitam compara\u00e7\u00f5es e interpreta\u00e7\u00f5es r\u00e1pidas. Aprender a ler e interpretar tabelas e gr\u00e1ficos ajuda a tomar decis\u00f5es mais conscientes e a entender melhor o mundo ao nosso redor.<\/p>\n\n\n\n<p class=\"has-medium-font-size\">Na aula de matem\u00e1tica, a turma do 3\u00ba ano B fez uma pesquisa para descobrir qual o esporte preferido entre os colegas.<\/p>\n\n\n\n<p class=\"has-medium-font-size\">J\u00e1 o gr\u00e1fico de pizza mostra os dados como partes de um c\u00edrculo, como se fosse uma pizza cortada em fatias. Cada fatia representa a porcentagem de alunos que escolheu aquele esporte. A fatia do futebol, por exemplo, \u00e9 a maior, pois representa 40% das escolhas (12 em 30).<\/p>\n\n\n<div class=\"wp-block-image\">\n<figure class=\"aligncenter size-full\"><img decoding=\"async\" width=\"496\" height=\"282\" src=\"https:\/\/sme.goiania.go.gov.br\/conexaoescola\/wp-content\/uploads\/2025\/05\/image-80.png\" alt=\"\" class=\"wp-image-195601\" srcset=\"https:\/\/sme.goiania.go.gov.br\/conexaoescola\/wp-content\/uploads\/2025\/05\/image-80.png 496w, https:\/\/sme.goiania.go.gov.br\/conexaoescola\/wp-content\/uploads\/2025\/05\/image-80-300x171.png 300w\" sizes=\"(max-width: 496px) 100vw, 496px\" \/><figcaption class=\"wp-element-caption\">Fonte: elaborado pela autora (2025).<\/figcaption><\/figure><\/div>\n\n\n<p class=\"has-medium-font-size\">Esse gr\u00e1fico \u00e9 \u00fatil para perceber as propor\u00e7\u00f5es entre as prefer\u00eancias da turma.<\/p>\n\n\n\n<p class=\"has-text-align-center has-luminous-vivid-orange-to-vivid-red-gradient-background has-background has-medium-font-size\"><strong>ASSISTA A VIDEOAULA SOBRE ESSE CONTE\u00daDO:<\/strong><\/p>\n\n\n\n<figure class=\"wp-block-embed is-type-video is-provider-youtube wp-block-embed-youtube wp-embed-aspect-16-9 wp-has-aspect-ratio\"><div class=\"wp-block-embed__wrapper\">\n<p class=\"responsive-video-wrap clr\"><iframe title=\"Matem\u00e1tica - Leitura de Tabelas e Gr\u00e1ficos - 3\u00b0 ano - Anos Iniciais\" width=\"1200\" height=\"675\" src=\"https:\/\/www.youtube.com\/embed\/PETIZdSir3w?feature=oembed\" frameborder=\"0\" allow=\"accelerometer; autoplay; clipboard-write; encrypted-media; gyroscope; picture-in-picture; web-share\" referrerpolicy=\"strict-origin-when-cross-origin\" allowfullscreen><\/iframe><\/p>\n<\/div><figcaption class=\"wp-element-caption\">Matem\u00e1tica \u2013 Leitura de Tabelas e Gr\u00e1ficos \u2013 3\u00ba ano \u2013 Ensino Fundamental \u2013 Canal Portal Conex\u00e3o Escola \u2013 Secretaria Municipal de Educa\u00e7\u00e3o \u2013 Goi\u00e2nia \u2013 Dispon\u00edvel em: &lt;<a href=\"https:\/\/youtu.be\/PETIZdSir3w\">https:\/\/youtu.be\/PETIZdSir3w<\/a>&gt;. Acesso em: 15, mai. 2025.<\/figcaption><\/figure>\n\n\n\n<p class=\"has-text-align-center has-luminous-vivid-orange-to-vivid-red-gradient-background has-background has-medium-font-size\"><strong>RESPONDA \u00c0S QUEST\u00d5ES:<\/strong><\/p>\n\n\n\n<p class=\"has-luminous-vivid-amber-to-luminous-vivid-orange-gradient-background has-background has-medium-font-size\"><strong>QUEST\u00c3O 1<\/strong><\/p>\n\n\n\n<p class=\"has-medium-font-size\">O esporte mais preferido pelos alunos do 3\u00ba ano B \u00e9 o&#8230;<\/p>\n\n\n<div class=\"wp-block-image\">\n<figure class=\"aligncenter size-full\"><img decoding=\"async\" width=\"317\" height=\"168\" src=\"https:\/\/sme.goiania.go.gov.br\/conexaoescola\/wp-content\/uploads\/2025\/05\/image-81.png\" alt=\"\" class=\"wp-image-195605\" srcset=\"https:\/\/sme.goiania.go.gov.br\/conexaoescola\/wp-content\/uploads\/2025\/05\/image-81.png 317w, https:\/\/sme.goiania.go.gov.br\/conexaoescola\/wp-content\/uploads\/2025\/05\/image-81-300x159.png 300w\" sizes=\"(max-width: 317px) 100vw, 317px\" \/><\/figure><\/div>\n\n\n<p class=\"has-medium-font-size\">(A) futebol, com 12 votos.<\/p>\n\n\n\n<p class=\"has-medium-font-size\">(B) v\u00f4lei, com 8 votos.<\/p>\n\n\n\n<p class=\"has-medium-font-size\">(C) basquete, com 5 votos.<\/p>\n\n\n\n<p class=\"has-medium-font-size\">(D) nata\u00e7\u00e3o, com 3 votos.<\/p>\n\n\n\n<p class=\"has-luminous-vivid-amber-to-luminous-vivid-orange-gradient-background has-background has-medium-font-size\"><strong>QUEST\u00c3O 2<\/strong><\/p>\n\n\n\n<p class=\"has-medium-font-size\">O gr\u00e1fico de pizza \u00e9 \u00fatil porque<\/p>\n\n\n<div class=\"wp-block-image\">\n<figure class=\"aligncenter size-full\"><img loading=\"lazy\" decoding=\"async\" width=\"442\" height=\"212\" src=\"https:\/\/sme.goiania.go.gov.br\/conexaoescola\/wp-content\/uploads\/2025\/05\/image-83.png\" alt=\"\" class=\"wp-image-195607\" srcset=\"https:\/\/sme.goiania.go.gov.br\/conexaoescola\/wp-content\/uploads\/2025\/05\/image-83.png 442w, https:\/\/sme.goiania.go.gov.br\/conexaoescola\/wp-content\/uploads\/2025\/05\/image-83-300x144.png 300w\" sizes=\"(max-width: 442px) 100vw, 442px\" \/><\/figure><\/div>\n\n\n<p class=\"has-medium-font-size\">(A) mostra as partes em rela\u00e7\u00e3o ao total de votos.<\/p>\n\n\n\n<p class=\"has-medium-font-size\">(B) mostra o n\u00famero exato de alunos de cada esporte.<\/p>\n\n\n\n<p class=\"has-medium-font-size\">(C) mostra as colunas que comparam as quantidades.<\/p>\n\n\n\n<p class=\"has-medium-font-size\">(D) mostra apenas os esportes com menos de 5 votos.<\/p>\n\n\n\n<p class=\"has-luminous-vivid-amber-to-luminous-vivid-orange-gradient-background has-background has-medium-font-size\"><strong>QUEST\u00c3O 3<\/strong><\/p>\n\n\n\n<p class=\"has-medium-font-size\">Qual \u00e9 o total de alunos que preferem futebol, voleibol e gin\u00e1stica?<\/p>\n\n\n<div class=\"wp-block-image\">\n<figure class=\"aligncenter size-full is-resized\"><img loading=\"lazy\" decoding=\"async\" width=\"612\" height=\"378\" src=\"https:\/\/sme.goiania.go.gov.br\/conexaoescola\/wp-content\/uploads\/2025\/05\/image-84.png\" alt=\"\" class=\"wp-image-195608\" style=\"width:459px;height:auto\" srcset=\"https:\/\/sme.goiania.go.gov.br\/conexaoescola\/wp-content\/uploads\/2025\/05\/image-84.png 612w, https:\/\/sme.goiania.go.gov.br\/conexaoescola\/wp-content\/uploads\/2025\/05\/image-84-300x185.png 300w\" sizes=\"(max-width: 612px) 100vw, 612px\" \/><\/figure><\/div>\n\n\n<p>Resposta:<\/p>\n\n\n\n<p class=\"has-luminous-vivid-amber-to-luminous-vivid-orange-gradient-background has-background has-medium-font-size\"><strong>QUEST\u00c3O 4<\/strong><\/p>\n\n\n\n<p class=\"has-medium-font-size\">Qual coluna do gr\u00e1fico de colunas representa o menor valor?<\/p>\n\n\n\n<p class=\"has-medium-font-size\">(&nbsp;&nbsp; ) A coluna com a quantidade mediana.<\/p>\n\n\n\n<p class=\"has-medium-font-size\">(&nbsp;&nbsp; ) A coluna com a menor quantidade.<\/p>\n\n\n\n<p class=\"has-medium-font-size\">(&nbsp;&nbsp; ) A coluna com a maior quantidade.<\/p>\n\n\n\n<p class=\"has-luminous-vivid-amber-to-luminous-vivid-orange-gradient-background has-background has-medium-font-size\"><strong>QUEST\u00c3O 5<\/strong><\/p>\n\n\n\n<p class=\"has-medium-font-size\">Observando os dados representados na tabela e nos gr\u00e1ficos das quest\u00f5es anteriores, quantos alunos participaram da pesquisa sobre esportes?<\/p>\n\n\n\n<p class=\"has-medium-font-size\">Resposta:<\/p>\n\n\n\n<p class=\"has-luminous-vivid-amber-to-luminous-vivid-orange-gradient-background has-background has-medium-font-size\"><strong>QUEST\u00c3O 6<\/strong><\/p>\n\n\n\n<p class=\"has-medium-font-size\">Entrevista entre colegas &#8211; Converse com 10 colegas e pergunte qual \u00e9 a fruta favorita de cada um (sugest\u00f5es: ma\u00e7\u00e3, banana, uva, melancia, morango).<\/p>\n\n\n\n<p class=\"has-medium-font-size\">Anote as respostas e depois organize os dados em uma tabela simples, com duas colunas: Fruta \/ Quantidade de alunos que escolheram<\/p>\n\n\n\n<p class=\"has-medium-font-size\">Em duplas ou individualmente, monte a tabela.<\/p>\n\n\n\n<p class=\"has-medium-font-size\">Colorindo os dados:<\/p>\n\n\n\n<p class=\"has-medium-font-size\">Use l\u00e1pis de cor para destacar cada fruta com uma cor diferente.<\/p>\n\n\n<div class=\"wp-block-image\">\n<figure class=\"aligncenter size-full\"><img loading=\"lazy\" decoding=\"async\" width=\"825\" height=\"384\" src=\"https:\/\/sme.goiania.go.gov.br\/conexaoescola\/wp-content\/uploads\/2025\/05\/image-85.png\" alt=\"\" class=\"wp-image-195609\" srcset=\"https:\/\/sme.goiania.go.gov.br\/conexaoescola\/wp-content\/uploads\/2025\/05\/image-85.png 825w, https:\/\/sme.goiania.go.gov.br\/conexaoescola\/wp-content\/uploads\/2025\/05\/image-85-300x140.png 300w, https:\/\/sme.goiania.go.gov.br\/conexaoescola\/wp-content\/uploads\/2025\/05\/image-85-768x357.png 768w\" sizes=\"(max-width: 825px) 100vw, 825px\" \/><\/figure><\/div>\n\n\n<p>Interpreta\u00e7\u00e3o:<\/p>\n\n\n\n<p>Ao final, com base na tabela, responda \u00e0s perguntas:<\/p>\n\n\n\n<p>Qual foi a fruta mais escolhida? <\/p>\n\n\n\n<p>Qual fruta teve menos votos? <\/p>\n\n\n\n<p>Quantas crian\u00e7as preferem banana? <\/p>\n\n\n\n<p>Quantas frutas diferentes aparecem na tabela? <\/p>\n\n\n\n<p><\/p>\n\n\n\n<hr class=\"wp-block-separator has-alpha-channel-opacity\"\/>\n\n\n\n<figure class=\"wp-block-table is-style-stripes\"><table class=\"has-fixed-layout\"><tbody><tr><td><strong>Autoria:<\/strong><\/td><td>Prof.\u00aa Esp. Danielle Assis Borges Fantini<\/td><\/tr><tr><td><strong>Forma\u00e7\u00e3o:<\/strong><\/td><td>Graduanda em Nutri\u00e7\u00e3o. &nbsp; <br><br>Graduada em Jornalismo e Pedagogia. &nbsp; <br><br>P\u00f3s-graduada em: <br><br>&#8211; MBA em Gest\u00e3o das Tecnologias da Informa\u00e7\u00e3o e da Comunica\u00e7\u00e3o &#8211; Educa\u00e7\u00e3o;<br>&#8211; Doc\u00eancia Universit\u00e1ria;<br>&#8211; Psicopedagogia Institucional e Cl\u00ednica;<br>&#8211; Neuropedagogia Aplicada \u00e0 Educa\u00e7\u00e3o.<\/td><\/tr><tr><td><strong>Componente Curricular:<\/strong><\/td><td>Matem\u00e1tica<\/td><\/tr><tr><td><strong>Conte\u00fado(s)\/objeto(s) de conhecimento:<\/strong><\/td><td>Leitura, interpreta\u00e7\u00e3o e representa\u00e7\u00e3o de dados em tabelas de dupla entrada e gr\u00e1ficos de barras: Tabelas de dupla entrada; Gr\u00e1ficos de barras ou colunas simples; Coleta, leitura, compara\u00e7\u00e3o e interpreta\u00e7\u00e3o de dados.<\/td><\/tr><tr><td><strong>Descritor(es) &#8211; SAEB:<\/strong><\/td><td>D27 Ler informa\u00e7\u00f5es e dados apresentados em tabelas. <br>D28 Ler informa\u00e7\u00f5es e dados apresentados em gr\u00e1ficos (particularmente em gr\u00e1ficos de colunas).<\/td><\/tr><tr><td><strong>Habilidade(s)\/objetivo(s) de aprendizagem e desenvolvimento &#8211; DOCUMENTO CURRICULAR PARA GOI\u00c1S &#8211; AMPLIADO::<\/strong><\/td><td> (EF03MA26-A) Resolver problemas com dados apresentados em tabelas de dupla entrada e gr\u00e1ficos de barras ou colunas simples em situa\u00e7\u00f5es significativas das realidades sociocultural e econ\u00f4mica. &nbsp; <br><br>(EF03MA26-B) Estabelecer rela\u00e7\u00f5es entre dados, fazer estimativas e previs\u00f5es de dados associadas \u00e0 coleta, leitura, compara\u00e7\u00e3o e interpreta\u00e7\u00e3o de dados, com apoio de recursos multissemi\u00f3ticos, incluindo gr\u00e1ficos de barras ou coluna simples e tabelas de dupla entrada.<\/td><\/tr><tr><td><strong>Refer\u00eancias:<\/strong><\/td><td>BRASIL. Instituto Nacional de Estudos e Pesquisas Educacionais An\u00edsio Teixeira \u2013 INEP. Matriz de Refer\u00eancia de Matem\u00e1tica. Bras\u00edlia: INEP, [s.d.]. Dispon\u00edvel em: https:\/\/download.inep.gov.br\/educacao_basica\/prova_brasil_saeb\/menu_do_professor\/o_que_cai_nas_provas\/Matriz_de_Referencia_de_Matematica.pdf. Acesso em: 15, mai. 2025. &nbsp; <br><br>CANVA. Ferramenta de design gr\u00e1fico online. Dispon\u00edvel em: https:\/\/www.canva.com\/. Acesso em: 15, mai. 2025. &nbsp; <br><br>DANTE, Luiz Roberto; VIANA, Fernando. \u00c1pis mais: matem\u00e1tica: 3\u00ba ano. S\u00e3o Paulo: \u00c1tica, 2021. &nbsp; <br><br>GOI\u00c1S. Secretaria de Estado da Educa\u00e7\u00e3o. Documento Curricular para Goi\u00e1s: ampliado \u2013 Etapa Ensino Fundamental: anos finais. Goi\u00e2nia: Seduc, 2019. &nbsp; <br><br>SOUZA, Joamir Roberto de; SOUZA, Maria Ang\u00e9lica Reghin de. Entrela\u00e7os: matem\u00e1tica: 3\u00ba ano fundamental: anos iniciais. 1. ed. S\u00e3o Paulo: FTD, 2021.<\/td><\/tr><\/tbody><\/table><\/figure>\n","protected":false},"author":64,"featured_media":195610,"template":"","ef_categoria":[193,19],"ef_ano":[86],"ef_componente":[94],"class_list":["post-195599","ensino_fundamental","type-ensino_fundamental","status-publish","has-post-thumbnail","hentry","ef_categoria-anos-iniciais","ef_categoria-educacao-financeira-e-empreendedorismo","ef_ano-3o-ano","ef_componente-matematica","entry","has-media"],"acf":[],"_links":{"self":[{"href":"https:\/\/sme.goiania.go.gov.br\/conexaoescola\/wp-json\/wp\/v2\/ensino_fundamental\/195599","targetHints":{"allow":["GET"]}}],"collection":[{"href":"https:\/\/sme.goiania.go.gov.br\/conexaoescola\/wp-json\/wp\/v2\/ensino_fundamental"}],"about":[{"href":"https:\/\/sme.goiania.go.gov.br\/conexaoescola\/wp-json\/wp\/v2\/types\/ensino_fundamental"}],"author":[{"embeddable":true,"href":"https:\/\/sme.goiania.go.gov.br\/conexaoescola\/wp-json\/wp\/v2\/users\/64"}],"version-history":[{"count":5,"href":"https:\/\/sme.goiania.go.gov.br\/conexaoescola\/wp-json\/wp\/v2\/ensino_fundamental\/195599\/revisions"}],"predecessor-version":[{"id":200626,"href":"https:\/\/sme.goiania.go.gov.br\/conexaoescola\/wp-json\/wp\/v2\/ensino_fundamental\/195599\/revisions\/200626"}],"wp:featuredmedia":[{"embeddable":true,"href":"https:\/\/sme.goiania.go.gov.br\/conexaoescola\/wp-json\/wp\/v2\/media\/195610"}],"wp:attachment":[{"href":"https:\/\/sme.goiania.go.gov.br\/conexaoescola\/wp-json\/wp\/v2\/media?parent=195599"}],"wp:term":[{"taxonomy":"ef_categoria","embeddable":true,"href":"https:\/\/sme.goiania.go.gov.br\/conexaoescola\/wp-json\/wp\/v2\/ef_categoria?post=195599"},{"taxonomy":"ef_ano","embeddable":true,"href":"https:\/\/sme.goiania.go.gov.br\/conexaoescola\/wp-json\/wp\/v2\/ef_ano?post=195599"},{"taxonomy":"ef_componente","embeddable":true,"href":"https:\/\/sme.goiania.go.gov.br\/conexaoescola\/wp-json\/wp\/v2\/ef_componente?post=195599"}],"curies":[{"name":"wp","href":"https:\/\/api.w.org\/{rel}","templated":true}]}}