{"id":195291,"date":"2025-05-07T10:21:57","date_gmt":"2025-05-07T13:21:57","guid":{"rendered":"https:\/\/sme.goiania.go.gov.br\/conexaoescola\/?post_type=ensino_fundamental&#038;p=195291"},"modified":"2025-05-07T10:21:58","modified_gmt":"2025-05-07T13:21:58","slug":"matematica-jeitos-de-calcular","status":"publish","type":"ensino_fundamental","link":"https:\/\/sme.goiania.go.gov.br\/conexaoescola\/ensino_fundamental\/matematica-jeitos-de-calcular\/","title":{"rendered":"Matem\u00e1tica \u2013 Jeitos de Calcular"},"content":{"rendered":"\n<p class=\"has-text-align-center has-luminous-vivid-amber-to-luminous-vivid-orange-gradient-background has-background has-medium-font-size\">Esta proposta de atividade de\u00a0<strong>matem\u00e1tica\u00a0<\/strong>\u00e9 destinada aos estudantes do<strong>\u00a03\u00ba ano\u00a0<\/strong>do Ensino Fundamental.<\/p>\n\n\n\n<div class=\"wp-block-buttons alignwide is-content-justification-center is-layout-flex wp-container-core-buttons-is-layout-16018d1d wp-block-buttons-is-layout-flex\">\n<div class=\"wp-block-button has-custom-width wp-block-button__width-25\"><a class=\"wp-block-button__link wp-element-button\" href=\"https:\/\/drive.google.com\/uc?export=download&amp;id=1ulsPnaxVYpKBeOZUFNnX3vXlVB1d4Mir\"><strong>BAIXE A ATIVIDADE<\/strong><\/a><\/div>\n\n\n\n<div class=\"wp-block-button has-custom-width wp-block-button__width-25\"><a class=\"wp-block-button__link wp-element-button\" href=\"https:\/\/drive.google.com\/uc?export=download&amp;id=1zPXspevyQhQ8aK7ioZeEtT1rpBuC7Epd\"><strong>BAIXE OS SLIDES<\/strong><\/a><\/div>\n\n\n\n<div class=\"wp-block-button has-custom-width wp-block-button__width-25\"><a class=\"wp-block-button__link wp-element-button\" href=\"https:\/\/drive.google.com\/uc?export=download&amp;id=1r9UsE5DAqj1hMwHtoTkCYfnRVELgq0py\"><strong>BAIXE O TEXTO<\/strong><\/a><\/div>\n<\/div>\n\n\n\n<hr class=\"wp-block-separator has-alpha-channel-opacity\"\/>\n\n\n<div class=\"wp-block-image\">\n<figure class=\"aligncenter size-full is-resized\"><img fetchpriority=\"high\" decoding=\"async\" width=\"492\" height=\"277\" src=\"https:\/\/sme.goiania.go.gov.br\/conexaoescola\/wp-content\/uploads\/2025\/05\/JEITOS-DE-CALCULAR.png\" alt=\"\" class=\"wp-image-195293\" style=\"width:320px;height:auto\" srcset=\"https:\/\/sme.goiania.go.gov.br\/conexaoescola\/wp-content\/uploads\/2025\/05\/JEITOS-DE-CALCULAR.png 492w, https:\/\/sme.goiania.go.gov.br\/conexaoescola\/wp-content\/uploads\/2025\/05\/JEITOS-DE-CALCULAR-300x169.png 300w\" sizes=\"(max-width: 492px) 100vw, 492px\" \/><figcaption class=\"wp-element-caption\">Figura 1 &#8211; Elaborado por Danielle Fantini no Canva (2025)<\/figcaption><\/figure><\/div>\n\n\n<p class=\"has-text-align-center has-medium-font-size\"><strong>Jeitos de Calcular<\/strong><\/p>\n\n\n\n<p class=\"has-medium-font-size\">Ol\u00e1, estudantes!<\/p>\n\n\n\n<p class=\"has-medium-font-size\">Hoje vamos conversar sobre algo que usamos todos os dias, mesmo sem perceber: a adi\u00e7\u00e3o e a subtra\u00e7\u00e3o! Elas s\u00e3o como superpoderes da matem\u00e1tica que nos ajudam a resolver muitas situa\u00e7\u00f5es do nosso dia a dia. Vamos entender melhor?<\/p>\n\n\n\n<ul class=\"wp-block-list\">\n<li class=\"has-medium-font-size\">Adi\u00e7\u00e3o \u00e9 quando juntamos elementos.<\/li>\n\n\n\n<li class=\"has-medium-font-size\">Subtra\u00e7\u00e3o \u00e9 quando tiramos ou separamos elementos.<\/li>\n<\/ul>\n\n\n\n<p class=\"has-medium-font-size\">No supermercado:<\/p>\n\n\n<div class=\"wp-block-image\">\n<figure class=\"aligncenter size-full is-resized\"><img decoding=\"async\" width=\"428\" height=\"262\" src=\"https:\/\/sme.goiania.go.gov.br\/conexaoescola\/wp-content\/uploads\/2025\/05\/moeda.png\" alt=\"\" class=\"wp-image-195296\" style=\"width:284px;height:auto\" srcset=\"https:\/\/sme.goiania.go.gov.br\/conexaoescola\/wp-content\/uploads\/2025\/05\/moeda.png 428w, https:\/\/sme.goiania.go.gov.br\/conexaoescola\/wp-content\/uploads\/2025\/05\/moeda-300x184.png 300w\" sizes=\"(max-width: 428px) 100vw, 428px\" \/><figcaption class=\"wp-element-caption\">Figura 2 &#8211; Elaborado por Danielle Fantini no Canva (2025)<\/figcaption><\/figure><\/div>\n\n\n<p class=\"has-medium-font-size\">Voc\u00ea tem R$10,00 e quer comprar um chiclete de R$2,00 e uma barrinha de cereal de R$3,00.<\/p>\n\n\n\n<p class=\"has-medium-font-size\">Voc\u00ea pode fazer a adi\u00e7\u00e3o:<\/p>\n\n\n\n<p class=\"has-medium-font-size\">R$2,00 + R$3,00 = R$5,00 \u2014 Isso mostra quanto voc\u00ea vai gastar.<\/p>\n\n\n\n<p class=\"has-medium-font-size\">Depois, faz a subtra\u00e7\u00e3o:<\/p>\n\n\n\n<p class=\"has-medium-font-size\">R$10,00 &#8211; R$5,00 = R$5,00 \u2014 Isso mostra quanto vai sobrar.<\/p>\n\n\n\n<p class=\"has-medium-font-size\">No anivers\u00e1rio:<\/p>\n\n\n<div class=\"wp-block-image\">\n<figure class=\"aligncenter size-full is-resized\"><img decoding=\"async\" width=\"331\" height=\"183\" src=\"https:\/\/sme.goiania.go.gov.br\/conexaoescola\/wp-content\/uploads\/2025\/05\/image-13.png\" alt=\"\" class=\"wp-image-195297\" style=\"width:245px;height:auto\" srcset=\"https:\/\/sme.goiania.go.gov.br\/conexaoescola\/wp-content\/uploads\/2025\/05\/image-13.png 331w, https:\/\/sme.goiania.go.gov.br\/conexaoescola\/wp-content\/uploads\/2025\/05\/image-13-300x166.png 300w\" sizes=\"(max-width: 331px) 100vw, 331px\" \/><figcaption class=\"wp-element-caption\">Figura 3 &#8211; Elaborado por Danielle Fantini no Canva (2025)<\/figcaption><\/figure><\/div>\n\n\n<p class=\"has-medium-font-size\">Se vieram 15 amiguinhos para sua festa e 3 foram embora, quantos ainda est\u00e3o l\u00e1?<\/p>\n\n\n\n<p class=\"has-medium-font-size\">15 &#8211; 3 = 12 amiguinhos!<\/p>\n\n\n\n<p class=\"has-medium-font-size\">Dividindo doces:<\/p>\n\n\n\n<p class=\"has-medium-font-size\">Voc\u00ea tem uma sacolinha com 8 balas e ganha mais 4. Agora tem:<\/p>\n\n\n\n<p class=\"has-medium-font-size\">8 + 4 = 12 balas!<\/p>\n\n\n\n<p class=\"has-medium-font-size\">Brincando:<\/p>\n\n\n<div class=\"wp-block-image\">\n<figure class=\"aligncenter size-full is-resized\"><img loading=\"lazy\" decoding=\"async\" width=\"464\" height=\"209\" src=\"https:\/\/sme.goiania.go.gov.br\/conexaoescola\/wp-content\/uploads\/2025\/05\/image-14.png\" alt=\"\" class=\"wp-image-195298\" style=\"width:322px;height:auto\" srcset=\"https:\/\/sme.goiania.go.gov.br\/conexaoescola\/wp-content\/uploads\/2025\/05\/image-14.png 464w, https:\/\/sme.goiania.go.gov.br\/conexaoescola\/wp-content\/uploads\/2025\/05\/image-14-300x135.png 300w\" sizes=\"(max-width: 464px) 100vw, 464px\" \/><figcaption class=\"wp-element-caption\">Figura 4 &#8211; Elaborado por Danielle Fantini no Canva (2025)<\/figcaption><\/figure><\/div>\n\n\n<p class=\"has-medium-font-size\">Voc\u00ea pedalou 6 voltas no parque de manh\u00e3 e depois mais 5 voltas \u00e0 tarde. Quantas voltas no total?<\/p>\n\n\n\n<p class=\"has-medium-font-size\">6 + 5 = 11 voltas!<\/p>\n\n\n\n<p class=\"has-medium-font-size\">Viu s\u00f3? A gente usa adi\u00e7\u00e3o e subtra\u00e7\u00e3o o tempo todo! E \u00e9 muito legal quando aprendemos a resolver essas continhas com a cabe\u00e7a (c\u00e1lculo mental), com l\u00e1pis e papel (c\u00e1lculo escrito) ou at\u00e9 brincando com jogos e materiais coloridos!<\/p>\n\n\n\n<p class=\"has-text-align-center has-luminous-vivid-orange-to-vivid-red-gradient-background has-background has-medium-font-size\"><strong>RESPONDA \u00c0S QUEST\u00d5ES:<\/strong><\/p>\n\n\n\n<p class=\"has-luminous-vivid-amber-to-luminous-vivid-orange-gradient-background has-background has-medium-font-size\"><strong>QUEST\u00c3O 1<\/strong><\/p>\n\n\n\n<p class=\"has-medium-font-size\">Para saber quanto tenho no total ao juntar 7 figurinhas com mais 5 que ganhei de um amigo, eu devo<\/p>\n\n\n\n<p class=\"has-medium-font-size\">A) dividir os n\u00fameros.<\/p>\n\n\n\n<p class=\"has-medium-font-size\">B) subtrair os n\u00fameros.<\/p>\n\n\n\n<p class=\"has-medium-font-size\">C) somar os n\u00fameros.<\/p>\n\n\n\n<p class=\"has-medium-font-size\">D) multiplicar os n\u00fameros.<\/p>\n\n\n\n<p class=\"has-luminous-vivid-amber-to-luminous-vivid-orange-gradient-background has-background has-medium-font-size\"><strong>QUEST\u00c3O 2<\/strong><\/p>\n\n\n\n<p class=\"has-medium-font-size\">Se eu tenho 12 l\u00e1pis e perco 4, para saber quantos ainda tenho, eu devo<\/p>\n\n\n\n<p class=\"has-medium-font-size\">A) somar os n\u00fameros.<\/p>\n\n\n\n<p class=\"has-medium-font-size\">B) multiplicar por 2.<\/p>\n\n\n\n<p class=\"has-medium-font-size\">C) fazer uma subtra\u00e7\u00e3o.<\/p>\n\n\n\n<p class=\"has-medium-font-size\">D) dobrar o n\u00famero.<\/p>\n\n\n\n<p class=\"has-luminous-vivid-amber-to-luminous-vivid-orange-gradient-background has-background has-medium-font-size\"><strong>QUEST\u00c3O 3<\/strong><\/p>\n\n\n\n<p class=\"has-medium-font-size\">Jo\u00e3o tem 10 carrinhos. Ele ganhou mais 6 de presente. Quantos carrinhos Jo\u00e3o tem agora?<\/p>\n\n\n\n<p class=\"has-luminous-vivid-amber-to-luminous-vivid-orange-gradient-background has-background has-medium-font-size\"><strong>QUEST\u00c3O 4<\/strong><\/p>\n\n\n\n<p class=\"has-medium-font-size\">No s\u00e1bado, a professora Danielle resolveu comprar uma lousa, pagando o valor de R$ 35,00. Marque um X no item que representa tal valor.<\/p>\n\n\n<div class=\"wp-block-image\">\n<figure class=\"aligncenter size-full is-resized\"><img loading=\"lazy\" decoding=\"async\" width=\"607\" height=\"336\" src=\"https:\/\/sme.goiania.go.gov.br\/conexaoescola\/wp-content\/uploads\/2025\/05\/image-15.png\" alt=\"\" class=\"wp-image-195300\" style=\"width:337px;height:auto\" srcset=\"https:\/\/sme.goiania.go.gov.br\/conexaoescola\/wp-content\/uploads\/2025\/05\/image-15.png 607w, https:\/\/sme.goiania.go.gov.br\/conexaoescola\/wp-content\/uploads\/2025\/05\/image-15-300x166.png 300w\" sizes=\"(max-width: 607px) 100vw, 607px\" \/><\/figure><\/div>\n\n\n<p class=\"has-luminous-vivid-amber-to-luminous-vivid-orange-gradient-background has-background has-medium-font-size\"><strong>QUEST\u00c3O 5<\/strong><\/p>\n\n\n\n<p class=\"has-medium-font-size\">Carlos fez uma trilha no parque. Ele andou 3 km at\u00e9 chegar a uma cachoeira e depois andou mais 4 km at\u00e9 o final da trilha. Quantos quil\u00f4metros ele andou no total?<\/p>\n\n\n\n<p class=\"has-luminous-vivid-amber-to-luminous-vivid-orange-gradient-background has-background has-medium-font-size\"><strong>QUEST\u00c3O 6<\/strong><\/p>\n\n\n\n<p class=\"has-medium-font-size\"><strong>Desafio<\/strong> &#8211; Na F\u00e1brica de <em>Cupcakes<\/em> Malucos, cada m\u00e1quina faz 5 <em>cupcakes<\/em> por hora. Hoje, 3 m\u00e1quinas estavam funcionando ao mesmo tempo durante 2 horas.<\/p>\n\n\n\n<p class=\"has-medium-font-size\">Quantos <em>cupcakes<\/em> foram feitos no total? Para resolver, use a melhor estrat\u00e9gia, podendo ser: desenhos, contas no papel, imagina\u00e7\u00e3o, usando objetos&#8230;<\/p>\n\n\n\n<p class=\"has-medium-font-size\">(&nbsp;&nbsp; ) 10 <em>cupcakes<\/em><\/p>\n\n\n\n<p class=\"has-medium-font-size\">(&nbsp;&nbsp; ) 15 <em>cupcakes<\/em><\/p>\n\n\n\n<p class=\"has-medium-font-size\">(&nbsp;&nbsp; ) 30 <em>cupcakes<\/em><\/p>\n\n\n\n<p class=\"has-medium-font-size\">(&nbsp;&nbsp; ) 60 <em>cupcakes<\/em><\/p>\n\n\n\n<p class=\"has-luminous-vivid-amber-to-luminous-vivid-orange-gradient-background has-background has-medium-font-size\"><strong>QUEST\u00c3O 7<\/strong><\/p>\n\n\n\n<p class=\"has-medium-font-size\">Agora crie uma situa\u00e7\u00e3o-problema envolvendo adi\u00e7\u00e3o e pe\u00e7a para o colega responder.<\/p>\n\n\n\n<hr class=\"wp-block-separator has-alpha-channel-opacity\"\/>\n\n\n\n<p class=\"has-text-align-center has-luminous-vivid-amber-to-luminous-vivid-orange-gradient-background has-background has-medium-font-size\"><strong>ASSISTA A VIDEOAULA SOBRE ESSE CONTE\u00daDO:<\/strong><\/p>\n\n\n\n<figure class=\"wp-block-embed is-type-video is-provider-youtube wp-block-embed-youtube wp-embed-aspect-16-9 wp-has-aspect-ratio\"><div class=\"wp-block-embed__wrapper\">\n<p class=\"responsive-video-wrap clr\"><iframe title=\"Matem\u00e1tica - Jeitos de Calcular - 3\u00ba ano - Anos Iniciais\" width=\"1200\" height=\"675\" src=\"https:\/\/www.youtube.com\/embed\/popKZpPYzlc?feature=oembed\" frameborder=\"0\" allow=\"accelerometer; autoplay; clipboard-write; encrypted-media; gyroscope; picture-in-picture; web-share\" referrerpolicy=\"strict-origin-when-cross-origin\" allowfullscreen><\/iframe><\/p>\n<\/div><figcaption class=\"wp-element-caption\">Matem\u00e1tica \u2013 Jeitos de Calcular \u2013 3\u00ba ano \u2013 Ensino Fundamental \u2013 Canal Portal Conex\u00e3o Escola \u2013 Secretaria Municipal de Educa\u00e7\u00e3o \u2013 Goi\u00e2nia \u2013 Dispon\u00edvel em: &lt;<a href=\"https:\/\/youtu.be\/popKZpPYzlc\">https:\/\/youtu.be\/popKZpPYzlc<\/a>>. Acesso em: 07, mai. 2025.<\/figcaption><\/figure>\n\n\n\n<hr class=\"wp-block-separator has-alpha-channel-opacity\"\/>\n\n\n\n<figure class=\"wp-block-table is-style-stripes\"><table class=\"has-fixed-layout\"><tbody><tr><td><strong>Autoria:<\/strong><\/td><td>Prof.\u00aa Esp. Danielle Assis Borges Fantini<\/td><\/tr><tr><td><strong>Forma\u00e7\u00e3o:<\/strong><\/td><td>Graduanda em Nutri\u00e7\u00e3o. \u00a0 <br><br>Graduada em Jornalismo e Pedagogia. \u00a0 <br><br>P\u00f3s-graduada em: <br>&#8211; MBA em Gest\u00e3o das Tecnologias da Informa\u00e7\u00e3o e da Comunica\u00e7\u00e3o &#8211; Educa\u00e7\u00e3o<br>&#8211; Doc\u00eancia Universit\u00e1ria<br>&#8211; Psicopedagogia Institucional e Cl\u00ednica<br>&#8211; Neuropedagogia Aplicada \u00e0 Educa\u00e7\u00e3o<\/td><\/tr><tr><td><strong>Componente Curricular:<\/strong><\/td><td>Matem\u00e1tica<\/td><\/tr><tr><td><strong>Conte\u00fado(s)\/objeto(s) de conhecimento:<\/strong><\/td><td>Procedimentos de c\u00e1lculo (mental e escrito) com n\u00fameros naturais: adi\u00e7\u00e3o e subtra\u00e7\u00e3o.<\/td><\/tr><tr><td><strong>Descritor(es) SAEB:<\/strong><\/td><td>D17 Calcular o resultado de uma adi\u00e7\u00e3o ou subtra\u00e7\u00e3o de n\u00fameros naturais. &nbsp;<\/td><\/tr><tr><td><strong>Habilidade(s)\/objetivo(s) de aprendizagem e desenvolvimento:<\/strong><\/td><td><strong>DOCUMENTO CURRICULAR PARA GOI\u00c1S &#8211; AMPLIADO:<\/strong> \u00a0 <br>(EF03MA05-A) Utilizar diferentes procedimentos de c\u00e1lculo, mental ou escrito, exato ou aproximado incluindo estrat\u00e9gias pessoais e convencionais, identificando as ideias e significados dessas opera\u00e7\u00f5es e seus fatos b\u00e1sicos para a adi\u00e7\u00e3o e subtra\u00e7\u00e3o na resolu\u00e7\u00e3o de problemas. \u00a0 <br><br>(EF03MA05-B) Elaborar estrat\u00e9gias de c\u00e1lculo para resolver problemas significativos envolvendo adi\u00e7\u00e3o e subtra\u00e7\u00e3o com n\u00fameros naturais em situa\u00e7\u00f5es com uso de materiais manipul\u00e1veis e\/ou jogos matem\u00e1ticos. \u00a0<\/td><\/tr><tr><td><strong>Refer\u00eancias:<\/strong><\/td><td>BRASIL. Instituto Nacional de Estudos e Pesquisas Educacionais An\u00edsio Teixeira \u2013 INEP. Matriz de Refer\u00eancia de Matem\u00e1tica. Bras\u00edlia: INEP, [s.d.]. Dispon\u00edvel em: https:\/\/download.inep.gov.br\/educacao_basica\/prova_brasil_saeb\/menu_do_professor\/o_que_cai_nas_provas\/Matriz_de_Referencia_de_Matematica.pdf. Acesso em: 06, mai. 2025. \u00a0 <br><br>CANVA. Ferramenta de design gr\u00e1fico online. Dispon\u00edvel em: https:\/\/www.canva.com\/. Acesso em: 06, mai. 2025. \u00a0 <br><br>DANTE, Luiz Roberto; VIANA, Fernando. \u00c1pis mais: matem\u00e1tica: 3\u00ba ano. S\u00e3o Paulo: \u00c1tica, 2021. \u00a0 <br><br>GOI\u00c1S. Secretaria de Estado da Educa\u00e7\u00e3o. Documento Curricular para Goi\u00e1s: ampliado \u2013 Etapa Ensino Fundamental: anos finais. Goi\u00e2nia: Seduc, 2019. \u00a0 <br><br>SOUZA, Joamir Roberto de; SOUZA, Maria Ang\u00e9lica Reghin de. Entrela\u00e7os: matem\u00e1tica: 3\u00ba ano fundamental: anos iniciais. 1. ed. S\u00e3o Paulo: FTD, 2021.<\/td><\/tr><tr><td><strong>Documento norteador:<\/strong><\/td><td>DOCUMENTO CURRICULAR PARA GOI\u00c1S \u2013 AMPLIADO (DC-GO AMPLIADO).<\/td><\/tr><\/tbody><\/table><\/figure>\n","protected":false},"author":64,"featured_media":195301,"template":"","ef_categoria":[193,19],"ef_ano":[86],"ef_componente":[94],"class_list":["post-195291","ensino_fundamental","type-ensino_fundamental","status-publish","has-post-thumbnail","hentry","ef_categoria-anos-iniciais","ef_categoria-educacao-financeira-e-empreendedorismo","ef_ano-3o-ano","ef_componente-matematica","entry","has-media"],"acf":[],"_links":{"self":[{"href":"https:\/\/sme.goiania.go.gov.br\/conexaoescola\/wp-json\/wp\/v2\/ensino_fundamental\/195291","targetHints":{"allow":["GET"]}}],"collection":[{"href":"https:\/\/sme.goiania.go.gov.br\/conexaoescola\/wp-json\/wp\/v2\/ensino_fundamental"}],"about":[{"href":"https:\/\/sme.goiania.go.gov.br\/conexaoescola\/wp-json\/wp\/v2\/types\/ensino_fundamental"}],"author":[{"embeddable":true,"href":"https:\/\/sme.goiania.go.gov.br\/conexaoescola\/wp-json\/wp\/v2\/users\/64"}],"version-history":[{"count":1,"href":"https:\/\/sme.goiania.go.gov.br\/conexaoescola\/wp-json\/wp\/v2\/ensino_fundamental\/195291\/revisions"}],"predecessor-version":[{"id":195302,"href":"https:\/\/sme.goiania.go.gov.br\/conexaoescola\/wp-json\/wp\/v2\/ensino_fundamental\/195291\/revisions\/195302"}],"wp:featuredmedia":[{"embeddable":true,"href":"https:\/\/sme.goiania.go.gov.br\/conexaoescola\/wp-json\/wp\/v2\/media\/195301"}],"wp:attachment":[{"href":"https:\/\/sme.goiania.go.gov.br\/conexaoescola\/wp-json\/wp\/v2\/media?parent=195291"}],"wp:term":[{"taxonomy":"ef_categoria","embeddable":true,"href":"https:\/\/sme.goiania.go.gov.br\/conexaoescola\/wp-json\/wp\/v2\/ef_categoria?post=195291"},{"taxonomy":"ef_ano","embeddable":true,"href":"https:\/\/sme.goiania.go.gov.br\/conexaoescola\/wp-json\/wp\/v2\/ef_ano?post=195291"},{"taxonomy":"ef_componente","embeddable":true,"href":"https:\/\/sme.goiania.go.gov.br\/conexaoescola\/wp-json\/wp\/v2\/ef_componente?post=195291"}],"curies":[{"name":"wp","href":"https:\/\/api.w.org\/{rel}","templated":true}]}}