{"id":194462,"date":"2025-04-10T15:10:16","date_gmt":"2025-04-10T18:10:16","guid":{"rendered":"https:\/\/sme.goiania.go.gov.br\/conexaoescola\/?post_type=ensino_fundamental&#038;p=194462"},"modified":"2025-04-10T15:39:39","modified_gmt":"2025-04-10T18:39:39","slug":"matematica-descobrindo-padroes-com-numeros-e-figuras","status":"publish","type":"ensino_fundamental","link":"https:\/\/sme.goiania.go.gov.br\/conexaoescola\/ensino_fundamental\/matematica-descobrindo-padroes-com-numeros-e-figuras\/","title":{"rendered":"Matem\u00e1tica \u2013 Descobrindo Padr\u00f5es com N\u00fameros e Figuras"},"content":{"rendered":"\n<p class=\"has-text-align-center has-cool-to-warm-spectrum-gradient-background has-background has-medium-font-size\">Esta proposta de atividade de&nbsp;<strong>matem\u00e1tica&nbsp;<\/strong>\u00e9 destinada aos estudantes do<strong>&nbsp;3\u00ba ano&nbsp;<\/strong>do Ensino Fundamental.<\/p>\n\n\n\n<div class=\"wp-block-buttons alignwide is-content-justification-center is-layout-flex wp-container-core-buttons-is-layout-16018d1d wp-block-buttons-is-layout-flex\">\n<div class=\"wp-block-button has-custom-width wp-block-button__width-25\"><a class=\"wp-block-button__link wp-element-button\" href=\"https:\/\/drive.google.com\/uc?export=download&amp;id=1lqxEI3UlPLHhLdXLLclcrri5mNVTVsqQ\"><strong>BAIXE A ATIVIDADE<\/strong><\/a><\/div>\n\n\n\n<div class=\"wp-block-button has-custom-width wp-block-button__width-25\"><a class=\"wp-block-button__link wp-element-button\" href=\"https:\/\/drive.google.com\/uc?export=download&amp;id=1sEEw7dwzs4Woty_7b0N54fH6RP4W570u\"><strong>BAIXE OS SLIDES<\/strong><\/a><\/div>\n\n\n\n<div class=\"wp-block-button has-custom-width wp-block-button__width-25\"><a class=\"wp-block-button__link wp-element-button\" href=\"https:\/\/drive.google.com\/uc?export=download&amp;id=1ip7UwoUB6KRfTv0hkMximd7uWLyniiEy\"><strong>BAIXE O TEXTO<\/strong><\/a><\/div>\n<\/div>\n\n\n\n<hr class=\"wp-block-separator has-alpha-channel-opacity\"\/>\n\n\n<div class=\"wp-block-image\">\n<figure class=\"aligncenter size-full is-resized\"><img fetchpriority=\"high\" decoding=\"async\" width=\"598\" height=\"425\" src=\"https:\/\/sme.goiania.go.gov.br\/conexaoescola\/wp-content\/uploads\/2025\/04\/FIGURA-AULA-1.png\" alt=\"\" class=\"wp-image-194463\" style=\"width:429px;height:auto\" srcset=\"https:\/\/sme.goiania.go.gov.br\/conexaoescola\/wp-content\/uploads\/2025\/04\/FIGURA-AULA-1.png 598w, https:\/\/sme.goiania.go.gov.br\/conexaoescola\/wp-content\/uploads\/2025\/04\/FIGURA-AULA-1-300x213.png 300w\" sizes=\"(max-width: 598px) 100vw, 598px\" \/><figcaption class=\"wp-element-caption\">Fonte: Elaborado por Danielle Fantini no Canva (2025)<\/figcaption><\/figure><\/div>\n\n\n<p class=\"has-text-align-center has-medium-font-size\"><strong>Descobrindo Padr\u00f5es com N\u00fameros e Figuras<\/strong><\/p>\n\n\n\n<p class=\"has-medium-font-size\">Era uma vez um menino chamado L\u00e9o que adorava descobrir tudo sobre n\u00fameros e formas. Um dia, ele encontrou um velho caderno de anota\u00e7\u00f5es com v\u00e1rias sequ\u00eancias. Ele viu uma sequ\u00eancia assim: 2, 4, 6, 8&#8230; e pensou: \u201cU\u00e9, parece que os n\u00fameros v\u00e3o crescendo de dois em dois!\u201d L\u00e9o percebeu que aquilo era um padr\u00e3o, uma regularidade. Ele come\u00e7ou a chamar isso de &#8220;passos l\u00f3gicos&#8221;. Cada passo pulava dois n\u00fameros!<\/p>\n\n\n\n<p class=\"has-medium-font-size\">Em outra p\u00e1gina, L\u00e9o viu:<\/p>\n\n\n<div class=\"wp-block-image\">\n<figure class=\"aligncenter size-full\"><img decoding=\"async\" width=\"576\" height=\"102\" src=\"https:\/\/sme.goiania.go.gov.br\/conexaoescola\/wp-content\/uploads\/2025\/04\/FIGURA-2.png\" alt=\"\" class=\"wp-image-194464\" srcset=\"https:\/\/sme.goiania.go.gov.br\/conexaoescola\/wp-content\/uploads\/2025\/04\/FIGURA-2.png 576w, https:\/\/sme.goiania.go.gov.br\/conexaoescola\/wp-content\/uploads\/2025\/04\/FIGURA-2-300x53.png 300w\" sizes=\"(max-width: 576px) 100vw, 576px\" \/><figcaption class=\"wp-element-caption\">Fonte: Elaborado por Danielle Fantini no Canva (2025)<\/figcaption><\/figure><\/div>\n\n\n<p class=\"has-medium-font-size\">&#8220;Olha s\u00f3! Um tri\u00e2ngulo, um losango, um tri\u00e2ngulo, um losango&#8230; Isso \u00e9 uma sequ\u00eancia repetitiva!&#8221;, exclamou. Ele ficou encantado ao perceber que podia prever o pr\u00f3ximo elemento s\u00f3 observando o padr\u00e3o.<\/p>\n\n\n\n<p class=\"has-medium-font-size\">Mas o mais misterioso foi quando ele viu esta sequ\u00eancia: 1, 1, 2, 3, 5, 8&#8230; Ele co\u00e7ou a cabe\u00e7a e notou que, depois do segundo n\u00famero, os outros eram a soma dos dois anteriores! &#8220;\u00c9 uma sequ\u00eancia recursiva!&#8221; \u2013 gritou ele, empolgado. Ele at\u00e9 inventou um nome: &#8220;Soma dos Vizinhos&#8221;.<\/p>\n\n\n\n<p class=\"has-medium-font-size\">L\u00e9o percebeu que essas sequ\u00eancias aparecem em todo lugar: nas p\u00e9talas das flores, nas janelas das casas, nas m\u00fasicas que ele ouvia. Ele descobriu que entender padr\u00f5es era como ter um superpoder para decifrar o mundo!<\/p>\n\n\n\n<p class=\"has-medium-font-size\">Desde ent\u00e3o, L\u00e9o passou a brincar de criar suas pr\u00f3prias sequ\u00eancias com formas, n\u00fameros e at\u00e9 sons. E voc\u00ea? J\u00e1 percebeu algum padr\u00e3o m\u00e1gico por a\u00ed?<\/p>\n\n\n\n<p class=\"has-text-align-center has-luminous-vivid-amber-background-color has-background has-medium-font-size\"><strong>RESPONDA \u00c0S QUEST\u00d5ES:<\/strong><\/p>\n\n\n\n<p class=\"has-cool-to-warm-spectrum-gradient-background has-background has-medium-font-size\"><strong>QUEST\u00c3O 1<\/strong><\/p>\n\n\n\n<p class=\"has-medium-font-size\">Na sequ\u00eancia 3, 6, 9, 12, 15&#8230;, o padr\u00e3o pode ser identificado como n\u00fameros que<\/p>\n\n\n<div class=\"wp-block-image\">\n<figure class=\"aligncenter size-full is-resized\"><img decoding=\"async\" width=\"467\" height=\"170\" src=\"https:\/\/sme.goiania.go.gov.br\/conexaoescola\/wp-content\/uploads\/2025\/04\/FIGURA-3.png\" alt=\"\" class=\"wp-image-194465\" style=\"width:390px;height:auto\" srcset=\"https:\/\/sme.goiania.go.gov.br\/conexaoescola\/wp-content\/uploads\/2025\/04\/FIGURA-3.png 467w, https:\/\/sme.goiania.go.gov.br\/conexaoescola\/wp-content\/uploads\/2025\/04\/FIGURA-3-300x109.png 300w\" sizes=\"(max-width: 467px) 100vw, 467px\" \/><figcaption class=\"wp-element-caption\">Fonte: Elaborado por Danielle Fantini no Canva (2025) <\/figcaption><\/figure><\/div>\n\n\n<p class=\"has-medium-font-size\">(A) aumentam de tr\u00eas em tr\u00eas.<\/p>\n\n\n\n<p class=\"has-medium-font-size\">(B) diminuem de um em um.<\/p>\n\n\n\n<p class=\"has-medium-font-size\">(C) se repetem a cada tr\u00eas n\u00fameros.<\/p>\n\n\n\n<p class=\"has-medium-font-size\">(D) dobram a cada passo.<\/p>\n\n\n\n<p class=\"has-cool-to-warm-spectrum-gradient-background has-background has-medium-font-size\"><strong>QUEST\u00c3O 2<\/strong><\/p>\n\n\n\n<p class=\"has-medium-font-size\"><\/p>\n\n\n\n<figure class=\"wp-block-image size-full is-resized\"><img loading=\"lazy\" decoding=\"async\" width=\"857\" height=\"107\" src=\"https:\/\/sme.goiania.go.gov.br\/conexaoescola\/wp-content\/uploads\/2025\/04\/figura-4.png\" alt=\"\" class=\"wp-image-194466\" style=\"width:744px;height:auto\" srcset=\"https:\/\/sme.goiania.go.gov.br\/conexaoescola\/wp-content\/uploads\/2025\/04\/figura-4.png 857w, https:\/\/sme.goiania.go.gov.br\/conexaoescola\/wp-content\/uploads\/2025\/04\/figura-4-300x37.png 300w, https:\/\/sme.goiania.go.gov.br\/conexaoescola\/wp-content\/uploads\/2025\/04\/figura-4-768x96.png 768w\" sizes=\"(max-width: 857px) 100vw, 857px\" \/><\/figure>\n\n\n\n<p><\/p>\n\n\n\n<p class=\"has-medium-font-size\">(A) vermelho, porque o padr\u00e3o se alterna entre azul e vermelho.<\/p>\n\n\n\n<p class=\"has-medium-font-size\">(B) azul, porque a figura azul sempre vem duas vezes.<\/p>\n\n\n\n<p class=\"has-medium-font-size\">(C) azul, porque h\u00e1 uma repeti\u00e7\u00e3o a cada tr\u00eas figuras.<\/p>\n\n\n\n<p class=\"has-medium-font-size\">(D) vermelho, porque as figuras vermelhas aparecem duas vezes seguidas.<\/p>\n\n\n\n<p class=\"has-cool-to-warm-spectrum-gradient-background has-background has-medium-font-size\"><strong>QUEST\u00c3O 3<\/strong><\/p>\n\n\n\n<p class=\"has-medium-font-size\"><strong>Observe<\/strong> a sequ\u00eancia com quadrados verdes, crescendo a cada etapa.<\/p>\n\n\n<div class=\"wp-block-image\">\n<figure class=\"aligncenter size-full is-resized\"><img loading=\"lazy\" decoding=\"async\" width=\"262\" height=\"223\" src=\"https:\/\/sme.goiania.go.gov.br\/conexaoescola\/wp-content\/uploads\/2025\/04\/figura-5.png\" alt=\"\" class=\"wp-image-194467\" style=\"width:190px;height:auto\"\/><\/figure><\/div>\n\n\n<p class=\"has-medium-font-size\"><strong>Responda<\/strong>:<\/p>\n\n\n\n<p class=\"has-medium-font-size\">a) <strong>Desenhe<\/strong> a figura seguinte da sequ\u00eancia (pr\u00f3xima coluna).<\/p>\n\n\n\n<p class=\"has-medium-font-size\">b) <strong>Escreva<\/strong> a sequ\u00eancia de n\u00fameros que representam as quantidades de quadrados verdes que formam cada uma das colunas.<\/p>\n\n\n\n<p class=\"has-medium-font-size\">c) A sexta coluna ser\u00e1 formada por quantos quadrados verdes?<\/p>\n\n\n\n<p class=\"has-cool-to-warm-spectrum-gradient-background has-background has-medium-font-size\"><strong>QUEST\u00c3O 4<\/strong><\/p>\n\n\n\n<p class=\"has-medium-font-size\"><strong>Observe<\/strong> os exemplos abaixo de sequ\u00eancias num\u00e9ricas e <strong>complete<\/strong>:<\/p>\n\n\n\n<p class=\"has-medium-font-size\">2, 4, 6, 8, ___, ___<\/p>\n\n\n\n<p class=\"has-medium-font-size\">10, 9, 8, 7, ___, ___<\/p>\n\n\n\n<p class=\"has-medium-font-size\">5, 10, 15, ___, ___<\/p>\n\n\n\n<p class=\"has-medium-font-size\">20, 16, 12, ___, ___<\/p>\n\n\n\n<p class=\"has-medium-font-size\">6, 12, 18, ___, ___<\/p>\n\n\n\n<p class=\"has-cool-to-warm-spectrum-gradient-background has-background has-medium-font-size\"><strong>QUEST\u00c3O 5<\/strong><\/p>\n\n\n\n<p class=\"has-medium-font-size\">Agora \u00e9 a sua vez!<\/p>\n\n\n\n<p class=\"has-medium-font-size\"><strong>Crie<\/strong> duas sequ\u00eancias num\u00e9ricas diferentes:<\/p>\n\n\n\n<p class=\"has-medium-font-size\">A primeira sequ\u00eancia deve aumentar os n\u00fameros.<\/p>\n\n\n\n<p class=\"has-medium-font-size\">A segunda sequ\u00eancia deve diminuir os n\u00fameros.<\/p>\n\n\n\n<p><\/p>\n\n\n\n<p class=\"has-cool-to-warm-spectrum-gradient-background has-background has-medium-font-size\"><strong>QUEST\u00c3O 6<\/strong><\/p>\n\n\n\n<p class=\"has-medium-font-size\">Agora <strong>crie<\/strong> duas sequ\u00eancias com figuras geom\u00e9tricas diferentes.<\/p>\n\n\n\n<p class=\"has-cool-to-warm-spectrum-gradient-background has-background has-medium-font-size\"><strong>QUEST\u00c3O 7<\/strong><\/p>\n\n\n\n<p class=\"has-medium-font-size\"><strong>Descreva<\/strong> a regularidade e <strong>identifique<\/strong> os pr\u00f3ximos cinco n\u00fameros da sequ\u00eancia a seguir.<\/p>\n\n\n<div class=\"wp-block-image\">\n<figure class=\"aligncenter size-full is-resized\"><img loading=\"lazy\" decoding=\"async\" width=\"633\" height=\"67\" src=\"https:\/\/sme.goiania.go.gov.br\/conexaoescola\/wp-content\/uploads\/2025\/04\/FIGURA.png\" alt=\"\" class=\"wp-image-194468\" style=\"width:387px;height:auto\" srcset=\"https:\/\/sme.goiania.go.gov.br\/conexaoescola\/wp-content\/uploads\/2025\/04\/FIGURA.png 633w, https:\/\/sme.goiania.go.gov.br\/conexaoescola\/wp-content\/uploads\/2025\/04\/FIGURA-300x32.png 300w\" sizes=\"(max-width: 633px) 100vw, 633px\" \/><\/figure><\/div>\n\n\n<p class=\"has-text-align-center has-cool-to-warm-spectrum-gradient-background has-background has-medium-font-size\"><strong>ASSISTA A VIDEOAULA SOBRE ESSE CONTE\u00daDO:<\/strong><\/p>\n\n\n\n<figure class=\"wp-block-embed is-type-video is-provider-youtube wp-block-embed-youtube wp-embed-aspect-16-9 wp-has-aspect-ratio\"><div class=\"wp-block-embed__wrapper\">\n<p class=\"responsive-video-wrap clr\"><iframe title=\"Matem\u00e1tica - Descobrindo Padr\u00f5es com N\u00fameros e Figuras - 3\u00ba ano - Ensino Fundamental\" width=\"1200\" height=\"675\" src=\"https:\/\/www.youtube.com\/embed\/K4Ru-MRvTlU?feature=oembed\" frameborder=\"0\" allow=\"accelerometer; autoplay; clipboard-write; encrypted-media; gyroscope; picture-in-picture; web-share\" referrerpolicy=\"strict-origin-when-cross-origin\" allowfullscreen><\/iframe><\/p>\n<\/div><figcaption class=\"wp-element-caption\">Matem\u00e1tica \u2013 Descobrindo Padr\u00f5es com N\u00fameros e Figuras \u2013 3\u00ba ano &#8211; Ensino Fundamental \u2013 Canal Portal Conex\u00e3o Escola \u2013 Secretaria Municipal de Educa\u00e7\u00e3o \u2013 Goi\u00e2nia \u2013 Dispon\u00edvel em: &lt;<a href=\"https:\/\/youtu.be\/K4Ru-MRvTlU\">https:\/\/youtu.be\/K4Ru-MRvTlU<\/a>>. Acesso em: 10, abr. 2025.<\/figcaption><\/figure>\n\n\n\n<hr class=\"wp-block-separator has-alpha-channel-opacity\"\/>\n\n\n\n<figure class=\"wp-block-table is-style-stripes\"><table class=\"has-fixed-layout\"><tbody><tr><td><strong>Autoria:<\/strong><\/td><td>Prof.\u00aa Esp. Danielle Assis Borges Fantini<\/td><\/tr><tr><td><strong>Forma\u00e7\u00e3o:<\/strong><\/td><td>Graduanda em Nutri\u00e7\u00e3o. &nbsp; <br><br>Graduada em Jornalismo e Pedagogia. &nbsp; <br><br>P\u00f3s-graduada em: <br>&#8211; MBA em Gest\u00e3o das Tecnologias da Informa\u00e7\u00e3o e da Comunica\u00e7\u00e3o &#8211; Educa\u00e7\u00e3o;<br>&#8211; Doc\u00eancia Universit\u00e1ria; <br>&#8211; Psicopedagogia Institucional e Cl\u00ednica; <br>&#8211; Neuropedagogia Aplicada \u00e0 Educa\u00e7\u00e3o.<\/td><\/tr><tr><td><strong>Componente Curricular:<\/strong><\/td><td>MATEM\u00c1TICA<\/td><\/tr><tr><td><strong>Conte\u00fado(s)\/objeto(s) de conhecimento:<\/strong><\/td><td>Identifica\u00e7\u00e3o de regularidade de sequ\u00eancias e determina\u00e7\u00e3o de elementos ausentes na sequ\u00eancia.<\/td><\/tr><tr><td><strong>Habilidade(s)\/objetivo(s) de aprendizagem e desenvolvimento:<\/strong><\/td><td>DOCUMENTO CURRICULAR PARA GOI\u00c1S &#8211; AMPLIADO: (EF03MA10-A) Identificar regularidades com figuras geom\u00e9tricas, em sequ\u00eancias ordenadas de n\u00fameros naturais e sequ\u00eancias ordenadas resultantes da realiza\u00e7\u00e3o de adi\u00e7\u00f5es ou subtra\u00e7\u00f5es sucessivas, por um mesmo n\u00famero, como 2, 13, 24, 35. &nbsp; <br><br>MATRIZ DE HABILIDADES PARA O ENSINO FUNDAMENTAL \u2013 PREFEITURA DE GOI\u00c2NIA: (EF02MA10-C) Descrever um padr\u00e3o ou regularidade de sequ\u00eancias repetitivas e de sequ\u00eancias recursivas, por meio de palavras, s\u00edmbolos ou desenhos. Exemplo: na sequ\u00eancia repetitiva 2, 2, A, 2, 2, A, 2, 2, A&#8230; O padr\u00e3o de repeti\u00e7\u00e3o \u00e9 2, 2, A; na sequ\u00eancia 1, 1, 2, 3, 5, 8, 13, a recursividade est\u00e1 em que, a partir do segundo termo, que \u00e9 1, os demais s\u00e3o obtidos da soma dos dois anteriores: 2 = 1 + 1; 3 = 1 + 2; 5 = 2 + 3 e assim por diante. &nbsp;<\/td><\/tr><tr><td><strong>Refer\u00eancias:<\/strong><\/td><td>CANVA. Ferramenta de design gr\u00e1fico online. Dispon\u00edvel em: https:\/\/www.canva.com\/. Acesso em: 10, abr. 2025. &nbsp; <br><br>DANTE, Luiz Roberto; VIANA, Fernando. \u00c1pis mais: matem\u00e1tica: 3\u00ba ano. S\u00e3o Paulo: \u00c1tica, 2021. &nbsp; <br><br>GOI\u00c2NIA (Munic\u00edpio). Secretaria Municipal de Educa\u00e7\u00e3o. Matriz de habilidades para o Ensino Fundamental \u2013 2\u00ba bimestre \u2013 4\u00ba ano. Goi\u00e2nia: Prefeitura de Goi\u00e2nia, [2024]. Documento interno. &nbsp; <br><br>GOI\u00c1S. Secretaria de Estado da Educa\u00e7\u00e3o. Documento Curricular para Goi\u00e1s: ampliado \u2013 Etapa Ensino Fundamental: anos finais. Goi\u00e2nia: Seduc, 2019. <br><br>SOUZA, Joamir Roberto de; SOUZA, Maria Ang\u00e9lica Reghin de. Entrela\u00e7os: matem\u00e1tica: 3\u00ba ano fundamental: anos iniciais. 1. ed. S\u00e3o Paulo: FTD, 2021. &nbsp; &nbsp;<\/td><\/tr><tr><td><strong>Documento norteador:<\/strong><\/td><td>DOCUMENTO CURRICULAR PARA GOI\u00c1S \u2013 AMPLIADO (DC-GO AMPLIADO)<\/td><\/tr><\/tbody><\/table><\/figure>\n\n\n\n<p><\/p>\n","protected":false},"author":64,"featured_media":194463,"template":"","ef_categoria":[193],"ef_ano":[86],"ef_componente":[94],"class_list":["post-194462","ensino_fundamental","type-ensino_fundamental","status-publish","has-post-thumbnail","hentry","ef_categoria-anos-iniciais","ef_ano-3o-ano","ef_componente-matematica","entry","has-media"],"acf":[],"_links":{"self":[{"href":"https:\/\/sme.goiania.go.gov.br\/conexaoescola\/wp-json\/wp\/v2\/ensino_fundamental\/194462","targetHints":{"allow":["GET"]}}],"collection":[{"href":"https:\/\/sme.goiania.go.gov.br\/conexaoescola\/wp-json\/wp\/v2\/ensino_fundamental"}],"about":[{"href":"https:\/\/sme.goiania.go.gov.br\/conexaoescola\/wp-json\/wp\/v2\/types\/ensino_fundamental"}],"author":[{"embeddable":true,"href":"https:\/\/sme.goiania.go.gov.br\/conexaoescola\/wp-json\/wp\/v2\/users\/64"}],"version-history":[{"count":3,"href":"https:\/\/sme.goiania.go.gov.br\/conexaoescola\/wp-json\/wp\/v2\/ensino_fundamental\/194462\/revisions"}],"predecessor-version":[{"id":194472,"href":"https:\/\/sme.goiania.go.gov.br\/conexaoescola\/wp-json\/wp\/v2\/ensino_fundamental\/194462\/revisions\/194472"}],"wp:featuredmedia":[{"embeddable":true,"href":"https:\/\/sme.goiania.go.gov.br\/conexaoescola\/wp-json\/wp\/v2\/media\/194463"}],"wp:attachment":[{"href":"https:\/\/sme.goiania.go.gov.br\/conexaoescola\/wp-json\/wp\/v2\/media?parent=194462"}],"wp:term":[{"taxonomy":"ef_categoria","embeddable":true,"href":"https:\/\/sme.goiania.go.gov.br\/conexaoescola\/wp-json\/wp\/v2\/ef_categoria?post=194462"},{"taxonomy":"ef_ano","embeddable":true,"href":"https:\/\/sme.goiania.go.gov.br\/conexaoescola\/wp-json\/wp\/v2\/ef_ano?post=194462"},{"taxonomy":"ef_componente","embeddable":true,"href":"https:\/\/sme.goiania.go.gov.br\/conexaoescola\/wp-json\/wp\/v2\/ef_componente?post=194462"}],"curies":[{"name":"wp","href":"https:\/\/api.w.org\/{rel}","templated":true}]}}