{"id":194208,"date":"2025-04-03T09:08:47","date_gmt":"2025-04-03T12:08:47","guid":{"rendered":"https:\/\/sme.goiania.go.gov.br\/conexaoescola\/?post_type=ensino_fundamental&#038;p=194208"},"modified":"2025-04-03T09:10:31","modified_gmt":"2025-04-03T12:10:31","slug":"geografia-a-globalizacao-do-agronegocio-brasileiro","status":"publish","type":"ensino_fundamental","link":"https:\/\/sme.goiania.go.gov.br\/conexaoescola\/ensino_fundamental\/geografia-a-globalizacao-do-agronegocio-brasileiro\/","title":{"rendered":"Geografia &#8211; A globaliza\u00e7\u00e3o do agroneg\u00f3cio brasileiro"},"content":{"rendered":"\n<p class=\"has-black-color has-luminous-vivid-orange-background-color has-text-color has-background has-medium-font-size\">Esta proposta de atividade de<strong> GEOGRAFIA<\/strong> \u00e9 destinada aos estudantes do 9<strong>\u00ba ano<\/strong> do Ensino Fundamental anos iniciais.<\/p>\n\n\n\n<div class=\"wp-block-buttons is-content-justification-center is-layout-flex wp-container-core-buttons-is-layout-16018d1d wp-block-buttons-is-layout-flex\">\n<div class=\"wp-block-button has-custom-font-size has-medium-font-size\"><a class=\"wp-block-button__link has-white-color has-black-background-color has-text-color has-background wp-element-button\" href=\"https:\/\/drive.google.com\/uc?export=download&amp;id=1N_PiqVF-TwFYi0K35Ix5tcsn7hp1kCdu\">BAIXE A ATIVIDADE<\/a><\/div>\n\n\n\n<div class=\"wp-block-button has-custom-font-size has-medium-font-size\"><a class=\"wp-block-button__link has-white-color has-black-background-color has-text-color has-background wp-element-button\" href=\"https:\/\/drive.google.com\/uc?export=download&amp;id=13v_UAyojz7LQ4qEF0Bc1MApjH5L2oc_t\">BAIXE OS SLIDES<\/a><\/div>\n\n\n\n<div class=\"wp-block-button has-custom-font-size has-medium-font-size\"><a class=\"wp-block-button__link has-white-color has-black-background-color has-text-color has-background wp-element-button\" href=\"https:\/\/drive.google.com\/uc?export=download&amp;id=1tkwCdEZlVZn9d1J56cYRcqLHK37sBcwq\">BAIXE O TEXTO<\/a><\/div>\n<\/div>\n\n\n\n<p><\/p>\n\n\n<div class=\"wp-block-image\">\n<figure class=\"aligncenter size-large\"><img fetchpriority=\"high\" decoding=\"async\" width=\"1024\" height=\"576\" src=\"https:\/\/sme.goiania.go.gov.br\/conexaoescola\/wp-content\/uploads\/2025\/04\/Fonte-canva.com-22-e1743681156321-1024x576.png\" alt=\"\" class=\"wp-image-194210\" srcset=\"https:\/\/sme.goiania.go.gov.br\/conexaoescola\/wp-content\/uploads\/2025\/04\/Fonte-canva.com-22-e1743681156321-1024x576.png 1024w, https:\/\/sme.goiania.go.gov.br\/conexaoescola\/wp-content\/uploads\/2025\/04\/Fonte-canva.com-22-e1743681156321-300x169.png 300w, https:\/\/sme.goiania.go.gov.br\/conexaoescola\/wp-content\/uploads\/2025\/04\/Fonte-canva.com-22-e1743681156321-768x432.png 768w, https:\/\/sme.goiania.go.gov.br\/conexaoescola\/wp-content\/uploads\/2025\/04\/Fonte-canva.com-22-e1743681156321-1536x864.png 1536w, https:\/\/sme.goiania.go.gov.br\/conexaoescola\/wp-content\/uploads\/2025\/04\/Fonte-canva.com-22-e1743681156321.png 1920w\" sizes=\"(max-width: 1024px) 100vw, 1024px\" \/><\/figure><\/div>\n\n\n<p><\/p>\n\n\n\n<p class=\"has-text-align-center has-black-color has-text-color has-background has-medium-font-size\" style=\"background-color:#b8e0fb\"><strong>A globaliza\u00e7\u00e3o do agroneg\u00f3cio brasileiro<\/strong><\/p>\n\n\n\n<p class=\"has-black-color has-text-color has-link-color has-medium-font-size wp-elements-55f3251eff4eaec36df0a10cf7e34654\">O agroneg\u00f3cio \u00e9 um dos pilares da economia brasileira, respons\u00e1vel por grande parte das exporta\u00e7\u00f5es do pa\u00eds e por transforma\u00e7\u00f5es profundas no espa\u00e7o geogr\u00e1fico.&nbsp;<\/p>\n\n\n\n<p class=\"has-text-align-center has-black-color has-text-color has-link-color has-medium-font-size wp-elements-e8871951e552aba653b299de778bb04b\"><strong>O agroneg\u00f3cio globalizado<\/strong><\/p>\n\n\n<div class=\"wp-block-image\">\n<figure class=\"aligncenter size-large\"><img fetchpriority=\"high\" decoding=\"async\" width=\"1024\" height=\"576\" src=\"https:\/\/sme.goiania.go.gov.br\/conexaoescola\/wp-content\/uploads\/2025\/04\/Fonte-canva.com-22-e1743681156321-1024x576.png\" alt=\"\" class=\"wp-image-194210\" srcset=\"https:\/\/sme.goiania.go.gov.br\/conexaoescola\/wp-content\/uploads\/2025\/04\/Fonte-canva.com-22-e1743681156321-1024x576.png 1024w, https:\/\/sme.goiania.go.gov.br\/conexaoescola\/wp-content\/uploads\/2025\/04\/Fonte-canva.com-22-e1743681156321-300x169.png 300w, https:\/\/sme.goiania.go.gov.br\/conexaoescola\/wp-content\/uploads\/2025\/04\/Fonte-canva.com-22-e1743681156321-768x432.png 768w, https:\/\/sme.goiania.go.gov.br\/conexaoescola\/wp-content\/uploads\/2025\/04\/Fonte-canva.com-22-e1743681156321-1536x864.png 1536w, https:\/\/sme.goiania.go.gov.br\/conexaoescola\/wp-content\/uploads\/2025\/04\/Fonte-canva.com-22-e1743681156321.png 1920w\" sizes=\"(max-width: 1024px) 100vw, 1024px\" \/><\/figure><\/div>\n\n\n<p class=\"has-black-color has-text-color has-link-color has-medium-font-size wp-elements-df4270c4ae69a5c0a64fda46d284a2fb\">O setor do agroneg\u00f3cio passou por mudan\u00e7as significativas a partir da globaliza\u00e7\u00e3o, que se integrou aos mercados internacionais e redefinindo as rela\u00e7\u00f5es entre campo e cidade, trabalho e tecnologia.&nbsp;<\/p>\n\n\n\n<p class=\"has-black-color has-text-color has-link-color has-medium-font-size wp-elements-ec30dcff7656188fae034ee4fdcaafa5\"><strong>O agroneg\u00f3cio globalizado e suas caracter\u00edsticas&nbsp;<\/strong><\/p>\n\n\n\n<p class=\"has-black-color has-text-color has-link-color has-medium-font-size wp-elements-985448971b178356c5c041eab67baf7b\">O agroneg\u00f3cio n\u00e3o se limita somente \u00e0 produ\u00e7\u00e3o agr\u00edcola, mas envolve uma cadeia complexa que inclui ind\u00fastrias de m\u00e1quinas, insumos qu\u00edmicos, processamento de alimentos, log\u00edstica e com\u00e9rcio internacional. Com a globaliza\u00e7\u00e3o, grandes corpora\u00e7\u00f5es passaram a dominar esse setor, utilizando tecnologias avan\u00e7adas, como sementes geneticamente modificadas, maquin\u00e1rios automatizados e sistemas de irriga\u00e7\u00e3o de precis\u00e3o. Essas inova\u00e7\u00f5es aumentaram a produtividade, mas tamb\u00e9m intensificaram a depend\u00eancia do capital estrangeiro e a concentra\u00e7\u00e3o de terras.<\/p>\n\n\n\n<p class=\"has-text-align-center has-black-color has-text-color has-link-color has-medium-font-size wp-elements-34fc8acf4d9b56b635edbc929091a0fd\"><strong>Gr\u00e1fico dos estabelecimentos agropecu\u00e1rios por \u00e1rea em 2017<\/strong><\/p>\n\n\n<div class=\"wp-block-image\">\n<figure class=\"aligncenter size-large\"><img decoding=\"async\" width=\"1024\" height=\"575\" src=\"https:\/\/sme.goiania.go.gov.br\/conexaoescola\/wp-content\/uploads\/2025\/04\/estabelecimento-agropecuario-por-area-2017-e1743681215863-1024x575.png\" alt=\"\" class=\"wp-image-194213\" srcset=\"https:\/\/sme.goiania.go.gov.br\/conexaoescola\/wp-content\/uploads\/2025\/04\/estabelecimento-agropecuario-por-area-2017-e1743681215863-1024x575.png 1024w, https:\/\/sme.goiania.go.gov.br\/conexaoescola\/wp-content\/uploads\/2025\/04\/estabelecimento-agropecuario-por-area-2017-e1743681215863-300x168.png 300w, https:\/\/sme.goiania.go.gov.br\/conexaoescola\/wp-content\/uploads\/2025\/04\/estabelecimento-agropecuario-por-area-2017-e1743681215863-768x431.png 768w, https:\/\/sme.goiania.go.gov.br\/conexaoescola\/wp-content\/uploads\/2025\/04\/estabelecimento-agropecuario-por-area-2017-e1743681215863.png 1309w\" sizes=\"(max-width: 1024px) 100vw, 1024px\" \/><\/figure><\/div>\n\n\n<p class=\"has-text-align-center has-black-color has-text-color has-link-color has-small-font-size wp-elements-98eb49ac988c959ca713d08188af9c9d\">Fonte: Atlas Geogr\u00e1fico Escolar do IBGE. Dispon\u00edvel em: &lt;<a href=\"https:\/\/atlasescolar.ibge.gov.br\/brasil\/3058-espaco-economico\/agropecuaria.html\">https:\/\/atlasescolar.ibge.gov.br\/brasil\/3058-espaco-economico\/agropecuaria.html<\/a>&gt;. Acesso em 28 de mar. de 2025.<\/p>\n\n\n\n<p class=\"has-black-color has-text-color has-link-color has-medium-font-size wp-elements-87819b8c7044879fd0a8aa38bdfbde4e\">No Brasil, essa moderniza\u00e7\u00e3o ocorreu desigualmente. Enquanto regi\u00f5es como o Centro-Oeste se tornaram polos de produ\u00e7\u00e3o de commodities como soja, milho e carne, outras \u00e1reas, como partes do Nordeste e da Amaz\u00f4nia, viram suas paisagens transformadas pela expans\u00e3o da fronteira agr\u00edcola, muitas vezes com impactos ambientais graves, como desmatamento e esgotamento de recursos h\u00eddricos.<\/p>\n\n\n\n<p class=\"has-black-color has-text-color has-link-color has-medium-font-size wp-elements-5eef4ce83593bfb5bfbd9854d616e203\"><strong>Urbaniza\u00e7\u00e3o e reestrutura\u00e7\u00e3o regional&nbsp;<\/strong><\/p>\n\n\n\n<p class=\"has-black-color has-text-color has-link-color has-medium-font-size wp-elements-686f9c82f4b0af0af7f53a0d3017bdbb\">A mecaniza\u00e7\u00e3o da agropecu\u00e1ria reduziu a necessidade de m\u00e3o de obra no campo, acelerando o \u00eaxodo rural e o crescimento das cidades. No entanto, diferentemente do passado, quando os migrantes se dirigiam principalmente \u00e0s grandes metr\u00f3poles, hoje muitas cidades m\u00e9dias e pequenas em regi\u00f5es agr\u00edcolas prosperam devido ao agroneg\u00f3cio.&nbsp;<\/p>\n\n\n\n<p class=\"has-black-color has-text-color has-link-color has-medium-font-size wp-elements-1f4fe380a40ca8ad0e8779ee7b0796e8\">Essas cidades passaram a abrigar ind\u00fastrias de processamento de alimentos, centros de pesquisa agropecu\u00e1ria, universidades especializadas e servi\u00e7os financeiros voltados ao setor. Em Goi\u00e1s, por exemplo, cidades como Rio Verde e Jata\u00ed cresceram rapidamente devido \u00e0 produ\u00e7\u00e3o de gr\u00e3os e \u00e0 instala\u00e7\u00e3o de agroind\u00fastrias. Essa urbaniza\u00e7\u00e3o funcional, isto \u00e9, vinculada diretamente ao agroneg\u00f3cio, reconfigurou a rede urbana brasileira, criando novas centralidades econ\u00f4micas no interior do pa\u00eds.<\/p>\n\n\n\n<p class=\"has-black-color has-text-color has-link-color has-medium-font-size wp-elements-5c1033d0b9f6856646eaf95d26741f14\"><strong>Divis\u00e3o territorial do trabalho e desigualdades&nbsp;<\/strong><\/p>\n\n\n\n<p class=\"has-black-color has-text-color has-link-color has-medium-font-size wp-elements-8526ac46cab3c6d519b15b9160c22d8b\">A globaliza\u00e7\u00e3o do agroneg\u00f3cio aprofundou a divis\u00e3o territorial do trabalho. Enquanto algumas regi\u00f5es se especializaram na produ\u00e7\u00e3o de commodities para exporta\u00e7\u00e3o, outras ficaram marginalizadas, sem acesso aos benef\u00edcios da moderniza\u00e7\u00e3o. Pequenos agricultores, comunidades tradicionais e povos ind\u00edgenas muitas vezes s\u00e3o expulsos de suas terras ou t\u00eam seus modos de vida amea\u00e7ados pelo avan\u00e7o do agroneg\u00f3cio.&nbsp;<\/p>\n\n\n\n<p class=\"has-text-align-center has-black-color has-text-color has-link-color has-medium-font-size wp-elements-94e25f6db3870a5a6de7cb58dc980916\"><strong>Mapa da participa\u00e7\u00e3o da agropecu\u00e1ria no PIB municipal em 2019<\/strong><\/p>\n\n\n<div class=\"wp-block-image\">\n<figure class=\"aligncenter size-full\"><img decoding=\"async\" width=\"852\" height=\"826\" src=\"https:\/\/sme.goiania.go.gov.br\/conexaoescola\/wp-content\/uploads\/2025\/04\/agropecuaria-no-pib-2017-e1743681199496.png\" alt=\"\" class=\"wp-image-194212\" srcset=\"https:\/\/sme.goiania.go.gov.br\/conexaoescola\/wp-content\/uploads\/2025\/04\/agropecuaria-no-pib-2017-e1743681199496.png 852w, https:\/\/sme.goiania.go.gov.br\/conexaoescola\/wp-content\/uploads\/2025\/04\/agropecuaria-no-pib-2017-e1743681199496-300x291.png 300w, https:\/\/sme.goiania.go.gov.br\/conexaoescola\/wp-content\/uploads\/2025\/04\/agropecuaria-no-pib-2017-e1743681199496-768x745.png 768w\" sizes=\"(max-width: 852px) 100vw, 852px\" \/><\/figure><\/div>\n\n\n<p class=\"has-text-align-center has-small-font-size\">Fonte: Atlas Geogr\u00e1fico Escolar do IBGE. Dispon\u00edvel em: &lt;<a href=\"https:\/\/atlasescolar.ibge.gov.br\/brasil\/3071-espaco-economico\/produto-interno-bruto-pib.html\">https:\/\/atlasescolar.ibge.gov.br\/brasil\/3071-espaco-economico\/produto-interno-bruto-pib.html<\/a>&gt;. Acesso em 28 de mar. de 2025.<\/p>\n\n\n\n<p class=\"has-black-color has-text-color has-link-color has-medium-font-size wp-elements-a524334438d29fae18956522e52d73e8\">Al\u00e9m disso, a financeiriza\u00e7\u00e3o da agricultura, com bancos e fundos de investimento controlando grandes extens\u00f5es de terra, transformou a propriedade rural em um ativo financeiro, distanciando-a da produ\u00e7\u00e3o de alimentos b\u00e1sicos para a popula\u00e7\u00e3o. Isso explica, em parte, a contradi\u00e7\u00e3o de um pa\u00eds que \u00e9 um dos maiores exportadores agr\u00edcolas do mundo, mas ainda enfrenta problemas de inseguran\u00e7a alimentar em muitas regi\u00f5es.<\/p>\n\n\n\n<p class=\"has-black-color has-text-color has-link-color has-medium-font-size wp-elements-79ebd575f3f3e29624b985cd0d282b82\"><strong>Tecnologia e circula\u00e7\u00e3o do capital&nbsp;<\/strong><\/p>\n\n\n\n<p class=\"has-black-color has-text-color has-link-color has-medium-font-size wp-elements-f5efe86482138bef8ea162d7dd121375\">O desenvolvimento tecnol\u00f3gico foi fundamental para a expans\u00e3o do agroneg\u00f3cio globalizado. M\u00e1quinas agr\u00edcolas, sistemas de GPS para plantio, drones para monitoramento de lavouras e plataformas digitais de comercializa\u00e7\u00e3o s\u00e3o exemplos de como a tecnologia acelerou a produ\u00e7\u00e3o e a circula\u00e7\u00e3o de mercadorias. No entanto, esse avan\u00e7o tamb\u00e9m concentrou riqueza: pequenos produtores muitas vezes n\u00e3o t\u00eam acesso a esses recursos, ficando em desvantagem no mercado.<\/p>\n\n\n\n<p class=\"has-text-align-center has-black-color has-text-color has-link-color has-medium-font-size wp-elements-464301c95e7ac6a3b6728fbfa499b340\"><strong>A exporta\u00e7\u00e3o do Agro brasileiro em 2024<\/strong><\/p>\n\n\n<div class=\"wp-block-image\">\n<figure class=\"aligncenter size-large\"><img loading=\"lazy\" decoding=\"async\" width=\"1024\" height=\"510\" src=\"https:\/\/sme.goiania.go.gov.br\/conexaoescola\/wp-content\/uploads\/2025\/04\/cnn-brasil-2024-e1743681176553-1024x510.png\" alt=\"\" class=\"wp-image-194211\" srcset=\"https:\/\/sme.goiania.go.gov.br\/conexaoescola\/wp-content\/uploads\/2025\/04\/cnn-brasil-2024-e1743681176553-1024x510.png 1024w, https:\/\/sme.goiania.go.gov.br\/conexaoescola\/wp-content\/uploads\/2025\/04\/cnn-brasil-2024-e1743681176553-300x149.png 300w, https:\/\/sme.goiania.go.gov.br\/conexaoescola\/wp-content\/uploads\/2025\/04\/cnn-brasil-2024-e1743681176553-768x382.png 768w, https:\/\/sme.goiania.go.gov.br\/conexaoescola\/wp-content\/uploads\/2025\/04\/cnn-brasil-2024-e1743681176553.png 1093w\" sizes=\"(max-width: 1024px) 100vw, 1024px\" \/><\/figure><\/div>\n\n\n<p class=\"has-text-align-center has-black-color has-text-color has-link-color has-small-font-size wp-elements-3e3c6f7641e2e40c38a51e0ea2d9a159\">Fonte: CNN Brasil. Dispon\u00edvel em: &lt;<a href=\"https:\/\/www.cnnbrasil.com.br\/economia\/macroeconomia\/exportacoes-do-agro-batem-us-1526-bi-segundo-maior-desempenho-da-historia\/\">https:\/\/www.cnnbrasil.com.br\/economia\/macroeconomia\/exportacoes-do-agro-batem-us-1526-bi-segundo-maior-desempenho-da-historia\/<\/a>&gt;. Acesso em 28 de mar. de 2025.<\/p>\n\n\n\n<p class=\"has-black-color has-text-color has-link-color has-medium-font-size wp-elements-fbadef8ef4330416013b0ee4b74ef298\">O capital circula em escala global, conectando o campo brasileiro a bolsas de valores internacionais, onde o pre\u00e7o da soja, do caf\u00e9 ou do boi gordo \u00e9 definido. Isso significa que as decis\u00f5es sobre o que plantar, onde e como vender dependem cada vez menos dos agricultores locais e mais dos interesses de grandes empresas multinacionais.<\/p>\n\n\n\n<p class=\"has-black-color has-text-color has-link-color has-medium-font-size wp-elements-eceda6a9cb63d008a638d6b5fe52f33c\"><strong>O Brasil no cen\u00e1rio do agroneg\u00f3cio mundial<\/strong><\/p>\n\n\n\n<p class=\"has-black-color has-text-color has-link-color has-medium-font-size wp-elements-db0d49eece9715f6fb750c97925db4b3\">A globaliza\u00e7\u00e3o do agroneg\u00f3cio brasileiro trouxe crescimento econ\u00f4mico, mas tamb\u00e9m desafios. Se, por um lado, o pa\u00eds se consolidou como pot\u00eancia agr\u00edcola, por outro, essa expans\u00e3o gerou desigualdades socioespaciais, press\u00e3o sobre biomas sens\u00edveis e uma urbaniza\u00e7\u00e3o dispersa, marcada por cidades que dependem quase exclusivamente do setor.&nbsp;<\/p>\n\n\n\n<p class=\"has-black-color has-text-color has-link-color has-medium-font-size wp-elements-86a08016996dc0eb871373795291c87f\">Compreender essas din\u00e2micas \u00e9 essencial para refletir sobre modelos de desenvolvimento mais sustent\u00e1veis, que equilibrem produ\u00e7\u00e3o e preserva\u00e7\u00e3o, inclus\u00e3o social e progresso tecnol\u00f3gico. A Geografia nos ajuda a enxergar essas conex\u00f5es, mostrando como o agroneg\u00f3cio n\u00e3o \u00e9 somente uma atividade econ\u00f4mica, mas uma for\u00e7a que remodela territ\u00f3rios, redefine rela\u00e7\u00f5es de trabalho e influencia o futuro do Brasil no cen\u00e1rio global.<\/p>\n\n\n\n<p class=\"has-black-color has-text-color has-link-color has-medium-font-size wp-elements-9ea9de3557edab6b4469dff93e6affdc\"><\/p>\n\n\n\n<p class=\"has-text-align-center has-black-color has-pale-cyan-blue-background-color has-text-color has-background has-link-color has-medium-font-size wp-elements-1d248b941487bd825b2b2ee10a4b4788\"><strong>Assista ao v\u00eddeo sobre &#8211; A globaliza\u00e7\u00e3o do agroneg\u00f3cio brasileiro<\/strong><\/p>\n\n\n\n<figure class=\"wp-block-embed is-type-video is-provider-youtube wp-block-embed-youtube wp-embed-aspect-16-9 wp-has-aspect-ratio\"><div class=\"wp-block-embed__wrapper\">\n<p class=\"responsive-video-wrap clr\"><iframe title=\"Geografia \u2014 A globaliza\u00e7\u00e3o do agroneg\u00f3cio brasileiro \u2014 9\u00ba ano\" width=\"1200\" height=\"675\" src=\"https:\/\/www.youtube.com\/embed\/_0C4xoNQ9-c?feature=oembed\" frameborder=\"0\" allow=\"accelerometer; autoplay; clipboard-write; encrypted-media; gyroscope; picture-in-picture; web-share\" referrerpolicy=\"strict-origin-when-cross-origin\" allowfullscreen><\/iframe><\/p>\n<\/div><\/figure>\n\n\n\n<p class=\"has-text-align-center has-black-color has-text-color has-link-color has-small-font-size wp-elements-a078089dc1593a928d70887563f7c43e\"><strong>Fonte: @Est\u00fadioConex\u00e3oEscola<\/strong><\/p>\n\n\n\n<p class=\"has-text-align-center has-black-color has-text-color has-background has-medium-font-size\" style=\"background-color:#ffd2ae\"><strong>RESPONDA \u00c0S QUEST\u00d5ES<\/strong><\/p>\n\n\n\n<p class=\"has-black-color has-pale-cyan-blue-background-color has-text-color has-background has-medium-font-size\"><strong>QUEST\u00c3O 01<\/strong><\/p>\n\n\n\n<p class=\"has-black-color has-text-color has-medium-font-size\">A partir do estudo do texto e da not\u00edcia fa\u00e7a uma produ\u00e7\u00e3o de texto sobre a seguridade alimentar brasileira.&nbsp;<\/p>\n\n\n\n<p class=\"has-text-align-center has-black-color has-text-color has-medium-font-size\"><strong>A exporta\u00e7\u00e3o do Agro brasileiro em 2024<\/strong><\/p>\n\n\n<div class=\"wp-block-image\">\n<figure class=\"aligncenter size-large\"><img loading=\"lazy\" decoding=\"async\" width=\"1024\" height=\"510\" src=\"https:\/\/sme.goiania.go.gov.br\/conexaoescola\/wp-content\/uploads\/2025\/04\/cnn-brasil-2024-e1743681176553-1024x510.png\" alt=\"\" class=\"wp-image-194211\" srcset=\"https:\/\/sme.goiania.go.gov.br\/conexaoescola\/wp-content\/uploads\/2025\/04\/cnn-brasil-2024-e1743681176553-1024x510.png 1024w, https:\/\/sme.goiania.go.gov.br\/conexaoescola\/wp-content\/uploads\/2025\/04\/cnn-brasil-2024-e1743681176553-300x149.png 300w, https:\/\/sme.goiania.go.gov.br\/conexaoescola\/wp-content\/uploads\/2025\/04\/cnn-brasil-2024-e1743681176553-768x382.png 768w, https:\/\/sme.goiania.go.gov.br\/conexaoescola\/wp-content\/uploads\/2025\/04\/cnn-brasil-2024-e1743681176553.png 1093w\" sizes=\"(max-width: 1024px) 100vw, 1024px\" \/><\/figure><\/div>\n\n\n<p class=\"has-text-align-center has-black-color has-text-color has-link-color has-small-font-size wp-elements-3e3c6f7641e2e40c38a51e0ea2d9a159\">Fonte: CNN Brasil. Dispon\u00edvel em: &lt;<a href=\"https:\/\/www.cnnbrasil.com.br\/economia\/macroeconomia\/exportacoes-do-agro-batem-us-1526-bi-segundo-maior-desempenho-da-historia\/\">https:\/\/www.cnnbrasil.com.br\/economia\/macroeconomia\/exportacoes-do-agro-batem-us-1526-bi-segundo-maior-desempenho-da-historia\/<\/a>&gt;. Acesso em 28 de mar. de 2025.<\/p>\n\n\n\n<p class=\"has-black-color has-text-color has-link-color has-medium-font-size wp-elements-816ac5eaa81c1ad8ed63b5357febbb0d\">Na produ\u00e7\u00e3o de texto explique a contradi\u00e7\u00e3o entre o Brasil ser um dos maiores exportadores agr\u00edcolas do mundo e ainda enfrentar problemas de inseguran\u00e7a alimentar em algumas regi\u00f5es.<\/p>\n\n\n\n<p><\/p>\n\n\n\n<p class=\"has-black-color has-pale-cyan-blue-background-color has-text-color has-background has-medium-font-size\"><strong><strong>QUEST\u00c3O<\/strong> 02<\/strong><\/p>\n\n\n\n<p class=\"has-black-color has-text-color has-link-color has-medium-font-size wp-elements-6120d20e3e570e72dde6ba53b494f559\">A partir do estudo do texto, fa\u00e7a uma produ\u00e7\u00e3o textual comentando como a conex\u00e3o do agroneg\u00f3cio brasileiro com o mercado internacional, por meio de bolsas de valores e corpora\u00e7\u00f5es multinacionais, influencia as decis\u00f5es locais sobre produ\u00e7\u00e3o e comercializa\u00e7\u00e3o. Construa uma explica\u00e7\u00e3o sobre como essa depend\u00eancia pode afetar os pequenos agricultores.<\/p>\n\n\n\n<p><\/p>\n\n\n\n<p class=\"has-black-color has-pale-cyan-blue-background-color has-text-color has-background has-medium-font-size\"><strong><strong>QUEST\u00c3O<\/strong> 0<\/strong>3<\/p>\n\n\n\n<p class=\"has-black-color has-text-color has-link-color has-medium-font-size wp-elements-b4fd99228f061ba86c287d3050750e27\">O agroneg\u00f3cio \u00e9 um dos pilares da economia brasileira, respons\u00e1vel por grande parte das exporta\u00e7\u00f5es do pa\u00eds e por transforma\u00e7\u00f5es profundas no espa\u00e7o geogr\u00e1fico. A globaliza\u00e7\u00e3o do agroneg\u00f3cio brasileiro trouxe avan\u00e7os tecnol\u00f3gicos, mas tamb\u00e9m aprofundou desigualdades, pois a consequ\u00eancia desse processo \u00e9&nbsp;<\/p>\n\n\n\n<p class=\"has-black-color has-text-color has-link-color has-medium-font-size wp-elements-af1711555ba3dcf466ac0bbfeaeaed78\">(A) o aumento da diversifica\u00e7\u00e3o de culturas por pequenos agricultores.&nbsp;<\/p>\n\n\n\n<p class=\"has-black-color has-text-color has-link-color has-medium-font-size wp-elements-ace555fa59a87770063a2521cb21bae8\">(B) a redu\u00e7\u00e3o da depend\u00eancia de capital estrangeiro no campo.&nbsp;<\/p>\n\n\n\n<p class=\"has-black-color has-text-color has-link-color has-medium-font-size wp-elements-bb761ec0141b21d24f30679c62989acd\">(C) a concentra\u00e7\u00e3o de terras e riqueza nas m\u00e3os de grandes corpora\u00e7\u00f5es.&nbsp;<\/p>\n\n\n\n<p class=\"has-black-color has-text-color has-link-color has-medium-font-size wp-elements-e75c406ffd0c062aba6e81572400911c\">(D) a diminui\u00e7\u00e3o da produ\u00e7\u00e3o de commodities para exporta\u00e7\u00e3o.<\/p>\n\n\n\n<p><\/p>\n\n\n\n<p class=\"has-black-color has-pale-cyan-blue-background-color has-text-color has-background has-medium-font-size\"><strong><strong>QUEST\u00c3O<\/strong> 04<\/strong><\/p>\n\n\n\n<p class=\"has-black-color has-text-color has-link-color has-medium-font-size wp-elements-5c31ad8ece106600d6670da2f8167d0f\">A financeiriza\u00e7\u00e3o da agricultura, com bancos e fundos de investimento controlando grandes extens\u00f5es de terra, transformou a propriedade rural em um ativo financeiro, sendo assim, a financeiriza\u00e7\u00e3o da agricultura pode ser problem\u00e1tica para a seguran\u00e7a alimentar, pois&nbsp;<\/p>\n\n\n\n<p class=\"has-black-color has-text-color has-link-color has-medium-font-size wp-elements-9c3afcc7e7c8d18921e5a034482d1c4f\">(A) prioriza a produ\u00e7\u00e3o de alimentos b\u00e1sicos para o mercado interno, diminuindo a fome no pa\u00eds.&nbsp;<\/p>\n\n\n\n<p class=\"has-black-color has-text-color has-link-color has-medium-font-size wp-elements-efa4d3ff6680bf181b17b8cd272bf9e6\">(B) transforma terras em ativos financeiros, distanciando-as da produ\u00e7\u00e3o de alimentos.&nbsp;<\/p>\n\n\n\n<p class=\"has-black-color has-text-color has-link-color has-medium-font-size wp-elements-e773b929e362c15827c760da8c03eefc\">(C) reduz o interesse de multinacionais no setor agr\u00edcola brasileiro, ao focar em alimentos b\u00e1sicos.&nbsp;<\/p>\n\n\n\n<p class=\"has-black-color has-text-color has-link-color has-medium-font-size wp-elements-2bc8d7ec00e73826f97bbd7331bc9086\">(D) incentiva a distribui\u00e7\u00e3o igualit\u00e1ria de terras para pequenos produtores, baseado na reforma agr\u00e1ria.<\/p>\n\n\n\n<p><\/p>\n\n\n\n<p class=\"has-black-color has-pale-cyan-blue-background-color has-text-color has-background has-link-color has-medium-font-size wp-elements-d62d739ba8b40c82db6b5130db77443c\"><strong><strong>QUEST\u00c3O<\/strong> 05<\/strong><\/p>\n\n\n\n<p class=\"has-black-color has-text-color has-link-color has-medium-font-size wp-elements-be7a96d351ca103631f732f0f0a286e3\">O capital circula em escala global, conectando o campo brasileiro a bolsas de valores internacionais, onde o pre\u00e7o da soja, do caf\u00e9 ou do boi gordo \u00e9 definido. Isso significa que as decis\u00f5es sobre o que plantar, onde e como vender dependem cada vez menos dos agricultores locais e mais dos interesses de grandes empresas multinacionais. Sendo assim, a globaliza\u00e7\u00e3o afetou as decis\u00f5es sobre o que plantar no Brasil, pois&nbsp;<\/p>\n\n\n\n<p class=\"has-black-color has-text-color has-link-color has-medium-font-size wp-elements-25b2bf462b4e35332812fdbe80484a5a\">(A) tornou os agricultores locais os principais decisores dos cultivos.&nbsp;<\/p>\n\n\n\n<p class=\"has-black-color has-text-color has-link-color has-medium-font-size wp-elements-f98b1c3d6f9e212250db8db9d3b094bb\">(B) transferiu a decis\u00e3o para grandes empresas e bolsas de valores internacionais.&nbsp;<\/p>\n\n\n\n<p class=\"has-black-color has-text-color has-link-color has-medium-font-size wp-elements-af3703ce397801410cceb9943a78436f\">(C) eliminou a influ\u00eancia de mercados externos na produ\u00e7\u00e3o agr\u00edcola.&nbsp;<\/p>\n\n\n\n<p class=\"has-black-color has-text-color has-link-color has-medium-font-size wp-elements-8ae5149a479bcc98c0dcf8a41f4e36bd\">(D) priorizou somente cultivos de subsist\u00eancia para o mercado interno.<\/p>\n\n\n\n<p><\/p>\n\n\n\n<p class=\"has-black-color has-pale-cyan-blue-background-color has-text-color has-background has-link-color has-medium-font-size wp-elements-b970a5e53143a5ccf5506fccdccf7025\"><strong><strong>QUEST\u00c3O<\/strong> 06<\/strong><\/p>\n\n\n\n<p class=\"has-black-color has-text-color has-link-color has-medium-font-size wp-elements-16befaef869e33cc556d19fac7158b6d\">O agroneg\u00f3cio n\u00e3o se limita somente \u00e0 produ\u00e7\u00e3o agr\u00edcola, mas envolve uma cadeia complexa que inclui ind\u00fastrias de m\u00e1quinas, insumos qu\u00edmicos, processamento de alimentos, log\u00edstica e com\u00e9rcio internacional. Com a globaliza\u00e7\u00e3o, grandes corpora\u00e7\u00f5es passaram a dominar esse setor, utilizando tecnologias avan\u00e7adas, como sementes geneticamente modificadas, maquin\u00e1rios automatizados e sistemas de irriga\u00e7\u00e3o de precis\u00e3o. O bioma brasileiro, que tem sofrido press\u00e3o devido \u00e0 expans\u00e3o da fronteira agr\u00edcola, foi&nbsp;<\/p>\n\n\n\n<p class=\"has-black-color has-text-color has-link-color has-medium-font-size wp-elements-7b724d02cee1e089149eb3c770fb2586\">(A) a Caatinga, onde predomina a produ\u00e7\u00e3o de frutas tropicais.&nbsp;<\/p>\n\n\n\n<p class=\"has-black-color has-text-color has-link-color has-medium-font-size wp-elements-f67fb4d0bf49859553c0971580983c30\">(B) a Amaz\u00f4nia, com impactos como desmatamento e perda de biodiversidade.&nbsp;<\/p>\n\n\n\n<p class=\"has-black-color has-text-color has-link-color has-medium-font-size wp-elements-f33b7d3cdeef58bf0e81bfaf463f861b\">(C) o Pantanal, transformado em polo de cultivo de trigo e cevada.&nbsp;<\/p>\n\n\n\n<p class=\"has-black-color has-text-color has-link-color has-medium-font-size wp-elements-8ce9da4a1ce61e3690d8fd160b702f51\">(D) a Mata Atl\u00e2ntica, totalmente recuperada por pol\u00edticas ambientais.<\/p>\n\n\n\n<p><\/p>\n\n\n\n<hr class=\"wp-block-separator has-alpha-channel-opacity\"\/>\n\n\n\n<figure class=\"wp-block-table is-style-stripes\" style=\"font-size:15px\"><table class=\"has-black-color has-text-color\"><tbody><tr><td><strong>Autoria:<\/strong><\/td><td>Prof. Me.: Gabriel Ramos Paiva<\/td><\/tr><tr><td><strong>Forma\u00e7\u00e3o:<\/strong><\/td><td>Licenciatura em Geografia;<br>Bacharelado em Geografia;<br>Licenciatura em Pedagogia;<br>Mestre em Geografia pelo IESA-UFG.<\/td><\/tr><tr><td><strong>Componente Curricular:<\/strong><\/td><td>Geografia<\/td><\/tr><tr><td><strong>Objeto de conhecimento\/Conte\u00fados:<\/strong><\/td><td>Cadeias industriais e inova\u00e7\u00e3o no uso dos recursos naturais e mat\u00e9rias-primas: Urbaniza\u00e7\u00e3o mundial; Desenvolvimento tecnol\u00f3gico e formas de trabalho; Divis\u00e3o Internacional do Trabalho.<\/td><\/tr><tr><td><strong>DCGO \u2013 AMPLIADO (1\u00ba corte) Habilidades:<\/strong><\/td><td>(EF09GE12-A) Relacionar o processo de urbaniza\u00e7\u00e3o com o desenvolvimento tecnol\u00f3gico, industrializa\u00e7\u00e3o e mecaniza\u00e7\u00e3o da agropecu\u00e1ria, bem como sua a\u00e7\u00e3o nas formas de trabalho e circula\u00e7\u00e3o do capital, em diversos pa\u00edses, com destaque para o Brasil e o agroneg\u00f3cio em Goi\u00e1s.<\/td><\/tr><tr><td><strong>Refer\u00eancias:<\/strong><\/td><td>ELIAS, Denise. AGRONEG\u00d3CIO GLOBALIZADO E (RE)ESTRUTURA\u00c7\u00c3O URBANO-REGIONAL NO BRASIL. Revista de Geografia, V. 39, No. 2, Universidade Federal de Pernambuco-UFPE, Recife, 2022. Dispon\u00edvel em: &lt;<a href=\"https:\/\/periodicos.ufpe.br\/revistas\/index.php\/revistageografia\/article\/view\/254811\/41799\">https:\/\/periodicos.ufpe.br\/revistas\/index.php\/revistageografia\/article\/view\/254811\/41799<\/a>>. Acesso em 27 de mar. de 2025.<br><br>SANTOS, M. Por uma outra globaliza\u00e7\u00e3o. S\u00e3o Paulo: Hucitec, 2000.<\/td><\/tr><\/tbody><\/table><\/figure>\n\n\n\n<p><\/p>\n","protected":false},"author":20,"featured_media":194210,"template":"","ef_categoria":[16],"ef_ano":[92],"ef_componente":[96],"class_list":["post-194208","ensino_fundamental","type-ensino_fundamental","status-publish","has-post-thumbnail","hentry","ef_categoria-ciclo-da-adolescencia-hi","ef_ano-9o-ano","ef_componente-geografia","entry","has-media"],"acf":[],"_links":{"self":[{"href":"https:\/\/sme.goiania.go.gov.br\/conexaoescola\/wp-json\/wp\/v2\/ensino_fundamental\/194208","targetHints":{"allow":["GET"]}}],"collection":[{"href":"https:\/\/sme.goiania.go.gov.br\/conexaoescola\/wp-json\/wp\/v2\/ensino_fundamental"}],"about":[{"href":"https:\/\/sme.goiania.go.gov.br\/conexaoescola\/wp-json\/wp\/v2\/types\/ensino_fundamental"}],"author":[{"embeddable":true,"href":"https:\/\/sme.goiania.go.gov.br\/conexaoescola\/wp-json\/wp\/v2\/users\/20"}],"version-history":[{"count":1,"href":"https:\/\/sme.goiania.go.gov.br\/conexaoescola\/wp-json\/wp\/v2\/ensino_fundamental\/194208\/revisions"}],"predecessor-version":[{"id":194214,"href":"https:\/\/sme.goiania.go.gov.br\/conexaoescola\/wp-json\/wp\/v2\/ensino_fundamental\/194208\/revisions\/194214"}],"wp:featuredmedia":[{"embeddable":true,"href":"https:\/\/sme.goiania.go.gov.br\/conexaoescola\/wp-json\/wp\/v2\/media\/194210"}],"wp:attachment":[{"href":"https:\/\/sme.goiania.go.gov.br\/conexaoescola\/wp-json\/wp\/v2\/media?parent=194208"}],"wp:term":[{"taxonomy":"ef_categoria","embeddable":true,"href":"https:\/\/sme.goiania.go.gov.br\/conexaoescola\/wp-json\/wp\/v2\/ef_categoria?post=194208"},{"taxonomy":"ef_ano","embeddable":true,"href":"https:\/\/sme.goiania.go.gov.br\/conexaoescola\/wp-json\/wp\/v2\/ef_ano?post=194208"},{"taxonomy":"ef_componente","embeddable":true,"href":"https:\/\/sme.goiania.go.gov.br\/conexaoescola\/wp-json\/wp\/v2\/ef_componente?post=194208"}],"curies":[{"name":"wp","href":"https:\/\/api.w.org\/{rel}","templated":true}]}}