{"id":193167,"date":"2025-03-14T09:44:31","date_gmt":"2025-03-14T12:44:31","guid":{"rendered":"https:\/\/sme.goiania.go.gov.br\/conexaoescola\/?post_type=ensino_fundamental&#038;p=193167"},"modified":"2025-03-14T09:45:43","modified_gmt":"2025-03-14T12:45:43","slug":"geografia-caracteristica-climatica-de-goias","status":"publish","type":"ensino_fundamental","link":"https:\/\/sme.goiania.go.gov.br\/conexaoescola\/ensino_fundamental\/geografia-caracteristica-climatica-de-goias\/","title":{"rendered":"Geografia &#8211; Caracter\u00edstica clim\u00e1tica de Goi\u00e1s"},"content":{"rendered":"\n<p class=\"has-black-color has-text-color has-background has-medium-font-size\" style=\"background-color:#b8e0fb\">Esta proposta de atividade de<strong> GEOGRAFIA<\/strong> \u00e9 destinada aos estudantes do <strong>6\u00ba ano<\/strong> do Ensino Fundamental anos iniciais.<\/p>\n\n\n\n<div class=\"wp-block-buttons is-content-justification-center is-layout-flex wp-container-core-buttons-is-layout-16018d1d wp-block-buttons-is-layout-flex\">\n<div class=\"wp-block-button has-custom-font-size has-medium-font-size\"><a class=\"wp-block-button__link has-white-color has-black-background-color has-text-color has-background wp-element-button\" href=\"https:\/\/drive.google.com\/uc?export=download&amp;id=1AKPA2-AVdRyDMk4SeCMOuUKQmfTrjG2r\">BAIXE A ATIVIDADE<\/a><\/div>\n\n\n\n<div class=\"wp-block-button has-custom-font-size has-medium-font-size\"><a class=\"wp-block-button__link has-white-color has-black-background-color has-text-color has-background wp-element-button\" href=\"https:\/\/drive.google.com\/uc?export=download&amp;id=1YIKaRnefzVANduiLqH4wZFZPxLG_2AIr\">BAIXE OS SLIDES<\/a><\/div>\n\n\n\n<div class=\"wp-block-button has-custom-font-size has-medium-font-size\"><a class=\"wp-block-button__link has-white-color has-black-background-color has-text-color has-background wp-element-button\" href=\"https:\/\/drive.google.com\/uc?export=download&amp;id=1YDnEHLfi-M15jWOQXKwJp9KUPdHmjt0w\">BAIXE O TEXTO<\/a><\/div>\n<\/div>\n\n\n\n<p><\/p>\n\n\n\n<figure class=\"wp-block-image size-full\"><img fetchpriority=\"high\" decoding=\"async\" width=\"814\" height=\"868\" src=\"https:\/\/sme.goiania.go.gov.br\/conexaoescola\/wp-content\/uploads\/2025\/03\/climas-em-goias-e1741955189948.png\" alt=\"\" class=\"wp-image-193170\" srcset=\"https:\/\/sme.goiania.go.gov.br\/conexaoescola\/wp-content\/uploads\/2025\/03\/climas-em-goias-e1741955189948.png 814w, https:\/\/sme.goiania.go.gov.br\/conexaoescola\/wp-content\/uploads\/2025\/03\/climas-em-goias-e1741955189948-281x300.png 281w, https:\/\/sme.goiania.go.gov.br\/conexaoescola\/wp-content\/uploads\/2025\/03\/climas-em-goias-e1741955189948-768x819.png 768w\" sizes=\"(max-width: 814px) 100vw, 814px\" \/><\/figure>\n\n\n\n<p class=\"has-text-align-center has-black-color has-text-color has-link-color has-small-font-size wp-elements-91987aeb5374c287a25efa6d445570a4\">Fonte: NOVAIS, Giuliano Tostes. Dispon\u00edvel em: &lt;<a href=\"http:\/\/revistas.ufg.br\/bgg\/article\/view\/62297\/36129\">http:\/\/revistas.ufg.br\/bgg\/article\/view\/62297\/36129<\/a>>. Acesso em 05 de mar. de 2025.<br><\/p>\n\n\n\n<p class=\"has-text-align-center has-black-color has-text-color has-background has-medium-font-size\" style=\"background-color:#b8e0fb\"><strong>Caracter\u00edstica clim\u00e1tica de Goi\u00e1s<\/strong><\/p>\n\n\n\n<p class=\"has-black-color has-text-color has-link-color has-medium-font-size wp-elements-ee6e61a5b7b4392dfd15a389aa3ea83c\">O clima \u00e9 um dos elementos mais importantes para compreender as din\u00e2micas naturais e humanas de uma regi\u00e3o. No caso de Goi\u00e1s, as caracter\u00edsticas clim\u00e1ticas s\u00e3o influenciadas por uma s\u00e9rie de fatores, como a latitude, a altitude, a vegeta\u00e7\u00e3o e a atua\u00e7\u00e3o de sistemas atmosf\u00e9ricos.&nbsp;<\/p>\n\n\n\n<p class=\"has-text-align-center has-black-color has-text-color has-link-color has-medium-font-size wp-elements-e04ef1862a2347ea65fe10f7dd04ed63\"><strong>Climas zonais do Brasil<\/strong><\/p>\n\n\n<div class=\"wp-block-image\">\n<figure class=\"aligncenter size-full is-resized\"><img decoding=\"async\" width=\"379\" height=\"332\" src=\"https:\/\/sme.goiania.go.gov.br\/conexaoescola\/wp-content\/uploads\/2025\/03\/climas-zonais-do-Brasil-e1741955245882.png\" alt=\"\" class=\"wp-image-193174\" style=\"width:617px;height:auto\" srcset=\"https:\/\/sme.goiania.go.gov.br\/conexaoescola\/wp-content\/uploads\/2025\/03\/climas-zonais-do-Brasil-e1741955245882.png 379w, https:\/\/sme.goiania.go.gov.br\/conexaoescola\/wp-content\/uploads\/2025\/03\/climas-zonais-do-Brasil-e1741955245882-300x263.png 300w\" sizes=\"(max-width: 379px) 100vw, 379px\" \/><\/figure><\/div>\n\n\n<p class=\"has-text-align-center has-black-color has-text-color has-link-color has-small-font-size wp-elements-556928ee0423eb37559628d0fddfabc8\">Fonte: Atlas Geogr\u00e1fico escolar do IBGE. Dispon\u00edvel em: &lt;<a href=\"https:\/\/atlasescolar.ibge.gov.br\/brasil\/3037-diversidade-ambiental\/clima.html\">https:\/\/atlasescolar.ibge.gov.br\/brasil\/3037-diversidade-ambiental\/clima.html<\/a>&gt;. Acesso em 05 de mar. de 2025.&nbsp;<\/p>\n\n\n\n<p class=\"has-black-color has-text-color has-link-color has-medium-font-size wp-elements-7bb00457fc7eec08221d0a528c0e44de\">Neste texto, vamos explorar as principais caracter\u00edsticas clim\u00e1ticas de Goi\u00e1s, destacando como esses fatores se combinam para criar um clima \u00fanico, que varia conforme a regi\u00e3o do estado. Essa an\u00e1lise \u00e9 fundamental para entender n\u00e3o somente o clima, mas tamb\u00e9m como ele influencia a agricultura, a economia e o cotidiano dos goianos.&nbsp;<\/p>\n\n\n\n<p class=\"has-black-color has-text-color has-link-color has-medium-font-size wp-elements-b7d517a9433d7c3f6bd4dcf29cb91777\"><strong>A localiza\u00e7\u00e3o e influ\u00eancia da Latitude<\/strong><\/p>\n\n\n\n<p class=\"has-black-color has-text-color has-link-color has-medium-font-size wp-elements-762d1f902973299107e9e2358ed649e2\">Goi\u00e1s est\u00e1 situado na regi\u00e3o Centro-Oeste do Brasil, entre os tr\u00f3picos de Capric\u00f3rnio e C\u00e2ncer. Essa localiza\u00e7\u00e3o faz com que o estado receba uma abund\u00e2ncia de radia\u00e7\u00e3o solar durante o ano todo, caracterizando um clima predominantemente tropical.&nbsp;<\/p>\n\n\n\n<p class=\"has-text-align-center has-black-color has-text-color has-link-color has-medium-font-size wp-elements-2b1720b27774eee2cbc153fa5bc16fd7\"><strong>Climas zonais em Goi\u00e1s<\/strong><\/p>\n\n\n<div class=\"wp-block-image\">\n<figure class=\"aligncenter size-large\"><img decoding=\"async\" width=\"1024\" height=\"633\" src=\"https:\/\/sme.goiania.go.gov.br\/conexaoescola\/wp-content\/uploads\/2025\/03\/clima-goias-e1741955203926-1024x633.png\" alt=\"\" class=\"wp-image-193171\" srcset=\"https:\/\/sme.goiania.go.gov.br\/conexaoescola\/wp-content\/uploads\/2025\/03\/clima-goias-e1741955203926-1024x633.png 1024w, https:\/\/sme.goiania.go.gov.br\/conexaoescola\/wp-content\/uploads\/2025\/03\/clima-goias-e1741955203926-300x185.png 300w, https:\/\/sme.goiania.go.gov.br\/conexaoescola\/wp-content\/uploads\/2025\/03\/clima-goias-e1741955203926-768x475.png 768w, https:\/\/sme.goiania.go.gov.br\/conexaoescola\/wp-content\/uploads\/2025\/03\/clima-goias-e1741955203926.png 1209w\" sizes=\"(max-width: 1024px) 100vw, 1024px\" \/><\/figure><\/div>\n\n\n<p class=\"has-text-align-center has-black-color has-text-color has-link-color has-small-font-size wp-elements-6d592aa9cb4cafda49942e69965b07fc\">Fonte: NOVAIS, Giuliano Tostes. Dispon\u00edvel em: &lt;<a href=\"http:\/\/revistas.ufg.br\/bgg\/article\/view\/62297\/36129\">http:\/\/revistas.ufg.br\/bgg\/article\/view\/62297\/36129<\/a>&gt;. Acesso em 05 de mar. de 2025.<\/p>\n\n\n\n<p class=\"has-black-color has-text-color has-link-color has-medium-font-size wp-elements-f2597c40b454146c858f71aac2f2ac3c\">A latitude influencia diretamente a temperatura m\u00e9dia, que \u00e9 elevada na maior parte do ano, com varia\u00e7\u00f5es sazonais mais percept\u00edveis no inverno, quando massas de ar frio podem atingir a regi\u00e3o.<\/p>\n\n\n\n<p class=\"has-black-color has-text-color has-link-color has-medium-font-size wp-elements-d38cede239140b6c11dd9b177696ed28\"><strong>A influ\u00eancia da altitude<\/strong><\/p>\n\n\n\n<p class=\"has-black-color has-text-color has-link-color has-medium-font-size wp-elements-bef6f36e593bec406088107f995f4772\">A altitude \u00e9 um fator crucial para o clima de Goi\u00e1s. O estado possui \u00e1reas de planalto, como o Planalto Central, onde a altitude pode ultrapassar 1.000 metros.&nbsp;<\/p>\n\n\n\n<p class=\"has-text-align-center has-black-color has-text-color has-link-color has-medium-font-size wp-elements-8c972f6ace3bd4a2e22351217e580da9\"><strong>Relevo e hidrografia do Cerrado brasileiro<\/strong><\/p>\n\n\n<div class=\"wp-block-image\">\n<figure class=\"aligncenter size-full\"><img loading=\"lazy\" decoding=\"async\" width=\"735\" height=\"796\" src=\"https:\/\/sme.goiania.go.gov.br\/conexaoescola\/wp-content\/uploads\/2025\/03\/mapa-relevo-e1741955233739.png\" alt=\"\" class=\"wp-image-193173\" srcset=\"https:\/\/sme.goiania.go.gov.br\/conexaoescola\/wp-content\/uploads\/2025\/03\/mapa-relevo-e1741955233739.png 735w, https:\/\/sme.goiania.go.gov.br\/conexaoescola\/wp-content\/uploads\/2025\/03\/mapa-relevo-e1741955233739-277x300.png 277w\" sizes=\"(max-width: 735px) 100vw, 735px\" \/><\/figure><\/div>\n\n\n<p class=\"has-text-align-center has-black-color has-text-color has-link-color has-small-font-size wp-elements-320b597773ea47238d05170c1f1fe59e\">Fonte: NOVAIS, Giuliano Tostes. p. 57. Dispon\u00edvel em: &lt;<a href=\"https:\/\/repositorio.ufu.br\/handle\/123456789\/26606\">https:\/\/repositorio.ufu.br\/handle\/123456789\/26606<\/a>&gt;. Acesso em 05 de mar. de 2025.<\/p>\n\n\n\n<p class=\"has-black-color has-text-color has-link-color has-medium-font-size wp-elements-417982f786d9b23f3de5e52c4ff05108\">Nessas regi\u00f5es, as temperaturas s\u00e3o mais amenas, especialmente durante o inverno, quando podem ocorrer geadas em \u00e1reas mais elevadas, como a Chapada dos Veadeiros. Por outro lado, nas \u00e1reas mais baixas, como o vale do rio Araguaia, as temperaturas s\u00e3o mais altas e o clima \u00e9 mais quente.<\/p>\n\n\n\n<p class=\"has-black-color has-text-color has-link-color has-medium-font-size wp-elements-d4738c58b5684d7d1d2273ba72076fe0\"><strong>A precipita\u00e7\u00e3o e as esta\u00e7\u00f5es do ano<\/strong><\/p>\n\n\n\n<p class=\"has-black-color has-text-color has-link-color has-medium-font-size wp-elements-c92f1af5c8ff091a0b183e3ae64ace33\">O regime de chuvas em Goi\u00e1s \u00e9 marcado por uma clara distin\u00e7\u00e3o entre esta\u00e7\u00f5es secas e chuvosas.&nbsp;<\/p>\n\n\n\n<p class=\"has-text-align-center has-black-color has-text-color has-link-color has-medium-font-size wp-elements-c1af28e0321cb6c78e5ab97921f4ef41\"><strong>A precipita\u00e7\u00e3o no estado de Goi\u00e1s<\/strong><\/p>\n\n\n<div class=\"wp-block-image\">\n<figure class=\"aligncenter size-large\"><img loading=\"lazy\" decoding=\"async\" width=\"1024\" height=\"658\" src=\"https:\/\/sme.goiania.go.gov.br\/conexaoescola\/wp-content\/uploads\/2025\/03\/precipitacao-goias-e1741955218582-1024x658.png\" alt=\"\" class=\"wp-image-193172\" srcset=\"https:\/\/sme.goiania.go.gov.br\/conexaoescola\/wp-content\/uploads\/2025\/03\/precipitacao-goias-e1741955218582-1024x658.png 1024w, https:\/\/sme.goiania.go.gov.br\/conexaoescola\/wp-content\/uploads\/2025\/03\/precipitacao-goias-e1741955218582-300x193.png 300w, https:\/\/sme.goiania.go.gov.br\/conexaoescola\/wp-content\/uploads\/2025\/03\/precipitacao-goias-e1741955218582-768x494.png 768w, https:\/\/sme.goiania.go.gov.br\/conexaoescola\/wp-content\/uploads\/2025\/03\/precipitacao-goias-e1741955218582.png 1227w\" sizes=\"(max-width: 1024px) 100vw, 1024px\" \/><\/figure><\/div>\n\n\n<p class=\"has-text-align-center has-black-color has-text-color has-link-color has-small-font-size wp-elements-6d592aa9cb4cafda49942e69965b07fc\">Fonte: NOVAIS, Giuliano Tostes. Dispon\u00edvel em: &lt;<a href=\"http:\/\/revistas.ufg.br\/bgg\/article\/view\/62297\/36129\">http:\/\/revistas.ufg.br\/bgg\/article\/view\/62297\/36129<\/a>&gt;. Acesso em 05 de mar. de 2025.<\/p>\n\n\n\n<p class=\"has-black-color has-text-color has-link-color has-medium-font-size wp-elements-496accd6d85e1abcfafc6b8f138069e6\">A esta\u00e7\u00e3o chuvosa ocorre geralmente entre outubro e mar\u00e7o, quando sistemas atmosf\u00e9ricos como a Zona de Converg\u00eancia do Atl\u00e2ntico Sul (ZCAS) trazem umidade e precipita\u00e7\u00e3o para a regi\u00e3o. J\u00e1 a esta\u00e7\u00e3o seca, que vai de maio a setembro, \u00e9 influenciada pelo Anticiclone Subtropical do Atl\u00e2ntico Sul (ASAS), que inibe a forma\u00e7\u00e3o de chuvas. Essa sazonalidade \u00e9 t\u00edpica do clima tropical, que predomina no estado.<\/p>\n\n\n\n<p class=\"has-black-color has-text-color has-link-color has-medium-font-size wp-elements-d64407f454882c10b66f3158f18055e7\"><strong>Os tipos de clima em Goi\u00e1s<\/strong><\/p>\n\n\n\n<p class=\"has-black-color has-text-color has-link-color has-medium-font-size wp-elements-8f5500b2aaaa418467becb8ad9d1ff48\">Goi\u00e1s apresenta dois principais dom\u00ednios clim\u00e1ticos: o Tropical e o Tropical Ameno. O clima Tropical \u00e9 predominante na maior parte do estado, caracterizado por temperaturas elevadas e uma esta\u00e7\u00e3o seca bem definida. J\u00e1 o clima Tropical Ameno ocorre em \u00e1reas mais elevadas, como a Chapada dos Veadeiros, onde as temperaturas s\u00e3o mais baixas e h\u00e1 uma maior possibilidade de geadas durante o inverno. Esses climas s\u00e3o subdivididos em subdom\u00ednios, como o semi\u00famido e o semisseco, que variam conforme a quantidade de meses secos e a distribui\u00e7\u00e3o das chuvas.<\/p>\n\n\n\n<p class=\"has-text-align-center has-black-color has-text-color has-link-color has-medium-font-size wp-elements-b202745d5201df41bff4727191cc9daa\"><strong>Os principais dom\u00ednios clim\u00e1ticos de Goi\u00e1s<\/strong><\/p>\n\n\n<div class=\"wp-block-image\">\n<figure class=\"aligncenter size-full\"><img fetchpriority=\"high\" decoding=\"async\" width=\"814\" height=\"868\" src=\"https:\/\/sme.goiania.go.gov.br\/conexaoescola\/wp-content\/uploads\/2025\/03\/climas-em-goias-e1741955189948.png\" alt=\"\" class=\"wp-image-193170\" srcset=\"https:\/\/sme.goiania.go.gov.br\/conexaoescola\/wp-content\/uploads\/2025\/03\/climas-em-goias-e1741955189948.png 814w, https:\/\/sme.goiania.go.gov.br\/conexaoescola\/wp-content\/uploads\/2025\/03\/climas-em-goias-e1741955189948-281x300.png 281w, https:\/\/sme.goiania.go.gov.br\/conexaoescola\/wp-content\/uploads\/2025\/03\/climas-em-goias-e1741955189948-768x819.png 768w\" sizes=\"(max-width: 814px) 100vw, 814px\" \/><\/figure><\/div>\n\n\n<p class=\"has-text-align-center has-black-color has-text-color has-link-color has-small-font-size wp-elements-6d592aa9cb4cafda49942e69965b07fc\">Fonte: NOVAIS, Giuliano Tostes. Dispon\u00edvel em: &lt;<a href=\"http:\/\/revistas.ufg.br\/bgg\/article\/view\/62297\/36129\">http:\/\/revistas.ufg.br\/bgg\/article\/view\/62297\/36129<\/a>&gt;. Acesso em 05 de mar. de 2025.<\/p>\n\n\n\n<p class=\"has-black-color has-text-color has-link-color has-medium-font-size wp-elements-1f09399bb4a25df62035f16846a42768\"><strong>Os sistemas atmosf\u00e9ricos e as frentes frias<\/strong><\/p>\n\n\n\n<p class=\"has-black-color has-text-color has-link-color has-medium-font-size wp-elements-5702912b4b6b107d498f1063722e58e0\">A passagem de frentes frias \u00e9 um fen\u00f4meno importante no clima de Goi\u00e1s, especialmente durante o inverno. Essas frentes frias, originadas no Polo Sul, podem causar quedas bruscas de temperatura e, em alguns casos, geadas, principalmente nas \u00e1reas mais altas do estado.&nbsp;<\/p>\n\n\n\n<p class=\"has-text-align-center has-black-color has-text-color has-link-color has-medium-font-size wp-elements-40504eacda9c57389fa80e4c2ad8192b\"><strong>Frente fria em Goi\u00e1s&nbsp;<\/strong><\/p>\n\n\n<div class=\"wp-block-image\">\n<figure class=\"aligncenter size-full\"><img loading=\"lazy\" decoding=\"async\" width=\"759\" height=\"373\" src=\"https:\/\/sme.goiania.go.gov.br\/conexaoescola\/wp-content\/uploads\/2025\/03\/noticia-geada-e1741955175860.png\" alt=\"\" class=\"wp-image-193169\" srcset=\"https:\/\/sme.goiania.go.gov.br\/conexaoescola\/wp-content\/uploads\/2025\/03\/noticia-geada-e1741955175860.png 759w, https:\/\/sme.goiania.go.gov.br\/conexaoescola\/wp-content\/uploads\/2025\/03\/noticia-geada-e1741955175860-300x147.png 300w\" sizes=\"(max-width: 759px) 100vw, 759px\" \/><\/figure><\/div>\n\n\n<p class=\"has-text-align-center has-black-color has-text-color has-link-color has-small-font-size wp-elements-df2bbdbd56e55b1a1b702900d5dce6d3\">Fonte: Jornal Metr\u00f3poles. Dispon\u00edvel em: &lt;<a href=\"https:\/\/www.metropoles.com\/brasil\/cristais-de-gelo-sobre-carros-e-geadas-veja-imagens-do-frio-em-goias\">https:\/\/www.metropoles.com\/brasil\/cristais-de-gelo-sobre-carros-e-geadas-veja-imagens-do-frio-em-goias<\/a>&gt;. Acesso em 05 de mar. de 2025.<\/p>\n\n\n\n<p class=\"has-black-color has-text-color has-link-color has-medium-font-size wp-elements-413bcace2362efd7431f04028d78d8e7\">A frequ\u00eancia dessas frentes varia conforme a regi\u00e3o, sendo mais comum no sul de Goi\u00e1s, onde o clima \u00e9 mais influenciado por massas de ar polar.<\/p>\n\n\n\n<p class=\"has-black-color has-text-color has-link-color has-medium-font-size wp-elements-312023edc3b7babe69151737d7f0bbf0\"><strong>O impacto do clima na vegeta\u00e7\u00e3o e na agricultura<\/strong><\/p>\n\n\n\n<p class=\"has-black-color has-text-color has-link-color has-medium-font-size wp-elements-b5620b04e986abdeef225258d65e8e0c\">O clima de Goi\u00e1s tem uma rela\u00e7\u00e3o direta com a vegeta\u00e7\u00e3o predominante no estado, que \u00e9 o Cerrado. Esse bioma \u00e9 adaptado \u00e0s condi\u00e7\u00f5es de clima tropical, com uma esta\u00e7\u00e3o seca prolongada e chuvas concentradas em poucos meses.&nbsp;<\/p>\n\n\n\n<p class=\"has-text-align-center has-black-color has-text-color has-link-color has-medium-font-size wp-elements-da078166da05c8e36db4ea8b000d444f\"><strong>A seca afeta o plantio em Goi\u00e1s<\/strong><\/p>\n\n\n<div class=\"wp-block-image\">\n<figure class=\"aligncenter size-large\"><img loading=\"lazy\" decoding=\"async\" width=\"1024\" height=\"484\" src=\"https:\/\/sme.goiania.go.gov.br\/conexaoescola\/wp-content\/uploads\/2025\/03\/seca-e1741955157185-1024x484.png\" alt=\"\" class=\"wp-image-193168\" srcset=\"https:\/\/sme.goiania.go.gov.br\/conexaoescola\/wp-content\/uploads\/2025\/03\/seca-e1741955157185-1024x484.png 1024w, https:\/\/sme.goiania.go.gov.br\/conexaoescola\/wp-content\/uploads\/2025\/03\/seca-e1741955157185-300x142.png 300w, https:\/\/sme.goiania.go.gov.br\/conexaoescola\/wp-content\/uploads\/2025\/03\/seca-e1741955157185-768x363.png 768w, https:\/\/sme.goiania.go.gov.br\/conexaoescola\/wp-content\/uploads\/2025\/03\/seca-e1741955157185.png 1207w\" sizes=\"(max-width: 1024px) 100vw, 1024px\" \/><\/figure><\/div>\n\n\n<p class=\"has-text-align-center has-black-color has-text-color has-link-color has-small-font-size wp-elements-e7a40ceef8ca4155112a792a37b46f38\">Fonte: Jornal O popular. Dispon\u00edvel em: &lt;<a href=\"https:\/\/opopular.com.br\/economia\/seca-no-plantio-deve-causar-perda-de-ate-23-na-produc-o-goiana-1.3102834\">https:\/\/opopular.com.br\/economia\/seca-no-plantio-deve-causar-perda-de-ate-23-na-produc-o-goiana-1.3102834<\/a>&gt;. Acesso em 05 de mar. de 2025.<\/p>\n\n\n\n<p class=\"has-black-color has-text-color has-link-color has-medium-font-size wp-elements-b1b8e2c5072c71bb2457607665a4a838\">A agricultura em Goi\u00e1s tamb\u00e9m \u00e9 fortemente influenciada pelo clima, com culturas como soja, milho e cana-de-a\u00e7\u00facar sendo plantadas conforme o regime de chuvas. A compreens\u00e3o do clima \u00e9 essencial para o planejamento agr\u00edcola e a gest\u00e3o dos recursos h\u00eddricos.<\/p>\n\n\n\n<p class=\"has-black-color has-text-color has-link-color has-medium-font-size wp-elements-8dc32a7c98d3381efae2d197504bf326\"><strong>O clima de Goi\u00e1s e sua influ\u00eancia na geografia e na vida cotidiana<\/strong><\/p>\n\n\n\n<p class=\"has-black-color has-text-color has-link-color has-medium-font-size wp-elements-a583fe873acfa1777d6a5e69bf65a0ec\">As caracter\u00edsticas clim\u00e1ticas de Goi\u00e1s s\u00e3o resultados da combina\u00e7\u00e3o de diversos fatores geogr\u00e1ficos, como a latitude, a altitude e a atua\u00e7\u00e3o de sistemas atmosf\u00e9ricos. O clima tropical, com suas esta\u00e7\u00f5es secas e chuvosas bem definidas, predomina no estado, mas varia\u00e7\u00f5es locais, como o clima Tropical Ameno em \u00e1reas mais elevadas, mostram a complexidade do clima goiano. Compreender essas caracter\u00edsticas \u00e9 fundamental para entender n\u00e3o somente a natureza do estado, mas tamb\u00e9m como o clima influencia a vida das pessoas, a economia e o meio ambiente. Goi\u00e1s, com sua diversidade clim\u00e1tica, \u00e9 um exemplo claro de como o clima pode moldar a geografia de uma regi\u00e3o.<\/p>\n\n\n\n<p><\/p>\n\n\n\n<p class=\"has-text-align-center has-black-color has-pale-cyan-blue-background-color has-text-color has-background has-link-color has-medium-font-size wp-elements-fb2e30c90f6f0f61c4100803dc230fba\"><strong>Assista ao v\u00eddeo sobre caracter\u00edstica clim\u00e1tica de Goi\u00e1s<\/strong>.<\/p>\n\n\n\n<figure class=\"wp-block-embed is-type-video is-provider-youtube wp-block-embed-youtube wp-embed-aspect-16-9 wp-has-aspect-ratio\"><div class=\"wp-block-embed__wrapper\">\n<p class=\"responsive-video-wrap clr\"><iframe title=\"Geografia \u2014 Caracter\u00edstica clim\u00e1tica de Goi\u00e1s \u2014 6\u00ba ano\" width=\"1200\" height=\"675\" src=\"https:\/\/www.youtube.com\/embed\/wBgPRhVqzD4?feature=oembed\" frameborder=\"0\" allow=\"accelerometer; autoplay; clipboard-write; encrypted-media; gyroscope; picture-in-picture; web-share\" referrerpolicy=\"strict-origin-when-cross-origin\" allowfullscreen><\/iframe><\/p>\n<\/div><\/figure>\n\n\n\n<p class=\"has-text-align-center has-black-color has-text-color has-link-color has-small-font-size wp-elements-a078089dc1593a928d70887563f7c43e\"><strong>Fonte: @Est\u00fadioConex\u00e3oEscola<\/strong><\/p>\n\n\n\n<p class=\"has-text-align-center has-black-color has-text-color has-background has-medium-font-size\" style=\"background-color:#ffd2ae\"><strong>RESPONDA \u00c0S QUEST\u00d5ES<\/strong><\/p>\n\n\n\n<p class=\"has-black-color has-pale-cyan-blue-background-color has-text-color has-background has-medium-font-size\"><strong>QUEST\u00c3O 01<\/strong><\/p>\n\n\n\n<p class=\"has-text-align-left has-black-color has-text-color has-medium-font-size\">Ap\u00f3s o estudo do texto, leia a manchete e responda \u00e0s quest\u00f5es a seguir.<\/p>\n\n\n\n<p class=\"has-text-align-center has-black-color has-text-color has-medium-font-size\"><strong>Frente fria em Goi\u00e1s<\/strong><\/p>\n\n\n<div class=\"wp-block-image\">\n<figure class=\"aligncenter size-full\"><img loading=\"lazy\" decoding=\"async\" width=\"759\" height=\"373\" src=\"https:\/\/sme.goiania.go.gov.br\/conexaoescola\/wp-content\/uploads\/2025\/03\/noticia-geada-e1741955175860.png\" alt=\"\" class=\"wp-image-193169\" srcset=\"https:\/\/sme.goiania.go.gov.br\/conexaoescola\/wp-content\/uploads\/2025\/03\/noticia-geada-e1741955175860.png 759w, https:\/\/sme.goiania.go.gov.br\/conexaoescola\/wp-content\/uploads\/2025\/03\/noticia-geada-e1741955175860-300x147.png 300w\" sizes=\"(max-width: 759px) 100vw, 759px\" \/><\/figure><\/div>\n\n\n<p class=\"has-text-align-center has-black-color has-text-color has-link-color has-small-font-size wp-elements-df2bbdbd56e55b1a1b702900d5dce6d3\">Fonte: Jornal Metr\u00f3poles. Dispon\u00edvel em: &lt;<a href=\"https:\/\/www.metropoles.com\/brasil\/cristais-de-gelo-sobre-carros-e-geadas-veja-imagens-do-frio-em-goias\">https:\/\/www.metropoles.com\/brasil\/cristais-de-gelo-sobre-carros-e-geadas-veja-imagens-do-frio-em-goias<\/a>&gt;. Acesso em 05 de mar. de 2025.<\/p>\n\n\n\n<p class=\"has-black-color has-text-color has-link-color has-medium-font-size wp-elements-1c17a3ae04ed57f91e26f507bb127d8c\">Quais s\u00e3o os dois principais dom\u00ednios clim\u00e1ticos encontrados em Goi\u00e1s? Explique as caracter\u00edsticas de cada um e como eles se diferenciam em termos de temperatura e distribui\u00e7\u00e3o de chuvas. D\u00ea exemplos de regi\u00f5es do estado onde cada dom\u00ednio predomina.<\/p>\n\n\n\n<p><\/p>\n\n\n\n<p class=\"has-black-color has-pale-cyan-blue-background-color has-text-color has-background has-medium-font-size\"><strong><strong>QUEST\u00c3O<\/strong> 02<\/strong><\/p>\n\n\n\n<p class=\"has-black-color has-text-color has-medium-font-size\">Ap\u00f3s o estudo do texto, leia a manchete e responda \u00e0s quest\u00f5es a seguir.&nbsp;<\/p>\n\n\n\n<p class=\"has-text-align-center has-black-color has-text-color has-medium-font-size\"><strong>A seca afeta o plantio em Goi\u00e1s<\/strong><\/p>\n\n\n<div class=\"wp-block-image\">\n<figure class=\"aligncenter size-large\"><img loading=\"lazy\" decoding=\"async\" width=\"1024\" height=\"484\" src=\"https:\/\/sme.goiania.go.gov.br\/conexaoescola\/wp-content\/uploads\/2025\/03\/seca-e1741955157185-1024x484.png\" alt=\"\" class=\"wp-image-193168\" srcset=\"https:\/\/sme.goiania.go.gov.br\/conexaoescola\/wp-content\/uploads\/2025\/03\/seca-e1741955157185-1024x484.png 1024w, https:\/\/sme.goiania.go.gov.br\/conexaoescola\/wp-content\/uploads\/2025\/03\/seca-e1741955157185-300x142.png 300w, https:\/\/sme.goiania.go.gov.br\/conexaoescola\/wp-content\/uploads\/2025\/03\/seca-e1741955157185-768x363.png 768w, https:\/\/sme.goiania.go.gov.br\/conexaoescola\/wp-content\/uploads\/2025\/03\/seca-e1741955157185.png 1207w\" sizes=\"(max-width: 1024px) 100vw, 1024px\" \/><\/figure><\/div>\n\n\n<p class=\"has-text-align-center has-black-color has-text-color has-link-color has-small-font-size wp-elements-e7a40ceef8ca4155112a792a37b46f38\">Fonte: Jornal O popular. Dispon\u00edvel em: &lt;<a href=\"https:\/\/opopular.com.br\/economia\/seca-no-plantio-deve-causar-perda-de-ate-23-na-produc-o-goiana-1.3102834\">https:\/\/opopular.com.br\/economia\/seca-no-plantio-deve-causar-perda-de-ate-23-na-produc-o-goiana-1.3102834<\/a>&gt;. Acesso em 05 de mar. de 2025.<\/p>\n\n\n\n<p class=\"has-black-color has-text-color has-link-color has-medium-font-size wp-elements-dc840a2f5de5faec3ccb3e2b3ab0f649\">A agricultura \u00e9 uma das principais atividades econ\u00f4micas de Goi\u00e1s. Como o clima do estado, com suas esta\u00e7\u00f5es secas e chuvosas bem definidas, influencia o cultivo de produtos como soja, milho e cana-de-a\u00e7\u00facar? Quais s\u00e3o os desafios que os agricultores enfrentam devido \u00e0s varia\u00e7\u00f5es clim\u00e1ticas e como eles podem se adaptar a essas condi\u00e7\u00f5es?<\/p>\n\n\n\n<p><\/p>\n\n\n\n<p class=\"has-black-color has-pale-cyan-blue-background-color has-text-color has-background has-medium-font-size\"><strong><strong>QUEST\u00c3O<\/strong> 03<\/strong><\/p>\n\n\n\n<p class=\"has-black-color has-text-color has-link-color has-medium-font-size wp-elements-ebf7f4853de492107f8c1c8ecfe51fb4\">Em Goi\u00e1s, as caracter\u00edsticas clim\u00e1ticas s\u00e3o influenciadas por uma s\u00e9rie de fatores, como a latitude, a altitude, a vegeta\u00e7\u00e3o e a atua\u00e7\u00e3o de sistemas atmosf\u00e9ricos. O principal fator que influencia a temperatura m\u00e9dia elevada em Goi\u00e1s durante a maior parte do ano \u00e9&nbsp;<\/p>\n\n\n\n<p class=\"has-black-color has-text-color has-link-color has-medium-font-size wp-elements-4747a5592aaaa97d863cbe233e7282e3\">(A) a proximidade com o oceano Atl\u00e2ntico.&nbsp;<\/p>\n\n\n\n<p class=\"has-black-color has-text-color has-link-color has-medium-font-size wp-elements-88f923dad5bc47f93bb0ec37b5595a03\">(B) a localiza\u00e7\u00e3o entre os tr\u00f3picos de Capric\u00f3rnio e C\u00e2ncer.&nbsp;<\/p>\n\n\n\n<p class=\"has-black-color has-text-color has-link-color has-medium-font-size wp-elements-749061e4be09a3b02b5f3e2eebf502b5\">(C) a presen\u00e7a de grandes rios como o Araguaia.&nbsp;<\/p>\n\n\n\n<p class=\"has-black-color has-text-color has-link-color has-medium-font-size wp-elements-34eb4a9c23823f4584fe05408f5d6df7\">(D) a alta umidade relativa do ar durante o ver\u00e3o.<\/p>\n\n\n\n<p><\/p>\n\n\n\n<p class=\"has-black-color has-pale-cyan-blue-background-color has-text-color has-background has-medium-font-size\"><strong><strong>QUEST\u00c3O<\/strong> 04<\/strong><\/p>\n\n\n\n<p class=\"has-black-color has-text-color has-link-color has-medium-font-size wp-elements-0f660db4c7caa14535d71114547624b5\">O regime de chuvas em Goi\u00e1s \u00e9 marcado por uma clara distin\u00e7\u00e3o entre esta\u00e7\u00f5es secas e chuvosas. A esta\u00e7\u00e3o chuvosa ocorre geralmente entre outubro e mar\u00e7o, o sistema atmosf\u00e9rico respons\u00e1vel pela esta\u00e7\u00e3o chuvosa em Goi\u00e1s \u00e9<\/p>\n\n\n\n<p class=\"has-black-color has-text-color has-link-color has-medium-font-size wp-elements-ae93daf397848ac2b31fe4ca0c58afc5\">(A) O Anticiclone Subtropical do Atl\u00e2ntico Sul (ASAS).&nbsp;<\/p>\n\n\n\n<p class=\"has-black-color has-text-color has-link-color has-medium-font-size wp-elements-ea85a3b1f2f582655b116bf38eec642a\">(B) A Corrente do Golfo.<\/p>\n\n\n\n<p class=\"has-black-color has-text-color has-link-color has-medium-font-size wp-elements-2426a50681186a47f93847808c7c164e\">(C) A Massa Polar Atl\u00e2ntica (MPA).&nbsp;<\/p>\n\n\n\n<p class=\"has-black-color has-text-color has-link-color has-medium-font-size wp-elements-5fa7be4962d433927cea38c869421b22\">(D) A Zona de Converg\u00eancia do Atl\u00e2ntico Sul (ZCAS).<\/p>\n\n\n\n<p><\/p>\n\n\n\n<p class=\"has-black-color has-pale-cyan-blue-background-color has-text-color has-background has-link-color has-medium-font-size wp-elements-d62d739ba8b40c82db6b5130db77443c\"><strong><strong>QUEST\u00c3O<\/strong> 05<\/strong><\/p>\n\n\n\n<p class=\"has-black-color has-text-color has-link-color has-medium-font-size wp-elements-9dfec07642dbec79626f61a20836a8b0\">A partir do estudo do texto, observe a imagem e responda \u00e0 quest\u00e3o a seguir.<\/p>\n\n\n\n<p class=\"has-text-align-center has-black-color has-text-color has-link-color has-medium-font-size wp-elements-8c972f6ace3bd4a2e22351217e580da9\"><strong>Relevo e hidrografia do Cerrado brasileiro<\/strong><\/p>\n\n\n<div class=\"wp-block-image\">\n<figure class=\"aligncenter size-full\"><img loading=\"lazy\" decoding=\"async\" width=\"735\" height=\"796\" src=\"https:\/\/sme.goiania.go.gov.br\/conexaoescola\/wp-content\/uploads\/2025\/03\/mapa-relevo-e1741955233739.png\" alt=\"\" class=\"wp-image-193173\" srcset=\"https:\/\/sme.goiania.go.gov.br\/conexaoescola\/wp-content\/uploads\/2025\/03\/mapa-relevo-e1741955233739.png 735w, https:\/\/sme.goiania.go.gov.br\/conexaoescola\/wp-content\/uploads\/2025\/03\/mapa-relevo-e1741955233739-277x300.png 277w\" sizes=\"(max-width: 735px) 100vw, 735px\" \/><\/figure><\/div>\n\n\n<p class=\"has-text-align-center has-black-color has-text-color has-link-color has-small-font-size wp-elements-320b597773ea47238d05170c1f1fe59e\">Fonte: NOVAIS, Giuliano Tostes. p. 57. Dispon\u00edvel em: &lt;<a href=\"https:\/\/repositorio.ufu.br\/handle\/123456789\/26606\">https:\/\/repositorio.ufu.br\/handle\/123456789\/26606<\/a>&gt;. Acesso em 05 de mar. de 2025.<\/p>\n\n\n\n<p class=\"has-black-color has-text-color has-link-color has-medium-font-size wp-elements-156802d5a73dbc6958d537c082524abc\">A altitude \u00e9 um fator crucial para o clima de Goi\u00e1s. O estado possui \u00e1reas de planalto, como o Planalto Central, onde a altitude pode ultrapassar 1.000 metros. As \u00e1reas de planalto em Goi\u00e1s, como a Chapada dos Veadeiros, t\u00eam temperaturas mais amenas, pois&nbsp;<\/p>\n\n\n\n<p class=\"has-black-color has-text-color has-link-color has-medium-font-size wp-elements-b773326e2884c31430e9d9da773a6bf9\">(A) est\u00e3o mais pr\u00f3ximas do equador.&nbsp;<\/p>\n\n\n\n<p class=\"has-black-color has-text-color has-link-color has-medium-font-size wp-elements-d0918aabfc5395ef7812609ace5998f0\">(B) ocorre a influ\u00eancia direta do oceano Pac\u00edfico.<\/p>\n\n\n\n<p class=\"has-black-color has-text-color has-link-color has-medium-font-size wp-elements-4d8f7e42135857f02dd1ac956d46f3c8\">(C) possui a maior altitude em rela\u00e7\u00e3o ao n\u00edvel do mar.&nbsp;<\/p>\n\n\n\n<p class=\"has-black-color has-text-color has-link-color has-medium-font-size wp-elements-49ddb52165dbb69d6dc985743f0d1865\">(D) possui a alta concentra\u00e7\u00e3o de florestas tropicais.<\/p>\n\n\n\n<p><\/p>\n\n\n\n<p class=\"has-black-color has-pale-cyan-blue-background-color has-text-color has-background has-link-color has-medium-font-size wp-elements-2fbb6f2bed5f7020802b7f1f4d4ca990\"><strong><strong>QUEST\u00c3O<\/strong> 0<\/strong>6<\/p>\n\n\n\n<p class=\"has-black-color has-text-color has-link-color has-medium-font-size wp-elements-9dfec07642dbec79626f61a20836a8b0\">A partir do estudo do texto, observe a imagem e responda \u00e0 quest\u00e3o a seguir.<\/p>\n\n\n\n<p class=\"has-text-align-center has-black-color has-text-color has-link-color has-medium-font-size wp-elements-b202745d5201df41bff4727191cc9daa\"><strong>Os principais dom\u00ednios clim\u00e1ticos de Goi\u00e1s<\/strong><\/p>\n\n\n<div class=\"wp-block-image\">\n<figure class=\"aligncenter size-full\"><img fetchpriority=\"high\" decoding=\"async\" width=\"814\" height=\"868\" src=\"https:\/\/sme.goiania.go.gov.br\/conexaoescola\/wp-content\/uploads\/2025\/03\/climas-em-goias-e1741955189948.png\" alt=\"\" class=\"wp-image-193170\" srcset=\"https:\/\/sme.goiania.go.gov.br\/conexaoescola\/wp-content\/uploads\/2025\/03\/climas-em-goias-e1741955189948.png 814w, https:\/\/sme.goiania.go.gov.br\/conexaoescola\/wp-content\/uploads\/2025\/03\/climas-em-goias-e1741955189948-281x300.png 281w, https:\/\/sme.goiania.go.gov.br\/conexaoescola\/wp-content\/uploads\/2025\/03\/climas-em-goias-e1741955189948-768x819.png 768w\" sizes=\"(max-width: 814px) 100vw, 814px\" \/><\/figure><\/div>\n\n\n<p class=\"has-text-align-center has-black-color has-text-color has-link-color has-small-font-size wp-elements-6d592aa9cb4cafda49942e69965b07fc\">Fonte: NOVAIS, Giuliano Tostes. Dispon\u00edvel em: &lt;<a href=\"http:\/\/revistas.ufg.br\/bgg\/article\/view\/62297\/36129\">http:\/\/revistas.ufg.br\/bgg\/article\/view\/62297\/36129<\/a>&gt;. Acesso em 05 de mar. de 2025.<\/p>\n\n\n\n<p class=\"has-black-color has-text-color has-link-color has-medium-font-size wp-elements-a4c8b2fd1b3208dd839a960033c10a9b\">Goi\u00e1s apresenta dois principais dom\u00ednios clim\u00e1ticos: o Tropical e o Tropical Ameno. Esses climas s\u00e3o subdivididos em subdom\u00ednios, como o semi\u00famido e o semisseco, a principal caracter\u00edstica do clima semi\u00famido em Goi\u00e1s \u00e9&nbsp;<\/p>\n\n\n\n<p class=\"has-black-color has-text-color has-link-color has-medium-font-size wp-elements-a224a685c44fdb21b332b2c219912668\">(A) mais de oito meses secos por ano.&nbsp;<\/p>\n\n\n\n<p class=\"has-black-color has-text-color has-link-color has-medium-font-size wp-elements-de0db34c4ebf755cecd4492302bade38\">(B) cinco meses secos e sete meses chuvosos.&nbsp;<\/p>\n\n\n\n<p class=\"has-black-color has-text-color has-link-color has-medium-font-size wp-elements-ba8f14e254ec65d6c9b904b93a976574\">(C) temperaturas extremamente baixas durante o inverno.&nbsp;<\/p>\n\n\n\n<p class=\"has-black-color has-text-color has-link-color has-medium-font-size wp-elements-380ce56f464270a72c3543f8a9831d2e\">(D) influ\u00eancia direta das massas de ar polar durante o ver\u00e3o.<\/p>\n\n\n\n<p><\/p>\n\n\n\n<hr class=\"wp-block-separator has-alpha-channel-opacity\"\/>\n\n\n\n<figure class=\"wp-block-table is-style-stripes\" style=\"font-size:15px\"><table class=\"has-black-color has-text-color\"><tbody><tr><td><strong>Autoria:<\/strong><\/td><td>Prof. Me.: Gabriel Ramos Paiva<\/td><\/tr><tr><td><strong>Forma\u00e7\u00e3o:<\/strong><\/td><td>Licenciatura em Geografia;<br>Bacharelado em Geografia;<br>Licenciatura em Pedagogia;<br>Mestre em Geografia pelo IESA-UFG.<\/td><\/tr><tr><td><strong>Componente Curricular:<\/strong><\/td><td>Geografia<\/td><\/tr><tr><td><strong>Objeto de conhecimento\/Conte\u00fados:<\/strong><\/td><td>Rela\u00e7\u00f5es entre os componentes f\u00edsico-naturais:<br>Elementos do clima<br>Padr\u00f5es clim\u00e1ticos<br>Fen\u00f4menos naturais e influ\u00eancia no clima<\/td><\/tr><tr><td><strong>DCGO \u2013 AMPLIADO &#8211; Habilidades:<\/strong><\/td><td>(EF06GE03-E) Identificar os climas predominantes no Brasil e em Goi\u00e1s.<\/td><\/tr><tr><td><strong>Refer\u00eancias:<\/strong><\/td><td>NOVAIS, Giuliano Tostes. Classifica\u00e7\u00e3o clim\u00e1tica aplicada ao Bioma Cerrado. 2019. 184 f. Tese (Doutorado em Geografia) &#8211; Universidade Federal de Uberl\u00e2ndia, Uberl\u00e2ndia, 2019. DOI <a href=\"http:\/\/dx.doi.org\/10.14393\/ufu.1e.2019.2199\">http:\/\/dx.doi.org\/10.14393\/ufu.1e.2019.2199<\/a>. Dispon\u00edvel em: &lt;<a href=\"https:\/\/repositorio.ufu.br\/handle\/123456789\/26606\">https:\/\/repositorio.ufu.br\/handle\/123456789\/26606<\/a>>. Acesso em 05 de mar. de 2025.<br><br>NOVAIS, Giuliano Tostes. Classifica\u00e7\u00e3o clim\u00e1tica aplicada ao Estado de Goi\u00e1s e ao Distrito Federal, Brasil. Boletim Goiano de Geografia, Universidade Federal de Goi\u00e1s &#8211; UFG, v. 40: .e62297, Goi\u00e2nia, 2020. Dispon\u00edvel em: &lt;<a href=\"http:\/\/revistas.ufg.br\/bgg\/article\/view\/62297\/36129\">http:\/\/revistas.ufg.br\/bgg\/article\/view\/62297\/36129<\/a>>. Acesso em 05 de mar. de 2025.<\/td><\/tr><\/tbody><\/table><\/figure>\n\n\n\n<p><\/p>\n","protected":false},"author":20,"featured_media":193170,"template":"","ef_categoria":[15],"ef_ano":[89],"ef_componente":[96],"class_list":["post-193167","ensino_fundamental","type-ensino_fundamental","status-publish","has-post-thumbnail","hentry","ef_categoria-ciclo-da-adolescencia-fg","ef_ano-6o-ano","ef_componente-geografia","entry","has-media"],"acf":[],"_links":{"self":[{"href":"https:\/\/sme.goiania.go.gov.br\/conexaoescola\/wp-json\/wp\/v2\/ensino_fundamental\/193167","targetHints":{"allow":["GET"]}}],"collection":[{"href":"https:\/\/sme.goiania.go.gov.br\/conexaoescola\/wp-json\/wp\/v2\/ensino_fundamental"}],"about":[{"href":"https:\/\/sme.goiania.go.gov.br\/conexaoescola\/wp-json\/wp\/v2\/types\/ensino_fundamental"}],"author":[{"embeddable":true,"href":"https:\/\/sme.goiania.go.gov.br\/conexaoescola\/wp-json\/wp\/v2\/users\/20"}],"version-history":[{"count":2,"href":"https:\/\/sme.goiania.go.gov.br\/conexaoescola\/wp-json\/wp\/v2\/ensino_fundamental\/193167\/revisions"}],"predecessor-version":[{"id":193177,"href":"https:\/\/sme.goiania.go.gov.br\/conexaoescola\/wp-json\/wp\/v2\/ensino_fundamental\/193167\/revisions\/193177"}],"wp:featuredmedia":[{"embeddable":true,"href":"https:\/\/sme.goiania.go.gov.br\/conexaoescola\/wp-json\/wp\/v2\/media\/193170"}],"wp:attachment":[{"href":"https:\/\/sme.goiania.go.gov.br\/conexaoescola\/wp-json\/wp\/v2\/media?parent=193167"}],"wp:term":[{"taxonomy":"ef_categoria","embeddable":true,"href":"https:\/\/sme.goiania.go.gov.br\/conexaoescola\/wp-json\/wp\/v2\/ef_categoria?post=193167"},{"taxonomy":"ef_ano","embeddable":true,"href":"https:\/\/sme.goiania.go.gov.br\/conexaoescola\/wp-json\/wp\/v2\/ef_ano?post=193167"},{"taxonomy":"ef_componente","embeddable":true,"href":"https:\/\/sme.goiania.go.gov.br\/conexaoescola\/wp-json\/wp\/v2\/ef_componente?post=193167"}],"curies":[{"name":"wp","href":"https:\/\/api.w.org\/{rel}","templated":true}]}}