{"id":193111,"date":"2025-03-13T15:06:44","date_gmt":"2025-03-13T18:06:44","guid":{"rendered":"https:\/\/sme.goiania.go.gov.br\/conexaoescola\/?post_type=ensino_fundamental&#038;p=193111"},"modified":"2025-03-19T15:30:02","modified_gmt":"2025-03-19T18:30:02","slug":"lingua-portuguesa-adjetivos-patrios","status":"publish","type":"ensino_fundamental","link":"https:\/\/sme.goiania.go.gov.br\/conexaoescola\/ensino_fundamental\/lingua-portuguesa-adjetivos-patrios\/","title":{"rendered":"L\u00edngua Portuguesa &#8211; Adjetivos p\u00e1trios"},"content":{"rendered":"\n<p class=\"has-text-align-center has-black-color has-vivid-green-cyan-background-color has-text-color has-background has-link-color has-medium-font-size wp-elements-967c69c9d9ee9f26bb58800437b5cd8d\">Esta proposta de atividade de<strong>&nbsp;L\u00edngua Portuguesa<\/strong>&nbsp;tem como base o DC\/GO \u2013 Ampliado e est\u00e1 destinada a estudantes do&nbsp;<strong>3\u00ba ano&nbsp;<\/strong>do Ensino Fundamental &#8211; Anos Iniciais.<\/p>\n\n\n\n<hr class=\"wp-block-separator has-alpha-channel-opacity\"\/>\n\n\n\n<div class=\"wp-block-buttons is-content-justification-center is-layout-flex wp-container-core-buttons-is-layout-16018d1d wp-block-buttons-is-layout-flex\">\n<div class=\"wp-block-button has-custom-font-size has-medium-font-size\"><a class=\"wp-block-button__link has-white-color has-black-background-color has-text-color has-background has-link-color wp-element-button\" href=\"https:\/\/drive.google.com\/uc?export=download&amp;id=1-tkbWKCXRtFlV3tUKzHf6BFK5ICthxN_\">BAIXE A ATIVIDADE<\/a><\/div>\n\n\n\n<div class=\"wp-block-button has-custom-font-size has-medium-font-size\"><a class=\"wp-block-button__link has-white-color has-black-background-color has-text-color has-background has-link-color wp-element-button\" href=\"https:\/\/drive.google.com\/uc?export=download&amp;id=1rlfr_5Xaq89KrGXsiQVeCYRaDhwd_kMx\">BAIXE OS SLIDES<\/a><\/div>\n\n\n\n<div class=\"wp-block-button has-custom-font-size has-medium-font-size\"><a class=\"wp-block-button__link has-black-background-color has-background wp-element-button\" href=\"https:\/\/drive.google.com\/uc?export=download&amp;id=1uQW3LoaUzAGG0umriCabiEZGUYrrE8jJ\">BAIXE O TEXTO<\/a><\/div>\n<\/div>\n\n\n<div class=\"wp-block-image\">\n<figure class=\"aligncenter size-full\"><img fetchpriority=\"high\" decoding=\"async\" width=\"686\" height=\"290\" src=\"https:\/\/sme.goiania.go.gov.br\/conexaoescola\/wp-content\/uploads\/2025\/03\/Captura-de-tela-2025-03-12-161837.png\" alt=\"\" class=\"wp-image-193112\" srcset=\"https:\/\/sme.goiania.go.gov.br\/conexaoescola\/wp-content\/uploads\/2025\/03\/Captura-de-tela-2025-03-12-161837.png 686w, https:\/\/sme.goiania.go.gov.br\/conexaoescola\/wp-content\/uploads\/2025\/03\/Captura-de-tela-2025-03-12-161837-300x127.png 300w\" sizes=\"(max-width: 686px) 100vw, 686px\" \/><figcaption class=\"wp-element-caption\">CANVA, <strong>Plataforma online de design<\/strong>. Dispon\u00edvel em: www.canva.com. Acesso em: 12\/03\/2025.<\/figcaption><\/figure><\/div>\n\n\n<p class=\"has-text-align-center has-black-color has-text-color has-background has-link-color has-medium-font-size wp-elements-f1eb414faae62b84efcc0888ce5495e9\" style=\"background-color:#0792e3\"><strong>ADJETIVOS P\u00c1TRIOS<\/strong><\/p>\n\n\n\n<p class=\"has-black-color has-text-color has-link-color has-medium-font-size wp-elements-d2efdcace0c1b5e0c5de2994b092c284\">Voc\u00ea j\u00e1 parou para pensar em como chamamos as pessoas de diferentes lugares? \u00c9 como se cada cantinho do mundo tivesse um nome especial para quem nasce l\u00e1. Essas palavras s\u00e3o chamadas de <strong>adjetivos p\u00e1trios<\/strong>!<\/p>\n\n\n\n<p class=\"has-black-color has-text-color has-link-color has-medium-font-size wp-elements-13640cdecaeb450a7e2fb1733f8514f8\">Por exemplo:<\/p>\n\n\n\n<ul class=\"wp-block-list\">\n<li class=\"has-medium-font-size\">Quem nasce no <strong>Brasil<\/strong> \u00e9 <strong>brasileiro<\/strong>. <\/li>\n\n\n\n<li class=\"has-medium-font-size\">Quem nasce na <strong>Fran\u00e7a<\/strong> \u00e9 <strong>franc\u00eas<\/strong>. <\/li>\n\n\n\n<li class=\"has-medium-font-size\">Quem nasce no <strong>M\u00e9xico<\/strong> \u00e9 <strong>mexicano<\/strong>.<\/li>\n<\/ul>\n\n\n\n<p class=\"has-black-color has-text-color has-link-color has-medium-font-size wp-elements-9d2db68a397564bab8a8f4a5ab915715\">Mas n\u00e3o \u00e9 s\u00f3 com pa\u00edses! Tamb\u00e9m usamos adjetivos p\u00e1trios para estados e cidades:<\/p>\n\n\n\n<ul class=\"wp-block-list\">\n<li class=\"has-medium-font-size\">Quem nasce na <strong>Bahia<\/strong> \u00e9 <strong>baiano<\/strong>.<\/li>\n\n\n\n<li class=\"has-medium-font-size\">Quem nasce em <strong>S\u00e3o Paulo<\/strong> \u00e9 <strong>paulista<\/strong>.<\/li>\n\n\n\n<li class=\"has-medium-font-size\">Quem nasce no <strong>Rio de Janeiro<\/strong> \u00e9 <strong>carioca<\/strong>.<\/li>\n<\/ul>\n\n\n\n<p class=\"has-black-color has-text-color has-link-color has-medium-font-size wp-elements-42f1f7160e5a0d0397f2310229f03313\">Agora \u00e9 sua vez! De onde voc\u00ea vem? Como ser\u00e1 que se chama quem nasce na sua cidade? Que tal perguntar para um adulto ou pesquisar?<\/p>\n\n\n\n<p class=\"has-black-color has-text-color has-link-color has-medium-font-size wp-elements-f1231d3170559f3d32fbd3000914c152\">Saber os adjetivos p\u00e1trios \u00e9 importante porque nos ajuda a conhecer melhor o mundo ao nosso redor, valorizando as diferentes culturas e identidades. Cada lugar tem sua hist\u00f3ria e seu jeito especial de ser, e aprender sobre eles nos torna mais curiosos e respeitosos com as pessoas e suas origens. Afinal, o mundo \u00e9 enorme e cheio de nomes incr\u00edveis para descobrir!<\/p>\n\n\n\n<p class=\"has-text-align-center has-black-color has-vivid-cyan-blue-background-color has-text-color has-background has-link-color has-medium-font-size wp-elements-882128943602f550c7a55451bdc1ff54\"><strong>Assista ao v\u00eddeo sobre: Adjetivos p\u00e1trios<\/strong><\/p>\n\n\n\n<figure class=\"wp-block-embed is-type-video is-provider-youtube wp-block-embed-youtube wp-embed-aspect-16-9 wp-has-aspect-ratio\"><div class=\"wp-block-embed__wrapper\">\n<p class=\"responsive-video-wrap clr\"><iframe title=\"L\u00edngua Portuguesa - Adjetivos p\u00e1trios - 3\u00b0 ano do fundamental\" width=\"1200\" height=\"675\" src=\"https:\/\/www.youtube.com\/embed\/2O94bSPepm4?feature=oembed\" frameborder=\"0\" allow=\"accelerometer; autoplay; clipboard-write; encrypted-media; gyroscope; picture-in-picture; web-share\" referrerpolicy=\"strict-origin-when-cross-origin\" allowfullscreen><\/iframe><\/p>\n<\/div><figcaption class=\"wp-element-caption\">CANAL @Est\u00fadioConex\u00e3oEscola &#8220;Adjetivos p\u00e1trios&#8221; dispon\u00edvel: <a href=\"https:\/\/youtu.be\/2O94bSPepm4\">https:\/\/youtu.be\/2O94bSPepm4<\/a> acesso em 13 de mar\u00e7o de 2025.<\/figcaption><\/figure>\n\n\n\n<p class=\"has-text-align-center has-vivid-green-cyan-background-color has-background has-medium-font-size\"><strong>RESPONDA \u00c0S QUEST\u00d5ES<\/strong><\/p>\n\n\n\n<p class=\"has-black-color has-vivid-cyan-blue-background-color has-text-color has-background has-link-color has-medium-font-size wp-elements-dfc4852b556d44cb9cc728955d7ffca1\"><strong>QUEST\u00c3O 1<\/strong><\/p>\n\n\n\n<p class=\"has-black-color has-text-color has-link-color has-medium-font-size wp-elements-40f66b40603d81cdbcaf64113d8d7e4f\">Complete as lacunas abaixo levando em considera\u00e7\u00e3o o emprego dos adjetivos p\u00e1trios:<\/p>\n\n\n\n<p class=\"has-black-color has-text-color has-link-color has-medium-font-size wp-elements-00ab32cbcb819cdb723b5ee127635fcd\">a) Quem nasce no estado de Pernambuco \u00e9 _______________.<\/p>\n\n\n\n<p class=\"has-black-color has-text-color has-link-color has-medium-font-size wp-elements-cb568f01e6df3b0d2f00ee9b46eec7ff\">b) O time __________ venceu o campeonato estadual de S\u00e3o Paulo.<\/p>\n\n\n\n<p class=\"has-black-color has-text-color has-link-color has-medium-font-size wp-elements-cd19115f389a165883c8f27265df74ea\">c) A culin\u00e1ria __________ tem pratos t\u00edpicos como o tacac\u00e1 e o pato no tucupi.<\/p>\n\n\n\n<p class=\"has-black-color has-text-color has-link-color has-medium-font-size wp-elements-f1a8ab89d02a3741da7afa18317f36f8\">d) Quem nasceu no estado de Goi\u00e1s \u00e9 ______________.<\/p>\n\n\n\n<p class=\"has-black-color has-text-color has-link-color has-medium-font-size wp-elements-b7e3ee85e8f606bdf58b14cb6bb762e5\">e) A culin\u00e1ria ____________ tem pratos t\u00edpicos como acaraj\u00e9 e vatap\u00e1.<\/p>\n\n\n\n<p class=\"has-black-color has-text-color has-link-color has-medium-font-size wp-elements-b2b01848d665fd4fc69c1bdd6b17ff63\">f) Quem nasce no estado de Alagoas \u00e9 ______________.<\/p>\n\n\n\n<p class=\"has-black-color has-vivid-cyan-blue-background-color has-text-color has-background has-link-color has-medium-font-size wp-elements-1e4d2d9db966e1dadbe5bd6d13387fda\"><strong>QUEST\u00c3O 2<\/strong><\/p>\n\n\n\n<figure class=\"wp-block-image size-full is-resized\"><img decoding=\"async\" width=\"572\" height=\"386\" src=\"https:\/\/sme.goiania.go.gov.br\/conexaoescola\/wp-content\/uploads\/2025\/03\/Captura-de-tela-2025-03-12-164237.png\" alt=\"\" class=\"wp-image-193116\" style=\"width:669px;height:auto\" srcset=\"https:\/\/sme.goiania.go.gov.br\/conexaoescola\/wp-content\/uploads\/2025\/03\/Captura-de-tela-2025-03-12-164237.png 572w, https:\/\/sme.goiania.go.gov.br\/conexaoescola\/wp-content\/uploads\/2025\/03\/Captura-de-tela-2025-03-12-164237-300x202.png 300w\" sizes=\"(max-width: 572px) 100vw, 572px\" \/><\/figure>\n\n\n\n<figure class=\"wp-block-image size-full\"><img decoding=\"async\" width=\"669\" height=\"230\" src=\"https:\/\/sme.goiania.go.gov.br\/conexaoescola\/wp-content\/uploads\/2025\/03\/Captura-de-tela-2025-03-12-164407.png\" alt=\"\" class=\"wp-image-193117\" srcset=\"https:\/\/sme.goiania.go.gov.br\/conexaoescola\/wp-content\/uploads\/2025\/03\/Captura-de-tela-2025-03-12-164407.png 669w, https:\/\/sme.goiania.go.gov.br\/conexaoescola\/wp-content\/uploads\/2025\/03\/Captura-de-tela-2025-03-12-164407-300x103.png 300w\" sizes=\"(max-width: 669px) 100vw, 669px\" \/><\/figure>\n\n\n\n<p class=\"has-black-color has-vivid-cyan-blue-background-color has-text-color has-background has-link-color has-medium-font-size wp-elements-ec30f247cfd69970bfefcd78c35aed9f\"><strong>QUEST\u00c3O 3<\/strong><\/p>\n\n\n\n<figure class=\"wp-block-image size-full is-resized\"><img loading=\"lazy\" decoding=\"async\" width=\"686\" height=\"232\" src=\"https:\/\/sme.goiania.go.gov.br\/conexaoescola\/wp-content\/uploads\/2025\/03\/Captura-de-tela-2025-03-12-164528.png\" alt=\"\" class=\"wp-image-193118\" style=\"width:740px;height:auto\" srcset=\"https:\/\/sme.goiania.go.gov.br\/conexaoescola\/wp-content\/uploads\/2025\/03\/Captura-de-tela-2025-03-12-164528.png 686w, https:\/\/sme.goiania.go.gov.br\/conexaoescola\/wp-content\/uploads\/2025\/03\/Captura-de-tela-2025-03-12-164528-300x101.png 300w\" sizes=\"(max-width: 686px) 100vw, 686px\" \/><\/figure>\n\n\n\n<p class=\"has-black-color has-vivid-cyan-blue-background-color has-text-color has-background has-link-color has-medium-font-size wp-elements-36d022f802c694345d3a1fbf1bf3a791\"><strong>QUEST\u00c3O 4<\/strong><\/p>\n\n\n\n<figure class=\"wp-block-image size-full\"><img loading=\"lazy\" decoding=\"async\" width=\"665\" height=\"291\" src=\"https:\/\/sme.goiania.go.gov.br\/conexaoescola\/wp-content\/uploads\/2025\/03\/Captura-de-tela-2025-03-12-164640.png\" alt=\"\" class=\"wp-image-193119\" srcset=\"https:\/\/sme.goiania.go.gov.br\/conexaoescola\/wp-content\/uploads\/2025\/03\/Captura-de-tela-2025-03-12-164640.png 665w, https:\/\/sme.goiania.go.gov.br\/conexaoescola\/wp-content\/uploads\/2025\/03\/Captura-de-tela-2025-03-12-164640-300x131.png 300w\" sizes=\"(max-width: 665px) 100vw, 665px\" \/><\/figure>\n\n\n\n<p class=\"has-black-color has-vivid-cyan-blue-background-color has-text-color has-background has-link-color has-medium-font-size wp-elements-a2f340b9c252e57dd699e1f2fd7d50a8\"><strong>QUEST\u00c3O 5<\/strong><\/p>\n\n\n\n<figure class=\"wp-block-image size-full is-resized\"><img loading=\"lazy\" decoding=\"async\" width=\"684\" height=\"322\" src=\"https:\/\/sme.goiania.go.gov.br\/conexaoescola\/wp-content\/uploads\/2025\/03\/Captura-de-tela-2025-03-12-164811.png\" alt=\"\" class=\"wp-image-193120\" style=\"width:762px;height:auto\" srcset=\"https:\/\/sme.goiania.go.gov.br\/conexaoescola\/wp-content\/uploads\/2025\/03\/Captura-de-tela-2025-03-12-164811.png 684w, https:\/\/sme.goiania.go.gov.br\/conexaoescola\/wp-content\/uploads\/2025\/03\/Captura-de-tela-2025-03-12-164811-300x141.png 300w\" sizes=\"(max-width: 684px) 100vw, 684px\" \/><\/figure>\n\n\n\n<p class=\"has-text-align-center has-black-color has-white-background-color has-text-color has-background has-link-color has-medium-font-size wp-elements-6b96605d73e37eb9a3a8be68085fcda5\"><\/p>\n\n\n\n<hr class=\"wp-block-separator has-alpha-channel-opacity\"\/>\n\n\n\n<figure class=\"wp-block-table is-style-stripes\"><table class=\"has-fixed-layout\"><tbody><tr><td><strong>Autoria:<\/strong><\/td><td>Regina C\u00e1cia<\/td><\/tr><tr><td><strong>Forma\u00e7\u00e3o:<\/strong><\/td><td>Letras \u2013 L\u00edngua Portuguesa<\/td><\/tr><tr><td><strong>Componente Curricular:<\/strong><\/td><td>L\u00edngua Portuguesa<\/td><\/tr><tr><td><strong>Conte\u00fado(s)\/Objeto(s) de conhecimento<\/strong>:<\/td><td>Prefixos e sufixos na forma\u00e7\u00e3o de palavras derivadas de substantivos, de adjetivos e de verbos Identifica\u00e7\u00e3o dos pronomes pessoais, possessivos e demonstrativos.<\/td><\/tr><tr><td><strong>Habilidades:<\/strong><\/td><td>(EF03LP10) Reconhecer prefixos e sufixos produtivos na forma\u00e7\u00e3o de palavras derivadas de substantivos, de adjetivos e de verbos, utilizando-os para compreender palavras e para formar novas palavras. &nbsp;<\/td><\/tr><tr><td><strong>Refer\u00eancia:<\/strong><\/td><td>BAGNO, Marcos (1998). Pesquisa na escola: o que \u00e9, como se faz. S\u00e3o Paulo, Loyola. &nbsp;<br><br>BAS\u00cdLIO, Margarida (1987). Teoria lexical. S\u00e3o Paulo, \u00c1tica. &nbsp; <br><br>BECHARA, Evanildo (1999). Moderna gram\u00e1tica portuguesa. 37. ed. rev. e ampl. Rio de Janeiro, Lucerna. &nbsp; <br><br>CANVA, Plataforma online de design. Dispon\u00edvel em: <a href=\"http:\/\/www.canva.com\/\">www.canva.com<\/a>.&nbsp; Acesso em: 19\/02\/2025. &nbsp; <br><br>GOI\u00c1S. Documento Curricular para Goi\u00e1s \u2013 Ampliado. Volume II. Ensino Fundamental Anos Finais. CONSED; UNDIME, 2018. &nbsp;<\/td><\/tr><\/tbody><\/table><\/figure>\n","protected":false},"author":54,"featured_media":193112,"template":"","ef_categoria":[193],"ef_ano":[86],"ef_componente":[93],"class_list":["post-193111","ensino_fundamental","type-ensino_fundamental","status-publish","has-post-thumbnail","hentry","ef_categoria-anos-iniciais","ef_ano-3o-ano","ef_componente-portugues","entry","has-media"],"acf":[],"_links":{"self":[{"href":"https:\/\/sme.goiania.go.gov.br\/conexaoescola\/wp-json\/wp\/v2\/ensino_fundamental\/193111","targetHints":{"allow":["GET"]}}],"collection":[{"href":"https:\/\/sme.goiania.go.gov.br\/conexaoescola\/wp-json\/wp\/v2\/ensino_fundamental"}],"about":[{"href":"https:\/\/sme.goiania.go.gov.br\/conexaoescola\/wp-json\/wp\/v2\/types\/ensino_fundamental"}],"author":[{"embeddable":true,"href":"https:\/\/sme.goiania.go.gov.br\/conexaoescola\/wp-json\/wp\/v2\/users\/54"}],"version-history":[{"count":6,"href":"https:\/\/sme.goiania.go.gov.br\/conexaoescola\/wp-json\/wp\/v2\/ensino_fundamental\/193111\/revisions"}],"predecessor-version":[{"id":193452,"href":"https:\/\/sme.goiania.go.gov.br\/conexaoescola\/wp-json\/wp\/v2\/ensino_fundamental\/193111\/revisions\/193452"}],"wp:featuredmedia":[{"embeddable":true,"href":"https:\/\/sme.goiania.go.gov.br\/conexaoescola\/wp-json\/wp\/v2\/media\/193112"}],"wp:attachment":[{"href":"https:\/\/sme.goiania.go.gov.br\/conexaoescola\/wp-json\/wp\/v2\/media?parent=193111"}],"wp:term":[{"taxonomy":"ef_categoria","embeddable":true,"href":"https:\/\/sme.goiania.go.gov.br\/conexaoescola\/wp-json\/wp\/v2\/ef_categoria?post=193111"},{"taxonomy":"ef_ano","embeddable":true,"href":"https:\/\/sme.goiania.go.gov.br\/conexaoescola\/wp-json\/wp\/v2\/ef_ano?post=193111"},{"taxonomy":"ef_componente","embeddable":true,"href":"https:\/\/sme.goiania.go.gov.br\/conexaoescola\/wp-json\/wp\/v2\/ef_componente?post=193111"}],"curies":[{"name":"wp","href":"https:\/\/api.w.org\/{rel}","templated":true}]}}