{"id":193080,"date":"2025-03-12T08:45:32","date_gmt":"2025-03-12T11:45:32","guid":{"rendered":"https:\/\/sme.goiania.go.gov.br\/conexaoescola\/?post_type=ensino_fundamental&#038;p=193080"},"modified":"2025-03-28T11:17:14","modified_gmt":"2025-03-28T14:17:14","slug":"arte-danca-elemento-constitutivo-do-movimento-espaco","status":"publish","type":"ensino_fundamental","link":"https:\/\/sme.goiania.go.gov.br\/conexaoescola\/ensino_fundamental\/arte-danca-elemento-constitutivo-do-movimento-espaco\/","title":{"rendered":"Arte\/Dan\u00e7a &#8211; Elemento Constitutivo do Movimento &#8211; ESPA\u00c7O"},"content":{"rendered":"\n<p class=\"has-text-align-center has-background has-medium-font-size\" style=\"background:linear-gradient(135deg,rgb(2,3,129) 0%,rgb(40,116,252) 28%)\">Esta proposta de atividade de ARTE\/DAN\u00c7A \u00e9 destinada aos estudantes do 7\u00ba ano do Ensino Fundamental.<\/p>\n\n\n\n<p><\/p>\n\n\n\n<div class=\"wp-block-buttons is-content-justification-center is-layout-flex wp-container-core-buttons-is-layout-16018d1d wp-block-buttons-is-layout-flex\">\n<div class=\"wp-block-button has-custom-font-size has-medium-font-size\"><a class=\"wp-block-button__link wp-element-button\" href=\"https:\/\/drive.google.com\/uc?export=download&amp;id=1zhdwE_nJp5o-Lfg8KjYE4IhILy1lh8jS\">BAIXE A ATIVIDADE<\/a><\/div>\n\n\n\n<div class=\"wp-block-button has-custom-font-size has-medium-font-size\"><a class=\"wp-block-button__link wp-element-button\" href=\"https:\/\/drive.google.com\/uc?export=download&amp;id=1yoJcqSGQy6VQGsKtVTa7siZq-iVQqiIl\">BAIXE OS SLIDES<\/a><\/div>\n\n\n\n<div class=\"wp-block-button has-custom-font-size has-medium-font-size\"><a class=\"wp-block-button__link wp-element-button\" href=\"https:\/\/drive.google.com\/uc?export=download&amp;id=10jI5q4OQdrO9d-Sdbx6HsZNldD4PDvzA\">BAIXE O TEXTO<\/a><\/div>\n<\/div>\n\n\n\n<p class=\"has-text-align-center has-medium-font-size\"><strong><img fetchpriority=\"high\" decoding=\"async\" src=\"https:\/\/lh7-rt.googleusercontent.com\/docsz\/AD_4nXeqxVV18AjG8Rlp80Wl2BP87gjus1QE9wbfQ9t4IP5n-hZt9aRtMcTQgwa55NYdfoX9MuBm7WHHhaHBHim1a33Rdzr8czGdE6oVgw1hfZsxaWo6087_DTuyLUJAAmr9PDeHYLgtPJGsgRdVBsnmMRk?key=uoKcyC9Ovd7km16c41vAsK3k\" width=\"329\" height=\"329\"><\/strong><\/p>\n\n\n\n<p class=\"has-text-align-center has-small-font-size\">Imagem 1: Dispon\u00edvel em: https:\/\/commons.wikimedia.org\/wiki\/File:Argazki9.jpg Acesso em: 11, mar. 2025.<\/p>\n\n\n\n<p class=\"has-text-align-center has-medium-font-size\">O elemento constitutivo do movimento <strong>ESPA\u00c7O<\/strong>, segundo Rudolf Laban, est\u00e1 relacionado \u00e0 maneira como o corpo se desloca no ambiente. Pode ser direto, quando os movimentos s\u00e3o lineares e bem direcionados, ou indireto (flex\u00edvel), quando seguem trajet\u00f3rias curvas e arredondadas.<\/p>\n\n\n\n<p class=\"has-text-align-center has-medium-font-size\"><strong>Exemplo de um movimento direto e um indireto.<\/strong><\/p>\n\n\n<div class=\"wp-block-image\">\n<figure class=\"aligncenter is-resized\"><img decoding=\"async\" src=\"https:\/\/lh7-rt.googleusercontent.com\/docsz\/AD_4nXf8flKAoWQIfJKvl8mCIfLB0e2f6uhNlflMXbLL4t0IzIxhZqa2Nt9Ag0Wm6hsgMAHka0cA0YaEnsS8iKTPA2KvXgLOywPVkx80LD-Fx-Ar33iXY8A2CC3dl9bRNL8H6Vs2iIyGB2AjIBeWmoppf9A?key=uoKcyC9Ovd7km16c41vAsK3k\" alt=\"\" style=\"width:203px;height:auto\"\/><\/figure><\/div>\n\n<div class=\"wp-block-image\">\n<figure class=\"aligncenter is-resized\"><img decoding=\"async\" src=\"https:\/\/lh7-rt.googleusercontent.com\/docsz\/AD_4nXcx7zaB0GKC8VARoEwRAzvwS4Lp5FOV_8Ei11HZVfHpjLgu5kUMZPkqDrBOAKOpURp4T63_CcWn64LvMcSnU8o6EMMOwAVDj7DeF8DFCHdrV0FXotRx19zbJ4RRLPB2Ojc9G8sYMv95xEVcpDtIupk?key=uoKcyC9Ovd7km16c41vAsK3k\" alt=\"\" style=\"width:199px;height:auto\"\/><\/figure><\/div>\n\n\n<p class=\"has-text-align-center has-small-font-size\"><strong>Imagem 2<\/strong> &#8211; Dispon\u00edvel em: &nbsp;<a href=\"https:\/\/pxhere.com\/pt\/photo\/1508901\">https:\/\/pxhere.com\/pt\/photo\/1508901<\/a> &nbsp;Acesso em: 11, mar. 2025.<\/p>\n\n\n\n<p class=\"has-text-align-center has-small-font-size\"><strong>Imagem 3 <\/strong>&#8211; Dispon\u00edvel em: &nbsp;Foto de Anastasiya Gepp:<a href=\"https:\/\/www.pexels.com\/pt-br\/foto\/mulher-dancando-bale-1984457\/\"> https:\/\/www.pexels.com\/pt-br\/foto\/mulher-dancando-bale-1984457\/<\/a> &nbsp;Acesso em: 11, mar. 2025.<\/p>\n\n\n\n<p class=\"has-text-align-center has-medium-font-size\">Nas dan\u00e7as de sal\u00e3o, como tango, valsa e samba de gafieira, a rela\u00e7\u00e3o com o espa\u00e7o \u00e9 essencial. O movimento pode ser direto, como nos passos precisos do tango, ou indireto (flex\u00edvel), como nos giros suaves da valsa. Al\u00e9m disso, a parceria entre os dan\u00e7arinos influencia o uso do espa\u00e7o, pois ambos precisam estar atentos ao ambiente ao redor para manter a fluidez da dan\u00e7a.<\/p>\n\n\n\n<p class=\"has-text-align-center has-medium-font-size\"><strong>O Tango e o Elemento ESPA\u00c7O de Laban<\/strong><\/p>\n\n\n<div class=\"wp-block-image\">\n<figure class=\"aligncenter is-resized\"><img decoding=\"async\" src=\"https:\/\/lh7-rt.googleusercontent.com\/docsz\/AD_4nXchjeI45KdWUu5EId080lELzoi9XW5VpxFJ_RFnYi5Vtl3Oh6OwXgwss1UsXHGQy5Qr4vrYIxcwENgTzMBk_IpcwxZW-JAZam9SquSBeHjqBLJ7__1A0FRawHTwGeacPUUtLVrmwZi8ONWPI4qKTSU?key=uoKcyC9Ovd7km16c41vAsK3k\" alt=\"\" style=\"width:231px;height:auto\"\/><\/figure><\/div>\n\n\n<p class=\"has-text-align-center has-small-font-size\"><strong>Imagem 4<\/strong> &#8211; Dispon\u00edvel em: Photo by Los Muertos Crew:<a href=\"https:\/\/www.pexels.com\/photo\/man-and-woman-dancing-tango-8281152\/\"> https:\/\/www.pexels.com\/photo\/man-and-woman-dancing-tango-8281152\/<\/a> &nbsp;Acesso em: 11, mar. 2025.<\/p>\n\n\n\n<p class=\"has-text-align-center has-medium-font-size\">O <strong>Tango<\/strong> \u00e9 uma dan\u00e7a intensa e expressiva que nasceu nos bairros portenhos de Buenos Aires e Montevid\u00e9u, tornando-se um s\u00edmbolo cultural da Argentina e do Uruguai. Caracterizado por sua musicalidade melanc\u00f3lica, forte conex\u00e3o entre os parceiros e movimentos marcados pela precis\u00e3o e dramaticidade, o tango \u00e9 uma dan\u00e7a de contrastes, onde tens\u00e3o e fluidez se entrela\u00e7am em um di\u00e1logo corporal sofisticado.<\/p>\n\n\n\n<p class=\"has-text-align-center has-medium-font-size\">Ao analisarmos o <strong>ESPA\u00c7O<\/strong> no tango sob a perspectiva do sistema Laban, percebemos a intera\u00e7\u00e3o entre <strong>movimentos diretos e indiretos<\/strong>, que conferem \u00e0 dan\u00e7a sua identidade particular.<\/p>\n\n\n\n<p class=\"has-text-align-center has-medium-font-size\">Os <strong>movimentos diretos<\/strong> predominam nos deslocamentos firmes e bem direcionados dos dan\u00e7arinos pelo sal\u00e3o. O caminhar no tango \u00e9 preciso, com passos decididos e trajet\u00f3rias lineares, criando um deslocamento que avan\u00e7a com seguran\u00e7a e controle. Esse aspecto est\u00e1 fortemente ligado \u00e0 postura do l\u00edder, que conduz a dan\u00e7a com inten\u00e7\u00f5es claras, guiando a parceira por caminhos bem definidos.<\/p>\n\n\n\n<p class=\"has-text-align-center has-medium-font-size\">Por outro lado, o tango tamb\u00e9m incorpora <strong>movimentos indiretos<\/strong>, especialmente nos adornos e nas varia\u00e7\u00f5es dos passos. Giros, entrela\u00e7amentos de pernas (como o famoso &#8220;ocho&#8221;) e enrosques exploram trajet\u00f3rias curvas e sinuosas, dando \u00e0 dan\u00e7a um toque de imprevisibilidade e sensualidade. A conex\u00e3o entre os parceiros permite que esses movimentos se desenvolvam de maneira fluida, criando uma altern\u00e2ncia entre momentos de rigidez e suavidade dentro do espa\u00e7o de dan\u00e7a.<\/p>\n\n\n\n<p class=\"has-text-align-center has-medium-font-size\">Assim, no tango, o <strong>ESPA\u00c7O <\/strong>se manifesta em um jogo entre controle e liberdade, linearidade e curvas, firmeza e suavidade. Essa altern\u00e2ncia de dire\u00e7\u00f5es e trajet\u00f3rias reflete a ess\u00eancia do tango como uma dan\u00e7a de contrastes, onde cada passo \u00e9 carregado de emo\u00e7\u00e3o e significado.<\/p>\n\n\n\n<p class=\"has-text-align-center has-background has-medium-font-size\" style=\"background:linear-gradient(135deg,rgb(2,3,129) 0%,rgb(40,116,252) 12%)\"><strong>Assista ao v\u00eddeo sobre o elemento constitutivo do movimento &#8211; espa\u00e7o.<\/strong><\/p>\n\n\n\n<p class=\"has-medium-font-size\">Para saber mais sobre o elemento constitutivo do movimento &#8211; espa\u00e7o, o Professor Eurim Pablo preparou um v\u00eddeo para voc\u00eas. Acesse o v\u00eddeo clicando no v\u00eddeo ou no link.<\/p>\n\n\n\n<figure class=\"wp-block-embed is-type-video is-provider-youtube wp-block-embed-youtube wp-embed-aspect-16-9 wp-has-aspect-ratio\"><div class=\"wp-block-embed__wrapper\">\n<p class=\"responsive-video-wrap clr\"><iframe title=\"Arte\/Dan\u00e7a - Fator do Movimento ESPA\u00c7O - 7\u00ba Ano - EF - Anos Finais\" width=\"1200\" height=\"675\" src=\"https:\/\/www.youtube.com\/embed\/hcxlj4JWvik?feature=oembed\" frameborder=\"0\" allow=\"accelerometer; autoplay; clipboard-write; encrypted-media; gyroscope; picture-in-picture; web-share\" referrerpolicy=\"strict-origin-when-cross-origin\" allowfullscreen><\/iframe><\/p>\n<\/div><figcaption class=\"wp-element-caption\">Dispon\u00edvel em: Canal Est\u00fadio Conex\u00e3o. Arte\/Dan\u00e7a &#8211; Fator do Movimento ESPA\u00c7O &#8211; 7\u00ba Ano &#8211; EF &#8211; Anos Finais <a href=\"https:\/\/youtu.be\/hcxlj4JWvik?feature=shared\">https:\/\/youtu.be\/hcxlj4JWvik?feature=shared<\/a> Acesso em: 28, mar. 2025.<\/figcaption><\/figure>\n\n\n\n<p class=\"has-background has-medium-font-size\" style=\"background:linear-gradient(135deg,rgb(2,3,129) 0%,rgb(40,116,252) 12%)\"><strong>RESPONDA \u00c0S QUEST\u00d5ES<\/strong><\/p>\n\n\n\n<p class=\"has-background has-medium-font-size\" style=\"background:linear-gradient(135deg,rgb(2,3,129) 0%,rgb(40,116,252) 12%)\"><strong>QUEST\u00c3O 1<\/strong><\/p>\n\n\n\n<p class=\"has-medium-font-size\">O fator do movimento espa\u00e7o, segundo Rudolf Laban, est\u00e1 relacionado \u00e0 maneira como o corpo se desloca no ambiente. Este deslocamento pode ser:<\/p>\n\n\n\n<p class=\"has-medium-font-size\">(A) r\u00e1pido ou lento.<\/p>\n\n\n\n<p class=\"has-medium-font-size\">(B) leve ou forte.<\/p>\n\n\n\n<p class=\"has-medium-font-size\">(C) livre ou cont\u00ednuo.<\/p>\n\n\n\n<p class=\"has-medium-font-size\">(D) direto ou indireto.<\/p>\n\n\n\n<p class=\"has-background has-medium-font-size\" style=\"background:linear-gradient(135deg,rgb(2,3,129) 0%,rgb(40,116,252) 11%)\"><strong>QUEST\u00c3O 2<\/strong><\/p>\n\n\n\n<p class=\"has-medium-font-size\">No estudo do elemento constitutivo do movimento espa\u00e7o quando os movimentos s\u00e3o lineares e bem direcionados eles s\u00e3o considerados:<\/p>\n\n\n\n<p class=\"has-medium-font-size\">(A) indiretos.<\/p>\n\n\n\n<p class=\"has-medium-font-size\">(B) diretos.<\/p>\n\n\n\n<p class=\"has-medium-font-size\">(C) cont\u00ednuos.<\/p>\n\n\n\n<p class=\"has-medium-font-size\">(D) livres.<\/p>\n\n\n\n<p class=\"has-background has-medium-font-size\" style=\"background:linear-gradient(135deg,rgb(2,3,129) 0%,rgb(40,116,252) 9%)\"><strong>QUEST\u00c3O 3<\/strong><\/p>\n\n\n\n<p class=\"has-medium-font-size\">\u00a0Descreva sobre as qualidades do movimento indireto com rela\u00e7\u00e3o ao espa\u00e7o.<\/p>\n\n\n\n<p class=\"has-background has-medium-font-size\" style=\"background:linear-gradient(135deg,rgb(2,3,129) 0%,rgb(40,116,252) 13%)\"><strong>QUEST\u00c3O 4<\/strong><\/p>\n\n\n\n<p class=\"has-medium-font-size\">Descreva sobre as qualidades do movimento direto com rela\u00e7\u00e3o ao espa\u00e7o.<\/p>\n\n\n\n<hr class=\"wp-block-separator has-alpha-channel-opacity\"\/>\n\n\n\n<figure class=\"wp-block-table is-style-stripes has-medium-font-size\"><table><tbody><tr><td><strong>Autoria<\/strong><\/td><td>Eurim Pablo<\/td><\/tr><tr><td><strong>Forma\u00e7\u00e3o<\/strong><\/td><td>Educa\u00e7\u00e3o F\u00edsica, Artes Visuais e Mestre em Performances Culturais<\/td><\/tr><tr><td><strong>Componente Curricular<\/strong><\/td><td>Arte\/Dan\u00e7a<\/td><\/tr><tr><td><strong>Conte\u00fado(s)\/ objeto(s) de conhecimento<\/strong><\/td><td>Elementos da Linguagem: Elementos constitutivos do movimento: peso, espa\u00e7o, tempo e flu\u00eancia.<\/td><\/tr><tr><td><strong>Habilidade<\/strong><\/td><td>(GO-EF07AR11-A) Analisar e experimentar os elementos constitutivos do movimento tais como: peso, tempo, espa\u00e7o, flu\u00eancia, deslocamentos, n\u00edveis, formas, dire\u00e7\u00f5es, ritmo. Reconhecer diferentes formas de relacionamentos em dan\u00e7a, seja consigo, com o outro, com o p\u00fablico, com os objetos, a natureza, os movimentos do cotidiano.<\/td><\/tr><tr><td><strong>Refer\u00eancias<\/strong>           <\/td><td><strong>DANTAS<\/strong>, Est\u00e9lio H. M. Pensando o Corpo e o Movimento &#8211; Rio de Janeiro: Shape, 2005.<br><strong>LABAN<\/strong>, Rudolf. Dan\u00e7a educativa moderna. Trad. de Maria da Concei\u00e7\u00e3o Parahyba Campos, S\u00e3o Paulo: \u00cdcone, 1990.<br><strong>LABAN<\/strong>, Rudolf. Dom\u00ednio do Movimento &#8211; S\u00e3o Paulo: SUMMUS, 1978.<br><strong>SODR\u00c9<\/strong>, Muniz. Samba, o dono do corpo. Rio de Janeiro: Mauad, 1998. [ 1 ed. &#8211; 1979]<br><strong>RENGEL<\/strong>, L. Dicion\u00e1rio Laban. 3\u00aa Ed. S\u00e3o Paulo: Anadarco, 2014.<br><strong>SALAS<\/strong>, Horacio. Tango para principiantes. Buenos Aires: Era Naciente, 2004.<\/td><\/tr><\/tbody><\/table><\/figure>\n","protected":false},"author":33,"featured_media":193081,"template":"","ef_categoria":[15,27],"ef_ano":[90],"ef_componente":[99],"class_list":["post-193080","ensino_fundamental","type-ensino_fundamental","status-publish","has-post-thumbnail","hentry","ef_categoria-ciclo-da-adolescencia-fg","ef_categoria-corpo-e-movimento-ciclo-da-adolescencia-fg","ef_ano-7o-ano","ef_componente-arte-ef","entry","has-media"],"acf":[],"_links":{"self":[{"href":"https:\/\/sme.goiania.go.gov.br\/conexaoescola\/wp-json\/wp\/v2\/ensino_fundamental\/193080","targetHints":{"allow":["GET"]}}],"collection":[{"href":"https:\/\/sme.goiania.go.gov.br\/conexaoescola\/wp-json\/wp\/v2\/ensino_fundamental"}],"about":[{"href":"https:\/\/sme.goiania.go.gov.br\/conexaoescola\/wp-json\/wp\/v2\/types\/ensino_fundamental"}],"author":[{"embeddable":true,"href":"https:\/\/sme.goiania.go.gov.br\/conexaoescola\/wp-json\/wp\/v2\/users\/33"}],"version-history":[{"count":2,"href":"https:\/\/sme.goiania.go.gov.br\/conexaoescola\/wp-json\/wp\/v2\/ensino_fundamental\/193080\/revisions"}],"predecessor-version":[{"id":193988,"href":"https:\/\/sme.goiania.go.gov.br\/conexaoescola\/wp-json\/wp\/v2\/ensino_fundamental\/193080\/revisions\/193988"}],"wp:featuredmedia":[{"embeddable":true,"href":"https:\/\/sme.goiania.go.gov.br\/conexaoescola\/wp-json\/wp\/v2\/media\/193081"}],"wp:attachment":[{"href":"https:\/\/sme.goiania.go.gov.br\/conexaoescola\/wp-json\/wp\/v2\/media?parent=193080"}],"wp:term":[{"taxonomy":"ef_categoria","embeddable":true,"href":"https:\/\/sme.goiania.go.gov.br\/conexaoescola\/wp-json\/wp\/v2\/ef_categoria?post=193080"},{"taxonomy":"ef_ano","embeddable":true,"href":"https:\/\/sme.goiania.go.gov.br\/conexaoescola\/wp-json\/wp\/v2\/ef_ano?post=193080"},{"taxonomy":"ef_componente","embeddable":true,"href":"https:\/\/sme.goiania.go.gov.br\/conexaoescola\/wp-json\/wp\/v2\/ef_componente?post=193080"}],"curies":[{"name":"wp","href":"https:\/\/api.w.org\/{rel}","templated":true}]}}