{"id":193034,"date":"2025-03-11T15:59:22","date_gmt":"2025-03-11T18:59:22","guid":{"rendered":"https:\/\/sme.goiania.go.gov.br\/conexaoescola\/?post_type=ensino_fundamental&#038;p=193034"},"modified":"2025-03-25T08:40:17","modified_gmt":"2025-03-25T11:40:17","slug":"educacao-fisica-estereotios-e-preconceitos-nas-dancas-como-supera-los","status":"publish","type":"ensino_fundamental","link":"https:\/\/sme.goiania.go.gov.br\/conexaoescola\/ensino_fundamental\/educacao-fisica-estereotios-e-preconceitos-nas-dancas-como-supera-los\/","title":{"rendered":"Educa\u00e7\u00e3o f\u00edsica &#8211; Estere\u00f3tios e preconceitos nas dan\u00e7as &#8211; Como super\u00e1-los?"},"content":{"rendered":"\n<p class=\"has-text-align-center has-black-color has-luminous-vivid-amber-background-color has-text-color has-background has-medium-font-size\">Esta proposta de atividade de<strong>&nbsp;EDUCA\u00c7\u00c3O F\u00cdSICA&nbsp;<\/strong>\u00e9 destinada aos estudantes do<strong> 6\u00ba ANO&nbsp;<\/strong>do Ensino Fundamental &#8211; Anos Finais.<\/p>\n\n\n\n<p><\/p>\n\n\n\n<div class=\"wp-block-buttons alignwide is-content-justification-center is-layout-flex wp-container-core-buttons-is-layout-16018d1d wp-block-buttons-is-layout-flex\">\n<div class=\"wp-block-button has-custom-font-size has-medium-font-size\"><a class=\"wp-block-button__link wp-element-button\" href=\"https:\/\/drive.google.com\/uc?export=douwnload&amp;id=1bDLla0tStM5l2FefPk9mHvjvYtfGjxGO\"><strong>BAIXE A ATIVIDADE<\/strong><\/a><\/div>\n\n\n\n<div class=\"wp-block-button has-custom-font-size has-medium-font-size\"><a class=\"wp-block-button__link wp-element-button\" href=\"https:\/\/drive.google.com\/uc?export=douwnload&amp;id=11DrPHOgxsPgV7n5esXUTyjHMI2OWTyde\"><strong>BAIXE OS SLIDES<\/strong><\/a><\/div>\n\n\n\n<div class=\"wp-block-button has-custom-font-size has-medium-font-size\"><a class=\"wp-block-button__link wp-element-button\" href=\"https:\/\/drive.google.com\/uc?export=douwnload&amp;id=1bvmDeKjXCocs1XvYkVhs_ALjoBgBsELN\"><strong>BAIXE O TEXTO<\/strong><\/a><\/div>\n<\/div>\n\n\n\n<hr class=\"wp-block-separator has-alpha-channel-opacity\"\/>\n\n\n\n<figure class=\"wp-block-image size-large is-style-rounded\"><img fetchpriority=\"high\" decoding=\"async\" width=\"1024\" height=\"678\" src=\"https:\/\/sme.goiania.go.gov.br\/conexaoescola\/wp-content\/uploads\/2025\/03\/uri_ifs___M_TiVQXJVEqijPqnq7ACUIP1XpXcf-zT7pQ7VU-r5z36A-1024x678.jpg\" alt=\"\" class=\"wp-image-193048\" srcset=\"https:\/\/sme.goiania.go.gov.br\/conexaoescola\/wp-content\/uploads\/2025\/03\/uri_ifs___M_TiVQXJVEqijPqnq7ACUIP1XpXcf-zT7pQ7VU-r5z36A-1024x678.jpg 1024w, https:\/\/sme.goiania.go.gov.br\/conexaoescola\/wp-content\/uploads\/2025\/03\/uri_ifs___M_TiVQXJVEqijPqnq7ACUIP1XpXcf-zT7pQ7VU-r5z36A-300x199.jpg 300w, https:\/\/sme.goiania.go.gov.br\/conexaoescola\/wp-content\/uploads\/2025\/03\/uri_ifs___M_TiVQXJVEqijPqnq7ACUIP1XpXcf-zT7pQ7VU-r5z36A-768x509.jpg 768w, https:\/\/sme.goiania.go.gov.br\/conexaoescola\/wp-content\/uploads\/2025\/03\/uri_ifs___M_TiVQXJVEqijPqnq7ACUIP1XpXcf-zT7pQ7VU-r5z36A-1536x1017.jpg 1536w, https:\/\/sme.goiania.go.gov.br\/conexaoescola\/wp-content\/uploads\/2025\/03\/uri_ifs___M_TiVQXJVEqijPqnq7ACUIP1XpXcf-zT7pQ7VU-r5z36A-2048x1356.jpg 2048w\" sizes=\"(max-width: 1024px) 100vw, 1024px\" \/><figcaption class=\"wp-element-caption\"><strong>Imagem dispon\u00edvel no canva:  Acesso: 11 de mar\u00e7o de 2025.<\/strong><\/figcaption><\/figure>\n\n\n\n<p class=\"has-text-align-center has-luminous-vivid-amber-background-color has-background has-medium-font-size\"><strong>&#8220;Dan\u00e7a: Uma Express\u00e3o Cultural Que Transcende o Tempo&#8221;<\/strong><\/p>\n\n\n\n<p class=\"has-text-align-center has-white-background-color has-background has-medium-font-size\">A dan\u00e7a \u00e9 uma das express\u00f5es culturais mais antigas da humanidade, presente em diversas sociedades e manifestada de diferentes formas ao longo da hist\u00f3ria.&nbsp;Mais do que um simples movimento do corpo, ela carrega significados profundos, refletindo tradi\u00e7\u00f5es, emo\u00e7\u00f5es e identidades culturais.&nbsp;<\/p>\n\n\n\n<p class=\"has-text-align-center has-medium-font-size\">No entanto, apesar da sua riqueza e diversidade, muitos estilos de dan\u00e7a ainda s\u00e3o alvo de estere\u00f3tipos e preconceitos, o que pode limitar a sua pr\u00e1tica e dificultar a sua valoriza\u00e7\u00e3o.<\/p>\n\n\n\n<p class=\"has-text-align-center has-luminous-vivid-amber-background-color has-background has-medium-font-size\"><strong>Estere\u00f3tipos e preconceitos na dan\u00e7a<\/strong><\/p>\n\n\n\n<p class=\"has-text-align-center has-medium-font-size\">Um dos estere\u00f3tipos mais comuns est\u00e1 relacionado \u00e0 ideia de que certas dan\u00e7as pertencem exclusivamente a um g\u00eanero. O bal\u00e9, por exemplo, \u00e9 frequentemente associado ao universo feminino, enquanto estilos como o breakdance s\u00e3o vistos como predominantemente masculinos.&nbsp;<\/p>\n\n\n\n<p class=\"has-text-align-center has-medium-font-size\">Essa vis\u00e3o limitada pode encorajar muitas pessoas que desejam praticar essas modalidades, mas se sentem julgadas ou n\u00e3o se sentem pertencentes a um determinado grupo.<\/p>\n\n\n\n<p class=\"has-text-align-center has-medium-font-size\">Al\u00e9m disso, algumas dan\u00e7as tradicionais ou populares sofrem preconceito por estarem ligadas a determinados grupos sociais. Estilos de matriz africana, ind\u00edgena ou de periferia, como o frevo, o maracatu e o passinho, muitas vezes n\u00e3o recebem o mesmo reconhecimento que as dan\u00e7as consideradas &#8220;cl\u00e1ssicas&#8221; ou &#8220;sofisticadas&#8221;. Esse preconceito pode estar diretamente ligado \u00e0 falta de conhecimento sobre a riqueza cultural e hist\u00f3rica dessas manifesta\u00e7\u00f5es art\u00edsticas.<\/p>\n\n\n\n<p class=\"has-text-align-center has-luminous-vivid-amber-background-color has-background has-medium-font-size\"><strong>Diante desse cen\u00e1rio, como podemos superar esses preconceitos?<\/strong><\/p>\n\n\n\n<p class=\"has-text-align-center has-medium-font-size\">\u2705 <strong>Educa\u00e7\u00e3o e informa\u00e7\u00e3o<\/strong> \u2013 Conhecer a hist\u00f3ria e a import\u00e2ncia cultural das dan\u00e7as \u00e9 essencial para desconstruir estere\u00f3tipos e ampliar a valoriza\u00e7\u00e3o de todas as formas de express\u00e3o.<br>\u2705 <strong>Incentivo \u00e0 diversidade<\/strong> \u2013 Escolas, academias e grupos de dan\u00e7a podem promover um ambiente mais inclusivo, encorajando a participa\u00e7\u00e3o de pessoas de diferentes g\u00eaneros, idades e origens.<br>\u2705 <strong>Respeito e valoriza\u00e7\u00e3o<\/strong> \u2013 Todas as formas de dan\u00e7a possuem um papel importante na cultura e na dos povos. Respeit\u00e1-las \u00e9 fundamental para que essa arte continue viva e acess\u00edvel a todos.<\/p>\n\n\n\n<p class=\"has-text-align-center has-medium-font-size\"><strong>A dan\u00e7a \u00e9 uma linguagem universal que transcende barreiras e conecta as pessoas de maneiras \u00fanicas. Ao desconstruirmos preconceitos e ampliarmos nossa vis\u00e3o sobre essa arte, podemos torn\u00e1-la ainda mais rica, inclusiva e significativa para as futuras gera\u00e7\u00f5es.<\/strong><\/p>\n\n\n\n<hr class=\"wp-block-separator has-alpha-channel-opacity\"\/>\n\n\n\n<p class=\"has-text-align-left has-light-green-cyan-background-color has-background has-medium-font-size\"><strong>QUEST\u00c3O 01<\/strong><\/p>\n\n\n\n<p class=\"has-medium-font-size\">As dan\u00e7as fazem parte da cultura de muitos povos e podem ser praticadas por todas as pessoas. No entanto, estere\u00f3tipos e preconceitos podem limitar a participa\u00e7\u00e3o de alguns grupos. A valoriza\u00e7\u00e3o da diversidade e o respeito \u00e0s diferentes express\u00f5es culturais s\u00e3o fundamentais para combater estere\u00f3tipos e preconceitos na dan\u00e7a. A pr\u00e1tica de dan\u00e7as sem preconceitos e com o objetivo de respeitar as diferentes express\u00f5es culturais deve envolver<\/p>\n\n\n\n<p class=\"has-medium-font-size\">(A) a exclus\u00e3o e julgamento.<br>(B) a diversidade e respeito.<br>(C) os padr\u00f5es r\u00edgidos.<br>(D) a separa\u00e7\u00e3o de g\u00eaneros.<\/p>\n\n\n\n<p class=\"has-light-green-cyan-background-color has-background has-medium-font-size\"><strong> QUEST\u00c3O 02 <\/strong><\/p>\n\n\n\n<p class=\"has-medium-font-size\">Sobre estere\u00f3tipos e preconceitos nas dan\u00e7as, leia as afirma\u00e7\u00f5es, considere se s\u00e3o verdadeiras (V) ou falsas (F)<\/p>\n\n\n\n<p class=\"has-medium-font-size\">( &nbsp;  ) Os estere\u00f3tipos podem influenciar a maneira como determinadas dan\u00e7as s\u00e3o vistas, associando-as exclusivamente a um g\u00eanero ou grupo social.<br>( &nbsp;  ) A dan\u00e7a de sal\u00e3o sempre foi praticada sem restri\u00e7\u00f5es de g\u00eanero, sem sofrer influ\u00eancia de normas culturais e sociais.<br>(&nbsp;   ) O combate aos preconceitos nas dan\u00e7as passa pelo reconhecimento da diversidade e pelo respeito \u00e0s diferentes express\u00f5es culturais.<\/p>\n\n\n\n<p class=\"has-medium-font-size\">Marque a alternativa correta<\/p>\n\n\n\n<p class=\"has-medium-font-size\">(A) v, f, v.<br>(B) v, v, f.<br>(C) f, f, v.<br>(D) v, f, f.<\/p>\n\n\n\n<p class=\"has-light-green-cyan-background-color has-background has-medium-font-size\"><strong> QUEST\u00c3O 03 <\/strong><\/p>\n\n\n\n<p class=\"has-medium-font-size\"><strong>Responda:<\/strong><\/p>\n\n\n\n<p class=\"has-medium-font-size\">a) Em sua opini\u00e3o, os estere\u00f3tipos influenciam a pr\u00e1tica de certos estilos de dan\u00e7a? D\u00ea exemplos de como isso pode afetar a participa\u00e7\u00e3o de diferentes pessoas.<\/p>\n\n\n\n<p class=\"has-medium-font-size\">b) De que maneira a valoriza\u00e7\u00e3o da diversidade cultural pode contribuir para uma maior aceita\u00e7\u00e3o de diferentes estilos de dan\u00e7a?<\/p>\n\n\n\n<p class=\"has-medium-font-size\">c) Quais s\u00e3o os principais preconceitos que podem surgir em rela\u00e7\u00e3o a estilos de dan\u00e7a tradicionalmente associados a determinados g\u00eaneros ou grupos sociais? Como podemos combat\u00ea-los?<\/p>\n\n\n\n<p class=\"has-text-align-left has-light-green-cyan-background-color has-background has-medium-font-size\"><strong> QUEST\u00c3O 04 <\/strong><\/p>\n\n\n\n<p class=\"has-medium-font-size\"><strong>Responda:&nbsp;<\/strong><\/p>\n\n\n\n<p class=\"has-medium-font-size\">a) Como a mudan\u00e7a na percep\u00e7\u00e3o de alguns estilos de dan\u00e7a pode influenciar a maneira como as pessoas se relacionam com a arte e a cultura em geral?<\/p>\n\n\n\n<p class=\"has-medium-font-size\">b) Por que \u00e9 importante que as dan\u00e7as sejam acess\u00edveis para todos, independentemente de seu g\u00eanero, idade ou origem cultural? O que isso pode representar para a sociedade?<\/p>\n\n\n\n<p class=\"has-medium-font-size\">c) Quais a\u00e7\u00f5es podem ser tomadas em escolas e comunidades para promover a inclus\u00e3o na pr\u00e1tica de dan\u00e7as e combater a ideia de que certos estilos s\u00e3o exclusivos para determinadas pessoas?<\/p>\n\n\n\n<figure class=\"wp-block-table is-style-stripes has-medium-font-size\"><table><tbody><tr><td><strong>Autoria<\/strong><\/td><td class=\"has-text-align-left\" data-align=\"left\">Elaine Faria de Oliveira <\/td><td><\/td><\/tr><tr><td><strong>Forma\u00e7\u00e3o<\/strong><\/td><td class=\"has-text-align-left\" data-align=\"left\">Educa\u00e7\u00e3o F\u00edsica <\/td><td><\/td><\/tr><tr><td><strong>Componentes Curriculares<\/strong><\/td><td class=\"has-text-align-left\" data-align=\"left\">Educa\u00e7\u00e3o F\u00edsica <\/td><td><\/td><\/tr><tr><td><strong>Objetios do conhecimento \/ Conte\u00fados<\/strong><\/td><td class=\"has-text-align-left\" data-align=\"left\">Dan\u00e7as do Brasil e do mundo<\/td><td><\/td><\/tr><tr><td><strong>Habilidades<\/strong><\/td><td class=\"has-text-align-left\" data-align=\"left\">(GO-EF08EF14) Identificar estere\u00f3tipos e preconceitos relativos \u00e0s dan\u00e7as e propor alternativas para supera\u00e7\u00e3o.<\/td><td><\/td><\/tr><tr><td><strong>Refer\u00eancias<\/strong><\/td><td class=\"has-text-align-left\" data-align=\"left\">DC-GO Ampliado &#8211; Base&nbsp; Nacional&nbsp; Comum&nbsp; Curricular&nbsp; (BNCC)&nbsp; da Educa\u00e7\u00e3o Infantil e do Ensino Fundamental, 2017.<br><br>Pr\u00e1ticas corporais: educa\u00e7\u00e3o f\u00edsica: 6\u00ba ao 9\u00ba anos: manual do professor\/ Suraya Cristina Darido. et AL 1 ed. &#8211; S\u00e3o Paulo: Moderna, 2018.<br><br>FTD sistema de ensino: educa\u00e7\u00e3o f\u00edsica &#8211; ensino fundamental: anos finais 8\u00ba ano &#8211; 1.ed. &#8211; S\u00e3o Paulo: FTD, 2020.<br><br>Se liga na educa\u00e7\u00e3o f\u00edsica: 8\u00ba ano: manual do professor.- S\u00e3o Paulo: Moderna,2022.<br><br>Gin\u00e1stica, dan\u00e7a e atividades circenses \/ Fernando Jaime Gonz\u00e1lez; Suraya Cristina Darido; Amauri Aparecido B\u00e1ssoli de Oliveira, org.; pref\u00e1cio de Leandro Cruz Fr\u00f3es da Silva. 2. ed. \u2013 Maring\u00e1 : Eduem, 2017. v. 3 (232 p.) : il. (algumas color); 25,0&#215;17,6 cm.- (Pr\u00e1ticas corporais e a organiza\u00e7\u00e3o do conhecimento).&nbsp;<br><br>Gin\u00e1stica. 2. Dan\u00e7a. 3.Artes circenses.I. Jaime Gonz\u00e1lez, Fernando. II. Darido, Suraya Cristina. III. Oliveira, Amauri Aparecido B\u00e1ssoli de. IV. Cappelli, Ricardo Garcia, pref. V. T\u00edtulo&nbsp;Cdd 22.ed.796 p. <span id=\"docs-internal-guid-5e71bd00-7fff-9b19-5921-61c5af195002\"><div><span style=\"font-size: 16pt; font-family: Verdana, sans-serif; color: rgb(0, 0, 0); background-color: transparent; font-variant-numeric: normal; font-variant-east-asian: normal; font-variant-alternates: normal; font-variant-position: normal; font-variant-emoji: normal; vertical-align: baseline;\"><\/span><\/div><\/span><\/td><td><\/td><\/tr><\/tbody><\/table><\/figure>\n\n\n\n<p class=\"has-medium-font-size\"><\/p>\n\n\n\n<p><\/p>\n","protected":false},"author":56,"featured_media":193048,"template":"","ef_categoria":[15,27],"ef_ano":[91],"ef_componente":[97],"class_list":["post-193034","ensino_fundamental","type-ensino_fundamental","status-publish","has-post-thumbnail","hentry","ef_categoria-ciclo-da-adolescencia-fg","ef_categoria-corpo-e-movimento-ciclo-da-adolescencia-fg","ef_ano-8o-ano","ef_componente-educacao-fisica","entry","has-media"],"acf":[],"_links":{"self":[{"href":"https:\/\/sme.goiania.go.gov.br\/conexaoescola\/wp-json\/wp\/v2\/ensino_fundamental\/193034","targetHints":{"allow":["GET"]}}],"collection":[{"href":"https:\/\/sme.goiania.go.gov.br\/conexaoescola\/wp-json\/wp\/v2\/ensino_fundamental"}],"about":[{"href":"https:\/\/sme.goiania.go.gov.br\/conexaoescola\/wp-json\/wp\/v2\/types\/ensino_fundamental"}],"author":[{"embeddable":true,"href":"https:\/\/sme.goiania.go.gov.br\/conexaoescola\/wp-json\/wp\/v2\/users\/56"}],"version-history":[{"count":10,"href":"https:\/\/sme.goiania.go.gov.br\/conexaoescola\/wp-json\/wp\/v2\/ensino_fundamental\/193034\/revisions"}],"predecessor-version":[{"id":193689,"href":"https:\/\/sme.goiania.go.gov.br\/conexaoescola\/wp-json\/wp\/v2\/ensino_fundamental\/193034\/revisions\/193689"}],"wp:featuredmedia":[{"embeddable":true,"href":"https:\/\/sme.goiania.go.gov.br\/conexaoescola\/wp-json\/wp\/v2\/media\/193048"}],"wp:attachment":[{"href":"https:\/\/sme.goiania.go.gov.br\/conexaoescola\/wp-json\/wp\/v2\/media?parent=193034"}],"wp:term":[{"taxonomy":"ef_categoria","embeddable":true,"href":"https:\/\/sme.goiania.go.gov.br\/conexaoescola\/wp-json\/wp\/v2\/ef_categoria?post=193034"},{"taxonomy":"ef_ano","embeddable":true,"href":"https:\/\/sme.goiania.go.gov.br\/conexaoescola\/wp-json\/wp\/v2\/ef_ano?post=193034"},{"taxonomy":"ef_componente","embeddable":true,"href":"https:\/\/sme.goiania.go.gov.br\/conexaoescola\/wp-json\/wp\/v2\/ef_componente?post=193034"}],"curies":[{"name":"wp","href":"https:\/\/api.w.org\/{rel}","templated":true}]}}