{"id":193020,"date":"2025-02-28T19:17:00","date_gmt":"2025-02-28T22:17:00","guid":{"rendered":"https:\/\/sme.goiania.go.gov.br\/conexaoescola\/?post_type=ensino_fundamental&#038;p=193020"},"modified":"2025-04-03T16:24:48","modified_gmt":"2025-04-03T19:24:48","slug":"lingua-portuguesa-leitura-de-cartaz","status":"publish","type":"ensino_fundamental","link":"https:\/\/sme.goiania.go.gov.br\/conexaoescola\/ensino_fundamental\/lingua-portuguesa-leitura-de-cartaz\/","title":{"rendered":"L\u00edngua Portuguesa &#8211; Leitura de cartaz"},"content":{"rendered":"\n<p class=\"has-black-color has-pale-cyan-blue-background-color has-text-color has-background has-link-color has-medium-font-size wp-elements-7bc659947949ace436c59baa135d6611\">Esta atividade de<strong>&nbsp;L\u00edngua Portuguesa<\/strong>&nbsp;tem como base o DC\/GO \u2013 Ampliado e est\u00e1 destinada a estudantes do<strong>&nbsp;6\u00ba ano<\/strong>&nbsp;do Ensino Fundamental.<\/p>\n\n\n\n<div class=\"wp-block-buttons is-content-justification-center is-layout-flex wp-container-core-buttons-is-layout-16018d1d wp-block-buttons-is-layout-flex\">\n<div class=\"wp-block-button\"><a class=\"wp-block-button__link wp-element-button\" href=\"https:\/\/drive.google.com\/uc?export=download&amp;id=15J9sjNIAebpgnVw1yLYtfHC6_ASX5h2F\">BAIXE A ATIVIDADE<\/a><\/div>\n\n\n\n<div class=\"wp-block-button\"><a class=\"wp-block-button__link wp-element-button\" href=\"https:\/\/drive.google.com\/uc?export=download&amp;id=1SVZEJAw-0UUIbb4k-dXVzL29Sawvt1SC\">BAIXE OS SLIDES<\/a><\/div>\n\n\n\n<div class=\"wp-block-button\"><a class=\"wp-block-button__link wp-element-button\" href=\"https:\/\/drive.google.com\/uc?export=download&amp;id=1MNn1Cvv-BzQxNv1GVnhFLK8f_obNlZEA\">BAIXE O TEXTO<\/a><\/div>\n<\/div>\n\n\n\n<p><\/p>\n\n\n<div class=\"wp-block-image\">\n<figure class=\"aligncenter size-full is-resized\"><img fetchpriority=\"high\" decoding=\"async\" width=\"1024\" height=\"1024\" src=\"https:\/\/sme.goiania.go.gov.br\/conexaoescola\/wp-content\/uploads\/2025\/03\/ADOLES-e1741643176329.png\" alt=\"\" class=\"wp-image-193022\" style=\"width:489px;height:auto\" srcset=\"https:\/\/sme.goiania.go.gov.br\/conexaoescola\/wp-content\/uploads\/2025\/03\/ADOLES-e1741643176329.png 1024w, https:\/\/sme.goiania.go.gov.br\/conexaoescola\/wp-content\/uploads\/2025\/03\/ADOLES-e1741643176329-300x300.png 300w, https:\/\/sme.goiania.go.gov.br\/conexaoescola\/wp-content\/uploads\/2025\/03\/ADOLES-e1741643176329-150x150.png 150w, https:\/\/sme.goiania.go.gov.br\/conexaoescola\/wp-content\/uploads\/2025\/03\/ADOLES-e1741643176329-768x768.png 768w\" sizes=\"(max-width: 1024px) 100vw, 1024px\" \/><figcaption class=\"wp-element-caption\">Imagem criada por IA: ChatGPT<\/figcaption><\/figure><\/div>\n\n\n<p class=\"has-text-align-center has-black-color has-text-color has-link-color has-medium-font-size wp-elements-9496c48b54ea5cb0346338389aa8eeac\"><strong>Leitura de cartaz<\/strong><\/p>\n\n\n\n<p class=\"has-black-color has-text-color has-link-color has-medium-font-size wp-elements-89e49e63ff9d4a75891ff44dcecdd423\">O <strong>cartaz<\/strong> \u00e9 um texto que associa a linguagem verbal e a linguagem n\u00e3o verbal para transmitir informa\u00e7\u00f5es, divulgar eventos, conscientizar os leitores sobre um assunto ou fazer propaganda de produtos e servi\u00e7os. Ao combinar imagens, cores e textos curtos, o cartaz chama a aten\u00e7\u00e3o do p\u00fablico e transmite uma mensagem de forma r\u00e1pida e objetiva.<\/p>\n\n\n\n<p class=\"has-black-color has-pale-cyan-blue-background-color has-text-color has-background has-link-color has-medium-font-size wp-elements-4084dfe1b76aa818a7433aab82296bda\"><strong>Tipos de cartazes<\/strong><\/p>\n\n\n\n<p class=\"has-black-color has-text-color has-link-color has-medium-font-size wp-elements-0dedef531c8ace1f3da7cb3ebddc250d\">A depender do objetivo comunicativo, os cartazes podem se constituir de diferentes maneiras. Veja alguns exemplos:<\/p>\n\n\n\n<p class=\"has-black-color has-text-color has-link-color has-medium-font-size wp-elements-6cc5f936ae3599245cfd165229859098\"><strong>Cartazes publicit\u00e1rios<\/strong> \u2013 utilizados para divulgar produtos, marcas ou servi\u00e7os, como propagandas de lojas e supermercados.<\/p>\n\n\n\n<p class=\"has-black-color has-text-color has-link-color has-medium-font-size wp-elements-a71f954f01bbcbb1293c407d5f706cca\"><strong>Cartazes educativos<\/strong> \u2013 informam sobre temas importantes, como higiene, preserva\u00e7\u00e3o do meio ambiente e alimenta\u00e7\u00e3o saud\u00e1vel.<\/p>\n\n\n\n<p class=\"has-black-color has-text-color has-link-color has-medium-font-size wp-elements-bdf58f96be7bfb022cf3a2061a0e6f72\"><strong>Cartazes de conscientiza\u00e7\u00e3o<\/strong> \u2013 alertam sobre problemas sociais, como bullying, racismo ou a import\u00e2ncia da vacina\u00e7\u00e3o.<\/p>\n\n\n\n<p class=\"has-black-color has-text-color has-link-color has-medium-font-size wp-elements-38b4b5a4ced36736d991cb4b2f163cf5\"><strong>Cartazes culturais<\/strong> \u2013 divulgam eventos culturais, como shows, teatros e exposi\u00e7\u00f5es.<\/p>\n\n\n\n<p class=\"has-black-color has-text-color has-link-color has-medium-font-size wp-elements-e306edfc633a7c74582ef096fe5601a2\"><strong>Cartazes informativos<\/strong> \u2013 trazem avisos importantes, como hor\u00e1rios de funcionamento de um local ou regras de conviv\u00eancia em uma escola.<\/p>\n\n\n\n<p class=\"has-black-color has-text-color has-link-color has-medium-font-size wp-elements-68058eec1d5c98f861165c3033004262\">Para entender a mensagem de um cartaz, \u00e9 preciso observar alguns elementos, como t\u00edtulo e textos apresentados, imagens e at\u00e9 as cores. Geralmente, o t\u00edtulo aparece em destaque, com letras grandes, chamando a aten\u00e7\u00e3o para o assunto principal. O texto, geralmente, \u00e9 curto e objetivo, apresenta a informa\u00e7\u00e3o principal sem rodeios. A imagem apoia o texto e ajuda a ilustrar a mensagem. Por isso, o uso das cores \u00e9 importante e estrat\u00e9gico. Elas s\u00e3o escolhidas para atrair o olhar e refor\u00e7ar o significado da mensagem.<\/p>\n\n\n\n<p class=\"has-black-color has-text-color has-link-color has-medium-font-size wp-elements-6975407f5110405fc00355634698ac83\">A depender do cartaz, \u00e9 poss\u00edvel que ele tenha a logo da empresa, institui\u00e7\u00e3o ou organiza\u00e7\u00e3o que est\u00e1 o veiculando.<\/p>\n\n\n\n<p class=\"has-black-color has-text-color has-link-color has-medium-font-size wp-elements-c73bc1845c615fb4af43748451282c56\">Assim como a produ\u00e7\u00e3o de um cartaz tem objetivos espec\u00edficos, sua leitura tamb\u00e9m pode apresentar diferentes objetivos, como informar o p\u00fablico sobre algo relevante, incentivar uma a\u00e7\u00e3o como participar de um evento ou comprar um produto, chamar a aten\u00e7\u00e3o para um problema ou situa\u00e7\u00e3o urgente ou, at\u00e9 mesmo, anunciar algo novo ou importante.<\/p>\n\n\n\n<p class=\"has-black-color has-text-color has-link-color has-medium-font-size wp-elements-8372c8ea7ca620a33a94a934b61acff6\">Leia o seguinte cartaz.<\/p>\n\n\n<div class=\"wp-block-image\">\n<figure class=\"aligncenter size-large is-resized\"><img decoding=\"async\" width=\"923\" height=\"1024\" src=\"https:\/\/sme.goiania.go.gov.br\/conexaoescola\/wp-content\/uploads\/2025\/03\/vacine-923x1024.png\" alt=\"\" class=\"wp-image-193023\" style=\"width:475px;height:auto\" srcset=\"https:\/\/sme.goiania.go.gov.br\/conexaoescola\/wp-content\/uploads\/2025\/03\/vacine-923x1024.png 923w, https:\/\/sme.goiania.go.gov.br\/conexaoescola\/wp-content\/uploads\/2025\/03\/vacine-271x300.png 271w, https:\/\/sme.goiania.go.gov.br\/conexaoescola\/wp-content\/uploads\/2025\/03\/vacine-768x852.png 768w, https:\/\/sme.goiania.go.gov.br\/conexaoescola\/wp-content\/uploads\/2025\/03\/vacine.png 974w\" sizes=\"(max-width: 923px) 100vw, 923px\" \/><figcaption class=\"wp-element-caption\">Texto elaborado pela equipe do NEC\/SME para fins did\u00e1ticos.<\/figcaption><\/figure><\/div>\n\n\n<p class=\"has-black-color has-text-color has-link-color has-medium-font-size wp-elements-6db75353b0dce27a9273e3d4a66733c3\">Observe que o cartaz acima tem o objetivo de informar e incentivar uma a\u00e7\u00e3o, pois apresenta, de maneira objetiva, as informa\u00e7\u00f5es sobre a campanha de vacina\u00e7\u00e3o e faz um apelo simples ao leitor para vacinar-se. O incentivo \u00e0 vacina\u00e7\u00e3o aparece na parte superior do cartaz, com letras grandes. No centro, h\u00e1 um desenho que apresenta uma mulher sendo vacinada, com uma express\u00e3o facial que indica contentamento, refor\u00e7ando a ideia de que tomar a vacina \u00e9 algo bom. Observe que n\u00e3o h\u00e1 uma fus\u00e3o de muitas cores no cartaz, partindo do tom azul para enfatizar a imagem, contrastando com a cor laranja, onde aparece o texto informativo. <\/p>\n\n\n\n<p class=\"has-text-align-center has-black-color has-pale-cyan-blue-background-color has-text-color has-background has-link-color has-medium-font-size wp-elements-1ef8a6d0343ebb718c5d9267ef72eca7\">Assista &nbsp;\u00e0 videoaula do professor Marlon Santos com essa tem\u00e1tica.<\/p>\n\n\n\n<figure class=\"wp-block-embed aligncenter is-type-video is-provider-youtube wp-block-embed-youtube wp-embed-aspect-16-9 wp-has-aspect-ratio\"><div class=\"wp-block-embed__wrapper\">\n<p class=\"responsive-video-wrap clr\"><iframe title=\"L\u00edngua Portuguesa - Leitura de cartaz - 6\u00ba ano\" width=\"1200\" height=\"675\" src=\"https:\/\/www.youtube.com\/embed\/RRaJyGrC5ZQ?feature=oembed\" frameborder=\"0\" allow=\"accelerometer; autoplay; clipboard-write; encrypted-media; gyroscope; picture-in-picture; web-share\" referrerpolicy=\"strict-origin-when-cross-origin\" allowfullscreen><\/iframe><\/p>\n<\/div><figcaption class=\"wp-element-caption\">Canal Est\u00fadio Portal Conex\u00e3o Escola &#8211; L\u00edngua Portuguesa &#8211; Leitura de cartaz &#8211; 6\u00ba ano &#8211; Dispon\u00edvel em: &lt;<a href=\"https:\/\/youtu.be\/RRaJyGrC5ZQ\">https:\/\/youtu.be\/RRaJyGrC5ZQ<\/a>&gt; Acesso em: 17, mar. 2025<\/figcaption><\/figure>\n\n\n\n<p class=\"has-text-align-center has-black-color has-pale-cyan-blue-background-color has-text-color has-background has-link-color has-medium-font-size wp-elements-b60a94093c740d633de188ba90b6c191\">Responda \u00e0s quest\u00f5es a seguir.<\/p>\n\n\n\n<p class=\"has-text-align-center has-black-color has-text-color has-background has-link-color has-medium-font-size wp-elements-3288ba125cea530b73e797ffbfffc24e\" style=\"background-color:#abb7c282\">Leia o cartaz a seguir para responder \u00e0s quest\u00f5es 1 e 2.<\/p>\n\n\n<div class=\"wp-block-image\">\n<figure class=\"aligncenter size-large is-resized\"><img decoding=\"async\" width=\"724\" height=\"1024\" src=\"https:\/\/sme.goiania.go.gov.br\/conexaoescola\/wp-content\/uploads\/2025\/03\/Cartaz-de-Oferta-de-Mercado-simples-amarelo-e-vermelho-724x1024.png\" alt=\"\" class=\"wp-image-193024\" style=\"width:342px;height:auto\" srcset=\"https:\/\/sme.goiania.go.gov.br\/conexaoescola\/wp-content\/uploads\/2025\/03\/Cartaz-de-Oferta-de-Mercado-simples-amarelo-e-vermelho-724x1024.png 724w, https:\/\/sme.goiania.go.gov.br\/conexaoescola\/wp-content\/uploads\/2025\/03\/Cartaz-de-Oferta-de-Mercado-simples-amarelo-e-vermelho-212x300.png 212w, https:\/\/sme.goiania.go.gov.br\/conexaoescola\/wp-content\/uploads\/2025\/03\/Cartaz-de-Oferta-de-Mercado-simples-amarelo-e-vermelho-768x1086.png 768w, https:\/\/sme.goiania.go.gov.br\/conexaoescola\/wp-content\/uploads\/2025\/03\/Cartaz-de-Oferta-de-Mercado-simples-amarelo-e-vermelho-1086x1536.png 1086w, https:\/\/sme.goiania.go.gov.br\/conexaoescola\/wp-content\/uploads\/2025\/03\/Cartaz-de-Oferta-de-Mercado-simples-amarelo-e-vermelho-1448x2048.png 1448w, https:\/\/sme.goiania.go.gov.br\/conexaoescola\/wp-content\/uploads\/2025\/03\/Cartaz-de-Oferta-de-Mercado-simples-amarelo-e-vermelho.png 1587w\" sizes=\"(max-width: 724px) 100vw, 724px\" \/><figcaption class=\"wp-element-caption\">Elaborado no canva.com<\/figcaption><\/figure><\/div>\n\n\n<p class=\"has-black-color has-pale-cyan-blue-background-color has-text-color has-background has-link-color has-medium-font-size wp-elements-17c324dc6f9f8193bbbfd8aa23ca2ca3\"><strong>QUEST\u00c3O 1<\/strong> <\/p>\n\n\n\n<p class=\"has-black-color has-text-color has-link-color has-medium-font-size wp-elements-33c47a685c9ae5545f3957e0dc1562ff\">O texto 1 tem o objetivo de<\/p>\n\n\n\n<p class=\"has-black-color has-text-color has-link-color has-medium-font-size wp-elements-4d8e8e00f16f4eec81769a19b8190ab1\">(A) informar o p\u00fablico sobre algo relevante<\/p>\n\n\n\n<p class=\"has-black-color has-text-color has-link-color has-medium-font-size wp-elements-f8e071c776be57d9520e5eb237748f23\">(B) anunciar para a popula\u00e7\u00e3o um evento<\/p>\n\n\n\n<p class=\"has-black-color has-text-color has-link-color has-medium-font-size wp-elements-f183994495995aca0f363a959e09d0ac\">(C) vender um produto de consumo di\u00e1rio<\/p>\n\n\n\n<p class=\"has-black-color has-text-color has-link-color has-medium-font-size wp-elements-1eacdbca6890062e2cd2fe3cfe08c772\">(D) chamar a aten\u00e7\u00e3o para um problema<\/p>\n\n\n\n<p class=\"has-black-color has-pale-cyan-blue-background-color has-text-color has-background has-link-color has-medium-font-size wp-elements-db1e6f1c57f089d6e85f912c851912cf\"><strong>QUEST\u00c3O 2 <\/strong><\/p>\n\n\n\n<p class=\"has-black-color has-text-color has-link-color has-medium-font-size wp-elements-cef9894d89a2f5d674ab95c7d969e2f8\">Analise o cartaz: a imagem e o texto est\u00e3o bem relacionados? As cores e o design ajudam a transmitir a mensagem? Voc\u00ea adicionaria ou retiraria alguma informa\u00e7\u00e3o dele? <\/p>\n\n\n\n<p class=\"has-text-align-center has-black-color has-text-color has-background has-link-color has-medium-font-size wp-elements-a409e5120141d26253d9b710282d0de3\" style=\"background-color:#abb7c282\">Leia os dois cartazes a seguir para responder \u00e0s quest\u00f5es 3 a 5.<\/p>\n\n\n\n<p class=\"has-text-align-center has-black-color has-text-color has-link-color has-medium-font-size wp-elements-a7081ced606f13df3fdd9826f7406db3\"><strong>Texto 1 <\/strong><\/p>\n\n\n<div class=\"wp-block-image\">\n<figure class=\"aligncenter size-large is-resized\"><img loading=\"lazy\" decoding=\"async\" width=\"845\" height=\"1024\" src=\"https:\/\/sme.goiania.go.gov.br\/conexaoescola\/wp-content\/uploads\/2025\/03\/meio-ambiente-845x1024.png\" alt=\"\" class=\"wp-image-193025\" style=\"width:375px;height:auto\" srcset=\"https:\/\/sme.goiania.go.gov.br\/conexaoescola\/wp-content\/uploads\/2025\/03\/meio-ambiente-845x1024.png 845w, https:\/\/sme.goiania.go.gov.br\/conexaoescola\/wp-content\/uploads\/2025\/03\/meio-ambiente-248x300.png 248w, https:\/\/sme.goiania.go.gov.br\/conexaoescola\/wp-content\/uploads\/2025\/03\/meio-ambiente-768x931.png 768w, https:\/\/sme.goiania.go.gov.br\/conexaoescola\/wp-content\/uploads\/2025\/03\/meio-ambiente.png 891w\" sizes=\"(max-width: 845px) 100vw, 845px\" \/><figcaption class=\"wp-element-caption\">Imagem criada por IA: ChatGPT<\/figcaption><\/figure><\/div>\n\n\n<p class=\"has-text-align-center has-black-color has-text-color has-link-color has-medium-font-size wp-elements-0b7a26ff9cacf6bf23cb3768fcca6868\"><strong>Texto 2<\/strong><\/p>\n\n\n<div class=\"wp-block-image\">\n<figure class=\"aligncenter size-large is-resized\"><img loading=\"lazy\" decoding=\"async\" width=\"1024\" height=\"977\" src=\"https:\/\/sme.goiania.go.gov.br\/conexaoescola\/wp-content\/uploads\/2025\/03\/show-1024x977.png\" alt=\"\" class=\"wp-image-193026\" style=\"width:407px;height:auto\" srcset=\"https:\/\/sme.goiania.go.gov.br\/conexaoescola\/wp-content\/uploads\/2025\/03\/show-1024x977.png 1024w, https:\/\/sme.goiania.go.gov.br\/conexaoescola\/wp-content\/uploads\/2025\/03\/show-300x286.png 300w, https:\/\/sme.goiania.go.gov.br\/conexaoescola\/wp-content\/uploads\/2025\/03\/show-768x732.png 768w, https:\/\/sme.goiania.go.gov.br\/conexaoescola\/wp-content\/uploads\/2025\/03\/show.png 1101w\" sizes=\"(max-width: 1024px) 100vw, 1024px\" \/><figcaption class=\"wp-element-caption\">Imagem criada por IA: ChatGPT<\/figcaption><\/figure><\/div>\n\n\n<p class=\"has-black-color has-pale-cyan-blue-background-color has-text-color has-background has-link-color has-medium-font-size wp-elements-6f05e3a8b92dc4f51d5bc06f5d10d486\"><strong>QUEST\u00c3O 3<\/strong> <\/p>\n\n\n\n<p class=\"has-black-color has-text-color has-link-color has-medium-font-size wp-elements-eaa03a2f53d5377f3547e1c2e92307f6\">Os textos 1 e 2 t\u00eam por objetivo principal, respectivamente<\/p>\n\n\n\n<p class=\"has-black-color has-text-color has-link-color has-medium-font-size wp-elements-e4d92f0e849869977a50a707feed4212\">(A) contar uma hist\u00f3ria e promover uma ideia.<\/p>\n\n\n\n<p class=\"has-black-color has-text-color has-link-color has-medium-font-size wp-elements-222aedf59795057d747d209409ddf936\">(B) incentivar uma a\u00e7\u00e3o e vender um produto.<\/p>\n\n\n\n<p class=\"has-black-color has-text-color has-link-color has-medium-font-size wp-elements-b450da723eeca10856f1af3b62e6b68f\">(C) informar sobre uma campanha e entreter.&nbsp;<\/p>\n\n\n\n<p class=\"has-black-color has-text-color has-link-color has-medium-font-size wp-elements-12b9f28f7d2284da678e5e29a798c427\">(D) vender um produto e anunciar algo relevante.<\/p>\n\n\n\n<p class=\"has-black-color has-pale-cyan-blue-background-color has-text-color has-background has-link-color has-medium-font-size wp-elements-449c9d3d3f95d8efa1357d2438d9682e\"><strong>QUEST\u00c3O 4<\/strong> <\/p>\n\n\n\n<p class=\"has-black-color has-text-color has-link-color has-medium-font-size wp-elements-a783abe13286bfd1f4e03a673889e4e2\">Elabore um par\u00e1grafo comparando os dois textos. Observe o objetivo comunicativo de cada um, a distribui\u00e7\u00e3o das imagens, o uso das cores e a sele\u00e7\u00e3o das palavras que comp\u00f5em a mensagem. <\/p>\n\n\n\n<p class=\"has-black-color has-pale-cyan-blue-background-color has-text-color has-background has-link-color has-medium-font-size wp-elements-4c0090e851b57767e05f8c9f42f586ef\"><strong>QUEST\u00c3O 5<\/strong><\/p>\n\n\n\n<p class=\"has-black-color has-text-color has-link-color has-medium-font-size wp-elements-9082e48bb339575f6268993a9c328363\">O texto 2 omite uma informa\u00e7\u00e3o muito importante. Que informa\u00e7\u00e3o \u00e9 essa? Como ela atrapalha o alcance do objetivo comunicativo do cartaz?<\/p>\n\n\n\n<hr class=\"wp-block-separator has-alpha-channel-opacity\"\/>\n\n\n\n<figure class=\"wp-block-table is-style-stripes\"><table><tbody><tr><td><strong>Autoria:<\/strong><\/td><td>Marlon Santos<\/td><\/tr><tr><td><strong>Forma\u00e7\u00e3o:<\/strong><\/td><td>Letras \u2013 Portugu\u00eas<\/td><\/tr><tr><td><strong>Componente curricular:<\/strong><\/td><td>L\u00edngua Portuguesa<\/td><\/tr><tr><td><strong>Conte\u00fado(s) \/ Objeto(s) de conhecimento<\/strong><\/td><td>An\u00e1lise e compara\u00e7\u00e3o entre pe\u00e7as publicit\u00e1rias<\/td><\/tr><tr><td><strong>Habilidade estruturante:<\/strong><\/td><td>(EF69LP02-A) Analisar e comparar pe\u00e7as publicit\u00e1rias variadas (cartazes, folhetos, entre outras em diferentes m\u00eddias impressas e digitais).<\/td><\/tr><tr><td><strong>Refer\u00eancias:<\/strong><\/td><td>Documento Curricular para Goi\u00e1s (DC-GO). Goi\u00e2nia\/GO: CONSED\/ UNDIME Goi\u00e1s, 2018. Dispon\u00edvel em: &lt;<a href=\"https:\/\/cee.go.gov.br\/\">https:\/\/cee.go.gov.br<\/a>&gt; Acesso em: 03, fev. 2024<\/td><\/tr><\/tbody><\/table><\/figure>\n","protected":false},"author":42,"featured_media":193022,"template":"","ef_categoria":[15,30],"ef_ano":[89],"ef_componente":[93],"class_list":["post-193020","ensino_fundamental","type-ensino_fundamental","status-publish","has-post-thumbnail","hentry","ef_categoria-ciclo-da-adolescencia-fg","ef_categoria-etica-e-cidadania-ciclo-da-adolescencia-fg","ef_ano-6o-ano","ef_componente-portugues","entry","has-media"],"acf":[],"_links":{"self":[{"href":"https:\/\/sme.goiania.go.gov.br\/conexaoescola\/wp-json\/wp\/v2\/ensino_fundamental\/193020","targetHints":{"allow":["GET"]}}],"collection":[{"href":"https:\/\/sme.goiania.go.gov.br\/conexaoescola\/wp-json\/wp\/v2\/ensino_fundamental"}],"about":[{"href":"https:\/\/sme.goiania.go.gov.br\/conexaoescola\/wp-json\/wp\/v2\/types\/ensino_fundamental"}],"author":[{"embeddable":true,"href":"https:\/\/sme.goiania.go.gov.br\/conexaoescola\/wp-json\/wp\/v2\/users\/42"}],"version-history":[{"count":6,"href":"https:\/\/sme.goiania.go.gov.br\/conexaoescola\/wp-json\/wp\/v2\/ensino_fundamental\/193020\/revisions"}],"predecessor-version":[{"id":194241,"href":"https:\/\/sme.goiania.go.gov.br\/conexaoescola\/wp-json\/wp\/v2\/ensino_fundamental\/193020\/revisions\/194241"}],"wp:featuredmedia":[{"embeddable":true,"href":"https:\/\/sme.goiania.go.gov.br\/conexaoescola\/wp-json\/wp\/v2\/media\/193022"}],"wp:attachment":[{"href":"https:\/\/sme.goiania.go.gov.br\/conexaoescola\/wp-json\/wp\/v2\/media?parent=193020"}],"wp:term":[{"taxonomy":"ef_categoria","embeddable":true,"href":"https:\/\/sme.goiania.go.gov.br\/conexaoescola\/wp-json\/wp\/v2\/ef_categoria?post=193020"},{"taxonomy":"ef_ano","embeddable":true,"href":"https:\/\/sme.goiania.go.gov.br\/conexaoescola\/wp-json\/wp\/v2\/ef_ano?post=193020"},{"taxonomy":"ef_componente","embeddable":true,"href":"https:\/\/sme.goiania.go.gov.br\/conexaoescola\/wp-json\/wp\/v2\/ef_componente?post=193020"}],"curies":[{"name":"wp","href":"https:\/\/api.w.org\/{rel}","templated":true}]}}