{"id":192833,"date":"2025-02-28T15:50:28","date_gmt":"2025-02-28T18:50:28","guid":{"rendered":"https:\/\/sme.goiania.go.gov.br\/conexaoescola\/?post_type=ensino_fundamental&#038;p=192833"},"modified":"2026-04-16T15:05:57","modified_gmt":"2026-04-16T18:05:57","slug":"ciencias-da-natureza-evidencias-da-evolucao-biologica","status":"publish","type":"ensino_fundamental","link":"https:\/\/sme.goiania.go.gov.br\/conexaoescola\/ensino_fundamental\/ciencias-da-natureza-evidencias-da-evolucao-biologica\/","title":{"rendered":"Ci\u00eancias da Natureza &#8211; Evid\u00eancias da evolu\u00e7\u00e3o biol\u00f3gica"},"content":{"rendered":"\n<p class=\"has-text-align-center has-background has-medium-font-size\" style=\"background-color:#c9b197\">Esta proposta de atividade de&nbsp;<strong>Ci\u00eancias da Natureza<\/strong>&nbsp;\u00e9 destinada aos estudantes do<strong>&nbsp;9\u00ba ano&nbsp;<\/strong>dos anos finais do Ensino Fundamental<\/p>\n\n\n\n<div class=\"wp-block-buttons is-content-justification-center is-layout-flex wp-container-core-buttons-is-layout-16018d1d wp-block-buttons-is-layout-flex\">\n<div class=\"wp-block-button\"><a class=\"wp-block-button__link has-medium-font-size has-custom-font-size wp-element-button\" href=\"https:\/\/drive.google.com\/uc?export=download&amp;id=1fn5EHcgSuTk68jRIfK5Qrkm6oTlKOKey\"><strong>BAIXE A ATIVIDADE<\/strong><\/a><\/div>\n\n\n\n<div class=\"wp-block-button\"><a class=\"wp-block-button__link has-medium-font-size has-custom-font-size wp-element-button\" href=\"https:\/\/drive.google.com\/uc?export=download&amp;id=17U_bT049QjkIgmpXeiap2tAVzMufAuhT\"><strong>BAIXE OS SLIDES<\/strong><\/a><\/div>\n\n\n\n<div class=\"wp-block-button\"><a class=\"wp-block-button__link has-medium-font-size has-custom-font-size wp-element-button\" href=\"https:\/\/drive.google.com\/uc?export=download&amp;id=1BfrXt8DRrURDjkPIEZqIZak2rFFbAkW_\"><strong>BAIXE O TEXTO<\/strong><\/a><\/div>\n<\/div>\n\n\n\n<hr class=\"wp-block-separator has-alpha-channel-opacity\"\/>\n\n\n\n<figure class=\"wp-block-image size-large\"><img fetchpriority=\"high\" decoding=\"async\" width=\"1024\" height=\"576\" src=\"https:\/\/sme.goiania.go.gov.br\/conexaoescola\/wp-content\/uploads\/2025\/02\/Evidencias-da-evolucao-1024x576.png\" alt=\"\" class=\"wp-image-192842\" srcset=\"https:\/\/sme.goiania.go.gov.br\/conexaoescola\/wp-content\/uploads\/2025\/02\/Evidencias-da-evolucao-1024x576.png 1024w, https:\/\/sme.goiania.go.gov.br\/conexaoescola\/wp-content\/uploads\/2025\/02\/Evidencias-da-evolucao-300x169.png 300w, https:\/\/sme.goiania.go.gov.br\/conexaoescola\/wp-content\/uploads\/2025\/02\/Evidencias-da-evolucao-768x432.png 768w, https:\/\/sme.goiania.go.gov.br\/conexaoescola\/wp-content\/uploads\/2025\/02\/Evidencias-da-evolucao-1536x864.png 1536w, https:\/\/sme.goiania.go.gov.br\/conexaoescola\/wp-content\/uploads\/2025\/02\/Evidencias-da-evolucao.png 1920w\" sizes=\"(max-width: 1024px) 100vw, 1024px\" \/><figcaption class=\"wp-element-caption\"><strong>Imagem 1. <\/strong>LANGE, Marcus. Dinosaur fossil on rough stone formation. Canva. Download em 28\/02\/2024.<\/figcaption><\/figure>\n\n\n\n<h1 class=\"wp-block-heading has-text-align-center\">EVID\u00caNCIAS DA EVOLU\u00c7\u00c3O BIOL\u00d3GICA<\/h1>\n\n\n\n<p class=\"has-medium-font-size\">A vida na Terra \u00e9 extremamente diversa, abrigando desde bact\u00e9rias microsc\u00f3picas at\u00e9 gigantescas sequoias e baleias. Se voltamos milh\u00f5es ou at\u00e9 bilh\u00f5es de anos no tempo, ver\u00edamos que os seres vivos eram bem diferentes do que conhecemos hoje. Essa mudan\u00e7a ao longo do tempo \u00e9 explicada pela evolu\u00e7\u00e3o biol\u00f3gica.<\/p>\n\n\n\n<p class=\"has-medium-font-size\">A Teoria da Evolu\u00e7\u00e3o afirma que todos os seres vivos, atuais ou extintos, descendem de um ancestral comum e que, ao longo do tempo, novas esp\u00e9cies surgem por meio de processos, como a como a variabilidade e a sele\u00e7\u00e3o natural, levando \u00e0 adapta\u00e7\u00e3o e diversifica\u00e7\u00e3o das popula\u00e7\u00f5es.<\/p>\n\n\n\n<p class=\"has-medium-font-size\">A evolu\u00e7\u00e3o ocorre ao longo de gera\u00e7\u00f5es. No caso da sele\u00e7\u00e3o natural, descrita por Charles Darwin e Alfred Wallace, pequenas varia\u00e7\u00f5es surgem nos organismos. Algumas dessas varia\u00e7\u00f5es s\u00e3o neutras ou at\u00e9 letais, enquanto outras trazem vantagens que podem aumentar as chances de sobreviv\u00eancia e reprodu\u00e7\u00e3o. Quando essas caracter\u00edsticas vantajosas s\u00e3o transmitidas \u00e0s pr\u00f3ximas gera\u00e7\u00f5es, elas se tornam mais frequentes na popula\u00e7\u00e3o. Esse processo pode levar \u00e0 especia\u00e7\u00e3o: surgimento de novas esp\u00e9cies, \u00e0 medida que grupos de organismos evoluem de forma independente.<\/p>\n\n\n\n<p class=\"has-medium-font-size\">A ci\u00eancia apresenta diversas evid\u00eancias da evolu\u00e7\u00e3o. Entre elas, temos:<\/p>\n\n\n\n<ul class=\"wp-block-list\">\n<li class=\"has-medium-font-size\">Os <strong>f\u00f3sseis<\/strong>, que s\u00e3o vest\u00edgios de organismos preservados ao longo de milhares ou milh\u00f5es de anos. Eles podem ser ossos, dentes, pegadas ou at\u00e9 mesmo partes moles conservadas em gelo, \u00e2mbar ou rochas sedimentares. Esses registros s\u00e3o fundamentais para entender como as esp\u00e9cies evolu\u00edram e como eram os ambientes do passado. Os f\u00f3sseis tamb\u00e9m fornecem informa\u00e7\u00f5es sobre esp\u00e9cies extintas e ajudam a reconstruir a hist\u00f3ria da vida na Terra.<\/li>\n<\/ul>\n\n\n\n<ul class=\"wp-block-list\">\n<li class=\"has-medium-font-size\">A <strong>anatomia comparada<\/strong>. Ao analisar os esqueletos de diferentes animais, \u00e9 poss\u00edvel identificar padr\u00f5es que indicam rela\u00e7\u00f5es evolutivas. Algumas estruturas anat\u00f4micas apresentam origem comum, mesmo que tenham fun\u00e7\u00f5es diferentes. Um exemplo s\u00e3o os membros anteriores de humanos, morcegos e baleias: todos possuem a mesma estrutura \u00f3ssea b\u00e1sica, mas adaptada para atividades distintas, como manipular objetos, voar ou nadar. Essas estruturas s\u00e3o chamadas de hom\u00f3logas e indicam que esses organismos t\u00eam um ancestral comum. Por outro lado, algumas estruturas podem ter fun\u00e7\u00f5es semelhantes, mas de origens evolutivas diferentes. As asinhas de frango que comemos e as asas de insetos, por exemplo, s\u00e3o utilizadas no v\u00f4o, mas se desenvolveram de maneiras independentes na hist\u00f3ria evolutiva. Essas s\u00e3o chamadas de estruturas an\u00e1logas e s\u00e3o um exemplo de converg\u00eancia evolutiva.<\/li>\n<\/ul>\n\n\n\n<ul class=\"wp-block-list\">\n<li class=\"has-medium-font-size\"><strong>Embriologia comparada<\/strong>: peixes, anf\u00edbios, r\u00e9pteis, aves e mam\u00edferos passam por fases embrion\u00e1rias semelhantes, apresentando estruturas que lembram br\u00e2nquias (fendas branquiais) ou at\u00e9 mesmo caudas. Isso acontece porque esses grupos de animais t\u00eam ancestralidade em comum e, dessa maneira, os genes respons\u00e1veis \u200b\u200bpelo desenvolvimento embrion\u00e1rio seguem padr\u00f5es semelhantes. Com o avan\u00e7o dessas etapas, cada esp\u00e9cie assume suas caracter\u00edsticas pr\u00f3prias.<\/li>\n<\/ul>\n\n\n\n<ul class=\"wp-block-list\">\n<li class=\"has-medium-font-size\"><strong>DNA (material gen\u00e9tico) e semelhan\u00e7as bioqu\u00edmicas<\/strong>: Todos os seres vivos, desde bact\u00e9rias at\u00e9 seres humanos, possuem DNA. Ele cont\u00e9m as instru\u00e7\u00f5es para o funcionamento das c\u00e9lulas e para a transmiss\u00e3o das caracter\u00edsticas heredit\u00e1rias. Al\u00e9m disso, o c\u00f3digo gen\u00e9tico \u00e9 praticamente universal, o que significa que uma mesma sequ\u00eancia de DNA pode ser interpretada de forma semelhante por organismos completamente diferentes. Uma compara\u00e7\u00e3o entre o DNA de diferentes esp\u00e9cies mostra o grau de parentesco evolutivo. Nossa esp\u00e9cie, por exemplo, compartilha cerca de 98% do DNA com os chimpanz\u00e9s, evidenciando um ancestral comum recente. J\u00e1 a semelhan\u00e7a do nosso DNA com o de uma mosca ou de uma bact\u00e9ria \u00e9 bem menor, pois a separa\u00e7\u00e3o evolutiva ocorreu h\u00e1 muito mais tempo. \u00c9 importante frisar que, al\u00e9m do DNA, outras mol\u00e9culas essenciais, como prote\u00ednas, tamb\u00e9m s\u00e3o muito semelhantes entre diferentes esp\u00e9cies, refor\u00e7ando uma ancestralidade comum entre os seres vivos.<\/li>\n<\/ul>\n\n\n\n<p class=\"has-medium-font-size\">Diferentemente da sele\u00e7\u00e3o natural, que ocorre sem interfer\u00eancia externa, a sele\u00e7\u00e3o artificial acontece quando os seres humanos escolhem indiv\u00edduos com caracter\u00edsticas desej\u00e1veis \u200b\u200bpara a reprodu\u00e7\u00e3o. Esse processo acelerou a modifica\u00e7\u00e3o de muitas esp\u00e9cies, resultando em variedades muito diferentes de seus ancestrais selvagens. A domestica\u00e7\u00e3o de c\u00e3es \u00e9 um exemplo cl\u00e1ssico: os lobos foram selecionados ao longo de milhares de anos para originar as diversas ra\u00e7as de c\u00e3es que conhecemos hoje, cada uma com caracter\u00edsticas espec\u00edficas de comportamento e apar\u00eancia.<\/p>\n\n\n\n<p class=\"has-medium-font-size\">Na agricultura, o milho selvagem possu\u00eda espigas pequenas e pouco nutritivas, mas foi selecionado artificialmente para produ\u00e7\u00e3o de gr\u00e3os maiores e mais adequados ao consumo humano. J\u00e1 no gado leiteiro, os animais que produzem mais leite s\u00e3o escolhidos para reprodu\u00e7\u00e3o, aumentando a produtividade ao longo das gera\u00e7\u00f5es. Esses exemplos mostram como a a\u00e7\u00e3o humana pode modificar significativamente os organismos em poucas gera\u00e7\u00f5es.<\/p>\n\n\n\n<p class=\"has-medium-font-size\">Podemos, ent\u00e3o, perceber que, embora muitas pessoas pensem que a evolu\u00e7\u00e3o aconteceu apenas no passado, ela continua acontecendo o tempo todo. Certamente voc\u00ea se lembra das variantes do coronav\u00edrus, t\u00e3o noticiadas dos tempos da pandemia. Os v\u00edrus, que sofrem muta\u00e7\u00f5es constantes, podem ao longo do tempo desenvolver novas variantes, mais contagiosas ou mais resistentes ao sistema imunit\u00e1rio. Ao se multiplicarem, passam essa resist\u00eancia para as pr\u00f3ximas gera\u00e7\u00f5es e, assim, com o tempo, as medidas at\u00e9 ent\u00e3o adotadas deixam de ser eficazes contra essas popula\u00e7\u00f5es resistentes.<\/p>\n\n\n\n<p class=\"has-text-align-center has-background has-medium-font-size\" style=\"background-color:#f8d269\"><strong>Assista ao v\u00eddeo sobre as evid\u00eancias da evolu\u00e7\u00e3o biol\u00f3gica:<\/strong><\/p>\n\n\n\n<figure class=\"wp-block-embed is-type-video is-provider-youtube wp-block-embed-youtube wp-embed-aspect-16-9 wp-has-aspect-ratio\"><div class=\"wp-block-embed__wrapper\">\n<p class=\"responsive-video-wrap clr\"><iframe title=\"Evid\u00eancias da Evolu\u00e7\u00e3o Biol\u00f3gica\" width=\"1200\" height=\"675\" src=\"https:\/\/www.youtube.com\/embed\/7snM8HLdA2M?feature=oembed\" frameborder=\"0\" allow=\"accelerometer; autoplay; clipboard-write; encrypted-media; gyroscope; picture-in-picture; web-share\" referrerpolicy=\"strict-origin-when-cross-origin\" allowfullscreen><\/iframe><\/p>\n<\/div><figcaption class=\"wp-element-caption\"><strong>V\u00eddeo 1. <\/strong>ARAGUAIA, Mariana. Evid\u00eancias da Evolu\u00e7\u00e3o Biol\u00f3gica. Youtube &#8211; Conex\u00e3o Escola. Dispon\u00edvel em &lt;<a href=\"https:\/\/youtu.be\/7snM8HLdA2M\">https:\/\/youtu.be\/7snM8HLdA2M<\/a>&gt;. Acesso em 07\/03\/2025.<\/figcaption><\/figure>\n\n\n\n<hr class=\"wp-block-separator has-alpha-channel-opacity\"\/>\n\n\n\n<p class=\"has-text-align-left has-background has-medium-font-size\" style=\"background-color:#f1be8994\"><strong>RESPONDA \u00c0S QUEST\u00d5ES<\/strong>:<\/p>\n\n\n\n<p class=\"has-background has-medium-font-size\" style=\"background-color:#f8d269\"><strong>QUEST\u00c3O 1<\/strong><\/p>\n\n\n\n<p class=\"has-medium-font-size\">Fa\u00e7a a associa\u00e7\u00e3o correta entre os conceitos e seus exemplos:<\/p>\n\n\n\n<figure class=\"wp-block-table is-style-stripes has-medium-font-size\"><table class=\"has-fixed-layout\"><tbody><tr><td>(1) Estruturas hom\u00f3logas<br>(2) Estruturas anal\u00f3gas<br>(3) F\u00f3sseis<br>(4) DNA e bioqu\u00edmica comparados<br>(5) Embriologia comparada<br><br><br><\/td><td>(    ) Asas de morcegos e asas de insetos.<br><br>(    ) Bra\u00e7o humano e nadadeira da baleia.<br><br>(    ) Registro de um peixe pr\u00e9-hist\u00f3rico em uma rocha sedimentar.<br><br>(    ) Semelhan\u00e7as gen\u00e9ticas entre humanos e chimpanz\u00e9s.<br><br>(    ) Presen\u00e7a de cauda em embri\u00f5es humanos e de outros vertebrados.<\/td><\/tr><\/tbody><\/table><\/figure>\n\n\n\n<p class=\"has-background has-medium-font-size\" style=\"background-color:#f8d269\"><strong>QUEST\u00c3O 2<\/strong><\/p>\n\n\n\n<p class=\"has-medium-font-size\">Se todos os seres vivos compartilham o mesmo c\u00f3digo gen\u00e9tico, a grande diversidade de esp\u00e9cies \u00e9 explicada no\/na\/nas<\/p>\n\n\n\n<p class=\"has-medium-font-size\">(A) presen\u00e7a de DNA semelhante, que impede a diversifica\u00e7\u00e3o das esp\u00e9cies.<br>(B) varia\u00e7\u00f5es na sequ\u00eancia dos genes e na forma como eles s\u00e3o ativados.<br>(C) c\u00f3digo gen\u00e9tico, que \u00e9 completamente modificado em cada nova gera\u00e7\u00e3o.<br>(D) sele\u00e7\u00e3o natural, fazendo com que os indiv\u00edduos tenham DNA id\u00eantico.<\/p>\n\n\n\n<p class=\"has-background has-medium-font-size\" style=\"background-color:#f8d269\"><strong>QUEST\u00c3O 3<\/strong><\/p>\n\n\n\n<p class=\"has-medium-font-size\">Os f\u00f3sseis s\u00e3o considerados uma das principais evid\u00eancias da evolu\u00e7\u00e3o biol\u00f3gica porque<\/p>\n\n\n\n<p class=\"has-medium-font-size\">(A) permitem reconstruir a hist\u00f3ria da vida, mostrando mudan\u00e7as ao longo do tempo.<br>(B) s\u00e3o sempre id\u00eanticos aos organismos atuais, provando que as esp\u00e9cies n\u00e3o mudaram.<br>(C) demonstram que as esp\u00e9cies surgiram simultaneamente no passado e s\u00e3o inalteradas.<br>(D) s\u00e3o registros de animais extintos, apresentando dados sobre os animais do futuro.<\/p>\n\n\n\n<p class=\"has-background has-medium-font-size\" style=\"background-color:#f8d269\"><strong>QUEST\u00c3O 4<\/strong><\/p>\n\n\n\n<p class=\"has-medium-font-size\">O fato de embri\u00f5es de peixes, anf\u00edbios, r\u00e9pteis, aves e mam\u00edferos apresentarem fendas branquiais, em est\u00e1gios iniciais do desenvolvimento, sugere que<\/p>\n\n\n\n<p class=\"has-medium-font-size\">(A) esses grupos de animais pertencem \u00e0 mesma esp\u00e9cie e mant\u00eam caracter\u00edsticas id\u00eanticas na fase adulta.<br><br>(B) todos esses organismos possuem br\u00e2nquias na vida adulta, independentemente do ambiente em que vivem.<br><br>(C) possuem um ancestral comum, e a embriologia comparada revela semelhan\u00e7as no desenvolvimento inicial.<br><br>(D) essas semelhan\u00e7as embrion\u00e1rias ocorrem por acaso, sem rela\u00e7\u00e3o com a evolu\u00e7\u00e3o biol\u00f3gica das esp\u00e9cies.<\/p>\n\n\n\n<p class=\"has-background has-medium-font-size\" style=\"background-color:#f8d269\"><strong>QUEST\u00c3O 5<\/strong><\/p>\n\n\n\n<p class=\"has-medium-font-size\">Os humanos, os morcegos e as baleias possuem membros anteriores com estruturas \u00f3sseas semelhantes, apesar de usarem essas estruturas para fun\u00e7\u00f5es muito diferentes. Tratam-se de \u00f3rg\u00e3os<\/p>\n\n\n\n<p class=\"has-medium-font-size\">(A) pareados.<br>(B) evolu\u00eddos.<br>(C) hom\u00f3logos.<br>(D) an\u00e1logos.<\/p>\n\n\n\n<p class=\"has-background has-medium-font-size\" style=\"background-color:#f8d269\"><strong>QUEST\u00c3O 6<\/strong><\/p>\n\n\n\n<p class=\"has-medium-font-size\">As asas dos morcegos e as asas dos insetos desempenham a mesma fun\u00e7\u00e3o: permitir o voo. No entanto, ao analisarmos a estrutura \u00f3ssea e a origem evolutiva dessas asas, percebemos que elas surgiram por caminhos evolutivos diferentes. Esse \u00e9 um exemplo de<\/p>\n\n\n\n<p class=\"has-medium-font-size\">(A) estruturas an\u00e1logas que desempenham a mesma fun\u00e7\u00e3o, mas t\u00eam origens diferentes.<br>(B) diverg\u00eancia evolutiva: essas estruturas s\u00e3o hom\u00f3logas herdadas do mesmo ancestral.<br>(C) muta\u00e7\u00e3o espont\u00e2nea, pois surgiu ao acaso e sem qualquer rela\u00e7\u00e3o com a evolu\u00e7\u00e3o.<br>(D) adapta\u00e7\u00e3o estimada, pois todas as estruturas surgem independentemente das outras.<\/p>\n\n\n\n<p class=\"has-background has-medium-font-size\" style=\"background-color:#f8d269\"><strong>QUEST\u00c3O 7<\/strong><\/p>\n\n\n\n<p class=\"has-medium-font-size\">Uma an\u00e1lise de DNA entre diferentes esp\u00e9cies demonstram que os seres humanos compartilham 98% do material gen\u00e9tico com os chimpanz\u00e9s. Esse fato indica que<\/p>\n\n\n\n<p class=\"has-medium-font-size\">(A) chimpanz\u00e9s evolu\u00edram diretamente dos seres humanos, sendo nossos descendentes mais pr\u00f3ximos.<br><br>(B) seres humanos e chimpanz\u00e9s s\u00e3o duas esp\u00e9cies diferentes de macacos, assim como o orangotango.<br><br>(C) humanos e chimpanz\u00e9s possuem um ancestral comum recente na hist\u00f3ria evolutiva de cada esp\u00e9cie.<br><br>(D) as semelhan\u00e7as no DNA n\u00e3o s\u00e3o uma evid\u00eancia confi\u00e1vel para estabelecer rela\u00e7\u00f5es evolutivas.<\/p>\n\n\n\n<p class=\"has-background has-medium-font-size\" style=\"background-color:#f8d269\"><strong>QUEST\u00c3O 8<\/strong><\/p>\n\n\n\n<p class=\"has-medium-font-size\">Na imagem abaixo est\u00e1 uma not\u00edcia fict\u00edcia lida por Phelipe: um estudante do nono ano do Ensino Fundamental:<\/p>\n\n\n\n<figure class=\"wp-block-image size-large\"><img decoding=\"async\" width=\"1024\" height=\"576\" src=\"https:\/\/sme.goiania.go.gov.br\/conexaoescola\/wp-content\/uploads\/2025\/02\/Evidencias-da-evolucao-1-1024x576.png\" alt=\"\" class=\"wp-image-192852\" srcset=\"https:\/\/sme.goiania.go.gov.br\/conexaoescola\/wp-content\/uploads\/2025\/02\/Evidencias-da-evolucao-1-1024x576.png 1024w, https:\/\/sme.goiania.go.gov.br\/conexaoescola\/wp-content\/uploads\/2025\/02\/Evidencias-da-evolucao-1-300x169.png 300w, https:\/\/sme.goiania.go.gov.br\/conexaoescola\/wp-content\/uploads\/2025\/02\/Evidencias-da-evolucao-1-768x432.png 768w, https:\/\/sme.goiania.go.gov.br\/conexaoescola\/wp-content\/uploads\/2025\/02\/Evidencias-da-evolucao-1-1536x864.png 1536w, https:\/\/sme.goiania.go.gov.br\/conexaoescola\/wp-content\/uploads\/2025\/02\/Evidencias-da-evolucao-1.png 1920w\" sizes=\"(max-width: 1024px) 100vw, 1024px\" \/><figcaption class=\"wp-element-caption\"><strong>Imagem 2. <\/strong>ARAGUAIA, Mariana. Not\u00edcia superbact\u00e9ria. Canva. Criado em 28\/02\/2025.<\/figcaption><\/figure>\n\n\n\n<p class=\"has-medium-font-size\">Considerando n\u00e3o se tratar de uma <em>fake news<\/em>, explique como pode ser poss\u00edvel o surgimento de &#8220;superbact\u00e9rias&#8221; e a rela\u00e7\u00e3o dessas com o &#8220;uso racional de antibi\u00f3ticos&#8221;.<\/p>\n\n\n\n<p class=\"has-background has-medium-font-size\" style=\"background-color:#f8d269\"><strong>QUEST\u00c3O 9<\/strong><\/p>\n\n\n\n<p class=\"has-medium-font-size\">Imagine que voc\u00ea tem o poder de modificar um organismo para trazer um benef\u00edcio \u00e0 sociedade.<\/p>\n\n\n\n<p class=\"has-medium-font-size\">A) Qual seria esse organismo e qual caracter\u00edstica voc\u00ea modificou. Por qu\u00ea?<br>B) Esse seria um exemplo de sele\u00e7\u00e3o artificial ou natural? Explique sua resposta.<\/p>\n\n\n\n<p class=\"has-background has-medium-font-size\" style=\"background-color:#f8d269\"><strong>QUEST\u00c3O 10<\/strong><\/p>\n\n\n\n<p class=\"has-medium-font-size\">As semelhan\u00e7as bioqu\u00edmicas entre diferentes seres vivos indicam que<\/p>\n\n\n\n<p class=\"has-medium-font-size\">(A) todos eles surgiram de forma independente, sem ancestralidade comum.<\/p>\n\n\n\n<p class=\"has-medium-font-size\">(B) o c\u00f3digo gen\u00e9tico \u00e9 id\u00eantico para todas as esp\u00e9cies, sem varia\u00e7\u00f5es.<\/p>\n\n\n\n<p class=\"has-medium-font-size\">(C) todos os organismos t\u00eam um ancestral comum e mant\u00eam essas semelhan\u00e7as.<\/p>\n\n\n\n<p class=\"has-medium-font-size\">(D) s\u00f3 os vertebrados t\u00eam essas semelhan\u00e7as, por terem maior complexidade.<\/p>\n\n\n\n<p class=\"has-background has-medium-font-size\" style=\"background-color:#f8d269\"><strong>QUEST\u00c3O 11*<\/strong><\/p>\n\n\n\n<blockquote class=\"wp-block-quote is-layout-flow wp-block-quote-is-layout-flow\">\n<p class=\"has-medium-font-size\">As aves ratitas s\u00e3o um grupo de aves que habitam os continentes do hemisf\u00e9rio sul. De acordo com a teoria da evolu\u00e7\u00e3o proposta por Darwin, as esp\u00e9cies desse grupo descendem de um ancestral comum. Esse ancestral habitava o supercontinente Gondwana, que inclu\u00eda territ\u00f3rios do que viriam a ser a Am\u00e9rica do Sul, \u00c1frica, \u00cdndia, Oceania e Ant\u00e1rtica. Com o decorrer do tempo, esse grupo se diversificou, levando ao surgimento das diferentes esp\u00e9cies atuais de ratitas, como a ema, nativa da Am\u00e9rica do Sul, o avestruz, que habita a \u00c1frica, e o quiu\u00ed, que vive nas ilhas da Nova Zel\u00e2ndia. Esses organismos apresentam caracter\u00edsticas em comum, como a incapacidade de voar e a presen\u00e7a de pernas alongadas, que os tornam excelentes corredores.<\/p>\n<\/blockquote>\n\n\n\n<p class=\"has-medium-font-size\">A teoria mencionada nesse texto se difere da teoria de Lamarck, pois prop\u00f5e que<br><br>(A) os seres vivos com caracter\u00edsticas vantajosas s\u00e3o selecionados pelo ambiente.<br>(B) os organismos for\u00e7am seus \u00f3rg\u00e3os a se desenvolverem para garantir a sobreviv\u00eancia.<br>(C) as muta\u00e7\u00f5es no DNA s\u00e3o respons\u00e1veis pelo surgimento de novos atributos.<br>(D) as estruturas pouco utilizadas desaparecem nas gera\u00e7\u00f5es seguintes.<\/p>\n\n\n\n<p class=\"has-background has-medium-font-size\" style=\"background-color:#f8d269\"><strong>QUEST\u00c3O 12*<\/strong><\/p>\n\n\n\n<p class=\"has-medium-font-size\">Leia, no texto abaixo, sobre a formula\u00e7\u00e3o de uma teoria.<\/p>\n\n\n\n<blockquote class=\"wp-block-quote is-layout-flow wp-block-quote-is-layout-flow\">\n<p class=\"has-medium-font-size\">Publicada em 1859 pelo cientista brit\u00e2nico Charles Darwin, a obra \u201cSobre a origem das esp\u00e9cies atrav\u00e9s da sele\u00e7\u00e3o natural\u201d introduziu pela primeira vez a ideia da evolu\u00e7\u00e3o por meio da sele\u00e7\u00e3o natural [\u2026]. Darwin passou cinco anos, entre 1831 e 1836, dando a volta ao mundo, com cerca de 70 pesquisadores, no navio Beagle.<br><br>Durante a viagem, examinou as mais variadas forma\u00e7\u00f5es geol\u00f3gicas, assim como a multiplicidade de seres, organismos e f\u00f3sseis encontrados nos mais diversos continentes e ilhas que visitou. [\u2026]<br><br>A partir da observa\u00e7\u00e3o desses animais, o pesquisador concluiu que todas as esp\u00e9cies<br>semelhantes entre si haviam se desenvolvido a partir de um ancestral comum.<\/p>\n\n\n\n<p>ENTENDA como surgiu a teoria da evolu\u00e7\u00e3o. O Globo, 10 jan. 2019. Dispon\u00edvel em: https:\/\/meulink.fit\/wzCTPpMTFhLfhQN. Acesso em: 21 maio 2025. Adaptado para fins did\u00e1ticos. Fragmento.<\/p>\n<\/blockquote>\n\n\n\n<p class=\"has-medium-font-size\">Essa teoria contrasta\u2011se com o lamarckismo, pois postula que<\/p>\n\n\n\n<p class=\"has-medium-font-size\">(A) as caracter\u00edsticas adquiridas s\u00e3o transmitidas \u00e0s pr\u00f3ximas gera\u00e7\u00f5es.<br>(B) as estruturas se desenvolvem de acordo com os desafios do ambiente.<br>(C) os indiv\u00edduos mais adaptados ao ambiente t\u00eam mais chance de sobreviv\u00eancia.<br>(D) os seres vivos permanecem imut\u00e1veis ao longo das gera\u00e7\u00f5es.<\/p>\n\n\n\n<figure class=\"wp-block-table has-medium-font-size\"><table class=\"has-fixed-layout\"><tbody><tr><td class=\"has-text-align-center\" data-align=\"center\"><strong>* <em>Quest\u00f5es presentes na Avalia\u00e7\u00e3o Cont\u00ednua da Aprendizagem nos Anos Finais \u2013 Ciclo III, de Ci\u00eancias da Natureza, de 2025.<\/em><\/strong><\/td><\/tr><\/tbody><\/table><\/figure>\n\n\n\n<hr class=\"wp-block-separator has-alpha-channel-opacity\"\/>\n\n\n\n<figure class=\"wp-block-table is-style-stripes\"><table class=\"has-fixed-layout\"><tbody><tr><td><strong>Autoria:<\/strong><\/td><td>Profa Ma Mariana Araguaia<\/td><\/tr><tr><td><strong>Forma\u00e7\u00e3o:<\/strong><\/td><td>Ci\u00eancias Biol\u00f3gicas<\/td><\/tr><tr><td><strong>Componente curricular:<\/strong><\/td><td>Ci\u00eancias da Natureza<\/td><\/tr><tr><td><strong>Objeto de conhecimento:<\/strong><\/td><td>Conceito de evolu\u00e7\u00e3o em linhagens biol\u00f3gicas<\/td><\/tr><tr><td><strong>Habilidade:<\/strong><\/td><td>(EF09CI10-A) Definir evolu\u00e7\u00e3o, identificando as evid\u00eancias do processo evolutivo: f\u00f3sseis, anatomia comparada, embriologia comparada e semelhan\u00e7as bioqu\u00edmicas.<\/td><\/tr><tr><td><strong>Refer\u00eancias:<\/strong><\/td><td>CARNEVALLE, Ma\u00edra Rosa. Ararib\u00e1 Mais Ci\u00eancias: 9\u00ba ano. 1. ed. S\u00e3o Paulo: Moderna, 2018.<br><br>GOI\u00c1S. Documento Curricular para Goi\u00e1s \u2013 Ampliado. Volume III. Ensino Fundamental \u2013 Anos Finais. Dispon\u00edvel em <a href=\"https:\/\/sme.goiania.go.gov.br\/site\/index.php\/institucional\/documentos-oficiais-2\/category\/27-documentos-gerais\">https:\/\/sme.goiania.go.gov.br\/site\/index.php\/institucional\/documentos-oficiais-2\/category\/27-documentos-gerais<\/a>. Acesso em 28\/02\/2025.<br><br><strong>______<\/strong>. Documento Curricular para Goi\u00e1s \u2013 Ampliado \u2013 Cortes Temporais. CONSED; UNDIME, 2019. p. 143. Dispon\u00edvel em . Acesso em 28\/02\/2024.<br><br>HIRANAKA, Roberta Aparecida Bueno; HORTENCIO, Thiago Macedo de Abreu. Inspire Ci\u00eancias: 9\u00ba ano. 1. ed. S\u00e3o Paulo: FTD, 2018.<br><br>PLATAFORMA de Avalia\u00e7\u00e3o e Acompanhamento das Aprendizagens. Dispon\u00edvel em <a href=\"https:\/\/avaliacaoaprendizagensanosfinais.mec.gov.br\/#!\/avaliacoes\">https:\/\/avaliacaoaprendizagensanosfinais.mec.gov.br\/#!\/avaliacoes<\/a>. Acesso em 04\/2026.<br><br>RAMOS, Flavio Nunes; HASUI, \u00c9rica; CUNHA, Rog\u00e9rio Grassetto T.; SILVA, Vin\u00edcius Xavier. Eco-evolu\u00e7\u00e3o Podcast #68 \u2013 Evid\u00eancias da sele\u00e7\u00e3o natural 2. Laborat\u00f3rio de Ecologia de Fragmentos Florestais ECOFRAG &#8211; Unifal-MG. Dispon\u00edvel em https:\/\/www.unifal-mg.edu.br\/ecofrag\/eco-evolucao-podcast-68-evidencias-da-selecao-natural-2\/. Acesso em 28\/02\/2025.<br><br>SIMEONE, Alexandre Santos; TEIXEIRA, Gledison Eric. Resenha do Livro &#8220;A Emerg\u00eancia dos Sistemas Biol\u00f3gicos: Uma Vis\u00e3o Molecular sobre a Origem da Vida&#8221; \u2014Simbiose Molecular e Complexidade Evolutiva. Revista Cientifica UMC. Dispon\u00edvel em <a href=\"https:\/\/seer.umc.br\/index.php\/revistaumc\/article\/view\/2065\/1482\">https:\/\/seer.umc.br\/index.php\/revistaumc\/article\/view\/2065\/1482<\/a>. Acesso em 28\/02\/2025.<\/td><\/tr><\/tbody><\/table><\/figure>\n","protected":false},"author":44,"featured_media":192842,"template":"","ef_categoria":[33,37],"ef_ano":[92],"ef_componente":[98],"class_list":["post-192833","ensino_fundamental","type-ensino_fundamental","status-publish","has-post-thumbnail","hentry","ef_categoria-educacao-ambiental-e-saude-ciclo-da-adolescencia-hi","ef_categoria-experiencias-e-curiosidades-ciclo-da-adolescencia-hi","ef_ano-9o-ano","ef_componente-ciencia-da-natureza-ef","entry","has-media"],"acf":[],"_links":{"self":[{"href":"https:\/\/sme.goiania.go.gov.br\/conexaoescola\/wp-json\/wp\/v2\/ensino_fundamental\/192833","targetHints":{"allow":["GET"]}}],"collection":[{"href":"https:\/\/sme.goiania.go.gov.br\/conexaoescola\/wp-json\/wp\/v2\/ensino_fundamental"}],"about":[{"href":"https:\/\/sme.goiania.go.gov.br\/conexaoescola\/wp-json\/wp\/v2\/types\/ensino_fundamental"}],"author":[{"embeddable":true,"href":"https:\/\/sme.goiania.go.gov.br\/conexaoescola\/wp-json\/wp\/v2\/users\/44"}],"version-history":[{"count":27,"href":"https:\/\/sme.goiania.go.gov.br\/conexaoescola\/wp-json\/wp\/v2\/ensino_fundamental\/192833\/revisions"}],"predecessor-version":[{"id":203027,"href":"https:\/\/sme.goiania.go.gov.br\/conexaoescola\/wp-json\/wp\/v2\/ensino_fundamental\/192833\/revisions\/203027"}],"wp:featuredmedia":[{"embeddable":true,"href":"https:\/\/sme.goiania.go.gov.br\/conexaoescola\/wp-json\/wp\/v2\/media\/192842"}],"wp:attachment":[{"href":"https:\/\/sme.goiania.go.gov.br\/conexaoescola\/wp-json\/wp\/v2\/media?parent=192833"}],"wp:term":[{"taxonomy":"ef_categoria","embeddable":true,"href":"https:\/\/sme.goiania.go.gov.br\/conexaoescola\/wp-json\/wp\/v2\/ef_categoria?post=192833"},{"taxonomy":"ef_ano","embeddable":true,"href":"https:\/\/sme.goiania.go.gov.br\/conexaoescola\/wp-json\/wp\/v2\/ef_ano?post=192833"},{"taxonomy":"ef_componente","embeddable":true,"href":"https:\/\/sme.goiania.go.gov.br\/conexaoescola\/wp-json\/wp\/v2\/ef_componente?post=192833"}],"curies":[{"name":"wp","href":"https:\/\/api.w.org\/{rel}","templated":true}]}}