{"id":192660,"date":"2025-03-07T07:00:00","date_gmt":"2025-03-07T10:00:00","guid":{"rendered":"https:\/\/sme.goiania.go.gov.br\/conexaoescola\/?post_type=ensino_fundamental&#038;p=192660"},"modified":"2025-03-12T13:54:16","modified_gmt":"2025-03-12T16:54:16","slug":"geografia-o-lixo-nos-oceanos","status":"publish","type":"ensino_fundamental","link":"https:\/\/sme.goiania.go.gov.br\/conexaoescola\/ensino_fundamental\/geografia-o-lixo-nos-oceanos\/","title":{"rendered":"Geografia &#8211; O lixo nos oceanos"},"content":{"rendered":"\n<p class=\"has-black-color has-luminous-vivid-orange-background-color has-text-color has-background has-medium-font-size\">Esta proposta de atividade de<strong> GEOGRAFIA<\/strong> \u00e9 destinada aos estudantes do 9<strong>\u00ba ano<\/strong> do Ensino Fundamental anos iniciais.<\/p>\n\n\n\n<div class=\"wp-block-buttons is-content-justification-center is-layout-flex wp-container-core-buttons-is-layout-16018d1d wp-block-buttons-is-layout-flex\">\n<div class=\"wp-block-button has-custom-font-size has-medium-font-size\"><a class=\"wp-block-button__link has-white-color has-black-background-color has-text-color has-background wp-element-button\" href=\"https:\/\/drive.google.com\/uc?export=download&amp;id=1K6778pDbMs9ZBcCIaRC9QWl94YGF0V2Q\">BAIXE A ATIVIDADE<\/a><\/div>\n\n\n\n<div class=\"wp-block-button has-custom-font-size has-medium-font-size\"><a class=\"wp-block-button__link has-white-color has-black-background-color has-text-color has-background wp-element-button\" href=\"https:\/\/drive.google.com\/uc?export=download&amp;id=1Kjpa3TcKIxAymbNgTvTRUS0bu4W3z3Kr\">BAIXE OS SLIDES<\/a><\/div>\n\n\n\n<div class=\"wp-block-button has-custom-font-size has-medium-font-size\"><a class=\"wp-block-button__link has-white-color has-black-background-color has-text-color has-background wp-element-button\" href=\"https:\/\/drive.google.com\/uc?export=download&amp;id=16pCLN64WG_IGQffPYxjbjX2IaXH_rTxY\">BAIXE O TEXTO<\/a><\/div>\n<\/div>\n\n\n\n<p><\/p>\n\n\n\n<figure class=\"wp-block-image size-large\"><img fetchpriority=\"high\" decoding=\"async\" width=\"1024\" height=\"512\" src=\"https:\/\/sme.goiania.go.gov.br\/conexaoescola\/wp-content\/uploads\/2025\/02\/Fonte-canva.com-21-e1740512635193-1024x512.png\" alt=\"\" class=\"wp-image-192671\" srcset=\"https:\/\/sme.goiania.go.gov.br\/conexaoescola\/wp-content\/uploads\/2025\/02\/Fonte-canva.com-21-e1740512635193-1024x512.png 1024w, https:\/\/sme.goiania.go.gov.br\/conexaoescola\/wp-content\/uploads\/2025\/02\/Fonte-canva.com-21-e1740512635193-300x150.png 300w, https:\/\/sme.goiania.go.gov.br\/conexaoescola\/wp-content\/uploads\/2025\/02\/Fonte-canva.com-21-e1740512635193-768x384.png 768w, https:\/\/sme.goiania.go.gov.br\/conexaoescola\/wp-content\/uploads\/2025\/02\/Fonte-canva.com-21-e1740512635193-1536x768.png 1536w, https:\/\/sme.goiania.go.gov.br\/conexaoescola\/wp-content\/uploads\/2025\/02\/Fonte-canva.com-21-e1740512635193.png 1920w\" sizes=\"(max-width: 1024px) 100vw, 1024px\" \/><\/figure>\n\n\n\n<p><\/p>\n\n\n\n<p class=\"has-text-align-center has-black-color has-text-color has-background has-medium-font-size\" style=\"background-color:#b8e0fb\"><strong>O lixo nos oceanos<\/strong><\/p>\n\n\n\n<p class=\"has-black-color has-text-color has-link-color has-medium-font-size wp-elements-77e9fec4ab0e5ac0b82b8447f90bb9c7\">O lixo nos oceanos \u00e9 um dos problemas ambientais mais graves da atualidade, afetando ecossistemas marinhos, sociedades humanas e a economia global. Esse fen\u00f4meno n\u00e3o \u00e9 somente uma quest\u00e3o de descarte inadequado, mas um reflexo direto dos padr\u00f5es de produ\u00e7\u00e3o e consumo da sociedade contempor\u00e2nea. Com a industrializa\u00e7\u00e3o e a globaliza\u00e7\u00e3o, a circula\u00e7\u00e3o de produtos aumentou significativamente, especialmente na \u00c1sia, ampliando os impactos socioecon\u00f4micos e ambientais relacionados ao lixo marinho.<\/p>\n\n\n\n<p class=\"has-text-align-center has-black-color has-text-color has-link-color has-medium-font-size wp-elements-91963dd5e2238dc02dcd939670b5f475\"><strong>As origens do lixo<\/strong><\/p>\n\n\n<div class=\"wp-block-image\">\n<figure class=\"aligncenter size-large\"><img decoding=\"async\" width=\"1024\" height=\"726\" src=\"https:\/\/sme.goiania.go.gov.br\/conexaoescola\/wp-content\/uploads\/2025\/02\/p_12-origem-do-lixo-e1740512577973-1024x726.png\" alt=\"\" class=\"wp-image-192668\" srcset=\"https:\/\/sme.goiania.go.gov.br\/conexaoescola\/wp-content\/uploads\/2025\/02\/p_12-origem-do-lixo-e1740512577973-1024x726.png 1024w, https:\/\/sme.goiania.go.gov.br\/conexaoescola\/wp-content\/uploads\/2025\/02\/p_12-origem-do-lixo-e1740512577973-300x213.png 300w, https:\/\/sme.goiania.go.gov.br\/conexaoescola\/wp-content\/uploads\/2025\/02\/p_12-origem-do-lixo-e1740512577973-768x545.png 768w, https:\/\/sme.goiania.go.gov.br\/conexaoescola\/wp-content\/uploads\/2025\/02\/p_12-origem-do-lixo-e1740512577973.png 1062w\" sizes=\"(max-width: 1024px) 100vw, 1024px\" \/><\/figure><\/div>\n\n\n<p class=\"has-text-align-center has-black-color has-text-color has-link-color has-small-font-size wp-elements-626054269c9460137ffcbfa9ff993299\">Fonte: TURRA, Alexander. p. 12. Dispon\u00edvel em: &lt;<a href=\"https:\/\/decada.ciencianomar.mctic.gov.br\/wp-content\/uploads\/2021\/09\/lixo_nos_mares_ebook_low-1.pdf\">https:\/\/decada.ciencianomar.mctic.gov.br\/wp-content\/uploads\/2021\/09\/lixo_nos_mares_ebook_low-1.pdf<\/a>&gt;. Acesso em 18 de fev. de 2025.<\/p>\n\n\n\n<p class=\"has-black-color has-text-color has-link-color has-medium-font-size wp-elements-c9ffc1d63fe32dd298b3a3a6812df1c3\"><strong>A origem do lixo nos oceanos<\/strong><\/p>\n\n\n\n<p class=\"has-black-color has-text-color has-link-color has-medium-font-size wp-elements-a5064bd8af2ff5c47fa9631d5a984ef0\">O lixo nos oceanos \u00e9 composto por res\u00edduos s\u00f3lidos produzidos pelo ser humano que, intencionalmente ou n\u00e3o, chegam ao ambiente marinho. Esses res\u00edduos podem ser provenientes de fontes terrestres, como cidades e ind\u00fastrias, ou de fontes marinhas, como navios e plataformas de petr\u00f3leo.&nbsp;<\/p>\n\n\n\n<p class=\"has-text-align-center has-black-color has-text-color has-link-color has-medium-font-size wp-elements-c263997b367b9edae9d78e49e137b23f\"><strong>As diferentes fontes do lixo oce\u00e2nico<\/strong><\/p>\n\n\n<div class=\"wp-block-image\">\n<figure class=\"aligncenter size-large\"><img decoding=\"async\" width=\"1024\" height=\"478\" src=\"https:\/\/sme.goiania.go.gov.br\/conexaoescola\/wp-content\/uploads\/2025\/02\/p_11-origem-terr-e-mar-e1740512562524-1024x478.png\" alt=\"\" class=\"wp-image-192667\" srcset=\"https:\/\/sme.goiania.go.gov.br\/conexaoescola\/wp-content\/uploads\/2025\/02\/p_11-origem-terr-e-mar-e1740512562524-1024x478.png 1024w, https:\/\/sme.goiania.go.gov.br\/conexaoescola\/wp-content\/uploads\/2025\/02\/p_11-origem-terr-e-mar-e1740512562524-300x140.png 300w, https:\/\/sme.goiania.go.gov.br\/conexaoescola\/wp-content\/uploads\/2025\/02\/p_11-origem-terr-e-mar-e1740512562524-768x359.png 768w, https:\/\/sme.goiania.go.gov.br\/conexaoescola\/wp-content\/uploads\/2025\/02\/p_11-origem-terr-e-mar-e1740512562524.png 1103w\" sizes=\"(max-width: 1024px) 100vw, 1024px\" \/><\/figure><\/div>\n\n\n<p class=\"has-text-align-center has-black-color has-text-color has-link-color has-small-font-size wp-elements-8a91f1a89ef8f943a8e92fed97b7821c\">Fonte: TURRA, Alexander. p. 11. Dispon\u00edvel em: &lt;<a href=\"https:\/\/decada.ciencianomar.mctic.gov.br\/wp-content\/uploads\/2021\/09\/lixo_nos_mares_ebook_low-1.pdf\">https:\/\/decada.ciencianomar.mctic.gov.br\/wp-content\/uploads\/2021\/09\/lixo_nos_mares_ebook_low-1.pdf<\/a>&gt;. Acesso em 18 de fev. de 2025.<\/p>\n\n\n\n<p class=\"has-black-color has-text-color has-link-color has-medium-font-size wp-elements-b04bc0ba2740838fa5ce30ab7ae360bf\">Um dos maiores problemas \u00e9 o pl\u00e1stico, que representa mais de 80% dos res\u00edduos encontrados no ambiente marinho. Isso ocorre devido \u00e0 durabilidade e \u00e0 flutuabilidade desse material, combinado com o descarte inadequado e o consumo excessivo. O lixo que polui os oceanos tem diversas origens:&nbsp;<\/p>\n\n\n\n<p class=\"has-black-color has-text-color has-link-color has-medium-font-size wp-elements-2945730401305057addc8d580d80e6bb\"><strong>Fontes Terrestres:<\/strong> Correspondem a aproximadamente 80% do lixo nos oceanos. Incluem res\u00edduos urbanos, industriais e agr\u00edcolas que chegam ao mar por meio de rios, esgoto e vento. O crescimento urbano acelerado, impulsionado pela industrializa\u00e7\u00e3o e globaliza\u00e7\u00e3o, aumentou a produ\u00e7\u00e3o de res\u00edduos s\u00f3lidos. A falta de infraestrutura adequada em muitas cidades, principalmente na \u00c1sia, resulta em grandes quantidades de lixo sendo levadas para os oceanos.&nbsp;<\/p>\n\n\n\n<p class=\"has-black-color has-text-color has-link-color has-medium-font-size wp-elements-31c89323e8e19988cf5c30ad0b9da750\"><strong>Fontes Marinhas:<\/strong> Compreendem cerca de 20% do lixo nos oceanos e incluem res\u00edduos descartados por navios, plataformas de petr\u00f3leo e atividades pesqueiras. Redes de pesca abandonadas, conhecidas como \u201credes fantasmas\u201d, representam um perigo significativo para a vida marinha.<\/p>\n\n\n\n<p class=\"has-text-align-center has-black-color has-text-color has-link-color has-medium-font-size wp-elements-ba0a2f2a8282705be9be435f27923c80\"><strong>Dados gerais sobre o lixo oce\u00e2nico<\/strong><\/p>\n\n\n<div class=\"wp-block-image\">\n<figure class=\"aligncenter size-large\"><img loading=\"lazy\" decoding=\"async\" width=\"1024\" height=\"449\" src=\"https:\/\/sme.goiania.go.gov.br\/conexaoescola\/wp-content\/uploads\/2025\/02\/dados-sobre-o-lixo-e1740512546309-1024x449.png\" alt=\"\" class=\"wp-image-192666\" srcset=\"https:\/\/sme.goiania.go.gov.br\/conexaoescola\/wp-content\/uploads\/2025\/02\/dados-sobre-o-lixo-e1740512546309-1024x449.png 1024w, https:\/\/sme.goiania.go.gov.br\/conexaoescola\/wp-content\/uploads\/2025\/02\/dados-sobre-o-lixo-e1740512546309-300x132.png 300w, https:\/\/sme.goiania.go.gov.br\/conexaoescola\/wp-content\/uploads\/2025\/02\/dados-sobre-o-lixo-e1740512546309-768x337.png 768w, https:\/\/sme.goiania.go.gov.br\/conexaoescola\/wp-content\/uploads\/2025\/02\/dados-sobre-o-lixo-e1740512546309.png 1079w\" sizes=\"(max-width: 1024px) 100vw, 1024px\" \/><\/figure><\/div>\n\n\n<p class=\"has-text-align-center has-black-color has-text-color has-link-color has-small-font-size wp-elements-dd2b150b714d2b09051cfd4fef1b3c44\">Fonte: IWANICKI, Lara. p. 09. Dispon\u00edvel em: &lt;<a href=\"https:\/\/brasil.oceana.org\/wp-content\/uploads\/sites\/23\/Um-Oceano-Livre-de-Plastico.pdf\">https:\/\/brasil.oceana.org\/wp-content\/uploads\/sites\/23\/Um-Oceano-Livre-de-Plastico.pdf<\/a>&gt;. cesso em 18 de fev. de 2025.<\/p>\n\n\n\n<p class=\"has-black-color has-text-color has-link-color has-medium-font-size wp-elements-9eb687c93c7ba7940f618a51a589dfbb\"><strong>Os impactos ambientais do lixo nos oceanos&nbsp;<\/strong><\/p>\n\n\n\n<p class=\"has-black-color has-text-color has-link-color has-medium-font-size wp-elements-38111fd50b8e154f2ef4a35782caa4ad\">Danos \u00e0 biodiversidade marinha: Esp\u00e9cies marinhas ingerem pl\u00e1sticos ou ficam presas em res\u00edduos, o que pode levar \u00e0 inani\u00e7\u00e3o, asfixia e morte. A ingest\u00e3o de micropl\u00e1sticos por organismos marinhos afeta toda a cadeia alimentar, chegando at\u00e9 os seres humanos.&nbsp;<\/p>\n\n\n\n<p class=\"has-black-color has-text-color has-link-color has-medium-font-size wp-elements-4356dfe9baeebf7b1c26aa2f294c3f34\">Altera\u00e7\u00f5es nos ecossistemas: O ac\u00famulo de lixo afeta habitats marinhos, como recifes de corais e manguezais. Al\u00e9m disso, o transporte de organismos invasores em res\u00edduos flutuantes altera o equil\u00edbrio ecol\u00f3gico.&nbsp;<\/p>\n\n\n\n<p class=\"has-black-color has-text-color has-link-color has-medium-font-size wp-elements-d345dd950a020b00e2c6653b3e1221a3\">Impactos clim\u00e1ticos: A degrada\u00e7\u00e3o de pl\u00e1sticos libera gases de efeito estufa, como metano e etileno, contribuindo para as mudan\u00e7as clim\u00e1ticas globais.<\/p>\n\n\n\n<p class=\"has-black-color has-text-color has-link-color has-medium-font-size wp-elements-88ed04567e426481b969755a514b3073\"><strong>Os impactos socioecon\u00f4micos do lixo nos oceanos<\/strong><\/p>\n\n\n\n<p class=\"has-black-color has-text-color has-link-color has-medium-font-size wp-elements-53be3a9da7fe224a59f9d35a9031dac3\">O lixo nos oceanos n\u00e3o afeta somente o meio ambiente, mas tamb\u00e9m a economia e a sociedade. Estima-se que os danos ambientais causados pelo lixo marinho custem cerca de 13 bilh\u00f5es de d\u00f3lares anualmente. Isso inclui perdas na pesca, turismo e transporte mar\u00edtimo.&nbsp;<\/p>\n\n\n\n<p class=\"has-black-color has-text-color has-link-color has-medium-font-size wp-elements-94d21a15175dcb1100b1b907495cd11c\">A ingest\u00e3o de micropl\u00e1sticos atrav\u00e9s de frutos-do-mar contaminados representa um risco \u00e0 sa\u00fade humana. Regi\u00f5es com alta vulnerabilidade social, especialmente na \u00c1sia e Oceania, sofrem mais com a polui\u00e7\u00e3o marinha devido \u00e0 falta de saneamento b\u00e1sico e infraestrutura para a gest\u00e3o de res\u00edduos.<\/p>\n\n\n\n<p class=\"has-text-align-center has-black-color has-text-color has-link-color has-medium-font-size wp-elements-a7344304ffe5cbdb9d0df5a52559804b\"><strong>Os impactos do lixo nos oceanos<\/strong><\/p>\n\n\n<div class=\"wp-block-image\">\n<figure class=\"aligncenter size-full\"><img loading=\"lazy\" decoding=\"async\" width=\"571\" height=\"778\" src=\"https:\/\/sme.goiania.go.gov.br\/conexaoescola\/wp-content\/uploads\/2025\/02\/p-26-vida-marinha-e1740512529497.png\" alt=\"\" class=\"wp-image-192665\" srcset=\"https:\/\/sme.goiania.go.gov.br\/conexaoescola\/wp-content\/uploads\/2025\/02\/p-26-vida-marinha-e1740512529497.png 571w, https:\/\/sme.goiania.go.gov.br\/conexaoescola\/wp-content\/uploads\/2025\/02\/p-26-vida-marinha-e1740512529497-220x300.png 220w\" sizes=\"(max-width: 571px) 100vw, 571px\" \/><\/figure><\/div>\n\n\n<p class=\"has-text-align-center has-black-color has-text-color has-link-color has-small-font-size wp-elements-b41d420e08a29e1f1909ae5cd55d07dd\">Fonte: TURRA, Alexander. p. 26. Dispon\u00edvel em: &lt;<a href=\"https:\/\/decada.ciencianomar.mctic.gov.br\/wp-content\/uploads\/2021\/09\/lixo_nos_mares_ebook_low-1.pdf\">https:\/\/decada.ciencianomar.mctic.gov.br\/wp-content\/uploads\/2021\/09\/lixo_nos_mares_ebook_low-1.pdf<\/a>&gt;. Acesso em 18 de fev. de 2025.<\/p>\n\n\n\n<p class=\"has-black-color has-text-color has-link-color has-medium-font-size wp-elements-84df714fd3d845824796144b2d690c40\"><strong>A industrializa\u00e7\u00e3o e a globaliza\u00e7\u00e3o e a rela\u00e7\u00e3o com o lixo nos oceanos<\/strong><\/p>\n\n\n\n<p class=\"has-black-color has-text-color has-link-color has-medium-font-size wp-elements-d14e6f6027d15ad0745471fe766caf8a\">A industrializa\u00e7\u00e3o contribuiu significativamente para o aumento da produ\u00e7\u00e3o e circula\u00e7\u00e3o de bens de consumo, o que levou ao aumento dos res\u00edduos s\u00f3lidos. A globaliza\u00e7\u00e3o intensificou esse processo, ampliando o consumo e o descarte de produtos pl\u00e1sticos em escala global.&nbsp;<\/p>\n\n\n\n<p class=\"has-text-align-center has-black-color has-text-color has-link-color has-medium-font-size wp-elements-8928c4411553e9c00a5ec913dce34461\"><strong>A quantidade estimada de pl\u00e1stico em algumas regi\u00f5es do planeta<\/strong><\/p>\n\n\n<div class=\"wp-block-image\">\n<figure class=\"aligncenter size-full\"><img loading=\"lazy\" decoding=\"async\" width=\"812\" height=\"723\" src=\"https:\/\/sme.goiania.go.gov.br\/conexaoescola\/wp-content\/uploads\/2025\/02\/os-plasticos-no-mundo-e1740512515921.png\" alt=\"\" class=\"wp-image-192663\" srcset=\"https:\/\/sme.goiania.go.gov.br\/conexaoescola\/wp-content\/uploads\/2025\/02\/os-plasticos-no-mundo-e1740512515921.png 812w, https:\/\/sme.goiania.go.gov.br\/conexaoescola\/wp-content\/uploads\/2025\/02\/os-plasticos-no-mundo-e1740512515921-300x267.png 300w, https:\/\/sme.goiania.go.gov.br\/conexaoescola\/wp-content\/uploads\/2025\/02\/os-plasticos-no-mundo-e1740512515921-768x684.png 768w\" sizes=\"(max-width: 812px) 100vw, 812px\" \/><\/figure><\/div>\n\n\n<p class=\"has-text-align-center has-black-color has-text-color has-link-color has-small-font-size wp-elements-80a498841f0c1f27ed2cf0ce5f0445d9\">Fonte: IWANICKI, Lara. p. 51. Dispon\u00edvel em: &lt;<a href=\"https:\/\/brasil.oceana.org\/wp-content\/uploads\/sites\/23\/Um-Oceano-Livre-de-Plastico.pdf\">https:\/\/brasil.oceana.org\/wp-content\/uploads\/sites\/23\/Um-Oceano-Livre-de-Plastico.pdf<\/a>&gt;. cesso em 18 de fev. de 2025.<\/p>\n\n\n\n<p class=\"has-black-color has-text-color has-link-color has-medium-font-size wp-elements-d147ba00617e1036b0865f942e0d34ce\">Pa\u00edses asi\u00e1ticos, como China e \u00cdndia, s\u00e3o hoje grandes produtores de res\u00edduos pl\u00e1sticos, devido ao crescimento econ\u00f4mico acelerado e \u00e0 falta de pol\u00edticas eficazes de gest\u00e3o de res\u00edduos. Por outro lado, pa\u00edses desenvolvidos na Europa exportam seus res\u00edduos para na\u00e7\u00f5es em desenvolvimento, transferindo o problema da polui\u00e7\u00e3o para regi\u00f5es menos preparadas para lidar com ele.<\/p>\n\n\n\n<p class=\"has-black-color has-text-color has-link-color has-medium-font-size wp-elements-4aeb1fb839182d9ed5eafe2fc96d19a5\"><strong>Solu\u00e7\u00f5es e desafios globais sobre o lixo nos oceanos<\/strong><\/p>\n\n\n\n<p class=\"has-black-color has-text-color has-link-color has-medium-font-size wp-elements-7eb9454a11d1e5d37064fbcb35c3f199\">A Conven\u00e7\u00e3o de Londres (1972) e a Conven\u00e7\u00e3o MARPOL (1973) foram marcos importantes na regulamenta\u00e7\u00e3o do despejo de res\u00edduos no mar. Recentemente, a Estrat\u00e9gia de Honolulu busca prevenir e gerenciar res\u00edduos marinhos em escala global.&nbsp;<\/p>\n\n\n\n<p class=\"has-text-align-center has-black-color has-text-color has-link-color has-medium-font-size wp-elements-e1e6f215ea6ebbb2f2b7d80f0d3f48aa\"><strong>Estrat\u00e9gia de Honolulu para gest\u00e3o dos res\u00edduos s\u00f3lidos nos mares<\/strong><\/p>\n\n\n<div class=\"wp-block-image\">\n<figure class=\"aligncenter size-full\"><img loading=\"lazy\" decoding=\"async\" width=\"745\" height=\"739\" src=\"https:\/\/sme.goiania.go.gov.br\/conexaoescola\/wp-content\/uploads\/2025\/02\/estrategias-de-prevencao-e-cuidado-e1740512501106.png\" alt=\"\" class=\"wp-image-192662\" srcset=\"https:\/\/sme.goiania.go.gov.br\/conexaoescola\/wp-content\/uploads\/2025\/02\/estrategias-de-prevencao-e-cuidado-e1740512501106.png 745w, https:\/\/sme.goiania.go.gov.br\/conexaoescola\/wp-content\/uploads\/2025\/02\/estrategias-de-prevencao-e-cuidado-e1740512501106-300x298.png 300w, https:\/\/sme.goiania.go.gov.br\/conexaoescola\/wp-content\/uploads\/2025\/02\/estrategias-de-prevencao-e-cuidado-e1740512501106-150x150.png 150w\" sizes=\"(max-width: 745px) 100vw, 745px\" \/><\/figure><\/div>\n\n\n<p class=\"has-text-align-center has-black-color has-text-color has-link-color has-small-font-size wp-elements-489b72841b262d4e187f2a3b722529e7\">Fonte: TURRA, Alexander. p. 62. Dispon\u00edvel em: &lt;<a href=\"https:\/\/decada.ciencianomar.mctic.gov.br\/wp-content\/uploads\/2021\/09\/lixo_nos_mares_ebook_low-1.pdf\">https:\/\/decada.ciencianomar.mctic.gov.br\/wp-content\/uploads\/2021\/09\/lixo_nos_mares_ebook_low-1.pdf<\/a>&gt;. Acesso em 18 de fev. de 2025.<\/p>\n\n\n\n<p class=\"has-black-color has-text-color has-link-color has-medium-font-size wp-elements-907e1cd3c5983d22e438b67dfdc23527\">Na Europa, a Uni\u00e3o Europeia implementou a Diretiva sobre Pl\u00e1sticos de Uso \u00danico, proibindo itens como canudos e talheres pl\u00e1sticos. Na \u00c1sia, iniciativas como o Plano de A\u00e7\u00e3o Regional da Associa\u00e7\u00e3o das Na\u00e7\u00f5es do Sudeste Asi\u00e1tico (ASEAN) visam reduzir o lixo marinho.&nbsp;<\/p>\n\n\n\n<p class=\"has-black-color has-text-color has-link-color has-medium-font-size wp-elements-c0df6df6066440a814b7851a5337e6e2\">Reduzir o consumo de pl\u00e1sticos de uso \u00fanico, promover a reciclagem e incentivar a economia circular s\u00e3o a\u00e7\u00f5es fundamentais para enfrentar o problema. A conscientiza\u00e7\u00e3o p\u00fablica \u00e9 essencial para mudar comportamentos e reduzir o descarte inadequado de res\u00edduos.<\/p>\n\n\n\n<p class=\"has-black-color has-text-color has-link-color has-medium-font-size wp-elements-99e3f849e74e03de23457dffac293cb6\"><strong>Um desafio global que exige a\u00e7\u00e3o coletiva<\/strong><\/p>\n\n\n\n<p class=\"has-black-color has-text-color has-link-color has-medium-font-size wp-elements-d4b718486759b8259d46232c0a144ec6\">O lixo nos oceanos \u00e9 um problema complexo que afeta o meio ambiente, a economia e a sa\u00fade humana. As ra\u00edzes desse problema est\u00e3o ligadas aos padr\u00f5es de produ\u00e7\u00e3o e consumo da sociedade globalizada, intensificados pela industrializa\u00e7\u00e3o. A solu\u00e7\u00e3o passa por uma abordagem integrada, que envolva governos, empresas, organiza\u00e7\u00f5es civis e cidad\u00e3os. \u00c9 necess\u00e1rio implementar pol\u00edticas p\u00fablicas eficazes, promover o consumo consciente e investir em tecnologias de reciclagem. Somente com a\u00e7\u00f5es coordenadas em escala global ser\u00e1 poss\u00edvel enfrentar esse desafio e preservar os oceanos para as futuras gera\u00e7\u00f5es.<\/p>\n\n\n\n<p><\/p>\n\n\n\n<p class=\"has-text-align-center has-black-color has-pale-cyan-blue-background-color has-text-color has-background has-link-color has-medium-font-size wp-elements-901a43bc1f32b6a82c8418d1c5b9248f\"><strong>Assista ao v\u00eddeo sobre o lixo nos oceanos.<\/strong><\/p>\n\n\n\n<figure class=\"wp-block-embed is-type-video is-provider-youtube wp-block-embed-youtube wp-embed-aspect-16-9 wp-has-aspect-ratio\"><div class=\"wp-block-embed__wrapper\">\n<p class=\"responsive-video-wrap clr\"><iframe title=\"Geografia \u2014 O lixo nos oceanos \u2014 9\u00ba ano\" width=\"1200\" height=\"675\" src=\"https:\/\/www.youtube.com\/embed\/aO8j5m0HAk0?feature=oembed\" frameborder=\"0\" allow=\"accelerometer; autoplay; clipboard-write; encrypted-media; gyroscope; picture-in-picture; web-share\" referrerpolicy=\"strict-origin-when-cross-origin\" allowfullscreen><\/iframe><\/p>\n<\/div><\/figure>\n\n\n\n<p class=\"has-text-align-center has-black-color has-text-color has-link-color has-small-font-size wp-elements-a078089dc1593a928d70887563f7c43e\"><strong>Fonte: @Est\u00fadioConex\u00e3oEscola<\/strong><\/p>\n\n\n\n<p class=\"has-text-align-center has-black-color has-text-color has-background has-medium-font-size\" style=\"background-color:#ffd2ae\"><strong>RESPONDA \u00c0S QUEST\u00d5ES<\/strong><\/p>\n\n\n\n<p class=\"has-black-color has-pale-cyan-blue-background-color has-text-color has-background has-medium-font-size\"><strong>QUEST\u00c3O 01<\/strong><\/p>\n\n\n\n<p class=\"has-black-color has-text-color has-medium-font-size\">Analise as informa\u00e7\u00f5es da imagem.<\/p>\n\n\n\n<p class=\"has-text-align-center has-black-color has-text-color has-medium-font-size\"><strong>A quantidade estimada de pl\u00e1stico em algumas regi\u00f5es do planeta<\/strong><\/p>\n\n\n<div class=\"wp-block-image\">\n<figure class=\"aligncenter size-full\"><img loading=\"lazy\" decoding=\"async\" width=\"812\" height=\"723\" src=\"https:\/\/sme.goiania.go.gov.br\/conexaoescola\/wp-content\/uploads\/2025\/02\/os-plasticos-no-mundo-e1740512515921.png\" alt=\"\" class=\"wp-image-192663\" srcset=\"https:\/\/sme.goiania.go.gov.br\/conexaoescola\/wp-content\/uploads\/2025\/02\/os-plasticos-no-mundo-e1740512515921.png 812w, https:\/\/sme.goiania.go.gov.br\/conexaoescola\/wp-content\/uploads\/2025\/02\/os-plasticos-no-mundo-e1740512515921-300x267.png 300w, https:\/\/sme.goiania.go.gov.br\/conexaoescola\/wp-content\/uploads\/2025\/02\/os-plasticos-no-mundo-e1740512515921-768x684.png 768w\" sizes=\"(max-width: 812px) 100vw, 812px\" \/><\/figure><\/div>\n\n\n<p class=\"has-text-align-center has-black-color has-text-color has-link-color has-small-font-size wp-elements-80a498841f0c1f27ed2cf0ce5f0445d9\">Fonte: IWANICKI, Lara. p. 51. Dispon\u00edvel em: &lt;<a href=\"https:\/\/brasil.oceana.org\/wp-content\/uploads\/sites\/23\/Um-Oceano-Livre-de-Plastico.pdf\">https:\/\/brasil.oceana.org\/wp-content\/uploads\/sites\/23\/Um-Oceano-Livre-de-Plastico.pdf<\/a>&gt;. cesso em 18 de fev. de 2025.<\/p>\n\n\n\n<p class=\"has-black-color has-text-color has-link-color has-medium-font-size wp-elements-96c3af8c4d0b740343709fe0d3e2d59d\">Observe a imagem e produza um texto a partir de uma an\u00e1lise sobre como a globaliza\u00e7\u00e3o e a industrializa\u00e7\u00e3o contribu\u00edram para o aumento da polui\u00e7\u00e3o marinha. Em sua resposta, mencione exemplos de pr\u00e1ticas de consumo e produ\u00e7\u00e3o que intensificam o problema.<\/p>\n\n\n\n<p><\/p>\n\n\n\n<p class=\"has-black-color has-pale-cyan-blue-background-color has-text-color has-background has-medium-font-size\"><strong><strong>QUEST\u00c3O<\/strong> 02<\/strong><\/p>\n\n\n\n<p class=\"has-black-color has-text-color has-link-color has-medium-font-size wp-elements-8fe16e1fa6cc05ede6180ad29874dcb3\">Observe a manchete e responda \u00e0 quest\u00e3o a seguir.<\/p>\n\n\n<div class=\"wp-block-image\">\n<figure class=\"aligncenter size-large\"><img loading=\"lazy\" decoding=\"async\" width=\"1024\" height=\"467\" src=\"https:\/\/sme.goiania.go.gov.br\/conexaoescola\/wp-content\/uploads\/2025\/02\/manchete-e1740512591599-1024x467.png\" alt=\"\" class=\"wp-image-192669\" srcset=\"https:\/\/sme.goiania.go.gov.br\/conexaoescola\/wp-content\/uploads\/2025\/02\/manchete-e1740512591599-1024x467.png 1024w, https:\/\/sme.goiania.go.gov.br\/conexaoescola\/wp-content\/uploads\/2025\/02\/manchete-e1740512591599-300x137.png 300w, https:\/\/sme.goiania.go.gov.br\/conexaoescola\/wp-content\/uploads\/2025\/02\/manchete-e1740512591599-768x350.png 768w, https:\/\/sme.goiania.go.gov.br\/conexaoescola\/wp-content\/uploads\/2025\/02\/manchete-e1740512591599.png 1306w\" sizes=\"(max-width: 1024px) 100vw, 1024px\" \/><\/figure><\/div>\n\n\n<p class=\"has-text-align-center has-black-color has-text-color has-link-color has-small-font-size wp-elements-89fec5bed988e9cf261c8dbceed54f43\">Fonte: Ag\u00eancia Brasil. Fab\u00edola Sinimb\u00fa &#8211; Rep\u00f3rter da Ag\u00eancia Brasil Publicado em 17\/10\/2024 &#8211; 10:04 Bras\u00edlia. Dispon\u00edvel em: &lt;<a href=\"https:\/\/agenciabrasil.ebc.com.br\/meio-ambiente\/noticia\/2024-10\/brasil-lanca-por-ano-13-milhao-de-toneladas-de-plastico-no-oceano\">https:\/\/agenciabrasil.ebc.com.br\/meio-ambiente\/noticia\/2024-10\/brasil-lanca-por-ano-13-milhao-de-toneladas-de-plastico-no-oceano<\/a>&gt;. Acesso em 18 de fev. de 2025.<\/p>\n\n\n\n<p class=\"has-black-color has-text-color has-link-color has-medium-font-size wp-elements-353fe7b33db1ace287c15e7948393425\">O pl\u00e1stico \u00e9 identificado como o principal componente do lixo nos oceanos devido \u00e0 sua durabilidade e flutuabilidade, aliados ao descarte inadequado. Avalie o impacto do uso de pl\u00e1sticos de uso \u00fanico na polui\u00e7\u00e3o marinha e discuta com os seus colegas, poss\u00edveis alternativas para reduzir essa forma de polui\u00e7\u00e3o, considerando aspectos sociais, econ\u00f4micos e culturais. Ap\u00f3s o dialogo com os seus colegas, produza um texto sobre como o consumo desordenado afeta o meio ambiente e a vida das pessoas.<\/p>\n\n\n\n<p><\/p>\n\n\n\n<p class=\"has-black-color has-pale-cyan-blue-background-color has-text-color has-background has-medium-font-size\"><strong><strong>QUEST\u00c3O<\/strong> 0<\/strong>3<\/p>\n\n\n\n<p class=\"has-black-color has-text-color has-link-color has-medium-font-size wp-elements-69922593017ca922e465572e8b66b0e6\">A rela\u00e7\u00e3o entre o crescimento econ\u00f4mico acelerado na \u00c1sia e o aumento da polui\u00e7\u00e3o marinha \u00e9 mencionada no texto. Explique, como a falta de infraestrutura adequada e pol\u00edticas p\u00fablicas ineficazes agravam o problema do lixo nos oceanos nessas regi\u00f5es. Apresente sugest\u00f5es para enfrentar esses desafios.<\/p>\n\n\n\n<p><\/p>\n\n\n\n<p class=\"has-black-color has-pale-cyan-blue-background-color has-text-color has-background has-medium-font-size\"><strong><strong>QUEST\u00c3O<\/strong> 04<\/strong><\/p>\n\n\n\n<p class=\"has-black-color has-text-color has-link-color has-medium-font-size wp-elements-66052983319090479e285ce7972b750b\">Analise o papel das organiza\u00e7\u00f5es internacionais e dos acordos globais na gest\u00e3o de res\u00edduos marinhos. Em sua resposta, avalie a import\u00e2ncia da coopera\u00e7\u00e3o internacional e das pol\u00edticas regionais na mitiga\u00e7\u00e3o desse problema ambiental.<\/p>\n\n\n\n<p><\/p>\n\n\n\n<p class=\"has-black-color has-pale-cyan-blue-background-color has-text-color has-background has-link-color has-medium-font-size wp-elements-d62d739ba8b40c82db6b5130db77443c\"><strong><strong>QUEST\u00c3O<\/strong> 05<\/strong><\/p>\n\n\n\n<p class=\"has-black-color has-text-color has-link-color has-medium-font-size wp-elements-584d2f614a28a8c93123e23644ffa3b7\">O lixo nos oceanos \u00e9 um dos problemas ambientais mais graves da atualidade, afetando ecossistemas marinhos, sociedades humanas e a economia global. O lixo nos oceanos \u00e9 um reflexo direto dos padr\u00f5es de produ\u00e7\u00e3o e consumo da sociedade contempor\u00e2nea. Uma das principais causas desse problema \u00e9<\/p>\n\n\n\n<p class=\"has-black-color has-text-color has-link-color has-medium-font-size wp-elements-413541adf95c6727285f4159aa794dfa\">(A) a aus\u00eancia de mares em regi\u00f5es urbanas no continente europeu e asi\u00e1tico.&nbsp;<\/p>\n\n\n\n<p class=\"has-black-color has-text-color has-link-color has-medium-font-size wp-elements-f53d55e87612581406385c9335d42f1c\">(B) o crescimento do consumo e do descarte inadequado de produtos pl\u00e1sticos.&nbsp;<\/p>\n\n\n\n<p class=\"has-black-color has-text-color has-link-color has-medium-font-size wp-elements-8f022ff2707e5e87e25f2c07e4fc88dc\">(C) a redu\u00e7\u00e3o do com\u00e9rcio global e a diminui\u00e7\u00e3o da produ\u00e7\u00e3o industrial.&nbsp;<\/p>\n\n\n\n<p class=\"has-black-color has-text-color has-link-color has-medium-font-size wp-elements-c4d97fe7259f0d05331f8dff67e0c8da\">(D) o uso exclusivo de materiais biodegrad\u00e1veis pelas ind\u00fastrias.<\/p>\n\n\n\n<p><\/p>\n\n\n\n<p class=\"has-black-color has-pale-cyan-blue-background-color has-text-color has-background has-link-color has-medium-font-size wp-elements-b970a5e53143a5ccf5506fccdccf7025\"><strong><strong>QUEST\u00c3O<\/strong> 06<\/strong><\/p>\n\n\n\n<p class=\"has-black-color has-text-color has-link-color has-medium-font-size wp-elements-7a89c1137d74b249eabf72aa2e39e11a\">A industrializa\u00e7\u00e3o e a globaliza\u00e7\u00e3o, a circula\u00e7\u00e3o de produtos aumentou significativamente, especialmente na \u00c1sia, ampliando os impactos socioecon\u00f4micos e ambientais relacionados ao lixo marinho. Dessa forma, a industrializa\u00e7\u00e3o e a globaliza\u00e7\u00e3o intensificaram a polui\u00e7\u00e3o marinha ao longo das \u00faltimas d\u00e9cadas. Como esse processo ocorreu&nbsp;<\/p>\n\n\n\n<p class=\"has-black-color has-text-color has-link-color has-medium-font-size wp-elements-0301eae4d6d410cd584ca98b619e841b\">(A) o crescimento econ\u00f4mico elevou a produ\u00e7\u00e3o de pl\u00e1sticos e o descarte irrespons\u00e1vel.&nbsp;<\/p>\n\n\n\n<p class=\"has-black-color has-text-color has-link-color has-medium-font-size wp-elements-762c878ee63d0e8b9be8ef855f129859\">(B) a maior consci\u00eancia ambiental levou \u00e0 elimina\u00e7\u00e3o do uso de pl\u00e1sticos descart\u00e1veis.&nbsp;<\/p>\n\n\n\n<p class=\"has-black-color has-text-color has-link-color has-medium-font-size wp-elements-87a5653598d5bf7738d414388761cf3f\">(C) o avan\u00e7o da tecnologia possibilitou o fim da polui\u00e7\u00e3o gerada pelo setor industrial.&nbsp;<\/p>\n\n\n\n<p class=\"has-black-color has-text-color has-link-color has-medium-font-size wp-elements-5768ca2549ab4883264a4c6d60598c38\">(D) a globaliza\u00e7\u00e3o incentivou a redu\u00e7\u00e3o da produ\u00e7\u00e3o e do com\u00e9rcio de pl\u00e1sticos no mundo.<\/p>\n\n\n\n<p><\/p>\n\n\n\n<p class=\"has-black-color has-pale-cyan-blue-background-color has-text-color has-background has-link-color has-medium-font-size wp-elements-a6a7434cdd232a578057d9c1caa4cdf5\"><strong><strong>QUEST\u00c3O<\/strong> 07<\/strong><\/p>\n\n\n\n<p class=\"has-black-color has-text-color has-link-color has-medium-font-size wp-elements-639f3218133de7ebcf7c47c1eac27ca1\">O lixo nos oceanos \u00e9 composto por res\u00edduos s\u00f3lidos produzidos pelo ser humano que, intencionalmente ou n\u00e3o, chegam ao ambiente marinho. Esses res\u00edduos podem ser provenientes de fontes terrestres, como cidades e ind\u00fastrias, ou de fontes marinhas, como navios e plataformas de petr\u00f3leo. O lixo de fontes terrestres que chegam nos oceanos est\u00e1 diretamente ligado \u00e0s desigualdades sociais, isso pode ser percebido&nbsp;&nbsp;<\/p>\n\n\n\n<p class=\"has-black-color has-text-color has-link-color has-medium-font-size wp-elements-365bfb4a9baad7928fd5e7c26a4f5b75\">(A) nos pa\u00edses desenvolvidos que s\u00e3o os \u00fanicos respons\u00e1veis pela polui\u00e7\u00e3o dos oceanos.&nbsp;<\/p>\n\n\n\n<p class=\"has-black-color has-text-color has-link-color has-medium-font-size wp-elements-f44fe90dfc69242012e8bfbc9365e60f\">(B) nas comunidades litor\u00e2neas lucram com a polui\u00e7\u00e3o e o ac\u00famulo de res\u00edduos s\u00f3lidos.&nbsp;<\/p>\n\n\n\n<p class=\"has-black-color has-text-color has-link-color has-medium-font-size wp-elements-c91885e3242f5cf32e9840548fb1bc5a\">(C) pois, o lixo nos oceanos n\u00e3o tem rela\u00e7\u00e3o com fatores sociais e econ\u00f4micos globais.<\/p>\n\n\n\n<p class=\"has-black-color has-text-color has-link-color has-medium-font-size wp-elements-83432fe3bdfda71f4e2f40528ca593fa\">(D) nas regi\u00f5es com baixa infraestrutura que sofrem mais com o descarte inadequado de res\u00edduos.<\/p>\n\n\n\n<p><\/p>\n\n\n\n<hr class=\"wp-block-separator has-alpha-channel-opacity\"\/>\n\n\n\n<figure class=\"wp-block-table is-style-stripes\" style=\"font-size:15px\"><table class=\"has-black-color has-text-color\"><tbody><tr><td><strong>Autoria:<\/strong><\/td><td>Prof. Me.: Gabriel Ramos Paiva<\/td><\/tr><tr><td><strong>Forma\u00e7\u00e3o:<\/strong><\/td><td>Licenciatura em Geografia;<br>Bacharelado em Geografia;<br>Licenciatura em Pedagogia;<br>Mestre em Geografia pelo IESA-UFG.<\/td><\/tr><tr><td><strong>Componente Curricular:<\/strong><\/td><td>Geografia<\/td><\/tr><tr><td><strong>Objeto de conhecimento\/Conte\u00fados:<\/strong><\/td><td>Transforma\u00e7\u00f5es do espa\u00e7o na sociedade<br>urbano-industrial:<br>Impactos socioecon\u00f4micos e ambientais<br>da industrializa\u00e7\u00e3o na Europa, na \u00c1sia e na<br>Oceania<br>Rela\u00e7\u00f5es comerciais do Brasil com Europa,<br>\u00c1sia e Oceania<br>Industrializa\u00e7\u00e3o e as transforma\u00e7\u00f5es no trabalho<\/td><\/tr><tr><td><strong>DCGO \u2013 AMPLIADO (1\u00ba corte) Habilidades:<\/strong><\/td><td>(EF09GE10-A) Conhecer e analisar os impactos socioecon\u00f4micos e ambientais da industrializa\u00e7\u00e3o na produ\u00e7\u00e3o e na circula\u00e7\u00e3o de produtos e culturas na Europa, \u00c1sia e Oceania.<\/td><\/tr><tr><td><strong>Refer\u00eancias:<\/strong><\/td><td>IWANICKI, Lara. <strong>Um oceano livre de pl\u00e1stico: desafios para reduzir a polui\u00e7\u00e3o marinha no Brasil.<\/strong> 1. ed. Oceana Brasil, Bras\u00edlia, DF, 2020. Dispon\u00edvel em: &lt;<a href=\"https:\/\/brasil.oceana.org\/wp-content\/uploads\/sites\/23\/Um-Oceano-Livre-de-Plastico.pdf\">https:\/\/brasil.oceana.org\/wp-content\/uploads\/sites\/23\/Um-Oceano-Livre-de-Plastico.pdf<\/a>&gt;. cesso em 18 de fev. de 2025.<br><br>TURRA, Alexander. <strong>Lixo nos Mares: do entendimento \u00e0 solu\u00e7\u00e3o.<\/strong> Alexander Turra, Marina Ferreira Mour\u00e3o Santana, Andr\u00e9a de Lima Oliveira, Lucas Barbosa, Rita Monteiro Camargo, Fabiana Tavares Moreira, M\u00e1rcia Regina Denadai.\u00ad Instituto Oceanogr\u00e1fico da Universidade de S\u00e3o Paulo, S\u00e3o Paulo, 2020. Dispon\u00edvel em: &lt;<a href=\"https:\/\/decada.ciencianomar.mctic.gov.br\/wp-content\/uploads\/2021\/09\/lixo_nos_mares_ebook_low-1.pdf\">https:\/\/decada.ciencianomar.mctic.gov.br\/wp-content\/uploads\/2021\/09\/lixo_nos_mares_ebook_low-1.pdf<\/a>&gt;. Acesso em 18 de fev. de 2025.<\/td><\/tr><\/tbody><\/table><\/figure>\n\n\n\n<p><\/p>\n","protected":false},"author":20,"featured_media":192671,"template":"","ef_categoria":[16],"ef_ano":[92],"ef_componente":[96],"class_list":["post-192660","ensino_fundamental","type-ensino_fundamental","status-publish","has-post-thumbnail","hentry","ef_categoria-ciclo-da-adolescencia-hi","ef_ano-9o-ano","ef_componente-geografia","entry","has-media"],"acf":[],"_links":{"self":[{"href":"https:\/\/sme.goiania.go.gov.br\/conexaoescola\/wp-json\/wp\/v2\/ensino_fundamental\/192660","targetHints":{"allow":["GET"]}}],"collection":[{"href":"https:\/\/sme.goiania.go.gov.br\/conexaoescola\/wp-json\/wp\/v2\/ensino_fundamental"}],"about":[{"href":"https:\/\/sme.goiania.go.gov.br\/conexaoescola\/wp-json\/wp\/v2\/types\/ensino_fundamental"}],"author":[{"embeddable":true,"href":"https:\/\/sme.goiania.go.gov.br\/conexaoescola\/wp-json\/wp\/v2\/users\/20"}],"version-history":[{"count":3,"href":"https:\/\/sme.goiania.go.gov.br\/conexaoescola\/wp-json\/wp\/v2\/ensino_fundamental\/192660\/revisions"}],"predecessor-version":[{"id":193105,"href":"https:\/\/sme.goiania.go.gov.br\/conexaoescola\/wp-json\/wp\/v2\/ensino_fundamental\/192660\/revisions\/193105"}],"wp:featuredmedia":[{"embeddable":true,"href":"https:\/\/sme.goiania.go.gov.br\/conexaoescola\/wp-json\/wp\/v2\/media\/192671"}],"wp:attachment":[{"href":"https:\/\/sme.goiania.go.gov.br\/conexaoescola\/wp-json\/wp\/v2\/media?parent=192660"}],"wp:term":[{"taxonomy":"ef_categoria","embeddable":true,"href":"https:\/\/sme.goiania.go.gov.br\/conexaoescola\/wp-json\/wp\/v2\/ef_categoria?post=192660"},{"taxonomy":"ef_ano","embeddable":true,"href":"https:\/\/sme.goiania.go.gov.br\/conexaoescola\/wp-json\/wp\/v2\/ef_ano?post=192660"},{"taxonomy":"ef_componente","embeddable":true,"href":"https:\/\/sme.goiania.go.gov.br\/conexaoescola\/wp-json\/wp\/v2\/ef_componente?post=192660"}],"curies":[{"name":"wp","href":"https:\/\/api.w.org\/{rel}","templated":true}]}}