{"id":191629,"date":"2024-12-16T15:25:33","date_gmt":"2024-12-16T18:25:33","guid":{"rendered":"https:\/\/sme.goiania.go.gov.br\/conexaoescola\/?post_type=ensino_fundamental&#038;p=191629"},"modified":"2024-12-16T15:27:19","modified_gmt":"2024-12-16T18:27:19","slug":"geografia-o-tratado-da-antartica","status":"publish","type":"ensino_fundamental","link":"https:\/\/sme.goiania.go.gov.br\/conexaoescola\/ensino_fundamental\/geografia-o-tratado-da-antartica\/","title":{"rendered":"Geografia &#8211; O Tratado da Ant\u00e1rtica"},"content":{"rendered":"\n<p class=\"has-black-color has-vivid-cyan-blue-background-color has-text-color has-background has-medium-font-size\">Esta proposta de atividade de<strong> GEOGRAFIA<\/strong> \u00e9 destinada aos estudantes do <strong>8\u00ba ano<\/strong> do Ensino Fundamental anos iniciais.<\/p>\n\n\n\n<div class=\"wp-block-buttons is-content-justification-center is-layout-flex wp-container-core-buttons-is-layout-16018d1d wp-block-buttons-is-layout-flex\">\n<div class=\"wp-block-button has-custom-font-size has-medium-font-size\"><a class=\"wp-block-button__link has-white-color has-black-background-color has-text-color has-background wp-element-button\" href=\"https:\/\/drive.google.com\/uc?export=download&amp;id=1lI4CRECo-6LWJB633CsrsImeAJRYvGwM\">BAIXE A ATIVIDADE<\/a><\/div>\n\n\n\n<div class=\"wp-block-button has-custom-font-size has-medium-font-size\"><a class=\"wp-block-button__link has-white-color has-black-background-color has-text-color has-background wp-element-button\" href=\"https:\/\/drive.google.com\/uc?export=download&amp;id=1f7Fmlilq6HRSEKApDyhNnzv5-cap1GoZ\">BAIXE OS SLIDES<\/a><\/div>\n\n\n\n<div class=\"wp-block-button has-custom-font-size has-medium-font-size\"><a class=\"wp-block-button__link has-white-color has-black-background-color has-text-color has-background wp-element-button\" href=\"https:\/\/drive.google.com\/uc?export=download&amp;id=1BY9ZDvlJqGUHuOVIu7F53khFTrb9BpNw\">BAIXE O TEXTO<\/a><\/div>\n<\/div>\n\n\n\n<p><\/p>\n\n\n\n<figure class=\"wp-block-image size-large\"><img fetchpriority=\"high\" decoding=\"async\" width=\"1024\" height=\"539\" src=\"https:\/\/sme.goiania.go.gov.br\/conexaoescola\/wp-content\/uploads\/2024\/12\/Estacao_Antartica_Mar_2019_49352520916-e1734372979153-1024x539.png\" alt=\"\" class=\"wp-image-191631\" srcset=\"https:\/\/sme.goiania.go.gov.br\/conexaoescola\/wp-content\/uploads\/2024\/12\/Estacao_Antartica_Mar_2019_49352520916-e1734372979153-1024x539.png 1024w, https:\/\/sme.goiania.go.gov.br\/conexaoescola\/wp-content\/uploads\/2024\/12\/Estacao_Antartica_Mar_2019_49352520916-e1734372979153-300x158.png 300w, https:\/\/sme.goiania.go.gov.br\/conexaoescola\/wp-content\/uploads\/2024\/12\/Estacao_Antartica_Mar_2019_49352520916-e1734372979153-768x404.png 768w, https:\/\/sme.goiania.go.gov.br\/conexaoescola\/wp-content\/uploads\/2024\/12\/Estacao_Antartica_Mar_2019_49352520916-e1734372979153.png 1200w\" sizes=\"(max-width: 1024px) 100vw, 1024px\" \/><\/figure>\n\n\n\n<p class=\"has-text-align-center has-black-color has-text-color has-link-color has-small-font-size wp-elements-2658b691a3d460496936e1c40e595c0e\">Fonte: Esta\u00e7\u00e3o Ant\u00e1rtica Comandante Ferraz, pertencente ao Brasil. Dispon\u00edvel em: &lt;<a href=\"https:\/\/commons.wikimedia.org\/wiki\/File:Esta%C3%A7%C3%A3o_Ant%C3%A1rtica_Mar_2019_(49352520916).png\">https:\/\/commons.wikimedia.org\/wiki\/File:Esta%C3%A7%C3%A3o_Ant%C3%A1rtica_Mar_2019_(49352520916).png<\/a>>. Acesso em 11 de dez. de 2024.<br><\/p>\n\n\n\n<p class=\"has-text-align-center has-black-color has-text-color has-background has-medium-font-size\" style=\"background-color:#b8e0fb\"><strong><strong>O Tratado da Ant\u00e1rtica <\/strong><\/strong><\/p>\n\n\n\n<p class=\"has-black-color has-text-color has-link-color has-medium-font-size wp-elements-53f6aacf1dd6560cc79869492aee3769\">A Ant\u00e1rtica, o continente mais frio, seco e in\u00f3spito do planeta, desempenha um papel crucial no equil\u00edbrio ambiental global. Com suas vastas calotas de gelo, ventos rigorosos e fauna \u00fanica, a regi\u00e3o \u00e9 um laborat\u00f3rio natural para estudos cient\u00edficos. No entanto, devido ao seu potencial estrat\u00e9gico e aos recursos minerais ainda inexplorados, o continente tem sido alvo de interesse internacional. O Tratado da Ant\u00e1rtica, assinado em 1959 e vigente desde 1961, \u00e9 uma das iniciativas mais significativas de coopera\u00e7\u00e3o internacional, estabelecendo diretrizes para a preserva\u00e7\u00e3o e uso pac\u00edfico dessa regi\u00e3o.<\/p>\n\n\n\n<p class=\"has-text-align-center has-black-color has-text-color has-link-color has-medium-font-size wp-elements-36fe63f470fc1afcbd3c3ec942d1d64b\"><strong>Localiza\u00e7\u00e3o do continente ant\u00e1rtico<\/strong><\/p>\n\n\n\n<figure class=\"wp-block-image size-full\"><img decoding=\"async\" width=\"806\" height=\"806\" src=\"https:\/\/sme.goiania.go.gov.br\/conexaoescola\/wp-content\/uploads\/2024\/12\/Antarctica_orthographic_projection.svg_-e1734373017790.png\" alt=\"\" class=\"wp-image-191633\" srcset=\"https:\/\/sme.goiania.go.gov.br\/conexaoescola\/wp-content\/uploads\/2024\/12\/Antarctica_orthographic_projection.svg_-e1734373017790.png 806w, https:\/\/sme.goiania.go.gov.br\/conexaoescola\/wp-content\/uploads\/2024\/12\/Antarctica_orthographic_projection.svg_-e1734373017790-300x300.png 300w, https:\/\/sme.goiania.go.gov.br\/conexaoescola\/wp-content\/uploads\/2024\/12\/Antarctica_orthographic_projection.svg_-e1734373017790-150x150.png 150w, https:\/\/sme.goiania.go.gov.br\/conexaoescola\/wp-content\/uploads\/2024\/12\/Antarctica_orthographic_projection.svg_-e1734373017790-768x768.png 768w\" sizes=\"(max-width: 806px) 100vw, 806px\" \/><\/figure>\n\n\n\n<p class=\"has-text-align-center has-black-color has-text-color has-link-color has-small-font-size wp-elements-75abf158a1d980c1b471995b0dbc1c12\">Fonte: Antarctica. Dispon\u00edvel em: &lt;<a href=\"https:\/\/commons.wikimedia.org\/wiki\/File:Antarctica_(orthographic_projection).svg\">https:\/\/commons.wikimedia.org\/wiki\/File:Antarctica_(orthographic_projection).svg<\/a>&gt;. Acesso em 11 de dez. de 2024.<\/p>\n\n\n\n<p class=\"has-black-color has-text-color has-link-color has-medium-font-size wp-elements-00e8fe3e5d86e9df743188fa75a709ab\"><strong>Origem e contexto hist\u00f3rico do Tratado da Ant\u00e1rtica<\/strong><\/p>\n\n\n\n<p class=\"has-black-color has-text-color has-link-color has-medium-font-size wp-elements-b288b4971c3526365e31c069730714f0\">O Tratado da Ant\u00e1rtica surgiu em um contexto de tens\u00f5es da Guerra Fria, quando o risco de disputas territoriais e a explora\u00e7\u00e3o de recursos naturais poderia levar a conflitos.&nbsp;<\/p>\n\n\n\n<p class=\"has-text-align-center has-black-color has-text-color has-link-color has-medium-font-size wp-elements-740dcba9d56bc6bc7db1bcb6750fa05b\"><strong>Bandeira do Sistema do Tratado da Ant\u00e1rtica<\/strong><\/p>\n\n\n<div class=\"wp-block-image\">\n<figure class=\"aligncenter size-large\"><img decoding=\"async\" width=\"1024\" height=\"683\" src=\"https:\/\/sme.goiania.go.gov.br\/conexaoescola\/wp-content\/uploads\/2024\/12\/Flag_of_the_Antarctic_Treaty.svg_-e1734373000926-1024x683.png\" alt=\"\" class=\"wp-image-191632\" srcset=\"https:\/\/sme.goiania.go.gov.br\/conexaoescola\/wp-content\/uploads\/2024\/12\/Flag_of_the_Antarctic_Treaty.svg_-e1734373000926-1024x683.png 1024w, https:\/\/sme.goiania.go.gov.br\/conexaoescola\/wp-content\/uploads\/2024\/12\/Flag_of_the_Antarctic_Treaty.svg_-e1734373000926-300x200.png 300w, https:\/\/sme.goiania.go.gov.br\/conexaoescola\/wp-content\/uploads\/2024\/12\/Flag_of_the_Antarctic_Treaty.svg_-e1734373000926-768x512.png 768w, https:\/\/sme.goiania.go.gov.br\/conexaoescola\/wp-content\/uploads\/2024\/12\/Flag_of_the_Antarctic_Treaty.svg_-e1734373000926.png 1200w\" sizes=\"(max-width: 1024px) 100vw, 1024px\" \/><\/figure><\/div>\n\n\n<p class=\"has-text-align-center has-black-color has-text-color has-link-color has-small-font-size wp-elements-74a6dccdf2bd2b366992cbc9d00f622f\">Fonte: Bandeira do Sistema do Tratado da Ant\u00e1rtica. Dispon\u00edvel em: &lt;<a href=\"https:\/\/commons.wikimedia.org\/wiki\/File:Flag_of_the_Antarctic_Treaty.svg\">https:\/\/commons.wikimedia.org\/wiki\/File:Flag_of_the_Antarctic_Treaty.svg<\/a>&gt;. Acesso em 11 de dez. de 2024.<\/p>\n\n\n\n<p class=\"has-black-color has-text-color has-link-color has-medium-font-size wp-elements-d7b53bc909f845d2147776efbc5bd041\">Reconhecendo a necessidade de preservar a Ant\u00e1rtica como uma \u00e1rea de coopera\u00e7\u00e3o pac\u00edfica, 12 pa\u00edses que realizavam pesquisas na regi\u00e3o se uniram para criar um acordo que garantisse o uso cient\u00edfico e a proibi\u00e7\u00e3o de atividades militares ou nucleares. Esses pa\u00edses incluem Estados Unidos, Uni\u00e3o Sovi\u00e9tica, Reino Unido, e outros com hist\u00f3rico de expedi\u00e7\u00f5es \u00e0 Ant\u00e1rtica.<\/p>\n\n\n\n<p class=\"has-black-color has-text-color has-link-color has-medium-font-size wp-elements-c50829faaccce7bca4b97ae6c011cfc7\"><strong>Princ\u00edpios fundamentais do tratado e a import\u00e2ncia cient\u00edfica<\/strong><\/p>\n\n\n\n<p class=\"has-black-color has-text-color has-link-color has-medium-font-size wp-elements-b068367cbe113b3ade4b80df05e4c023\">O Tratado estabelece diretrizes essenciais para a governan\u00e7a da Ant\u00e1rtica:<\/p>\n\n\n\n<p class=\"has-black-color has-text-color has-link-color has-medium-font-size wp-elements-6a0660cd40092545d82cab6b92be939a\"><strong>Uso pac\u00edfico:<\/strong> A regi\u00e3o deve ser destinada exclusivamente a prop\u00f3sitos cient\u00edficos e n\u00e3o pode ser utilizada para fins militares.&nbsp;<\/p>\n\n\n\n<p class=\"has-black-color has-text-color has-link-color has-medium-font-size wp-elements-55de06d7241b60f272d5f5b95f068193\"><strong>Proibi\u00e7\u00e3o de armas nucleares:<\/strong> Testes nucleares e armazenamento de res\u00edduos radioativos s\u00e3o proibidos.&nbsp;<\/p>\n\n\n\n<p class=\"has-black-color has-text-color has-link-color has-medium-font-size wp-elements-c3043e408ae7edcad3db6bf1889c4b82\"><strong>Pesquisa cient\u00edfica:<\/strong> O tratado incentiva a liberdade de pesquisa cient\u00edfica e a coopera\u00e7\u00e3o internacional, promovendo o interc\u00e2mbio de informa\u00e7\u00f5es e dados coletados.&nbsp;<\/p>\n\n\n\n<p class=\"has-black-color has-text-color has-link-color has-medium-font-size wp-elements-243b41187c35f244d3118223866bcca4\"><strong>Suspens\u00e3o de reivindica\u00e7\u00f5es territoriais:<\/strong> Nenhum novo pedido de soberania pode ser feito, e os j\u00e1 existentes ficam congelados enquanto o tratado estiver em vigor.<\/p>\n\n\n\n<p class=\"has-text-align-center has-black-color has-text-color has-link-color has-medium-font-size wp-elements-1161744a92ececa06988f1f9679416ce\"><strong>Esta\u00e7\u00e3o Ant\u00e1rtica Comandante Ferraz, pertencente ao Brasil<\/strong><\/p>\n\n\n\n<figure class=\"wp-block-image size-large\"><img fetchpriority=\"high\" decoding=\"async\" width=\"1024\" height=\"539\" src=\"https:\/\/sme.goiania.go.gov.br\/conexaoescola\/wp-content\/uploads\/2024\/12\/Estacao_Antartica_Mar_2019_49352520916-e1734372979153-1024x539.png\" alt=\"\" class=\"wp-image-191631\" srcset=\"https:\/\/sme.goiania.go.gov.br\/conexaoescola\/wp-content\/uploads\/2024\/12\/Estacao_Antartica_Mar_2019_49352520916-e1734372979153-1024x539.png 1024w, https:\/\/sme.goiania.go.gov.br\/conexaoescola\/wp-content\/uploads\/2024\/12\/Estacao_Antartica_Mar_2019_49352520916-e1734372979153-300x158.png 300w, https:\/\/sme.goiania.go.gov.br\/conexaoescola\/wp-content\/uploads\/2024\/12\/Estacao_Antartica_Mar_2019_49352520916-e1734372979153-768x404.png 768w, https:\/\/sme.goiania.go.gov.br\/conexaoescola\/wp-content\/uploads\/2024\/12\/Estacao_Antartica_Mar_2019_49352520916-e1734372979153.png 1200w\" sizes=\"(max-width: 1024px) 100vw, 1024px\" \/><\/figure>\n\n\n\n<p class=\"has-text-align-center has-black-color has-text-color has-link-color has-small-font-size wp-elements-fbe5ab7d482d9a0a61871d0b12a4df6d\">Fonte: Esta\u00e7\u00e3o Ant\u00e1rtica Comandante Ferraz, pertencente ao Brasil. Dispon\u00edvel em: &lt;<a href=\"https:\/\/commons.wikimedia.org\/wiki\/File:Esta%C3%A7%C3%A3o_Ant%C3%A1rtica_Mar_2019_(49352520916).png\">https:\/\/commons.wikimedia.org\/wiki\/File:Esta%C3%A7%C3%A3o_Ant%C3%A1rtica_Mar_2019_(49352520916).png<\/a>&gt;. Acesso em 11 de dez. de 2024.<\/p>\n\n\n\n<p class=\"has-black-color has-text-color has-link-color has-medium-font-size wp-elements-b06928bda379590177ac64f4b4a2e4a4\">A Ant\u00e1rtica \u00e9 um centro de estudos cient\u00edficos que abrangem \u00e1reas como o clima, a biodiversidade e a hist\u00f3ria geol\u00f3gica do planeta. O continente desempenha um papel vital na regula\u00e7\u00e3o clim\u00e1tica global, influenciando correntes mar\u00edtimas, padr\u00f5es atmosf\u00e9ricos e o n\u00edvel dos oceanos. Pesquisas sobre o gelo ant\u00e1rtico revelam informa\u00e7\u00f5es sobre mudan\u00e7as clim\u00e1ticas ao longo de milhares de anos, ajudando a compreender os impactos do aquecimento global.<\/p>\n\n\n\n<p class=\"has-black-color has-text-color has-link-color has-medium-font-size wp-elements-dff17eab3684fd2f8b7712f767b34252\"><strong>Expans\u00f5es e desafios<\/strong><\/p>\n\n\n\n<p class=\"has-black-color has-text-color has-link-color has-medium-font-size wp-elements-2cabdce00568008a372df2889ed356bf\">Em 1991, o Protocolo de Madri foi adicionado ao Tratado, refor\u00e7ando a prote\u00e7\u00e3o ambiental da Ant\u00e1rtica. Ele estabelece a proibi\u00e7\u00e3o da explora\u00e7\u00e3o mineral por 50 anos, renov\u00e1veis, e enfatiza a conserva\u00e7\u00e3o dos ecossistemas ant\u00e1rticos. Esse protocolo \u00e9 essencial para proteger o continente de press\u00f5es econ\u00f4micas e pol\u00edticas que poderiam comprometer sua integridade ambiental.<\/p>\n\n\n\n<p class=\"has-black-color has-text-color has-link-color has-medium-font-size wp-elements-d6e989f229be00f956c3c2099cfa1b65\">Apesar de sua efic\u00e1cia, o Tratado enfrenta desafios. O aumento do interesse por recursos minerais e hidrocarbonetos, somado \u00e0s mudan\u00e7as clim\u00e1ticas, traz novas amea\u00e7as ao equil\u00edbrio ambiental e pol\u00edtico da Ant\u00e1rtica. Al\u00e9m disso, o crescente turismo na regi\u00e3o requer regulamenta\u00e7\u00e3o rigorosa para evitar impactos negativos nos ecossistemas fr\u00e1geis. Em 2048, quando o Protocolo de Madri estar\u00e1 sujeito a revis\u00e3o, ser\u00e1 crucial refor\u00e7ar os compromissos de preserva\u00e7\u00e3o diante das press\u00f5es internacionais.<\/p>\n\n\n\n<p class=\"has-text-align-center has-black-color has-text-color has-link-color has-medium-font-size wp-elements-987a1ead40b81d967e62f800753a849e\"><strong>Na\u00e7\u00f5es com esta\u00e7\u00f5es de pesquisas na Ant\u00e1rtica<\/strong><\/p>\n\n\n<div class=\"wp-block-image\">\n<figure class=\"alignleft size-large\"><img loading=\"lazy\" decoding=\"async\" width=\"1024\" height=\"474\" src=\"https:\/\/sme.goiania.go.gov.br\/conexaoescola\/wp-content\/uploads\/2024\/12\/Antarctic_Nations-e1734372963440-1024x474.png\" alt=\"\" class=\"wp-image-191630\" srcset=\"https:\/\/sme.goiania.go.gov.br\/conexaoescola\/wp-content\/uploads\/2024\/12\/Antarctic_Nations-e1734372963440-1024x474.png 1024w, https:\/\/sme.goiania.go.gov.br\/conexaoescola\/wp-content\/uploads\/2024\/12\/Antarctic_Nations-e1734372963440-300x139.png 300w, https:\/\/sme.goiania.go.gov.br\/conexaoescola\/wp-content\/uploads\/2024\/12\/Antarctic_Nations-e1734372963440-768x355.png 768w, https:\/\/sme.goiania.go.gov.br\/conexaoescola\/wp-content\/uploads\/2024\/12\/Antarctic_Nations-e1734372963440.png 1200w\" sizes=\"(max-width: 1024px) 100vw, 1024px\" \/><\/figure><\/div>\n\n\n<p><\/p>\n\n\n\n<p class=\"has-text-align-center has-black-color has-text-color has-link-color has-small-font-size wp-elements-0584ec1f7b1ff2a25b6a6c551e8fa379\">Fonte: Na\u00e7\u00f5es com esta\u00e7\u00f5es de pesquisas na Ant\u00e1rtica. Dispon\u00edvel em: &lt;<a href=\"https:\/\/commons.wikimedia.org\/wiki\/File:Antarctic_Nations.png\">https:\/\/commons.wikimedia.org\/wiki\/File:Antarctic_Nations.png<\/a>&gt;. Acesso em 11 de dez. de 2024.<\/p>\n\n\n\n<p class=\"has-black-color has-text-color has-link-color has-medium-font-size wp-elements-16c57771f37840cece2a29d69f73486a\"><strong>Ant\u00e1rtica como patrim\u00f4nio da humanidade<\/strong><\/p>\n\n\n\n<p class=\"has-black-color has-text-color has-link-color has-medium-font-size wp-elements-d81f6e135828ebb5c4a4a352ec1d75d4\">O Tratado da Ant\u00e1rtica \u00e9 um marco na governan\u00e7a internacional, simbolizando a possibilidade de coopera\u00e7\u00e3o global para fins pac\u00edficos e sustent\u00e1veis. Ele n\u00e3o apenas preserva o continente branco como uma reserva natural para a ci\u00eancia, mas tamb\u00e9m serve de modelo para acordos futuros em outras \u00e1reas sens\u00edveis do planeta, como os oceanos profundos e o espa\u00e7o. Contudo, para que sua efic\u00e1cia se mantenha, ser\u00e1 necess\u00e1rio fortalecer os compromissos assumidos pelos pa\u00edses signat\u00e1rios e garantir que a Ant\u00e1rtica continue sendo um patrim\u00f4nio da humanidade, protegida das ambi\u00e7\u00f5es econ\u00f4micas e pol\u00edticas.<\/p>\n\n\n\n<p><\/p>\n\n\n\n<p class=\"has-text-align-center has-black-color has-text-color has-background has-medium-font-size\" style=\"background-color:#ffd2ae\"><strong>RESPONDA \u00c0S QUEST\u00d5ES<\/strong><\/p>\n\n\n\n<p class=\"has-black-color has-pale-cyan-blue-background-color has-text-color has-background has-medium-font-size\"><strong>QUEST\u00c3O 01<\/strong><\/p>\n\n\n\n<p class=\"has-black-color has-text-color has-medium-font-size\">Como o Tratado da Ant\u00e1rtica reflete a capacidade de coopera\u00e7\u00e3o internacional em tempos de tens\u00f5es globais, como a Guerra Fria?<\/p>\n\n\n\n<p><\/p>\n\n\n\n<p class=\"has-black-color has-pale-cyan-blue-background-color has-text-color has-background has-medium-font-size\"><strong><strong>QUEST\u00c3O<\/strong> 02<\/strong><\/p>\n\n\n\n<p class=\"has-black-color has-text-color has-medium-font-size\">Como a comunidade internacional pode garantir a continuidade da preserva\u00e7\u00e3o da Ant\u00e1rtica frente \u00e0s crescentes press\u00f5es econ\u00f4micas e pol\u00edticas?<\/p>\n\n\n\n<p><\/p>\n\n\n\n<p class=\"has-black-color has-pale-cyan-blue-background-color has-text-color has-background has-medium-font-size\"><strong><strong>QUEST\u00c3O<\/strong> 03<\/strong><\/p>\n\n\n\n<p class=\"has-black-color has-text-color has-link-color has-medium-font-size wp-elements-a421bee6d791330e39d10e558ab93118\">A Ant\u00e1rtica, o continente mais frio, seco e in\u00f3spito do planeta, desempenha um papel crucial no equil\u00edbrio ambiental global. Com suas vastas calotas de gelo, ventos rigorosos e fauna \u00fanica, a regi\u00e3o \u00e9 um laborat\u00f3rio natural para estudos cient\u00edficos. Dessa forma, o principal objetivo do Tratado da Ant\u00e1rtica, assinado em 1959, foi&nbsp;<\/p>\n\n\n\n<p class=\"has-black-color has-text-color has-link-color has-medium-font-size wp-elements-c7d2a465c908d0126361c9e54c55e777\">(A) proteger os interesses econ\u00f4micos dos pa\u00edses mais desenvolvidos.&nbsp;<\/p>\n\n\n\n<p class=\"has-black-color has-text-color has-link-color has-medium-font-size wp-elements-c1a3c7fa7048da5f282172ee50f49b03\">(B) garantir o uso cient\u00edfico e pac\u00edfico da Ant\u00e1rtica, proibindo atividades militares.&nbsp;<\/p>\n\n\n\n<p class=\"has-black-color has-text-color has-link-color has-medium-font-size wp-elements-7589b04c6ecc859acaf9e997974ed023\">(C) estabelecer fronteiras territoriais permanentes entre os pa\u00edses signat\u00e1rios.&nbsp;<\/p>\n\n\n\n<p class=\"has-black-color has-text-color has-link-color has-medium-font-size wp-elements-0e4e1f2c2b46a38d0933073b37b5120b\">(D) explorar os recursos minerais da regi\u00e3o de maneira sustent\u00e1vel.<\/p>\n\n\n\n<p class=\"has-black-color has-text-color has-link-color has-medium-font-size wp-elements-9ea9de3557edab6b4469dff93e6affdc\"><\/p>\n\n\n\n<p class=\"has-black-color has-pale-cyan-blue-background-color has-text-color has-background has-medium-font-size\"><strong><strong>QUEST\u00c3O<\/strong> 04<\/strong><\/p>\n\n\n\n<p class=\"has-black-color has-text-color has-link-color has-medium-font-size wp-elements-5f25c3288320606cbeda30268e5f2b5b\">A Ant\u00e1rtica \u00e9 um centro de estudos cient\u00edficos que abrangem \u00e1reas como o clima, a biodiversidade e a hist\u00f3ria geol\u00f3gica do planeta. O continente desempenha um papel vital na regula\u00e7\u00e3o clim\u00e1tica global, influenciando correntes mar\u00edtimas, padr\u00f5es atmosf\u00e9ricos e o n\u00edvel dos oceanos. A Ant\u00e1rtica contribui para o estudo das mudan\u00e7as clim\u00e1ticas globais,<\/p>\n\n\n\n<p class=\"has-black-color has-text-color has-link-color has-medium-font-size wp-elements-f6a684ba670610797b6161e1886ab8da\">(A) atrav\u00e9s da extra\u00e7\u00e3o de petr\u00f3leo e g\u00e1s natural, que ajudam a medir as emiss\u00f5es de gases.&nbsp;<\/p>\n\n\n\n<p class=\"has-black-color has-text-color has-link-color has-medium-font-size wp-elements-e413fb42c7ff2cc732e4156f2fe9e5f3\">(B) por meio do estudo de geleiras, que revelam informa\u00e7\u00f5es sobre o clima passado.&nbsp;<\/p>\n\n\n\n<p class=\"has-black-color has-text-color has-link-color has-medium-font-size wp-elements-4e108797fd6539bdf5ee632de467ff87\">(C) com a an\u00e1lise do impacto das atividades tur\u00edsticas (cruzeiros e trilhas) no continente.&nbsp;<\/p>\n\n\n\n<p class=\"has-black-color has-text-color has-link-color has-medium-font-size wp-elements-ebcce4c7cec03f691cb6c485889c0f5d\">(D) atrav\u00e9s da explora\u00e7\u00e3o dos recursos minerais, que subsidiam pesquisas clim\u00e1ticas.<\/p>\n\n\n\n<p class=\"has-black-color has-text-color has-link-color has-medium-font-size wp-elements-9ea9de3557edab6b4469dff93e6affdc\"><\/p>\n\n\n\n<hr class=\"wp-block-separator has-alpha-channel-opacity\"\/>\n\n\n\n<figure class=\"wp-block-table is-style-stripes\" style=\"font-size:15px\"><table class=\"has-black-color has-text-color\"><tbody><tr><td><strong>Autoria:<\/strong><\/td><td>Prof. Me.: Gabriel Ramos Paiva<\/td><\/tr><tr><td><strong>Forma\u00e7\u00e3o:<\/strong><\/td><td>Licenciatura em Geografia;<br>Bacharelado em Geografia;<br>Licenciatura em Pedagogia;<br>Mestre em Geografia pelo IESA-UFG.<\/td><\/tr><tr><td><strong>Componente Curricular:<\/strong><\/td><td>Geografia<\/td><\/tr><tr><td><strong>DCGO \u2013 AMPLIADO (1\u00ba corte) Habilidades:<\/strong><\/td><td>(EF08GE21-B) Conhecer e compreender o Tratado da Ant\u00e1rtica.<\/td><\/tr><tr><td><strong>Matriz de habilidades essenciais:<\/strong><\/td><td>Conhecer e compreender o Tratado da Ant\u00e1rtica.<\/td><\/tr><tr><td><strong>Refer\u00eancias:<\/strong><\/td><td>BRASIL, Marinha. Tratado da Ant\u00e1rtica e Protocolo de Madri. Marinha do Brasil, Comiss\u00e3o Interministerial para os Recursos do Mar, Secretaria da Comiss\u00e3o, 2\u00aa edi\u00e7\u00e3o, SECIRM, Bras\u00edlia, DF, 2016. Dispon\u00edvel em: &lt;<a href=\"https:\/\/www.marinha.mil.br\/secirm\/sites\/www.marinha.mil.br.secirm\/files\/tratado-protocolo-madri.pdf\">https:\/\/www.marinha.mil.br\/secirm\/sites\/www.marinha.mil.br.secirm\/files\/tratado-protocolo-madri.pdf<\/a>>. Acesso em 11 de dez. de 2024.<\/td><\/tr><\/tbody><\/table><\/figure>\n\n\n\n<p><\/p>\n","protected":false},"author":20,"featured_media":191631,"template":"","ef_categoria":[16],"ef_ano":[91],"ef_componente":[96],"class_list":["post-191629","ensino_fundamental","type-ensino_fundamental","status-publish","has-post-thumbnail","hentry","ef_categoria-ciclo-da-adolescencia-hi","ef_ano-8o-ano","ef_componente-geografia","entry","has-media"],"acf":[],"_links":{"self":[{"href":"https:\/\/sme.goiania.go.gov.br\/conexaoescola\/wp-json\/wp\/v2\/ensino_fundamental\/191629","targetHints":{"allow":["GET"]}}],"collection":[{"href":"https:\/\/sme.goiania.go.gov.br\/conexaoescola\/wp-json\/wp\/v2\/ensino_fundamental"}],"about":[{"href":"https:\/\/sme.goiania.go.gov.br\/conexaoescola\/wp-json\/wp\/v2\/types\/ensino_fundamental"}],"author":[{"embeddable":true,"href":"https:\/\/sme.goiania.go.gov.br\/conexaoescola\/wp-json\/wp\/v2\/users\/20"}],"version-history":[{"count":1,"href":"https:\/\/sme.goiania.go.gov.br\/conexaoescola\/wp-json\/wp\/v2\/ensino_fundamental\/191629\/revisions"}],"predecessor-version":[{"id":191634,"href":"https:\/\/sme.goiania.go.gov.br\/conexaoescola\/wp-json\/wp\/v2\/ensino_fundamental\/191629\/revisions\/191634"}],"wp:featuredmedia":[{"embeddable":true,"href":"https:\/\/sme.goiania.go.gov.br\/conexaoescola\/wp-json\/wp\/v2\/media\/191631"}],"wp:attachment":[{"href":"https:\/\/sme.goiania.go.gov.br\/conexaoescola\/wp-json\/wp\/v2\/media?parent=191629"}],"wp:term":[{"taxonomy":"ef_categoria","embeddable":true,"href":"https:\/\/sme.goiania.go.gov.br\/conexaoescola\/wp-json\/wp\/v2\/ef_categoria?post=191629"},{"taxonomy":"ef_ano","embeddable":true,"href":"https:\/\/sme.goiania.go.gov.br\/conexaoescola\/wp-json\/wp\/v2\/ef_ano?post=191629"},{"taxonomy":"ef_componente","embeddable":true,"href":"https:\/\/sme.goiania.go.gov.br\/conexaoescola\/wp-json\/wp\/v2\/ef_componente?post=191629"}],"curies":[{"name":"wp","href":"https:\/\/api.w.org\/{rel}","templated":true}]}}