{"id":191185,"date":"2024-12-06T07:00:00","date_gmt":"2024-12-06T10:00:00","guid":{"rendered":"https:\/\/sme.goiania.go.gov.br\/conexaoescola\/?post_type=ensino_fundamental&#038;p=191185"},"modified":"2024-12-03T15:50:25","modified_gmt":"2024-12-03T18:50:25","slug":"arte-artes-visuais-arte-e-tecnologia-5","status":"publish","type":"ensino_fundamental","link":"https:\/\/sme.goiania.go.gov.br\/conexaoescola\/ensino_fundamental\/arte-artes-visuais-arte-e-tecnologia-5\/","title":{"rendered":"ARTE\/ARTES VISUAIS: Arte e Tecnologia"},"content":{"rendered":"\n<p class=\"has-text-align-center has-background has-medium-font-size\" style=\"background-color:#9b51e063\">Esta proposta de atividade de Arte\/Artes Visuais \u00e9 destinada aos estudantes do 3\u00ba ano do Ensino Fundamental.<\/p>\n\n\n\n<p><\/p>\n\n\n\n<div class=\"wp-block-buttons is-content-justification-center is-layout-flex wp-container-core-buttons-is-layout-16018d1d wp-block-buttons-is-layout-flex\">\n<div class=\"wp-block-button\"><a class=\"wp-block-button__link wp-element-button\" href=\"https:\/\/drive.google.com\/uc?export=download&amp;id=1UO_b5Fww9je6hrHfmaXF5_-Prl6oVQeH\">BAIXE A ATIVIDADE<\/a><\/div>\n\n\n\n<div class=\"wp-block-button\"><a class=\"wp-block-button__link wp-element-button\" href=\"https:\/\/drive.google.com\/uc?export=download&amp;id=1keC6nzuydz1RuAiECXAvXexZiADjwHZD\">BAIXE OS SLIDES<\/a><\/div>\n\n\n\n<div class=\"wp-block-button has-custom-font-size has-medium-font-size\"><a class=\"wp-block-button__link wp-element-button\" href=\"https:\/\/drive.google.com\/uc?export=download&amp;id=1AGha3CfR9qRiCc4WNN9opwvTm1A-SWBB\">BAIXE O TEXTO<\/a><\/div>\n<\/div>\n\n\n\n<p class=\"has-medium-font-size\"><\/p>\n\n\n<div class=\"wp-block-image\">\n<figure class=\"aligncenter size-full is-resized\"><img fetchpriority=\"high\" decoding=\"async\" width=\"340\" height=\"340\" src=\"https:\/\/sme.goiania.go.gov.br\/conexaoescola\/wp-content\/uploads\/2024\/12\/image.png\" alt=\"\" class=\"wp-image-191186\" style=\"width:466px;height:auto\" srcset=\"https:\/\/sme.goiania.go.gov.br\/conexaoescola\/wp-content\/uploads\/2024\/12\/image.png 340w, https:\/\/sme.goiania.go.gov.br\/conexaoescola\/wp-content\/uploads\/2024\/12\/image-300x300.png 300w, https:\/\/sme.goiania.go.gov.br\/conexaoescola\/wp-content\/uploads\/2024\/12\/image-150x150.png 150w\" sizes=\"(max-width: 340px) 100vw, 340px\" \/><figcaption class=\"wp-element-caption\">Dispon\u00edvel em <a href=\"https:\/\/br.freepik.com\/vetores-gratis\/ilustracao-do-conceito-abstrato-de-pintura-curso-caseiro-de-pintor-amador-aprenda-a-desenhar-aumente-sua-criatividade-exercicios-de-terapia-de-arte-aula-de-desenho-online-para-criancas_10780707.htm#fromView=search&amp;page=1&amp;position=38&amp;uuid=6deee36c-6fe2-42fd-b8cd-82a8173a8d08\">https:\/\/br.freepik.com\/vetores-gratis\/ilustracao-do-conceito-abstrato-de-pintura-curso-caseiro-de-pintor-amador-aprenda-a-desenhar-aumente-sua-criatividade-exercicios-de-terapia-de-arte-aula-de-desenho-online-para-criancas_10780707.htm#fromView=search&amp;page=1&amp;position=38&amp;uuid=6deee36c-6fe2-42fd-b8cd-82a8173a8d08<\/a> Acesso em 03, dez. 2024.<\/figcaption><\/figure><\/div>\n\n\n<p class=\"has-medium-font-size\"><\/p>\n\n\n\n<p class=\"has-text-align-center has-medium-font-size\"><strong>Arte e Tecnologia<\/strong><\/p>\n\n\n\n<p class=\"has-medium-font-size\"><strong>O que \u00e9 arte?<\/strong><\/p>\n\n\n\n<p class=\"has-medium-font-size\">Arte \u00e9 uma forma de express\u00e3o que permite comunicar sentimentos, ideias, hist\u00f3rias e experi\u00eancias. Ela se manifesta em diversas formas como desenho, pintura, escultura, fotografia, m\u00fasica, dan\u00e7a, teatro, literatura, dentre outras e pode ser interpretada de diferentes maneiras, dependendo do contexto cultural e das experi\u00eancias pessoais de cada um.<\/p>\n\n\n<div class=\"wp-block-image\">\n<figure class=\"aligncenter size-full\"><img decoding=\"async\" width=\"375\" height=\"444\" src=\"https:\/\/sme.goiania.go.gov.br\/conexaoescola\/wp-content\/uploads\/2024\/12\/image-1.png\" alt=\"\" class=\"wp-image-191187\" srcset=\"https:\/\/sme.goiania.go.gov.br\/conexaoescola\/wp-content\/uploads\/2024\/12\/image-1.png 375w, https:\/\/sme.goiania.go.gov.br\/conexaoescola\/wp-content\/uploads\/2024\/12\/image-1-253x300.png 253w\" sizes=\"(max-width: 375px) 100vw, 375px\" \/><\/figure><\/div>\n\n\n<p class=\"has-text-align-center has-small-font-size\">Dispon\u00edvel em <a href=\"https:\/\/www.flickr.com\/photos\/gilleverett\/52053895075\">https:\/\/www.flickr.com\/photos\/gilleverett\/52053895075<\/a> &nbsp;Acesso em 02, dez. 2024.<\/p>\n\n\n\n<p class=\"has-medium-font-size\"><strong>E a tecnologia, o que \u00e9?<\/strong><\/p>\n\n\n\n<p class=\"has-medium-font-size\">A tecnologia \u00e9 o conjunto de conhecimentos, habilidades, ferramentas e m\u00e9todos que nos ajuda a resolver problemas e nos conectar com os outros. Ela envolve a ci\u00eancia e a engenharia para criar produtos e servi\u00e7os que atendem \u00e0s nossas necessidades, como aplicativos, c\u00e2meras e programas de computador.<\/p>\n\n\n<div class=\"wp-block-image\">\n<figure class=\"aligncenter size-full\"><img decoding=\"async\" width=\"375\" height=\"500\" src=\"https:\/\/sme.goiania.go.gov.br\/conexaoescola\/wp-content\/uploads\/2024\/12\/image-2.png\" alt=\"\" class=\"wp-image-191188\" srcset=\"https:\/\/sme.goiania.go.gov.br\/conexaoescola\/wp-content\/uploads\/2024\/12\/image-2.png 375w, https:\/\/sme.goiania.go.gov.br\/conexaoescola\/wp-content\/uploads\/2024\/12\/image-2-225x300.png 225w\" sizes=\"(max-width: 375px) 100vw, 375px\" \/><\/figure><\/div>\n\n\n<p class=\"has-text-align-center has-small-font-size\">Dispon\u00edvel em <a href=\"https:\/\/www.flickr.com\/photos\/rseiji\/2086080555\/in\/photolist-miPYh-yCBzZ-CK6vj-2hUA28f-4Xqitc-cDx1Qd-CK6vk-NkAC6-4bkH58-4bpJXd-4bkGHZ-4bkGkP-4bkFDv-4bpHmN-2nCvmGi-2nCqiJi-2nCwDCm-2nCvgGM-2nCvfqd-5Hmazw%20Acesso%20em%2002\">https:\/\/www.flickr.com\/photos\/rseiji\/2086080555\/in\/photolist-miPYh-yCBzZ-CK6vj-2hUA28f-4Xqitc-cDx1Qd-CK6vk-NkAC6-4bkH58-4bpJXd-4bkGHZ-4bkGkP-4bkFDv-4bpHmN-2nCvmGi-2nCqiJi-2nCwDCm-2nCvgGM-2nCvfqd-5Hmazw Acesso em 02<\/a>, dez. 2024.<\/p>\n\n\n\n<p class=\"has-medium-font-size\"><strong>A Arte e a Tecnologia<\/strong><\/p>\n\n\n\n<p class=\"has-medium-font-size\">Quando a arte e a tecnologia se juntam, surgem novas possibilidades!<\/p>\n\n\n\n<p class=\"has-medium-font-size\">Com a ajuda de computadores e ferramentas, os artistas podem criar desenhos animados, m\u00fasicas eletr\u00f4nicas e at\u00e9 esculturas feitas em 3D.<\/p>\n\n\n\n<figure class=\"wp-block-embed is-type-video is-provider-youtube wp-block-embed-youtube wp-embed-aspect-16-9 wp-has-aspect-ratio\"><div class=\"wp-block-embed__wrapper\">\n<p class=\"responsive-video-wrap clr\"><iframe title=\"Snoopy e Sua Turma: Um dia com Snoopy\" width=\"1200\" height=\"675\" src=\"https:\/\/www.youtube.com\/embed\/j80Dfvv39IY?feature=oembed\" frameborder=\"0\" allow=\"accelerometer; autoplay; clipboard-write; encrypted-media; gyroscope; picture-in-picture; web-share\" referrerpolicy=\"strict-origin-when-cross-origin\" allowfullscreen><\/iframe><\/p>\n<\/div><\/figure>\n\n\n\n<h1 class=\"wp-block-heading has-text-align-center has-small-font-size\">Canal <a href=\"https:\/\/www.youtube.com\/@snoopyforever\">snoopy 100<\/a>. \u201cSnoopy e Sua Turma: Um dia com Snoopy\u201d. Dispon\u00edvel em <a href=\"https:\/\/www.youtube.com\/watch?v=j80Dfvv39IY\">https:\/\/www.youtube.com\/watch?v=j80Dfvv39IY<\/a> Acesso em 03, dez. 2024.<\/h1>\n\n\n\n<p class=\"has-medium-font-size\">Al\u00e9m disso, a tecnologia permite que mais pessoas conhe\u00e7am essas obras, como em exposi\u00e7\u00f5es virtuais ou museus e v\u00eddeos interativos que podemos visitar pela internet, em qualquer lugar do mundo.<\/p>\n\n\n\n<p><img decoding=\"async\" width=\"1230px;\" height=\"493px;\" src=\"https:\/\/lh7-rt.googleusercontent.com\/slidesz\/AGV_vUd4YRArRMcvKfd2cEY_3m6UAdXrgfCmtUzKuLz5yXEUdahWQnRp5am7eQkRyK6ddG5y2uWPApo9KdWQuOxWl3KE65NGpzmOOc8QRRco-9gJahPGFd-BYX5WVjiJgTs60Vd8OG0EL-GlvkCPrd7wXg=s2048?key=ZzBBOBLfJniR3BvCUp1J-sjr\"><\/p>\n\n\n\n<p class=\"has-text-align-center\"><a href=\"https:\/\/artsandculture.google.com\/project\/instituto-brasileiro-de-museus-ibram\">https:\/\/artsandculture.google.com\/project\/instituto-brasileiro-de-museus-ibram<\/a><\/p>\n\n\n\n<p class=\"has-text-align-center has-medium-font-size\">Essa parceria n\u00e3o s\u00f3 amplia as possibilidades de cria\u00e7\u00e3o, mas tamb\u00e9m conecta diferentes culturas e ideias, mostrando que a arte, com a ajuda da tecnologia, pode ser inovadora.<\/p>\n\n\n\n<hr class=\"wp-block-separator has-alpha-channel-opacity\"\/>\n\n\n\n<p class=\"has-text-align-center has-medium-font-size\"><strong>AGORA \u00c9 SUA VEZ<\/strong><\/p>\n\n\n\n<p class=\"has-background has-medium-font-size\" style=\"background-color:#9b51e063\"><strong>QUEST\u00c3O 1<\/strong><\/p>\n\n\n\n<p class=\"has-medium-font-size\">Quando a arte e a tecnologia se juntam, surgem novas possibilidades. As duas formam uma boa parceria porque<\/p>\n\n\n\n<p class=\"has-medium-font-size\">(A) a<strong> <\/strong>tecnologia elimina o trabalho do artista.<\/p>\n\n\n\n<p class=\"has-medium-font-size\">(B) ampliam as possibilidades de cria\u00e7\u00e3o.<\/p>\n\n\n\n<p class=\"has-medium-font-size\">(C) t\u00eam o mesmo objetivo de resolver problemas.<\/p>\n\n\n\n<p class=\"has-medium-font-size\">(D) a arte n\u00e3o existiria sem a tecnologia.<\/p>\n\n\n\n<p class=\"has-background has-medium-font-size\" style=\"background-color:#9b51e063\"><strong>QUEST\u00c3O 2<\/strong><\/p>\n\n\n\n<p class=\"has-medium-font-size\">A tecnologia \u00e9 o conjunto de conhecimentos, habilidades, ferramentas e m\u00e9todos que nos ajuda a<\/p>\n\n\n\n<p class=\"has-medium-font-size\">(A) substituir todas as formas tradicionais de arte.<\/p>\n\n\n\n<p class=\"has-medium-font-size\">(B) facilitar a cria\u00e7\u00e3o e levar a arte para mais pessoas.<\/p>\n\n\n\n<p class=\"has-medium-font-size\">(C) eliminar o uso de materiais como papel e tinta.<\/p>\n\n\n\n<p class=\"has-medium-font-size\">(D) tornar a arte menos interessante e criativa.<\/p>\n\n\n\n<p class=\"has-background has-medium-font-size\" style=\"background-color:#9b51e063\"><strong>QUEST\u00c3O 3<\/strong><\/p>\n\n\n\n<p class=\"has-medium-font-size\">Como voc\u00ea definiria a Arte?<\/p>\n\n\n\n<p class=\"has-background has-medium-font-size\" style=\"background-color:#9b51e063\"><strong>QUEST\u00c3O 4<\/strong><\/p>\n\n\n\n<p class=\"has-medium-font-size\">Com a ajuda de computadores e ferramentas, os artistas podem criar desenhos animados, m\u00fasicas eletr\u00f4nicas e at\u00e9 esculturas feitas em 3D. De que outras formas de tecnologia poderiam ser usadas para criar arte?<\/p>\n\n\n\n<p class=\"has-medium-font-size\">Que tal imaginar como seria criar algo usando arte e tecnologia juntas?<\/p>\n\n\n\n<hr class=\"wp-block-separator has-alpha-channel-opacity\"\/>\n\n\n\n<figure class=\"wp-block-table is-style-stripes has-medium-font-size\"><table><tbody><tr><td><strong>Autoria<\/strong><\/td><td>Veruska Bettiol<\/td><\/tr><tr><td><strong>Forma\u00e7\u00e3o<\/strong><\/td><td>Artes Visuais<\/td><\/tr><tr><td><strong>Componente Curricular<\/strong><\/td><td>Arte\/Artes Visuais<\/td><\/tr><tr><td><strong>Habilidade<\/strong><\/td><td>\u00a0(GO-EF03AR26) Explorar diferentes tecnologias e recursos digitais, como multimeios, anima\u00e7\u00f5es, jogos eletr\u00f4nicos, grava\u00e7\u00f5es em \u00e1udio e v\u00eddeo, fotografia, softwares, nos processos de cria\u00e7\u00e3o e intera\u00e7\u00e3o art\u00edstica, levando em considera\u00e7\u00e3o a diversidade dos seus repert\u00f3rios pessoais.<\/td><\/tr><tr><td><strong>Refer\u00eancias&nbsp;<\/strong><\/td><td>COUCHOT, Edmond.\u00a0 <strong>A tecnologia na arte:\u00a0 da fotografia a realidade virtual.<\/strong> Porto Alegre: Editora da UFRGS, 2003.<br>RAMOS, Stella; L\u00d6BEL, Thelma Azevedo. <strong>Arte e tecnologia.<\/strong> S\u00e3o Paulo: Caixa Cultural, 2010 (Encontros Arte Contempor\u00e2nea e Educa\u00e7\u00e3o).<\/td><\/tr><\/tbody><\/table><\/figure>\n\n\n\n<p><\/p>\n","protected":false},"author":62,"featured_media":191186,"template":"","ef_categoria":[193,27],"ef_ano":[86],"ef_componente":[99],"class_list":["post-191185","ensino_fundamental","type-ensino_fundamental","status-publish","has-post-thumbnail","hentry","ef_categoria-anos-iniciais","ef_categoria-corpo-e-movimento-ciclo-da-adolescencia-fg","ef_ano-3o-ano","ef_componente-arte-ef","entry","has-media"],"acf":[],"_links":{"self":[{"href":"https:\/\/sme.goiania.go.gov.br\/conexaoescola\/wp-json\/wp\/v2\/ensino_fundamental\/191185","targetHints":{"allow":["GET"]}}],"collection":[{"href":"https:\/\/sme.goiania.go.gov.br\/conexaoescola\/wp-json\/wp\/v2\/ensino_fundamental"}],"about":[{"href":"https:\/\/sme.goiania.go.gov.br\/conexaoescola\/wp-json\/wp\/v2\/types\/ensino_fundamental"}],"author":[{"embeddable":true,"href":"https:\/\/sme.goiania.go.gov.br\/conexaoescola\/wp-json\/wp\/v2\/users\/62"}],"version-history":[{"count":1,"href":"https:\/\/sme.goiania.go.gov.br\/conexaoescola\/wp-json\/wp\/v2\/ensino_fundamental\/191185\/revisions"}],"predecessor-version":[{"id":191189,"href":"https:\/\/sme.goiania.go.gov.br\/conexaoescola\/wp-json\/wp\/v2\/ensino_fundamental\/191185\/revisions\/191189"}],"wp:featuredmedia":[{"embeddable":true,"href":"https:\/\/sme.goiania.go.gov.br\/conexaoescola\/wp-json\/wp\/v2\/media\/191186"}],"wp:attachment":[{"href":"https:\/\/sme.goiania.go.gov.br\/conexaoescola\/wp-json\/wp\/v2\/media?parent=191185"}],"wp:term":[{"taxonomy":"ef_categoria","embeddable":true,"href":"https:\/\/sme.goiania.go.gov.br\/conexaoescola\/wp-json\/wp\/v2\/ef_categoria?post=191185"},{"taxonomy":"ef_ano","embeddable":true,"href":"https:\/\/sme.goiania.go.gov.br\/conexaoescola\/wp-json\/wp\/v2\/ef_ano?post=191185"},{"taxonomy":"ef_componente","embeddable":true,"href":"https:\/\/sme.goiania.go.gov.br\/conexaoescola\/wp-json\/wp\/v2\/ef_componente?post=191185"}],"curies":[{"name":"wp","href":"https:\/\/api.w.org\/{rel}","templated":true}]}}