{"id":190996,"date":"2024-12-06T07:00:00","date_gmt":"2024-12-06T10:00:00","guid":{"rendered":"https:\/\/sme.goiania.go.gov.br\/conexaoescola\/?post_type=ensino_fundamental&#038;p=190996"},"modified":"2024-12-10T16:35:52","modified_gmt":"2024-12-10T19:35:52","slug":"lingua-portuguesa-conto-3","status":"publish","type":"ensino_fundamental","link":"https:\/\/sme.goiania.go.gov.br\/conexaoescola\/ensino_fundamental\/lingua-portuguesa-conto-3\/","title":{"rendered":"L\u00edngua Portuguesa &#8211; Conto"},"content":{"rendered":"\n<p class=\"has-background has-medium-font-size\" style=\"background-color:#abb7c245\">Esta proposta de atividade de<strong>&nbsp;L\u00edngua Portuguesa<\/strong>&nbsp;\u00e9 destinada aos estudantes do&nbsp;<strong>5\u00ba ano&nbsp;<\/strong>do Ensino Fundamental&nbsp;<strong>Anos Iniciais<\/strong>.<\/p>\n\n\n\n<div class=\"wp-block-buttons is-content-justification-center is-layout-flex wp-container-core-buttons-is-layout-16018d1d wp-block-buttons-is-layout-flex\">\n<div class=\"wp-block-button has-custom-font-size has-medium-font-size\"><a class=\"wp-block-button__link wp-element-button\" href=\"https:\/\/drive.google.com\/uc?export=download&amp;id=1oY1mgT_kaMjwOY556SmXwvS90OhngRyT\">BAIXE A ATIVIDADE<\/a><\/div>\n\n\n\n<div class=\"wp-block-button has-custom-font-size has-medium-font-size\"><a class=\"wp-block-button__link wp-element-button\" href=\"https:\/\/drive.google.com\/uc?export=download&amp;id=1DWMSbQR0uYF87PhuJrwNwtVIRZZTSq-K\">BAIXE OS SLIDES<\/a><\/div>\n\n\n\n<div class=\"wp-block-button has-custom-font-size has-medium-font-size\"><a class=\"wp-block-button__link wp-element-button\" href=\"https:\/\/drive.google.com\/uc?export=download&amp;id=1j_8CYxA1x38rHMVAtuUZY65htKpgPrmo\">BAIXE O TEXTO<\/a><\/div>\n<\/div>\n\n\n\n<p class=\"has-small-font-size\"><\/p>\n\n\n<div class=\"wp-block-image\">\n<figure class=\"aligncenter size-full is-resized\"><img fetchpriority=\"high\" decoding=\"async\" width=\"1000\" height=\"1000\" src=\"https:\/\/sme.goiania.go.gov.br\/conexaoescola\/wp-content\/uploads\/2024\/11\/65.jpg\" alt=\"\" class=\"wp-image-191007\" style=\"width:492px;height:auto\" srcset=\"https:\/\/sme.goiania.go.gov.br\/conexaoescola\/wp-content\/uploads\/2024\/11\/65.jpg 1000w, https:\/\/sme.goiania.go.gov.br\/conexaoescola\/wp-content\/uploads\/2024\/11\/65-300x300.jpg 300w, https:\/\/sme.goiania.go.gov.br\/conexaoescola\/wp-content\/uploads\/2024\/11\/65-150x150.jpg 150w, https:\/\/sme.goiania.go.gov.br\/conexaoescola\/wp-content\/uploads\/2024\/11\/65-768x768.jpg 768w\" sizes=\"(max-width: 1000px) 100vw, 1000px\" \/><figcaption class=\"wp-element-caption\">Imagem dispon\u00edvel em:&nbsp;<a href=\"https:\/\/www.canva.com\/design\/DAF-7medgKQ\/C-DPp6WxUzNgNjQ5-OZtUg\/edit?utm_content=DAF-7medgKQ&amp;utm_campaign=designshare&amp;utm_medium=link2&amp;utm_source=sharebutton\">https:\/\/www.canva.com\/design\/DAF-7medgKQ\/C-DPp6WxUzNgNjQ5-OZtUg\/edit?utm_content=DAF-7medgKQ&amp;utm_campaign=designshare&amp;utm_medium=link2&amp;utm_source=sharebutton<\/a>&nbsp;&gt;Acesso em 28\/11\/2024.<\/figcaption><\/figure><\/div>\n\n\n<p class=\"has-text-align-center has-medium-font-size\"><strong>CONTO<\/strong><\/p>\n\n\n\n<div class=\"wp-block-media-text has-media-on-the-right is-stacked-on-mobile\" style=\"grid-template-columns:auto 46%\"><div class=\"wp-block-media-text__content\">\n<p class=\"has-medium-font-size\">J\u00e1 ouviu o ditado popular \u201cQuem conta um conto aumenta um ponto!\u201d?&nbsp;<\/p>\n\n\n\n<p class=\"has-medium-font-size\">Hoje vamos aprender mais sobre Contos. Um conto \u00e9 uma narrativa curta que apresenta uma hist\u00f3ria ficcional com um enredo, personagens e um conflito central. Diferente de um romance, que pode ser mais longo e complexo, um conto \u00e9 mais conciso e focado em um \u00fanico evento ou situa\u00e7\u00e3o.<\/p>\n<\/div><figure class=\"wp-block-media-text__media\"><img decoding=\"async\" width=\"1016\" height=\"1024\" src=\"https:\/\/sme.goiania.go.gov.br\/conexaoescola\/wp-content\/uploads\/2024\/11\/Conto-2-1016x1024.jpg\" alt=\"\" class=\"wp-image-191014 size-full\" srcset=\"https:\/\/sme.goiania.go.gov.br\/conexaoescola\/wp-content\/uploads\/2024\/11\/Conto-2-1016x1024.jpg 1016w, https:\/\/sme.goiania.go.gov.br\/conexaoescola\/wp-content\/uploads\/2024\/11\/Conto-2-298x300.jpg 298w, https:\/\/sme.goiania.go.gov.br\/conexaoescola\/wp-content\/uploads\/2024\/11\/Conto-2-150x150.jpg 150w, https:\/\/sme.goiania.go.gov.br\/conexaoescola\/wp-content\/uploads\/2024\/11\/Conto-2-768x774.jpg 768w, https:\/\/sme.goiania.go.gov.br\/conexaoescola\/wp-content\/uploads\/2024\/11\/Conto-2.jpg 1072w\" sizes=\"(max-width: 1016px) 100vw, 1016px\" \/><\/figure><\/div>\n\n\n\n<p class=\"has-medium-font-size\">E quais s\u00e3o as caracter\u00edsticas principais de um conto?<\/p>\n\n\n\n<p class=\"has-medium-font-size\"><strong>1- Narrativa concisa:<\/strong> os contos s\u00e3o geralmente curtos e diretos, com uma narrativa que se desenvolve de forma r\u00e1pida e eficiente.<\/p>\n\n\n\n<p class=\"has-medium-font-size\"><strong>2- Enredo central:<\/strong> cada conto tem um enredo central, que \u00e9 o principal evento ou conflito da hist\u00f3ria. Este enredo \u00e9 o que mant\u00e9m o leitor interessado e envolvido na hist\u00f3ria.<\/p>\n\n\n\n<p class=\"has-medium-font-size\"><strong>3- Personagens:<\/strong> o conto apresenta um n\u00famero limitado de personagens, permitindo um foco mais profundo em seu desenvolvimento e intera\u00e7\u00f5es.<\/p>\n\n\n\n<p class=\"has-medium-font-size\"><strong>4- Ambiente e cen\u00e1rio:<\/strong> o conto ocorre em um lugar espec\u00edfico, seja real ou imagin\u00e1rio, fornecendo o contexto para a hist\u00f3ria.<\/p>\n\n\n\n<p class=\"has-medium-font-size\"><strong>5- Tempo marcado:<\/strong> a hist\u00f3ria se desenrola em um per\u00edodo de tempo definido, como uma parte do dia ou uma esta\u00e7\u00e3o do ano.<\/p>\n\n\n\n<p class=\"has-medium-font-size\">Voc\u00ea sabia que existem diversos tipos de contos?&nbsp;<\/p>\n\n\n\n<p class=\"has-medium-font-size\">Eles podem ser Contos realistas, Contos populares, Contos fant\u00e1sticos, Contos de terror, Contos de humor, Contos infantis, Contos psicol\u00f3gicos e Contos de fadas.<\/p>\n\n\n\n<p class=\"has-small-font-size\">Imagem dispon\u00edvel em: <a href=\"https:\/\/www.canva.com\/design\/DAGXOddpdx8\/g79QHE57khxB-E5yIt-quA\/edit?utm_content=DAGXOddpdx8&amp;utm_campaign=designshare&amp;utm_medium=link2&amp;utm_source=sharebutton\">https:\/\/www.canva.com\/design\/DAGXOddpdx8\/g79QHE57khxB-E5yIt-quA\/edit?utm_content=DAGXOddpdx8&amp;utm_campaign=designshare&amp;utm_medium=link2&amp;utm_source=sharebutton<\/a> &gt; Acesso em 28\/11\/2024.<\/p>\n\n\n\n<p class=\"has-background has-medium-font-size\" style=\"background-color:#abb7c245\"><strong>Quest\u00e3o 1<\/strong><\/p>\n\n\n\n<p class=\"has-medium-font-size\">Quais caracter\u00edsticas tornam um conto memor\u00e1vel, mesmo em uma hist\u00f3ria curta?<\/p>\n\n\n\n<p class=\"has-background has-medium-font-size\" style=\"background-color:#abb7c245\"><strong>Quest\u00e3o 2<\/strong><\/p>\n\n\n\n<p class=\"has-medium-font-size\">De que forma um conto pode provocar emo\u00e7\u00f5es no leitor? Qual conto voc\u00ea j\u00e1 leu que te marcou e por qu\u00ea?<\/p>\n\n\n\n<p class=\"has-background has-medium-font-size\" style=\"background-color:#abb7c245\"><strong>Quest\u00e3o 3<\/strong><\/p>\n\n\n\n<p class=\"has-medium-font-size\">Um conto \u00e9 definido como uma narrativa que se caracteriza por ser<\/p>\n\n\n\n<p class=\"has-medium-font-size\">(A) longa e repleta de tramas complexas.<\/p>\n\n\n\n<p class=\"has-medium-font-size\">(B) curta, focada em um \u00fanico conflito.&nbsp;<\/p>\n\n\n\n<p class=\"has-medium-font-size\">(C) escrita em versos rimados.<\/p>\n\n\n\n<p class=\"has-medium-font-size\">(D) baseada exclusivamente em fatos reais.<\/p>\n\n\n\n<p class=\"has-background has-medium-font-size\" style=\"background-color:#abb7c245\"><strong>Quest\u00e3o 4<\/strong><\/p>\n\n\n\n<p class=\"has-medium-font-size\">A estrutura de um conto \u00e9 formada pelas seguintes partes principais<\/p>\n\n\n\n<p class=\"has-medium-font-size\">(A) introdu\u00e7\u00e3o, resumo, an\u00e1lise e conclus\u00e3o.<\/p>\n\n\n\n<p class=\"has-medium-font-size\">(B) pr\u00f3logo, cap\u00edtulos, cl\u00edmax e ep\u00edlogo.<\/p>\n\n\n\n<p class=\"has-medium-font-size\">(C) introdu\u00e7\u00e3o, desenvolvimento, cl\u00edmax e conclus\u00e3o.&nbsp;<\/p>\n\n\n\n<p class=\"has-medium-font-size\">(D) apresenta\u00e7\u00e3o, narra\u00e7\u00e3o, descri\u00e7\u00e3o e encerramento.<\/p>\n\n\n\n<p class=\"has-background has-medium-font-size\" style=\"background-color:#abb7c245\"><strong>Quest\u00e3o 5<\/strong><\/p>\n\n\n\n<p class=\"has-medium-font-size\">Agora \u00e9 a hora do reconto! Escolha <strong>um conto<\/strong> que voc\u00ea leu e adorou. Lembre-se, precisa ser um conto \u2014 uma hist\u00f3ria curta, com in\u00edcio, meio e fim, cheia de emo\u00e7\u00e3o e criatividade! Escreva abaixo o seu conto escolhido:<\/p>\n\n\n<div class=\"wp-block-image\">\n<figure class=\"aligncenter size-large\"><img decoding=\"async\" width=\"1024\" height=\"759\" src=\"https:\/\/sme.goiania.go.gov.br\/conexaoescola\/wp-content\/uploads\/2024\/11\/Conto-1-1024x759.jpg\" alt=\"\" class=\"wp-image-191032\" srcset=\"https:\/\/sme.goiania.go.gov.br\/conexaoescola\/wp-content\/uploads\/2024\/11\/Conto-1-1024x759.jpg 1024w, https:\/\/sme.goiania.go.gov.br\/conexaoescola\/wp-content\/uploads\/2024\/11\/Conto-1-300x222.jpg 300w, https:\/\/sme.goiania.go.gov.br\/conexaoescola\/wp-content\/uploads\/2024\/11\/Conto-1-768x569.jpg 768w, https:\/\/sme.goiania.go.gov.br\/conexaoescola\/wp-content\/uploads\/2024\/11\/Conto-1.jpg 1458w\" sizes=\"(max-width: 1024px) 100vw, 1024px\" \/><figcaption class=\"wp-element-caption\">Imagem dispon\u00edvel em: <a href=\"https:\/\/www.canva.com\/design\/DAGU4cJPufw\/BsI5Tt913vf_bSIQVTPRRQ\/edit?utm_content=DAGU4cJPufw&amp;utm_campaign=designshare&amp;utm_medium=link2&amp;utm_source=sharebutton\">https:\/\/www.canva.com\/design\/DAGU4cJPufw\/BsI5Tt913vf_bSIQVTPRRQ\/edit?utm_content=DAGU4cJPufw&amp;utm_campaign=designshare&amp;utm_medium=link2&amp;utm_source=sharebutton<\/a> > Acesso em 29\/10\/2024.<\/figcaption><\/figure><\/div>\n\n\n<p class=\"has-text-align-center has-background has-medium-font-size\" style=\"background-color:#abb7c245\"><strong>Saiba mais!<\/strong><\/p>\n\n\n<div class=\"wp-block-image\">\n<figure class=\"aligncenter size-large is-resized\"><img loading=\"lazy\" decoding=\"async\" width=\"1024\" height=\"576\" src=\"https:\/\/sme.goiania.go.gov.br\/conexaoescola\/wp-content\/uploads\/2024\/11\/saiba-mais-de-conto-1024x576.png\" alt=\"\" class=\"wp-image-191034\" style=\"width:698px;height:auto\" srcset=\"https:\/\/sme.goiania.go.gov.br\/conexaoescola\/wp-content\/uploads\/2024\/11\/saiba-mais-de-conto-1024x576.png 1024w, https:\/\/sme.goiania.go.gov.br\/conexaoescola\/wp-content\/uploads\/2024\/11\/saiba-mais-de-conto-300x169.png 300w, https:\/\/sme.goiania.go.gov.br\/conexaoescola\/wp-content\/uploads\/2024\/11\/saiba-mais-de-conto-768x432.png 768w, https:\/\/sme.goiania.go.gov.br\/conexaoescola\/wp-content\/uploads\/2024\/11\/saiba-mais-de-conto-1536x864.png 1536w, https:\/\/sme.goiania.go.gov.br\/conexaoescola\/wp-content\/uploads\/2024\/11\/saiba-mais-de-conto.png 1920w\" sizes=\"(max-width: 1024px) 100vw, 1024px\" \/><figcaption class=\"wp-element-caption\">Imagem dispon\u00edvel em: <a href=\"https:\/\/www.canva.com\/design\/DAGXOddpdx8\/g79QHE57khxB-E5yIt-quA\/edit?utm_content=DAGXOddpdx8&amp;utm_campaign=designshare&amp;utm_medium=link2&amp;utm_source=sharebutton\">https:\/\/www.canva.com\/design\/DAGXOddpdx8\/g79QHE57khxB-E5yIt-quA\/edit?utm_content=DAGXOddpdx8&amp;utm_campaign=designshare&amp;utm_medium=link2&amp;utm_source=sharebutton<\/a> &gt;Acesso em 28\/11\/2024.<\/figcaption><\/figure><\/div>\n\n\n<figure class=\"wp-block-embed is-type-video is-provider-youtube wp-block-embed-youtube wp-embed-aspect-16-9 wp-has-aspect-ratio\"><div class=\"wp-block-embed__wrapper\">\n<p class=\"responsive-video-wrap clr\"><iframe title=\"Produ\u00e7\u00e3o de Texto - Conto - 5\u00ba Ano\" width=\"1200\" height=\"675\" src=\"https:\/\/www.youtube.com\/embed\/r1jRsoXKY6I?feature=oembed\" frameborder=\"0\" allow=\"accelerometer; autoplay; clipboard-write; encrypted-media; gyroscope; picture-in-picture; web-share\" referrerpolicy=\"strict-origin-when-cross-origin\" allowfullscreen><\/iframe><\/p>\n<\/div><figcaption class=\"wp-element-caption\">Dispon\u00edvel em: <a href=\"https:\/\/youtu.be\/r1jRsoXKY6I&nbsp;&nbsp;\">https:\/\/youtu.be\/r1jRsoXKY6I  <\/a><\/figcaption><\/figure>\n\n\n\n<p class=\"has-text-align-center has-background has-medium-font-size\" style=\"background-color:#abb7c245\"><strong>Hora de aprender brincando!<\/strong><\/p>\n\n\n<div class=\"wp-block-image\">\n<figure class=\"aligncenter size-large is-resized\"><img loading=\"lazy\" decoding=\"async\" width=\"1024\" height=\"576\" src=\"https:\/\/sme.goiania.go.gov.br\/conexaoescola\/wp-content\/uploads\/2024\/11\/8-Conto.pptx-1024x576.jpg\" alt=\"\" class=\"wp-image-191035\" style=\"width:744px;height:auto\" srcset=\"https:\/\/sme.goiania.go.gov.br\/conexaoescola\/wp-content\/uploads\/2024\/11\/8-Conto.pptx-1024x576.jpg 1024w, https:\/\/sme.goiania.go.gov.br\/conexaoescola\/wp-content\/uploads\/2024\/11\/8-Conto.pptx-300x169.jpg 300w, https:\/\/sme.goiania.go.gov.br\/conexaoescola\/wp-content\/uploads\/2024\/11\/8-Conto.pptx-768x432.jpg 768w, https:\/\/sme.goiania.go.gov.br\/conexaoescola\/wp-content\/uploads\/2024\/11\/8-Conto.pptx.jpg 1280w\" sizes=\"(max-width: 1024px) 100vw, 1024px\" \/><figcaption class=\"wp-element-caption\">Imagem dispon\u00edvel em: <a href=\"https:\/\/www.canva.com\/design\/DAGXOddpdx8\/g79QHE57khxB-E5yIt-quA\/edit?utm_content=DAGXOddpdx8&amp;utm_campaign=designshare&amp;utm_medium=link2&amp;utm_source=sharebutton\">https:\/\/www.canva.com\/design\/DAGXOddpdx8\/g79QHE57khxB-E5yIt-quA\/edit?utm_content=DAGXOddpdx8&amp;utm_campaign=designshare&amp;utm_medium=link2&amp;utm_source=sharebutton<\/a> &gt;Acesso em 28\/11\/2024.<\/figcaption><\/figure><\/div>\n\n\n<figure class=\"wp-block-embed is-type-wp-embed is-provider-wordwall wp-block-embed-wordwall\"><div class=\"wp-block-embed__wrapper\">\n<div class=\"oceanwp-oembed-wrap clr\"><iframe class=\"wp-embedded-content\" sandbox=\"allow-scripts\" security=\"restricted\" title=\"CONTOS\" src=\"https:\/\/wordwall.net\/pt\/embed\/2212ea8cfb604ecebd1b5dfcb54e5702?themeId=0&#038;ref=oembed#?secret=6eO1MaOJu7\" data-secret=\"6eO1MaOJu7\" width=\"500\" height=\"380\" frameborder=\"0\"><\/iframe><\/div>\n<\/div><figcaption class=\"wp-element-caption\">Dispon\u00edvel em: <a href=\"https:\/\/wordwall.net\/pt\/resource\/5743314&nbsp;\">https:\/\/wordwall.net\/pt\/resource\/5743314 <\/a><\/figcaption><\/figure>\n\n\n\n<hr class=\"wp-block-separator has-alpha-channel-opacity is-style-wide\"\/>\n\n\n\n<figure class=\"wp-block-table is-style-stripes has-medium-font-size\"><table><tbody><tr><td><strong>Autoria:<\/strong><\/td><td>Andrielly Campos<\/td><\/tr><tr><td><strong>Forma\u00e7\u00e3o:<\/strong><\/td><td>Letras: Portugu\u00eas \/ Ingl\u00eas e Pedagogia<\/td><\/tr><tr><td><strong>Componente Curricular:<\/strong><\/td><td>L\u00edngua Portuguesa<\/td><\/tr><tr><td><strong>Habilidades:<\/strong><\/td><td>(EF35LP26-A) Compreender, de forma l\u00fadica, que a escrita de uma narrativa ficcional consiste no relato de acontecimentos imagin\u00e1rios: contos, f\u00e1bulas, entre outros, inclusive do folclore goiano.<br>(EF35LP29) Identificar, em narrativas, cen\u00e1rio, personagem central, conflito gerador, resolu\u00e7\u00e3o e o ponto de vista com base no qual hist\u00f3rias s\u00e3o narradas, diferenciando narrativas em primeira e terceira pessoas.&nbsp;<br>(GO-EF35LP32) Ler contos populares, utilizando diferentes estrat\u00e9gias de leitura como mecanismos de interpreta\u00e7\u00e3o de textos: formula\u00e7\u00e3o de hip\u00f3teses, antecipa\u00e7\u00e3o e infer\u00eancia; verifica\u00e7\u00e3o de hip\u00f3teses, sele\u00e7\u00e3o e checagem.<br>(GO-EF35LP38) Produzir narrativas ficcionais que apresentem cen\u00e1rios e personagens, observando os elementos da estrutura narrativa: enredo, tempo, espa\u00e7o, personagens, narrador, e a constru\u00e7\u00e3o do discurso direto e indireto.<\/td><\/tr><tr><td><strong>Refer\u00eancias:&nbsp;<\/strong><\/td><td>GOI\u00c1S. Documento Curricular para Goi\u00e1s \u2013 Ampliado. Volume II. Ensino Fundamental Anos Finais. CONSED; UNDIME, 2018. 433 p. Dispon\u00edvel em &lt;<a href=\"https:\/\/sme.goiania.go.gov.br\/site\/index.php\/institucional\/documentos-oficiais-2\/category\/27-documentos-gerais&amp;gt&amp;gt\">https:\/\/sme.goiania.go.gov.br\/site\/index.php\/institucional\/documentos-oficiais-2\/category\/27-documentos-gerais&amp;gt&amp;gt<\/a>;&gt; Acesso em 22\/11\/2024.<br><br>CARPANEDA, Isabella. <strong>A Conquista:<\/strong> l\u00edngua portuguesa 5\u00ba ano. S\u00e3o Paulo: FTD, 2021.<br><br>BRASIL. DOMINIOPUBLICO.GOV. (org.). <strong>Dom\u00ednio p\u00fablico<\/strong>. Dispon\u00edvel em: <a href=\"http:\/\/www.dominiopublico.gov.br\/pesquisa\/DetalheObraForm.do?select_action=&amp;co_obra=4978\">http:\/\/www.dominiopublico.gov.br\/pesquisa\/DetalheObraForm.do?select_action=&amp;co_obra=4978<\/a>. Acesso em: 22 nov. 2024.<\/td><\/tr><\/tbody><\/table><\/figure>\n","protected":false},"author":43,"featured_media":191007,"template":"","ef_categoria":[193,14,25],"ef_ano":[88],"ef_componente":[93],"class_list":["post-190996","ensino_fundamental","type-ensino_fundamental","status-publish","has-post-thumbnail","hentry","ef_categoria-anos-iniciais","ef_categoria-ciclo-da-infancia-de","ef_categoria-etica-e-cidadania-ciclo-da-infancia-de","ef_ano-5o-ano","ef_componente-portugues","entry","has-media"],"acf":[],"_links":{"self":[{"href":"https:\/\/sme.goiania.go.gov.br\/conexaoescola\/wp-json\/wp\/v2\/ensino_fundamental\/190996","targetHints":{"allow":["GET"]}}],"collection":[{"href":"https:\/\/sme.goiania.go.gov.br\/conexaoescola\/wp-json\/wp\/v2\/ensino_fundamental"}],"about":[{"href":"https:\/\/sme.goiania.go.gov.br\/conexaoescola\/wp-json\/wp\/v2\/types\/ensino_fundamental"}],"author":[{"embeddable":true,"href":"https:\/\/sme.goiania.go.gov.br\/conexaoescola\/wp-json\/wp\/v2\/users\/43"}],"version-history":[{"count":4,"href":"https:\/\/sme.goiania.go.gov.br\/conexaoescola\/wp-json\/wp\/v2\/ensino_fundamental\/190996\/revisions"}],"predecessor-version":[{"id":191042,"href":"https:\/\/sme.goiania.go.gov.br\/conexaoescola\/wp-json\/wp\/v2\/ensino_fundamental\/190996\/revisions\/191042"}],"wp:featuredmedia":[{"embeddable":true,"href":"https:\/\/sme.goiania.go.gov.br\/conexaoescola\/wp-json\/wp\/v2\/media\/191007"}],"wp:attachment":[{"href":"https:\/\/sme.goiania.go.gov.br\/conexaoescola\/wp-json\/wp\/v2\/media?parent=190996"}],"wp:term":[{"taxonomy":"ef_categoria","embeddable":true,"href":"https:\/\/sme.goiania.go.gov.br\/conexaoescola\/wp-json\/wp\/v2\/ef_categoria?post=190996"},{"taxonomy":"ef_ano","embeddable":true,"href":"https:\/\/sme.goiania.go.gov.br\/conexaoescola\/wp-json\/wp\/v2\/ef_ano?post=190996"},{"taxonomy":"ef_componente","embeddable":true,"href":"https:\/\/sme.goiania.go.gov.br\/conexaoescola\/wp-json\/wp\/v2\/ef_componente?post=190996"}],"curies":[{"name":"wp","href":"https:\/\/api.w.org\/{rel}","templated":true}]}}