{"id":190982,"date":"2024-11-28T09:02:25","date_gmt":"2024-11-28T12:02:25","guid":{"rendered":"https:\/\/sme.goiania.go.gov.br\/conexaoescola\/?post_type=ensino_fundamental&#038;p=190982"},"modified":"2024-11-28T09:05:42","modified_gmt":"2024-11-28T12:05:42","slug":"geografia-o-racismo-estrutural-a-desigualdade-de-trabalho-e-renda-no-brasil","status":"publish","type":"ensino_fundamental","link":"https:\/\/sme.goiania.go.gov.br\/conexaoescola\/ensino_fundamental\/geografia-o-racismo-estrutural-a-desigualdade-de-trabalho-e-renda-no-brasil\/","title":{"rendered":"Geografia &#8211; O racismo estrutural: A desigualdade de trabalho e renda no Brasil"},"content":{"rendered":"\n<p class=\"has-black-color has-vivid-cyan-blue-background-color has-text-color has-background has-medium-font-size\">Esta proposta de atividade de<strong> GEOGRAFIA<\/strong> \u00e9 destinada aos estudantes do <strong>8\u00ba ano<\/strong> do Ensino Fundamental anos iniciais.<\/p>\n\n\n\n<div class=\"wp-block-buttons is-content-justification-center is-layout-flex wp-container-core-buttons-is-layout-16018d1d wp-block-buttons-is-layout-flex\">\n<div class=\"wp-block-button has-custom-font-size has-medium-font-size\"><a class=\"wp-block-button__link has-white-color has-black-background-color has-text-color has-background wp-element-button\" href=\"https:\/\/drive.google.com\/uc?export=download&amp;id=1y-zyRWutufkqbqPNxCwFIUVt8v8Pr3eG\">BAIXE A ATIVIDADE<\/a><\/div>\n\n\n\n<div class=\"wp-block-button has-custom-font-size has-medium-font-size\"><a class=\"wp-block-button__link has-white-color has-black-background-color has-text-color has-background wp-element-button\" href=\"https:\/\/drive.google.com\/uc?export=download&amp;id=1-Mi-Zr2vr9utc1cCYIhxtaT1-fB6OmeD\">BAIXE OS SLIDES<\/a><\/div>\n\n\n\n<div class=\"wp-block-button has-custom-font-size has-medium-font-size\"><a class=\"wp-block-button__link has-white-color has-black-background-color has-text-color has-background wp-element-button\" href=\"https:\/\/drive.google.com\/uc?export=download&amp;id=1oRR2QvAk22XVjjyLN553y6bI2YL7ODrS\">BAIXE O TEXTO<\/a><\/div>\n<\/div>\n\n\n\n<p><\/p>\n\n\n<div class=\"wp-block-image\">\n<figure class=\"aligncenter size-large\"><img fetchpriority=\"high\" decoding=\"async\" width=\"1024\" height=\"460\" src=\"https:\/\/sme.goiania.go.gov.br\/conexaoescola\/wp-content\/uploads\/2024\/11\/racismo-no-Brasil-2019-e1732794739381-1024x460.png\" alt=\"\" class=\"wp-image-190983\" srcset=\"https:\/\/sme.goiania.go.gov.br\/conexaoescola\/wp-content\/uploads\/2024\/11\/racismo-no-Brasil-2019-e1732794739381-1024x460.png 1024w, https:\/\/sme.goiania.go.gov.br\/conexaoescola\/wp-content\/uploads\/2024\/11\/racismo-no-Brasil-2019-e1732794739381-300x135.png 300w, https:\/\/sme.goiania.go.gov.br\/conexaoescola\/wp-content\/uploads\/2024\/11\/racismo-no-Brasil-2019-e1732794739381-768x345.png 768w, https:\/\/sme.goiania.go.gov.br\/conexaoescola\/wp-content\/uploads\/2024\/11\/racismo-no-Brasil-2019-e1732794739381-1536x690.png 1536w, https:\/\/sme.goiania.go.gov.br\/conexaoescola\/wp-content\/uploads\/2024\/11\/racismo-no-Brasil-2019-e1732794739381.png 1564w\" sizes=\"(max-width: 1024px) 100vw, 1024px\" \/><\/figure><\/div>\n\n\n<p class=\"has-text-align-center has-black-color has-text-color has-link-color has-small-font-size wp-elements-19adfa9a51b19a5f7a0f1496b57c4149\">Fonte: IBGE, 2019. Dispon\u00edvel em: &lt;<a href=\"https:\/\/biblioteca.ibge.gov.br\/visualizacao\/livros\/liv101681_informativo.pdf\">https:\/\/biblioteca.ibge.gov.br\/visualizacao\/livros\/liv101681_informativo.pdf<\/a>>. Acesso em 22 de nov. de 2024.<br><\/p>\n\n\n\n<p class=\"has-text-align-center has-black-color has-text-color has-background has-medium-font-size\" style=\"background-color:#b8e0fb\"><strong><strong>O racismo estrutural: A desigualdade de trabalho e renda no Brasil<\/strong><\/strong><\/p>\n\n\n\n<p class=\"has-black-color has-text-color has-link-color has-medium-font-size wp-elements-f2c87e8566b97d38254c76ebacd1b04d\">A desigualdade de trabalho e renda entre brancos e negros no Brasil \u00e9 um dos reflexos mais persistentes do racismo estrutural que atravessa a hist\u00f3ria do pa\u00eds. Apesar de avan\u00e7os pol\u00edticos e sociais, como a implementa\u00e7\u00e3o de cotas raciais e maior acesso \u00e0 educa\u00e7\u00e3o, a popula\u00e7\u00e3o negra continua enfrentando desvantagens significativas no mercado de trabalho. Essa disparidade, que resulta em taxas mais altas de desemprego, sal\u00e1rios menores e menor acesso a posi\u00e7\u00f5es de lideran\u00e7a, reflete a manuten\u00e7\u00e3o de estruturas sociais e econ\u00f4micas historicamente excludentes.<\/p>\n\n\n\n<p class=\"has-text-align-center has-black-color has-text-color has-link-color has-medium-font-size wp-elements-05f63fde2526908cb0bd557f22c139be\"><strong>O racismo estrutural no Brasil em dados &#8211; 2019<\/strong><\/p>\n\n\n<div class=\"wp-block-image\">\n<figure class=\"aligncenter size-large\"><img fetchpriority=\"high\" decoding=\"async\" width=\"1024\" height=\"460\" src=\"https:\/\/sme.goiania.go.gov.br\/conexaoescola\/wp-content\/uploads\/2024\/11\/racismo-no-Brasil-2019-e1732794739381-1024x460.png\" alt=\"\" class=\"wp-image-190983\" srcset=\"https:\/\/sme.goiania.go.gov.br\/conexaoescola\/wp-content\/uploads\/2024\/11\/racismo-no-Brasil-2019-e1732794739381-1024x460.png 1024w, https:\/\/sme.goiania.go.gov.br\/conexaoescola\/wp-content\/uploads\/2024\/11\/racismo-no-Brasil-2019-e1732794739381-300x135.png 300w, https:\/\/sme.goiania.go.gov.br\/conexaoescola\/wp-content\/uploads\/2024\/11\/racismo-no-Brasil-2019-e1732794739381-768x345.png 768w, https:\/\/sme.goiania.go.gov.br\/conexaoescola\/wp-content\/uploads\/2024\/11\/racismo-no-Brasil-2019-e1732794739381-1536x690.png 1536w, https:\/\/sme.goiania.go.gov.br\/conexaoescola\/wp-content\/uploads\/2024\/11\/racismo-no-Brasil-2019-e1732794739381.png 1564w\" sizes=\"(max-width: 1024px) 100vw, 1024px\" \/><\/figure><\/div>\n\n\n<p class=\"has-text-align-center has-black-color has-text-color has-link-color has-small-font-size wp-elements-223a5e51e2f98e9711492e67bc913477\">Fonte: IBGE, 2019. Dispon\u00edvel em: &lt;<a href=\"https:\/\/biblioteca.ibge.gov.br\/visualizacao\/livros\/liv101681_informativo.pdf\">https:\/\/biblioteca.ibge.gov.br\/visualizacao\/livros\/liv101681_informativo.pdf<\/a>>. Acesso em 22 de nov. de 2024.<\/p>\n\n\n\n<p class=\"has-black-color has-text-color has-link-color has-medium-font-size wp-elements-3aba1c02a29a7f91eccac5ef7015a66f\"><strong>Origens hist\u00f3ricas e racismo estrutural&nbsp;<\/strong><\/p>\n\n\n\n<p class=\"has-black-color has-text-color has-link-color has-medium-font-size wp-elements-58db28f492526f67f28ea95ff5cd5e5e\">A desigualdade de trabalho e renda entre brancos e negros no Brasil n\u00e3o pode ser dissociada do passado escravista do pa\u00eds. Durante mais de tr\u00eas s\u00e9culos, negros foram explorados como m\u00e3o de obra escrava, sem acesso a direitos b\u00e1sicos, educa\u00e7\u00e3o ou propriedade. Mesmo ap\u00f3s a aboli\u00e7\u00e3o da escravid\u00e3o, em 1888, n\u00e3o houve pol\u00edticas p\u00fablicas para integrar os negros \u00e0 sociedade de forma igualit\u00e1ria. Pelo contr\u00e1rio, muitos foram marginalizados e relegados ao trabalho informal ou prec\u00e1rio.<\/p>\n\n\n\n<p class=\"has-black-color has-text-color has-link-color has-medium-font-size wp-elements-03bc7da82af2c0e971b5a5e2802f7683\">Essa exclus\u00e3o inicial deu origem ao que se conhece hoje como racismo estrutural, ou seja, pr\u00e1ticas e pol\u00edticas que, mesmo n\u00e3o sendo expl\u00edcitas, perpetuam a desigualdade entre brancos e negros. No mercado de trabalho, isso se traduz em barreiras de acesso a empregos de maior prest\u00edgio e remunera\u00e7\u00e3o, al\u00e9m de uma concentra\u00e7\u00e3o da popula\u00e7\u00e3o negra em fun\u00e7\u00f5es de baixa qualifica\u00e7\u00e3o e rendimento.<\/p>\n\n\n\n<p class=\"has-text-align-center has-black-color has-text-color has-link-color has-medium-font-size wp-elements-2fa37d3228596c2c2428ce7168f6f2cc\"><strong>Taxa de desocupa\u00e7\u00e3o segundo cor\/ra\u00e7a de 2019 a 2024 no Brasil<\/strong><\/p>\n\n\n<div class=\"wp-block-image\">\n<figure class=\"aligncenter size-full\"><img decoding=\"async\" width=\"577\" height=\"420\" src=\"https:\/\/sme.goiania.go.gov.br\/conexaoescola\/wp-content\/uploads\/2024\/11\/grafico-taxa-de-desocupacao-e1732794784267.png\" alt=\"\" class=\"wp-image-190986\" srcset=\"https:\/\/sme.goiania.go.gov.br\/conexaoescola\/wp-content\/uploads\/2024\/11\/grafico-taxa-de-desocupacao-e1732794784267.png 577w, https:\/\/sme.goiania.go.gov.br\/conexaoescola\/wp-content\/uploads\/2024\/11\/grafico-taxa-de-desocupacao-e1732794784267-300x218.png 300w\" sizes=\"(max-width: 577px) 100vw, 577px\" \/><\/figure><\/div>\n\n\n<p class=\"has-text-align-center has-black-color has-text-color has-link-color has-small-font-size wp-elements-8e7dd4774f7b8857f0de5899828b06ef\">Fonte: DIEESE &#8211; Departamento Intersindical de Estat\u00edstica e Estudos Socioecon\u00f4micos. p. 02. Dispon\u00edvel em: &lt;<a href=\"https:\/\/www.dieese.org.br\/boletimespecial\/2024\/conscienciaNegra.pdf\">https:\/\/www.dieese.org.br\/boletimespecial\/2024\/conscienciaNegra.pdf<\/a>&gt;. Acesso em 22 de nov. de 2024.<\/p>\n\n\n\n<p class=\"has-black-color has-text-color has-link-color has-medium-font-size wp-elements-021c043e71d3a5d7f94d1672a4aea352\"><strong>Dificuldades na inser\u00e7\u00e3o e condi\u00e7\u00f5es desfavor\u00e1veis no mercado de trabalho&nbsp;<\/strong><\/p>\n\n\n\n<p class=\"has-black-color has-text-color has-link-color has-medium-font-size wp-elements-058e85cf916b34a128ddb8ae1426c3e6\">Dados do DIEESE (2024) mostram que negros t\u00eam maior dificuldade em ingressar no mercado de trabalho. A taxa de desocupa\u00e7\u00e3o da popula\u00e7\u00e3o negra \u00e9 de 8,0%, comparada a 5,5% entre n\u00e3o negros. Essa diferen\u00e7a \u00e9 ainda mais expressiva entre as mulheres negras, cuja taxa de desemprego chega a 10,1%, mais que o dobro da registrada entre homens n\u00e3o negros (4,6%).&nbsp;<\/p>\n\n\n\n<p class=\"has-text-align-center has-black-color has-text-color has-link-color has-medium-font-size wp-elements-82e9ff818e75a209e71ab9bbb5f53278\"><strong>Gr\u00e1fico sobre a taxa de desocupa\u00e7\u00e3o segundo sexo e cor no Brasil &#8211; 2\u00ba trimestre de 2024<\/strong><\/p>\n\n\n<div class=\"wp-block-image\">\n<figure class=\"aligncenter size-full\"><img decoding=\"async\" width=\"574\" height=\"469\" src=\"https:\/\/sme.goiania.go.gov.br\/conexaoescola\/wp-content\/uploads\/2024\/11\/desocupacao-genero-raca-e-cor-e1732794800876.png\" alt=\"\" class=\"wp-image-190987\" srcset=\"https:\/\/sme.goiania.go.gov.br\/conexaoescola\/wp-content\/uploads\/2024\/11\/desocupacao-genero-raca-e-cor-e1732794800876.png 574w, https:\/\/sme.goiania.go.gov.br\/conexaoescola\/wp-content\/uploads\/2024\/11\/desocupacao-genero-raca-e-cor-e1732794800876-300x245.png 300w\" sizes=\"(max-width: 574px) 100vw, 574px\" \/><\/figure><\/div>\n\n\n<p class=\"has-text-align-center has-black-color has-text-color has-link-color has-small-font-size wp-elements-4eb44b4bedf40e0dd221848cd90d4b54\">Fonte: DIEESE &#8211; Departamento Intersindical de Estat\u00edstica e Estudos Socioecon\u00f4micos. p. 03. Dispon\u00edvel em: &lt;<a href=\"https:\/\/www.dieese.org.br\/boletimespecial\/2024\/conscienciaNegra.pdf\">https:\/\/www.dieese.org.br\/boletimespecial\/2024\/conscienciaNegra.pdf<\/a>&gt;. Acesso em 22 de nov. de 2024.<\/p>\n\n\n\n<p class=\"has-black-color has-text-color has-link-color has-medium-font-size wp-elements-4d0bf92ad950a5c69026c7e6a792ceac\">Al\u00e9m disso, quase metade dos trabalhadores negros est\u00e1 inserida na informalidade. Entre as mulheres negras, 46% trabalham sem prote\u00e7\u00e3o trabalhista, e para os homens negros, esse \u00edndice \u00e9 de 45%. Essa inser\u00e7\u00e3o em empregos precarizados, sem direitos trabalhistas b\u00e1sicos, impede o acesso a benef\u00edcios e dificulta a estabilidade financeira.<\/p>\n\n\n\n<p class=\"has-black-color has-text-color has-link-color has-medium-font-size wp-elements-0c008562ffb9c6cc5a61f98ae69de02a\"><strong>Disparidades nos rendimentos<\/strong><\/p>\n\n\n\n<p class=\"has-black-color has-text-color has-link-color has-medium-font-size wp-elements-355be83e3d027047c420a6b87a1a6d40\">O mercado de trabalho no Brasil reflete as desigualdades raciais em diferentes n\u00edveis. Negros s\u00e3o maioria nos setores de trabalho informal, como vendedores ambulantes, diaristas e outros empregos precarizados, enquanto os brancos predominam em fun\u00e7\u00f5es formais e de alta qualifica\u00e7\u00e3o, como executivos, m\u00e9dicos e engenheiros. Al\u00e9m disso, estudos indicam que, mesmo com a mesma forma\u00e7\u00e3o e ocupando cargos semelhantes, negros recebem sal\u00e1rios significativamente menores do que brancos.<\/p>\n\n\n\n<p class=\"has-text-align-center has-black-color has-text-color has-link-color has-medium-font-size wp-elements-183d09f42b2013879d3c360dafb807de\"><strong>Negros e n\u00e3o negros nas 10 ocupa\u00e7\u00f5es com maiores sal\u00e1rios no Brasil em 2024<\/strong><\/p>\n\n\n<div class=\"wp-block-image\">\n<figure class=\"aligncenter size-full\"><img loading=\"lazy\" decoding=\"async\" width=\"764\" height=\"503\" src=\"https:\/\/sme.goiania.go.gov.br\/conexaoescola\/wp-content\/uploads\/2024\/11\/ocupacao-cor-mairores-salarios-e1732794770866.png\" alt=\"\" class=\"wp-image-190985\" srcset=\"https:\/\/sme.goiania.go.gov.br\/conexaoescola\/wp-content\/uploads\/2024\/11\/ocupacao-cor-mairores-salarios-e1732794770866.png 764w, https:\/\/sme.goiania.go.gov.br\/conexaoescola\/wp-content\/uploads\/2024\/11\/ocupacao-cor-mairores-salarios-e1732794770866-300x198.png 300w\" sizes=\"(max-width: 764px) 100vw, 764px\" \/><\/figure><\/div>\n\n\n<p class=\"has-text-align-center has-black-color has-text-color has-link-color has-small-font-size wp-elements-e9766ba305ad56d2cb0c35daf9c41a20\">Fonte: DIEESE &#8211; Departamento Intersindical de Estat\u00edstica e Estudos Socioecon\u00f4micos. p. 06. Dispon\u00edvel em: &lt;<a href=\"https:\/\/www.dieese.org.br\/boletimespecial\/2024\/conscienciaNegra.pdf\">https:\/\/www.dieese.org.br\/boletimespecial\/2024\/conscienciaNegra.pdf<\/a>&gt;. Acesso em 22 de nov. de 2024.<\/p>\n\n\n\n<p class=\"has-black-color has-text-color has-link-color has-medium-font-size wp-elements-866a64dd63a07c3384d7551b749fca96\">A desigualdade salarial \u00e9 marcante: os negros ganham, em m\u00e9dia, 40% menos que os n\u00e3o negros. Al\u00e9m disso, a concentra\u00e7\u00e3o de negros em ocupa\u00e7\u00f5es de baixa remunera\u00e7\u00e3o \u00e9 significativa. Eles representam 70% dos trabalhadores nas dez profiss\u00f5es com menores rendimentos, enquanto ocupam apenas 27% das dez profiss\u00f5es mais bem pagas. Um exemplo disso \u00e9 o trabalho dom\u00e9stico, uma das ocupa\u00e7\u00f5es mais precarizadas: 15,5% das mulheres negras empregadas est\u00e3o nessa fun\u00e7\u00e3o, recebendo, em m\u00e9dia, menos que o sal\u00e1rio m\u00ednimo.<\/p>\n\n\n\n<p class=\"has-text-align-center has-black-color has-text-color has-link-color has-medium-font-size wp-elements-b4776d978bd97282d46cd88430749f8b\"><strong>Negros e n\u00e3o negros nas 10 ocupa\u00e7\u00f5es com menores sal\u00e1rios no Brasil em 2024<\/strong><\/p>\n\n\n<div class=\"wp-block-image\">\n<figure class=\"aligncenter size-full\"><img loading=\"lazy\" decoding=\"async\" width=\"706\" height=\"490\" src=\"https:\/\/sme.goiania.go.gov.br\/conexaoescola\/wp-content\/uploads\/2024\/11\/ocupacao-cor-menores-salarios-e1732794756604.png\" alt=\"\" class=\"wp-image-190984\" srcset=\"https:\/\/sme.goiania.go.gov.br\/conexaoescola\/wp-content\/uploads\/2024\/11\/ocupacao-cor-menores-salarios-e1732794756604.png 706w, https:\/\/sme.goiania.go.gov.br\/conexaoescola\/wp-content\/uploads\/2024\/11\/ocupacao-cor-menores-salarios-e1732794756604-300x208.png 300w\" sizes=\"(max-width: 706px) 100vw, 706px\" \/><\/figure><\/div>\n\n\n<p class=\"has-text-align-center has-black-color has-text-color has-link-color has-small-font-size wp-elements-4fa1d4dcb677280e0c9d5b8ea38b34e6\">Fonte: DIEESE &#8211; Departamento Intersindical de Estat\u00edstica e Estudos Socioecon\u00f4micos. p. 07. Dispon\u00edvel em: &lt;<a href=\"https:\/\/www.dieese.org.br\/boletimespecial\/2024\/conscienciaNegra.pdf\">https:\/\/www.dieese.org.br\/boletimespecial\/2024\/conscienciaNegra.pdf<\/a>&gt;. Acesso em 22 de nov. de 2024.<\/p>\n\n\n\n<p class=\"has-black-color has-text-color has-link-color has-medium-font-size wp-elements-149c7bc6fa68660467c5c4ebb215c93f\">A desigualdade de trabalho e renda entre brancos e negros tem implica\u00e7\u00f5es econ\u00f4micas e sociais significativas. Do ponto de vista econ\u00f4mico, a subutiliza\u00e7\u00e3o do potencial da popula\u00e7\u00e3o negra representa uma perda de produtividade e inova\u00e7\u00e3o para o pa\u00eds. Al\u00e9m disso, as disparidades refor\u00e7am a concentra\u00e7\u00e3o de renda e dificultam o desenvolvimento de uma economia mais inclusiva e sustent\u00e1vel.&nbsp;<\/p>\n\n\n\n<p class=\"has-black-color has-text-color has-link-color has-medium-font-size wp-elements-1e0184791712c86a7d9a27372d736101\">Socialmente, a desigualdade gera tens\u00f5es e perpetua a discrimina\u00e7\u00e3o racial, impactando a coes\u00e3o social. A marginaliza\u00e7\u00e3o econ\u00f4mica dos negros contribui para a perpetua\u00e7\u00e3o de problemas como viol\u00eancia, exclus\u00e3o social e pobreza, que afetam n\u00e3o apenas a popula\u00e7\u00e3o negra, mas a sociedade na totalidade.<\/p>\n\n\n\n<p class=\"has-black-color has-text-color has-link-color has-medium-font-size wp-elements-fa32c4e366d17227326b0cbd08f486db\"><strong>Caminhos para a Igualdade<\/strong><\/p>\n\n\n\n<p class=\"has-black-color has-text-color has-link-color has-medium-font-size wp-elements-0163f8367473ec1af53e91d60a20e9de\">Nos \u00faltimos anos, pol\u00edticas p\u00fablicas como as cotas raciais para universidades e concursos p\u00fablicos t\u00eam buscado reduzir as desigualdades raciais no Brasil. Essas medidas t\u00eam sido fundamentais para ampliar o acesso dos negros \u00e0 educa\u00e7\u00e3o superior e a empregos formais. No entanto, ainda h\u00e1 muito a ser feito.&nbsp;<\/p>\n\n\n\n<p class=\"has-black-color has-text-color has-link-color has-medium-font-size wp-elements-8ed35a8b9399b5eb89fe002ebdb73f55\">A ado\u00e7\u00e3o de pol\u00edticas empresariais de diversidade e inclus\u00e3o \u00e9 essencial para combater a desigualdade no mercado de trabalho. Programas de treinamento e mentoria para negros, aliados a pr\u00e1ticas que garantam igualdade salarial e de oportunidades, s\u00e3o passos fundamentais.<\/p>\n\n\n\n<p class=\"has-black-color has-text-color has-link-color has-medium-font-size wp-elements-38b048f5ca193c9bdf0b431d8c2d6c97\">Sendo assim, a desigualdade de trabalho e renda entre brancos e negros no Brasil \u00e9 um desafio complexo que requer esfor\u00e7os cont\u00ednuos e integrados para ser superado. Investir em pol\u00edticas p\u00fablicas inclusivas, promover mudan\u00e7as nas pr\u00e1ticas empresariais e combater o racismo estrutural s\u00e3o a\u00e7\u00f5es essenciais para construir uma sociedade mais igualit\u00e1ria. Somente por meio de uma abordagem abrangente ser\u00e1 poss\u00edvel romper com o ciclo de exclus\u00e3o e garantir que todos os brasileiros tenham acesso \u00e0s mesmas oportunidades no mercado de trabalho e na distribui\u00e7\u00e3o de renda.<\/p>\n\n\n\n<p class=\"has-black-color has-text-color has-link-color has-medium-font-size wp-elements-9ea9de3557edab6b4469dff93e6affdc\"><\/p>\n\n\n\n<p class=\"has-text-align-center has-black-color has-text-color has-background has-medium-font-size\" style=\"background-color:#ffd2ae\"><strong>RESPONDA \u00c0S QUEST\u00d5ES<\/strong><\/p>\n\n\n\n<p class=\"has-black-color has-pale-cyan-blue-background-color has-text-color has-background has-medium-font-size\"><strong>QUEST\u00c3O 01<\/strong><\/p>\n\n\n\n<p class=\"has-black-color has-text-color has-medium-font-size\">Como o passado escravista do Brasil influencia a manuten\u00e7\u00e3o do racismo estrutural no mercado de trabalho atual, e de que forma pol\u00edticas p\u00fablicas podem ajudar a romper com esse ciclo de exclus\u00e3o?<\/p>\n\n\n\n<p><\/p>\n\n\n\n<p class=\"has-black-color has-pale-cyan-blue-background-color has-text-color has-background has-medium-font-size\"><strong><strong>QUEST\u00c3O<\/strong> 02<\/strong><\/p>\n\n\n\n<p class=\"has-black-color has-text-color has-medium-font-size\">Fa\u00e7a uma pesquisa sobre as cotas raciais e explique de que forma as pol\u00edticas de a\u00e7\u00e3o afirmativa, como as cotas raciais, podem contribuir para reduzir a desigualdade no mercado de trabalho, e quais s\u00e3o as limita\u00e7\u00f5es dessas pol\u00edticas diante do racismo estrutural ainda presente nas institui\u00e7\u00f5es brasileiras?<\/p>\n\n\n\n<p><\/p>\n\n\n\n<p class=\"has-black-color has-pale-cyan-blue-background-color has-text-color has-background has-medium-font-size\"><strong><strong>QUEST\u00c3O<\/strong> 03<\/strong><\/p>\n\n\n\n<p class=\"has-black-color has-text-color has-link-color has-medium-font-size wp-elements-75c8feaf32622becbd9aee26e2a76cc3\">A desigualdade de trabalho e renda entre brancos e negros no Brasil \u00e9 um dos reflexos mais persistentes do racismo estrutural que atravessa a hist\u00f3ria do pa\u00eds. Apesar de avan\u00e7os pol\u00edticos e sociais, como a implementa\u00e7\u00e3o de cotas raciais e maior acesso \u00e0 educa\u00e7\u00e3o, a popula\u00e7\u00e3o negra continua enfrentando desvantagens significativas no mercado de trabalho. A desigualdade de trabalho e renda entre brancos e negros \u00e9 considerada um reflexo do racismo estrutural no Brasil, pois&nbsp;&nbsp;<\/p>\n\n\n\n<p class=\"has-black-color has-text-color has-link-color has-medium-font-size wp-elements-b236c622f15af67e074d54b9ae324285\">(A) os negros ocupam exclusivamente posi\u00e7\u00f5es de lideran\u00e7a no mercado de trabalho e na pol\u00edtica.&nbsp;<\/p>\n\n\n\n<p class=\"has-black-color has-text-color has-link-color has-medium-font-size wp-elements-5768c73cad9c6a3d8076a2c0253c83a8\">(B) as pr\u00e1ticas hist\u00f3ricas e sociais perpetuam a exclus\u00e3o de negros de cargos de prest\u00edgio e boa remunera\u00e7\u00e3o.&nbsp;<\/p>\n\n\n\n<p class=\"has-black-color has-text-color has-link-color has-medium-font-size wp-elements-3842fead5401bb1da4b9aaacbddf11a9\">(C) a popula\u00e7\u00e3o negra sempre teve acesso igualit\u00e1rio e majorit\u00e1rio a empregos e uma renda elevada.&nbsp;<\/p>\n\n\n\n<p class=\"has-black-color has-text-color has-link-color has-medium-font-size wp-elements-a2f5be995c9d97d71a711c9a8ac785e4\">(D) as pol\u00edticas de inclus\u00e3o reduziram e acabaram completamente com as desigualdades raciais.<\/p>\n\n\n\n<p class=\"has-black-color has-text-color has-link-color has-medium-font-size wp-elements-9ea9de3557edab6b4469dff93e6affdc\"><\/p>\n\n\n\n<p class=\"has-black-color has-pale-cyan-blue-background-color has-text-color has-background has-medium-font-size\"><strong><strong>QUEST\u00c3O<\/strong> 04<\/strong><\/p>\n\n\n\n<p class=\"has-black-color has-text-color has-link-color has-medium-font-size wp-elements-914765b03741fe7417d00c5e83d6df75\">O mercado de trabalho no Brasil reflete as desigualdades raciais em diferentes n\u00edveis. Negros s\u00e3o maioria nos setores de trabalho informal, como vendedores ambulantes, diaristas e outros empregos precarizados, enquanto os brancos predominam em fun\u00e7\u00f5es formais e de alta qualifica\u00e7\u00e3o, como executivos, m\u00e9dicos e engenheiros. O principal obst\u00e1culo para a inser\u00e7\u00e3o de negros em cargos de lideran\u00e7a no Brasil \u00e9 a&nbsp;<\/p>\n\n\n\n<p class=\"has-black-color has-text-color has-link-color has-medium-font-size wp-elements-e91853fd07488843e9d5621ecf790e5c\">(A) igualdade salarial em rela\u00e7\u00e3o aos n\u00e3o negros e o f\u00e1cil desenvolvimento da carreira.&nbsp;<\/p>\n\n\n\n<p class=\"has-black-color has-text-color has-link-color has-medium-font-size wp-elements-9164597faec08b0e7ea777ae5baa98fe\">(B) predomin\u00e2ncia de negros em universidades e profiss\u00f5es t\u00e9cnicas e de alta qualifica\u00e7\u00e3o.&nbsp;<\/p>\n\n\n\n<p class=\"has-black-color has-text-color has-link-color has-medium-font-size wp-elements-795da82486cfffb6cfdfccc9c9a8c311\">(C) discrimina\u00e7\u00e3o e a falta de pol\u00edticas inclusivas que promovam diversidade nas empresas.&nbsp;<\/p>\n\n\n\n<p class=\"has-black-color has-text-color has-link-color has-medium-font-size wp-elements-5b35d72a0607940c6fa95b5753abf40d\">(D) predomin\u00e2ncia de negros com grandes sal\u00e1rios e no mercado de trabalho formal.<\/p>\n\n\n\n<p class=\"has-black-color has-text-color has-link-color has-medium-font-size wp-elements-9ea9de3557edab6b4469dff93e6affdc\"><\/p>\n\n\n\n<hr class=\"wp-block-separator has-alpha-channel-opacity\"\/>\n\n\n\n<figure class=\"wp-block-table is-style-stripes\" style=\"font-size:15px\"><table class=\"has-black-color has-text-color\"><tbody><tr><td><strong>Autoria:<\/strong><\/td><td>Prof. Me.: Gabriel Ramos Paiva<\/td><\/tr><tr><td><strong>Forma\u00e7\u00e3o:<\/strong><\/td><td>Licenciatura em Geografia;<br>Bacharelado em Geografia;<br>Licenciatura em Pedagogia;<br>Mestre em Geografia pelo IESA-UFG.<\/td><\/tr><tr><td><strong>Componente Curricular:<\/strong><\/td><td>Geografia<\/td><\/tr><tr><td><strong>DCGO \u2013 AMPLIADO (1\u00ba corte) Habilidades:<\/strong><\/td><td>(EF08GE20-B) Analisar caracter\u00edsticas de pa\u00edses e grupos de pa\u00edses da Am\u00e9rica e da \u00c1frica no que se refere aos aspectos populacionais, urbanos, pol\u00edticos e econ\u00f4micos. Discutir as desigualdades sociais e econ\u00f4micas, bem como as press\u00f5es sobre a natureza e suas riquezas, sua apropria\u00e7\u00e3o e valora\u00e7\u00e3o na produ\u00e7\u00e3o e circula\u00e7\u00e3o, em diferentes tempos, resultando na espolia\u00e7\u00e3o dos povos origin\u00e1rios.<\/td><\/tr><tr><td><strong>Matriz de habilidades essenciais:<\/strong><\/td><td>Analisar as desigualdades sociais e econ\u00f4micas, bem como as press\u00f5es sobre a natureza e suas riquezas, sua apropria\u00e7\u00e3o e valora\u00e7\u00e3o na produ\u00e7\u00e3o e circula\u00e7\u00e3o, em diferentes tempos, resultando na espolia\u00e7\u00e3o dos povos origin\u00e1rios.<\/td><\/tr><tr><td><strong>Refer\u00eancias:<\/strong><\/td><td>DIEESE &#8211; Departamento Intersindical de Estat\u00edstica e Estudos Socioecon\u00f4micos. 20 de novembro &#8211; Dia da Consci\u00eancia Negra Boletim Especial &#8211; Apesar dos avan\u00e7os, desigualdade racial de rendimentos persiste. S\u00e3o Paulo, 2024. Dispon\u00edvel em: &lt;<a href=\"https:\/\/www.dieese.org.br\/boletimespecial\/2024\/conscienciaNegra.pdf\">https:\/\/www.dieese.org.br\/boletimespecial\/2024\/conscienciaNegra.pdf<\/a>>. Acesso em 22 de nov. de 2024.<br><br>IBGE. Desigualdades Sociais por Cor ou Ra\u00e7a no Brasil. Estudos e Pesquisas, Informa\u00e7\u00e3o Demogr\u00e1fica e Socioecon\u00f4mica, n.41, Instituto Brasileiro de Geografia e Estat\u00edstica &#8211; IBGE, 2019. Dispon\u00edvel em: &lt;<a href=\"https:\/\/biblioteca.ibge.gov.br\/visualizacao\/livros\/liv101681_informativo.pdf\">https:\/\/biblioteca.ibge.gov.br\/visualizacao\/livros\/liv101681_informativo.pdf<\/a>>. Acesso em 22 de nov. de 2024.<\/td><\/tr><\/tbody><\/table><\/figure>\n\n\n\n<p><\/p>\n","protected":false},"author":20,"featured_media":190983,"template":"","ef_categoria":[16],"ef_ano":[91],"ef_componente":[96],"class_list":["post-190982","ensino_fundamental","type-ensino_fundamental","status-publish","has-post-thumbnail","hentry","ef_categoria-ciclo-da-adolescencia-hi","ef_ano-8o-ano","ef_componente-geografia","entry","has-media"],"acf":[],"_links":{"self":[{"href":"https:\/\/sme.goiania.go.gov.br\/conexaoescola\/wp-json\/wp\/v2\/ensino_fundamental\/190982","targetHints":{"allow":["GET"]}}],"collection":[{"href":"https:\/\/sme.goiania.go.gov.br\/conexaoescola\/wp-json\/wp\/v2\/ensino_fundamental"}],"about":[{"href":"https:\/\/sme.goiania.go.gov.br\/conexaoescola\/wp-json\/wp\/v2\/types\/ensino_fundamental"}],"author":[{"embeddable":true,"href":"https:\/\/sme.goiania.go.gov.br\/conexaoescola\/wp-json\/wp\/v2\/users\/20"}],"version-history":[{"count":2,"href":"https:\/\/sme.goiania.go.gov.br\/conexaoescola\/wp-json\/wp\/v2\/ensino_fundamental\/190982\/revisions"}],"predecessor-version":[{"id":190989,"href":"https:\/\/sme.goiania.go.gov.br\/conexaoescola\/wp-json\/wp\/v2\/ensino_fundamental\/190982\/revisions\/190989"}],"wp:featuredmedia":[{"embeddable":true,"href":"https:\/\/sme.goiania.go.gov.br\/conexaoescola\/wp-json\/wp\/v2\/media\/190983"}],"wp:attachment":[{"href":"https:\/\/sme.goiania.go.gov.br\/conexaoescola\/wp-json\/wp\/v2\/media?parent=190982"}],"wp:term":[{"taxonomy":"ef_categoria","embeddable":true,"href":"https:\/\/sme.goiania.go.gov.br\/conexaoescola\/wp-json\/wp\/v2\/ef_categoria?post=190982"},{"taxonomy":"ef_ano","embeddable":true,"href":"https:\/\/sme.goiania.go.gov.br\/conexaoescola\/wp-json\/wp\/v2\/ef_ano?post=190982"},{"taxonomy":"ef_componente","embeddable":true,"href":"https:\/\/sme.goiania.go.gov.br\/conexaoescola\/wp-json\/wp\/v2\/ef_componente?post=190982"}],"curies":[{"name":"wp","href":"https:\/\/api.w.org\/{rel}","templated":true}]}}