{"id":190965,"date":"2024-11-28T08:29:13","date_gmt":"2024-11-28T11:29:13","guid":{"rendered":"https:\/\/sme.goiania.go.gov.br\/conexaoescola\/?post_type=ensino_fundamental&#038;p=190965"},"modified":"2024-11-28T08:30:22","modified_gmt":"2024-11-28T11:30:22","slug":"geografia-as-mudancas-climaticas-globais","status":"publish","type":"ensino_fundamental","link":"https:\/\/sme.goiania.go.gov.br\/conexaoescola\/ensino_fundamental\/geografia-as-mudancas-climaticas-globais\/","title":{"rendered":"Geografia &#8211; As mudan\u00e7as clim\u00e1ticas globais"},"content":{"rendered":"\n<p class=\"has-black-color has-text-color has-background has-medium-font-size\" style=\"background-color:#b8e0fb\">Esta proposta de atividade de<strong> GEOGRAFIA<\/strong> \u00e9 destinada aos estudantes do <strong>6\u00ba ano<\/strong> do Ensino Fundamental anos iniciais.<\/p>\n\n\n\n<div class=\"wp-block-buttons is-content-justification-center is-layout-flex wp-container-core-buttons-is-layout-16018d1d wp-block-buttons-is-layout-flex\">\n<div class=\"wp-block-button has-custom-font-size has-medium-font-size\"><a class=\"wp-block-button__link has-white-color has-black-background-color has-text-color has-background wp-element-button\" href=\"https:\/\/drive.google.com\/uc?export=download&amp;id=1GuevkEYaeeJaQCwRy3DYMBQTo9WAyUUp\">BAIXE A ATIVIDADE<\/a><\/div>\n\n\n\n<div class=\"wp-block-button has-custom-font-size has-medium-font-size\"><a class=\"wp-block-button__link has-white-color has-black-background-color has-text-color has-background wp-element-button\" href=\"https:\/\/drive.google.com\/uc?export=download&amp;id=1wwgSQC1xeaiPGUbOZbEzeqk82FZTqC4o\">BAIXE OS SLIDES<\/a><\/div>\n\n\n\n<div class=\"wp-block-button has-custom-font-size has-medium-font-size\"><a class=\"wp-block-button__link has-white-color has-black-background-color has-text-color has-background wp-element-button\" href=\"https:\/\/drive.google.com\/uc?export=download&amp;id=1CklmYkKthMy2NQo8R-6PvoZFWzQmcvBm\">BAIXE O TEXTO<\/a><\/div>\n<\/div>\n\n\n\n<p><\/p>\n\n\n<div class=\"wp-block-image\">\n<figure class=\"aligncenter size-large\"><img fetchpriority=\"high\" decoding=\"async\" width=\"1024\" height=\"291\" src=\"https:\/\/sme.goiania.go.gov.br\/conexaoescola\/wp-content\/uploads\/2024\/11\/risco-climatico-2-e1732792298539-1024x291.png\" alt=\"\" class=\"wp-image-190970\" srcset=\"https:\/\/sme.goiania.go.gov.br\/conexaoescola\/wp-content\/uploads\/2024\/11\/risco-climatico-2-e1732792298539-1024x291.png 1024w, https:\/\/sme.goiania.go.gov.br\/conexaoescola\/wp-content\/uploads\/2024\/11\/risco-climatico-2-e1732792298539-300x85.png 300w, https:\/\/sme.goiania.go.gov.br\/conexaoescola\/wp-content\/uploads\/2024\/11\/risco-climatico-2-e1732792298539-768x219.png 768w, https:\/\/sme.goiania.go.gov.br\/conexaoescola\/wp-content\/uploads\/2024\/11\/risco-climatico-2-e1732792298539.png 1265w\" sizes=\"(max-width: 1024px) 100vw, 1024px\" \/><\/figure><\/div>\n\n\n<p class=\"has-text-align-center has-black-color has-text-color has-link-color has-small-font-size wp-elements-779cf66226fc77dc85cb569301636cfa\">Fonte:<strong> <\/strong>BRASIL, Ministerio da Ci\u00eancia, tecnologia e inova\u00e7\u00e3o. p. 118. Dispon\u00edvel em: &lt;<a href=\"https:\/\/www.gov.br\/mcti\/pt-br\/acompanhe-o-mcti\/sirene\/publicacoes\/relatorios-do-ipcc\/arquivos\/pdf\/copy_of_IPCC_Longer_Report_2023_Portugues.pdf\">https:\/\/www.gov.br\/mcti\/pt-br\/acompanhe-o-mcti\/sirene\/publicacoes\/relatorios-do-ipcc\/arquivos\/pdf\/copy_of_IPCC_Longer_Report_2023_Portugues.pdf<\/a>&gt;. Acesso em 19 de nov. de 2024.<br><\/p>\n\n\n\n<p class=\"has-text-align-center has-black-color has-text-color has-background has-medium-font-size\" style=\"background-color:#b8e0fb\"><strong>As mudan\u00e7as clim\u00e1ticas globais<\/strong><\/p>\n\n\n\n<p class=\"has-black-color has-text-color has-link-color has-medium-font-size wp-elements-bbdd3223e28e6a239749e09c8665ef43\">As mudan\u00e7as clim\u00e1ticas s\u00e3o uma das maiores preocupa\u00e7\u00f5es da atualidade. Elas envolvem altera\u00e7\u00f5es significativas no clima do planeta ao longo do tempo, afetando temperaturas, padr\u00f5es de chuvas, eventos extremos e os ecossistemas. Esses fen\u00f4menos t\u00eam causas naturais, como varia\u00e7\u00f5es na \u00f3rbita terrestre, e causas humanas, que se intensificaram a partir da Revolu\u00e7\u00e3o Industrial. No s\u00e9culo XXI, os impactos das mudan\u00e7as clim\u00e1ticas t\u00eam sido tema de discuss\u00f5es cient\u00edficas e pol\u00edticas devido \u00e0s consequ\u00eancias ambientais, sociais e econ\u00f4micas que j\u00e1 afetam milh\u00f5es de pessoas em todo o mundo.<\/p>\n\n\n\n<p class=\"has-text-align-center has-black-color has-text-color has-link-color has-medium-font-size wp-elements-e3243fcdba8ac334eb6ee7bbe1e71abb\"><strong>Luta contra as mudan\u00e7as clim\u00e1ticas<\/strong><\/p>\n\n\n<div class=\"wp-block-image\">\n<figure class=\"aligncenter size-large\"><img decoding=\"async\" width=\"1024\" height=\"576\" src=\"https:\/\/sme.goiania.go.gov.br\/conexaoescola\/wp-content\/uploads\/2024\/11\/Fonte-canva.com-14-e1732792258310-1024x576.png\" alt=\"\" class=\"wp-image-190968\" srcset=\"https:\/\/sme.goiania.go.gov.br\/conexaoescola\/wp-content\/uploads\/2024\/11\/Fonte-canva.com-14-e1732792258310-1024x576.png 1024w, https:\/\/sme.goiania.go.gov.br\/conexaoescola\/wp-content\/uploads\/2024\/11\/Fonte-canva.com-14-e1732792258310-300x169.png 300w, https:\/\/sme.goiania.go.gov.br\/conexaoescola\/wp-content\/uploads\/2024\/11\/Fonte-canva.com-14-e1732792258310-768x432.png 768w, https:\/\/sme.goiania.go.gov.br\/conexaoescola\/wp-content\/uploads\/2024\/11\/Fonte-canva.com-14-e1732792258310-1536x864.png 1536w, https:\/\/sme.goiania.go.gov.br\/conexaoescola\/wp-content\/uploads\/2024\/11\/Fonte-canva.com-14-e1732792258310.png 1920w\" sizes=\"(max-width: 1024px) 100vw, 1024px\" \/><\/figure><\/div>\n\n\n<p class=\"has-black-color has-text-color has-link-color has-medium-font-size wp-elements-893224e938f3b2010c8fb8c9441cbbef\"><strong>Causas das mudan\u00e7as clim\u00e1ticas&nbsp;<\/strong><\/p>\n\n\n\n<p class=\"has-black-color has-text-color has-link-color has-medium-font-size wp-elements-7aa9ab9ec36421bb7236b944ca55cf1f\">As mudan\u00e7as clim\u00e1ticas t\u00eam duas origens principais:&nbsp;<\/p>\n\n\n\n<p class=\"has-black-color has-text-color has-link-color has-medium-font-size wp-elements-74d1a7a1882fd12266201ae89314bc9c\"><strong>Naturais:<\/strong> Incluem fen\u00f4menos como erup\u00e7\u00f5es vulc\u00e2nicas, que liberam grandes quantidades de part\u00edculas na atmosfera, e ciclos clim\u00e1ticos, como as eras glaciais. Esses eventos ocorrem de maneira lenta e ao longo de milhares ou milh\u00f5es de anos.&nbsp;<\/p>\n\n\n\n<p class=\"has-black-color has-text-color has-link-color has-medium-font-size wp-elements-0a20599af4d30ef3050ecd6ef039681a\"><strong>Humanas:<\/strong> A a\u00e7\u00e3o humana, principalmente a partir do uso de combust\u00edveis f\u00f3sseis (carv\u00e3o, petr\u00f3leo e g\u00e1s natural), \u00e9 o principal respons\u00e1vel pela intensifica\u00e7\u00e3o das mudan\u00e7as clim\u00e1ticas. As atividades industriais, o desmatamento, a agropecu\u00e1ria intensiva e a queima de combust\u00edveis liberam gases de efeito estufa (como di\u00f3xido de carbono e metano), que ret\u00eam calor na atmosfera e aquecem o planeta.<\/p>\n\n\n\n<p class=\"has-text-align-center has-black-color has-text-color has-link-color has-medium-font-size wp-elements-2bf33b2aa6e31fb46513b280ccd1a14e\"><strong>A a\u00e7\u00e3o humana nas mudan\u00e7as clim\u00e1ticas<\/strong><\/p>\n\n\n<div class=\"wp-block-image\">\n<figure class=\"aligncenter size-large\"><img decoding=\"async\" width=\"1024\" height=\"576\" src=\"https:\/\/sme.goiania.go.gov.br\/conexaoescola\/wp-content\/uploads\/2024\/11\/Fonte-canva.com-15-e1732792241276-1024x576.png\" alt=\"\" class=\"wp-image-190967\" srcset=\"https:\/\/sme.goiania.go.gov.br\/conexaoescola\/wp-content\/uploads\/2024\/11\/Fonte-canva.com-15-e1732792241276-1024x576.png 1024w, https:\/\/sme.goiania.go.gov.br\/conexaoescola\/wp-content\/uploads\/2024\/11\/Fonte-canva.com-15-e1732792241276-300x169.png 300w, https:\/\/sme.goiania.go.gov.br\/conexaoescola\/wp-content\/uploads\/2024\/11\/Fonte-canva.com-15-e1732792241276-768x432.png 768w, https:\/\/sme.goiania.go.gov.br\/conexaoescola\/wp-content\/uploads\/2024\/11\/Fonte-canva.com-15-e1732792241276-1536x864.png 1536w, https:\/\/sme.goiania.go.gov.br\/conexaoescola\/wp-content\/uploads\/2024\/11\/Fonte-canva.com-15-e1732792241276.png 1920w\" sizes=\"(max-width: 1024px) 100vw, 1024px\" \/><\/figure><\/div>\n\n\n<p class=\"has-black-color has-text-color has-link-color has-medium-font-size wp-elements-4dc4260f86490159e773e622dc475bee\"><strong>Consequ\u00eancias das mudan\u00e7as clim\u00e1ticas&nbsp;<\/strong><\/p>\n\n\n\n<p class=\"has-black-color has-text-color has-link-color has-medium-font-size wp-elements-000553eff02bedfbee6f64ce6f3014d0\">Os impactos das mudan\u00e7as clim\u00e1ticas j\u00e1 s\u00e3o vis\u00edveis em diferentes partes do mundo:&nbsp;<\/p>\n\n\n\n<p class=\"has-black-color has-text-color has-link-color has-medium-font-size wp-elements-1847ade87877165852292874bec7dada\"><strong>Aumento da temperatura global:<\/strong> O planeta est\u00e1, em m\u00e9dia, 1,1\u00b0C mais quente do que na era pr\u00e9-industrial. Esse aquecimento provoca derretimento de geleiras e aumento do n\u00edvel dos oceanos.<\/p>\n\n\n\n<p class=\"has-black-color has-text-color has-link-color has-medium-font-size wp-elements-8a641f86fe319aac2000c930e8aa6696\"><strong>Eventos clim\u00e1ticos extremos:<\/strong> Furac\u00f5es, enchentes e secas est\u00e3o se tornando mais frequentes e intensos, afetando milh\u00f5es de pessoas.&nbsp;<\/p>\n\n\n\n<p class=\"has-text-align-center has-black-color has-text-color has-link-color has-medium-font-size wp-elements-4d326a98e4625fc3a98237a5392cd87c\"><strong>Aumento dos eventos extremos<\/strong><\/p>\n\n\n<div class=\"wp-block-image\">\n<figure class=\"aligncenter size-large\"><img fetchpriority=\"high\" decoding=\"async\" width=\"1024\" height=\"291\" src=\"https:\/\/sme.goiania.go.gov.br\/conexaoescola\/wp-content\/uploads\/2024\/11\/risco-climatico-2-e1732792298539-1024x291.png\" alt=\"\" class=\"wp-image-190970\" srcset=\"https:\/\/sme.goiania.go.gov.br\/conexaoescola\/wp-content\/uploads\/2024\/11\/risco-climatico-2-e1732792298539-1024x291.png 1024w, https:\/\/sme.goiania.go.gov.br\/conexaoescola\/wp-content\/uploads\/2024\/11\/risco-climatico-2-e1732792298539-300x85.png 300w, https:\/\/sme.goiania.go.gov.br\/conexaoescola\/wp-content\/uploads\/2024\/11\/risco-climatico-2-e1732792298539-768x219.png 768w, https:\/\/sme.goiania.go.gov.br\/conexaoescola\/wp-content\/uploads\/2024\/11\/risco-climatico-2-e1732792298539.png 1265w\" sizes=\"(max-width: 1024px) 100vw, 1024px\" \/><\/figure><\/div>\n\n\n<p class=\"has-text-align-center has-black-color has-text-color has-link-color has-small-font-size wp-elements-a67021fac79e4cf2f938b3304dc60f86\">Fonte:<strong> <\/strong>BRASIL, Ministerio da Ci\u00eancia, tecnologia e inova\u00e7\u00e3o. p. 118. Dispon\u00edvel em: &lt;<a href=\"https:\/\/www.gov.br\/mcti\/pt-br\/acompanhe-o-mcti\/sirene\/publicacoes\/relatorios-do-ipcc\/arquivos\/pdf\/copy_of_IPCC_Longer_Report_2023_Portugues.pdf\">https:\/\/www.gov.br\/mcti\/pt-br\/acompanhe-o-mcti\/sirene\/publicacoes\/relatorios-do-ipcc\/arquivos\/pdf\/copy_of_IPCC_Longer_Report_2023_Portugues.pdf<\/a>&gt;. Acesso em 19 de nov. de 2024.<\/p>\n\n\n\n<p class=\"has-black-color has-text-color has-link-color has-medium-font-size wp-elements-cd05668931c083bbf403a28bbea48058\"><strong>Perda da biodiversidade:<\/strong> Esp\u00e9cies de plantas e animais t\u00eam dificuldade para se adaptar a essas mudan\u00e7as, levando a extin\u00e7\u00f5es em larga escala.&nbsp;<\/p>\n\n\n\n<p class=\"has-black-color has-text-color has-link-color has-medium-font-size wp-elements-887c678278fefc77a3fa89467a522360\"><strong>Impactos sociais e econ\u00f4micos:<\/strong> A agricultura, fonte de sustento para muitas popula\u00e7\u00f5es, \u00e9 prejudicada pelas altera\u00e7\u00f5es nos padr\u00f5es de chuvas e pelo aumento de pragas. Al\u00e9m disso, comunidades costeiras enfrentam deslocamentos devido ao aumento do n\u00edvel do mar.<\/p>\n\n\n\n<p class=\"has-text-align-center has-black-color has-text-color has-link-color has-medium-font-size wp-elements-c93bd1f5ea2f8c68de01f81b3e3ebbde\"><strong>Impactos dos eventos clim\u00e1ticos<\/strong><\/p>\n\n\n<div class=\"wp-block-image\">\n<figure class=\"aligncenter size-large\"><img loading=\"lazy\" decoding=\"async\" width=\"1024\" height=\"562\" src=\"https:\/\/sme.goiania.go.gov.br\/conexaoescola\/wp-content\/uploads\/2024\/11\/risco-climatico-3-e1732792277983-1024x562.png\" alt=\"\" class=\"wp-image-190969\" srcset=\"https:\/\/sme.goiania.go.gov.br\/conexaoescola\/wp-content\/uploads\/2024\/11\/risco-climatico-3-e1732792277983-1024x562.png 1024w, https:\/\/sme.goiania.go.gov.br\/conexaoescola\/wp-content\/uploads\/2024\/11\/risco-climatico-3-e1732792277983-300x165.png 300w, https:\/\/sme.goiania.go.gov.br\/conexaoescola\/wp-content\/uploads\/2024\/11\/risco-climatico-3-e1732792277983-768x421.png 768w, https:\/\/sme.goiania.go.gov.br\/conexaoescola\/wp-content\/uploads\/2024\/11\/risco-climatico-3-e1732792277983.png 1252w\" sizes=\"(max-width: 1024px) 100vw, 1024px\" \/><\/figure><\/div>\n\n\n<p class=\"has-text-align-center has-black-color has-text-color has-link-color has-small-font-size wp-elements-a67021fac79e4cf2f938b3304dc60f86\">Fonte:<strong> <\/strong>BRASIL, Ministerio da Ci\u00eancia, tecnologia e inova\u00e7\u00e3o. p. 118. Dispon\u00edvel em: &lt;<a href=\"https:\/\/www.gov.br\/mcti\/pt-br\/acompanhe-o-mcti\/sirene\/publicacoes\/relatorios-do-ipcc\/arquivos\/pdf\/copy_of_IPCC_Longer_Report_2023_Portugues.pdf\">https:\/\/www.gov.br\/mcti\/pt-br\/acompanhe-o-mcti\/sirene\/publicacoes\/relatorios-do-ipcc\/arquivos\/pdf\/copy_of_IPCC_Longer_Report_2023_Portugues.pdf<\/a>&gt;. Acesso em 19 de nov. de 2024.<\/p>\n\n\n\n<p class=\"has-black-color has-text-color has-link-color has-medium-font-size wp-elements-56f894b6a58c54ac0e672a46fef3cba6\"><strong>A\u00e7\u00f5es para diminuir as mudan\u00e7as clim\u00e1ticas&nbsp;<\/strong><\/p>\n\n\n\n<p class=\"has-black-color has-text-color has-link-color has-medium-font-size wp-elements-dba470af042b77e8b1d3117e6d854ead\">Embora as consequ\u00eancias sejam graves, h\u00e1 medidas que podem ser tomadas para reduzir os impactos das mudan\u00e7as clim\u00e1ticas:&nbsp;<\/p>\n\n\n\n<p class=\"has-black-color has-text-color has-link-color has-medium-font-size wp-elements-05f518852d437f7332c4563e21148849\"><strong>Redu\u00e7\u00e3o das emiss\u00f5es de gases de efeito estufa:<\/strong> Isso inclui o uso de energias renov\u00e1veis, como solar e e\u00f3lica, e a redu\u00e7\u00e3o da depend\u00eancia de combust\u00edveis f\u00f3sseis.<\/p>\n\n\n\n<p class=\"has-black-color has-text-color has-link-color has-medium-font-size wp-elements-7ed6ce87f48dff8f328b37a7cb96b342\"><strong>Reflorestamento:<\/strong> Restaurar florestas contribui para a absor\u00e7\u00e3o de di\u00f3xido de carbono da atmosfera.&nbsp;<\/p>\n\n\n\n<p class=\"has-black-color has-text-color has-link-color has-medium-font-size wp-elements-4b2bd581c4f0c36615e63f3445a7c36c\"><strong>Mudan\u00e7as nos padr\u00f5es de consumo:<\/strong> Reduzir o desperd\u00edcio de alimentos, promover o uso eficiente de energia e optar por meios de transporte menos poluentes s\u00e3o pr\u00e1ticas que ajudam a combater o problema.&nbsp;<\/p>\n\n\n\n<p class=\"has-black-color has-text-color has-link-color has-medium-font-size wp-elements-82ab206dbbde46b6011d54bd10381027\"><strong>Acordos internacionais:<\/strong> Como o Acordo de Paris, que visa limitar o aquecimento global a menos de 2\u202f\u00b0C acima dos n\u00edveis pr\u00e9-industriais, mostrando a import\u00e2ncia da coopera\u00e7\u00e3o entre pa\u00edses.<\/p>\n\n\n\n<p class=\"has-text-align-center has-black-color has-text-color has-link-color has-medium-font-size wp-elements-fae66b92f77517bb4ed406f4e0cd0f54\"><strong>Solu\u00e7\u00f5es para as mudan\u00e7as clim\u00e1ticas<\/strong><\/p>\n\n\n<div class=\"wp-block-image\">\n<figure class=\"aligncenter size-full\"><img loading=\"lazy\" decoding=\"async\" width=\"915\" height=\"717\" src=\"https:\/\/sme.goiania.go.gov.br\/conexaoescola\/wp-content\/uploads\/2024\/11\/acoes-contra-o-aquecimento-e1732792225958.png\" alt=\"\" class=\"wp-image-190966\" srcset=\"https:\/\/sme.goiania.go.gov.br\/conexaoescola\/wp-content\/uploads\/2024\/11\/acoes-contra-o-aquecimento-e1732792225958.png 915w, https:\/\/sme.goiania.go.gov.br\/conexaoescola\/wp-content\/uploads\/2024\/11\/acoes-contra-o-aquecimento-e1732792225958-300x235.png 300w, https:\/\/sme.goiania.go.gov.br\/conexaoescola\/wp-content\/uploads\/2024\/11\/acoes-contra-o-aquecimento-e1732792225958-768x602.png 768w\" sizes=\"(max-width: 915px) 100vw, 915px\" \/><\/figure><\/div>\n\n\n<p class=\"has-text-align-center has-black-color has-text-color has-link-color has-small-font-size wp-elements-7e091cfc3c95cd7970742b69a250e9ad\">Fonte: 10 conclus\u00f5es do Relat\u00f3rio do IPCC sobre Mudan\u00e7as Clim\u00e1ticas de 2023. Dispon\u00edvel em: &lt;<a href=\"https:\/\/tratamentodeagua.com.br\/artigo\/10-conclusoes-relatorio-ipcc-sobre-mudancas-climaticas-2023\/\">https:\/\/tratamentodeagua.com.br\/artigo\/10-conclusoes-relatorio-ipcc-sobre-mudancas-climaticas-2023\/<\/a>&gt;. Acesso em 19 de nov. de 2024.<\/p>\n\n\n\n<p class=\"has-black-color has-text-color has-link-color has-medium-font-size wp-elements-96ce50328a773df66c9b3325bd624f3c\"><strong>As mudan\u00e7as clim\u00e1ticas e o desafio global<\/strong><\/p>\n\n\n\n<p class=\"has-black-color has-text-color has-link-color has-medium-font-size wp-elements-7627c139f33e06a308ba9cdbf8ebcf1f\">As mudan\u00e7as clim\u00e1ticas s\u00e3o um desafio global que exige esfor\u00e7os conjuntos de governos, empresas e cidad\u00e3os. Suas causas est\u00e3o ligadas a atividades humanas, e seus impactos s\u00e3o sentidos em todas as partes do planeta. No entanto, a geografia nos ensina que compreender o funcionamento do espa\u00e7o geogr\u00e1fico e as intera\u00e7\u00f5es entre sociedade e natureza \u00e9 fundamental para propor solu\u00e7\u00f5es. Somente com a\u00e7\u00f5es coordenadas e sustent\u00e1veis ser\u00e1 poss\u00edvel enfrentar os desafios impostos pelas mudan\u00e7as clim\u00e1ticas e garantir um futuro mais equilibrado para o planeta.<\/p>\n\n\n\n<p class=\"has-black-color has-text-color has-link-color has-medium-font-size wp-elements-9ea9de3557edab6b4469dff93e6affdc\"><\/p>\n\n\n\n<p class=\"has-text-align-center has-black-color has-text-color has-background has-medium-font-size\" style=\"background-color:#ffd2ae\"><strong>RESPONDA \u00c0S QUEST\u00d5ES<\/strong><\/p>\n\n\n\n<p class=\"has-black-color has-pale-cyan-blue-background-color has-text-color has-background has-medium-font-size\"><strong>QUEST\u00c3O 01<\/strong><\/p>\n\n\n\n<p class=\"has-black-color has-text-color has-medium-font-size\">As mudan\u00e7as clim\u00e1ticas t\u00eam causas naturais e humanas. Em rela\u00e7\u00e3o \u00e0s causas humanas, quais s\u00e3o os desafios enfrentados para reduzir as emiss\u00f5es de gases de efeito estufa globalmente? Como essas dificuldades est\u00e3o relacionadas \u00e0s diferen\u00e7as econ\u00f4micas e sociais entre os pa\u00edses?<\/p>\n\n\n\n<p><\/p>\n\n\n\n<p class=\"has-black-color has-pale-cyan-blue-background-color has-text-color has-background has-medium-font-size\"><strong><strong>QUEST\u00c3O<\/strong> 02<\/strong><\/p>\n\n\n\n<p class=\"has-black-color has-text-color has-medium-font-size\">Os eventos clim\u00e1ticos extremos s\u00e3o apresentados como uma das principais consequ\u00eancias das mudan\u00e7as clim\u00e1ticas. Considere o papel das cidades na intensifica\u00e7\u00e3o desses eventos. Quais adapta\u00e7\u00f5es urbanas poderiam ser implementadas para mitigar os efeitos de enchentes, ondas de calor ou tempestades?<\/p>\n\n\n\n<p><\/p>\n\n\n\n<p class=\"has-black-color has-pale-cyan-blue-background-color has-text-color has-background has-medium-font-size\"><strong><strong>QUEST\u00c3O<\/strong> 03<\/strong><\/p>\n\n\n\n<p class=\"has-black-color has-text-color has-link-color has-medium-font-size wp-elements-ca3afda5b6e0c17e5f9af0f1ca99def7\">As mudan\u00e7as clim\u00e1ticas s\u00e3o uma das maiores preocupa\u00e7\u00f5es da atualidade. Elas envolvem altera\u00e7\u00f5es significativas no clima do planeta ao longo do tempo, afetando temperaturas, padr\u00f5es de chuvas, eventos extremos e os ecossistemas. Esses fen\u00f4menos t\u00eam causas naturais, como varia\u00e7\u00f5es na \u00f3rbita terrestre, e causas humanas, que se intensificaram a partir da Revolu\u00e7\u00e3o Industrial. Dessa forma, a principal rela\u00e7\u00e3o entre o aumento da temperatura global e as atividades humanas \u00e9<\/p>\n\n\n\n<p class=\"has-black-color has-text-color has-link-color has-medium-font-size wp-elements-ca1d9688c0cae22113c4a14cf51ba30a\">(A) o aumento da temperatura ocorre apenas por fen\u00f4menos naturais, sem rela\u00e7\u00e3o com as atividades humanas.&nbsp;<\/p>\n\n\n\n<p class=\"has-black-color has-text-color has-link-color has-medium-font-size wp-elements-9e97231d194f494675fc4b214696e22b\">(B) as ind\u00fastrias e os transportes diminuem as emiss\u00f5es de gases de efeito estufa, retardando o aquecimento.<\/p>\n\n\n\n<p class=\"has-black-color has-text-color has-link-color has-medium-font-size wp-elements-d4fdda37bca14ecbed075605ccb2e97f\">(C) o desmatamento global contribui para o aumento do oxig\u00eanio na atmosfera, reduzindo a temperatura.&nbsp;<\/p>\n\n\n\n<p class=\"has-black-color has-text-color has-link-color has-medium-font-size wp-elements-c7bd91f03ddd25295c4dae37bbf19261\">(D) a queima de combust\u00edveis f\u00f3sseis eleva a emiss\u00e3o de gases de efeito estufa, intensificando o aquecimento global.<\/p>\n\n\n\n<p class=\"has-black-color has-text-color has-medium-font-size\"><\/p>\n\n\n\n<p class=\"has-black-color has-pale-cyan-blue-background-color has-text-color has-background has-medium-font-size\"><strong><strong>QUEST\u00c3O<\/strong> 04<\/strong><\/p>\n\n\n\n<p class=\"has-black-color has-text-color has-link-color has-medium-font-size wp-elements-43d2f87247b11c80cebba0045431610a\">Os impactos das mudan\u00e7as clim\u00e1ticas t\u00eam sido tema de discuss\u00f5es cient\u00edficas e pol\u00edticas devido \u00e0s consequ\u00eancias ambientais, sociais e econ\u00f4micas que j\u00e1 afetam milh\u00f5es de pessoas em todo o mundo. O que caracteriza os eventos clim\u00e1ticos extremos relacionados \u00e0s mudan\u00e7as clim\u00e1ticas s\u00e3o,&nbsp;<\/p>\n\n\n\n<p class=\"has-black-color has-text-color has-link-color has-medium-font-size wp-elements-8be9a6a890c74d88eb2ca473798bd330\">(A) eventos previs\u00edveis ocorridos em ciclos naturais e n\u00e3o t\u00eam rela\u00e7\u00e3o com o aquecimento global.&nbsp;<\/p>\n\n\n\n<p class=\"has-black-color has-text-color has-link-color has-medium-font-size wp-elements-d90dfa8994149b31ceff917af36da48c\">(B) fen\u00f4menos raros e localizados que ocorrem somente em regi\u00f5es tropicais e em regi\u00f5es des\u00e9rticas.&nbsp;<\/p>\n\n\n\n<p class=\"has-black-color has-text-color has-link-color has-medium-font-size wp-elements-4709ab9b4562d4cd2e4c078e11b0a4bb\">(C) eventos intensificados pela mudan\u00e7a do clima, como ondas de calor, enchentes e secas severas.&nbsp;<\/p>\n\n\n\n<p class=\"has-black-color has-text-color has-link-color has-medium-font-size wp-elements-b4c70611f5a345c202c2c71d2afa4250\">(D) fen\u00f4menos que ocorrem apenas em \u00e1reas rurais, devido \u00e0 baixa ocupa\u00e7\u00e3o do solo.<\/p>\n\n\n\n<p><\/p>\n\n\n\n<hr class=\"wp-block-separator has-alpha-channel-opacity\"\/>\n\n\n\n<figure class=\"wp-block-table is-style-stripes\" style=\"font-size:15px\"><table class=\"has-black-color has-text-color\"><tbody><tr><td><strong>Autoria:<\/strong><\/td><td>Prof. Me.: Gabriel Ramos Paiva<\/td><\/tr><tr><td><strong>Forma\u00e7\u00e3o:<\/strong><\/td><td>Licenciatura em Geografia;<br>Bacharelado em Geografia;<br>Licenciatura em Pedagogia;<br>Mestre em Geografia pelo IESA-UFG.<\/td><\/tr><tr><td><strong>Componente Curricular:<\/strong><\/td><td>Geografia<\/td><\/tr><tr><td><strong>DCGO \u2013 AMPLIADO (1\u00ba corte) Habilidades:<\/strong><\/td><td>(EF06GE09-B) Analisar e elaborar gr\u00e1ficos e tabelas com diferentes tem\u00e1ticas.<\/td><\/tr><tr><td><strong>Matriz de habilidades essenciais:<\/strong><\/td><td>Analisar gr\u00e1ficos e tabelas com diferentes tem\u00e1ticas geogr\u00e1ficas.&nbsp;<\/td><\/tr><tr><td><strong>Refer\u00eancias:<\/strong><\/td><td>BRASIL, Minist\u00e9rio da Ci\u00eancia, Tecnologia e Inov\u00e7\u00e3o. METODOLOGIA UTILIZADA NOS SISTEMAS PRODES E DETER &#8211; 2a EDI\u00c7\u00c3O (ATUALIZADA). Instituto Nacional de Pesquisas Espaciais &#8211; INPE, S\u00e3o Jos\u00e9 dos Campos, 2022. Dispon\u00edvel em: &lt;<a href=\"http:\/\/urlib.net\/8JMKD3MGP3W34T\/47GAF6S\">http:\/\/urlib.net\/8JMKD3MGP3W34T\/47GAF6S<\/a>&gt;. Acesso em 07 de nov. de 2024.<br><br>BRASIL, Ministerio da Ci\u00eancia, tecnologia e inova\u00e7\u00e3o. MUDAN\u00c7A DO CLIMA 2023: Relat\u00f3rio S\u00edntese Um Relat\u00f3rio do Painel Intergovernamental sobre Mudan\u00e7a do Clima. PAINEL INTERGOVERNAMENTAL SOBRE MUDAN\u00c7A DO CLIMA, Sui\u00e7a, 2023. Dispon\u00edvel em: &lt;<a href=\"https:\/\/www.gov.br\/mcti\/pt-br\/acompanhe-o-mcti\/sirene\/publicacoes\/relatorios-do-ipcc\/arquivos\/pdf\/copy_of_IPCC_Longer_Report_2023_Portugues.pdf\">https:\/\/www.gov.br\/mcti\/pt-br\/acompanhe-o-mcti\/sirene\/publicacoes\/relatorios-do-ipcc\/arquivos\/pdf\/copy_of_IPCC_Longer_Report_2023_Portugues.pdf<\/a>&gt;. Acesso em 19 de nov. de 2024.<br><br>MARENGO, Jos\u00e9 A. Mudan\u00e7as clim\u00e1ticas globais e seus efeitos sobre a biodiversidade: caracteriza\u00e7\u00e3o do clima atual e defini\u00e7\u00e3o das altera\u00e7\u00f5es clim\u00e1ticas para o territ\u00f3rio brasileiro ao longo do s\u00e9culo XXI. 2\u00ba edi\u00e7\u00e3o, Bras\u00edlia: MMA, 2007. Dispon\u00edvel em: &lt;<a href=\"http:\/\/mudancasclimaticas.cptec.inpe.br\/~rmclima\/pdfs\/prod_probio\/Livro2_completo.pdf\">http:\/\/mudancasclimaticas.cptec.inpe.br\/~rmclima\/pdfs\/prod_probio\/Livro2_completo.pdf<\/a>&gt;. Acesso em 19 de nov. de 2024.<\/td><\/tr><\/tbody><\/table><\/figure>\n\n\n\n<p><\/p>\n","protected":false},"author":20,"featured_media":190970,"template":"","ef_categoria":[15],"ef_ano":[89],"ef_componente":[96],"class_list":["post-190965","ensino_fundamental","type-ensino_fundamental","status-publish","has-post-thumbnail","hentry","ef_categoria-ciclo-da-adolescencia-fg","ef_ano-6o-ano","ef_componente-geografia","entry","has-media"],"acf":[],"_links":{"self":[{"href":"https:\/\/sme.goiania.go.gov.br\/conexaoescola\/wp-json\/wp\/v2\/ensino_fundamental\/190965","targetHints":{"allow":["GET"]}}],"collection":[{"href":"https:\/\/sme.goiania.go.gov.br\/conexaoescola\/wp-json\/wp\/v2\/ensino_fundamental"}],"about":[{"href":"https:\/\/sme.goiania.go.gov.br\/conexaoescola\/wp-json\/wp\/v2\/types\/ensino_fundamental"}],"author":[{"embeddable":true,"href":"https:\/\/sme.goiania.go.gov.br\/conexaoescola\/wp-json\/wp\/v2\/users\/20"}],"version-history":[{"count":1,"href":"https:\/\/sme.goiania.go.gov.br\/conexaoescola\/wp-json\/wp\/v2\/ensino_fundamental\/190965\/revisions"}],"predecessor-version":[{"id":190973,"href":"https:\/\/sme.goiania.go.gov.br\/conexaoescola\/wp-json\/wp\/v2\/ensino_fundamental\/190965\/revisions\/190973"}],"wp:featuredmedia":[{"embeddable":true,"href":"https:\/\/sme.goiania.go.gov.br\/conexaoescola\/wp-json\/wp\/v2\/media\/190970"}],"wp:attachment":[{"href":"https:\/\/sme.goiania.go.gov.br\/conexaoescola\/wp-json\/wp\/v2\/media?parent=190965"}],"wp:term":[{"taxonomy":"ef_categoria","embeddable":true,"href":"https:\/\/sme.goiania.go.gov.br\/conexaoescola\/wp-json\/wp\/v2\/ef_categoria?post=190965"},{"taxonomy":"ef_ano","embeddable":true,"href":"https:\/\/sme.goiania.go.gov.br\/conexaoescola\/wp-json\/wp\/v2\/ef_ano?post=190965"},{"taxonomy":"ef_componente","embeddable":true,"href":"https:\/\/sme.goiania.go.gov.br\/conexaoescola\/wp-json\/wp\/v2\/ef_componente?post=190965"}],"curies":[{"name":"wp","href":"https:\/\/api.w.org\/{rel}","templated":true}]}}