{"id":190857,"date":"2024-11-22T20:32:46","date_gmt":"2024-11-22T23:32:46","guid":{"rendered":"https:\/\/sme.goiania.go.gov.br\/conexaoescola\/?post_type=ensino_fundamental&#038;p=190857"},"modified":"2024-11-27T15:36:46","modified_gmt":"2024-11-27T18:36:46","slug":"lingua-portuguesa-a-poesia-de-casimiro-de-abreu-na-sala-de-aula","status":"publish","type":"ensino_fundamental","link":"https:\/\/sme.goiania.go.gov.br\/conexaoescola\/ensino_fundamental\/lingua-portuguesa-a-poesia-de-casimiro-de-abreu-na-sala-de-aula\/","title":{"rendered":"L\u00edngua Portuguesa &#8211; A poesia de Casimiro de Abreu na sala de aula"},"content":{"rendered":"\n<p class=\"has-black-color has-text-color has-background has-link-color has-medium-font-size wp-elements-8fcb09d17bddc960c6260c7a546e6d43\" style=\"background-color:#b68560\">Esta atividade de<strong>&nbsp;L\u00edngua Portuguesa<\/strong>&nbsp;tem como base o DC\/GO \u2013 Ampliado e est\u00e1 destinada a estudantes do&nbsp;<strong>6\u00ba ano<\/strong>&nbsp;<strong>do Ensino Fundamental<\/strong>.<\/p>\n\n\n\n<div class=\"wp-block-buttons is-content-justification-center is-layout-flex wp-container-core-buttons-is-layout-16018d1d wp-block-buttons-is-layout-flex\">\n<div class=\"wp-block-button\"><a class=\"wp-block-button__link wp-element-button\" href=\"https:\/\/drive.google.com\/uc?export=download&amp;id=1qrf1kfzqQjrUnOVQI21tX8XtDv9jLn98\">BAIXE A ATIVIDADE<\/a><\/div>\n\n\n\n<div class=\"wp-block-button\"><a class=\"wp-block-button__link wp-element-button\" href=\"https:\/\/drive.google.com\/uc?export=download&amp;id=1ZTaYsa_qZEdyIF8D4sOpZRpSySvguWEa\">BAIXE OS SLIDES<\/a><\/div>\n\n\n\n<div class=\"wp-block-button\"><a class=\"wp-block-button__link wp-element-button\" href=\"https:\/\/drive.google.com\/uc?export=download&amp;id=1gtKvBurCuBK6npVjvWqehW7mZh2T09ny\">BAIXE O TEXTO<\/a><\/div>\n<\/div>\n\n\n\n<p><\/p>\n\n\n<div class=\"wp-block-image\">\n<figure class=\"aligncenter size-large is-resized\"><img fetchpriority=\"high\" decoding=\"async\" width=\"1024\" height=\"682\" src=\"https:\/\/sme.goiania.go.gov.br\/conexaoescola\/wp-content\/uploads\/2024\/11\/woman-6930526_1280-1-e1732574051364-1024x682.jpg\" alt=\"\" class=\"wp-image-190858\" style=\"width:662px;height:auto\" srcset=\"https:\/\/sme.goiania.go.gov.br\/conexaoescola\/wp-content\/uploads\/2024\/11\/woman-6930526_1280-1-e1732574051364-1024x682.jpg 1024w, https:\/\/sme.goiania.go.gov.br\/conexaoescola\/wp-content\/uploads\/2024\/11\/woman-6930526_1280-1-e1732574051364-300x200.jpg 300w, https:\/\/sme.goiania.go.gov.br\/conexaoescola\/wp-content\/uploads\/2024\/11\/woman-6930526_1280-1-e1732574051364-768x512.jpg 768w, https:\/\/sme.goiania.go.gov.br\/conexaoescola\/wp-content\/uploads\/2024\/11\/woman-6930526_1280-1-e1732574051364.jpg 1280w\" sizes=\"(max-width: 1024px) 100vw, 1024px\" \/><figcaption class=\"wp-element-caption\">Imagem 1:&nbsp; &lt;<a href=\"https:\/\/pixabay.com\/pt\/photos\/mulher-manuscrito-antigo-papel-velho-6930526\/\">https:\/\/pixabay.com\/pt\/photos\/mulher-manuscrito-antigo-papel-velho-69305260\/<\/a>&gt;&nbsp;<br>Acesso em: 22, nov. 2024<br><\/figcaption><\/figure><\/div>\n\n\n<p class=\"has-black-color has-text-color has-link-color has-medium-font-size wp-elements-cfe8941ebc5fefaa6147e0977fa84d2f\">Certamente, voc\u00ea j\u00e1 ouviu algo po\u00e9tico, algo que te sensibilizasse de alguma forma. Tamb\u00e9m, j\u00e1 deve ter lido e escrito poemas na escola e fora dela, experimentando um pouco da arte por meio da palavra. Voc\u00ea j\u00e1 refletiu sobre a diferen\u00e7a entre poesia e poema? Ou seriam a mesma coisa?<\/p>\n\n\n\n<p class=\"has-black-color has-text-color has-background has-link-color has-medium-font-size wp-elements-c736b266ebf75b9584261284033fa106\" style=\"background-color:#ffb987\"><strong>Poesia<\/strong> e<strong> poema<\/strong> s\u00e3o termos comumente usados como sin\u00f4nimos, mas h\u00e1 uma diferen\u00e7a importante entre eles.&nbsp;<\/p>\n\n\n\n<p class=\"has-black-color has-text-color has-link-color has-medium-font-size wp-elements-82bd0bcab65b0cd17b5847f054ed7bf3\">A <strong>poesia<\/strong> \u00e9 uma forma de express\u00e3o art\u00edstica, uma manifesta\u00e7\u00e3o da criatividade humana que utiliza a linguagem para provocar emo\u00e7\u00f5es, reflex\u00f5es e sensa\u00e7\u00f5es. Ela \u00e9 caracterizada pela musicalidade das palavras, pela escolha de figuras de linguagem, como met\u00e1foras e alitera\u00e7\u00f5es, e pela busca de uma forma est\u00e9tica na escrita.<\/p>\n\n\n\n<p class=\"has-black-color has-text-color has-link-color has-medium-font-size wp-elements-e8dd46b7a8d32a0f89afd0272c16c140\">Por outro lado, o <strong>poema<\/strong> \u00e9 uma obra liter\u00e1ria concreta, um texto espec\u00edfico que se insere dentro dessa forma de express\u00e3o chamada poesia. Ou seja, todo poema \u00e9 uma poesia, mas nem toda poesia se materializa em um poema.&nbsp;<\/p>\n\n\n\n<p class=\"has-black-color has-text-color has-link-color has-medium-font-size wp-elements-57c379a9fdd80a846e79f577584116da\">A poesia pode se manifestar tamb\u00e9m em outras formas, como a can\u00e7\u00e3o, a literatura de cordel ou at\u00e9 mesmo em textos livres, como a prosa po\u00e9tica. O poema, por sua vez, \u00e9 uma estrutura textual, composta por versos e estrofes, muitas vezes com rimas e ritmo.<\/p>\n\n\n\n<p class=\"has-black-color has-text-color has-link-color has-medium-font-size wp-elements-491f38f4294b8273bb7636347a6f0a11\">A poesia tem um papel fundamental no desenvolvimento humano e educacional dos estudantes. Quando trabalhada na sala de aula, ela n\u00e3o apenas desenvolve as habilidades lingu\u00edsticas, como leitura, interpreta\u00e7\u00e3o e produ\u00e7\u00e3o de textos, mas tamb\u00e9m estimula a sensibilidade, a criatividade e o pensamento cr\u00edtico dos alunos.<\/p>\n\n\n\n<p class=\"has-black-color has-text-color has-link-color has-medium-font-size wp-elements-fccbe431698af48b799ebb8aff338f95\">Atrav\u00e9s da poesia, temos a oportunidade de experimentar novas formas de ver o mundo, entender as emo\u00e7\u00f5es humanas e explorar a beleza da linguagem. Isso pode ser refletido no desenvolvimento do nosso gosto liter\u00e1rio, nas formas que encontramos para nos expressar, seja na fala, seja na escrita. Al\u00e9m disso, o contato com o texto po\u00e9tico pode nos levar a uma compreens\u00e3o maior da nossa subjetividade e com as experi\u00eancias de outras pessoas, ampliando a empatia e o entendimento sobre diferentes realidades e sentimentos.<\/p>\n\n\n\n<p class=\"has-black-color has-text-color has-link-color has-medium-font-size wp-elements-a007b8f4c9a5cc37088789ea65009c5b\">Um poeta que expressou muito a sua subjetividade e marcou sua gera\u00e7\u00e3o, foi <strong>Casimiro de Abreu.<\/strong> <\/p>\n\n\n\n<p class=\"has-text-align-center has-black-color has-text-color has-background has-link-color has-medium-font-size wp-elements-69ec0368b81ae89f963415dc05813dc7\" style=\"background-color:#b68560\"><strong>Casimiro de Abreu<\/strong><\/p>\n\n\n\n<p class=\"has-black-color has-text-color has-link-color has-medium-font-size wp-elements-d03e6d3e40a4a6d133080b5b9873789d\">Casimiro Jos\u00e9 Marques de Abreu nasceu em 4 de janeiro de 1839, na freguesia da Barra de S\u00e3o Jo\u00e3o, no estado do Rio de Janeiro, e faleceu prematuramente, aos 21 anos, em 18 de outubro de 1860, no Rio de Janeiro, v\u00edtima de uma tuberculose. Foi um dos mais importantes poetas do Brasil no s\u00e9culo XIX, sendo amplamente reconhecido por suas poesias de tem\u00e1tica rom\u00e2ntica e sentimentalista, especialmente aquelas que abordam a saudade e o amor, sendo parte de um movimento liter\u00e1rio chamado de Romantismo.<\/p>\n\n\n\n<p class=\"has-black-color has-text-color has-link-color has-medium-font-size wp-elements-cd1ce63421d83e35f52363c465f196f0\">Desde muito jovem, Casimiro demonstrou uma grande aptid\u00e3o para a literatura, mas sua vida foi curta, o que deu um car\u00e1ter tr\u00e1gico \u00e0 sua obra, que j\u00e1 era muito apreciada em vida. Suas poesias s\u00e3o marcadas por uma forte carga emocional e sensibilidade, caracter\u00edsticas t\u00edpicas do Romantismo, movimento liter\u00e1rio que predominava na \u00e9poca.<\/p>\n\n\n\n<p class=\"has-black-color has-text-color has-link-color has-medium-font-size wp-elements-f23d24a9e9e4436cec483928486730a3\">A obra mais conhecida de Casimiro de Abreu \u00e9 &#8220;As Primaveras&#8221;. O livro apresenta uma colet\u00e2nea de poemas que expressam, de forma intensa, a busca pela felicidade, o amor, a nostalgia e a reflex\u00e3o sobre a juventude e o tempo que passa.<\/p>\n\n\n\n<p class=\"has-black-color has-text-color has-link-color has-medium-font-size wp-elements-ed4ec4fb773e78ca514461cf8e988a54\">A poesia de Casimiro de Abreu \u00e9 considerada acess\u00edvel e tocante, com versos simples, mas profundos, que cativaram gera\u00e7\u00f5es de leitores. Sua obra \u00e9 um exemplo claro de como a poesia pode emocionar, educar e enriquecer a forma\u00e7\u00e3o cultural e emocional de um povo.<\/p>\n\n\n\n<p class=\"has-black-color has-text-color has-link-color has-medium-font-size wp-elements-f2f57f212713aa5dde3b8554b83b1e41\">Leia a seguir, um poema do poeta:<\/p>\n\n\n\n<p class=\"has-text-align-center has-black-color has-text-color has-link-color has-medium-font-size wp-elements-4d915a23e417534a0cb97bf410faa76b\"><strong>Saudades<\/strong><\/p>\n\n\n\n<p class=\"has-text-align-center has-black-color has-text-color has-link-color has-medium-font-size wp-elements-24696f6da6b3ee54fc58b4d66445e822\">Nas horas mortas da noite<br>Como \u00e9 doce o meditar<br>Quando as estrelas cintilam<br>Nas ondas quietas do mar;<br>Quando a lua majestosa<br>Surgindo linda e formosa,<br>Como donzela vaidosa<br>Nas \u00e1guas se vai mirar!<\/p>\n\n\n\n<p class=\"has-text-align-center has-black-color has-text-color has-link-color has-medium-font-size wp-elements-5cc641c3783a867e6eb988fc0983d619\">Nessas horas de sil\u00eancio,<br>De tristezas e de amor,<br>Eu gosto de ouvir ao longe,<br>Cheio de m\u00e1goa e de dor,<br>O sino do campan\u00e1rio<br>Que fala t\u00e3o solit\u00e1rio<br>Com esse som mortu\u00e1rio<br>Que nos enche de pavor.<\/p>\n\n\n\n<p class=\"has-text-align-center has-black-color has-text-color has-link-color has-medium-font-size wp-elements-d30cc6bb87922c0836df15def7d1739b\">Ent\u00e3o \u2014 proscrito e sozinho \u2014<br>Eu solto aos ecos da serra<br>Suspiros dessa saudade<br>Que no meu peito se encerra.<br>Esses prantos de amargores<br>S\u00e3o prantos cheios de dores:<br>\u2014 Saudades \u2014 dos meus amores,<br>\u2014 Saudades \u2014 da minha terra!<\/p>\n\n\n\n<p class=\"has-text-align-right has-black-color has-text-color has-link-color has-small-font-size wp-elements-5cbe6c9e932435705af27e3026a7120c\">ABREU, Casimiro de. <strong>As Primaveras<\/strong>. S\u00e3o Paulo: \u00c1tica, 2007, p. 44.<\/p>\n\n\n\n<p class=\"has-black-color has-text-color has-link-color has-medium-font-size wp-elements-fe591577a01ce0f962086a91d4a33d4a\">O eu l\u00edrico (a pessoa que est\u00e1 falando no poema), no poema, descreve a sensa\u00e7\u00e3o de estar sozinho, \u00e0 noite, refletindo sobre a vida. Ele encontra beleza nas estrelas no c\u00e9u e na lua que aparece cheia e brilhante, mas, ao mesmo tempo, essa tranquilidade toda s\u00f3 aumenta a sua saudade. Ele sente falta de algo importante \u2013 pode ser um amor, um lugar ou at\u00e9 uma \u00e9poca da sua vida que j\u00e1 passou.<\/p>\n\n\n\n<p class=\"has-black-color has-text-color has-link-color has-medium-font-size wp-elements-cb1fa7c7747789d7fc523ce769bb6fd4\">O poeta usa v\u00e1rias imagens da natureza para expressar esses sentimentos. Ele fala sobre o mar calmo e as estrelas brilhando, que passam uma sensa\u00e7\u00e3o de paz, mas que tamb\u00e9m tornam a solid\u00e3o ainda mais forte. A lua, que aparece &#8220;majestosa&#8221; no c\u00e9u, \u00e9 comparada a uma &#8220;donzela vaidosa&#8221;, ou seja, algo muito bonito, mas distante e inalcan\u00e7\u00e1vel. Isso reflete a sensa\u00e7\u00e3o de desejo por algo que n\u00e3o pode ser alcan\u00e7ado.<\/p>\n\n\n\n<p class=\"has-black-color has-text-color has-link-color has-medium-font-size wp-elements-af1b4ace3676826bf5c671835e5be5be\">Al\u00e9m disso, o som do sino de uma igreja, que soa sozinho \u00e0 dist\u00e2ncia, transmite a ideia de um sentimento de isolamento. Ele descreve esse som como &#8220;mortu\u00e1rio&#8221;, ou seja, com um toque de tristeza, como se fosse um sinal de perda ou fim.<\/p>\n\n\n\n<p class=\"has-black-color has-text-color has-link-color has-medium-font-size wp-elements-3bd37aee73b75fc0fa135cf1b933f5b6\">Outro tema forte do poema \u00e9 a &#8220;saudade&#8221;, um sentimento que \u00e9 bem conhecido por muitas pessoas, especialmente quando se est\u00e1 longe de algo ou algu\u00e9m que amamos. O eu l\u00edrico sente saudade de &#8220;seus amores&#8221; e tamb\u00e9m da sua &#8220;terra&#8221;, que pode ser uma met\u00e1fora para casa ou um lugar importante em sua vida. Isso faz com que o poeta se sinta ainda mais sozinho, como se os seus sentimentos estivessem ecoando sem resposta, perdidos na solid\u00e3o da noite.<\/p>\n\n\n\n<p class=\"has-black-color has-text-color has-link-color has-medium-font-size wp-elements-39a9cab07d4d85336bcded0705065583\">O poema pode ressoar com qualquer pessoa que j\u00e1 tenha se sentido distante, triste ou em busca de algo que parece inalcan\u00e7\u00e1vel. Ele fala sobre momentos de reflex\u00e3o, quando a solid\u00e3o nos faz pensar mais profundamente sobre nossas emo\u00e7\u00f5es. A natureza no poema ajuda a criar essa atmosfera de calma, mas tamb\u00e9m de tristeza, porque, mesmo com todo o seu esplendor, o mundo ao redor n\u00e3o pode curar as dores internas do eu l\u00edrico.<\/p>\n\n\n\n<p class=\"has-black-color has-text-color has-link-color has-medium-font-size wp-elements-9a169bfa51dacdfd0b99c5c91cedac50\">Assim, o poema \u00e9 uma forma de mostrar como, mesmo nos momentos mais tranquilos da vida, podemos nos sentir cheios de saudade e solit\u00e1rios. Ele nos lembra que esses sentimentos fazem parte da experi\u00eancia humana e podem ser expressos de maneira profunda e bela.<\/p>\n\n\n\n<p class=\"has-black-color has-text-color has-link-color has-medium-font-size wp-elements-0311653909a6182b2ec0d37867a403e5\">Casimiro de Abreu \u00e9 um grande exemplo da riqueza da poesia brasileira, cujos versos continuam a ser lidos e admirados, revelando a universalidade e a for\u00e7a da express\u00e3o po\u00e9tica.<\/p>\n\n\n\n<p class=\"has-black-color has-text-color has-link-color has-medium-font-size wp-elements-9dcbe1fbd17ad8c8983a787cbcf3bdde\">Voc\u00ea j\u00e1 leu algum poema de Casimiro de Abreu na escola? Que tal conhecer outros poemas com sua professora ou seu professor e colegas de classe? <\/p>\n\n\n\n<p class=\"has-text-align-center has-black-color has-text-color has-background has-link-color has-medium-font-size wp-elements-33eadba14ccc0fc6f3bfdf142b5037ce\" style=\"background-color:#becbd6\"><strong>Responda \u00e0s quest\u00f5es a seguir:<\/strong> <\/p>\n\n\n\n<p class=\"has-text-align-left has-black-color has-text-color has-background has-link-color has-medium-font-size wp-elements-252d7214564a6427cc22e3d0a6296d0e\" style=\"background-color:#b68560\"><strong>QUEST\u00c3O 1<\/strong> <\/p>\n\n\n\n<p class=\"has-black-color has-text-color has-link-color has-medium-font-size wp-elements-f31a01342a730abe1bb3b2b75de6a373\">Considere as seguintes afirmativas sobre poema e poesia. <\/p>\n\n\n\n<p class=\"has-black-color has-text-color has-link-color has-medium-font-size wp-elements-fbc1beb651187a78aebe00f2a9abf1a3\">I. A poesia \u00e9 uma forma de express\u00e3o art\u00edstica, que utiliza a linguagem para provocar emo\u00e7\u00f5es, reflex\u00f5es e sensa\u00e7\u00f5es. <\/p>\n\n\n\n<p class=\"has-black-color has-text-color has-link-color has-medium-font-size wp-elements-e4d9d0d469cbe97623e0082fbeaf35db\">II. O poema \u00e9 um texto espec\u00edfico, que se insere dentro dessa forma de express\u00e3o chamada poesia. <\/p>\n\n\n\n<p class=\"has-black-color has-text-color has-link-color has-medium-font-size wp-elements-34ff2b2331921e4786e671580615528d\">III. Todo poema \u00e9 uma poesia, mas nem toda poesia se materializa em um poema.&nbsp;&nbsp;<\/p>\n\n\n\n<p class=\"has-black-color has-text-color has-link-color has-medium-font-size wp-elements-33e70f3b5aea03dfea11940c7c2b0bb7\">IV. A poesia \u00e9 uma estrutura textual, composta por versos e estrofes, muitas vezes com rimas e ritmo. <\/p>\n\n\n\n<p class=\"has-black-color has-text-color has-link-color has-medium-font-size wp-elements-981d092a9df69ad7bc825d4b07459360\">Das afirmativas acima, est\u00e3o corretas apenas <\/p>\n\n\n\n<p class=\"has-black-color has-text-color has-link-color has-medium-font-size wp-elements-0b375d447a2625bc9f418a15ddbf955f\">(A) I, II e III.<\/p>\n\n\n\n<p class=\"has-black-color has-text-color has-link-color has-medium-font-size wp-elements-12227a88b780119a9304ce79711fcc2b\">(B) I, II e IV.<\/p>\n\n\n\n<p class=\"has-black-color has-text-color has-link-color has-medium-font-size wp-elements-cbe0c4c9148f29b9c123374b5398ecdd\">(C) I, III e IV.<\/p>\n\n\n\n<p class=\"has-black-color has-text-color has-link-color has-medium-font-size wp-elements-cfd89c406e5a793ec71a221a598075f4\">(D) II, III e IV.<\/p>\n\n\n\n<p class=\"has-text-align-left has-black-color has-text-color has-background has-link-color has-medium-font-size wp-elements-7699962026a63b78596ddd9e3a574b10\" style=\"background-color:#b68560\"><strong>QUEST\u00c3O 2<\/strong> <\/p>\n\n\n<div class=\"wp-block-image\">\n<figure class=\"aligncenter size-full is-resized\"><img decoding=\"async\" width=\"184\" height=\"233\" src=\"https:\/\/sme.goiania.go.gov.br\/conexaoescola\/wp-content\/uploads\/2024\/11\/Casimiro_de_Abreu.jpg\" alt=\"\" class=\"wp-image-190860\" style=\"width:380px;height:auto\"\/><figcaption class=\"wp-element-caption\">Arquivo\/CB. Escritor Casimiro de Abreu. <br>20 jan. 1996. X-Tudo, p. 5.<br>15 nov. 1996. Cidades, p. 4. Imagem 2: Casimiro de Abreu. Acesso em:&nbsp;<br>&lt;<a href=\"https:\/\/commons.wikimedia.org\/wiki\/File:Casimiro_de_Abreu.jpg\">https:\/\/commons.wikimedia.org\/wiki\/File:Casimiro_de_Abreu.jpg<\/a>&gt; 22, nov. 2024<\/figcaption><\/figure><\/div>\n\n\n<p class=\"has-black-color has-text-color has-link-color has-medium-font-size wp-elements-c54d142d7dbe21ca2373aadc70e4025d\">Sobre Casimiro de Abreu, \u00e9 correto afirmar que <\/p>\n\n\n\n<p class=\"has-black-color has-text-color has-link-color has-medium-font-size wp-elements-d8c58bd512af3f5ca3962dcb039ead92\">(A) escreveu poemas sem express\u00e3o de sentimentos, como saudade e tristeza.<\/p>\n\n\n\n<p class=\"has-black-color has-text-color has-link-color has-medium-font-size wp-elements-456b068788eefa1b9183d547d8920a28\">(B) escreveu poemas sobre o amor e a saudade, no per\u00edodo do Romantismo. <\/p>\n\n\n\n<p class=\"has-black-color has-text-color has-link-color has-medium-font-size wp-elements-695d8866440e1c178a8ba790429ad093\">(C) \u00e9 um poeta descoberto h\u00e1 pouco tempo, escritor da obra \u201cAs Primaveras\u201d. <\/p>\n\n\n\n<p class=\"has-black-color has-text-color has-link-color has-medium-font-size wp-elements-9c6b7106a8916bdc49a8ccb4af53d0a8\">(D) foi um poeta do estado do Rio de Janeiro, que escreveu mais de 10 livros.<\/p>\n\n\n\n<p class=\"has-black-color has-text-color has-background has-link-color has-medium-font-size wp-elements-2d5becb5802fa367e6d864a1ea7eb6d1\" style=\"background-color:#becbd6\">Leia o seguinte poema retirado do livro \u201cAs Primaveras\u201d, de Casimiro de Abreu, para responder \u00e0s pr\u00f3ximas quest\u00f5es.<\/p>\n\n\n\n<p class=\"has-text-align-center has-black-color has-text-color has-link-color has-medium-font-size wp-elements-70f49926ade48d1bfdbdc4a9ca179319\"><strong>Minha m\u00e3e<\/strong><\/p>\n\n\n\n<p class=\"has-text-align-center has-black-color has-text-color has-link-color has-medium-font-size wp-elements-8d0383996d5b8c6854b48aa7758faef1\">Da p\u00e1tria formosa distante e saudoso,<br>Chorando e gemendo meus cantos de dor,<br>Eu guardo no peito a imagem querida<br>Do mais verdadeiro, do mais santo amor;<br>\u2013 Minha M\u00e3e! \u2013<\/p>\n\n\n\n<p class=\"has-text-align-center has-black-color has-text-color has-link-color has-medium-font-size wp-elements-3e47facb198ddc6a3d6457ae7978ee95\">No ber\u00e7o, pendente dos ramos floridos,<br>Em que eu pequenino feliz dormitava:<br>Quem \u00e9 que esse ber\u00e7o com todo o cuidado,<br>Cantando cantigas alegre embalava?<br>\u2013 Minha M\u00e3e! \u2013<\/p>\n\n\n\n<p class=\"has-text-align-center has-black-color has-text-color has-link-color has-medium-font-size wp-elements-a56a30119255665fe9db8a7559bb746f\">De noite, alta noite, quando eu j\u00e1 dormia<br>Sonhando esses sonhos dos anjos dos c\u00e9us,<br>Quem \u00e9 que meus l\u00e1bios dormentes ro\u00e7ava,<br>Qual anjo da guarda, qual sopro de Deus?<br>\u2013 Minha M\u00e3e! \u2013<\/p>\n\n\n\n<p class=\"has-text-align-center has-black-color has-text-color has-link-color has-medium-font-size wp-elements-6c1146f3a9ce3e73bd47324ec16b3bf7\">Feliz o bom filho que pode contente<br>Na casa paterna de noite e de dia<br>Sentir as car\u00edcias do anjo de amores,<br>Da estrela brilhante que a vida nos guia!<br>\u2013 Minha M\u00e3e! \u2013<\/p>\n\n\n\n<p class=\"has-text-align-center has-black-color has-text-color has-link-color has-medium-font-size wp-elements-5d506ea2254cf3d459ef49846ab1cccb\">Por isso eu agora na terra do ex\u00edlio,<br>Sentado sozinho co\u2019a face na m\u00e3o,<br>Suspiro e solu\u00e7o por quem me chamava:<br>\u2013 \u201cOh filho querido do meu cora\u00e7\u00e3o!\u201d<br>\u2013 Minha M\u00e3e! \u2013<\/p>\n\n\n\n<p class=\"has-text-align-right has-black-color has-text-color has-link-color has-small-font-size wp-elements-c32ee05e60556ca140d8211f9a35faa0\">ABREU, Casimiro de. <strong>As Primaveras<\/strong>. S\u00e3o Paulo: \u00c1tica, 2007, p. 47.<\/p>\n\n\n\n<p class=\"has-text-align-left has-black-color has-text-color has-background has-link-color has-medium-font-size wp-elements-5676537f8f5e3c563fb8a08aead537aa\" style=\"background-color:#b68560\"><strong>QUEST\u00c3O 3<\/strong><\/p>\n\n\n\n<p class=\"has-black-color has-text-color has-link-color has-medium-font-size wp-elements-e00646a516f439c885825fb0d9d110e4\">Como o poeta descreve a figura materna no poema e qual \u00e9 a import\u00e2ncia dessa figura para o eu l\u00edrico? <\/p>\n\n\n\n<p class=\"has-text-align-left has-black-color has-text-color has-background has-link-color has-medium-font-size wp-elements-0e9e43233cf5e9626847efdf4d8ecdbe\" style=\"background-color:#b68560\"> <strong>QUEST\u00c3O 4<\/strong> <\/p>\n\n\n\n<p class=\"has-black-color has-text-color has-link-color has-medium-font-size wp-elements-9b8f279c43a8a5a8a5907a149db07ccd\">Quais as diferen\u00e7as entre a felicidade do eu l\u00edrico na inf\u00e2ncia e o sofrimento que ele sente no ex\u00edlio? <\/p>\n\n\n\n<p class=\"has-text-align-left has-black-color has-text-color has-background has-link-color has-medium-font-size wp-elements-d9fea6e2cae81f4bc6d939c1ba1e64e2\" style=\"background-color:#b68560\"><strong>QUEST\u00c3O 5<\/strong> <\/p>\n\n\n\n<p class=\"has-black-color has-text-color has-link-color has-medium-font-size wp-elements-31e20192a3b4cf389e3fcec934cd09fe\">O que a repeti\u00e7\u00e3o de &#8220;Minha M\u00e3e!&#8221; no poema revela sobre a rela\u00e7\u00e3o do eu l\u00edrico com a figura materna e sua condi\u00e7\u00e3o no ex\u00edlio? <\/p>\n\n\n\n<p class=\"has-text-align-left has-black-color has-text-color has-background has-link-color has-medium-font-size wp-elements-bd168b87c5aad979c42c58d87dfe84da\" style=\"background-color:#b68560\"><strong>QUEST\u00c3O 6<\/strong> <\/p>\n\n\n\n<p class=\"has-black-color has-text-color has-link-color has-medium-font-size wp-elements-925dcc3363f351809645cd37b9705625\">No poema, o sentimento predominantemente expresso pelo eu l\u00edrico \u00e9 de <\/p>\n\n\n\n<p class=\"has-black-color has-text-color has-link-color has-medium-font-size wp-elements-9c6eb33e9ff724184a55ce44cb90338f\">(A) esperan\u00e7a. <\/p>\n\n\n\n<p class=\"has-black-color has-text-color has-link-color has-medium-font-size wp-elements-3dbf8360497fe2935c4d685e5603334f\">(B) saudade. <\/p>\n\n\n\n<p class=\"has-black-color has-text-color has-link-color has-medium-font-size wp-elements-f0b95ba6187a0e59c43d9fd48e33fab8\">(C) alegria. <\/p>\n\n\n\n<p class=\"has-black-color has-text-color has-link-color has-medium-font-size wp-elements-59b239340714d607ae2cb6c68039d2ab\">(D) raiva. <\/p>\n\n\n\n<p class=\"has-text-align-left has-black-color has-text-color has-background has-link-color has-medium-font-size wp-elements-3c3b3556d1c88bb01e0f2860b1feb1a2\" style=\"background-color:#b68560\"><strong>QUEST\u00c3O 7<\/strong><\/p>\n\n\n\n<p class=\"has-black-color has-text-color has-link-color has-medium-font-size wp-elements-ada920c88d50fb52b9c265860e87eb5b\">Pesquise outros poemas de Casimiro de Abreu para construir, com sua classe, uma roda de declama\u00e7\u00e3o de poemas do autor. Ao selecionar o poema, pense na mensagem que ele deseja transmitir e na expressividade que pode atribuir ao declam\u00e1-lo.<\/p>\n\n\n\n<hr class=\"wp-block-separator has-alpha-channel-opacity\"\/>\n\n\n\n<figure class=\"wp-block-table is-style-stripes\"><table><tbody><tr><td><strong>Autoria:<\/strong><\/td><td>Marlon Santos<\/td><\/tr><tr><td><strong>Forma\u00e7\u00e3o:<\/strong><\/td><td>Letras \u2013 Portugu\u00eas<\/td><\/tr><tr><td><strong>Componente curricular:<\/strong><\/td><td>L\u00edngua Portuguesa<\/td><\/tr><tr><td><strong>Habilidades estruturantes:<\/strong><\/td><td>(EF69LP44-B) Reconhecer, em textos liter\u00e1rios, formas de estabelecer m\u00faltiplos olhares sobre as identidades, sociedades e culturas, considerando a autoria e o contexto social e hist\u00f3rico de sua produ\u00e7\u00e3o.<br>(EF69LP49-A) Mostrar-se interessado e envolvido pela leitura de livros de literatura e por outras produ\u00e7\u00f5es culturais do campo, apoiando-se nas marcas lingu\u00edsticas, em seu conhecimento sobre os g\u00eaneros e a tem\u00e1tica e nas orienta\u00e7\u00f5es dadas pelo professor.&nbsp;<br>(EF69LP53-C) Ler e\/ou declamar poemas diversos, tanto de forma livre quanto de forma fixa (como quadras, sonetos, liras, haicais etc.), empregando os recursos lingu\u00edsticos, paralingu\u00edsticos e cin\u00e9sicos necess\u00e1rios aos efeitos de sentido pretendidos, como o ritmo e a entona\u00e7\u00e3o, o emprego de pausas e prolongamentos, o tom e o timbre vocais, bem como eventuais recursos de gestualidade e pantomima (gestos e\/ou express\u00f5es faciais) que convenham ao g\u00eanero po\u00e9tico e \u00e0 situa\u00e7\u00e3o de compartilhamento em quest\u00e3o.<\/td><\/tr><tr><td><strong>Refer\u00eancias:<\/strong><\/td><td>Documento Curricular para Goi\u00e1s (DC-GO). Goi\u00e2nia\/GO: CONSED\/ UNDIME Goi\u00e1s, 2018. Dispon\u00edvel em: &lt;<a href=\"https:\/\/cee.go.gov.br\/\">https:\/\/cee.go.gov.br<\/a>&gt; Acesso em: 01, set. 2023<br>GOI\u00c2NIA. Secretaria Municipal de Educa\u00e7\u00e3o. Aprender Sempre. 6\u00b0 ao 9\u00ba ano \u2013 Ensino Fundamental; L\u00edngua Portuguesa; 4\u00b0 Bimestre; Goi\u00e2nia, 2024. <br>ABREU, Casimiro de. <strong>As Primaveras<\/strong>. S\u00e3o Paulo: \u00c1tica, 2007.<\/td><\/tr><\/tbody><\/table><\/figure>\n","protected":false},"author":42,"featured_media":190858,"template":"","ef_categoria":[15,30],"ef_ano":[89],"ef_componente":[93],"class_list":["post-190857","ensino_fundamental","type-ensino_fundamental","status-publish","has-post-thumbnail","hentry","ef_categoria-ciclo-da-adolescencia-fg","ef_categoria-etica-e-cidadania-ciclo-da-adolescencia-fg","ef_ano-6o-ano","ef_componente-portugues","entry","has-media"],"acf":[],"_links":{"self":[{"href":"https:\/\/sme.goiania.go.gov.br\/conexaoescola\/wp-json\/wp\/v2\/ensino_fundamental\/190857","targetHints":{"allow":["GET"]}}],"collection":[{"href":"https:\/\/sme.goiania.go.gov.br\/conexaoescola\/wp-json\/wp\/v2\/ensino_fundamental"}],"about":[{"href":"https:\/\/sme.goiania.go.gov.br\/conexaoescola\/wp-json\/wp\/v2\/types\/ensino_fundamental"}],"author":[{"embeddable":true,"href":"https:\/\/sme.goiania.go.gov.br\/conexaoescola\/wp-json\/wp\/v2\/users\/42"}],"version-history":[{"count":2,"href":"https:\/\/sme.goiania.go.gov.br\/conexaoescola\/wp-json\/wp\/v2\/ensino_fundamental\/190857\/revisions"}],"predecessor-version":[{"id":190934,"href":"https:\/\/sme.goiania.go.gov.br\/conexaoescola\/wp-json\/wp\/v2\/ensino_fundamental\/190857\/revisions\/190934"}],"wp:featuredmedia":[{"embeddable":true,"href":"https:\/\/sme.goiania.go.gov.br\/conexaoescola\/wp-json\/wp\/v2\/media\/190858"}],"wp:attachment":[{"href":"https:\/\/sme.goiania.go.gov.br\/conexaoescola\/wp-json\/wp\/v2\/media?parent=190857"}],"wp:term":[{"taxonomy":"ef_categoria","embeddable":true,"href":"https:\/\/sme.goiania.go.gov.br\/conexaoescola\/wp-json\/wp\/v2\/ef_categoria?post=190857"},{"taxonomy":"ef_ano","embeddable":true,"href":"https:\/\/sme.goiania.go.gov.br\/conexaoescola\/wp-json\/wp\/v2\/ef_ano?post=190857"},{"taxonomy":"ef_componente","embeddable":true,"href":"https:\/\/sme.goiania.go.gov.br\/conexaoescola\/wp-json\/wp\/v2\/ef_componente?post=190857"}],"curies":[{"name":"wp","href":"https:\/\/api.w.org\/{rel}","templated":true}]}}