{"id":190471,"date":"2024-11-18T14:11:50","date_gmt":"2024-11-18T17:11:50","guid":{"rendered":"https:\/\/sme.goiania.go.gov.br\/conexaoescola\/?post_type=ensino_fundamental&#038;p=190471"},"modified":"2024-11-18T14:14:35","modified_gmt":"2024-11-18T17:14:35","slug":"geografia-os-carros-eletricos-chineses","status":"publish","type":"ensino_fundamental","link":"https:\/\/sme.goiania.go.gov.br\/conexaoescola\/ensino_fundamental\/geografia-os-carros-eletricos-chineses\/","title":{"rendered":"Geografia &#8211; Os carros el\u00e9tricos chineses"},"content":{"rendered":"\n<p class=\"has-black-color has-luminous-vivid-orange-background-color has-text-color has-background has-medium-font-size\">Esta proposta de atividade de<strong> GEOGRAFIA<\/strong> \u00e9 destinada aos estudantes do 9<strong>\u00ba ano<\/strong> do Ensino Fundamental anos iniciais.<\/p>\n\n\n\n<div class=\"wp-block-buttons is-content-justification-center is-layout-flex wp-container-core-buttons-is-layout-16018d1d wp-block-buttons-is-layout-flex\">\n<div class=\"wp-block-button has-custom-font-size has-medium-font-size\"><a class=\"wp-block-button__link has-white-color has-black-background-color has-text-color has-background wp-element-button\" href=\"https:\/\/drive.google.com\/uc?export=download&amp;id=1ibOTDt0zu15mB65nOdJ9V9Cz059XJiEd\">BAIXE A ATIVIDADE<\/a><\/div>\n\n\n\n<div class=\"wp-block-button has-custom-font-size has-medium-font-size\"><a class=\"wp-block-button__link has-white-color has-black-background-color has-text-color has-background wp-element-button\" href=\"https:\/\/drive.google.com\/uc?export=download&amp;id=1WdlQ5JIMIgSRS8AkMOxKPVLbyGK6H_vT\">BAIXE OS SLIDES<\/a><\/div>\n\n\n\n<div class=\"wp-block-button has-custom-font-size has-medium-font-size\"><a class=\"wp-block-button__link has-white-color has-black-background-color has-text-color has-background wp-element-button\" href=\"https:\/\/drive.google.com\/uc?export=download&amp;id=1gfGs6ltsoFiRXpqZSLHNZirTwL2TdFZg\">BAIXE O TEXTO<\/a><\/div>\n<\/div>\n\n\n\n<p><\/p>\n\n\n<div class=\"wp-block-image\">\n<figure class=\"aligncenter size-large\"><img fetchpriority=\"high\" decoding=\"async\" width=\"1024\" height=\"576\" src=\"https:\/\/sme.goiania.go.gov.br\/conexaoescola\/wp-content\/uploads\/2024\/11\/Fonte-canva.com-13-e1731949212129-1024x576.png\" alt=\"\" class=\"wp-image-190474\" srcset=\"https:\/\/sme.goiania.go.gov.br\/conexaoescola\/wp-content\/uploads\/2024\/11\/Fonte-canva.com-13-e1731949212129-1024x576.png 1024w, https:\/\/sme.goiania.go.gov.br\/conexaoescola\/wp-content\/uploads\/2024\/11\/Fonte-canva.com-13-e1731949212129-300x169.png 300w, https:\/\/sme.goiania.go.gov.br\/conexaoescola\/wp-content\/uploads\/2024\/11\/Fonte-canva.com-13-e1731949212129-768x432.png 768w, https:\/\/sme.goiania.go.gov.br\/conexaoescola\/wp-content\/uploads\/2024\/11\/Fonte-canva.com-13-e1731949212129-1536x864.png 1536w, https:\/\/sme.goiania.go.gov.br\/conexaoescola\/wp-content\/uploads\/2024\/11\/Fonte-canva.com-13-e1731949212129.png 1920w\" sizes=\"(max-width: 1024px) 100vw, 1024px\" \/><\/figure><\/div>\n\n\n<p><\/p>\n\n\n\n<p class=\"has-text-align-center has-black-color has-text-color has-background has-medium-font-size\" style=\"background-color:#b8e0fb\"><strong>Os carros el\u00e9tricos chineses<\/strong><\/p>\n\n\n\n<p class=\"has-black-color has-text-color has-link-color has-medium-font-size wp-elements-642a822bb2feade0fd5dfc22cc36cb08\">Nos \u00faltimos anos, a ind\u00fastria de carros el\u00e9tricos na China cresceu rapidamente, destacando-se no mercado global de ve\u00edculos movidos a eletricidade. Esse crescimento est\u00e1 diretamente ligado a quest\u00f5es econ\u00f4micas, ambientais e pol\u00edticas, sendo uma resposta \u00e0 necessidade de reduzir a depend\u00eancia de combust\u00edveis f\u00f3sseis e diminuir a polui\u00e7\u00e3o. A expans\u00e3o dos carros el\u00e9tricos chineses transforma o setor automotivo mundial, alterando din\u00e2micas comerciais, promovendo novos centros de inova\u00e7\u00e3o.<\/p>\n\n\n\n<p class=\"has-text-align-center has-black-color has-text-color has-link-color has-medium-font-size wp-elements-d83e137fa5cc667d16635bbfa6c7682e\"><strong>Os carros el\u00e9tricos chineses<\/strong><\/p>\n\n\n<div class=\"wp-block-image\">\n<figure class=\"aligncenter size-large\"><img fetchpriority=\"high\" decoding=\"async\" width=\"1024\" height=\"576\" src=\"https:\/\/sme.goiania.go.gov.br\/conexaoescola\/wp-content\/uploads\/2024\/11\/Fonte-canva.com-13-e1731949212129-1024x576.png\" alt=\"\" class=\"wp-image-190474\" srcset=\"https:\/\/sme.goiania.go.gov.br\/conexaoescola\/wp-content\/uploads\/2024\/11\/Fonte-canva.com-13-e1731949212129-1024x576.png 1024w, https:\/\/sme.goiania.go.gov.br\/conexaoescola\/wp-content\/uploads\/2024\/11\/Fonte-canva.com-13-e1731949212129-300x169.png 300w, https:\/\/sme.goiania.go.gov.br\/conexaoescola\/wp-content\/uploads\/2024\/11\/Fonte-canva.com-13-e1731949212129-768x432.png 768w, https:\/\/sme.goiania.go.gov.br\/conexaoescola\/wp-content\/uploads\/2024\/11\/Fonte-canva.com-13-e1731949212129-1536x864.png 1536w, https:\/\/sme.goiania.go.gov.br\/conexaoescola\/wp-content\/uploads\/2024\/11\/Fonte-canva.com-13-e1731949212129.png 1920w\" sizes=\"(max-width: 1024px) 100vw, 1024px\" \/><\/figure><\/div>\n\n\n<p class=\"has-black-color has-text-color has-link-color has-medium-font-size wp-elements-3c88fe6b45f01c78e3ada15216afef37\"><strong>A expans\u00e3o da ind\u00fastria de carros el\u00e9tricos na China&nbsp;<\/strong><\/p>\n\n\n\n<p class=\"has-black-color has-text-color has-link-color has-medium-font-size wp-elements-158e8ed9e2e65b5e83e7de9b16e6bd13\">A China \u00e9 hoje o maior produtor e mercado consumidor de carros el\u00e9tricos no mundo. Este crescimento acelerado foi impulsionado por uma combina\u00e7\u00e3o de fatores, entre eles pol\u00edticas governamentais de incentivo e investimentos em pesquisa e desenvolvimento.&nbsp;<\/p>\n\n\n\n<p class=\"has-text-align-center has-black-color has-text-color has-link-color has-medium-font-size wp-elements-8b97e41503188dbb25ad8b2827ec2cce\"><strong>Gr\u00e1fico dos ve\u00edculos el\u00e9tricos vendidos na China<\/strong><\/p>\n\n\n<div class=\"wp-block-image\">\n<figure class=\"aligncenter size-full\"><img decoding=\"async\" width=\"1016\" height=\"548\" src=\"https:\/\/sme.goiania.go.gov.br\/conexaoescola\/wp-content\/uploads\/2024\/11\/venda-de-carros-eletricos-e1731949198195.png\" alt=\"\" class=\"wp-image-190475\" srcset=\"https:\/\/sme.goiania.go.gov.br\/conexaoescola\/wp-content\/uploads\/2024\/11\/venda-de-carros-eletricos-e1731949198195.png 1016w, https:\/\/sme.goiania.go.gov.br\/conexaoescola\/wp-content\/uploads\/2024\/11\/venda-de-carros-eletricos-e1731949198195-300x162.png 300w, https:\/\/sme.goiania.go.gov.br\/conexaoescola\/wp-content\/uploads\/2024\/11\/venda-de-carros-eletricos-e1731949198195-768x414.png 768w\" sizes=\"(max-width: 1016px) 100vw, 1016px\" \/><\/figure><\/div>\n\n\n<p class=\"has-text-align-center has-black-color has-text-color has-link-color has-small-font-size wp-elements-df040b0c8e847b711fd3a288357c2d87\">Fonte: GOMES, Alexandre De Podest\u00e1. Dispon\u00edvel em: &lt;<a href=\"https:\/\/enep.sep.org.br\/uploads\/2029_1647124098_A_Economia_Pol%C3%ADtica_da_Pol%C3%ADtica_Industrial_de_ve%C3%ADculos_el%C3%A9tricos_na_China_-_autor_pdf_ide.pdf\">https:\/\/enep.sep.org.br\/uploads\/2029_1647124098_A_Economia_Pol%C3%ADtica_da_Pol%C3%ADtica_Industrial_de_ve%C3%ADculos_el%C3%A9tricos_na_China_-_autor_pdf_ide.pdf<\/a>&gt;. Acesso em 12 de nov. de 2024.<\/p>\n\n\n\n<p class=\"has-black-color has-text-color has-link-color has-medium-font-size wp-elements-c9e82a22ecad19896a0592567d4d2d09\">O governo chin\u00eas implementou subs\u00eddios e regulamenta\u00e7\u00f5es para estimular tanto a produ\u00e7\u00e3o quanto a compra de ve\u00edculos el\u00e9tricos, visando mitigar problemas de polui\u00e7\u00e3o urbana e reduzir as emiss\u00f5es de gases de efeito estufa. Al\u00e9m disso, a China possui uma abund\u00e2ncia de mat\u00e9rias-primas essenciais para a produ\u00e7\u00e3o de baterias de l\u00edtio, facilitando a fabrica\u00e7\u00e3o local e diminui os custos de produ\u00e7\u00e3o.<\/p>\n\n\n\n<p class=\"has-black-color has-text-color has-link-color has-medium-font-size wp-elements-c0aa745980b8d9b7dd19817b9fa3ca91\"><strong>Tecnologia e inova\u00e7\u00e3o no setor&nbsp;<\/strong><\/p>\n\n\n\n<p class=\"has-black-color has-text-color has-link-color has-medium-font-size wp-elements-bb9e45bd8d1b92eb16c89a729174dc2f\">A China investiu massivamente em tecnologia para a cria\u00e7\u00e3o de baterias de alta efici\u00eancia e em sistemas de recarga r\u00e1pida, posicionando-se na vanguarda da inova\u00e7\u00e3o de ve\u00edculos el\u00e9tricos. Empresas como BYD, NIO e Geely se destacam pela capacidade de desenvolver baterias de longa dura\u00e7\u00e3o e motores de alta efici\u00eancia. A cria\u00e7\u00e3o de \u201csuper f\u00e1bricas\u201d de baterias e as parcerias entre empresas estatais e privadas incentivam o desenvolvimento tecnol\u00f3gico, permitindo que a China produza carros el\u00e9tricos competitivos em termos de qualidade e pre\u00e7o no mercado global.<\/p>\n\n\n\n<p class=\"has-black-color has-text-color has-link-color has-medium-font-size wp-elements-2b425142deb618e3d222662fc006f545\"><strong>Impactos econ\u00f4micos e comerciais globais&nbsp;<\/strong><\/p>\n\n\n\n<p class=\"has-black-color has-text-color has-link-color has-medium-font-size wp-elements-8e000bfe8bb6741ac27b77fce36e15be\">A produ\u00e7\u00e3o em massa de carros el\u00e9tricos chineses tem causado impactos importantes na economia global, uma vez que a China exporta para pa\u00edses da Europa, Am\u00e9rica do Norte e, cada vez mais, para mercados emergentes.&nbsp;<\/p>\n\n\n\n<p class=\"has-text-align-center has-black-color has-text-color has-link-color has-medium-font-size wp-elements-496935d4cc4adcdb1a7254f4e38f1fe2\"><strong>Gr\u00e1fico da exporta\u00e7\u00e3o e importa\u00e7\u00e3o de ve\u00edculos el\u00e9tricos<\/strong><\/p>\n\n\n<div class=\"wp-block-image\">\n<figure class=\"aligncenter size-full\"><img decoding=\"async\" width=\"840\" height=\"432\" src=\"https:\/\/sme.goiania.go.gov.br\/conexaoescola\/wp-content\/uploads\/2024\/11\/exportacao-e1731949176389.png\" alt=\"\" class=\"wp-image-190473\" srcset=\"https:\/\/sme.goiania.go.gov.br\/conexaoescola\/wp-content\/uploads\/2024\/11\/exportacao-e1731949176389.png 840w, https:\/\/sme.goiania.go.gov.br\/conexaoescola\/wp-content\/uploads\/2024\/11\/exportacao-e1731949176389-300x154.png 300w, https:\/\/sme.goiania.go.gov.br\/conexaoescola\/wp-content\/uploads\/2024\/11\/exportacao-e1731949176389-768x395.png 768w\" sizes=\"(max-width: 840px) 100vw, 840px\" \/><\/figure><\/div>\n\n\n<p class=\"has-text-align-center has-black-color has-text-color has-link-color has-small-font-size wp-elements-6c23becc2ef28b416717f87793fa73e3\">Fonte: BISPO, Scarlett Queen Almeida. p. 48. Dispon\u00edvel em: &lt;<a href=\"https:\/\/repositorio.ipea.gov.br\/bitstream\/11058\/12293\/1\/TD_2906_Web.pdf\">https:\/\/repositorio.ipea.gov.br\/bitstream\/11058\/12293\/1\/TD_2906_Web.pdf<\/a>&gt;. Acesso em 12 de nov. de 2024.<\/p>\n\n\n\n<p class=\"has-black-color has-text-color has-link-color has-medium-font-size wp-elements-ed69076601a3dac7a9752212a9f6b4e4\">A competi\u00e7\u00e3o com fabricantes ocidentais levou a uma diminui\u00e7\u00e3o nos pre\u00e7os dos carros el\u00e9tricos e pressionou empresas tradicionais a investirem em tecnologias limpas. Esse cen\u00e1rio tamb\u00e9m leva muitos pa\u00edses a revisarem suas pol\u00edticas comerciais e ambientais para incentivar o uso de ve\u00edculos el\u00e9tricos e atender \u00e0s demandas ambientais.<\/p>\n\n\n\n<p class=\"has-black-color has-text-color has-link-color has-medium-font-size wp-elements-87181e0d485fe1c2655ff83876590b62\"><strong>Geopol\u00edtica dos recursos naturais&nbsp;<\/strong><\/p>\n\n\n\n<p class=\"has-black-color has-text-color has-link-color has-medium-font-size wp-elements-f2f911d528e983cc84609ad59ae6e26e\">A ind\u00fastria de carros el\u00e9tricos depende de recursos minerais, como l\u00edtio, cobalto e n\u00edquel, essenciais para a fabrica\u00e7\u00e3o de baterias. A China, ciente da import\u00e2ncia desses minerais, investe em parcerias e contratos com pa\u00edses ricos em reservas desses recursos, especialmente na \u00c1frica e Am\u00e9rica do Sul. Isso gera uma nova configura\u00e7\u00e3o geopol\u00edtica, onde a China assume um papel estrat\u00e9gico no controle da cadeia de suprimentos de baterias, aumentando sua influ\u00eancia econ\u00f4mica e diplom\u00e1tica em v\u00e1rias regi\u00f5es do mundo.&nbsp;<\/p>\n\n\n\n<p class=\"has-black-color has-text-color has-link-color has-medium-font-size wp-elements-519a69b1fa3ed703716486c5d28099a8\"><strong>Os carros el\u00e9tricos chineses<\/strong><\/p>\n\n\n\n<p class=\"has-black-color has-text-color has-link-color has-medium-font-size wp-elements-59d078fbdc02dc4ce897bc8da076997b\">Os carros el\u00e9tricos chineses representam uma importante mudan\u00e7a na ind\u00fastria automotiva mundial, com implica\u00e7\u00f5es econ\u00f4micas, pol\u00edticas e ambientais profundas. O incentivo governamental e o avan\u00e7o tecnol\u00f3gico permitiram que a China se tornasse uma pot\u00eancia no setor, influenciando mercados globais e reconfigurando a geopol\u00edtica de recursos naturais. No entanto, esse crescimento traz desafios, incluindo a sustentabilidade dos recursos e os impactos ambientais da produ\u00e7\u00e3o de baterias. Dessa forma, os carros el\u00e9tricos chineses simbolizam tanto o avan\u00e7o para um futuro mais sustent\u00e1vel quanto a complexidade dos processos industriais e das intera\u00e7\u00f5es geogr\u00e1ficas em um mundo globalizado.<\/p>\n\n\n\n<p><\/p>\n\n\n\n<p class=\"has-text-align-center has-black-color has-text-color has-background has-medium-font-size\" style=\"background-color:#ffd2ae\"><strong>RESPONDA \u00c0S QUEST\u00d5ES<\/strong><\/p>\n\n\n\n<p class=\"has-black-color has-pale-cyan-blue-background-color has-text-color has-background has-medium-font-size\"><strong>QUEST\u00c3O 01<\/strong><\/p>\n\n\n\n<p class=\"has-black-color has-text-color has-medium-font-size\">Fa\u00e7a uma pesquisa e explique quais s\u00e3o os impactos positivos e negativos da minera\u00e7\u00e3o de l\u00edtio e de outros minerais essenciais para a produ\u00e7\u00e3o de baterias de carros el\u00e9tricos? Como a China est\u00e1 lidando com esses desafios?<\/p>\n\n\n\n<p><\/p>\n\n\n\n<p class=\"has-black-color has-pale-cyan-blue-background-color has-text-color has-background has-medium-font-size\"><strong><strong>QUEST\u00c3O<\/strong> 02<\/strong><\/p>\n\n\n\n<p class=\"has-black-color has-text-color has-link-color has-medium-font-size wp-elements-9f9da069b8ce294a14b5fce59d49a39e\">A China exporta uma grande quantidade de carros el\u00e9tricos para diversos pa\u00edses, pressionando os fabricantes tradicionais a adotarem tecnologias limpas. Quais s\u00e3o os poss\u00edveis impactos econ\u00f4micos e sociais dessa competi\u00e7\u00e3o para a ind\u00fastria automotiva tradicional, especialmente em pa\u00edses que ainda dependem de combust\u00edveis f\u00f3sseis?<\/p>\n\n\n\n<p><\/p>\n\n\n\n<p class=\"has-black-color has-pale-cyan-blue-background-color has-text-color has-background has-medium-font-size\"><strong><strong>QUEST\u00c3O<\/strong> 0<\/strong>3<\/p>\n\n\n\n<p class=\"has-black-color has-text-color has-link-color has-medium-font-size wp-elements-9c2145d915e4fc24abdab7ce6d86d313\">Nos \u00faltimos anos, a ind\u00fastria de carros el\u00e9tricos na China cresceu rapidamente, destacando-se no mercado global de ve\u00edculos movidos a eletricidade. Esse crescimento est\u00e1 diretamente ligado a quest\u00f5es econ\u00f4micas, ambientais e pol\u00edticas, o governo chin\u00eas implementou pol\u00edticas de incentivo para carros el\u00e9tricos principalmente visando<\/p>\n\n\n\n<p class=\"has-black-color has-text-color has-link-color has-medium-font-size wp-elements-9cc89126e189021837e8ca32c43668e6\">(A) aumentar o consumo de combust\u00edveis f\u00f3sseis e a produ\u00e7\u00e3o de petr\u00f3leo.&nbsp;<\/p>\n\n\n\n<p class=\"has-black-color has-text-color has-link-color has-medium-font-size wp-elements-d69c81a724a53da59e26a2c4fca4325a\">(B) reduzir a depend\u00eancia do mercado global por ve\u00edculos el\u00e9tricos e h\u00edbridos.&nbsp;<\/p>\n\n\n\n<p class=\"has-black-color has-text-color has-link-color has-medium-font-size wp-elements-2c616cad05060f2f503cd93b574fc5a0\">(C) diminuir a polui\u00e7\u00e3o e reduzir as emiss\u00f5es de gases de efeito estufa.&nbsp;<\/p>\n\n\n\n<p class=\"has-black-color has-text-color has-link-color has-medium-font-size wp-elements-e03048f101e6602ed3247009e8925f75\">(D) promover o uso exclusivo de ve\u00edculos de luxo para a classe trabalhadora.<\/p>\n\n\n\n<p><\/p>\n\n\n\n<p class=\"has-black-color has-pale-cyan-blue-background-color has-text-color has-background has-medium-font-size\"><strong><strong>QUEST\u00c3O<\/strong> 04<\/strong><\/p>\n\n\n\n<p class=\"has-black-color has-text-color has-link-color has-medium-font-size wp-elements-82d748780e09c1d8e79f8b45c1bf5117\">A ind\u00fastria de carros el\u00e9tricos depende de recursos minerais, essenciais para a fabrica\u00e7\u00e3o de baterias. A China, ciente da import\u00e2ncia desses minerais, investe em parcerias e contratos com pa\u00edses ricos em reservas desses recursos, especialmente na \u00c1frica e Am\u00e9rica do Sul. A abund\u00e2ncia das mat\u00e9rias-primas que contribuem para a lideran\u00e7a chinesa na produ\u00e7\u00e3o de baterias para carros el\u00e9tricos, s\u00e3o<\/p>\n\n\n\n<p class=\"has-black-color has-text-color has-link-color has-medium-font-size wp-elements-84438177cc87566f727e32b8022a0a50\">(A) Petr\u00f3leo e g\u00e1s natural.&nbsp;<\/p>\n\n\n\n<p class=\"has-black-color has-text-color has-link-color has-medium-font-size wp-elements-1b9a3cf159d9093d48029dd30e164ac7\">(B) L\u00edtio e cobalto.&nbsp;<\/p>\n\n\n\n<p class=\"has-black-color has-text-color has-link-color has-medium-font-size wp-elements-42eb0777d311a81ef6b1d918cb39fe76\">(C) Ur\u00e2nio e carv\u00e3o.&nbsp;<\/p>\n\n\n\n<p class=\"has-black-color has-text-color has-link-color has-medium-font-size wp-elements-4aeb2ac8e380b280c10dd225bff6d3ee\">(D) Madeira e borracha.<\/p>\n\n\n\n<p><\/p>\n\n\n\n<hr class=\"wp-block-separator has-alpha-channel-opacity\"\/>\n\n\n\n<figure class=\"wp-block-table is-style-stripes\" style=\"font-size:15px\"><table class=\"has-black-color has-text-color\"><tbody><tr><td><strong>Autoria:<\/strong><\/td><td>Prof. Me.: Gabriel Ramos Paiva<\/td><\/tr><tr><td><strong>Forma\u00e7\u00e3o:<\/strong><\/td><td>Licenciatura em Geografia;<br>Bacharelado em Geografia;<br>Licenciatura em Pedagogia;<br>Mestre em Geografia pelo IESA-UFG.<\/td><\/tr><tr><td><strong>Componente Curricular:<\/strong><\/td><td>Geografia<\/td><\/tr><tr><td><strong>DCGO \u2013 AMPLIADO (1\u00ba corte) Habilidades:<\/strong><\/td><td>(EF09GE18-A) Identificar os locais com maior desenvolvimento industrial e tecnol\u00f3gico na Europa, \u00c1sia e Oceania, relacionando-os com os usos de recursos naturais e fontes de energia destes continentes.<\/td><\/tr><tr><td><strong>Matriz de habilidades essenciais:<\/strong><\/td><td>Localizar e analisar as regi\u00f5es com maior desenvolvimento industrial e tecnol\u00f3gico na Europa, \u00c1sia e Oceania, relacionando-as com os usos de recursos naturais e fontes de energia locais.<\/td><\/tr><tr><td><strong>Refer\u00eancias:<\/strong><\/td><td>BISPO, Scarlett Queen Almeida. Ve\u00edculos el\u00e9tricos: como a China est\u00e1 se preparando para se tornar a maior pot\u00eancia mundial do segmento?. Instituto de Pesquisa Econ\u00f4mica Aplicada-IPEA, Bras\u00edlia, 2023. Dispon\u00edvel em: &lt;<a href=\"https:\/\/repositorio.ipea.gov.br\/bitstream\/11058\/12293\/1\/TD_2906_Web.pdf\">https:\/\/repositorio.ipea.gov.br\/bitstream\/11058\/12293\/1\/TD_2906_Web.pdf<\/a>>. Acesso em 12 de nov. de 2024.<br><br>GOMES, Alexandre De Podest\u00e1. A Economia Pol\u00edtica da Pol\u00edtica Industrial de Ve\u00edculos El\u00e9tricos na China. Sociedade Brasileira de Economia Pol\u00edtica, Revista da Sep, 2023. Dispon\u00edvel em: &lt;<a href=\"https:\/\/enep.sep.org.br\/uploads\/2029_1647124098_A_Economia_Pol%C3%ADtica_da_Pol%C3%ADtica_Industrial_de_ve%C3%ADculos_el%C3%A9tricos_na_China_-_autor_pdf_ide.pdf\">https:\/\/enep.sep.org.br\/uploads\/2029_1647124098_A_Economia_Pol%C3%ADtica_da_Pol%C3%ADtica_Industrial_de_ve%C3%ADculos_el%C3%A9tricos_na_China_-_autor_pdf_ide.pdf<\/a>>. Acesso em 12 de nov. de 2024.<\/td><\/tr><\/tbody><\/table><\/figure>\n","protected":false},"author":20,"featured_media":190474,"template":"","ef_categoria":[16],"ef_ano":[92],"ef_componente":[96],"class_list":["post-190471","ensino_fundamental","type-ensino_fundamental","status-publish","has-post-thumbnail","hentry","ef_categoria-ciclo-da-adolescencia-hi","ef_ano-9o-ano","ef_componente-geografia","entry","has-media"],"acf":[],"_links":{"self":[{"href":"https:\/\/sme.goiania.go.gov.br\/conexaoescola\/wp-json\/wp\/v2\/ensino_fundamental\/190471","targetHints":{"allow":["GET"]}}],"collection":[{"href":"https:\/\/sme.goiania.go.gov.br\/conexaoescola\/wp-json\/wp\/v2\/ensino_fundamental"}],"about":[{"href":"https:\/\/sme.goiania.go.gov.br\/conexaoescola\/wp-json\/wp\/v2\/types\/ensino_fundamental"}],"author":[{"embeddable":true,"href":"https:\/\/sme.goiania.go.gov.br\/conexaoescola\/wp-json\/wp\/v2\/users\/20"}],"version-history":[{"count":1,"href":"https:\/\/sme.goiania.go.gov.br\/conexaoescola\/wp-json\/wp\/v2\/ensino_fundamental\/190471\/revisions"}],"predecessor-version":[{"id":190478,"href":"https:\/\/sme.goiania.go.gov.br\/conexaoescola\/wp-json\/wp\/v2\/ensino_fundamental\/190471\/revisions\/190478"}],"wp:featuredmedia":[{"embeddable":true,"href":"https:\/\/sme.goiania.go.gov.br\/conexaoescola\/wp-json\/wp\/v2\/media\/190474"}],"wp:attachment":[{"href":"https:\/\/sme.goiania.go.gov.br\/conexaoescola\/wp-json\/wp\/v2\/media?parent=190471"}],"wp:term":[{"taxonomy":"ef_categoria","embeddable":true,"href":"https:\/\/sme.goiania.go.gov.br\/conexaoescola\/wp-json\/wp\/v2\/ef_categoria?post=190471"},{"taxonomy":"ef_ano","embeddable":true,"href":"https:\/\/sme.goiania.go.gov.br\/conexaoescola\/wp-json\/wp\/v2\/ef_ano?post=190471"},{"taxonomy":"ef_componente","embeddable":true,"href":"https:\/\/sme.goiania.go.gov.br\/conexaoescola\/wp-json\/wp\/v2\/ef_componente?post=190471"}],"curies":[{"name":"wp","href":"https:\/\/api.w.org\/{rel}","templated":true}]}}