{"id":190425,"date":"2024-11-14T15:07:58","date_gmt":"2024-11-14T18:07:58","guid":{"rendered":"https:\/\/sme.goiania.go.gov.br\/conexaoescola\/?post_type=ensino_fundamental&#038;p=190425"},"modified":"2024-11-21T13:41:09","modified_gmt":"2024-11-21T16:41:09","slug":"matematica-as-relacoes-metricas-no-triangulo-retangulo","status":"publish","type":"ensino_fundamental","link":"https:\/\/sme.goiania.go.gov.br\/conexaoescola\/ensino_fundamental\/matematica-as-relacoes-metricas-no-triangulo-retangulo\/","title":{"rendered":"Matem\u00e1tica &#8211; As rela\u00e7\u00f5es m\u00e9tricas no tri\u00e2ngulo ret\u00e2ngulo"},"content":{"rendered":"\n<p class=\"has-text-align-center has-black-color has-white-background-color has-text-color has-background has-medium-font-size\">Esta proposta de atividade de&nbsp;<strong>Matem\u00e1tica<\/strong>&nbsp;com base no DC\/GO \u2013 Ampliado e&nbsp;\u00e9 destinada aos estudantes do&nbsp;9<strong>\u00ba Ano do Ensino Fundamental<\/strong> &#8211;&nbsp;<strong>Anos Finais<\/strong>.<\/p>\n\n\n\n<div class=\"wp-block-buttons is-content-justification-center is-layout-flex wp-container-core-buttons-is-layout-51f7783f wp-block-buttons-is-layout-flex\">\n<div class=\"wp-block-button has-custom-font-size has-medium-font-size\"><a class=\"wp-block-button__link wp-element-button\" href=\"https:\/\/drive.google.com\/uc?export=douwnload&amp;id=14lqnumRBtXipBjh7veS23LKYZIiyUQL6\">BAIXE A ATIVIDADE<\/a><\/div>\n\n\n\n<div class=\"wp-block-button has-custom-font-size has-medium-font-size\"><a class=\"wp-block-button__link wp-element-button\" href=\"https:\/\/drive.google.com\/uc?export=douwnload&amp;id=1cUPfEYnp52LrRhynFiGENoQXnvH75Y9c\">BAIXE OS  SLIDES<\/a><\/div>\n\n\n\n<div class=\"wp-block-button has-custom-font-size has-medium-font-size\"><a class=\"wp-block-button__link wp-element-button\" href=\"https:\/\/drive.google.com\/uc?export=douwnload&amp;id=1587yQcNBvJFXR5FYkkske4ezy2G_N1rl\">BAIXE O TEXTO<\/a><\/div>\n<\/div>\n\n\n\n<hr class=\"wp-block-separator has-alpha-channel-opacity\"\/>\n\n\n\n<div class=\"wp-block-media-text is-stacked-on-mobile is-vertically-aligned-center\" style=\"grid-template-columns:33% auto\"><figure class=\"wp-block-media-text__media\"><img fetchpriority=\"high\" decoding=\"async\" width=\"1024\" height=\"1024\" src=\"https:\/\/sme.goiania.go.gov.br\/conexaoescola\/wp-content\/uploads\/2024\/11\/Imagens-EJA-1024x1024.png\" alt=\"\" class=\"wp-image-190429 size-full\" srcset=\"https:\/\/sme.goiania.go.gov.br\/conexaoescola\/wp-content\/uploads\/2024\/11\/Imagens-EJA-1024x1024.png 1024w, https:\/\/sme.goiania.go.gov.br\/conexaoescola\/wp-content\/uploads\/2024\/11\/Imagens-EJA-300x300.png 300w, https:\/\/sme.goiania.go.gov.br\/conexaoescola\/wp-content\/uploads\/2024\/11\/Imagens-EJA-150x150.png 150w, https:\/\/sme.goiania.go.gov.br\/conexaoescola\/wp-content\/uploads\/2024\/11\/Imagens-EJA-768x768.png 768w, https:\/\/sme.goiania.go.gov.br\/conexaoescola\/wp-content\/uploads\/2024\/11\/Imagens-EJA.png 1080w\" sizes=\"(max-width: 1024px) 100vw, 1024px\" \/><\/figure><div class=\"wp-block-media-text__content\">\n<p class=\"has-text-color has-link-color has-medium-font-size wp-elements-832aaaeb42f14d2e924a36442f7e87a5\" style=\"color:#3c902f\"><strong>Introdu\u00e7\u00e3o<\/strong><\/p>\n\n\n\n<p class=\"has-medium-font-size\">Este texto explora as rela\u00e7\u00f5es no tri\u00e2ngulo ret\u00e2ngulo, uma figura essencial na matem\u00e1tica. A partir do Teorema de Pit\u00e1goras e das propriedades de seus lados e \u00e2ngulos, veremos como essas rela\u00e7\u00f5es s\u00e3o fundamentais para resolver problemas e compreender melhor a geometria.<\/p>\n\n\n\n<p class=\"has-small-font-size\">Imagem do autor produzida no Geogebra<\/p>\n<\/div><\/div>\n\n\n\n<p class=\"has-text-color has-link-color has-medium-font-size wp-elements-cc2c1c5ed49409d90ccafef45a6f71f0\" style=\"color:#3c902f\"><strong>O tri\u00e2ngulo ret\u00e2ngulo (s\u00f3 para lembrar!)<\/strong><\/p>\n\n\n\n<p class=\"has-medium-font-size\">Um <strong>tri\u00e2ngulo ret\u00e2ngulo<\/strong> \u00e9 um tri\u00e2ngulo que possui um \u00e2ngulo de 90 graus, ou seja, um \u00e2ngulo reto. Ele \u00e9 composto por tr\u00eas lados: o maior deles \u00e9 chamado de <strong>hipotenusa<\/strong>, que est\u00e1 oposto ao \u00e2ngulo reto, e os outros dois lados menores, chamados de <strong>catetos<\/strong>.<\/p>\n\n\n<div class=\"wp-block-image\">\n<figure class=\"aligncenter is-resized\"><img decoding=\"async\" src=\"https:\/\/lh7-rt.googleusercontent.com\/docsz\/AD_4nXcJFUB-dD8C0jEl47XR28nonCldg0KecCQOTDLRavyckgspY-zRrkoYlKC6HcV6TYHxXzMLNzZWVdV-NCcGkQqybdQSJjZhOs2HFH0rEjHvmEOIofRAbMrbTjoNvRv0smppfuLn3fvClWvw4UpM2A?key=RbsDi9YcwkaRo5pAEI4WkvZ8\" alt=\"\" style=\"width:256px;height:auto\"\/><\/figure><\/div>\n\n\n<p class=\"has-text-align-center has-small-font-size\">Imagem do autor produzida no Geogebra<\/p>\n\n\n\n<p class=\"has-text-color has-link-color has-medium-font-size wp-elements-b10c9873eb32c0582b22bb30971ba8c1\" style=\"color:#3c902f\"><strong>A altura e as proje\u00e7\u00f5es dos catetos<\/strong><\/p>\n\n\n\n<p class=\"has-medium-font-size\">Ao tra\u00e7ar a altura (<strong>h<\/strong>) do tri\u00e2ngulo ret\u00e2ngulo a partir do v\u00e9rtice do \u00e2ngulo reto at\u00e9 a hipotenusa, o tri\u00e2ngulo se divide em dois tri\u00e2ngulos menores, ambos semelhantes ao tri\u00e2ngulo original. Essa altura cria duas proje\u00e7\u00f5es (<strong>m<\/strong> e <strong>n<\/strong>) dos catetos sobre a hipotenusa, chamadas de proje\u00e7\u00f5es dos catetos.&nbsp;<\/p>\n\n\n<div class=\"wp-block-image\">\n<figure class=\"aligncenter is-resized\"><img decoding=\"async\" src=\"https:\/\/lh7-rt.googleusercontent.com\/docsz\/AD_4nXd5NWj1IZ83RlxbVK6A0ZbBuUs_G8u5KcmjNwHSbw5gEhGFeenTxBkJWA8jW2K-33wNEHKfEczcfbTuwUj3W1OZ4diXMjtnEZTJ8cYBph_5Nk4UQYmtVzbpzaaDXnXJGF-bR3RiB5vk1cUecG6z2g?key=RbsDi9YcwkaRo5pAEI4WkvZ8\" alt=\"\" style=\"width:261px;height:auto\"\/><\/figure><\/div>\n\n\n<p class=\"has-text-align-center has-small-font-size\">Imagem do autor produzida no Geogebra<\/p>\n\n\n\n<p class=\"has-text-color has-link-color has-medium-font-size wp-elements-c96db498e84a60819380abbb93ce3b22\" style=\"color:#3c902f\"><strong>As rela\u00e7\u00f5es m\u00e9tricas<\/strong><\/p>\n\n\n\n<p class=\"has-medium-font-size\">As rela\u00e7\u00f5es m\u00e9tricas no tri\u00e2ngulo ret\u00e2ngulo mostram como seus lados e \u00e2ngulos est\u00e3o conectados. Nesta parte, vamos explorar o Teorema de Pit\u00e1goras, as proje\u00e7\u00f5es dos catetos na hipotenusa e a altura que parte do \u00e2ngulo reto at\u00e9 a hipotenusa.&nbsp;<\/p>\n\n\n\n<p class=\"has-medium-font-size\"><strong>1\u00aa Rela\u00e7\u00e3o: O Teorema de Pit\u00e1goras<\/strong><\/p>\n\n\n\n<p class=\"has-text-align-center has-vivid-red-color has-text-color has-link-color has-medium-font-size wp-elements-a6dd66225cfcea3c0f4b41d6fdc9d518\"><em>Em um tri\u00e2ngulo ret\u00e2ngulo, o quadrado da medida da hipotenusa (<\/em><strong><em>a<\/em><\/strong><em>) \u00e9 igual \u00e0 soma dos quadrados das medidas dos catetos (<\/em><strong><em>b<\/em><\/strong><em> e <\/em><strong><em>c<\/em><\/strong><em>).<\/em><\/p>\n\n\n<div class=\"wp-block-image\">\n<figure class=\"aligncenter is-resized\"><img decoding=\"async\" src=\"https:\/\/lh7-rt.googleusercontent.com\/docsz\/AD_4nXfjKpU2f4Pvb2rCUCjQZW-nwlI_6HgdSn0HDMykjeaiBlrLuwWqWYxe7PsEzCNMt2C2uoT_z-EOf4jVgNCTZihrnnXkyttUgIrPI5C5SCd1k82qLIlaub9_fpk_K3lkOUd_hbyTOevMM8vOBtCJL5Q?key=RbsDi9YcwkaRo5pAEI4WkvZ8\" alt=\"\" style=\"width:249px;height:auto\"\/><\/figure><\/div>\n\n\n<p class=\"has-text-align-center has-small-font-size\">Imagem do autor produzida no Geogebra<\/p>\n\n\n\n<p class=\"has-medium-font-size\">Existem diversas maneiras de se demonstrar este Teorema, neste texto n\u00e3o iremos abordar essa demonstra\u00e7\u00e3o.<\/p>\n\n\n\n<p class=\"has-medium-font-size\"><strong>2\u00aa Rela\u00e7\u00e3o: Altura relativa \u00e0 hipotenusa e as proje\u00e7\u00f5es dos catetos.<\/strong><\/p>\n\n\n\n<p class=\"has-medium-font-size\">Como foi dito anteriormente, ao tra\u00e7ar a altura relativa a hipotenusa, o tri\u00e2ngulo ret\u00e2ngulo se divide em dois tri\u00e2ngulos menores, ambos semelhantes ao tri\u00e2ngulo original. Aplicando a semelhan\u00e7a de tri\u00e2ngulos, podemos afirmar que:<\/p>\n\n\n\n<p class=\"has-text-align-center has-vivid-red-color has-text-color has-link-color has-medium-font-size wp-elements-ec143245d06a8d561fa22971be57221d\"><em>Em um tri\u00e2ngulo ret\u00e2ngulo, o quadrado da altura (<\/em><strong><em>h<\/em><\/strong><em>) relativa \u00e0 hipotenusa \u00e9 igual ao produto das proje\u00e7\u00f5es (<\/em><strong><em>m<\/em><\/strong><em> e <\/em><strong><em>n<\/em><\/strong><em>) dos catetos sobre a hipotenusa.<\/em><\/p>\n\n\n<div class=\"wp-block-image\">\n<figure class=\"aligncenter is-resized\"><img decoding=\"async\" src=\"https:\/\/lh7-rt.googleusercontent.com\/docsz\/AD_4nXeE9QNsPXm0NGEHeVuLqXVLx5o8Tj2CazJWQdewDvZXZ9UwyKw9cZG-Um8GogBY2Bo7d8hQ_0YW_7rzLR1KmStVF5MciuhvEh748IerngssLiVvAV44nfTklHbocWaDtYSPXxaL8AE39-_fiCJ4BDY?key=RbsDi9YcwkaRo5pAEI4WkvZ8\" alt=\"\" style=\"width:258px;height:auto\"\/><\/figure><\/div>\n\n\n<p class=\"has-text-align-center has-small-font-size\">Imagem do autor produzida no Geogebra<\/p>\n\n\n\n<p class=\"has-medium-font-size\"><strong>3\u00aa rela\u00e7\u00e3o: As proje\u00e7\u00f5es dos catetos e a hipotenusa.<\/strong><\/p>\n\n\n\n<p class=\"has-medium-font-size\">Ainda por semelhan\u00e7a de tri\u00e2ngulos, podemos afirmar que:<\/p>\n\n\n\n<p class=\"has-text-align-center has-vivid-red-color has-text-color has-link-color has-medium-font-size wp-elements-e8455aff6ed7e29a4128392bf95aa707\"><em>O quadrado de cada cateto (<\/em><strong><em>b<\/em><\/strong><em> e <\/em><strong><em>c<\/em><\/strong><em>) de um tri\u00e2ngulo ret\u00e2ngulo \u00e9 igual ao produto da hipotenusa (<\/em><strong><em>a<\/em><\/strong><em>) pela proje\u00e7\u00e3o do cateto (<\/em><strong><em>m<\/em><\/strong><em> ou <\/em><strong><em>n<\/em><\/strong><em>) sobre a hipotenusa.<\/em><\/p>\n\n\n<div class=\"wp-block-image\">\n<figure class=\"aligncenter is-resized\"><img decoding=\"async\" src=\"https:\/\/lh7-rt.googleusercontent.com\/docsz\/AD_4nXeE96yc6u8g7vRQV7exlbXW9C5U7E6ex8hfzkapfMq-P4CT_C6LwXSWBp4RvgrNMcYD1rytc8Q-IjP5kA8e5k3sZKJ4wTv06bjgUZMBnbbXpfUUVIiY7xxdgjPdMtMNcU905PgItfiQM650HR8eNcM?key=RbsDi9YcwkaRo5pAEI4WkvZ8\" alt=\"\" style=\"width:283px;height:auto\"\/><\/figure><\/div>\n\n\n<p class=\"has-text-align-center has-small-font-size\">Imagem do autor produzida no Geogebra<\/p>\n\n\n\n<p><strong>4\u00aa rela\u00e7\u00e3o: O produto dos catetos e o produto entre a hipotenusa e a altura.<\/strong><\/p>\n\n\n\n<p class=\"has-medium-font-size\">Ainda por semelhan\u00e7a de tri\u00e2ngulos, podemos afirmar que:<\/p>\n\n\n\n<p class=\"has-text-align-center has-vivid-red-color has-text-color has-link-color has-medium-font-size wp-elements-b5a230ddb180019fa19d6c0aa71ecd5e\"><em>O produto dos catetos (<\/em><strong><em>b<\/em><\/strong><em> e <\/em><strong><em>c<\/em><\/strong><em>) de um tri\u00e2ngulo ret\u00e2ngulo \u00e9 igual ao produto da hipotenusa (<\/em><strong><em>a<\/em><\/strong><em>) pela altura (<\/em><strong><em>h<\/em><\/strong><em>) relativa \u00e0 hipotenusa.<\/em><\/p>\n\n\n<div class=\"wp-block-image\">\n<figure class=\"aligncenter is-resized\"><img decoding=\"async\" src=\"https:\/\/lh7-rt.googleusercontent.com\/docsz\/AD_4nXfLT2OXMv0zOsT4xz2GPRfT74GP0o_mZGApopi9M_HT48IjGMV8zzsJADnuR0x8edzmOfMlC_CEDb0b6YuHs_g0Xc2wYtCZqrw2x6hcklY9O6hHXrx41WqhpVN18BhgSxAy4WCuNHHV2J-siPiLKD8?key=RbsDi9YcwkaRo5pAEI4WkvZ8\" alt=\"\" style=\"width:269px;height:auto\"\/><\/figure><\/div>\n\n\n<p class=\"has-text-align-center has-small-font-size\">Imagem do autor produzida no Geogebra<\/p>\n\n\n\n<p class=\"has-text-color has-link-color has-medium-font-size wp-elements-c39eaf30405a585530d0da4b95b4557f\" style=\"color:#3c902f\"><strong>Um problema para finalizar<\/strong><\/p>\n\n\n\n<p class=\"has-medium-font-size\">Em um tri\u00e2ngulo ret\u00e2ngulo, a hipotenusa mede 17 cm e um dos catetos tem 8 cm. Com essas informa\u00e7\u00f5es, determine:<\/p>\n\n\n\n<p class=\"has-medium-font-size\">A) O valor do outro cateto.<\/p>\n\n\n\n<p class=\"has-medium-font-size\">B) As proje\u00e7\u00f5es m e n dos catetos sobre a hipotenusa.<\/p>\n\n\n\n<p class=\"has-medium-font-size\">C) A altura relativa \u00e0 hipotenusa.<\/p>\n\n\n\n<p class=\"has-medium-font-size\"><strong>Resolu\u00e7\u00e3o:<\/strong><\/p>\n\n\n\n<p class=\"has-medium-font-size\">Colocando estes dados em uma figura e aplicando as rela\u00e7\u00f5es apresentadas acima, temos:<\/p>\n\n\n<div class=\"wp-block-image\">\n<figure class=\"aligncenter is-resized\"><img decoding=\"async\" src=\"https:\/\/lh7-rt.googleusercontent.com\/docsz\/AD_4nXd6tbyNmIMeJV1SwZ7kcoJbn_JaF_iDiziMnCmfW-zBmk7ekmD2NRMPdNORB-Qih_jiZzwbssRmVuA6sqNO6t4LMNIUTGNfxlHGeuT9yO4sdbtL3eUPel4_iYO_QxdMgcXx6iFWUYaV0bzHZ-4TvQ?key=RbsDi9YcwkaRo5pAEI4WkvZ8\" alt=\"\" style=\"width:270px;height:auto\"\/><\/figure><\/div>\n\n\n<p class=\"has-text-align-center has-small-font-size\">Imagem do autor produzida no Geogebra<\/p>\n\n\n\n<p class=\"has-medium-font-size\">A) Para determinar a medida do outro cateto, basta aplicar o Teorema de Pit\u00e1goras:<\/p>\n\n\n\n<figure class=\"wp-block-image\"><img decoding=\"async\" src=\"https:\/\/lh7-rt.googleusercontent.com\/docsz\/AD_4nXfY-G7_R4eR-PnpqfogVQpw4ic3kqVBEWU-QLuRAdOmVsl3iol5xGV4yLN3eb2q01Miyk_AZjJQvL6nxHU3qf-Jv9bHRS-zv8VJXsHWUiPDvMnbm8zfJWTsg26AAic2cR6OPOtz23819ireEnbmQzc?key=RbsDi9YcwkaRo5pAEI4WkvZ8\" alt=\"\"\/><\/figure>\n\n\n\n<p class=\"has-medium-font-size\">B) Para determinar a medida das proje\u00e7\u00f5es, utilizaremos a 3\u00aa rela\u00e7\u00e3o:<\/p>\n\n\n\n<figure class=\"wp-block-image\"><img decoding=\"async\" src=\"https:\/\/lh7-rt.googleusercontent.com\/docsz\/AD_4nXeCfjilWQLnVi3LLeddZp9gLIESIpiQ_AyAq-0vyanGb3KcXBlPZFvlteno6O8cSkwIUhtI7wcYUhNFUKRnbYu75cRQREieqUZ-5TvlAt6XhbOwfzbhlosKdi702oCcJp8PHIz5QG_lANy4z7L2tBY?key=RbsDi9YcwkaRo5pAEI4WkvZ8\" alt=\"\"\/><\/figure>\n\n\n\n<figure class=\"wp-block-image\"><img decoding=\"async\" src=\"https:\/\/lh7-rt.googleusercontent.com\/docsz\/AD_4nXcaA3LZIRWHOwMrqR_nWb0n4oIS8ajwfnOHzh0O-_SeqaB0K5v1zEyn8rrY069iubH0kKbflBR5Od_xvCUSQ8ExpwVK1UT3i7TZwUBbsslXdqEzeA806PMjqV7AGzJa45Oa-htex_C_-ih_3ko1Wx4?key=RbsDi9YcwkaRo5pAEI4WkvZ8\" alt=\"\"\/><\/figure>\n\n\n\n<p class=\"has-medium-font-size\">C) Para determinar a medida da altura, utilizaremos a 2\u00aa rela\u00e7\u00e3o:<\/p>\n\n\n\n<figure class=\"wp-block-image\"><img decoding=\"async\" src=\"https:\/\/lh7-rt.googleusercontent.com\/docsz\/AD_4nXeP40ejGQv-jc_xmNpGxqbrHUCOQDVMT8cNx6bHHpnEWPxYcPB2qJaSvOB88TNol6sGsiz6E8iQCdqFR3Qe99CHpSX9t3PJHsQSKcCbxYgWZ0xNXwjnx52aICeSK1J4-rTxIejBOaJnaN2eEJWNMtc?key=RbsDi9YcwkaRo5pAEI4WkvZ8\" alt=\"\"\/><\/figure>\n\n\n\n<p class=\"has-medium-font-size\">Ficamos por aqui, at\u00e9 o pr\u00f3ximo.<\/p>\n\n\n\n<hr class=\"wp-block-separator has-alpha-channel-opacity\"\/>\n\n\n\n<p class=\"has-black-color has-light-green-cyan-background-color has-text-color has-background has-medium-font-size\"><strong>QUEST\u00c3O 1<\/strong><\/p>\n\n\n\n<p class=\"has-black-color has-text-color has-medium-font-size\">Um bombeiro precisa resgatar um gato preso em uma \u00e1rvore. Ele posiciona uma escada a 4 metros de dist\u00e2ncia da base da \u00e1rvore, e a escada deve alcan\u00e7ar um ponto que est\u00e1 a 5 metros de altura. Qual deve ser o comprimento m\u00ednimo da escada para que o bombeiro consiga alcan\u00e7ar o gato?<\/p>\n\n\n\n<p class=\"has-black-color has-text-color has-medium-font-size\"><strong>Ajuda:<\/strong> Fa\u00e7a um desenho e projete nele um tri\u00e2ngulo ret\u00e2ngulo para aplicar o teorema de Pit\u00e1goras.<\/p>\n\n\n\n<p class=\"has-black-color has-light-green-cyan-background-color has-text-color has-background has-medium-font-size\"><strong>QUEST\u00c3O 2<\/strong><\/p>\n\n\n\n<p class=\"has-black-color has-text-color has-medium-font-size\">Em uma \u00e1rea de constru\u00e7\u00e3o, um engenheiro quer calcular a altura de uma parede inclinada em rela\u00e7\u00e3o ao solo para determinar o ponto exato onde instalar um suporte. Ele sabe que a base da parede mede 10 metros (hipotenusa) e que uma de suas partes, projetada no solo por um dos suportes de um andaime, mede 4 metros. Qual \u00e9 a altura perpendicular da parede em rela\u00e7\u00e3o ao solo?<\/p>\n\n\n\n<p class=\"has-black-color has-text-color has-medium-font-size\"><strong>Ajuda:<\/strong> Fa\u00e7a um desenho e projete nele um tri\u00e2ngulo ret\u00e2ngulo para aplicar a rela\u00e7\u00e3o entre a altura e as proje\u00e7\u00f5es.<\/p>\n\n\n\n<p class=\"has-black-color has-light-green-cyan-background-color has-text-color has-background has-medium-font-size\"><strong>QUEST\u00c3O 3<\/strong><\/p>\n\n\n\n<p class=\"has-black-color has-text-color has-medium-font-size\">Em um tri\u00e2ngulo ret\u00e2ngulo, se um cateto mede 6 cm e sua proje\u00e7\u00e3o na hipotenusa mede 3 cm, podemos afirmar que o quadrado do cateto \u00e9 igual<\/p>\n\n\n\n<p class=\"has-medium-font-size\">(A) ao triplo da hipotenusa.<\/p>\n\n\n\n<p class=\"has-medium-font-size\">(B) ao dobro da altura.<\/p>\n\n\n\n<p class=\"has-medium-font-size\">(C) ao produto da hipotenusa pela proje\u00e7\u00e3o.<\/p>\n\n\n\n<p class=\"has-black-color has-text-color has-medium-font-size\">(D) \u00e0 soma da altura e da hipotenusa.<\/p>\n\n\n\n<p class=\"has-black-color has-light-green-cyan-background-color has-text-color has-background has-medium-font-size\"><strong>QUEST\u00c3O 4<\/strong><\/p>\n\n\n\n<p class=\"has-black-color has-text-color has-medium-font-size\">Em um tri\u00e2ngulo ret\u00e2ngulo, o produto da hipotenusa pela altura em rela\u00e7\u00e3o a ela \u00e9 igual<\/p>\n\n\n\n<p class=\"has-medium-font-size\">(A) \u00e0 soma dos catetos.<\/p>\n\n\n\n<p class=\"has-medium-font-size\">(B) ao quadrado de um dos catetos.<\/p>\n\n\n\n<p class=\"has-medium-font-size\">(C) ao produto dos catetos.<\/p>\n\n\n\n<p class=\"has-black-color has-text-color has-medium-font-size\">(D) \u00e0 soma dos \u00e2ngulos internos.<\/p>\n\n\n\n<p class=\"has-medium-font-size\"><\/p>\n\n\n\n<hr class=\"wp-block-separator has-alpha-channel-opacity\"\/>\n\n\n\n<figure class=\"wp-block-table is-style-stripes\"><table class=\"has-black-color has-text-color\"><tbody><tr><td><strong>Autoria:<\/strong><\/td><td>Professor H\u00e9lio Roberto da Rocha, Mestre em Matem\u00e1tica<\/td><\/tr><tr><td><strong>Componente Curricular:<\/strong><\/td><td>Matem\u00e1tica<\/td><\/tr><tr><td><strong>Habilidades:<\/strong><\/td><td>(EF09MA13) Demonstrar rela\u00e7\u00f5es m\u00e9tricas do tri\u00e2ngulo ret\u00e2ngulo, entre elas o Teorema de Pit\u00e1goras, utilizando, inclusive, a semelhan\u00e7a de tri\u00e2ngulos.<\/td><\/tr><tr><td><strong>Refer\u00eancias<\/strong><\/td><td>GOI\u00c2NIA. Secretaria Municipal de Educa\u00e7\u00e3o. Aprender Sempre. 6\u00b0 ao 9\u00ba ano &#8211; Ensino Fundamental; Matem\u00e1tica; Goi\u00e2nia, 2024.&nbsp;<br>GOI\u00c1S. Documento Curricular para Goi\u00e1s \u2013 Ampliado. Volume II. Ensino Fundamental Anos Finais. CONSED; UNDIME, 2018. 433 p. Dispon\u00edvel em &lt;https:\/\/sme.goiania.go.gov.br\/site\/index.php\/institucional\/documentos-oficiais-2\/category\/27-documentos-gerais&amp;gt&gt;. Acesso em 23\/03\/2024.<\/td><\/tr><\/tbody><\/table><\/figure>\n\n\n\n<p><\/p>\n\n\n\n<p class=\"has-black-color has-text-color has-medium-font-size\"><\/p>\n","protected":false},"author":47,"featured_media":190429,"template":"","ef_categoria":[15],"ef_ano":[92],"ef_componente":[94],"class_list":["post-190425","ensino_fundamental","type-ensino_fundamental","status-publish","has-post-thumbnail","hentry","ef_categoria-ciclo-da-adolescencia-fg","ef_ano-9o-ano","ef_componente-matematica","entry","has-media"],"acf":[],"_links":{"self":[{"href":"https:\/\/sme.goiania.go.gov.br\/conexaoescola\/wp-json\/wp\/v2\/ensino_fundamental\/190425","targetHints":{"allow":["GET"]}}],"collection":[{"href":"https:\/\/sme.goiania.go.gov.br\/conexaoescola\/wp-json\/wp\/v2\/ensino_fundamental"}],"about":[{"href":"https:\/\/sme.goiania.go.gov.br\/conexaoescola\/wp-json\/wp\/v2\/types\/ensino_fundamental"}],"author":[{"embeddable":true,"href":"https:\/\/sme.goiania.go.gov.br\/conexaoescola\/wp-json\/wp\/v2\/users\/47"}],"version-history":[{"count":3,"href":"https:\/\/sme.goiania.go.gov.br\/conexaoescola\/wp-json\/wp\/v2\/ensino_fundamental\/190425\/revisions"}],"predecessor-version":[{"id":190666,"href":"https:\/\/sme.goiania.go.gov.br\/conexaoescola\/wp-json\/wp\/v2\/ensino_fundamental\/190425\/revisions\/190666"}],"wp:featuredmedia":[{"embeddable":true,"href":"https:\/\/sme.goiania.go.gov.br\/conexaoescola\/wp-json\/wp\/v2\/media\/190429"}],"wp:attachment":[{"href":"https:\/\/sme.goiania.go.gov.br\/conexaoescola\/wp-json\/wp\/v2\/media?parent=190425"}],"wp:term":[{"taxonomy":"ef_categoria","embeddable":true,"href":"https:\/\/sme.goiania.go.gov.br\/conexaoescola\/wp-json\/wp\/v2\/ef_categoria?post=190425"},{"taxonomy":"ef_ano","embeddable":true,"href":"https:\/\/sme.goiania.go.gov.br\/conexaoescola\/wp-json\/wp\/v2\/ef_ano?post=190425"},{"taxonomy":"ef_componente","embeddable":true,"href":"https:\/\/sme.goiania.go.gov.br\/conexaoescola\/wp-json\/wp\/v2\/ef_componente?post=190425"}],"curies":[{"name":"wp","href":"https:\/\/api.w.org\/{rel}","templated":true}]}}