{"id":190180,"date":"2024-11-11T13:34:45","date_gmt":"2024-11-11T16:34:45","guid":{"rendered":"https:\/\/sme.goiania.go.gov.br\/conexaoescola\/?post_type=ensino_fundamental&#038;p=190180"},"modified":"2024-11-11T13:36:34","modified_gmt":"2024-11-11T16:36:34","slug":"geografia-o-parque-nacional-da-chapada-dos-veadeiros","status":"publish","type":"ensino_fundamental","link":"https:\/\/sme.goiania.go.gov.br\/conexaoescola\/ensino_fundamental\/geografia-o-parque-nacional-da-chapada-dos-veadeiros\/","title":{"rendered":"Geografia &#8211; O Parque Nacional da Chapada dos Veadeiros"},"content":{"rendered":"\n<p class=\"has-black-color has-vivid-green-cyan-background-color has-text-color has-background has-medium-font-size\">Esta proposta de atividade de<strong> GEOGRAFIA<\/strong> \u00e9 destinada aos estudantes do 7<strong>\u00ba ano<\/strong> do Ensino Fundamental anos iniciais.<\/p>\n\n\n\n<div class=\"wp-block-buttons is-content-justification-center is-layout-flex wp-container-core-buttons-is-layout-16018d1d wp-block-buttons-is-layout-flex\">\n<div class=\"wp-block-button has-custom-font-size has-medium-font-size\"><a class=\"wp-block-button__link has-white-color has-black-background-color has-text-color has-background wp-element-button\" href=\"https:\/\/drive.google.com\/uc?export=download&amp;id=1Y7hSqiOFyg28RVpxa_yDz9-jSihO94xQ\">BAIXE A ATIVIDADE<\/a><\/div>\n\n\n\n<div class=\"wp-block-button has-custom-font-size has-medium-font-size\"><a class=\"wp-block-button__link has-white-color has-black-background-color has-text-color has-background wp-element-button\" href=\"https:\/\/drive.google.com\/uc?export=download&amp;id=1brCV7WmHi6jj833O6ETI7HrYE5Ww5Cni\">BAIXE OS SLIDES<\/a><\/div>\n\n\n\n<div class=\"wp-block-button has-custom-font-size has-medium-font-size\"><a class=\"wp-block-button__link has-white-color has-black-background-color has-text-color has-background wp-element-button\" href=\"https:\/\/drive.google.com\/uc?export=download&amp;id=1_KiFswvIT-V15oAM14eOkV1XNbY6t4dw\">BAIXE O TEXTO<\/a><\/div>\n<\/div>\n\n\n\n<p><\/p>\n\n\n<div class=\"wp-block-image\">\n<figure class=\"aligncenter size-full\"><img fetchpriority=\"high\" decoding=\"async\" width=\"664\" height=\"643\" src=\"https:\/\/sme.goiania.go.gov.br\/conexaoescola\/wp-content\/uploads\/2024\/11\/mapa-da-chapada-dos-veadeiros-e1731342137761.png\" alt=\"\" class=\"wp-image-190183\" srcset=\"https:\/\/sme.goiania.go.gov.br\/conexaoescola\/wp-content\/uploads\/2024\/11\/mapa-da-chapada-dos-veadeiros-e1731342137761.png 664w, https:\/\/sme.goiania.go.gov.br\/conexaoescola\/wp-content\/uploads\/2024\/11\/mapa-da-chapada-dos-veadeiros-e1731342137761-300x291.png 300w\" sizes=\"(max-width: 664px) 100vw, 664px\" \/><\/figure><\/div>\n\n\n<p class=\"has-text-align-center has-black-color has-text-color has-link-color has-small-font-size wp-elements-ed33f8ea1d1719748b490c8cc9bb0b2d\">Fonte: FERNANDES, A. da S. .; CASTRO, J. D. B. .; DE AMORIM, \u00c1lvaro J. .; DE MELO, C. F. .; DE SOUZA JUNIOR, J. D. Dispon\u00edvel em: <a href=\"https:\/\/ojs.focopublicacoes.com.br\/foco\/article\/view\/1764\">https:\/\/ojs.focopublicacoes.com.br\/foco\/article\/view\/1764<\/a>. Acesso em: 8 nov. 2024.<br><\/p>\n\n\n\n<p class=\"has-text-align-center has-black-color has-pale-cyan-blue-background-color has-text-color has-background has-link-color has-medium-font-size wp-elements-15f98c62884335b2bd31a5e2ab24cc1c\"><strong><strong>O Parque Nacional da Chapada dos Veadeiros <\/strong><\/strong><\/p>\n\n\n\n<p class=\"has-black-color has-text-color has-link-color has-medium-font-size wp-elements-be9d8e536c02beb5e2a6f4135fe10429\">O Parque Nacional da Chapada dos Veadeiros, localizado no nordeste do estado de Goi\u00e1s, \u00e9 um dos locais de maior relev\u00e2ncia ecol\u00f3gica e tur\u00edstica do Brasil. Fundado em 1961, o parque \u00e9 reconhecido como Patrim\u00f4nio Natural da Humanidade pela UNESCO e se destaca pela sua rica biodiversidade e geologia, abrigando ecossistemas \u00fanicos do Cerrado brasileiro.<\/p>\n\n\n\n<p class=\"has-text-align-center has-black-color has-text-color has-link-color has-medium-font-size wp-elements-47ce9fcff6eb62f654e0d353ff789c2f\"><strong>O Parque Nacional da Chapada dos Veadeiros<\/strong><\/p>\n\n\n<div class=\"wp-block-image\">\n<figure class=\"aligncenter size-full\"><img fetchpriority=\"high\" decoding=\"async\" width=\"664\" height=\"643\" src=\"https:\/\/sme.goiania.go.gov.br\/conexaoescola\/wp-content\/uploads\/2024\/11\/mapa-da-chapada-dos-veadeiros-e1731342137761.png\" alt=\"\" class=\"wp-image-190183\" srcset=\"https:\/\/sme.goiania.go.gov.br\/conexaoescola\/wp-content\/uploads\/2024\/11\/mapa-da-chapada-dos-veadeiros-e1731342137761.png 664w, https:\/\/sme.goiania.go.gov.br\/conexaoescola\/wp-content\/uploads\/2024\/11\/mapa-da-chapada-dos-veadeiros-e1731342137761-300x291.png 300w\" sizes=\"(max-width: 664px) 100vw, 664px\" \/><\/figure><\/div>\n\n\n<p class=\"has-text-align-center has-black-color has-text-color has-link-color has-small-font-size wp-elements-8821526359fdf8e8d003cc489f502ca5\">Fonte: FERNANDES, A. da S. .; CASTRO, J. D. B. .; DE AMORIM, \u00c1lvaro J. .; DE MELO, C. F. .; DE SOUZA JUNIOR, J. D. Dispon\u00edvel em: <a href=\"https:\/\/ojs.focopublicacoes.com.br\/foco\/article\/view\/1764\">https:\/\/ojs.focopublicacoes.com.br\/foco\/article\/view\/1764<\/a>. Acesso em: 8 nov. 2024.<\/p>\n\n\n\n<p class=\"has-black-color has-text-color has-link-color has-medium-font-size wp-elements-08d8545be9a444b7164d3dde8dc67e95\"><strong>Forma\u00e7\u00e3o geol\u00f3gica e relevo&nbsp;<\/strong><\/p>\n\n\n\n<p class=\"has-black-color has-text-color has-link-color has-medium-font-size wp-elements-a006f3b702bb971cb423eea0c101ccba\">A Chapada dos Veadeiros \u00e9 marcada por sua forma\u00e7\u00e3o geol\u00f3gica antiga, o relevo da regi\u00e3o \u00e9 caracterizado por chapad\u00f5es, vales profundos e serras. A a\u00e7\u00e3o erosiva das chuvas e ventos ao longo dos anos moldou esse relevo, formando c\u00e2nions, cachoeiras e forma\u00e7\u00f5es rochosas \u00fanicas que atraem turistas e pesquisadores. Este relevo diversificado influencia diretamente a distribui\u00e7\u00e3o da vegeta\u00e7\u00e3o e dos recursos h\u00eddricos, de extrema import\u00e2ncia para o Cerrado e outras \u00e1reas pr\u00f3ximas.&nbsp;<\/p>\n\n\n\n<p class=\"has-text-align-center has-black-color has-text-color has-link-color has-medium-font-size wp-elements-13b3d1e3ee307db1daa3a258716e30c3\"><strong>Relevo do parque<\/strong><\/p>\n\n\n\n<figure class=\"wp-block-image size-large\"><img decoding=\"async\" width=\"1024\" height=\"279\" src=\"https:\/\/sme.goiania.go.gov.br\/conexaoescola\/wp-content\/uploads\/2024\/11\/1200px-Jardim_de_Maytrea_Chapada_dos_Veadeiros_Goias_Brasil-e1731342149929-1024x279.jpg\" alt=\"\" class=\"wp-image-190184\" srcset=\"https:\/\/sme.goiania.go.gov.br\/conexaoescola\/wp-content\/uploads\/2024\/11\/1200px-Jardim_de_Maytrea_Chapada_dos_Veadeiros_Goias_Brasil-e1731342149929-1024x279.jpg 1024w, https:\/\/sme.goiania.go.gov.br\/conexaoescola\/wp-content\/uploads\/2024\/11\/1200px-Jardim_de_Maytrea_Chapada_dos_Veadeiros_Goias_Brasil-e1731342149929-300x82.jpg 300w, https:\/\/sme.goiania.go.gov.br\/conexaoescola\/wp-content\/uploads\/2024\/11\/1200px-Jardim_de_Maytrea_Chapada_dos_Veadeiros_Goias_Brasil-e1731342149929-768x209.jpg 768w, https:\/\/sme.goiania.go.gov.br\/conexaoescola\/wp-content\/uploads\/2024\/11\/1200px-Jardim_de_Maytrea_Chapada_dos_Veadeiros_Goias_Brasil-e1731342149929.jpg 1159w\" sizes=\"(max-width: 1024px) 100vw, 1024px\" \/><\/figure>\n\n\n\n<p class=\"has-text-align-center has-black-color has-text-color has-link-color has-small-font-size wp-elements-e3c2dc9f1018408ca68b941487569b25\">Fonte: Vista panor\u00e2mica do parque. Dispon\u00edvel em: &lt;<a href=\"https:\/\/commons.wikimedia.org\/wiki\/File:Jardim_de_Maytrea,_Chapada_dos_Veadeiros,_Goi%C3%A1s,_Brasil.JPG\">https:\/\/commons.wikimedia.org\/wiki\/File:Jardim_de_Maytrea,_Chapada_dos_Veadeiros,_Goi%C3%A1s,_Brasil.JPG<\/a>&gt;. Acesso em 08 de nov. de 2024.<\/p>\n\n\n\n<p><strong>Biodiversidade e ecossistemas<\/strong>&nbsp;<\/p>\n\n\n\n<p class=\"has-black-color has-text-color has-link-color has-medium-font-size wp-elements-449d04d6216576075ab3313990bfa641\">O Parque Nacional da Chapada dos Veadeiros \u00e9 considerado um dos ref\u00fagios da biodiversidade do Cerrado, o segundo maior bioma do Brasil, conhecido como a \u201csavana brasileira\u201d. No parque, encontramos uma variedade de esp\u00e9cies vegetais como ip\u00eas, candeias e arvores t\u00edpicas do Cerrado, que t\u00eam adapta\u00e7\u00f5es espec\u00edficas para sobreviver ao clima seco e \u00e0s queimadas naturais, como cascas grossas e ra\u00edzes profundas. A fauna inclui animais amea\u00e7ados de extin\u00e7\u00e3o, como o lobo-guar\u00e1, a on\u00e7a-pintada, o tamandu\u00e1-bandeira e o veado-campeiro, al\u00e9m de v\u00e1rias esp\u00e9cies de aves e insetos. Essa diversidade de esp\u00e9cies \u00e9 crucial para a manuten\u00e7\u00e3o dos processos ecol\u00f3gicos do Cerrado e reflete a complexidade dos ecossistemas locais.<\/p>\n\n\n\n<p class=\"has-black-color has-text-color has-link-color has-medium-font-size wp-elements-a34b4a385bb68182dd096dc7fd7a4d86\"><strong>Clima e Hidrografia&nbsp;<\/strong><\/p>\n\n\n\n<p class=\"has-black-color has-text-color has-link-color has-medium-font-size wp-elements-a38ae28ba09764dd0e70d5f64b9a1f5c\">O clima da Chapada dos Veadeiros \u00e9 do tipo tropical sazonal, com duas esta\u00e7\u00f5es bem definidas: uma seca, que ocorre de maio a setembro, e outra chuvosa, de outubro a abril. Esse regime de chuvas influencia diretamente o comportamento dos rios e cachoeiras da regi\u00e3o. A \u00e1rea \u00e9 um importante divisor de \u00e1guas e abriga nascentes de grandes rios, como o Rio Tocantins. Essa hidrografia contribui para a cria\u00e7\u00e3o de cachoeiras e corredeiras famosas no parque, que s\u00e3o fundamentais tanto para o ecossistema local quanto para as atividades tur\u00edsticas.<\/p>\n\n\n\n<p class=\"has-black-color has-text-color has-link-color has-medium-font-size wp-elements-c9f75748297d6c1fd5e0c509c64adc8c\"><strong>Import\u00e2ncia ecol\u00f3gica e conserva\u00e7\u00e3o&nbsp;<\/strong><\/p>\n\n\n\n<p class=\"has-black-color has-text-color has-link-color has-medium-font-size wp-elements-cf0790458bb5a3d6d58f356f32dec8d4\">A Chapada dos Veadeiros desempenha um papel essencial na conserva\u00e7\u00e3o do Cerrado, um dos biomas mais amea\u00e7ados do Brasil devido ao avan\u00e7o da agropecu\u00e1ria e ao desmatamento.&nbsp;<\/p>\n\n\n\n<p class=\"has-text-align-center has-black-color has-text-color has-link-color has-medium-font-size wp-elements-592073c89b9f026fe9738f6add610748\"><strong>A Chapada dos Veadeiros<\/strong><\/p>\n\n\n<div class=\"wp-block-image\">\n<figure class=\"aligncenter size-large\"><img decoding=\"async\" width=\"1024\" height=\"684\" src=\"https:\/\/sme.goiania.go.gov.br\/conexaoescola\/wp-content\/uploads\/2024\/11\/Chapada_Veadeiros_Alto_Paraiso_GO_-_40252529604-1-e1731342123572-1024x684.jpg\" alt=\"\" class=\"wp-image-190182\" srcset=\"https:\/\/sme.goiania.go.gov.br\/conexaoescola\/wp-content\/uploads\/2024\/11\/Chapada_Veadeiros_Alto_Paraiso_GO_-_40252529604-1-e1731342123572-1024x684.jpg 1024w, https:\/\/sme.goiania.go.gov.br\/conexaoescola\/wp-content\/uploads\/2024\/11\/Chapada_Veadeiros_Alto_Paraiso_GO_-_40252529604-1-e1731342123572-300x200.jpg 300w, https:\/\/sme.goiania.go.gov.br\/conexaoescola\/wp-content\/uploads\/2024\/11\/Chapada_Veadeiros_Alto_Paraiso_GO_-_40252529604-1-e1731342123572-768x513.jpg 768w, https:\/\/sme.goiania.go.gov.br\/conexaoescola\/wp-content\/uploads\/2024\/11\/Chapada_Veadeiros_Alto_Paraiso_GO_-_40252529604-1-e1731342123572.jpg 1200w\" sizes=\"(max-width: 1024px) 100vw, 1024px\" \/><figcaption class=\"wp-element-caption\">Fonte: Parque Nacional da Chapada dos Veadeiros. Dispon\u00edvel em: &lt;<a href=\"https:\/\/commons.wikimedia.org\/wiki\/File:Chapada_Veadeiros,_Alto_Paraiso_GO_-_40252529604.jpg\">https:\/\/commons.wikimedia.org\/wiki\/File:Chapada_Veadeiros,_Alto_Paraiso_GO_-_40252529604.jpg<\/a>>. Acesso em 08 de nov. de 2024.<\/figcaption><\/figure><\/div>\n\n\n<p class=\"has-black-color has-text-color has-link-color has-medium-font-size wp-elements-21f11c79f47eb66a5a0cf0f5ba3ff235\">O parque protege esp\u00e9cies end\u00eamicas e fornece habitat para fauna e flora que s\u00f3 existem nesta regi\u00e3o. Al\u00e9m disso, os ecossistemas do parque contribuem para a regula\u00e7\u00e3o clim\u00e1tica e a produ\u00e7\u00e3o de \u00e1gua, que beneficia v\u00e1rias bacias hidrogr\u00e1ficas. A preserva\u00e7\u00e3o da Chapada dos Veadeiros \u00e9 vital para a sustentabilidade dos recursos h\u00eddricos e a manuten\u00e7\u00e3o da biodiversidade.<\/p>\n\n\n\n<p class=\"has-black-color has-text-color has-link-color has-medium-font-size wp-elements-e5bde8d8f81b5a5a5a07f464e76e53ee\"><strong>Turismo sustent\u00e1vel e desafios de preserva\u00e7\u00e3o&nbsp;<\/strong><\/p>\n\n\n\n<p class=\"has-black-color has-text-color has-link-color has-medium-font-size wp-elements-a1770714779283497ae5f95a86a51c48\">O turismo \u00e9 uma das principais atividades econ\u00f4micas da Chapada dos Veadeiros, e o parque atrai milhares de visitantes todos os anos em busca de aventuras como trilhas, observa\u00e7\u00e3o de aves e contempla\u00e7\u00e3o das cachoeiras e forma\u00e7\u00f5es geol\u00f3gicas. Embora o turismo traga benef\u00edcios econ\u00f4micos para a regi\u00e3o, ele tamb\u00e9m representa desafios para a conserva\u00e7\u00e3o do parque, como o risco de polui\u00e7\u00e3o e a degrada\u00e7\u00e3o ambiental.&nbsp;<\/p>\n\n\n\n<p class=\"has-text-align-center has-black-color has-text-color has-link-color has-medium-font-size wp-elements-45becf36ef4d7da31f09fdc7366d1046\"><strong>Vale da Lua &#8211; Alto Para\u00edso de Goi\u00e1s<\/strong><\/p>\n\n\n<div class=\"wp-block-image\">\n<figure class=\"aligncenter size-large\"><img loading=\"lazy\" decoding=\"async\" width=\"1024\" height=\"683\" src=\"https:\/\/sme.goiania.go.gov.br\/conexaoescola\/wp-content\/uploads\/2024\/11\/1200px-Vale_da_Lua_-_Alto_Paraiso_de_Goias-e1731342108156-1024x683.jpg\" alt=\"\" class=\"wp-image-190181\" srcset=\"https:\/\/sme.goiania.go.gov.br\/conexaoescola\/wp-content\/uploads\/2024\/11\/1200px-Vale_da_Lua_-_Alto_Paraiso_de_Goias-e1731342108156-1024x683.jpg 1024w, https:\/\/sme.goiania.go.gov.br\/conexaoescola\/wp-content\/uploads\/2024\/11\/1200px-Vale_da_Lua_-_Alto_Paraiso_de_Goias-e1731342108156-300x200.jpg 300w, https:\/\/sme.goiania.go.gov.br\/conexaoescola\/wp-content\/uploads\/2024\/11\/1200px-Vale_da_Lua_-_Alto_Paraiso_de_Goias-e1731342108156-768x512.jpg 768w, https:\/\/sme.goiania.go.gov.br\/conexaoescola\/wp-content\/uploads\/2024\/11\/1200px-Vale_da_Lua_-_Alto_Paraiso_de_Goias-e1731342108156.jpg 1200w\" sizes=\"(max-width: 1024px) 100vw, 1024px\" \/><\/figure><\/div>\n\n\n<p class=\"has-text-align-center has-black-color has-text-color has-link-color has-small-font-size wp-elements-e2cb119620dddc1eab284b6c7b4f0372\">Fonte: Vale da Lua &#8211; Alto Para\u00edso de Goi\u00e1s. Dispon\u00edvel em: &lt;<a href=\"https:\/\/commons.wikimedia.org\/wiki\/File:Vale_da_Lua_-_Alto_Para%C3%ADso_de_Goi%C3%A1s.jpg\">https:\/\/commons.wikimedia.org\/wiki\/File:Vale_da_Lua_-_Alto_Para%C3%ADso_de_Goi%C3%A1s.jpg<\/a>&gt;. Acesso em 08 de nov. de 2024.<\/p>\n\n\n\n<p class=\"has-black-color has-text-color has-link-color has-medium-font-size wp-elements-29be3ec6dff2cb2d2168dce31b306586\">Para minimizar esses impactos, s\u00e3o necess\u00e1rias pol\u00edticas de turismo sustent\u00e1vel que limitem o n\u00famero de visitantes e incentivem pr\u00e1ticas respons\u00e1veis. A conscientiza\u00e7\u00e3o dos visitantes e a gest\u00e3o cuidadosa das atividades tur\u00edsticas s\u00e3o fundamentais para que o turismo n\u00e3o comprometa a integridade ambiental do parque.<\/p>\n\n\n\n<p class=\"has-black-color has-text-color has-link-color has-medium-font-size wp-elements-02144853d6f95ff42a749df87d4c41c9\"><strong>O Parque Nacional da Chapada dos Veadeiros<\/strong><\/p>\n\n\n\n<p class=\"has-black-color has-text-color has-link-color has-medium-font-size wp-elements-945ddec30e37c912d9a79d048376745a\">O Parque Nacional da Chapada dos Veadeiros \u00e9 um tesouro ecol\u00f3gico e geol\u00f3gico do Brasil, representando a complexidade e a import\u00e2ncia do Cerrado. Com sua biodiversidade \u00fanica, relevo peculiar e hidrografia vital, o parque \u00e9 essencial para a conserva\u00e7\u00e3o de esp\u00e9cies e a regula\u00e7\u00e3o ambiental da regi\u00e3o. No entanto, ele enfrenta amea\u00e7as, especialmente provenientes do avan\u00e7o das atividades humanas e do turismo mal controlado. Portanto, \u00e9 crucial que a\u00e7\u00f5es de preserva\u00e7\u00e3o e de turismo sustent\u00e1vel sejam fortalecidas para garantir que as futuras gera\u00e7\u00f5es continuem a desfrutar e aprender com este importante patrim\u00f4nio natural.<\/p>\n\n\n\n<p><\/p>\n\n\n\n<p class=\"has-text-align-center has-black-color has-text-color has-background has-medium-font-size\" style=\"background-color:#ffd2ae\"><strong>RESPONDA \u00c0S QUEST\u00d5ES<\/strong><\/p>\n\n\n\n<p class=\"has-black-color has-pale-cyan-blue-background-color has-text-color has-background has-medium-font-size\"><strong>QUEST\u00c3O 01<\/strong><\/p>\n\n\n\n<p class=\"has-black-color has-text-color has-medium-font-size\">Quais s\u00e3o os impactos positivos e negativos do turismo na Chapada dos Veadeiros, e como o turismo sustent\u00e1vel pode auxiliar na preserva\u00e7\u00e3o do parque?<\/p>\n\n\n\n<p><\/p>\n\n\n\n<p class=\"has-black-color has-pale-cyan-blue-background-color has-text-color has-background has-medium-font-size\"><strong><strong>QUEST\u00c3O<\/strong> 02<\/strong><\/p>\n\n\n\n<p class=\"has-black-color has-text-color has-medium-font-size\">Que a\u00e7\u00f5es de conserva\u00e7\u00e3o s\u00e3o necess\u00e1rias para proteger a Chapada dos Veadeiros e como a preserva\u00e7\u00e3o do parque beneficia a sociedade?<\/p>\n\n\n\n<p><\/p>\n\n\n\n<p class=\"has-black-color has-pale-cyan-blue-background-color has-text-color has-background has-medium-font-size\"><strong><strong>QUEST\u00c3O<\/strong> 03<\/strong><\/p>\n\n\n\n<p class=\"has-black-color has-text-color has-link-color has-medium-font-size wp-elements-dd7193294f58577e827d49fceb2daaa0\">O Parque Nacional da Chapada dos Veadeiros, localizado no nordeste do estado de Goi\u00e1s, \u00e9 um dos locais de maior relev\u00e2ncia ecol\u00f3gica e tur\u00edstica do Brasil. Fundado em 1961, o parque \u00e9 reconhecido como Patrim\u00f4nio Natural da Humanidade pela UNESCO e se destaca pela sua rica biodiversidade e geologia, abrigando ecossistemas \u00fanicos do Cerrado brasileiro. E uma das principais raz\u00f5es pelas quais o Parque Nacional da Chapada dos Veadeiros \u00e9 fundamental para a preserva\u00e7\u00e3o do Cerrado, se d\u00e1 por&nbsp;<\/p>\n\n\n\n<p class=\"has-black-color has-text-color has-link-color has-medium-font-size wp-elements-3039c1bf9921ca4a420abfcde65fab7f\">(A) possuir a maior concentra\u00e7\u00e3o de florestas tropicais do Cerrado.&nbsp;<\/p>\n\n\n\n<p class=\"has-black-color has-text-color has-link-color has-medium-font-size wp-elements-cfc2600c65483a040eaa035663f9c25d\">(B) proteger os ecossistemas \u00fanicos e esp\u00e9cies amea\u00e7adas.&nbsp;<\/p>\n\n\n\n<p class=\"has-black-color has-text-color has-link-color has-medium-font-size wp-elements-0ab289a147d4f1b06093534852a5f900\">(C) localizar em uma \u00e1rea onde a agricultura \u00e9 pouco desenvolvida.&nbsp;<\/p>\n\n\n\n<p class=\"has-black-color has-text-color has-link-color has-medium-font-size wp-elements-dbb8710d918bc05e3bc9f36aa0620402\">(D) possuir um clima \u00famido, essencial para o Cerrado e regi\u00e3o.<\/p>\n\n\n\n<p><\/p>\n\n\n\n<p class=\"has-black-color has-pale-cyan-blue-background-color has-text-color has-background has-medium-font-size\"><strong><strong>QUEST\u00c3O<\/strong> 04<\/strong><\/p>\n\n\n\n<p class=\"has-black-color has-text-color has-link-color has-medium-font-size wp-elements-92c44e7241937ffb5b0d19997cc11d97\">O Parque Nacional da Chapada dos Veadeiros \u00e9 um tesouro ecol\u00f3gico e geol\u00f3gico do Brasil, representando a complexidade e a import\u00e2ncia do Cerrado. Com sua biodiversidade \u00fanica, relevo peculiar e hidrografia vital, o parque \u00e9 essencial para a conserva\u00e7\u00e3o de esp\u00e9cies e a regula\u00e7\u00e3o ambiental da regi\u00e3o. E a preserva\u00e7\u00e3o do Parque Nacional da Chapada dos Veadeiros, beneficia diretamente a sociedade, por&nbsp;&nbsp;<\/p>\n\n\n\n<p class=\"has-black-color has-text-color has-link-color has-medium-font-size wp-elements-30f7ab40ea0705ae91de1b0ebacc88b6\">(A) Garantir \u00e1reas para o desenvolvimento agr\u00edcola intensivo.&nbsp;<\/p>\n\n\n\n<p class=\"has-black-color has-text-color has-link-color has-medium-font-size wp-elements-0c562752c454e91cc7b654eb1e57846c\">(B) Contribuir para a regula\u00e7\u00e3o clim\u00e1tica e prote\u00e7\u00e3o de recursos h\u00eddricos.&nbsp;<\/p>\n\n\n\n<p class=\"has-black-color has-text-color has-link-color has-medium-font-size wp-elements-eda1e0e89085938ed84d67be7136a0a5\">(C) Permitir o desmatamento controlado do Cerrado.&nbsp;<\/p>\n\n\n\n<p class=\"has-black-color has-text-color has-link-color has-medium-font-size wp-elements-018b0a30afeec9846997a1322af3a3c3\">(D) Promover o aumento de constru\u00e7\u00f5es residenciais na regi\u00e3o.<\/p>\n\n\n\n<hr class=\"wp-block-separator has-alpha-channel-opacity\"\/>\n\n\n\n<figure class=\"wp-block-table is-style-stripes\" style=\"font-size:15px\"><table class=\"has-black-color has-text-color\"><tbody><tr><td><strong>Autoria:<\/strong><\/td><td>Prof. Me.: Gabriel Ramos Paiva<\/td><\/tr><tr><td><strong>Forma\u00e7\u00e3o:<\/strong><\/td><td>Licenciatura em Geografia;<br>Bacharelado em Geografia;<br>Licenciatura em Pedagogia;<br>Mestre em Geografia pelo IESA-UFG.<\/td><\/tr><tr><td><strong>Componente Curricular:<\/strong><\/td><td>Geografia<\/td><\/tr><tr><td><strong>DCGO \u2013 AMPLIADO (1\u00ba corte) Habilidades:<\/strong><\/td><td>(EF07GE12-A) Identificar e compreender a import\u00e2ncia das unidades de conserva\u00e7\u00e3o e dos corredores do seu munic\u00edpio, de Goi\u00e1s e do Brasil.<\/td><\/tr><tr><td><strong>Matriz de habilidades essenciais:<\/strong><\/td><td>Conceituar, localizar e compreender as caracter\u00edsticas das Unidades de Conserva\u00e7\u00e3o no Brasil, especialmente em Goi\u00e1s.<\/td><\/tr><tr><td><strong>Refer\u00eancias:<\/strong><\/td><td>FERNANDES, A. da S. .; CASTRO, J. D. B. .; DE AMORIM, \u00c1lvaro J. .; DE MELO, C. F. .; DE SOUZA JUNIOR, J. D. . PARQUE NACIONAL DA CHAPADA DOS VEADEIROS: IMPACTOS NA ECONOMIA E SOCIEDADE DE ALTO PARA\u00cdSO DE GOI\u00c1S E NOVA ROMA. REVISTA FOCO, <em>[S. l.]<\/em>, v. 16, n. 5, p. e1764, 2023. DOI: 10.54751\/revistafoco.v16n5-022. Dispon\u00edvel em: <a href=\"https:\/\/ojs.focopublicacoes.com.br\/foco\/article\/view\/1764\">https:\/\/ojs.focopublicacoes.com.br\/foco\/article\/view\/1764<\/a>. Acesso em: 8 nov. 2024.<\/td><\/tr><\/tbody><\/table><\/figure>\n\n\n\n<p><\/p>\n","protected":false},"author":20,"featured_media":190183,"template":"","ef_categoria":[15],"ef_ano":[90],"ef_componente":[96],"class_list":["post-190180","ensino_fundamental","type-ensino_fundamental","status-publish","has-post-thumbnail","hentry","ef_categoria-ciclo-da-adolescencia-fg","ef_ano-7o-ano","ef_componente-geografia","entry","has-media"],"acf":[],"_links":{"self":[{"href":"https:\/\/sme.goiania.go.gov.br\/conexaoescola\/wp-json\/wp\/v2\/ensino_fundamental\/190180","targetHints":{"allow":["GET"]}}],"collection":[{"href":"https:\/\/sme.goiania.go.gov.br\/conexaoescola\/wp-json\/wp\/v2\/ensino_fundamental"}],"about":[{"href":"https:\/\/sme.goiania.go.gov.br\/conexaoescola\/wp-json\/wp\/v2\/types\/ensino_fundamental"}],"author":[{"embeddable":true,"href":"https:\/\/sme.goiania.go.gov.br\/conexaoescola\/wp-json\/wp\/v2\/users\/20"}],"version-history":[{"count":1,"href":"https:\/\/sme.goiania.go.gov.br\/conexaoescola\/wp-json\/wp\/v2\/ensino_fundamental\/190180\/revisions"}],"predecessor-version":[{"id":190185,"href":"https:\/\/sme.goiania.go.gov.br\/conexaoescola\/wp-json\/wp\/v2\/ensino_fundamental\/190180\/revisions\/190185"}],"wp:featuredmedia":[{"embeddable":true,"href":"https:\/\/sme.goiania.go.gov.br\/conexaoescola\/wp-json\/wp\/v2\/media\/190183"}],"wp:attachment":[{"href":"https:\/\/sme.goiania.go.gov.br\/conexaoescola\/wp-json\/wp\/v2\/media?parent=190180"}],"wp:term":[{"taxonomy":"ef_categoria","embeddable":true,"href":"https:\/\/sme.goiania.go.gov.br\/conexaoescola\/wp-json\/wp\/v2\/ef_categoria?post=190180"},{"taxonomy":"ef_ano","embeddable":true,"href":"https:\/\/sme.goiania.go.gov.br\/conexaoescola\/wp-json\/wp\/v2\/ef_ano?post=190180"},{"taxonomy":"ef_componente","embeddable":true,"href":"https:\/\/sme.goiania.go.gov.br\/conexaoescola\/wp-json\/wp\/v2\/ef_componente?post=190180"}],"curies":[{"name":"wp","href":"https:\/\/api.w.org\/{rel}","templated":true}]}}