{"id":190170,"date":"2024-11-11T13:15:33","date_gmt":"2024-11-11T16:15:33","guid":{"rendered":"https:\/\/sme.goiania.go.gov.br\/conexaoescola\/?post_type=ensino_fundamental&#038;p=190170"},"modified":"2024-11-11T13:16:15","modified_gmt":"2024-11-11T16:16:15","slug":"geografia-o-desmatamento-da-amazonia-brasileira","status":"publish","type":"ensino_fundamental","link":"https:\/\/sme.goiania.go.gov.br\/conexaoescola\/ensino_fundamental\/geografia-o-desmatamento-da-amazonia-brasileira\/","title":{"rendered":"Geografia &#8211; O desmatamento da Amaz\u00f4nia brasileira"},"content":{"rendered":"\n<p class=\"has-black-color has-text-color has-background has-medium-font-size\" style=\"background-color:#b8e0fb\">Esta proposta de atividade de<strong> GEOGRAFIA<\/strong> \u00e9 destinada aos estudantes do <strong>6\u00ba ano<\/strong> do Ensino Fundamental anos iniciais.<\/p>\n\n\n\n<div class=\"wp-block-buttons is-content-justification-center is-layout-flex wp-container-core-buttons-is-layout-16018d1d wp-block-buttons-is-layout-flex\">\n<div class=\"wp-block-button has-custom-font-size has-medium-font-size\"><a class=\"wp-block-button__link has-white-color has-black-background-color has-text-color has-background wp-element-button\" href=\"https:\/\/drive.google.com\/uc?export=download&amp;id=1F2USDV-XIKjls-weUBB7syKhMhIXym51\">BAIXE A ATIVIDADE<\/a><\/div>\n\n\n\n<div class=\"wp-block-button has-custom-font-size has-medium-font-size\"><a class=\"wp-block-button__link has-white-color has-black-background-color has-text-color has-background wp-element-button\" href=\"https:\/\/drive.google.com\/uc?export=download&amp;id=13G52oOIcpcd1j29a5qLmidrlUUUoXhO7\">BAIXE OS SLIDES<\/a><\/div>\n\n\n\n<div class=\"wp-block-button has-custom-font-size has-medium-font-size\"><a class=\"wp-block-button__link has-white-color has-black-background-color has-text-color has-background wp-element-button\" href=\"https:\/\/drive.google.com\/uc?export=download&amp;id=1ZZcy6dGIxkBnvWzLRJ5vGRXrdMreKLg6\">BAIXE O TEXTO<\/a><\/div>\n<\/div>\n\n\n\n<p><\/p>\n\n\n<div class=\"wp-block-image\">\n<figure class=\"aligncenter size-large\"><img fetchpriority=\"high\" decoding=\"async\" width=\"1024\" height=\"640\" src=\"https:\/\/sme.goiania.go.gov.br\/conexaoescola\/wp-content\/uploads\/2024\/11\/area-desmatada-e1731341159819-1024x640.png\" alt=\"\" class=\"wp-image-190175\" srcset=\"https:\/\/sme.goiania.go.gov.br\/conexaoescola\/wp-content\/uploads\/2024\/11\/area-desmatada-e1731341159819-1024x640.png 1024w, https:\/\/sme.goiania.go.gov.br\/conexaoescola\/wp-content\/uploads\/2024\/11\/area-desmatada-e1731341159819-300x188.png 300w, https:\/\/sme.goiania.go.gov.br\/conexaoescola\/wp-content\/uploads\/2024\/11\/area-desmatada-e1731341159819-768x480.png 768w, https:\/\/sme.goiania.go.gov.br\/conexaoescola\/wp-content\/uploads\/2024\/11\/area-desmatada-e1731341159819.png 1134w\" sizes=\"(max-width: 1024px) 100vw, 1024px\" \/><\/figure><\/div>\n\n\n<p class=\"has-text-align-center has-black-color has-text-color has-link-color has-small-font-size wp-elements-1aee70837212c9d513c04a6a98a23068\">Fonte: BRASIL, Minist\u00e9rio da Ci\u00eancia, Tecnologia e Inova\u00e7\u00e3o. Instituto Nacional de Pesquisas Espaciais &#8211; INPE. Dispon\u00edvel em: &lt;<a href=\"http:\/\/urlib.net\/8JMKD3MGP3W34T\/47GAF6S\">http:\/\/urlib.net\/8JMKD3MGP3W34T\/47GAF6S<\/a>>. Acesso em 07 de nov. de 2024.<br><\/p>\n\n\n\n<p class=\"has-text-align-center has-black-color has-text-color has-background has-medium-font-size\" style=\"background-color:#b8e0fb\"><strong>O desmatamento da Amaz\u00f4nia brasileira<\/strong><\/p>\n\n\n\n<p class=\"has-black-color has-text-color has-link-color has-medium-font-size wp-elements-2eebb17473bbf676ccfc78df24bcbd4b\">A Amaz\u00f4nia brasileira, que ocupa cerca de 60% do territ\u00f3rio nacional, \u00e9 considerada a maior floresta tropical do mundo e possui uma biodiversidade \u00fanica, al\u00e9m de desempenhar um papel vital no equil\u00edbrio clim\u00e1tico global. Contudo, essa vasta \u00e1rea vem sendo alvo de uma explora\u00e7\u00e3o intensa e cont\u00ednua que gera impactos ambientais, sociais e econ\u00f4micos profundos.<\/p>\n\n\n\n<p class=\"has-text-align-center has-black-color has-text-color has-link-color has-medium-font-size wp-elements-362d4553694c5647101c284eaf5be3ed\"><strong>A Amaz\u00f4nia brasileira<\/strong><\/p>\n\n\n<div class=\"wp-block-image\">\n<figure class=\"aligncenter size-large\"><img decoding=\"async\" width=\"1024\" height=\"576\" src=\"https:\/\/sme.goiania.go.gov.br\/conexaoescola\/wp-content\/uploads\/2024\/11\/1-e1731341134463-1024x576.png\" alt=\"\" class=\"wp-image-190177\" srcset=\"https:\/\/sme.goiania.go.gov.br\/conexaoescola\/wp-content\/uploads\/2024\/11\/1-e1731341134463-1024x576.png 1024w, https:\/\/sme.goiania.go.gov.br\/conexaoescola\/wp-content\/uploads\/2024\/11\/1-e1731341134463-300x169.png 300w, https:\/\/sme.goiania.go.gov.br\/conexaoescola\/wp-content\/uploads\/2024\/11\/1-e1731341134463-768x432.png 768w, https:\/\/sme.goiania.go.gov.br\/conexaoescola\/wp-content\/uploads\/2024\/11\/1-e1731341134463-1536x864.png 1536w, https:\/\/sme.goiania.go.gov.br\/conexaoescola\/wp-content\/uploads\/2024\/11\/1-e1731341134463.png 1920w\" sizes=\"(max-width: 1024px) 100vw, 1024px\" \/><\/figure><\/div>\n\n\n<p class=\"has-black-color has-text-color has-link-color has-medium-font-size wp-elements-78e5e8c989a4dacacca95b13e6708e97\"><strong>Causas do desmatamento na Amaz\u00f4nia&nbsp;<\/strong><\/p>\n\n\n\n<p class=\"has-black-color has-text-color has-link-color has-medium-font-size wp-elements-eb5dc26ccd8f68cc08d15d776df3e12c\">O desmatamento na Amaz\u00f4nia \u00e9 impulsionado por uma s\u00e9rie de fatores que, embora diversos, convergem para uma explora\u00e7\u00e3o intensa dos recursos naturais da regi\u00e3o, refletindo complexas quest\u00f5es econ\u00f4micas, pol\u00edticas e sociais. As principais causas podem ser entendidas mediante diferentes pr\u00e1ticas de uso do solo e dos interesses que cada uma dessas pr\u00e1ticas representa.<\/p>\n\n\n\n<p class=\"has-text-align-center has-black-color has-text-color has-link-color has-medium-font-size wp-elements-d16041460a645caabfd9d548bb78a547\"><strong>Gr\u00e1fico da taxa de desmatamento em Km\u00b2 de 1988 a 2023<\/strong><\/p>\n\n\n<div class=\"wp-block-image\">\n<figure class=\"aligncenter size-large\"><img decoding=\"async\" width=\"1024\" height=\"685\" src=\"https:\/\/sme.goiania.go.gov.br\/conexaoescola\/wp-content\/uploads\/2024\/11\/taxa-anual-de-desmatamento-e1731341173256-1024x685.png\" alt=\"\" class=\"wp-image-190174\" srcset=\"https:\/\/sme.goiania.go.gov.br\/conexaoescola\/wp-content\/uploads\/2024\/11\/taxa-anual-de-desmatamento-e1731341173256-1024x685.png 1024w, https:\/\/sme.goiania.go.gov.br\/conexaoescola\/wp-content\/uploads\/2024\/11\/taxa-anual-de-desmatamento-e1731341173256-300x201.png 300w, https:\/\/sme.goiania.go.gov.br\/conexaoescola\/wp-content\/uploads\/2024\/11\/taxa-anual-de-desmatamento-e1731341173256-768x514.png 768w, https:\/\/sme.goiania.go.gov.br\/conexaoescola\/wp-content\/uploads\/2024\/11\/taxa-anual-de-desmatamento-e1731341173256.png 1109w\" sizes=\"(max-width: 1024px) 100vw, 1024px\" \/><\/figure><\/div>\n\n\n<p class=\"has-text-align-center has-black-color has-text-color has-link-color has-small-font-size wp-elements-1aee70837212c9d513c04a6a98a23068\">Fonte: BRASIL, Minist\u00e9rio da Ci\u00eancia, Tecnologia e Inova\u00e7\u00e3o. Instituto Nacional de Pesquisas Espaciais &#8211; INPE. Dispon\u00edvel em: &lt;<a href=\"http:\/\/urlib.net\/8JMKD3MGP3W34T\/47GAF6S\">http:\/\/urlib.net\/8JMKD3MGP3W34T\/47GAF6S<\/a>>. Acesso em 07 de nov. de 2024.<br><\/p>\n\n\n\n<p class=\"has-black-color has-text-color has-link-color has-medium-font-size wp-elements-c9937b1501189851e7692d3411f49870\">O desmatamento na Amaz\u00f4nia \u00e9 impulsionado por interesses econ\u00f4micos complexos que, ao n\u00e3o considerarem o desenvolvimento sustent\u00e1vel, contribuem para a degrada\u00e7\u00e3o de um dos maiores patrim\u00f4nios ambientais do mundo. Observando o gr\u00e1fico, podemos perceber que at\u00e9 2004 os \u00edndices de desmatamento eram bastante elevados, mas a partir de pol\u00edticas p\u00fablicas desenvolvidas a partir de 2004\/2005 foi poss\u00edvel diminuir gradativamente essa taxa de desmatamento.<\/p>\n\n\n\n<p class=\"has-black-color has-text-color has-link-color has-medium-font-size wp-elements-0c917389e8e4f8936b5407b0c44821b2\">E a partir desses dados, devemos entender que o desmatamento na Amaz\u00f4nia \u00e9 motivado por uma combina\u00e7\u00e3o de fatores econ\u00f4micos e sociais, entre os quais se destacam:<\/p>\n\n\n\n<p class=\"has-black-color has-text-color has-link-color has-medium-font-size wp-elements-0bd34d8affab00b713a79dadab8936e5\"><strong>Expans\u00e3o agropecu\u00e1ria: <\/strong>A expans\u00e3o da agropecu\u00e1ria \u00e9 a principal causa do desmatamento na Amaz\u00f4nia. Grandes \u00e1reas de floresta s\u00e3o derrubadas para dar lugar a pastagens e planta\u00e7\u00f5es, especialmente de soja, destinada \u00e0 exporta\u00e7\u00e3o. A pecu\u00e1ria representa cerca de 80% do desmatamento na regi\u00e3o, devido \u00e0 cria\u00e7\u00e3o extensiva de gado. Esta pr\u00e1tica responde a uma demanda internacional por carne bovina e gr\u00e3os, evidenciando o papel do mercado global no incentivo \u00e0 degrada\u00e7\u00e3o ambiental.<\/p>\n\n\n\n<p class=\"has-text-align-center has-black-color has-text-color has-link-color has-medium-font-size wp-elements-a8c41bf45d9cac4ca5138337b984e7a9\"><strong>Gr\u00e1fico dos estados com maiores \u00edndices de desmatamento da Amaz\u00f4nia<\/strong><\/p>\n\n\n<div class=\"wp-block-image\">\n<figure class=\"aligncenter size-large\"><img fetchpriority=\"high\" decoding=\"async\" width=\"1024\" height=\"640\" src=\"https:\/\/sme.goiania.go.gov.br\/conexaoescola\/wp-content\/uploads\/2024\/11\/area-desmatada-e1731341159819-1024x640.png\" alt=\"\" class=\"wp-image-190175\" srcset=\"https:\/\/sme.goiania.go.gov.br\/conexaoescola\/wp-content\/uploads\/2024\/11\/area-desmatada-e1731341159819-1024x640.png 1024w, https:\/\/sme.goiania.go.gov.br\/conexaoescola\/wp-content\/uploads\/2024\/11\/area-desmatada-e1731341159819-300x188.png 300w, https:\/\/sme.goiania.go.gov.br\/conexaoescola\/wp-content\/uploads\/2024\/11\/area-desmatada-e1731341159819-768x480.png 768w, https:\/\/sme.goiania.go.gov.br\/conexaoescola\/wp-content\/uploads\/2024\/11\/area-desmatada-e1731341159819.png 1134w\" sizes=\"(max-width: 1024px) 100vw, 1024px\" \/><\/figure><\/div>\n\n\n<p class=\"has-text-align-center has-black-color has-text-color has-link-color has-small-font-size wp-elements-4bdffde63056696353b2c8e9075d3484\">Fonte: BRASIL, Minist\u00e9rio da Ci\u00eancia, Tecnologia e Inova\u00e7\u00e3o. Instituto Nacional de Pesquisas Espaciais &#8211; INPE. Dispon\u00edvel em: &lt;<a href=\"http:\/\/urlib.net\/8JMKD3MGP3W34T\/47GAF6S\">http:\/\/urlib.net\/8JMKD3MGP3W34T\/47GAF6S<\/a>&gt;. Acesso em 07 de nov. de 2024.<\/p>\n\n\n\n<p class=\"has-black-color has-text-color has-link-color has-medium-font-size wp-elements-dec69c09143f2831b9871cd6c492cf32\">O desmatamento relacionado \u00e0 agropecu\u00e1ria, pode ser percebido principalmente nos estados do Par\u00e1 e Mato Grosso, a agropecu\u00e1ria \u00e9 uma das principais causas da perda da cobertura florestal na Amaz\u00f4nia brasileira nos estados. Esse processo est\u00e1 diretamente vinculado ao modelo de expans\u00e3o agr\u00edcola e pecu\u00e1ria adotado na regi\u00e3o, onde \u00e1reas de floresta s\u00e3o convertidas em pastagens para a cria\u00e7\u00e3o de gado ou em grandes planta\u00e7\u00f5es de gr\u00e3os, como a soja.<\/p>\n\n\n\n<p class=\"has-black-color has-text-color has-link-color has-medium-font-size wp-elements-ff5fbb389437b235b9ae7d4b73d6531b\">A agropecu\u00e1ria nos dois estados \u00e9 fortemente impulsionada por incentivos econ\u00f4micos e pela alta rentabilidade dos produtos agr\u00edcolas e pecu\u00e1rios. Isso resulta em conflitos com a conserva\u00e7\u00e3o ambiental, pois a amplia\u00e7\u00e3o das \u00e1reas produtivas frequentemente desconsidera alternativas de uso sustent\u00e1vel ou a recupera\u00e7\u00e3o de \u00e1reas degradadas. Al\u00e9m disso, a grilagem de terras, particularmente no Par\u00e1, intensifica o desmatamento, j\u00e1 que \u00e1reas p\u00fablicas s\u00e3o ocupadas ilegalmente e desmatadas para serem convertidas em ativos econ\u00f4micos valiosos para agropecuaristas.<\/p>\n\n\n\n<p class=\"has-black-color has-text-color has-link-color has-medium-font-size wp-elements-5293a9309db442def0022104c02df32e\"><strong>Explora\u00e7\u00e3o madeireira: <\/strong>A explora\u00e7\u00e3o madeireira, legal e ilegal, contribui significativamente para o desmatamento. A madeira da Amaz\u00f4nia, por ser resistente e valiosa, \u00e9 muito procurada, especialmente no mercado internacional. Contudo, grande parte dessa explora\u00e7\u00e3o \u00e9 realizada de forma predat\u00f3ria e sem controle, intensificando a degrada\u00e7\u00e3o da floresta. A explora\u00e7\u00e3o ilegal tamb\u00e9m gera conflitos sociais, uma vez que afeta as comunidades tradicionais e ind\u00edgenas, que dependem da floresta para subsist\u00eancia.<\/p>\n\n\n\n<p class=\"has-text-align-center has-black-color has-text-color has-link-color has-medium-font-size wp-elements-55e5ffc7706bec8e4a6284e210351499\"><strong>A explora\u00e7\u00e3o madeireira na Amaz\u00f4nia<\/strong><\/p>\n\n\n<div class=\"wp-block-image\">\n<figure class=\"aligncenter size-large\"><img loading=\"lazy\" decoding=\"async\" width=\"1024\" height=\"576\" src=\"https:\/\/sme.goiania.go.gov.br\/conexaoescola\/wp-content\/uploads\/2024\/11\/2-e1731341112365-1024x576.png\" alt=\"\" class=\"wp-image-190178\" srcset=\"https:\/\/sme.goiania.go.gov.br\/conexaoescola\/wp-content\/uploads\/2024\/11\/2-e1731341112365-1024x576.png 1024w, https:\/\/sme.goiania.go.gov.br\/conexaoescola\/wp-content\/uploads\/2024\/11\/2-e1731341112365-300x169.png 300w, https:\/\/sme.goiania.go.gov.br\/conexaoescola\/wp-content\/uploads\/2024\/11\/2-e1731341112365-768x432.png 768w, https:\/\/sme.goiania.go.gov.br\/conexaoescola\/wp-content\/uploads\/2024\/11\/2-e1731341112365-1536x864.png 1536w, https:\/\/sme.goiania.go.gov.br\/conexaoescola\/wp-content\/uploads\/2024\/11\/2-e1731341112365.png 1920w\" sizes=\"(max-width: 1024px) 100vw, 1024px\" \/><\/figure><\/div>\n\n\n<p class=\"has-black-color has-text-color has-link-color has-medium-font-size wp-elements-d373a18932bc2360b64946a694c8e9b8\"><strong>Constru\u00e7\u00e3o de infraestruturas: <\/strong>Projetos de infraestrutura, como a constru\u00e7\u00e3o de rodovias, hidrel\u00e9tricas e outros empreendimentos, s\u00e3o tamb\u00e9m uma das causas do desmatamento. Estradas como a BR-163, que corta o Par\u00e1 e o Mato Grosso, facilitam o acesso a \u00e1reas remotas da floresta, incentivando ainda mais a extra\u00e7\u00e3o de madeira e a ocupa\u00e7\u00e3o irregular do solo. Hidrel\u00e9tricas, embora sejam uma alternativa energ\u00e9tica renov\u00e1vel, tamb\u00e9m causam alagamentos e desmatamento em larga escala, alterando ecossistemas e deslocando comunidades locais.<\/p>\n\n\n\n<p class=\"has-black-color has-text-color has-link-color has-medium-font-size wp-elements-4f64f6ec16585773c7709dbc649cde3d\"><strong>Minera\u00e7\u00e3o:<\/strong> A explora\u00e7\u00e3o mineral \u00e9 outro fator que impulsiona o desmatamento. A regi\u00e3o amaz\u00f4nica possui grandes reservas de min\u00e9rios, como ouro, bauxita e ferro, atraindo interesses nacionais e internacionais. A minera\u00e7\u00e3o provoca desmatamento direto e contamina\u00e7\u00e3o dos rios com merc\u00fario e outros produtos qu\u00edmicos, afetando diretamente a biodiversidade e a sa\u00fade das popula\u00e7\u00f5es locais.<\/p>\n\n\n\n<p class=\"has-text-align-center has-black-color has-text-color has-link-color has-medium-font-size wp-elements-291d4543d1c0861cae95f446f57b4304\"><strong>A minera\u00e7\u00e3o ilegal em terras ind\u00edgenas da Amaz\u00f4nia<\/strong><\/p>\n\n\n<div class=\"wp-block-image\">\n<figure class=\"aligncenter size-full\"><img loading=\"lazy\" decoding=\"async\" width=\"738\" height=\"438\" src=\"https:\/\/sme.goiania.go.gov.br\/conexaoescola\/wp-content\/uploads\/2024\/11\/garimpo-e1731341012434.png\" alt=\"\" class=\"wp-image-190171\" srcset=\"https:\/\/sme.goiania.go.gov.br\/conexaoescola\/wp-content\/uploads\/2024\/11\/garimpo-e1731341012434.png 738w, https:\/\/sme.goiania.go.gov.br\/conexaoescola\/wp-content\/uploads\/2024\/11\/garimpo-e1731341012434-300x178.png 300w\" sizes=\"(max-width: 738px) 100vw, 738px\" \/><\/figure><\/div>\n\n\n<p class=\"has-text-align-center has-black-color has-text-color has-link-color has-small-font-size wp-elements-d145ad5436408166e6010b1881a1b771\">Fonte: Ag\u00eancia Brasil, Publicado em 03\/02\/2023. Dispon\u00edvel em: &lt;<a href=\"https:\/\/agenciabrasil.ebc.com.br\/geral\/noticia\/2023-02\/amazonia-garimpo-ilegal-em-terras-indigenas-subiu-1217-em-35-anos\">https:\/\/agenciabrasil.ebc.com.br\/geral\/noticia\/2023-02\/amazonia-garimpo-ilegal-em-terras-indigenas-subiu-1217-em-35-anos<\/a>&gt;. Acesso em 07 de nov. de 2024.<\/p>\n\n\n\n<p class=\"has-black-color has-text-color has-link-color has-medium-font-size wp-elements-f6a17b0c1fe36071392232af2a399d06\"><strong>O desmatamento na Amaz\u00f4nia brasileira<\/strong><\/p>\n\n\n\n<p class=\"has-black-color has-text-color has-link-color has-medium-font-size wp-elements-3372889bbc54a1d5775fee3ad3c7e168\">O desmatamento na Amaz\u00f4nia brasileira \u00e9 uma quest\u00e3o complexa e multifacetada, envolvendo aspectos econ\u00f4micos, sociais e ambientais. A destrui\u00e7\u00e3o da floresta para fins econ\u00f4micos a curto prazo ignora as graves consequ\u00eancias que impactam tanto o meio ambiente quanto a sociedade. Portanto, enfrentar o desmatamento exige uma abordagem integrada que priorize a sustentabilidade, valorize as comunidades locais e promova pol\u00edticas de conserva\u00e7\u00e3o eficazes.<\/p>\n\n\n\n<p><\/p>\n\n\n\n<p class=\"has-text-align-center has-black-color has-text-color has-background has-medium-font-size\" style=\"background-color:#ffd2ae\"><strong>RESPONDA \u00c0S QUEST\u00d5ES<\/strong><\/p>\n\n\n\n<p class=\"has-black-color has-pale-cyan-blue-background-color has-text-color has-background has-medium-font-size\"><strong>QUEST\u00c3O 01<\/strong><\/p>\n\n\n\n<p class=\"has-black-color has-text-color has-medium-font-size\">Como o desmatamento na Amaz\u00f4nia afeta diretamente os ciclos naturais e clim\u00e1ticos?<\/p>\n\n\n\n<p><\/p>\n\n\n\n<p class=\"has-black-color has-pale-cyan-blue-background-color has-text-color has-background has-medium-font-size\"><strong><strong>QUEST\u00c3O<\/strong> 02<\/strong><\/p>\n\n\n\n<p class=\"has-black-color has-text-color has-medium-font-size\">Quais s\u00e3o as principais press\u00f5es econ\u00f4micas que incentivam o desmatamento na Amaz\u00f4nia e quais alternativas poderiam ser adotadas para reduzir essa press\u00e3o?<\/p>\n\n\n\n<p><\/p>\n\n\n\n<p class=\"has-black-color has-pale-cyan-blue-background-color has-text-color has-background has-medium-font-size\"><strong><strong>QUEST\u00c3O<\/strong> 03<\/strong><\/p>\n\n\n\n<p class=\"has-black-color has-text-color has-link-color has-medium-font-size wp-elements-c14bd2f0b25ca7816a20f2c7641d9899\">A expans\u00e3o da agropecu\u00e1ria \u00e9 a principal causa do desmatamento na Amaz\u00f4nia. Grandes \u00e1reas de floresta s\u00e3o derrubadas para dar lugar a pastagens e planta\u00e7\u00f5es, especialmente de soja, destinada \u00e0 exporta\u00e7\u00e3o. Dessa forma, uma das principais causas do desmatamento na Amaz\u00f4nia nos estados do Par\u00e1 e Mato Grosso, \u00e9<\/p>\n\n\n\n<p class=\"has-black-color has-text-color has-link-color has-medium-font-size wp-elements-892ae60e541531e302bf6e7d16890237\">(A) a expans\u00e3o da agropecu\u00e1ria para cria\u00e7\u00e3o de gado e cultivo de soja.<\/p>\n\n\n\n<p class=\"has-black-color has-text-color has-link-color has-medium-font-size wp-elements-bfeea89cac80e87bf0b8d15c1c1e70d2\">(B) a extra\u00e7\u00e3o de min\u00e9rios como ouro e diamantes para exporta\u00e7\u00e3o.&nbsp;<\/p>\n\n\n\n<p class=\"has-black-color has-text-color has-link-color has-medium-font-size wp-elements-dc5fc7aafb545b0acd22be5aa98f9696\">(C) a constru\u00e7\u00e3o de estradas para o transporte de produtos automotivos.&nbsp;<\/p>\n\n\n\n<p class=\"has-black-color has-text-color has-link-color has-medium-font-size wp-elements-db60e73d9de7b7879b04ce21e308eca4\">(D) o crescimento das cidades pr\u00f3ximas \u00e0 floresta amaz\u00f4nica.<\/p>\n\n\n\n<p class=\"has-black-color has-text-color has-medium-font-size\"><\/p>\n\n\n\n<p class=\"has-black-color has-pale-cyan-blue-background-color has-text-color has-background has-medium-font-size\"><strong><strong>QUEST\u00c3O<\/strong> 04<\/strong><\/p>\n\n\n\n<p class=\"has-black-color has-text-color has-link-color has-medium-font-size wp-elements-c8991f6bea1621a238b28535e3b8f431\">O desmatamento na Amaz\u00f4nia \u00e9 impulsionado por interesses econ\u00f4micos complexos que, ao n\u00e3o considerarem o desenvolvimento sustent\u00e1vel, contribuem para a degrada\u00e7\u00e3o de um dos maiores patrim\u00f4nios ambientais do mundo. E o setor econ\u00f4mico frequentemente relacionado ao desmatamento na Amaz\u00f4nia \u00e9 a&nbsp;<\/p>\n\n\n\n<p class=\"has-black-color has-text-color has-link-color has-medium-font-size wp-elements-0031c953845c87603c966baadad785de\">(A) pesca artesanal.&nbsp;<\/p>\n\n\n\n<p class=\"has-black-color has-text-color has-link-color has-medium-font-size wp-elements-48571f113a517050f81c51427ab21da1\">(B) minera\u00e7\u00e3o e extra\u00e7\u00e3o de madeira.&nbsp;<\/p>\n\n\n\n<p class=\"has-black-color has-text-color has-link-color has-medium-font-size wp-elements-cad32b20cc36322ad6f2ff892e31edaa\">(C) Turismo cultural.&nbsp;<\/p>\n\n\n\n<p class=\"has-black-color has-text-color has-link-color has-medium-font-size wp-elements-187d6861dd59fb60ce111c3a1dfb1806\">(D) Agricultura de subsist\u00eancia.<\/p>\n\n\n\n<p><\/p>\n\n\n\n<hr class=\"wp-block-separator has-alpha-channel-opacity\"\/>\n\n\n\n<figure class=\"wp-block-table is-style-stripes\" style=\"font-size:15px\"><table class=\"has-black-color has-text-color\"><tbody><tr><td><strong>Autoria:<\/strong><\/td><td>Prof. Me.: Gabriel Ramos Paiva<\/td><\/tr><tr><td><strong>Forma\u00e7\u00e3o:<\/strong><\/td><td>Licenciatura em Geografia;<br>Bacharelado em Geografia;<br>Licenciatura em Pedagogia;<br>Mestre em Geografia pelo IESA-UFG.<\/td><\/tr><tr><td><strong>Componente Curricular:<\/strong><\/td><td>Geografia<\/td><\/tr><tr><td><strong>DCGO \u2013 AMPLIADO (1\u00ba corte) Habilidades:<\/strong><\/td><td>(EF06GE09-B) Analisar e elaborar gr\u00e1ficos e tabelas com diferentes tem\u00e1ticas.<\/td><\/tr><tr><td><strong>Matriz de habilidades essenciais:<\/strong><\/td><td>Analisar gr\u00e1ficos e tabelas com diferentes tem\u00e1ticas geogr\u00e1ficas.\u00a0<\/td><\/tr><tr><td><strong>Refer\u00eancias:<\/strong><\/td><td>BRASIL, Minist\u00e9rio da Ci\u00eancia, Tecnologia e Inov\u00e7\u00e3o. METODOLOGIA UTILIZADA NOS SISTEMAS PRODES E DETER &#8211; 2a EDI\u00c7\u00c3O (ATUALIZADA). Instituto Nacional de Pesquisas Espaciais &#8211; INPE, S\u00e3o Jos\u00e9 dos Campos, 2022. Dispon\u00edvel em: &lt;<a href=\"http:\/\/urlib.net\/8JMKD3MGP3W34T\/47GAF6S\">http:\/\/urlib.net\/8JMKD3MGP3W34T\/47GAF6S<\/a>>. Acesso em 07 de nov. de 2024.<br><br>SILVA, Arla Cristina da. O desmatamento da Amaz\u00f4nia brasileira entre 1980 a 2021: uma releitura voltada para a educa\u00e7\u00e3o ambiental. Orientador: Osvaldo Viegas. Monografia &#8211; Trabalho de Conclus\u00e3o de Curso em Ci\u00eancias Biol\u00f3gicas: licenciatura, Universidade Federal de Alagoas. Instituto de Ci\u00eancias Biol\u00f3gicas e da Sa\u00fade. Macei\u00f3, 2022. Dispon\u00edvel em: &lt;<a href=\"https:\/\/www.repositorio.ufal.br\/handle\/123456789\/11297\">https:\/\/www.repositorio.ufal.br\/handle\/123456789\/11297<\/a>>. Acesso em 07 de nov. de 2024.<\/td><\/tr><\/tbody><\/table><\/figure>\n\n\n\n<p><\/p>\n","protected":false},"author":20,"featured_media":190175,"template":"","ef_categoria":[15],"ef_ano":[89],"ef_componente":[96],"class_list":["post-190170","ensino_fundamental","type-ensino_fundamental","status-publish","has-post-thumbnail","hentry","ef_categoria-ciclo-da-adolescencia-fg","ef_ano-6o-ano","ef_componente-geografia","entry","has-media"],"acf":[],"_links":{"self":[{"href":"https:\/\/sme.goiania.go.gov.br\/conexaoescola\/wp-json\/wp\/v2\/ensino_fundamental\/190170","targetHints":{"allow":["GET"]}}],"collection":[{"href":"https:\/\/sme.goiania.go.gov.br\/conexaoescola\/wp-json\/wp\/v2\/ensino_fundamental"}],"about":[{"href":"https:\/\/sme.goiania.go.gov.br\/conexaoescola\/wp-json\/wp\/v2\/types\/ensino_fundamental"}],"author":[{"embeddable":true,"href":"https:\/\/sme.goiania.go.gov.br\/conexaoescola\/wp-json\/wp\/v2\/users\/20"}],"version-history":[{"count":1,"href":"https:\/\/sme.goiania.go.gov.br\/conexaoescola\/wp-json\/wp\/v2\/ensino_fundamental\/190170\/revisions"}],"predecessor-version":[{"id":190179,"href":"https:\/\/sme.goiania.go.gov.br\/conexaoescola\/wp-json\/wp\/v2\/ensino_fundamental\/190170\/revisions\/190179"}],"wp:featuredmedia":[{"embeddable":true,"href":"https:\/\/sme.goiania.go.gov.br\/conexaoescola\/wp-json\/wp\/v2\/media\/190175"}],"wp:attachment":[{"href":"https:\/\/sme.goiania.go.gov.br\/conexaoescola\/wp-json\/wp\/v2\/media?parent=190170"}],"wp:term":[{"taxonomy":"ef_categoria","embeddable":true,"href":"https:\/\/sme.goiania.go.gov.br\/conexaoescola\/wp-json\/wp\/v2\/ef_categoria?post=190170"},{"taxonomy":"ef_ano","embeddable":true,"href":"https:\/\/sme.goiania.go.gov.br\/conexaoescola\/wp-json\/wp\/v2\/ef_ano?post=190170"},{"taxonomy":"ef_componente","embeddable":true,"href":"https:\/\/sme.goiania.go.gov.br\/conexaoescola\/wp-json\/wp\/v2\/ef_componente?post=190170"}],"curies":[{"name":"wp","href":"https:\/\/api.w.org\/{rel}","templated":true}]}}