{"id":189845,"date":"2024-11-05T19:42:33","date_gmt":"2024-11-05T22:42:33","guid":{"rendered":"https:\/\/sme.goiania.go.gov.br\/conexaoescola\/?post_type=ensino_fundamental&#038;p=189845"},"modified":"2026-04-16T15:08:07","modified_gmt":"2026-04-16T18:08:07","slug":"ciencias-da-natureza-esfericidade-da-terra","status":"publish","type":"ensino_fundamental","link":"https:\/\/sme.goiania.go.gov.br\/conexaoescola\/ensino_fundamental\/ciencias-da-natureza-esfericidade-da-terra\/","title":{"rendered":"Ci\u00eancias da Natureza &#8211; Esfericidade da Terra"},"content":{"rendered":"\n<p class=\"has-text-align-center has-background has-medium-font-size\" style=\"background-color:#78a3c282\">Esta proposta de atividade de&nbsp;<strong>Ci\u00eancias da Natureza<\/strong>&nbsp;\u00e9 destinada aos estudantes do<strong>&nbsp;6\u00ba ano&nbsp;<\/strong>dos anos finais do Ensino Fundamental<\/p>\n\n\n\n<div class=\"wp-block-buttons is-content-justification-center is-layout-flex wp-container-core-buttons-is-layout-16018d1d wp-block-buttons-is-layout-flex\">\n<div class=\"wp-block-button\"><a class=\"wp-block-button__link has-medium-font-size has-custom-font-size wp-element-button\" href=\"https:\/\/drive.google.com\/uc?export=download&amp;id=1tNRmQyb-7WgEJrMQWND8Ze_OYGB_7aDS\" target=\"_blank\" rel=\"noreferrer noopener\"><strong>BAIXE A ATIVIDADE<\/strong><\/a><\/div>\n\n\n\n<div class=\"wp-block-button\"><a class=\"wp-block-button__link has-medium-font-size has-custom-font-size wp-element-button\" href=\"https:\/\/drive.google.com\/uc?export=download&amp;id=1ihGFr3ubXU7ekv9IsNKTYT_HEsD-WnL9\" target=\"_blank\" rel=\"noreferrer noopener\"><strong>BAIXE OS SLIDES<\/strong><\/a><\/div>\n\n\n\n<div class=\"wp-block-button\"><a class=\"wp-block-button__link has-medium-font-size has-custom-font-size wp-element-button\" href=\"https:\/\/drive.google.com\/uc?export=download&amp;id=1LEZAXXnZKjBlqq_hcPmh2ly1xXHq7IRm\" target=\"_blank\" rel=\"noreferrer noopener\"><strong>BAIXE O TEXTO<\/strong><\/a><\/div>\n<\/div>\n\n\n\n<hr class=\"wp-block-separator has-alpha-channel-opacity\"\/>\n\n\n\n<figure class=\"wp-block-image size-large\"><img fetchpriority=\"high\" decoding=\"async\" width=\"1024\" height=\"576\" src=\"https:\/\/sme.goiania.go.gov.br\/conexaoescola\/wp-content\/uploads\/2024\/11\/Terra-1-1024x576.png\" alt=\"\" class=\"wp-image-189988\" srcset=\"https:\/\/sme.goiania.go.gov.br\/conexaoescola\/wp-content\/uploads\/2024\/11\/Terra-1-1024x576.png 1024w, https:\/\/sme.goiania.go.gov.br\/conexaoescola\/wp-content\/uploads\/2024\/11\/Terra-1-300x169.png 300w, https:\/\/sme.goiania.go.gov.br\/conexaoescola\/wp-content\/uploads\/2024\/11\/Terra-1-768x432.png 768w, https:\/\/sme.goiania.go.gov.br\/conexaoescola\/wp-content\/uploads\/2024\/11\/Terra-1-1536x864.png 1536w, https:\/\/sme.goiania.go.gov.br\/conexaoescola\/wp-content\/uploads\/2024\/11\/Terra-1.png 1920w\" sizes=\"(max-width: 1024px) 100vw, 1024px\" \/><figcaption class=\"wp-element-caption\"><strong>Imagem 1. <\/strong>ARAGUAIA, Mariana. Terra plana ou esf\u00e9rica? Canva. Criada em 06\/11\/2024.<\/figcaption><\/figure>\n\n\n\n<h1 class=\"wp-block-heading has-text-align-center\"><strong>ESFERICIDADE DA TERRA<\/strong><\/h1>\n\n\n\n<p class=\"has-medium-font-size\">A Terra \u00e9 reconhecida por sua forma quase esf\u00e9rica, com leve achatamento nos polos e um alargamento no Equador. Esse fen\u00f4meno deve-se, essencialmente, \u00e0 rota\u00e7\u00e3o do planeta e sua for\u00e7a centr\u00edfuga; assim como \u00e0 gravita\u00e7\u00e3o universal, estabelecida por Isaac Newton. Essa for\u00e7a empurra levemente a superf\u00edcie equatorial, moldando o planeta ao longo de bilh\u00f5es de anos.&nbsp;&nbsp;<\/p>\n\n\n\n<p class=\"has-medium-font-size\">Evid\u00eancias visuais e cient\u00edficas, observadas h\u00e1 s\u00e9culos e aprimoradas por tecnologias modernas, refor\u00e7am a esfericidade da Terra. Um dos primeiros ind\u00edcios vem da observa\u00e7\u00e3o do horizonte: quando um navio se afasta para o alto-mar, sua base desaparece antes do topo. Se a Terra fosse plana, o navio desapareceria de uma vez. A sombra projetada pela Terra em um eclipse lunar \u00e9 tamb\u00e9m uma prova: ao passar entre o Sol e a Lua, a Terra lan\u00e7a uma sombra circular: observa\u00e7\u00e3o que remonta aos antigos gregos, como Arist\u00f3teles.<\/p>\n\n\n\n<p class=\"has-medium-font-size\">Fotografias tiradas desde as primeiras miss\u00f5es espaciais, como as da NASA, tamb\u00e9m confirmam essa esfericidade, mostrando um planeta sem arestas ou \u00e2ngulos. Com silhueta circular, essas imagens, capturadas de diferentes \u00e2ngulos e momentos, sempre revelam a mesma forma curva e cont\u00ednua.<\/p>\n\n\n\n<p class=\"has-medium-font-size\">Os fusos hor\u00e1rios tamb\u00e9m s\u00e3o uma forte evid\u00eancia da forma e da rota\u00e7\u00e3o terrestre. Se a Terra fosse plana, o nascer e o p\u00f4r do sol ocorreriam simultaneamente em todos os pontos. Na realidade, enquanto em uma regi\u00e3o \u00e9 dia, em outra \u00e9 noite, pela altern\u00e2ncia na exposi\u00e7\u00e3o das \u00e1reas \u00e0 luz solar.<\/p>\n\n\n\n<p class=\"has-medium-font-size\">Em rotas a\u00e9reas e mar\u00edtimas, trajetos s\u00e3o tra\u00e7ados em arcos que acompanham a curvatura da Terra, o que se chama de c\u00edrculo m\u00e1ximo. Essa rota, que parece curva em um mapa plano, na verdade \u00e9 o caminho mais curto entre dois pontos na superf\u00edcie curva do planeta. Esse tipo de rota evidencia que a superf\u00edcie terrestre n\u00e3o \u00e9 plana, mas sim arredondada, pois, em um planeta plano, a rota mais curta entre dois pontos seria sempre uma linha reta.<\/p>\n\n\n\n<p class=\"has-medium-font-size\">No cotidiano, o globo terrestre \u00e9 uma representa\u00e7\u00e3o acess\u00edvel do formato do planeta, amplamente usado em ambientes educacionais e de pesquisa. Contudo, ele \u00e9 uma aproxima\u00e7\u00e3o da realidade, j\u00e1 que a Terra possui varia\u00e7\u00f5es em sua superf\u00edcie, como montanhas, vales e oceanos &#8211; embora essas irregularidades sejam pequenas, se comparadas \u00e0 totalidade da superf\u00edcie terrestre.<\/p>\n\n\n\n<p class=\"has-medium-font-size\">Dentre observa\u00e7\u00f5es hist\u00f3ricas at\u00e9 modernas imagens de sat\u00e9lite e o uso de fusos hor\u00e1rios e rotas circulares; compreender a forma da Terra \u00e9 essencial para a compreens\u00e3o das din\u00e2micas clim\u00e1ticas, dos ecossistemas e at\u00e9 na vida humana e seu cotidiano.<\/p>\n\n\n\n<p class=\"has-background has-medium-font-size\" style=\"background-color:#cf2d2d7d\"><strong>QUEST\u00c3O 1<\/strong><\/p>\n\n\n\n<p class=\"has-medium-font-size\">Leia a seguir o trecho sobre a expedi\u00e7\u00e3o liderada por Fern\u00e3o de Magalh\u00e3es, no s\u00e9culo XIV:<\/p>\n\n\n\n<figure class=\"wp-block-image size-large is-resized\"><img decoding=\"async\" width=\"1024\" height=\"576\" src=\"https:\/\/sme.goiania.go.gov.br\/conexaoescola\/wp-content\/uploads\/2024\/11\/Fernao-1024x576.png\" alt=\"\" class=\"wp-image-189916\" style=\"width:840px;height:auto\" srcset=\"https:\/\/sme.goiania.go.gov.br\/conexaoescola\/wp-content\/uploads\/2024\/11\/Fernao-1024x576.png 1024w, https:\/\/sme.goiania.go.gov.br\/conexaoescola\/wp-content\/uploads\/2024\/11\/Fernao-300x169.png 300w, https:\/\/sme.goiania.go.gov.br\/conexaoescola\/wp-content\/uploads\/2024\/11\/Fernao-768x432.png 768w, https:\/\/sme.goiania.go.gov.br\/conexaoescola\/wp-content\/uploads\/2024\/11\/Fernao-1536x864.png 1536w, https:\/\/sme.goiania.go.gov.br\/conexaoescola\/wp-content\/uploads\/2024\/11\/Fernao.png 1920w\" sizes=\"(max-width: 1024px) 100vw, 1024px\" \/><figcaption class=\"wp-element-caption\"><strong>Imagem 2.<\/strong> ARAGUAIA, Mariana. Fern\u00e3o de Magalh\u00e3es. Canva. Criado em 06\/11\/2024.<br><strong>Fonte: <\/strong>PICHEL, Mar. A 1\u00aa volta ao mundo: os 500 anos da viagem de Fern\u00e3o de Magalh\u00e3es, da qual s\u00f3 18 dos 250 tripulantes sobreviveram. BBC News. Dispon\u00edvel em &lt;https:\/\/www.bbc.com\/portuguese\/internacional-49777017&gt;. Acesso em 06\/11\/2024.<\/figcaption><\/figure>\n\n\n\n<p class=\"has-medium-font-size\">Considerando que circunavega\u00e7\u00e3o trata-se de uma viagem ao redor do planeta, retornando ao ponto de partida (seja por meio aqu\u00e1tico, a\u00e9reo ou terrestre):<\/p>\n\n\n\n<p class=\"has-medium-font-size\">A) Qual \u00e9 a rela\u00e7\u00e3o entre a circunavega\u00e7\u00e3o e a esfericidade da Terra?&nbsp;<\/p>\n\n\n\n<p class=\"has-medium-font-size\">B) Se a Terra fosse plana, seria poss\u00edvel realizar uma circunavega\u00e7\u00e3o? O que ocorreria, nesse caso?<\/p>\n\n\n\n<p class=\"has-background has-medium-font-size\" style=\"background-color:#cf2d2d47\"><strong>QUEST\u00c3O 2<\/strong><\/p>\n\n\n\n<p class=\"has-medium-font-size\">Se um estudante sugerisse que a Terra fosse plana, como voc\u00ea usaria a altern\u00e2ncia entre dia e noite para explicar a esfericidade do planeta?<\/p>\n\n\n\n<p class=\"has-background has-medium-font-size\" style=\"background-color:#cf2d2d47\"><strong>QUEST\u00c3O 3<\/strong><\/p>\n\n\n\n<p class=\"has-medium-font-size\">Na imagem abaixo, podemos identificar um avi\u00e3o voando sobre o horizonte. <\/p>\n\n\n<div class=\"wp-block-image\">\n<figure class=\"aligncenter is-resized\"><img decoding=\"async\" width=\"1024\" height=\"1024\" src=\"https:\/\/sme.goiania.go.gov.br\/conexaoescola\/wp-content\/uploads\/2024\/11\/Imagem-do-WhatsApp-de-2024-11-06-as-15.14.36_185c63e7-1024x1024.jpg\" alt=\"\" class=\"wp-image-189925\" style=\"width:454px\" srcset=\"https:\/\/sme.goiania.go.gov.br\/conexaoescola\/wp-content\/uploads\/2024\/11\/Imagem-do-WhatsApp-de-2024-11-06-as-15.14.36_185c63e7-1024x1024.jpg 1024w, https:\/\/sme.goiania.go.gov.br\/conexaoescola\/wp-content\/uploads\/2024\/11\/Imagem-do-WhatsApp-de-2024-11-06-as-15.14.36_185c63e7-300x300.jpg 300w, https:\/\/sme.goiania.go.gov.br\/conexaoescola\/wp-content\/uploads\/2024\/11\/Imagem-do-WhatsApp-de-2024-11-06-as-15.14.36_185c63e7-150x150.jpg 150w, https:\/\/sme.goiania.go.gov.br\/conexaoescola\/wp-content\/uploads\/2024\/11\/Imagem-do-WhatsApp-de-2024-11-06-as-15.14.36_185c63e7-768x768.jpg 768w, https:\/\/sme.goiania.go.gov.br\/conexaoescola\/wp-content\/uploads\/2024\/11\/Imagem-do-WhatsApp-de-2024-11-06-as-15.14.36_185c63e7.jpg 1280w\" sizes=\"(max-width: 1024px) 100vw, 1024px\" \/><figcaption class=\"wp-element-caption\"><strong>Imagem 3.<\/strong> ARAGUAIA, Mariana. Avi\u00e3o. Meta Ai. Criado em 06\/11\/2024.<\/figcaption><\/figure><\/div>\n\n\n<p class=\"has-medium-font-size\">Sobre esse assunto, podemos afirmar que sua rota, em um mapa mundi, \u00e9 representada por uma\/um<\/p>\n\n\n\n<p class=\"has-medium-font-size\">(A) reta, pois \u00e9 a menor dist\u00e2ncia entre um ponto e outro.<br>(B) reta, pois segue o formato real do nosso planeta Terra.<br>(C) irregular, pois o nosso planeta tamb\u00e9m \u00e9 dessa forma.<br>(D) trajet\u00f3ria curva, pois o mapa \u00e9 plano, e a Terra n\u00e3o.<\/p>\n\n\n\n<p class=\"has-background has-medium-font-size\" style=\"background-color:#cf2d2d47\"><strong>QUEST\u00c3O 4<\/strong><\/p>\n\n\n\n<p class=\"has-medium-font-size\">A rota mais curta entre dois pontos na superf\u00edcie curva da Terra, usada em viagens a\u00e9reas e mar\u00edtimas \u00e9 a\/o<\/p>\n\n\n\n<p class=\"has-medium-font-size\">(A) linha reta.<br>(B) meridiano.<br>(C) c\u00edrculo m\u00e9dio.<br>(D) c\u00edrculo m\u00e1ximo.<\/p>\n\n\n\n<p class=\"has-background has-medium-font-size\" style=\"background-color:#cf2d2d47\"><strong>QUEST\u00c3O 5<\/strong><\/p>\n\n\n\n<p class=\"has-medium-font-size\">O leve achatamento da Terra nos polos e o alargamento no Equador ocorrem principalmente devido \u00e0\/ao<\/p>\n\n\n\n<p class=\"has-medium-font-size\">(A) gravidade da Lua.<br>(B) rota\u00e7\u00e3o do planeta.<br>(C) transla\u00e7\u00e3o da Terra.<br>(D) press\u00e3o atmosf\u00e9rica.<\/p>\n\n\n\n<p class=\"has-background has-medium-font-size\" style=\"background-color:#cf2d2d47\"><strong>QUEST\u00c3O 6<\/strong><\/p>\n\n\n\n<p class=\"has-medium-font-size\">O globo terrestre \u00e9 uma representa\u00e7\u00e3o pr\u00f3xima da forma da Terra, mas n\u00e3o exata, porque<\/p>\n\n\n\n<p class=\"has-medium-font-size\">(A) ele \u00e9 feito com base em mapas antigo.<br>(B) o globo n\u00e3o considera a rota\u00e7\u00e3o da Terra.<br>(C) a Terra \u00e9 completamente plana, com bordas.<br>(D) a Terra possui irregularidades em sua superf\u00edcie.<\/p>\n\n\n\n<p class=\"has-background has-medium-font-size\" style=\"background-color:#cf2d2d47\"><strong>QUEST\u00c3O 7<\/strong>*<\/p>\n\n\n\n<p class=\"has-medium-font-size\">Os funcion\u00e1rios de uma usina e\u00f3lica visitam diariamente as turbinas para realizar a manuten\u00e7\u00e3o. Em uma dessas visitas, eles perceberam que as sombras das turbinas projetadas sobre o mar mudam de posi\u00e7\u00e3o ao longo do dia. Observe, na imagem abaixo, algumas dessas turbinas ao longo do horizonte.<\/p>\n\n\n<div class=\"wp-block-image\">\n<figure class=\"aligncenter size-full\"><img loading=\"lazy\" decoding=\"async\" width=\"565\" height=\"372\" src=\"https:\/\/sme.goiania.go.gov.br\/conexaoescola\/wp-content\/uploads\/2022\/02\/Sem-titulo-15.png\" alt=\"\" class=\"wp-image-202450\" srcset=\"https:\/\/sme.goiania.go.gov.br\/conexaoescola\/wp-content\/uploads\/2022\/02\/Sem-titulo-15.png 565w, https:\/\/sme.goiania.go.gov.br\/conexaoescola\/wp-content\/uploads\/2022\/02\/Sem-titulo-15-300x198.png 300w\" sizes=\"(max-width: 565px) 100vw, 565px\" \/><figcaption class=\"wp-element-caption\"><strong>Imagem 4. Dispon\u00edvel em: https:\/\/meulink.fit\/CstOpvAivlPqIMn. Acesso em: 20 ago. 2025. Adaptado para fins did\u00e1ticos.<\/strong><\/figcaption><\/figure><\/div>\n\n\n<p class=\"has-medium-font-size\">A diferen\u00e7a na parte destacada dessa imagem \u00e9 uma evid\u00eancia de que a Terra<\/p>\n\n\n\n<p class=\"has-medium-font-size\">(A) tem o formato plano, pois \u00e9 poss\u00edvel observar todas as turbinas na superf\u00edcie do planeta.<br><br>(B) tem o formato esf\u00e9rico, pois parte da visualiza\u00e7\u00e3o \u00e9 comprometida devido \u00e0 curvatura do planeta.<br><br>(C) realiza o movimento de transla\u00e7\u00e3o, pois a observa\u00e7\u00e3o das turbinas depende das esta\u00e7\u00f5es do ano.<br><br>(D) gira em torno de si mesma, pois a visualiza\u00e7\u00e3o muda em diferentes per\u00edodos do dia.<\/p>\n\n\n\n<p class=\"has-background has-medium-font-size\" style=\"background-color:#cf2d2d47\"><strong>QUEST\u00c3O 8<\/strong>*<\/p>\n\n\n\n<p class=\"has-medium-font-size\">A pesca \u00e9 uma atividade econ\u00f4mica importante em regi\u00f5es litor\u00e2neas. Para a realiza\u00e7\u00e3o dessa atividade, pode ser usado um barco como o apresentado nas imagens abaixo.<\/p>\n\n\n<div class=\"wp-block-image\">\n<figure class=\"aligncenter size-full\"><img loading=\"lazy\" decoding=\"async\" width=\"820\" height=\"318\" src=\"https:\/\/sme.goiania.go.gov.br\/conexaoescola\/wp-content\/uploads\/2024\/11\/Sem-titulo-3.png\" alt=\"\" class=\"wp-image-202461\" srcset=\"https:\/\/sme.goiania.go.gov.br\/conexaoescola\/wp-content\/uploads\/2024\/11\/Sem-titulo-3.png 820w, https:\/\/sme.goiania.go.gov.br\/conexaoescola\/wp-content\/uploads\/2024\/11\/Sem-titulo-3-300x116.png 300w, https:\/\/sme.goiania.go.gov.br\/conexaoescola\/wp-content\/uploads\/2024\/11\/Sem-titulo-3-768x298.png 768w\" sizes=\"(max-width: 820px) 100vw, 820px\" \/><\/figure><\/div>\n\n\n<p class=\"has-medium-font-size\">A mudan\u00e7a na visualiza\u00e7\u00e3o desse barco, da posi\u00e7\u00e3o 1 para a posi\u00e7\u00e3o 2, \u00e9 uma evid\u00eancia de que a Terra possui o formato parecido com<\/p>\n\n\n\n<p class=\"has-medium-font-size\">(A) um cilindro, pois o campo de vis\u00e3o se anula com o aumento da dist\u00e2ncia entre o barco e a praia.<\/p>\n\n\n\n<p class=\"has-medium-font-size\">(B) um cubo, pois o campo de vis\u00e3o permanece o mesmo com o aumento da dist\u00e2ncia entre o barco e a praia.<\/p>\n\n\n\n<p class=\"has-medium-font-size\">(C) uma esfera, pois o campo de vis\u00e3o diminui com o aumento da dist\u00e2ncia entre o barco e a praia.<\/p>\n\n\n\n<p class=\"has-medium-font-size\">(D) uma pir\u00e2mide, pois o campo de vis\u00e3o aumenta em rela\u00e7\u00e3o ao aumento da dist\u00e2ncia entre o barco e a praia<\/p>\n\n\n\n<figure class=\"wp-block-table has-medium-font-size\"><table class=\"has-fixed-layout\"><tbody><tr><td class=\"has-text-align-center\" data-align=\"center\"><em><strong>* Quest\u00f5es presentes na Avalia\u00e7\u00e3o Cont\u00ednua da Aprendizagem nos Anos Finais \u2013 Ciclo III, de Ci\u00eancias da Natureza, de 2025.<\/strong><\/em><\/td><\/tr><\/tbody><\/table><\/figure>\n\n\n\n<hr class=\"wp-block-separator has-alpha-channel-opacity\"\/>\n\n\n\n<figure class=\"wp-block-table is-style-stripes\"><table class=\"has-fixed-layout\"><tbody><tr><td><strong>Autoria<\/strong><\/td><td>Mariana Araguaia<\/td><\/tr><tr><td><strong>Forma\u00e7\u00e3o<\/strong><\/td><td>Ci\u00eancias Biol\u00f3gicas<\/td><\/tr><tr><td><strong>Componente Curricular<\/strong><\/td><td>Ci\u00eancias da Natureza<\/td><\/tr><tr><td><strong>Habilidade<\/strong><\/td><td>(EF06CI13-A) Selecionar argumentos e evid\u00eancias que demonstrem a esfericidade da Terra, utilizando diferentes representa\u00e7\u00f5es: globo terrestre, imagens, desenhos.<\/td><\/tr><tr><td><strong>Refer\u00eancias<\/strong><\/td><td>CARNEVALLE, M. R. Ararib\u00e1 mais Ci\u00eancias: 6\u00ba ano: ensino fundamental: anos finais. 1. ed. S\u00e3o Paulo: Moderna, 2018. 272 p. Acesso em 04\/11\/2024.<br><br>GOI\u00c1S. Documento Curricular para Goi\u00e1s \u2013 Ampliado. Volume III Ensino Fundamental Anos Finais. Dispon\u00edvel em &lt;https:\/\/tinyurl.com\/bdcn9bpn>. Acesso em 04\/11\/2024.<br><br>______. Documento Curricular para Goi\u00e1s \u2013 Ampliado \u2013 Cortes Temporais. CONSED; UNDIME, 2019. p. 143. Dispon\u00edvel em: &lt;https:\/\/tinyurl.com\/mszn79ds>. Acesso em 04\/11\/2024.<br><br>HIRANAKA. R. A. B.; HORTENCIO, T. M. A. Inspire Ci\u00eancias: 6\u00ba ano: ensino fundamental: anos finais. 1. ed. S\u00e3o Paulo: FTD, 2018. 256 p. Acesso em 04\/11\/2024.<br><br>PICHEL, Mar. A 1\u00aa volta ao mundo: os 500 anos da viagem de Fern\u00e3o de Magalh\u00e3es, da qual s\u00f3 18 dos 250 tripulantes sobreviveram. BBC News. Dispon\u00edvel em &lt;https:\/\/www.bbc.com\/portuguese\/internacional-49777017>. Acesso em 06\/11\/2024.<br><br>PLATAFORMA de Avalia\u00e7\u00e3o e Acompanhamento das Aprendizagens. Dispon\u00edvel em <a href=\"https:\/\/avaliacaoaprendizagensanosfinais.mec.gov.br\/#!\/avaliacoes\">https:\/\/avaliacaoaprendizagensanosfinais.mec.gov.br\/#!\/avaliacoes<\/a>. Acesso em 04\/2026.<br><br>SILVEIRA, Fernando Lang. Afinal qual \u00e9 a forma da Terra? Centro de Refer\u00eancia para o Ensino de F\u00edsica. Dispon\u00edvel em &lt;https:\/\/cref.if.ufrgs.br\/?contact-pergunta=afinal-qual-e-a-forma-da-terra>. Acesso em 06\/11\/2024.<br><\/td><\/tr><\/tbody><\/table><\/figure>\n","protected":false},"author":44,"featured_media":189915,"template":"","ef_categoria":[28,31],"ef_ano":[89],"ef_componente":[98],"class_list":["post-189845","ensino_fundamental","type-ensino_fundamental","status-publish","has-post-thumbnail","hentry","ef_categoria-educacao-ambiental-e-saude-ciclo-da-adolescencia-fg","ef_categoria-experiencias-e-curiosidades-ciclo-da-adolescencia-fg","ef_ano-6o-ano","ef_componente-ciencia-da-natureza-ef","entry","has-media"],"acf":[],"_links":{"self":[{"href":"https:\/\/sme.goiania.go.gov.br\/conexaoescola\/wp-json\/wp\/v2\/ensino_fundamental\/189845","targetHints":{"allow":["GET"]}}],"collection":[{"href":"https:\/\/sme.goiania.go.gov.br\/conexaoescola\/wp-json\/wp\/v2\/ensino_fundamental"}],"about":[{"href":"https:\/\/sme.goiania.go.gov.br\/conexaoescola\/wp-json\/wp\/v2\/types\/ensino_fundamental"}],"author":[{"embeddable":true,"href":"https:\/\/sme.goiania.go.gov.br\/conexaoescola\/wp-json\/wp\/v2\/users\/44"}],"version-history":[{"count":26,"href":"https:\/\/sme.goiania.go.gov.br\/conexaoescola\/wp-json\/wp\/v2\/ensino_fundamental\/189845\/revisions"}],"predecessor-version":[{"id":203028,"href":"https:\/\/sme.goiania.go.gov.br\/conexaoescola\/wp-json\/wp\/v2\/ensino_fundamental\/189845\/revisions\/203028"}],"wp:featuredmedia":[{"embeddable":true,"href":"https:\/\/sme.goiania.go.gov.br\/conexaoescola\/wp-json\/wp\/v2\/media\/189915"}],"wp:attachment":[{"href":"https:\/\/sme.goiania.go.gov.br\/conexaoescola\/wp-json\/wp\/v2\/media?parent=189845"}],"wp:term":[{"taxonomy":"ef_categoria","embeddable":true,"href":"https:\/\/sme.goiania.go.gov.br\/conexaoescola\/wp-json\/wp\/v2\/ef_categoria?post=189845"},{"taxonomy":"ef_ano","embeddable":true,"href":"https:\/\/sme.goiania.go.gov.br\/conexaoescola\/wp-json\/wp\/v2\/ef_ano?post=189845"},{"taxonomy":"ef_componente","embeddable":true,"href":"https:\/\/sme.goiania.go.gov.br\/conexaoescola\/wp-json\/wp\/v2\/ef_componente?post=189845"}],"curies":[{"name":"wp","href":"https:\/\/api.w.org\/{rel}","templated":true}]}}