{"id":189828,"date":"2024-11-05T16:13:10","date_gmt":"2024-11-05T19:13:10","guid":{"rendered":"https:\/\/sme.goiania.go.gov.br\/conexaoescola\/?post_type=ensino_fundamental&#038;p=189828"},"modified":"2024-11-05T16:14:40","modified_gmt":"2024-11-05T19:14:40","slug":"geografia-desenvolvimento-tecnologico-no-japao","status":"publish","type":"ensino_fundamental","link":"https:\/\/sme.goiania.go.gov.br\/conexaoescola\/ensino_fundamental\/geografia-desenvolvimento-tecnologico-no-japao\/","title":{"rendered":"Geografia &#8211; Desenvolvimento tecnol\u00f3gico no Jap\u00e3o"},"content":{"rendered":"\n<p class=\"has-black-color has-luminous-vivid-orange-background-color has-text-color has-background has-medium-font-size\">Esta proposta de atividade de<strong> GEOGRAFIA<\/strong> \u00e9 destinada aos estudantes do 9<strong>\u00ba ano<\/strong> do Ensino Fundamental anos iniciais.<\/p>\n\n\n\n<div class=\"wp-block-buttons is-content-justification-center is-layout-flex wp-container-core-buttons-is-layout-16018d1d wp-block-buttons-is-layout-flex\">\n<div class=\"wp-block-button has-custom-font-size has-medium-font-size\"><a class=\"wp-block-button__link has-white-color has-black-background-color has-text-color has-background wp-element-button\" href=\"https:\/\/drive.google.com\/uc?export=download&amp;id=1m7cDPtCioWFrkhLrAYOWUjvB3JF4Ynol\">BAIXE A ATIVIDADE<\/a><\/div>\n\n\n\n<div class=\"wp-block-button has-custom-font-size has-medium-font-size\"><a class=\"wp-block-button__link has-white-color has-black-background-color has-text-color has-background wp-element-button\" href=\"https:\/\/drive.google.com\/uc?export=download&amp;id=1tkTcCA3jWKWlWdlhJvDxTTLf2TBeuqqB\">BAIXE OS SLIDES<\/a><\/div>\n\n\n\n<div class=\"wp-block-button has-custom-font-size has-medium-font-size\"><a class=\"wp-block-button__link has-white-color has-black-background-color has-text-color has-background wp-element-button\" href=\"https:\/\/drive.google.com\/uc?export=download&amp;id=1HuuangUvXDdyJoI8oQikEc7vz4oM82-p\">BAIXE O TEXTO<\/a><\/div>\n<\/div>\n\n\n\n<p><\/p>\n\n\n<div class=\"wp-block-image\">\n<figure class=\"aligncenter size-full\"><img fetchpriority=\"high\" decoding=\"async\" width=\"643\" height=\"898\" src=\"https:\/\/sme.goiania.go.gov.br\/conexaoescola\/wp-content\/uploads\/2024\/11\/Toyota_Robot_at_Toyota_Kaikan-e1730833293903.jpg\" alt=\"\" class=\"wp-image-189829\" srcset=\"https:\/\/sme.goiania.go.gov.br\/conexaoescola\/wp-content\/uploads\/2024\/11\/Toyota_Robot_at_Toyota_Kaikan-e1730833293903.jpg 643w, https:\/\/sme.goiania.go.gov.br\/conexaoescola\/wp-content\/uploads\/2024\/11\/Toyota_Robot_at_Toyota_Kaikan-e1730833293903-215x300.jpg 215w\" sizes=\"(max-width: 643px) 100vw, 643px\" \/><\/figure><\/div>\n\n\n<p class=\"has-text-align-center has-black-color has-text-color has-link-color has-small-font-size wp-elements-a8200ab0bf28528b4bedaae295f8b5e4\">Fonte: Rob\u00f4 humanoide da Toyota. Dispon\u00edvel em: &lt;<a href=\"https:\/\/commons.wikimedia.org\/wiki\/File:Toyota_Robot_at_Toyota_Kaikan.jpg\">https:\/\/commons.wikimedia.org\/wiki\/File:Toyota_Robot_at_Toyota_Kaikan.jpg<\/a>>. Acesso em 05 de nov. de 2024.<\/p>\n\n\n\n<p class=\"has-text-align-center has-black-color has-text-color has-background has-medium-font-size\" style=\"background-color:#b8e0fb\"><strong>Desenvolvimento tecnol\u00f3gico no Jap\u00e3o<\/strong><\/p>\n\n\n\n<p class=\"has-black-color has-text-color has-link-color has-medium-font-size wp-elements-0dd4c7ee420122772d6f0510800f1fac\">O Jap\u00e3o \u00e9 uma das na\u00e7\u00f5es mais avan\u00e7adas em tecnologia no mundo. Esse desenvolvimento \u00e9 fruto de uma combina\u00e7\u00e3o de fatores hist\u00f3ricos, geogr\u00e1ficos, econ\u00f4micos e culturais que possibilitaram uma evolu\u00e7\u00e3o acelerada, principalmente ap\u00f3s a Segunda Guerra Mundial. O contexto de recupera\u00e7\u00e3o econ\u00f4mica ap\u00f3s o conflito e o apoio de pol\u00edticas governamentais incentivou o investimento em inova\u00e7\u00e3o tecnol\u00f3gica, resultando em um pa\u00eds que se destaca em \u00e1reas como eletr\u00f4nica, rob\u00f3tica, automa\u00e7\u00e3o e engenharia de ponta.<\/p>\n\n\n\n<p class=\"has-text-align-center has-black-color has-text-color has-link-color has-medium-font-size wp-elements-a67d462e2b43f0e624d4ce138eec4128\"><strong>Trem de alta velocidade<\/strong><\/p>\n\n\n<div class=\"wp-block-image\">\n<figure class=\"aligncenter size-large\"><img decoding=\"async\" width=\"1024\" height=\"683\" src=\"https:\/\/sme.goiania.go.gov.br\/conexaoescola\/wp-content\/uploads\/2024\/11\/SC_Maglev_Test_Ride_18464832625-e1730833338148-1024x683.jpg\" alt=\"\" class=\"wp-image-189832\" srcset=\"https:\/\/sme.goiania.go.gov.br\/conexaoescola\/wp-content\/uploads\/2024\/11\/SC_Maglev_Test_Ride_18464832625-e1730833338148-1024x683.jpg 1024w, https:\/\/sme.goiania.go.gov.br\/conexaoescola\/wp-content\/uploads\/2024\/11\/SC_Maglev_Test_Ride_18464832625-e1730833338148-300x200.jpg 300w, https:\/\/sme.goiania.go.gov.br\/conexaoescola\/wp-content\/uploads\/2024\/11\/SC_Maglev_Test_Ride_18464832625-e1730833338148-768x512.jpg 768w, https:\/\/sme.goiania.go.gov.br\/conexaoescola\/wp-content\/uploads\/2024\/11\/SC_Maglev_Test_Ride_18464832625-e1730833338148.jpg 1200w\" sizes=\"(max-width: 1024px) 100vw, 1024px\" \/><\/figure><\/div>\n\n\n<p class=\"has-text-align-center has-black-color has-text-color has-link-color has-small-font-size wp-elements-c061db4e4afbdbf21fd036cd76355301\">Fonte: Trem de alta velocidade. Dispon\u00edvel em: &lt;<a href=\"https:\/\/commons.wikimedia.org\/wiki\/File:SC_Maglev_Test_Ride_(18464832625).jpg\">https:\/\/commons.wikimedia.org\/wiki\/File:SC_Maglev_Test_Ride_(18464832625).jpg<\/a>&gt;. Acesso em 05 de nov. de 2024.<\/p>\n\n\n\n<p class=\"has-black-color has-text-color has-link-color has-medium-font-size wp-elements-360fb76332c04c0dc143c3b859ac386d\"><strong>Fatores hist\u00f3ricos e econ\u00f4micos do desenvolvimento no Jap\u00e3o<\/strong><\/p>\n\n\n\n<p class=\"has-black-color has-text-color has-link-color has-medium-font-size wp-elements-53a2b9a65f584f3137a23ee63b61e0f3\">Ap\u00f3s a Segunda Guerra Mundial, o Jap\u00e3o passou por um processo de reconstru\u00e7\u00e3o econ\u00f4mica conhecido como \u201cmilagre japon\u00eas\u201d, impulsionado por reformas econ\u00f4micas, ajuda dos Estados Unidos e a cria\u00e7\u00e3o de uma pol\u00edtica industrial focada em setores estrat\u00e9gicos. Essa pol\u00edtica incluiu investimentos em educa\u00e7\u00e3o, pesquisa e desenvolvimento, al\u00e9m de incentivo para que empresas nacionais se especializassem em tecnologia e inova\u00e7\u00e3o. Em termos geogr\u00e1ficos, a escassez de recursos naturais incentivou o pa\u00eds a desenvolver uma economia voltada para a tecnologia e a efici\u00eancia, onde a inova\u00e7\u00e3o compensasse a falta de recursos.&nbsp;<\/p>\n\n\n\n<p class=\"has-text-align-center has-black-color has-text-color has-link-color has-medium-font-size wp-elements-6e896917329754d65878dc0a01f9195a\"><strong>Toyota Motor Corporation<\/strong><\/p>\n\n\n<div class=\"wp-block-image\">\n<figure class=\"aligncenter size-full\"><img decoding=\"async\" width=\"900\" height=\"900\" src=\"https:\/\/sme.goiania.go.gov.br\/conexaoescola\/wp-content\/uploads\/2024\/11\/Toyota_Headquarter_Toyota_City-e1730833310865.jpg\" alt=\"\" class=\"wp-image-189830\" srcset=\"https:\/\/sme.goiania.go.gov.br\/conexaoescola\/wp-content\/uploads\/2024\/11\/Toyota_Headquarter_Toyota_City-e1730833310865.jpg 900w, https:\/\/sme.goiania.go.gov.br\/conexaoescola\/wp-content\/uploads\/2024\/11\/Toyota_Headquarter_Toyota_City-e1730833310865-300x300.jpg 300w, https:\/\/sme.goiania.go.gov.br\/conexaoescola\/wp-content\/uploads\/2024\/11\/Toyota_Headquarter_Toyota_City-e1730833310865-150x150.jpg 150w, https:\/\/sme.goiania.go.gov.br\/conexaoescola\/wp-content\/uploads\/2024\/11\/Toyota_Headquarter_Toyota_City-e1730833310865-768x768.jpg 768w\" sizes=\"(max-width: 900px) 100vw, 900px\" \/><\/figure><\/div>\n\n\n<p class=\"has-text-align-center has-black-color has-text-color has-link-color has-small-font-size wp-elements-917b03a370f3da38638ab449752ec645\">Fonte: Toyota Motor Corporation. Dispon\u00edvel em: &lt;<a href=\"https:\/\/commons.wikimedia.org\/wiki\/File:Toyota_Headquarter_Toyota_City.jpg\">https:\/\/commons.wikimedia.org\/wiki\/File:Toyota_Headquarter_Toyota_City.jpg<\/a>&gt;. Acesso em 05 de nov. de 2024.<\/p>\n\n\n\n<p class=\"has-black-color has-text-color has-link-color has-medium-font-size wp-elements-a9c8e20cd0104b499121f04787301349\">A partir das d\u00e9cadas de 1960 e 1970, a pol\u00edtica industrial japonesa deu \u00eanfase \u00e0 exporta\u00e7\u00e3o de produtos manufaturados, principalmente eletr\u00f4nicos e autom\u00f3veis, o que impulsionou o setor tecnol\u00f3gico. O planejamento governamental permitiu a forma\u00e7\u00e3o de conglomerados, conhecidos como &#8220;keiretsu&#8221;, que ajudaram a consolidar o mercado interno e a competir internacionalmente. Empresas como Sony, Toyota e Mitsubishi se tornaram s\u00edmbolos dessa expans\u00e3o, e o Jap\u00e3o rapidamente se estabeleceu como l\u00edder em tecnologia de consumo e automotiva.<\/p>\n\n\n\n<p class=\"has-black-color has-text-color has-link-color has-medium-font-size wp-elements-3799dbbc1319fafaf78d2d720caaba0d\"><strong>Avan\u00e7os em eletr\u00f4nica e tecnologia da informa\u00e7\u00e3o no Jap\u00e3o<\/strong><\/p>\n\n\n\n<p class=\"has-black-color has-text-color has-link-color has-medium-font-size wp-elements-0e2655808ce20b35bd491373a1c02a73\">O Jap\u00e3o \u00e9 conhecido por suas inova\u00e7\u00f5es na \u00e1rea de eletr\u00f4nica e tecnologia da informa\u00e7\u00e3o. Nos anos 1980, empresas japonesas dominavam o mercado global de produtos eletr\u00f4nicos, como televisores, aparelhos de som e, posteriormente, computadores. A Sony, por exemplo, revolucionou o mercado com produtos como o Walkman, que influenciaram gera\u00e7\u00f5es e tornaram o Jap\u00e3o um s\u00edmbolo de inova\u00e7\u00e3o em eletr\u00f4nicos de consumo. Al\u00e9m disso, a miniaturiza\u00e7\u00e3o e a efici\u00eancia dos produtos eletr\u00f4nicos japoneses estabeleceram um novo padr\u00e3o mundial.<\/p>\n\n\n\n<p class=\"has-text-align-center has-black-color has-text-color has-link-color has-medium-font-size wp-elements-2aa56b2edc91bfe8eb142a9e0ffbecf1\"><strong>Primeiro Walkman de 1979<\/strong><\/p>\n\n\n<div class=\"wp-block-image\">\n<figure class=\"aligncenter size-large\"><img loading=\"lazy\" decoding=\"async\" width=\"1024\" height=\"683\" src=\"https:\/\/sme.goiania.go.gov.br\/conexaoescola\/wp-content\/uploads\/2024\/11\/1200px-First_Walkman_1979_31011124386-e1730833324223-1024x683.jpg\" alt=\"\" class=\"wp-image-189831\" srcset=\"https:\/\/sme.goiania.go.gov.br\/conexaoescola\/wp-content\/uploads\/2024\/11\/1200px-First_Walkman_1979_31011124386-e1730833324223-1024x683.jpg 1024w, https:\/\/sme.goiania.go.gov.br\/conexaoescola\/wp-content\/uploads\/2024\/11\/1200px-First_Walkman_1979_31011124386-e1730833324223-300x200.jpg 300w, https:\/\/sme.goiania.go.gov.br\/conexaoescola\/wp-content\/uploads\/2024\/11\/1200px-First_Walkman_1979_31011124386-e1730833324223-768x512.jpg 768w, https:\/\/sme.goiania.go.gov.br\/conexaoescola\/wp-content\/uploads\/2024\/11\/1200px-First_Walkman_1979_31011124386-e1730833324223.jpg 1200w\" sizes=\"(max-width: 1024px) 100vw, 1024px\" \/><\/figure><\/div>\n\n\n<p class=\"has-text-align-center has-black-color has-text-color has-link-color has-small-font-size wp-elements-ca58f3c327334c45873e1734ec12fccb\">Fonte: Primeiro Walkman de 1979. Dispon\u00edvel em: &lt;<a href=\"https:\/\/commons.wikimedia.org\/wiki\/File:First_Walkman_1979_(31011124386).jpg\">https:\/\/commons.wikimedia.org\/wiki\/File:First_Walkman_1979_(31011124386).jpg<\/a>&gt;. Acesso em 05 de nov. de 2024.<\/p>\n\n\n\n<p class=\"has-black-color has-text-color has-link-color has-medium-font-size wp-elements-309c9251a19f2388917267589de7a99f\">Nos anos 1990 e 2000, o foco se expandiu para a tecnologia da informa\u00e7\u00e3o. A NEC Corporation e a Fujitsu, por exemplo, foram pioneiras no desenvolvimento de computadores e componentes de hardware. Esses avan\u00e7os ajudaram a preparar o Jap\u00e3o para a era digital, e, ainda hoje, o pa\u00eds \u00e9 reconhecido por sua infraestrutura avan\u00e7ada em tecnologia de informa\u00e7\u00e3o e comunica\u00e7\u00e3o, al\u00e9m de ser um dos primeiros a adotar a tecnologia 5G.<\/p>\n\n\n\n<p class=\"has-black-color has-text-color has-link-color has-medium-font-size wp-elements-4eb44aeca9ccad357b16202fce3ffb5f\"><strong>Rob\u00f3tica e automa\u00e7\u00e3o no Jap\u00e3o&nbsp;<\/strong><\/p>\n\n\n\n<p class=\"has-black-color has-text-color has-link-color has-medium-font-size wp-elements-0ee1aa82be6e938638c420f2928f96a5\">Outro campo onde o Jap\u00e3o se destaca \u00e9 o da rob\u00f3tica. Devido ao envelhecimento populacional, o pa\u00eds precisou investir em automa\u00e7\u00e3o para suprir a escassez de m\u00e3o de obra, o que tornou a rob\u00f3tica uma \u00e1rea priorit\u00e1ria de desenvolvimento. A Honda, por exemplo, desenvolveu o famoso rob\u00f4 humanoide ASIMO, e empresas como Fanuc e Yaskawa Electric s\u00e3o l\u00edderes globais em rob\u00f3tica industrial.&nbsp;<\/p>\n\n\n\n<p class=\"has-text-align-center has-black-color has-text-color has-link-color has-medium-font-size wp-elements-0164ee26296d623e247905759c73dec0\"><strong>Rob\u00f4 humanoide da Toyota<\/strong><\/p>\n\n\n<div class=\"wp-block-image\">\n<figure class=\"aligncenter size-full\"><img fetchpriority=\"high\" decoding=\"async\" width=\"643\" height=\"898\" src=\"https:\/\/sme.goiania.go.gov.br\/conexaoescola\/wp-content\/uploads\/2024\/11\/Toyota_Robot_at_Toyota_Kaikan-e1730833293903.jpg\" alt=\"\" class=\"wp-image-189829\" srcset=\"https:\/\/sme.goiania.go.gov.br\/conexaoescola\/wp-content\/uploads\/2024\/11\/Toyota_Robot_at_Toyota_Kaikan-e1730833293903.jpg 643w, https:\/\/sme.goiania.go.gov.br\/conexaoescola\/wp-content\/uploads\/2024\/11\/Toyota_Robot_at_Toyota_Kaikan-e1730833293903-215x300.jpg 215w\" sizes=\"(max-width: 643px) 100vw, 643px\" \/><\/figure><\/div>\n\n\n<p class=\"has-text-align-center has-black-color has-text-color has-link-color has-small-font-size wp-elements-adcac215f9c592a3370e2ebab1136be5\">Fonte: Rob\u00f4 humanoide da Toyota. Dispon\u00edvel em: &lt;<a href=\"https:\/\/commons.wikimedia.org\/wiki\/File:Toyota_Robot_at_Toyota_Kaikan.jpg\">https:\/\/commons.wikimedia.org\/wiki\/File:Toyota_Robot_at_Toyota_Kaikan.jpg<\/a>&gt;. Acesso em 05 de nov. de 2024.<\/p>\n\n\n\n<p class=\"has-black-color has-text-color has-link-color has-medium-font-size wp-elements-a42037b4e5ce7702ef5770134ef64afe\">A rob\u00f3tica no Jap\u00e3o n\u00e3o se limita ao uso industrial, sendo aplicada em cuidados m\u00e9dicos, assist\u00eancia a idosos e at\u00e9 mesmo no setor de servi\u00e7os, refletindo uma sociedade adaptada a um futuro com integra\u00e7\u00e3o tecnol\u00f3gica em diversos aspectos do cotidiano.<\/p>\n\n\n\n<p class=\"has-black-color has-text-color has-link-color has-medium-font-size wp-elements-470e4200d60b8aae1105d6ea993397b9\"><strong>Tecnologia verde e sustentabilidade no Jap\u00e3o<\/strong><\/p>\n\n\n\n<p class=\"has-black-color has-text-color has-link-color has-medium-font-size wp-elements-861736900f5eb87747e25571041fcdb0\">Com o aumento da conscientiza\u00e7\u00e3o ambiental global, o Jap\u00e3o investe em tecnologias verdes, buscando desenvolver sistemas energ\u00e9ticos eficientes e sustent\u00e1veis. Ap\u00f3s o desastre nuclear de Fukushima em 2011, o pa\u00eds intensificou os esfor\u00e7os para diversificar suas fontes de energia, incluindo a pesquisa em energias renov\u00e1veis como solar e e\u00f3lica. Al\u00e9m disso, empresas automotivas, como a Toyota, s\u00e3o pioneiras na produ\u00e7\u00e3o de ve\u00edculos h\u00edbridos e el\u00e9tricos, como o Toyota Prius, que serve de exemplo de como a tecnologia japonesa \u00e9 orientada para a sustentabilidade.<\/p>\n\n\n\n<p class=\"has-black-color has-text-color has-link-color has-medium-font-size wp-elements-477ba97206a7e7e687df737b5554d97f\"><strong>Desafios e impactos socioecon\u00f4micos&nbsp;<\/strong><\/p>\n\n\n\n<p class=\"has-black-color has-text-color has-link-color has-medium-font-size wp-elements-a15a44f0d7365c90b1d3d3563ddd1475\">Apesar dos avan\u00e7os, o Jap\u00e3o enfrenta desafios significativos, como a concorr\u00eancia crescente de outros pa\u00edses asi\u00e1ticos, principalmente a China e a Coreia do Sul. Al\u00e9m disso, a forte depend\u00eancia de importa\u00e7\u00e3o de mat\u00e9rias-primas e o alto custo de vida representam obst\u00e1culos. A press\u00e3o sobre os trabalhadores e o envelhecimento da popula\u00e7\u00e3o s\u00e3o quest\u00f5es que tamb\u00e9m impactam a sustentabilidade do crescimento tecnol\u00f3gico japon\u00eas.&nbsp;<\/p>\n\n\n\n<p class=\"has-black-color has-text-color has-link-color has-medium-font-size wp-elements-6041134eb7dffe5d150d8eb3bae153ad\">A apropria\u00e7\u00e3o de tecnologias para substituir a m\u00e3o de obra humana em setores como o atendimento ao cliente e o cuidado de idosos reflete um impacto social significativo, onde a tecnologia se torna essencial para manter a qualidade de vida em um pa\u00eds com baixa taxa de natalidade e alto \u00edndice de envelhecimento. Ao mesmo tempo, a introdu\u00e7\u00e3o de tecnologias verdes demonstra um esfor\u00e7o para equilibrar a necessidade de crescimento com a responsabilidade ambiental, influenciando positivamente o cen\u00e1rio socioecon\u00f4mico global.<\/p>\n\n\n\n<p class=\"has-black-color has-text-color has-link-color has-medium-font-size wp-elements-42ffe54003190a32df118df2d508d0e1\"><strong>A tecnologia no Jap\u00e3o<\/strong><\/p>\n\n\n\n<p class=\"has-black-color has-text-color has-link-color has-medium-font-size wp-elements-0d7824f7134b804e687a3c245c3d886d\">O desenvolvimento tecnol\u00f3gico japon\u00eas \u00e9 um exemplo de como pol\u00edticas p\u00fablicas, cultura de inova\u00e7\u00e3o e adapta\u00e7\u00e3o geogr\u00e1fica podem impulsionar uma na\u00e7\u00e3o. O Jap\u00e3o se estabeleceu como l\u00edder em v\u00e1rias \u00e1reas tecnol\u00f3gicas, apesar de sua limita\u00e7\u00e3o de recursos naturais. A especializa\u00e7\u00e3o em eletr\u00f4nica, tecnologia da informa\u00e7\u00e3o, rob\u00f3tica e sustentabilidade \u00e9 resultado de d\u00e9cadas de investimentos estrat\u00e9gicos e inova\u00e7\u00e3o. No entanto, o pa\u00eds enfrenta desafios como a concorr\u00eancia global e a necessidade de adapta\u00e7\u00e3o frente ao envelhecimento populacional. Em suma, o caso japon\u00eas revela as complexidades e os impactos de um desenvolvimento tecnol\u00f3gico avan\u00e7ado, refletindo a capacidade de um pa\u00eds em se reinventar e se adaptar \u00e0s demandas de um mundo globalizado.<\/p>\n\n\n\n<p><\/p>\n\n\n\n<p class=\"has-text-align-center has-black-color has-text-color has-background has-medium-font-size\" style=\"background-color:#ffd2ae\"><strong>RESPONDA \u00c0S QUEST\u00d5ES<\/strong><\/p>\n\n\n\n<p class=\"has-black-color has-pale-cyan-blue-background-color has-text-color has-background has-medium-font-size\"><strong>QUEST\u00c3O 01<\/strong><\/p>\n\n\n\n<p class=\"has-black-color has-text-color has-medium-font-size\">A rob\u00f3tica \u00e9 um dos campos no qual o Jap\u00e3o mais se destaca. Qual a rela\u00e7\u00e3o entre o envelhecimento populacional do Jap\u00e3o e o avan\u00e7o tecnol\u00f3gico em rob\u00f3tica e automa\u00e7\u00e3o? Que impactos sociais e econ\u00f4micos essa integra\u00e7\u00e3o de rob\u00f4s pode trazer para o pa\u00eds?<\/p>\n\n\n\n<p><\/p>\n\n\n\n<p class=\"has-black-color has-pale-cyan-blue-background-color has-text-color has-background has-medium-font-size\"><strong><strong>QUEST\u00c3O<\/strong> 02<\/strong><\/p>\n\n\n\n<p class=\"has-black-color has-text-color has-link-color has-medium-font-size wp-elements-c1df433047c9b6823d3f2cf6dfc8810c\">O Jap\u00e3o enfrenta hoje desafios como o aumento da concorr\u00eancia com pa\u00edses asi\u00e1ticos e a necessidade de adaptar sua economia \u00e0s demandas de uma popula\u00e7\u00e3o em envelhecimento. Como o desenvolvimento tecnol\u00f3gico pode auxiliar o Jap\u00e3o a lidar com esses desafios no longo prazo? Quais estrat\u00e9gias podem ser adotadas para garantir um crescimento sustent\u00e1vel?<\/p>\n\n\n\n<p><\/p>\n\n\n\n<p class=\"has-black-color has-pale-cyan-blue-background-color has-text-color has-background has-medium-font-size\"><strong><strong>QUEST\u00c3O<\/strong> 0<\/strong>3<\/p>\n\n\n\n<p class=\"has-black-color has-text-color has-link-color has-medium-font-size wp-elements-1065d4cfdd1247471cf4f65704dd7c7c\">O Jap\u00e3o \u00e9 uma das na\u00e7\u00f5es mais avan\u00e7adas em tecnologia no mundo. Esse desenvolvimento \u00e9 fruto de uma combina\u00e7\u00e3o de fatores hist\u00f3ricos, geogr\u00e1ficos, econ\u00f4micos e culturais que possibilitaram uma evolu\u00e7\u00e3o acelerada, principalmente ap\u00f3s a Segunda Guerra Mundial. E uns dos fatores geogr\u00e1ficos que desafiaram o Jap\u00e3o em seu desenvolvimento tecnol\u00f3gico, foi&nbsp;<\/p>\n\n\n\n<p class=\"has-black-color has-text-color has-link-color has-medium-font-size wp-elements-ad118ee5e991df523167e8525e258219\">(A) a vasta extens\u00e3o territorial e baixa densidade populacional.&nbsp;<\/p>\n\n\n\n<p class=\"has-black-color has-text-color has-link-color has-medium-font-size wp-elements-df289227a6924c8f5ccfb822cb2dfd72\">(B) o clima predominantemente \u00e1rido e escassez de \u00e1gua.&nbsp;<\/p>\n\n\n\n<p class=\"has-black-color has-text-color has-link-color has-medium-font-size wp-elements-b865e4f60c6adb8e54be65cf25ca8f75\">(C) a pequena disponibilidade de terras e falta de recursos naturais.&nbsp;<\/p>\n\n\n\n<p class=\"has-black-color has-text-color has-link-color has-medium-font-size wp-elements-1f0cea4cfb1b4a0e7f8ad3ebc67123ce\">(D) a presen\u00e7a de solos f\u00e9rteis em grande parte do territ\u00f3rio.<\/p>\n\n\n\n<p><\/p>\n\n\n\n<p class=\"has-black-color has-pale-cyan-blue-background-color has-text-color has-background has-medium-font-size\"><strong><strong>QUEST\u00c3O<\/strong> 04<\/strong><\/p>\n\n\n\n<p class=\"has-black-color has-text-color has-link-color has-medium-font-size wp-elements-bb9996cb4735b2da0a1ab1dcd8935b37\">Com o aumento da conscientiza\u00e7\u00e3o ambiental global, o Jap\u00e3o investe em tecnologias verdes, buscando desenvolver sistemas energ\u00e9ticos eficientes e sustent\u00e1veis. Ap\u00f3s o desastre nuclear de Fukushima em 2011, o pa\u00eds intensificou os esfor\u00e7os para diversificar suas fontes de energia, incluindo a pesquisa em energias renov\u00e1veis como solar e e\u00f3lica. E um dos motivos da sustentabilidade ter se tornado uma preocupa\u00e7\u00e3o importante no Jap\u00e3o, foi&nbsp;&nbsp;<\/p>\n\n\n\n<p class=\"has-black-color has-text-color has-link-color has-medium-font-size wp-elements-649a3f2dca106195cb89dfd1ca88a58d\">(A) devido \u00e0 abund\u00e2ncia de terras cultiv\u00e1veis e baixa densidade urbana.&nbsp;<\/p>\n\n\n\n<p class=\"has-black-color has-text-color has-link-color has-medium-font-size wp-elements-7324b7620c054f78377dcea9c82f0228\">(B) pela necessidade de reduzir a depend\u00eancia de recursos naturais externos.&nbsp;<\/p>\n\n\n\n<p class=\"has-black-color has-text-color has-link-color has-medium-font-size wp-elements-db05f32a536131d22fc3ce590c433b41\">(C) porque o Jap\u00e3o possui uma das menores popula\u00e7\u00f5es idosas do mundo.&nbsp;<\/p>\n\n\n\n<p class=\"has-black-color has-text-color has-link-color has-medium-font-size wp-elements-8cbd0d26bbfbc63d31c4d09e0d74d79d\">(D) porque o pa\u00eds possui vastos recursos petrol\u00edferos em todo territ\u00f3rio.<\/p>\n\n\n\n<p><\/p>\n\n\n\n<hr class=\"wp-block-separator has-alpha-channel-opacity\"\/>\n\n\n\n<figure class=\"wp-block-table is-style-stripes\" style=\"font-size:15px\"><table class=\"has-black-color has-text-color\"><tbody><tr><td><strong>Autoria:<\/strong><\/td><td>Prof. Me.: Gabriel Ramos Paiva<\/td><\/tr><tr><td><strong>Forma\u00e7\u00e3o:<\/strong><\/td><td>Licenciatura em Geografia;<br>Bacharelado em Geografia;<br>Licenciatura em Pedagogia;<br>Mestre em Geografia pelo IESA-UFG.<\/td><\/tr><tr><td><strong>Componente Curricular:<\/strong><\/td><td>Geografia<\/td><\/tr><tr><td><strong>DCGO \u2013 AMPLIADO (1\u00ba corte) Habilidades:<\/strong><\/td><td>(EF09GE18-A) Identificar os locais com maior desenvolvimento\u00a0 industrial e tecnol\u00f3gico na Europa, \u00c1sia e Oceania, relacionando-os com os usos de recursos naturais e fontes de energia destes continentes.<\/td><\/tr><tr><td><strong>Matriz de habilidades essenciais:<\/strong><\/td><td>Localizar e analisar as regi\u00f5es com maior desenvolvimento industrial e tecnol\u00f3gico na Europa, \u00c1sia e Oceania, relacionando-as com os usos de recursos naturais e fontes de energia locais.<\/td><\/tr><tr><td><strong>Refer\u00eancias:<\/strong><\/td><td>CUNHA, Guilherme Lopes da. As rela\u00e7\u00f5es Brasil-China: Ci\u00eancia, Tecnologia e Inova\u00e7\u00e3o no s\u00e9culo XXI.\u00a0 Orientador: Ingrid Sarti Tese (doutorado), Universidade Federal do Rio de Janeiro, Instituto de Economia, Programa de P\u00f3s-Gradua\u00e7\u00e3o em Economia Pol\u00edtica Internacional, 2017. Dispon\u00edvel em: &lt;<a href=\"https:\/\/www.ie.ufrj.br\/images\/IE\/PEPI\/teses\/2017\/Guilherme%20Lopes%20da%20Cunha.pdf\">https:\/\/www.ie.ufrj.br\/images\/IE\/PEPI\/teses\/2017\/Guilherme%20Lopes%20da%20Cunha.pdf<\/a>>. Acesso em 05 de nov. de 2024.<br><br>MOURA, Rafael. Industrializa\u00e7\u00e3o, desenvolvimento e emparelhamento tecnol\u00f3gico no leste asi\u00e1tico: os casos de Jap\u00e3o, Taiwan, Coreia do Sul e China. Rio de Janeiro, INCT\/PPED, CNPq, FAPERJ, CAPES, Ideia D, 2021. Dispon\u00edvel em: &lt;<a href=\"https:\/\/inctpped.ie.ufrj.br\/pdf\/livro\/Industrializacao_Desenvolvimento_e_Emparelhamento_Tecnologico_no_Leste_Asiatico.pdf\">https:\/\/inctpped.ie.ufrj.br\/pdf\/livro\/Industrializacao_Desenvolvimento_e_Emparelhamento_Tecnologico_no_Leste_Asiatico.pdf<\/a>>. Acesso em 05 de nov. de 2024.<\/td><\/tr><\/tbody><\/table><\/figure>\n","protected":false},"author":20,"featured_media":189829,"template":"","ef_categoria":[16],"ef_ano":[92],"ef_componente":[96],"class_list":["post-189828","ensino_fundamental","type-ensino_fundamental","status-publish","has-post-thumbnail","hentry","ef_categoria-ciclo-da-adolescencia-hi","ef_ano-9o-ano","ef_componente-geografia","entry","has-media"],"acf":[],"_links":{"self":[{"href":"https:\/\/sme.goiania.go.gov.br\/conexaoescola\/wp-json\/wp\/v2\/ensino_fundamental\/189828","targetHints":{"allow":["GET"]}}],"collection":[{"href":"https:\/\/sme.goiania.go.gov.br\/conexaoescola\/wp-json\/wp\/v2\/ensino_fundamental"}],"about":[{"href":"https:\/\/sme.goiania.go.gov.br\/conexaoescola\/wp-json\/wp\/v2\/types\/ensino_fundamental"}],"author":[{"embeddable":true,"href":"https:\/\/sme.goiania.go.gov.br\/conexaoescola\/wp-json\/wp\/v2\/users\/20"}],"version-history":[{"count":2,"href":"https:\/\/sme.goiania.go.gov.br\/conexaoescola\/wp-json\/wp\/v2\/ensino_fundamental\/189828\/revisions"}],"predecessor-version":[{"id":189835,"href":"https:\/\/sme.goiania.go.gov.br\/conexaoescola\/wp-json\/wp\/v2\/ensino_fundamental\/189828\/revisions\/189835"}],"wp:featuredmedia":[{"embeddable":true,"href":"https:\/\/sme.goiania.go.gov.br\/conexaoescola\/wp-json\/wp\/v2\/media\/189829"}],"wp:attachment":[{"href":"https:\/\/sme.goiania.go.gov.br\/conexaoescola\/wp-json\/wp\/v2\/media?parent=189828"}],"wp:term":[{"taxonomy":"ef_categoria","embeddable":true,"href":"https:\/\/sme.goiania.go.gov.br\/conexaoescola\/wp-json\/wp\/v2\/ef_categoria?post=189828"},{"taxonomy":"ef_ano","embeddable":true,"href":"https:\/\/sme.goiania.go.gov.br\/conexaoescola\/wp-json\/wp\/v2\/ef_ano?post=189828"},{"taxonomy":"ef_componente","embeddable":true,"href":"https:\/\/sme.goiania.go.gov.br\/conexaoescola\/wp-json\/wp\/v2\/ef_componente?post=189828"}],"curies":[{"name":"wp","href":"https:\/\/api.w.org\/{rel}","templated":true}]}}