{"id":188656,"date":"2024-10-09T13:25:15","date_gmt":"2024-10-09T16:25:15","guid":{"rendered":"https:\/\/sme.goiania.go.gov.br\/conexaoescola\/?post_type=ensino_fundamental&#038;p=188656"},"modified":"2024-10-28T20:20:57","modified_gmt":"2024-10-28T23:20:57","slug":"geografia-os-corredores-ecologicos","status":"publish","type":"ensino_fundamental","link":"https:\/\/sme.goiania.go.gov.br\/conexaoescola\/ensino_fundamental\/geografia-os-corredores-ecologicos\/","title":{"rendered":"Geografia &#8211; Os corredores ecol\u00f3gicos"},"content":{"rendered":"\n<p class=\"has-black-color has-vivid-green-cyan-background-color has-text-color has-background has-medium-font-size\">Esta proposta de atividade de<strong> GEOGRAFIA<\/strong> \u00e9 destinada aos estudantes do 7<strong>\u00ba ano<\/strong> do Ensino Fundamental anos iniciais.<\/p>\n\n\n\n<div class=\"wp-block-buttons is-content-justification-center is-layout-flex wp-container-core-buttons-is-layout-16018d1d wp-block-buttons-is-layout-flex\">\n<div class=\"wp-block-button has-custom-font-size has-medium-font-size\"><a class=\"wp-block-button__link has-white-color has-black-background-color has-text-color has-background wp-element-button\" href=\"https:\/\/drive.google.com\/uc?export=download&amp;id=1_aAHx0y18LKbYRhynzLv5VDlKPU9j-TQ\">BAIXE A ATIVIDADE<\/a><\/div>\n\n\n\n<div class=\"wp-block-button has-custom-font-size has-medium-font-size\"><a class=\"wp-block-button__link has-white-color has-black-background-color has-text-color has-background wp-element-button\" href=\"https:\/\/drive.google.com\/uc?export=download&amp;id=1D3KuqqnrGFOwm5WMFzGjgVEouWLCX4rM\">BAIXE OS SLIDES<\/a><\/div>\n\n\n\n<div class=\"wp-block-button has-custom-font-size has-medium-font-size\"><a class=\"wp-block-button__link has-white-color has-black-background-color has-text-color has-background wp-element-button\" href=\"https:\/\/drive.google.com\/uc?export=download&amp;id=1X0YuuYXvARvBylg4_1xfcQCgjIwBAq4r\">BAIXE O TEXTO<\/a><\/div>\n<\/div>\n\n\n\n<p><\/p>\n\n\n<div class=\"wp-block-image\">\n<figure class=\"aligncenter size-full\"><img fetchpriority=\"high\" decoding=\"async\" width=\"547\" height=\"754\" src=\"https:\/\/sme.goiania.go.gov.br\/conexaoescola\/wp-content\/uploads\/2024\/10\/corredor-eco-mata-atlantica-e1728489778980.png\" alt=\"\" class=\"wp-image-188659\" srcset=\"https:\/\/sme.goiania.go.gov.br\/conexaoescola\/wp-content\/uploads\/2024\/10\/corredor-eco-mata-atlantica-e1728489778980.png 547w, https:\/\/sme.goiania.go.gov.br\/conexaoescola\/wp-content\/uploads\/2024\/10\/corredor-eco-mata-atlantica-e1728489778980-218x300.png 218w\" sizes=\"(max-width: 547px) 100vw, 547px\" \/><\/figure><\/div>\n\n\n<p class=\"has-text-align-center has-black-color has-text-color has-link-color has-small-font-size wp-elements-09a435fedbe2a17dddeb25f6192cb8bf\">Fonte: Instituto Brasileiro do Meio Ambiente e dos Recursos Naturais Renov\u00e1veis. Dispon\u00edvel em: &lt;<a href=\"https:\/\/ava.icmbio.gov.br\/pluginfile.php\/4592\/mod_data\/content\/19215\/corredores-ecologicos.pdf\">https:\/\/ava.icmbio.gov.br\/pluginfile.php\/4592\/mod_data\/content\/19215\/corredores-ecologicos.pdf<\/a>&gt;. Acesso em 07 de out. de 2024.<br><\/p>\n\n\n\n<p class=\"has-text-align-center has-black-color has-pale-cyan-blue-background-color has-text-color has-background has-link-color has-medium-font-size wp-elements-cbbafded6f4a35df81d119247d092dae\"><strong><strong>Os corredores ecol\u00f3gicos<\/strong><\/strong><\/p>\n\n\n\n<p class=\"has-black-color has-text-color has-link-color has-medium-font-size wp-elements-c6184070586448936741e0e1087e4170\">Os corredores ecol\u00f3gicos s\u00e3o \u00e1reas de preserva\u00e7\u00e3o fundamentais para a manuten\u00e7\u00e3o da biodiversidade, ao conectarem fragmentos de vegeta\u00e7\u00e3o separados por atividades humanas, como a agricultura e a urbaniza\u00e7\u00e3o. No Brasil, um pa\u00eds que possui grande diversidade de biomas e esp\u00e9cies, essas \u00e1reas s\u00e3o essenciais para garantir a sobreviv\u00eancia de in\u00fameras formas de vida. Em Goi\u00e1s, um estado com rica biodiversidade e grandes \u00e1reas de Cerrado, os corredores ecol\u00f3gicos desempenham um papel crucial na prote\u00e7\u00e3o e manuten\u00e7\u00e3o dos ecossistemas.<\/p>\n\n\n\n<p class=\"has-text-align-center has-black-color has-text-color has-link-color has-medium-font-size wp-elements-455eff648f85f470d911a311f64bdfdc\"><strong>Mapa das unidades de conserva\u00e7\u00f5es federais em 2020<\/strong><\/p>\n\n\n<div class=\"wp-block-image\">\n<figure class=\"aligncenter size-full\"><img decoding=\"async\" width=\"878\" height=\"823\" src=\"https:\/\/sme.goiania.go.gov.br\/conexaoescola\/wp-content\/uploads\/2024\/10\/unidades-de-conservacao-e1728489792717.png\" alt=\"\" class=\"wp-image-188660\" srcset=\"https:\/\/sme.goiania.go.gov.br\/conexaoescola\/wp-content\/uploads\/2024\/10\/unidades-de-conservacao-e1728489792717.png 878w, https:\/\/sme.goiania.go.gov.br\/conexaoescola\/wp-content\/uploads\/2024\/10\/unidades-de-conservacao-e1728489792717-300x281.png 300w, https:\/\/sme.goiania.go.gov.br\/conexaoescola\/wp-content\/uploads\/2024\/10\/unidades-de-conservacao-e1728489792717-768x720.png 768w\" sizes=\"(max-width: 878px) 100vw, 878px\" \/><\/figure><\/div>\n\n\n<p class=\"has-text-align-center has-black-color has-text-color has-link-color has-small-font-size wp-elements-6714f118ff3604033f255a25406b3d4f\">Fonte: Atlas Geogr\u00e1fico Estat\u00edstico do IBGE. Dispon\u00edvel em: &lt;<a href=\"https:\/\/atlasescolar.ibge.gov.br\/brasil\/3026-unidades-de-conservacao-federal\/parques-e-reservas-naturais.html\">https:\/\/atlasescolar.ibge.gov.br\/brasil\/3026-unidades-de-conservacao-federal\/parques-e-reservas-naturais.html<\/a>&gt;. Acesso em 07 de out. de 2024.<\/p>\n\n\n\n<p class=\"has-black-color has-text-color has-link-color has-medium-font-size wp-elements-e234b456835a67c54ba345d058a884bc\"><strong>O que s\u00e3o os corredores ecol\u00f3gicos?&nbsp;<\/strong><\/p>\n\n\n\n<p class=\"has-black-color has-text-color has-link-color has-medium-font-size wp-elements-261e14737d071504e131de4f8a4b27a5\">Corredores ecol\u00f3gicos s\u00e3o faixas de vegeta\u00e7\u00e3o que ligam \u00e1reas naturais protegidas, como parques nacionais, reservas particulares do patrim\u00f4nio natural (RPPNs) e outras unidades de conserva\u00e7\u00e3o. Essas \u00e1reas funcionam como \u201cpontes\u201d entre habitats, permitindo que os animais possam migrar e buscar recursos como alimentos, \u00e1gua e locais de reprodu\u00e7\u00e3o. Al\u00e9m disso, os corredores ecol\u00f3gicos facilitam a troca gen\u00e9tica entre popula\u00e7\u00f5es de esp\u00e9cies, o que \u00e9 essencial para a sa\u00fade das esp\u00e9cies e para a preserva\u00e7\u00e3o de suas caracter\u00edsticas.<\/p>\n\n\n\n<p class=\"has-text-align-center has-black-color has-text-color has-link-color has-medium-font-size wp-elements-2fdff5245c77f650b9663590e57f9522\"><strong>Mapa do corredor ecol\u00f3gico da Mata Atl\u00e2ntica<\/strong><\/p>\n\n\n<div class=\"wp-block-image\">\n<figure class=\"aligncenter size-full\"><img fetchpriority=\"high\" decoding=\"async\" width=\"547\" height=\"754\" src=\"https:\/\/sme.goiania.go.gov.br\/conexaoescola\/wp-content\/uploads\/2024\/10\/corredor-eco-mata-atlantica-e1728489778980.png\" alt=\"\" class=\"wp-image-188659\" srcset=\"https:\/\/sme.goiania.go.gov.br\/conexaoescola\/wp-content\/uploads\/2024\/10\/corredor-eco-mata-atlantica-e1728489778980.png 547w, https:\/\/sme.goiania.go.gov.br\/conexaoescola\/wp-content\/uploads\/2024\/10\/corredor-eco-mata-atlantica-e1728489778980-218x300.png 218w\" sizes=\"(max-width: 547px) 100vw, 547px\" \/><\/figure><\/div>\n\n\n<p class=\"has-text-align-center has-black-color has-text-color has-link-color has-small-font-size wp-elements-b6cac563099fdb559b05fbaa25d13ebe\">Fonte: Instituto Brasileiro do Meio Ambiente e dos Recursos Naturais Renov\u00e1veis. Dispon\u00edvel em: &lt;<a href=\"https:\/\/ava.icmbio.gov.br\/pluginfile.php\/4592\/mod_data\/content\/19215\/corredores-ecologicos.pdf\">https:\/\/ava.icmbio.gov.br\/pluginfile.php\/4592\/mod_data\/content\/19215\/corredores-ecologicos.pdf<\/a>&gt;. Acesso em 07 de out. de 2024.<\/p>\n\n\n\n<p class=\"has-black-color has-text-color has-link-color has-medium-font-size wp-elements-f694a62ff4c4cf805eb233a1b5d43c26\"><strong>A import\u00e2ncia dos corredores ecol\u00f3gicos no Brasil&nbsp;<\/strong><\/p>\n\n\n\n<p class=\"has-black-color has-text-color has-link-color has-medium-font-size wp-elements-e1c306b6bd9236c8d9999556136c915c\">No Brasil, a cria\u00e7\u00e3o de corredores ecol\u00f3gicos \u00e9 uma estrat\u00e9gia de conserva\u00e7\u00e3o cujo objetivo \u00e9 diminuir os efeitos negativos do desmatamento e da fragmenta\u00e7\u00e3o dos habitats. O pa\u00eds possui uma vasta extens\u00e3o de biomas, como a Amaz\u00f4nia, o Cerrado, a Mata Atl\u00e2ntica, a Caatinga, o Pantanal e os Pampas, e todos eles enfrentam press\u00f5es devido \u00e0 expans\u00e3o agr\u00edcola e urbana. A fragmenta\u00e7\u00e3o das \u00e1reas de vegeta\u00e7\u00e3o nativa reduz a capacidade de sobreviv\u00eancia de muitas esp\u00e9cies, por limitar seu territ\u00f3rio e seus recursos. Os corredores ecol\u00f3gicos contribuem para mitigar esses problemas, favorecendo a circula\u00e7\u00e3o de esp\u00e9cies e auxiliando na regenera\u00e7\u00e3o natural de \u00e1reas degradadas.<\/p>\n\n\n\n<p class=\"has-black-color has-text-color has-link-color has-medium-font-size wp-elements-ed37bcda9a4942630e55a954fcf13240\"><strong>Corredores ecol\u00f3gicos em Goi\u00e1s e a preserva\u00e7\u00e3o do Cerrado&nbsp;<\/strong><\/p>\n\n\n\n<p class=\"has-black-color has-text-color has-link-color has-medium-font-size wp-elements-f368529a56b3c9eeff04d4a57b8d0f95\">Goi\u00e1s \u00e9 um estado com grande import\u00e2ncia ecol\u00f3gica, por abrigar uma por\u00e7\u00e3o significativa do bioma Cerrado, o segundo maior bioma brasileiro em extens\u00e3o e considerado um dos mais biodiversos do mundo. O Cerrado \u00e9 conhecido como a \u201ccaixa d&#8217;\u00e1gua\u201d do Brasil, por possuir nascentes de importantes bacias hidrogr\u00e1ficas, como a Bacia do Rio Tocantins e a Bacia do Rio Paran\u00e1. Por\u00e9m, esse bioma sofre com o avan\u00e7o da agropecu\u00e1ria, que causa a fragmenta\u00e7\u00e3o dos ecossistemas naturais.<\/p>\n\n\n\n<p class=\"has-text-align-center has-black-color has-text-color has-link-color has-medium-font-size wp-elements-190c227ec60ebb43ca27621f8c8efc1e\"><strong>Mapa do corredor ecol\u00f3gico Paran\u00e3-Pireneus em Goi\u00e1s<\/strong><\/p>\n\n\n<div class=\"wp-block-image\">\n<figure class=\"aligncenter size-full\"><img decoding=\"async\" width=\"717\" height=\"674\" src=\"https:\/\/sme.goiania.go.gov.br\/conexaoescola\/wp-content\/uploads\/2024\/10\/corredor-ecologico-goias-e1728489761555.png\" alt=\"\" class=\"wp-image-188658\" srcset=\"https:\/\/sme.goiania.go.gov.br\/conexaoescola\/wp-content\/uploads\/2024\/10\/corredor-ecologico-goias-e1728489761555.png 717w, https:\/\/sme.goiania.go.gov.br\/conexaoescola\/wp-content\/uploads\/2024\/10\/corredor-ecologico-goias-e1728489761555-300x282.png 300w\" sizes=\"(max-width: 717px) 100vw, 717px\" \/><\/figure><\/div>\n\n\n<p class=\"has-text-align-center has-black-color has-text-color has-link-color has-small-font-size wp-elements-cff3a72f07232bd602eb3b61dc807f2b\">Fonte: RIBEIRO, Fl\u00e1via C.; VILELA, Cristiane da C.; KOWATA, F\u00e1tima M.; FERREIRA, Manuel E. Dispon\u00edvel em: &lt;<a href=\"https:\/\/revistas.ufg.br\/bgg\/article\/view\/3974\/3594\">https:\/\/revistas.ufg.br\/bgg\/article\/view\/3974\/3594<\/a>&gt;. Acesso em 07 de out. de 2024.<\/p>\n\n\n\n<p class=\"has-black-color has-text-color has-link-color has-medium-font-size wp-elements-409fa1fc2e93d6532e005ba0e70ac9eb\">Os corredores ecol\u00f3gicos em Goi\u00e1s s\u00e3o essenciais para conectar as \u00e1reas remanescentes de Cerrado, permitindo que esp\u00e9cies de animais e plantas possam se deslocar e se reproduzir, garantindo a continuidade das fun\u00e7\u00f5es ecol\u00f3gicas. Iniciativas como a cria\u00e7\u00e3o do Corredor Ecol\u00f3gico Paran\u00e3-Pirineus, que visa conectar \u00e1reas de preserva\u00e7\u00e3o entre Goi\u00e1s e o Distrito Federal, s\u00e3o exemplos de esfor\u00e7os para manter a biodiversidade do Cerrado. Esses corredores tamb\u00e9m contribuem para a conserva\u00e7\u00e3o dos recursos h\u00eddricos, por auxiliarem na prote\u00e7\u00e3o de nascentes e rios, garantindo a qualidade e a quantidade de \u00e1gua dispon\u00edvel para as popula\u00e7\u00f5es humanas e a fauna local.<\/p>\n\n\n\n<p class=\"has-black-color has-text-color has-link-color has-medium-font-size wp-elements-de5b597ca7481c686f48d4a39f085664\"><strong>Desafios e oportunidades para a implementa\u00e7\u00e3o de corredores ecol\u00f3gicos&nbsp;<\/strong><\/p>\n\n\n\n<p class=\"has-black-color has-text-color has-link-color has-medium-font-size wp-elements-98f12cdb9dda0ba1f965d77c69cdf11a\">A cria\u00e7\u00e3o de corredores ecol\u00f3gicos no Brasil enfrenta desafios, como a necessidade de conciliar a preserva\u00e7\u00e3o ambiental com o desenvolvimento econ\u00f4mico. Muitas vezes, \u00e9 necess\u00e1rio negociar com propriet\u00e1rios rurais para que \u00e1reas sejam destinadas \u00e0 conserva\u00e7\u00e3o, demandando pol\u00edticas p\u00fablicas de incentivo \u00e0 preserva\u00e7\u00e3o e parcerias com o setor privado. Em Goi\u00e1s, esses desafios s\u00e3o evidentes devido \u00e0 expans\u00e3o agr\u00edcola, especialmente a produ\u00e7\u00e3o de soja e outros gr\u00e3os.<\/p>\n\n\n\n<p class=\"has-text-align-center has-black-color has-text-color has-link-color has-medium-font-size wp-elements-c15fcfa2a27439118b77801cefd845ef\"><strong>Parque Nacional da Chapada dos Veadeiros<\/strong><\/p>\n\n\n<div class=\"wp-block-image\">\n<figure class=\"aligncenter size-large\"><img loading=\"lazy\" decoding=\"async\" width=\"1024\" height=\"684\" src=\"https:\/\/sme.goiania.go.gov.br\/conexaoescola\/wp-content\/uploads\/2024\/10\/Chapada_Veadeiros_Alto_Paraiso_GO_-_40252529604-e1728489745763-1024x684.jpg\" alt=\"\" class=\"wp-image-188657\" srcset=\"https:\/\/sme.goiania.go.gov.br\/conexaoescola\/wp-content\/uploads\/2024\/10\/Chapada_Veadeiros_Alto_Paraiso_GO_-_40252529604-e1728489745763-1024x684.jpg 1024w, https:\/\/sme.goiania.go.gov.br\/conexaoescola\/wp-content\/uploads\/2024\/10\/Chapada_Veadeiros_Alto_Paraiso_GO_-_40252529604-e1728489745763-300x200.jpg 300w, https:\/\/sme.goiania.go.gov.br\/conexaoescola\/wp-content\/uploads\/2024\/10\/Chapada_Veadeiros_Alto_Paraiso_GO_-_40252529604-e1728489745763-768x513.jpg 768w, https:\/\/sme.goiania.go.gov.br\/conexaoescola\/wp-content\/uploads\/2024\/10\/Chapada_Veadeiros_Alto_Paraiso_GO_-_40252529604-e1728489745763.jpg 1200w\" sizes=\"(max-width: 1024px) 100vw, 1024px\" \/><figcaption class=\"wp-element-caption\">Fonte: Chapada Veadeiros, Alto Para\u00edso\u2013GO. Dispon\u00edvel em: &lt;<a href=\"https:\/\/commons.wikimedia.org\/wiki\/File:Chapada_Veadeiros,_Alto_Paraiso_GO_-_40252529604.jpg\">https:\/\/commons.wikimedia.org\/wiki\/File:Chapada_Veadeiros,_Alto_Paraiso_GO_-_40252529604.jpg<\/a>&gt;. Acesso em 07 de out. de 2024.<\/figcaption><\/figure><\/div>\n\n\n<p class=\"has-black-color has-text-color has-link-color has-medium-font-size wp-elements-a74b0aae91b059819da92609bfcd8e55\">Por outro lado, h\u00e1 tamb\u00e9m oportunidades significativas. A ado\u00e7\u00e3o de pr\u00e1ticas de manejo sustent\u00e1vel e a valoriza\u00e7\u00e3o da conserva\u00e7\u00e3o pela sociedade t\u00eam contribu\u00eddo para a cria\u00e7\u00e3o de novos corredores ecol\u00f3gicos. Al\u00e9m disso, as iniciativas de educa\u00e7\u00e3o ambiental e a sensibiliza\u00e7\u00e3o das comunidades sobre a import\u00e2ncia dos corredores ecol\u00f3gicos t\u00eam sido fundamentais para o sucesso dessas a\u00e7\u00f5es de preserva\u00e7\u00e3o.<\/p>\n\n\n\n<p class=\"has-black-color has-text-color has-link-color has-medium-font-size wp-elements-19f152f67ecc44b1fd2f4a2fc5a937c4\"><strong>A Import\u00e2ncia dos Corredores Ecol\u00f3gicos para a Preserva\u00e7\u00e3o Ambiental<\/strong><\/p>\n\n\n\n<p class=\"has-black-color has-text-color has-link-color has-medium-font-size wp-elements-e2656ec83c34b6b4adfe35a0c4cbe32b\">Os corredores ecol\u00f3gicos s\u00e3o ferramentas indispens\u00e1veis para a preserva\u00e7\u00e3o da biodiversidade no Brasil e em Goi\u00e1s, permitindo a conex\u00e3o entre \u00e1reas de vegeta\u00e7\u00e3o e facilitando a sobreviv\u00eancia de esp\u00e9cies amea\u00e7adas. Em um cen\u00e1rio onde a expans\u00e3o agr\u00edcola e urbana impacta os ecossistemas naturais, os corredores atuam como solu\u00e7\u00f5es para reduzir os efeitos da fragmenta\u00e7\u00e3o dos habitats.&nbsp;<\/p>\n\n\n\n<p class=\"has-black-color has-text-color has-link-color has-medium-font-size wp-elements-d8c42adb9d0eb9387a5614ec3255da86\">No estado de Goi\u00e1s, que abriga uma importante parcela do bioma Cerrado, essas \u00e1reas de conex\u00e3o s\u00e3o fundamentais para garantir a prote\u00e7\u00e3o dos recursos naturais e para a sustentabilidade das atividades humanas. Promover a cria\u00e7\u00e3o e manuten\u00e7\u00e3o de corredores ecol\u00f3gicos \u00e9, portanto, uma estrat\u00e9gia essencial para o futuro das esp\u00e9cies e da qualidade de vida humana, reafirmando a necessidade de equilibrar o desenvolvimento econ\u00f4mico e a preserva\u00e7\u00e3o ambiental.<\/p>\n\n\n\n<p class=\"has-black-color has-text-color has-link-color has-medium-font-size wp-elements-9ea9de3557edab6b4469dff93e6affdc\"><\/p>\n\n\n\n<p class=\"has-text-align-center has-black-color has-text-color has-background has-medium-font-size\" style=\"background-color:#ffd2ae\"><strong>RESPONDA \u00c0S QUEST\u00d5ES<\/strong><\/p>\n\n\n\n<p class=\"has-black-color has-pale-cyan-blue-background-color has-text-color has-background has-medium-font-size\"><strong>QUEST\u00c3O 01<\/strong><\/p>\n\n\n\n<p class=\"has-black-color has-text-color has-medium-font-size\">Como os corredores ecol\u00f3gicos podem contribuir para a preserva\u00e7\u00e3o dos recursos h\u00eddricos em regi\u00f5es como o Cerrado, especialmente em Goi\u00e1s?<\/p>\n\n\n\n<p><\/p>\n\n\n\n<p class=\"has-black-color has-pale-cyan-blue-background-color has-text-color has-background has-medium-font-size\"><strong><strong>QUEST\u00c3O<\/strong> 02<\/strong><\/p>\n\n\n\n<p class=\"has-black-color has-text-color has-medium-font-size\">Qual \u00e9 a principal fun\u00e7\u00e3o dos corredores ecol\u00f3gicos e como eles ajudam a preservar a biodiversidade em \u00e1reas fragmentadas?<\/p>\n\n\n\n<p><\/p>\n\n\n\n<p class=\"has-black-color has-pale-cyan-blue-background-color has-text-color has-background has-medium-font-size\"><strong><strong>QUEST\u00c3O<\/strong> 03<\/strong><\/p>\n\n\n\n<p class=\"has-black-color has-text-color has-link-color has-medium-font-size wp-elements-d6244d73d41d89e16af63997364acdf5\">Os corredores ecol\u00f3gicos em Goi\u00e1s s\u00e3o essenciais para conectar as \u00e1reas remanescentes de Cerrado, permitindo que esp\u00e9cies de animais e plantas possam se deslocar e se reproduzir, garantindo a continuidade das fun\u00e7\u00f5es ecol\u00f3gicas. Esses corredores auxiliam diretamente na conserva\u00e7\u00e3o da \u00e1gua em Goi\u00e1s, a partir da<\/p>\n\n\n\n<p class=\"has-black-color has-text-color has-link-color has-medium-font-size wp-elements-8b06e1daeef0a7cea175605447aaf93c\">(A) substitui\u00e7\u00e3o de rios por \u00e1reas urbanizadas e zonas agr\u00edcolas.\u00a0<\/p>\n\n\n\n<p class=\"has-black-color has-text-color has-link-color has-medium-font-size wp-elements-9cc58082054b1a8a7dc83d63494f502a\">(B) prote\u00e7\u00e3o de nascentes e rios ao preservar a vegeta\u00e7\u00e3o.\u00a0<\/p>\n\n\n\n<p class=\"has-black-color has-text-color has-link-color has-medium-font-size wp-elements-a78bc227552cf46a2f43b0d31e166c5e\">(C) evapora\u00e7\u00e3o e o assoreamento da \u00e1gua nas \u00e1reas urbanas.\u00a0<\/p>\n\n\n\n<p class=\"has-black-color has-text-color has-link-color has-medium-font-size wp-elements-3eb9f033e88e04420dae178bddb3c27e\">(D) necessidade de proteger as \u00e1reas de pastagem e plantio.<\/p>\n\n\n\n<p><\/p>\n\n\n\n<p class=\"has-black-color has-pale-cyan-blue-background-color has-text-color has-background has-medium-font-size\"><strong><strong>QUEST\u00c3O<\/strong> 04<\/strong><\/p>\n\n\n\n<p class=\"has-black-color has-text-color has-link-color has-medium-font-size wp-elements-7834ca6a9a1f6ca4f85283e0e5cb8bd0\">Os corredores ecol\u00f3gicos s\u00e3o \u00e1reas de preserva\u00e7\u00e3o fundamentais para a manuten\u00e7\u00e3o da biodiversidade, ao conectarem fragmentos de vegeta\u00e7\u00e3o separados por atividades humanas, como a agricultura e a urbaniza\u00e7\u00e3o. Os corredores ecol\u00f3gicos contribuem para a sobreviv\u00eancia de esp\u00e9cies, por meio da<\/p>\n\n\n\n<p class=\"has-black-color has-text-color has-link-color has-medium-font-size wp-elements-90600fec5f7ab2810b25122622cc92df\">(A) limita\u00e7\u00e3o das \u00e1reas de vegeta\u00e7\u00e3o dispon\u00edveis para os animais e humanos.\u00a0<\/p>\n\n\n\n<p class=\"has-black-color has-text-color has-link-color has-medium-font-size wp-elements-5bbe7f5d6c32c43eff35a63055ad00cc\">(B) redu\u00e7\u00e3o e a intera\u00e7\u00e3o entre popula\u00e7\u00f5es de diferentes esp\u00e9cies do Cerrado.\u00a0<\/p>\n\n\n\n<p class=\"has-black-color has-text-color has-link-color has-medium-font-size wp-elements-10d5ffc94fb65a6679a11b16a4fd4126\">(C) conex\u00e3o de fragmentos dos habitats, facilitando a reprodu\u00e7\u00e3o e migra\u00e7\u00e3o.\u00a0<\/p>\n\n\n\n<p class=\"has-black-color has-text-color has-link-color has-medium-font-size wp-elements-0886ed74edcb7c4837dfb97580505527\">(D) organiza\u00e7\u00e3o para as plantas nativas n\u00e3o crescerem nas \u00e1reas de preserva\u00e7\u00e3o.<\/p>\n\n\n\n<p><\/p>\n\n\n\n<hr class=\"wp-block-separator has-alpha-channel-opacity\"\/>\n\n\n\n<figure class=\"wp-block-table is-style-stripes\" style=\"font-size:15px\"><table class=\"has-black-color has-text-color\"><tbody><tr><td><strong>Autoria:<\/strong><\/td><td>Prof. Me.: Gabriel Ramos Paiva<\/td><\/tr><tr><td><strong>Forma\u00e7\u00e3o:<\/strong><\/td><td>Licenciatura em Geografia;<br>Bacharelado em Geografia;<br>Licenciatura em Pedagogia;<br>Mestre em Geografia pelo IESA-UFG.<\/td><\/tr><tr><td><strong>Componente Curricular:<\/strong><\/td><td>Geografia<\/td><\/tr><tr><td><strong>DCGO \u2013 AMPLIADO (1\u00ba corte) Habilidades:<\/strong><\/td><td>(EF07GE12-A) Identificar e compreender a import\u00e2ncia das unidades de conserva\u00e7\u00e3o e dos corredores do seu munic\u00edpio, de Goi\u00e1s e do Brasil.<\/td><\/tr><tr><td><strong>Matriz de habilidades essenciais:<\/strong><\/td><td>Compreender o conceito e a fun\u00e7\u00e3o dos corredores ecol\u00f3gicos em&nbsp; Goi\u00e1s e no Brasil.<\/td><\/tr><tr><td><strong>Refer\u00eancias:<\/strong><\/td><td>ARRUDA, Moacir Bueno; S\u00c1, Lu\u00eds Fernando S. Nogueira de (orgs.). Corredores Ecol\u00f3gicos Uma abordagem integradora de ecossistemas no Brasil. IBAMA, Bras\u00edlia, 2003. Dispon\u00edvel em: &lt;<a href=\"https:\/\/www.ibama.gov.br\/sophia\/cnia\/livros\/corredoresecologicosdigital.pdf\">https:\/\/www.ibama.gov.br\/sophia\/cnia\/livros\/corredoresecologicosdigital.pdf<\/a>&gt;. Acesso em 07 de out. de 2024.<br><br>BRASIL. Minist\u00e9rio do Meio Ambiente S\u00e9rie corredores ecol\u00f3gicos: 12 anos de trabalho pela conserva\u00e7\u00e3o da biodiversidade nacional.&nbsp; Minist\u00e9rio do Meio Ambiente. Bras\u00edlia: MMA, 2015. Dispon\u00edvel em: &lt;<a href=\"https:\/\/ava.icmbio.gov.br\/pluginfile.php\/4592\/mod_data\/content\/19215\/corredores-ecologicos.pdf\">https:\/\/ava.icmbio.gov.br\/pluginfile.php\/4592\/mod_data\/content\/19215\/corredores-ecologicos.pdf<\/a>&gt;. Acesso em 07 de out. de 2024.<br><br>RIBEIRO, Fl\u00e1via C.; VILELA, Cristiane da C.; KOWATA, F\u00e1tima M.; FERREIRA, Manuel E. An\u00e1lise s\u00f3cio-ambiental da regi\u00e3o do corredor Paran\u00e3-Pireneus \u2013 Estado de Goi\u00e1s. Boletim Goiano de Geografia, v. 27n. 3p. 103-124jul.\/dez. Goi\u00e2nia, Goi\u00e1s, Brasil, 2007. Dispon\u00edvel em: &lt;<a href=\"https:\/\/revistas.ufg.br\/bgg\/article\/view\/3974\/3594\">https:\/\/revistas.ufg.br\/bgg\/article\/view\/3974\/3594<\/a>&gt;. Acesso em 07 de out. de 2024.<\/td><\/tr><\/tbody><\/table><\/figure>\n","protected":false},"author":20,"featured_media":188659,"template":"","ef_categoria":[15],"ef_ano":[90],"ef_componente":[96],"class_list":["post-188656","ensino_fundamental","type-ensino_fundamental","status-publish","has-post-thumbnail","hentry","ef_categoria-ciclo-da-adolescencia-fg","ef_ano-7o-ano","ef_componente-geografia","entry","has-media"],"acf":[],"_links":{"self":[{"href":"https:\/\/sme.goiania.go.gov.br\/conexaoescola\/wp-json\/wp\/v2\/ensino_fundamental\/188656","targetHints":{"allow":["GET"]}}],"collection":[{"href":"https:\/\/sme.goiania.go.gov.br\/conexaoescola\/wp-json\/wp\/v2\/ensino_fundamental"}],"about":[{"href":"https:\/\/sme.goiania.go.gov.br\/conexaoescola\/wp-json\/wp\/v2\/types\/ensino_fundamental"}],"author":[{"embeddable":true,"href":"https:\/\/sme.goiania.go.gov.br\/conexaoescola\/wp-json\/wp\/v2\/users\/20"}],"version-history":[{"count":2,"href":"https:\/\/sme.goiania.go.gov.br\/conexaoescola\/wp-json\/wp\/v2\/ensino_fundamental\/188656\/revisions"}],"predecessor-version":[{"id":189459,"href":"https:\/\/sme.goiania.go.gov.br\/conexaoescola\/wp-json\/wp\/v2\/ensino_fundamental\/188656\/revisions\/189459"}],"wp:featuredmedia":[{"embeddable":true,"href":"https:\/\/sme.goiania.go.gov.br\/conexaoescola\/wp-json\/wp\/v2\/media\/188659"}],"wp:attachment":[{"href":"https:\/\/sme.goiania.go.gov.br\/conexaoescola\/wp-json\/wp\/v2\/media?parent=188656"}],"wp:term":[{"taxonomy":"ef_categoria","embeddable":true,"href":"https:\/\/sme.goiania.go.gov.br\/conexaoescola\/wp-json\/wp\/v2\/ef_categoria?post=188656"},{"taxonomy":"ef_ano","embeddable":true,"href":"https:\/\/sme.goiania.go.gov.br\/conexaoescola\/wp-json\/wp\/v2\/ef_ano?post=188656"},{"taxonomy":"ef_componente","embeddable":true,"href":"https:\/\/sme.goiania.go.gov.br\/conexaoescola\/wp-json\/wp\/v2\/ef_componente?post=188656"}],"curies":[{"name":"wp","href":"https:\/\/api.w.org\/{rel}","templated":true}]}}