{"id":188593,"date":"2024-10-08T16:27:19","date_gmt":"2024-10-08T19:27:19","guid":{"rendered":"https:\/\/sme.goiania.go.gov.br\/conexaoescola\/?post_type=ensino_fundamental&#038;p=188593"},"modified":"2024-10-28T20:15:32","modified_gmt":"2024-10-28T23:15:32","slug":"geografia-a-urbanizacao-do-brasil-e-a-relacao-com-a-densidade-demografica","status":"publish","type":"ensino_fundamental","link":"https:\/\/sme.goiania.go.gov.br\/conexaoescola\/ensino_fundamental\/geografia-a-urbanizacao-do-brasil-e-a-relacao-com-a-densidade-demografica\/","title":{"rendered":"Geografia &#8211; A urbaniza\u00e7\u00e3o do Brasil e a rela\u00e7\u00e3o com a densidade demogr\u00e1fica"},"content":{"rendered":"\n<p class=\"has-black-color has-text-color has-background has-medium-font-size\" style=\"background-color:#b8e0fb\">Esta proposta de atividade de<strong> GEOGRAFIA<\/strong> \u00e9 destinada aos estudantes do <strong>6\u00ba ano<\/strong> do Ensino Fundamental anos iniciais.<\/p>\n\n\n\n<div class=\"wp-block-buttons is-content-justification-center is-layout-flex wp-container-core-buttons-is-layout-16018d1d wp-block-buttons-is-layout-flex\">\n<div class=\"wp-block-button has-custom-font-size has-medium-font-size\"><a class=\"wp-block-button__link has-white-color has-black-background-color has-text-color has-background wp-element-button\" href=\"https:\/\/drive.google.com\/uc?export=download&amp;id=1-4vB_L_jto3aDxGFDTYrg8fNKHmVGptL\">BAIXE A ATIVIDADE<\/a><\/div>\n\n\n\n<div class=\"wp-block-button has-custom-font-size has-medium-font-size\"><a class=\"wp-block-button__link has-white-color has-black-background-color has-text-color has-background wp-element-button\" href=\"https:\/\/drive.google.com\/uc?export=download&amp;id=1HazCbgXAddWq8owNoN3TL0JHHhurM7RC\">BAIXE OS SLIDES<\/a><\/div>\n\n\n\n<div class=\"wp-block-button has-custom-font-size has-medium-font-size\"><a class=\"wp-block-button__link has-white-color has-black-background-color has-text-color has-background wp-element-button\" href=\"https:\/\/drive.google.com\/uc?export=download&amp;id=1KpCaLUesiv4Dja3xZrC9OqgFPDaiuvBi\">BAIXE O TEXTO<\/a><\/div>\n<\/div>\n\n\n\n<p><\/p>\n\n\n<div class=\"wp-block-image\">\n<figure class=\"aligncenter size-full\"><img fetchpriority=\"high\" decoding=\"async\" width=\"786\" height=\"772\" src=\"https:\/\/sme.goiania.go.gov.br\/conexaoescola\/wp-content\/uploads\/2024\/10\/mapa-urbanizacao-do-brasil-2010-e1728413246165.png\" alt=\"\" class=\"wp-image-188605\" srcset=\"https:\/\/sme.goiania.go.gov.br\/conexaoescola\/wp-content\/uploads\/2024\/10\/mapa-urbanizacao-do-brasil-2010-e1728413246165.png 786w, https:\/\/sme.goiania.go.gov.br\/conexaoescola\/wp-content\/uploads\/2024\/10\/mapa-urbanizacao-do-brasil-2010-e1728413246165-300x295.png 300w, https:\/\/sme.goiania.go.gov.br\/conexaoescola\/wp-content\/uploads\/2024\/10\/mapa-urbanizacao-do-brasil-2010-e1728413246165-768x754.png 768w\" sizes=\"(max-width: 786px) 100vw, 786px\" \/><\/figure><\/div>\n\n\n<p class=\"has-text-align-center has-black-color has-text-color has-link-color has-small-font-size wp-elements-7e485469dfd0b4034b09673cd0509a7c\">Fonte: Atlas Geogr\u00e1fico Escolar do IBGE. Dispon\u00edvel em: &lt;<a href=\"https:\/\/atlasescolar.ibge.gov.br\/brasil\/3073-urbanizacao.html\">https:\/\/atlasescolar.ibge.gov.br\/brasil\/3073-urbanizacao.html<\/a>&gt;. Acesso em 04 de out. de 2024.<\/p>\n\n\n\n<p class=\"has-text-align-center has-black-color has-text-color has-background has-medium-font-size\" style=\"background-color:#b8e0fb\"><strong>A urbaniza\u00e7\u00e3o do Brasil e a rela\u00e7\u00e3o com a densidade demogr\u00e1fica<\/strong><\/p>\n\n\n\n<p class=\"has-black-color has-text-color has-link-color has-medium-font-size wp-elements-270ea8f557c9adb21a906a4b10136f18\">A urbaniza\u00e7\u00e3o refere-se ao crescimento das cidades e ao aumento da popula\u00e7\u00e3o que vive em \u00e1reas urbanas. No Brasil, esse processo se intensificou a partir do s\u00e9culo XX, principalmente com a industrializa\u00e7\u00e3o, que atraiu muitas pessoas do campo para as grandes cidades. Esse movimento afetou diretamente a densidade demogr\u00e1fica, ou seja, a quantidade de pessoas que vivem em uma determinada \u00e1rea.<\/p>\n\n\n\n<p class=\"has-text-align-center has-black-color has-text-color has-link-color has-medium-font-size wp-elements-1a61d0ede5f436f4a17875584edc568d\"><strong>O processo de urbaniza\u00e7\u00e3o e a densidade demogr\u00e1fica<\/strong><\/p>\n\n\n<div class=\"wp-block-image\">\n<figure class=\"aligncenter size-large\"><img decoding=\"async\" width=\"1024\" height=\"576\" src=\"https:\/\/sme.goiania.go.gov.br\/conexaoescola\/wp-content\/uploads\/2024\/10\/Fonte-canva.com-9-e1728413193500-1024x576.png\" alt=\"\" class=\"wp-image-188602\" srcset=\"https:\/\/sme.goiania.go.gov.br\/conexaoescola\/wp-content\/uploads\/2024\/10\/Fonte-canva.com-9-e1728413193500-1024x576.png 1024w, https:\/\/sme.goiania.go.gov.br\/conexaoescola\/wp-content\/uploads\/2024\/10\/Fonte-canva.com-9-e1728413193500-300x169.png 300w, https:\/\/sme.goiania.go.gov.br\/conexaoescola\/wp-content\/uploads\/2024\/10\/Fonte-canva.com-9-e1728413193500-768x432.png 768w, https:\/\/sme.goiania.go.gov.br\/conexaoescola\/wp-content\/uploads\/2024\/10\/Fonte-canva.com-9-e1728413193500-1536x864.png 1536w, https:\/\/sme.goiania.go.gov.br\/conexaoescola\/wp-content\/uploads\/2024\/10\/Fonte-canva.com-9-e1728413193500.png 1920w\" sizes=\"(max-width: 1024px) 100vw, 1024px\" \/><\/figure><\/div>\n\n\n<p class=\"has-black-color has-text-color has-link-color has-medium-font-size wp-elements-cd21bff36cd43037a5af76d1d7db0b90\"><strong>O processo de urbaniza\u00e7\u00e3o no Brasil&nbsp;<\/strong><\/p>\n\n\n\n<p class=\"has-black-color has-text-color has-link-color has-medium-font-size wp-elements-c1c6f5cf18ca277e3a7dd4082acc9ed3\">O Brasil, no in\u00edcio de sua hist\u00f3ria, era um pa\u00eds predominantemente rural, com a maioria da popula\u00e7\u00e3o vivendo no campo, dedicada \u00e0 agricultura e \u00e0 pecu\u00e1ria. No entanto, a partir da primeira metade do s\u00e9culo XX, com a industrializa\u00e7\u00e3o, especialmente nas d\u00e9cadas de 1930 e 1950, a estrutura social e econ\u00f4mica do pa\u00eds come\u00e7ou a mudar. O crescimento de ind\u00fastrias nas grandes cidades atraiu muitos trabalhadores rurais em busca de melhores condi\u00e7\u00f5es de vida e emprego. Esse processo \u00e9 conhecido como \u00eaxodo rural.<\/p>\n\n\n\n<p class=\"has-text-align-center has-black-color has-text-color has-link-color has-medium-font-size wp-elements-767d359636f97f412611a97b9da86de4\"><strong>A popula\u00e7\u00e3o Urbana e Rural de 1950 a 2010<\/strong><\/p>\n\n\n<div class=\"wp-block-image\">\n<figure class=\"aligncenter size-large\"><img decoding=\"async\" width=\"1024\" height=\"585\" src=\"https:\/\/sme.goiania.go.gov.br\/conexaoescola\/wp-content\/uploads\/2024\/10\/grafico-populacao-urbana-e-rural-e1728413229228-1024x585.png\" alt=\"\" class=\"wp-image-188604\" srcset=\"https:\/\/sme.goiania.go.gov.br\/conexaoescola\/wp-content\/uploads\/2024\/10\/grafico-populacao-urbana-e-rural-e1728413229228-1024x585.png 1024w, https:\/\/sme.goiania.go.gov.br\/conexaoescola\/wp-content\/uploads\/2024\/10\/grafico-populacao-urbana-e-rural-e1728413229228-300x171.png 300w, https:\/\/sme.goiania.go.gov.br\/conexaoescola\/wp-content\/uploads\/2024\/10\/grafico-populacao-urbana-e-rural-e1728413229228-768x439.png 768w, https:\/\/sme.goiania.go.gov.br\/conexaoescola\/wp-content\/uploads\/2024\/10\/grafico-populacao-urbana-e-rural-e1728413229228.png 1328w\" sizes=\"(max-width: 1024px) 100vw, 1024px\" \/><\/figure><\/div>\n\n\n<p class=\"has-text-align-center has-black-color has-text-color has-link-color has-small-font-size wp-elements-7e485469dfd0b4034b09673cd0509a7c\">Fonte: Atlas Geogr\u00e1fico Escolar do IBGE. Dispon\u00edvel em: &lt;<a href=\"https:\/\/atlasescolar.ibge.gov.br\/brasil\/3073-urbanizacao.html\">https:\/\/atlasescolar.ibge.gov.br\/brasil\/3073-urbanizacao.html<\/a>&gt;. Acesso em 04 de out. de 2024.<\/p>\n\n\n\n<p class=\"has-black-color has-text-color has-link-color has-medium-font-size wp-elements-c2d0fb53c9c77879549a4a3e61bbcd76\">Cidades como S\u00e3o Paulo, Rio de Janeiro e Belo Horizonte se expandiram rapidamente, concentrando grande parte da popula\u00e7\u00e3o brasileira. No entanto, o crescimento urbano desorganizado trouxe desafios como o surgimento de favelas, falta de servi\u00e7os essenciais, problemas de mobilidade urbana e aumento da desigualdade social. Em muitas cidades, a urbaniza\u00e7\u00e3o ocorreu de forma acelerada, sem planejamento adequado para acomodar essa nova popula\u00e7\u00e3o.<\/p>\n\n\n\n<p class=\"has-text-align-center has-black-color has-text-color has-link-color has-medium-font-size wp-elements-9897984455a14c0394c4c471f4c46baf\"><strong>Mapa do grau de urbaniza\u00e7\u00e3o em 2010 no Brasil<\/strong><\/p>\n\n\n<div class=\"wp-block-image\">\n<figure class=\"aligncenter size-full\"><img fetchpriority=\"high\" decoding=\"async\" width=\"786\" height=\"772\" src=\"https:\/\/sme.goiania.go.gov.br\/conexaoescola\/wp-content\/uploads\/2024\/10\/mapa-urbanizacao-do-brasil-2010-e1728413246165.png\" alt=\"\" class=\"wp-image-188605\" srcset=\"https:\/\/sme.goiania.go.gov.br\/conexaoescola\/wp-content\/uploads\/2024\/10\/mapa-urbanizacao-do-brasil-2010-e1728413246165.png 786w, https:\/\/sme.goiania.go.gov.br\/conexaoescola\/wp-content\/uploads\/2024\/10\/mapa-urbanizacao-do-brasil-2010-e1728413246165-300x295.png 300w, https:\/\/sme.goiania.go.gov.br\/conexaoescola\/wp-content\/uploads\/2024\/10\/mapa-urbanizacao-do-brasil-2010-e1728413246165-768x754.png 768w\" sizes=\"(max-width: 786px) 100vw, 786px\" \/><\/figure><\/div>\n\n\n<p class=\"has-text-align-center has-black-color has-text-color has-link-color has-small-font-size wp-elements-7e485469dfd0b4034b09673cd0509a7c\">Fonte: Atlas Geogr\u00e1fico Escolar do IBGE. Dispon\u00edvel em: &lt;<a href=\"https:\/\/atlasescolar.ibge.gov.br\/brasil\/3073-urbanizacao.html\">https:\/\/atlasescolar.ibge.gov.br\/brasil\/3073-urbanizacao.html<\/a>&gt;. Acesso em 04 de out. de 2024.<\/p>\n\n\n\n<p class=\"has-black-color has-text-color has-link-color has-medium-font-size wp-elements-60eabeeab1dd5a891cb7276460909c7d\"><strong>A densidade demogr\u00e1fica e distribui\u00e7\u00e3o da popula\u00e7\u00e3o&nbsp;<\/strong><\/p>\n\n\n\n<p class=\"has-black-color has-text-color has-link-color has-medium-font-size wp-elements-d1ea82c33c57066f8b141df2d461adc7\">A densidade demogr\u00e1fica \u00e9 um conceito que indica quantas pessoas vivem em uma \u00e1rea espec\u00edfica, geralmente medida em habitantes por quil\u00f4metro quadrado. A urbaniza\u00e7\u00e3o no Brasil est\u00e1 intimamente ligada \u00e0 densidade demogr\u00e1fica, pois a migra\u00e7\u00e3o em massa para as cidades aumentou a concentra\u00e7\u00e3o populacional em \u00e1reas urbanas.<\/p>\n\n\n\n<p class=\"has-black-color has-text-color has-link-color has-medium-font-size wp-elements-15bf8a1a256fb4dd230a8fc20ccbe4ba\">No Brasil, a distribui\u00e7\u00e3o da popula\u00e7\u00e3o \u00e9 bastante desigual. As regi\u00f5es Sudeste e Sul possuem as maiores densidades demogr\u00e1ficas, uma vez que concentram as principais cidades do pa\u00eds, como S\u00e3o Paulo, Rio de Janeiro, Porto Alegre e Curitiba. Essas regi\u00f5es s\u00e3o tamb\u00e9m polos industriais e econ\u00f4micos. Em contraste, a Regi\u00e3o Norte, dominada pela Floresta Amaz\u00f4nica, tem uma das menores densidades demogr\u00e1ficas, devido \u00e0 sua vasta \u00e1rea territorial e baixa popula\u00e7\u00e3o concentrada em pequenos n\u00facleos urbanos.<\/p>\n\n\n\n<p class=\"has-text-align-center has-black-color has-text-color has-link-color has-medium-font-size wp-elements-d55ebb5532e66ba9e7751f44bf35db05\"><strong>Mapa da densidade demogr\u00e1fica no Brasil em 2022<\/strong><\/p>\n\n\n<div class=\"wp-block-image\">\n<figure class=\"aligncenter size-full\"><img loading=\"lazy\" decoding=\"async\" width=\"537\" height=\"830\" src=\"https:\/\/sme.goiania.go.gov.br\/conexaoescola\/wp-content\/uploads\/2024\/10\/mapa-da-densidadde-geografiaca-e1728413213385.png\" alt=\"\" class=\"wp-image-188603\" srcset=\"https:\/\/sme.goiania.go.gov.br\/conexaoescola\/wp-content\/uploads\/2024\/10\/mapa-da-densidadde-geografiaca-e1728413213385.png 537w, https:\/\/sme.goiania.go.gov.br\/conexaoescola\/wp-content\/uploads\/2024\/10\/mapa-da-densidadde-geografiaca-e1728413213385-194x300.png 194w\" sizes=\"(max-width: 537px) 100vw, 537px\" \/><\/figure><\/div>\n\n\n<p class=\"has-black-color has-text-color has-link-color has-small-font-size wp-elements-b0e1b55908e06571fe69fb37ef0b83f3\">Fonte: Atlas Geogr\u00e1fico Escolar do IBGE. Dispon\u00edvel em: &lt;<a href=\"https:\/\/atlasescolar.ibge.gov.br\/brasil\/3050-caracteristicas-demograficas\/distribuicao-da-populacao.html\">https:\/\/atlasescolar.ibge.gov.br\/brasil\/3050-caracteristicas-demograficas\/distribuicao-da-populacao.html<\/a>&gt;. Acesso em 04 de out. de 2024.<\/p>\n\n\n\n<p class=\"has-black-color has-text-color has-link-color has-medium-font-size wp-elements-e68ba0a215f2426ee4d7c7f0e976c83d\"><strong>A rela\u00e7\u00e3o entre urbaniza\u00e7\u00e3o e densidade demogr\u00e1fica&nbsp;<\/strong><\/p>\n\n\n\n<p class=\"has-black-color has-text-color has-link-color has-medium-font-size wp-elements-726f73d451914bdf862c2f664e2b7825\">O processo de urbaniza\u00e7\u00e3o intensificou a densidade demogr\u00e1fica nas cidades brasileiras. Com a migra\u00e7\u00e3o em massa do campo para as \u00e1reas urbanas, especialmente ap\u00f3s a Segunda Guerra Mundial, a popula\u00e7\u00e3o urbana superou a rural. Isso resultou em uma concentra\u00e7\u00e3o significativa de pessoas em cidades como S\u00e3o Paulo, que hoje abriga milh\u00f5es de habitantes em uma \u00e1rea relativamente pequena. A densidade demogr\u00e1fica nessas regi\u00f5es \u00e9 muito alta, levando a desafios em termos de planejamento urbano, transporte, habita\u00e7\u00e3o e servi\u00e7os b\u00e1sicos.<\/p>\n\n\n\n<p class=\"has-text-align-center has-black-color has-text-color has-link-color has-medium-font-size wp-elements-1f0e69beb6ffa1c2871518ce4579f0c3\"><strong>A evolu\u00e7\u00e3o da densidade demogr\u00e1fica no Brasil de 1940 a 2022<\/strong><\/p>\n\n\n<div class=\"wp-block-image\">\n<figure class=\"aligncenter size-large\"><img loading=\"lazy\" decoding=\"async\" width=\"1024\" height=\"574\" src=\"https:\/\/sme.goiania.go.gov.br\/conexaoescola\/wp-content\/uploads\/2024\/10\/evolucao-da-densidade-demografica-e1728413166673-1024x574.png\" alt=\"\" class=\"wp-image-188600\" srcset=\"https:\/\/sme.goiania.go.gov.br\/conexaoescola\/wp-content\/uploads\/2024\/10\/evolucao-da-densidade-demografica-e1728413166673-1024x574.png 1024w, https:\/\/sme.goiania.go.gov.br\/conexaoescola\/wp-content\/uploads\/2024\/10\/evolucao-da-densidade-demografica-e1728413166673-300x168.png 300w, https:\/\/sme.goiania.go.gov.br\/conexaoescola\/wp-content\/uploads\/2024\/10\/evolucao-da-densidade-demografica-e1728413166673-768x430.png 768w, https:\/\/sme.goiania.go.gov.br\/conexaoescola\/wp-content\/uploads\/2024\/10\/evolucao-da-densidade-demografica-e1728413166673.png 1305w\" sizes=\"(max-width: 1024px) 100vw, 1024px\" \/><\/figure><\/div>\n\n\n<p class=\"has-text-align-center has-black-color has-text-color has-link-color has-small-font-size wp-elements-52883410003eb9b8cc991883f93ec544\">Fonte: Atlas Geogr\u00e1fico Escolar do IBGE. Dispon\u00edvel em: &lt;<a href=\"https:\/\/atlasescolar.ibge.gov.br\/brasil\/3050-caracteristicas-demograficas\/distribuicao-da-populacao.html\">https:\/\/atlasescolar.ibge.gov.br\/brasil\/3050-caracteristicas-demograficas\/distribuicao-da-populacao.html<\/a>&gt;. Acesso em 04 de out. de 2024.<\/p>\n\n\n\n<p class=\"has-black-color has-text-color has-link-color has-medium-font-size wp-elements-5a65c7755ab0abe220f09fdf799c6eab\">Por outro lado, o campo viu uma queda expressiva de sua popula\u00e7\u00e3o, levando a uma baixa densidade demogr\u00e1fica nas \u00e1reas rurais. Muitas \u00e1reas agr\u00edcolas se tornaram pouco habitadas, criando um contraste entre as \u00e1reas urbanas densamente povoadas e as \u00e1reas rurais esparsamente povoadas.<\/p>\n\n\n\n<p class=\"has-black-color has-text-color has-link-color has-medium-font-size wp-elements-533c7c9d69e705309ffa26ed33e56820\"><strong>O crescimento urbano e demogr\u00e1fico no Brasil<\/strong><\/p>\n\n\n\n<p class=\"has-black-color has-text-color has-link-color has-medium-font-size wp-elements-7ab69cbe4248d9f6f7f102c5a2d9131f\">O processo de urbaniza\u00e7\u00e3o no Brasil teve um impacto profundo na distribui\u00e7\u00e3o da popula\u00e7\u00e3o, concentrando a maioria nas cidades e aumentando a densidade demogr\u00e1fica urbana. Esse fen\u00f4meno trouxe desafios urbanos, como a necessidade de planejamento adequado, infraestrutura e servi\u00e7os para atender \u00e0 crescente demanda da popula\u00e7\u00e3o. Ao mesmo tempo, a baixa densidade nas \u00e1reas rurais reflete o esvaziamento do campo, uma consequ\u00eancia direta do \u00eaxodo rural.&nbsp;<\/p>\n\n\n\n<p class=\"has-black-color has-text-color has-link-color has-medium-font-size wp-elements-cf24354140fa7e13b53751f7a5c5743c\">Entender a rela\u00e7\u00e3o entre urbaniza\u00e7\u00e3o e densidade demogr\u00e1fica \u00e9 crucial para enfrentar os problemas urbanos e planejar o futuro do desenvolvimento brasileiro de forma sustent\u00e1vel.<\/p>\n\n\n\n<p><\/p>\n\n\n\n<p class=\"has-text-align-center has-black-color has-text-color has-background has-medium-font-size\" style=\"background-color:#ffd2ae\"><strong>RESPONDA \u00c0S QUEST\u00d5ES<\/strong><\/p>\n\n\n\n<p class=\"has-black-color has-pale-cyan-blue-background-color has-text-color has-background has-medium-font-size\"><strong>QUEST\u00c3O 01<\/strong><\/p>\n\n\n\n<p class=\"has-black-color has-text-color has-medium-font-size\">Quais s\u00e3o os principais desafios enfrentados pelas cidades brasileiras devido ao r\u00e1pido processo de urbaniza\u00e7\u00e3o?<\/p>\n\n\n\n<p><\/p>\n\n\n\n<p class=\"has-black-color has-pale-cyan-blue-background-color has-text-color has-background has-medium-font-size\"><strong><strong>QUEST\u00c3O<\/strong> 02<\/strong><\/p>\n\n\n\n<p class=\"has-black-color has-text-color has-medium-font-size\">Fa\u00e7a uma an\u00e1lise da regi\u00e3o onde voc\u00ea mora e fa\u00e7a um texto apontando os principais problemas urbanos da sua regi\u00e3o, fa\u00e7a sugest\u00f5es de resolu\u00e7\u00e3o dos problemas.<\/p>\n\n\n\n<p><\/p>\n\n\n\n<p class=\"has-black-color has-pale-cyan-blue-background-color has-text-color has-background has-medium-font-size\"><strong><strong>QUEST\u00c3O<\/strong> 03<\/strong><\/p>\n\n\n\n<p class=\"has-black-color has-text-color has-link-color has-medium-font-size wp-elements-7c891c25b9d8f9ae27741cfdccf06b6c\">A urbaniza\u00e7\u00e3o refere-se ao crescimento das cidades e ao aumento da popula\u00e7\u00e3o que vive em \u00e1reas urbanas. No Brasil, esse processo se intensificou a partir do s\u00e9culo XX, principalmente com a industrializa\u00e7\u00e3o, que atraiu muitas pessoas do campo para as grandes cidades. Esse movimento afetou diretamente a densidade demogr\u00e1fica, ou seja, a quantidade de pessoas que vivem em uma determinada \u00e1rea. Com isso, o processo de urbaniza\u00e7\u00e3o acelerado no Brasil gerou problemas como,&nbsp;&nbsp;<\/p>\n\n\n\n<p class=\"has-black-color has-text-color has-link-color has-medium-font-size wp-elements-b19c68c5c95baf711904ecccf669460b\">(A) redu\u00e7\u00e3o do uso de transporte p\u00fablico.\u00a0<\/p>\n\n\n\n<p class=\"has-black-color has-text-color has-link-color has-medium-font-size wp-elements-1a83df4c54cccb6a030e2bd080af2b88\">(B) aumento das \u00e1reas verdes nas cidades.\u00a0<\/p>\n\n\n\n<p class=\"has-black-color has-text-color has-link-color has-medium-font-size wp-elements-26d1a72da2e9dad52774aefee33c063a\">(C) defici\u00eancia na oferta de servi\u00e7os b\u00e1sicos.\u00a0<\/p>\n\n\n\n<p class=\"has-black-color has-text-color has-link-color has-medium-font-size wp-elements-ce9ba06c007d404523c9ede5e047b3f3\">(D) melhoria na qualidade de vida nas periferias.<\/p>\n\n\n\n<p class=\"has-black-color has-text-color has-medium-font-size\"><\/p>\n\n\n\n<p class=\"has-black-color has-pale-cyan-blue-background-color has-text-color has-background has-medium-font-size\"><strong><strong>QUEST\u00c3O<\/strong> 04<\/strong><\/p>\n\n\n\n<p class=\"has-black-color has-text-color has-link-color has-medium-font-size wp-elements-422ca8aa2b8ebfa26fc374ffa415eb55\">O processo de urbaniza\u00e7\u00e3o intensificou a densidade demogr\u00e1fica nas cidades brasileiras. Com a migra\u00e7\u00e3o em massa do campo para as \u00e1reas urbanas, especialmente ap\u00f3s a Segunda Guerra Mundial, a popula\u00e7\u00e3o urbana superou a rural. Isso resultou em uma concentra\u00e7\u00e3o significativa de pessoas em cidades como S\u00e3o Paulo, que hoje abriga milh\u00f5es de habitantes em uma \u00e1rea relativamente pequena. E um dos efeitos da alta densidade demogr\u00e1fica nas grandes cidades brasileiras, \u00e9 a&nbsp;&nbsp;<\/p>\n\n\n\n<p class=\"has-black-color has-text-color has-link-color has-medium-font-size wp-elements-a4d652a012092c36711278692f1230e5\">(A) menor consumo de recursos naturais e industriais.\u00a0<\/p>\n\n\n\n<p class=\"has-black-color has-text-color has-link-color has-medium-font-size wp-elements-e0cd8790c5b49522c7a8bf738203ebfe\">(B) facilita\u00e7\u00e3o do planejamento urbano eficiente e sustent\u00e1vel.\u00a0<\/p>\n\n\n\n<p class=\"has-black-color has-text-color has-link-color has-medium-font-size wp-elements-527b32ba6d460993e8fac1bbd1690452\">(C) maior press\u00e3o sobre a infraestrutura urbana e os recursos.\u00a0<\/p>\n\n\n\n<p class=\"has-black-color has-text-color has-link-color has-medium-font-size wp-elements-f0ed9e6a6c61f44cd4158ccbf0892b4c\">(D) redu\u00e7\u00e3o dos problemas de mobilidade urbana e polui\u00e7\u00e3o.<\/p>\n\n\n\n<p><\/p>\n\n\n\n<hr class=\"wp-block-separator has-alpha-channel-opacity\"\/>\n\n\n\n<figure class=\"wp-block-table is-style-stripes\" style=\"font-size:15px\"><table class=\"has-black-color has-text-color\"><tbody><tr><td><strong>Autoria:<\/strong><\/td><td>Prof. Me.: Gabriel Ramos Paiva<\/td><\/tr><tr><td><strong>Forma\u00e7\u00e3o:<\/strong><\/td><td>Licenciatura em Geografia;<br>Bacharelado em Geografia;<br>Licenciatura em Pedagogia;<br>Mestre em Geografia pelo IESA-UFG.<\/td><\/tr><tr><td><strong>Componente Curricular:<\/strong><\/td><td>Geografia<\/td><\/tr><tr><td><strong>DCGO \u2013 AMPLIADO (1\u00ba corte) Habilidades:<\/strong><\/td><td>(EF06GE08-A) Compreender a import\u00e2ncia da leitura de diferentes tipos de mapas, para a sua melhor localiza\u00e7\u00e3o espacial.<br>(EF06GE09-B) Analisar e elaborar gr\u00e1ficos e tabelas com diferentes tem\u00e1ticas.<\/td><\/tr><tr><td><strong>Matriz de habilidades essenciais:<\/strong><\/td><td>Ler e interpretar diferentes tipos de mapas tem\u00e1ticos e identificar a localiza\u00e7\u00e3o de dados e informa\u00e7\u00f5es no espa\u00e7o geogr\u00e1fico.<br>Analisar gr\u00e1ficos e tabelas com diferentes tem\u00e1ticas geogr\u00e1ficas.<\/td><\/tr><tr><td><strong>Refer\u00eancias:<\/strong><\/td><td>SANTOS, Milton. A urbaniza\u00e7\u00e3o brasileira. S\u00e3o Paulo, Hucitec, 1993. Dispon\u00edvel em: &lt;<a href=\"https:\/\/professor.ufrgs.br\/dagnino\/files\/santos_milton_a_urbanizacao_brasileira_1993.pdf\">https:\/\/professor.ufrgs.br\/dagnino\/files\/santos_milton_a_urbanizacao_brasileira_1993.pdf<\/a>&gt;. Acesso em 04 de out. de 2024.<\/td><\/tr><\/tbody><\/table><\/figure>\n\n\n\n<p><\/p>\n","protected":false},"author":20,"featured_media":188605,"template":"","ef_categoria":[15],"ef_ano":[89],"ef_componente":[96],"class_list":["post-188593","ensino_fundamental","type-ensino_fundamental","status-publish","has-post-thumbnail","hentry","ef_categoria-ciclo-da-adolescencia-fg","ef_ano-6o-ano","ef_componente-geografia","entry","has-media"],"acf":[],"_links":{"self":[{"href":"https:\/\/sme.goiania.go.gov.br\/conexaoescola\/wp-json\/wp\/v2\/ensino_fundamental\/188593","targetHints":{"allow":["GET"]}}],"collection":[{"href":"https:\/\/sme.goiania.go.gov.br\/conexaoescola\/wp-json\/wp\/v2\/ensino_fundamental"}],"about":[{"href":"https:\/\/sme.goiania.go.gov.br\/conexaoescola\/wp-json\/wp\/v2\/types\/ensino_fundamental"}],"author":[{"embeddable":true,"href":"https:\/\/sme.goiania.go.gov.br\/conexaoescola\/wp-json\/wp\/v2\/users\/20"}],"version-history":[{"count":2,"href":"https:\/\/sme.goiania.go.gov.br\/conexaoescola\/wp-json\/wp\/v2\/ensino_fundamental\/188593\/revisions"}],"predecessor-version":[{"id":189458,"href":"https:\/\/sme.goiania.go.gov.br\/conexaoescola\/wp-json\/wp\/v2\/ensino_fundamental\/188593\/revisions\/189458"}],"wp:featuredmedia":[{"embeddable":true,"href":"https:\/\/sme.goiania.go.gov.br\/conexaoescola\/wp-json\/wp\/v2\/media\/188605"}],"wp:attachment":[{"href":"https:\/\/sme.goiania.go.gov.br\/conexaoescola\/wp-json\/wp\/v2\/media?parent=188593"}],"wp:term":[{"taxonomy":"ef_categoria","embeddable":true,"href":"https:\/\/sme.goiania.go.gov.br\/conexaoescola\/wp-json\/wp\/v2\/ef_categoria?post=188593"},{"taxonomy":"ef_ano","embeddable":true,"href":"https:\/\/sme.goiania.go.gov.br\/conexaoescola\/wp-json\/wp\/v2\/ef_ano?post=188593"},{"taxonomy":"ef_componente","embeddable":true,"href":"https:\/\/sme.goiania.go.gov.br\/conexaoescola\/wp-json\/wp\/v2\/ef_componente?post=188593"}],"curies":[{"name":"wp","href":"https:\/\/api.w.org\/{rel}","templated":true}]}}