{"id":188454,"date":"2024-10-04T13:36:08","date_gmt":"2024-10-04T16:36:08","guid":{"rendered":"https:\/\/sme.goiania.go.gov.br\/conexaoescola\/?post_type=ensino_fundamental&#038;p=188454"},"modified":"2024-10-15T16:25:47","modified_gmt":"2024-10-15T19:25:47","slug":"historia-a-lei-de-terras-de-1850-e-o-processo-de-abolicao-da-escravatura","status":"publish","type":"ensino_fundamental","link":"https:\/\/sme.goiania.go.gov.br\/conexaoescola\/ensino_fundamental\/historia-a-lei-de-terras-de-1850-e-o-processo-de-abolicao-da-escravatura\/","title":{"rendered":"Hist\u00f3ria &#8211; A Lei de Terras de 1850 e o processo de aboli\u00e7\u00e3o da escravatura"},"content":{"rendered":"\n<p class=\"has-black-color has-vivid-cyan-blue-background-color has-text-color has-background has-medium-font-size\">Esta proposta de atividade de<strong> Hist\u00f3ria<\/strong> \u00e9 destinada aos estudantes do <strong>8\u00ba ano<\/strong> do Ensino Fundamental anos iniciais.<\/p>\n\n\n\n<div class=\"wp-block-buttons is-content-justification-center is-layout-flex wp-container-core-buttons-is-layout-16018d1d wp-block-buttons-is-layout-flex\">\n<div class=\"wp-block-button has-custom-font-size has-medium-font-size\"><a class=\"wp-block-button__link has-white-color has-black-background-color has-text-color has-background wp-element-button\" href=\"https:\/\/drive.google.com\/uc?export=download&amp;id=1Qa09YO-ZLijTSyFroDIYqURUCF1WEXgd\">BAIXE A ATIVIDADE<\/a><\/div>\n\n\n\n<div class=\"wp-block-button has-custom-font-size has-medium-font-size\"><a class=\"wp-block-button__link has-white-color has-black-background-color has-text-color has-background wp-element-button\" href=\"https:\/\/drive.google.com\/uc?export=download&amp;id=1OgVGM6N831sHuA8RhOC8ue21DnuewJzW\">BAIXE OS SLIDES<\/a><\/div>\n\n\n\n<div class=\"wp-block-button has-custom-font-size has-medium-font-size\"><a class=\"wp-block-button__link has-white-color has-black-background-color has-text-color has-background wp-element-button\" href=\"https:\/\/drive.google.com\/uc?export=download&amp;id=1AwhUoXNIYcKhUuo-lrL-78ji-Zfigcmx\">BAIXE O TEXTO<\/a><\/div>\n<\/div>\n\n\n\n<p><\/p>\n\n\n<div class=\"wp-block-image\">\n<figure class=\"aligncenter size-full\"><img fetchpriority=\"high\" decoding=\"async\" width=\"555\" height=\"767\" src=\"https:\/\/sme.goiania.go.gov.br\/conexaoescola\/wp-content\/uploads\/2024\/10\/Cartaz_de_1888_comemorativo_a_Abolicao_da_Escravidao_no_Brasil-e1728058742281.jpg\" alt=\"\" class=\"wp-image-188455\" srcset=\"https:\/\/sme.goiania.go.gov.br\/conexaoescola\/wp-content\/uploads\/2024\/10\/Cartaz_de_1888_comemorativo_a_Abolicao_da_Escravidao_no_Brasil-e1728058742281.jpg 555w, https:\/\/sme.goiania.go.gov.br\/conexaoescola\/wp-content\/uploads\/2024\/10\/Cartaz_de_1888_comemorativo_a_Abolicao_da_Escravidao_no_Brasil-e1728058742281-217x300.jpg 217w\" sizes=\"(max-width: 555px) 100vw, 555px\" \/><\/figure><\/div>\n\n\n<p class=\"has-text-align-center has-black-color has-text-color has-link-color has-small-font-size wp-elements-38bcc5bfe8dcec9a196970c1d1075b85\">Fonte: Cartaz, do acervo do Arquivo Nacional do Brasil, feito em 1888 por uma f\u00e1brica de tecidos. Dispon\u00edvel em: &lt;<a href=\"https:\/\/commons.wikimedia.org\/wiki\/File:Cartaz_de_1888_comemorativo_a_Aboli%C3%A7%C3%A3o_da_Escravid%C3%A3o_no_Brasil.jpg\">https:\/\/commons.wikimedia.org\/wiki\/File:Cartaz_de_1888_comemorativo_a_Aboli%C3%A7%C3%A3o_da_Escravid%C3%A3o_no_Brasil.jpg<\/a>&gt;. Acesso em 27 de set. de 2024.<\/p>\n\n\n\n<p class=\"has-text-align-center has-black-color has-text-color has-background has-medium-font-size\" style=\"background-color:#b8e0fb\"><strong><strong>A Lei de Terras de 1850 e o processo de aboli\u00e7\u00e3o da escravatura<\/strong><\/strong><\/p>\n\n\n\n<p class=\"has-text-align-left has-black-color has-text-color has-link-color has-medium-font-size wp-elements-3c13b8d77e0fc52c77aaf328ee1b80e2\">A Lei de Terras de 1850 \u00e9 um marco fundamental na hist\u00f3ria do Brasil, particularmente quando analisada em conjunto com o fim do tr\u00e1fico de escravizados africanos e o processo gradual de aboli\u00e7\u00e3o da escravatura. Essa legisla\u00e7\u00e3o surgiu em um momento de grandes transforma\u00e7\u00f5es no pa\u00eds, especialmente devido \u00e0s press\u00f5es internacionais e internas para o fim do tr\u00e1fico negreiro e \u00e0 necessidade da elite agr\u00e1ria de reorganizar a estrutura fundi\u00e1ria brasileira. Com isso, a Lei de Terras foi implementada visando controlar o acesso \u00e0 propriedade rural em um per\u00edodo em que a m\u00e3o de obra escrava come\u00e7ava a dar sinais de esgotamento.<\/p>\n\n\n\n<p class=\"has-text-align-center has-black-color has-text-color has-link-color has-medium-font-size wp-elements-51ca49b538bb7875c7d5aafcc32e1154\"><strong>O Lavrador de Caf\u00e9<\/strong><\/p>\n\n\n<div class=\"wp-block-image\">\n<figure class=\"aligncenter size-full\"><img decoding=\"async\" width=\"638\" height=\"781\" src=\"https:\/\/sme.goiania.go.gov.br\/conexaoescola\/wp-content\/uploads\/2024\/10\/O_Lavrador_de_Cafe__1939_Candido_Portinari._MASP_Sao_Paulo_SP_Brasil_18001978694_cropped_2-e1728058770947.jpg\" alt=\"\" class=\"wp-image-188457\" srcset=\"https:\/\/sme.goiania.go.gov.br\/conexaoescola\/wp-content\/uploads\/2024\/10\/O_Lavrador_de_Cafe__1939_Candido_Portinari._MASP_Sao_Paulo_SP_Brasil_18001978694_cropped_2-e1728058770947.jpg 638w, https:\/\/sme.goiania.go.gov.br\/conexaoescola\/wp-content\/uploads\/2024\/10\/O_Lavrador_de_Cafe__1939_Candido_Portinari._MASP_Sao_Paulo_SP_Brasil_18001978694_cropped_2-e1728058770947-245x300.jpg 245w\" sizes=\"(max-width: 638px) 100vw, 638px\" \/><\/figure><\/div>\n\n\n<p class=\"has-text-align-center has-black-color has-text-color has-link-color has-small-font-size wp-elements-d2e920979c824c599f08b521303624c3\">Fonte: O Lavrador de Caf\u00e9 &#8211; C\u00e2ndido Portinari &#8211; 1939. Dispon\u00edvel me: &lt;<a href=\"https:\/\/commons.wikimedia.org\/wiki\/File:%22O_Lavrador_de_Caf%C3%A9%22,_1939,_C%C3%A2ndido_Portinari._(MASP,_S%C3%A3o_Paulo,_SP,_Brasil)_(18001978694)_(cropped_2).jpg\">https:\/\/commons.wikimedia.org\/wiki\/File:%22O_Lavrador_de_Caf%C3%A9%22,_1939,_C%C3%A2ndido_Portinari._(MASP,_S%C3%A3o_Paulo,_SP,_Brasil)_(18001978694)_(cropped_2).jpg<\/a>&gt;. Acesso em 26 de set de 2024.<\/p>\n\n\n\n<p class=\"has-black-color has-text-color has-link-color has-medium-font-size wp-elements-43ba41b3507286d050b22f97f3f759c1\"><strong>O Fim do Tr\u00e1fico Negreiro&nbsp;<\/strong><\/p>\n\n\n\n<p class=\"has-black-color has-text-color has-link-color has-medium-font-size wp-elements-44100941290d4e44a6a5f45d768b3cb6\">Desde o in\u00edcio do s\u00e9culo XIX, havia press\u00f5es significativas, principalmente da Inglaterra, para o Brasil p\u00f4r fim ao tr\u00e1fico de escravizados. Embora o tr\u00e1fico tenha sido oficialmente proibido em 1831, essa lei foi amplamente ignorada at\u00e9 a promulga\u00e7\u00e3o da Lei Eus\u00e9bio de Queir\u00f3s em 1850, que finalmente interrompeu o com\u00e9rcio ilegal de africanos para o Brasil.&nbsp;<\/p>\n\n\n\n<p class=\"has-text-align-center has-black-color has-text-color has-link-color has-medium-font-size wp-elements-770c2df127fe35b4cb5384730a8b6acb\"><strong>Mercado de escravos no Recife<\/strong><\/p>\n\n\n<div class=\"wp-block-image\">\n<figure class=\"aligncenter size-large\"><img decoding=\"async\" width=\"1024\" height=\"583\" src=\"https:\/\/sme.goiania.go.gov.br\/conexaoescola\/wp-content\/uploads\/2024\/10\/Zacharias_Wagner_-_Mercado_de_escravos_no_Recife-1-e1728058785321-1024x583.jpg\" alt=\"\" class=\"wp-image-188458\" srcset=\"https:\/\/sme.goiania.go.gov.br\/conexaoescola\/wp-content\/uploads\/2024\/10\/Zacharias_Wagner_-_Mercado_de_escravos_no_Recife-1-e1728058785321-1024x583.jpg 1024w, https:\/\/sme.goiania.go.gov.br\/conexaoescola\/wp-content\/uploads\/2024\/10\/Zacharias_Wagner_-_Mercado_de_escravos_no_Recife-1-e1728058785321-300x171.jpg 300w, https:\/\/sme.goiania.go.gov.br\/conexaoescola\/wp-content\/uploads\/2024\/10\/Zacharias_Wagner_-_Mercado_de_escravos_no_Recife-1-e1728058785321-768x437.jpg 768w, https:\/\/sme.goiania.go.gov.br\/conexaoescola\/wp-content\/uploads\/2024\/10\/Zacharias_Wagner_-_Mercado_de_escravos_no_Recife-1-e1728058785321.jpg 1200w\" sizes=\"(max-width: 1024px) 100vw, 1024px\" \/><\/figure><\/div>\n\n\n<p class=\"has-text-align-center has-black-color has-text-color has-link-color has-small-font-size wp-elements-ff52dce17310b3e5853ca26a261b8442\">Fonte: Mercado de escravos no Recife &#8211; Zacharias Wagner. Dispon\u00edvel em: &lt;<a href=\"https:\/\/commons.wikimedia.org\/wiki\/File:Zacharias_Wagner_-_Mercado_de_escravos_no_Recife.jpg\">https:\/\/commons.wikimedia.org\/wiki\/File:Zacharias_Wagner_-_Mercado_de_escravos_no_Recife.jpg<\/a>&gt;. Acesso em 26 de set. de 2024.<\/p>\n\n\n\n<p class=\"has-black-color has-text-color has-link-color has-medium-font-size wp-elements-618cc405cdddef2049504a64dec5e6af\">Esse contexto foi crucial, pois o fim do tr\u00e1fico significava que os propriet\u00e1rios de terras teriam que buscar alternativas para a substitui\u00e7\u00e3o da m\u00e3o de obra escrava, especialmente nas grandes planta\u00e7\u00f5es de caf\u00e9 que estavam em expans\u00e3o no sudeste do pa\u00eds.<\/p>\n\n\n\n<p class=\"has-black-color has-text-color has-link-color has-medium-font-size wp-elements-ee0cba00deb88975a2ebf57f5463726b\"><strong>A Lei de Terras de 1850: Controle e Exclus\u00e3o&nbsp;<\/strong><\/p>\n\n\n\n<p class=\"has-black-color has-text-color has-link-color has-medium-font-size wp-elements-8fc48985023be064b47cb128c8836966\">A Lei de Terras, aprovada no mesmo ano que a Lei Eus\u00e9bio de Queir\u00f3s, visava reorganizar a posse da terra no Brasil, que at\u00e9 ent\u00e3o se baseava no sistema de sesmarias, concedidas pelo Estado. A nova lei determinava que, a partir daquele momento, a terra s\u00f3 poderia ser adquirida por meio da compra, excluindo a possibilidade de acesso gratuito ou pela simples ocupa\u00e7\u00e3o. Esse mecanismo visava principalmente evitar que a popula\u00e7\u00e3o pobre e os ex-escravizados, que estavam se tornando mais numerosos com o fim do tr\u00e1fico, tivessem acesso f\u00e1cil \u00e0 terra, garantindo que as grandes propriedades rurais continuassem sob o controle da elite agr\u00e1ria.<\/p>\n\n\n\n<p class=\"has-text-align-center has-black-color has-text-color has-link-color has-medium-font-size wp-elements-257c4e0e18d622168664b5d5e91cc184\"><strong>Escravizados reunidos em uma fazenda de caf\u00e9<\/strong><\/p>\n\n\n<div class=\"wp-block-image\">\n<figure class=\"aligncenter size-large\"><img loading=\"lazy\" decoding=\"async\" width=\"1024\" height=\"748\" src=\"https:\/\/sme.goiania.go.gov.br\/conexaoescola\/wp-content\/uploads\/2024\/10\/Slaves_in_coffee_farm_by_marc_ferrez_1885-e1728058756667-1024x748.jpg\" alt=\"\" class=\"wp-image-188456\" srcset=\"https:\/\/sme.goiania.go.gov.br\/conexaoescola\/wp-content\/uploads\/2024\/10\/Slaves_in_coffee_farm_by_marc_ferrez_1885-e1728058756667-1024x748.jpg 1024w, https:\/\/sme.goiania.go.gov.br\/conexaoescola\/wp-content\/uploads\/2024\/10\/Slaves_in_coffee_farm_by_marc_ferrez_1885-e1728058756667-300x219.jpg 300w, https:\/\/sme.goiania.go.gov.br\/conexaoescola\/wp-content\/uploads\/2024\/10\/Slaves_in_coffee_farm_by_marc_ferrez_1885-e1728058756667-768x561.jpg 768w, https:\/\/sme.goiania.go.gov.br\/conexaoescola\/wp-content\/uploads\/2024\/10\/Slaves_in_coffee_farm_by_marc_ferrez_1885-e1728058756667.jpg 1200w\" sizes=\"(max-width: 1024px) 100vw, 1024px\" \/><\/figure><\/div>\n\n\n<p class=\"has-text-align-center has-black-color has-text-color has-link-color has-small-font-size wp-elements-6ae355cbdef88d6dd5333aac0836882b\">Fonte: Marc Ferrez. Dispon\u00edvel em: &lt;<a href=\"https:\/\/pt.wikipedia.org\/wiki\/Imp%C3%A9rio_do_Brasil#\/media\/Ficheiro:Slaves_in_coffee_farm_by_marc_ferrez_1885.jpg\">https:\/\/pt.wikipedia.org\/wiki\/Imp%C3%A9rio_do_Brasil#\/media\/Ficheiro:Slaves_in_coffee_farm_by_marc_ferrez_1885.jpg<\/a>&gt;. Acesso em 26 de set. de 2024.<\/p>\n\n\n\n<p class=\"has-black-color has-text-color has-link-color has-medium-font-size wp-elements-fb20125a676062ac0f87b98fb0243790\">Esse controle sobre a posse da terra foi uma resposta direta ao temor das elites de que o fim do tr\u00e1fico e, posteriormente, a aboli\u00e7\u00e3o da escravid\u00e3o gerassem uma redistribui\u00e7\u00e3o desordenada de terras. Assim, a lei limitava a forma\u00e7\u00e3o de uma classe de pequenos propriet\u00e1rios e mantinha os ex-escravizados e os trabalhadores livres em uma situa\u00e7\u00e3o de depend\u00eancia econ\u00f4mica, muitas vezes for\u00e7ados a trabalhar como assalariados ou arrendat\u00e1rios em grandes fazendas.<\/p>\n\n\n\n<p class=\"has-black-color has-text-color has-link-color has-medium-font-size wp-elements-3ccb23389d078f88b326017eba25ef16\"><strong>Rela\u00e7\u00e3o da Lei de Terras com a Aboli\u00e7\u00e3o Gradual da Escravatura&nbsp;<\/strong><\/p>\n\n\n\n<p class=\"has-black-color has-text-color has-link-color has-medium-font-size wp-elements-1e8326db8b239b941a37a0f8f1f9a716\">A Lei de Terras tamb\u00e9m est\u00e1 diretamente ligada ao processo de aboli\u00e7\u00e3o da escravatura, que foi acontecendo de forma lenta e gradual. A interrup\u00e7\u00e3o do tr\u00e1fico negreiro j\u00e1 apontava para um futuro onde o sistema escravista teria de ser substitu\u00eddo. Para a elite agr\u00e1ria, garantir que a terra permanecesse em suas m\u00e3os era uma maneira de controlar o acesso ao trabalho e, com isso, limitar as possibilidades de ascens\u00e3o social para os ex-escravizados.&nbsp;<\/p>\n\n\n\n<p class=\"has-text-align-center has-black-color has-text-color has-link-color has-medium-font-size wp-elements-3ba3ae2ad744d577e142748afc2a2ec6\"><strong>Cartaz pelo fim da escravid\u00e3o do Brasil<\/strong><\/p>\n\n\n<div class=\"wp-block-image\">\n<figure class=\"aligncenter size-full\"><img fetchpriority=\"high\" decoding=\"async\" width=\"555\" height=\"767\" src=\"https:\/\/sme.goiania.go.gov.br\/conexaoescola\/wp-content\/uploads\/2024\/10\/Cartaz_de_1888_comemorativo_a_Abolicao_da_Escravidao_no_Brasil-e1728058742281.jpg\" alt=\"\" class=\"wp-image-188455\" srcset=\"https:\/\/sme.goiania.go.gov.br\/conexaoescola\/wp-content\/uploads\/2024\/10\/Cartaz_de_1888_comemorativo_a_Abolicao_da_Escravidao_no_Brasil-e1728058742281.jpg 555w, https:\/\/sme.goiania.go.gov.br\/conexaoescola\/wp-content\/uploads\/2024\/10\/Cartaz_de_1888_comemorativo_a_Abolicao_da_Escravidao_no_Brasil-e1728058742281-217x300.jpg 217w\" sizes=\"(max-width: 555px) 100vw, 555px\" \/><\/figure><\/div>\n\n\n<p class=\"has-text-align-center has-black-color has-text-color has-link-color has-small-font-size wp-elements-38bcc5bfe8dcec9a196970c1d1075b85\">Fonte: Cartaz, do acervo do Arquivo Nacional do Brasil, feito em 1888 por uma f\u00e1brica de tecidos. Dispon\u00edvel em: &lt;<a href=\"https:\/\/commons.wikimedia.org\/wiki\/File:Cartaz_de_1888_comemorativo_a_Aboli%C3%A7%C3%A3o_da_Escravid%C3%A3o_no_Brasil.jpg\">https:\/\/commons.wikimedia.org\/wiki\/File:Cartaz_de_1888_comemorativo_a_Aboli%C3%A7%C3%A3o_da_Escravid%C3%A3o_no_Brasil.jpg<\/a>&gt;. Acesso em 27 de set. de 2024.<\/p>\n\n\n\n<p class=\"has-black-color has-text-color has-link-color has-medium-font-size wp-elements-529ed661ea691bf494a505a86d51b9e0\">O cartaz acima, faz parte do acervo do Arquivo Nacional do Brasil, foi produzido em 1888 por uma f\u00e1brica de tecidos e retrata um momento simb\u00f3lico do fim da escravid\u00e3o no pa\u00eds. Na imagem, \u00e9 poss\u00edvel ver dois cidad\u00e3os, um branco e um negro, apertando as m\u00e3os em sinal de cordialidade e respeito m\u00fatuo. Ao fundo, uma fl\u00e2mula com a Bandeira do Imp\u00e9rio do Brasil destaca o contexto hist\u00f3rico, celebrando o marco da aboli\u00e7\u00e3o da escravatura.&nbsp;<\/p>\n\n\n\n<p class=\"has-black-color has-text-color has-link-color has-medium-font-size wp-elements-e0bfa2c55f3329e14744bd193923ff1d\">O cartaz reflete a percep\u00e7\u00e3o de que o fim da escravid\u00e3o traria harmonia entre as ra\u00e7as no Brasil imperial, uma vis\u00e3o otimista, mas distante da realidade social complexa que seguiu ap\u00f3s a aboli\u00e7\u00e3o. Pois, mesmo ap\u00f3s a aboli\u00e7\u00e3o definitiva da escravid\u00e3o em 1888, a maioria dos ex-escravizados se viu sem acesso \u00e0 terra e sem alternativas econ\u00f4micas vi\u00e1veis, mantendo-os em uma posi\u00e7\u00e3o de vulnerabilidade.<\/p>\n\n\n\n<p class=\"has-black-color has-text-color has-link-color has-medium-font-size wp-elements-8d8244185bd3e27aaa6106f46b63a93c\"><strong>A Lei de Terras de 1850 e a organiza\u00e7\u00e3o social<\/strong><\/p>\n\n\n\n<p class=\"has-black-color has-text-color has-link-color has-medium-font-size wp-elements-404088b08416e3fe9cf30eb4c178ebac\">A Lei de Terras de 1850 desempenhou um papel crucial na organiza\u00e7\u00e3o social e econ\u00f4mica do Brasil no s\u00e9culo XIX. Ao relacionar a legisla\u00e7\u00e3o com o fim do tr\u00e1fico negreiro e o processo de aboli\u00e7\u00e3o gradual da escravatura, percebemos como a elite agr\u00e1ria visou manter seu poder econ\u00f4mico, restringindo o acesso \u00e0 terra e controlando o mercado de trabalho. A exclus\u00e3o de ex-escravizados e camponeses pobres do direito \u00e0 terra foi uma das estrat\u00e9gias fundamentais para garantir a perman\u00eancia de uma estrutura agr\u00e1ria altamente concentrada, que continuou a influenciar as desigualdades no Brasil mesmo ap\u00f3s o fim da escravid\u00e3o.<\/p>\n\n\n\n<p class=\"has-black-color has-text-color has-link-color has-medium-font-size wp-elements-9ea9de3557edab6b4469dff93e6affdc\"><\/p>\n\n\n\n<p class=\"has-text-align-center has-black-color has-text-color has-background has-medium-font-size\" style=\"background-color:#ffd2ae\"><strong>RESPONDA \u00c0S QUEST\u00d5ES<\/strong><\/p>\n\n\n\n<p class=\"has-black-color has-pale-cyan-blue-background-color has-text-color has-background has-medium-font-size\"><strong>QUEST\u00c3O 01<\/strong><\/p>\n\n\n\n<p class=\"has-black-color has-text-color has-medium-font-size\">Fa\u00e7a uma an\u00e1lise comparando a elite agr\u00e1ria da \u00e9poca da lei de terras de 1850 com a elite agr\u00e1ria atualmente no Brasil.<\/p>\n\n\n\n<p><\/p>\n\n\n\n<p class=\"has-black-color has-pale-cyan-blue-background-color has-text-color has-background has-medium-font-size\"><strong><strong>QUEST\u00c3O<\/strong> 02<\/strong><\/p>\n\n\n\n<p class=\"has-black-color has-text-color has-medium-font-size\">Fa\u00e7a uma pesquisa sobre a reforma agr\u00e1ria no Brasil. Ap\u00f3s o estudo da pesquisa, produza um texto sobre os pontos positivos e os pontos negativos da implanta\u00e7\u00e3o de uma pol\u00edtica de reforma agr\u00e1ria no Brasil.<\/p>\n\n\n\n<p><\/p>\n\n\n\n<p class=\"has-black-color has-pale-cyan-blue-background-color has-text-color has-background has-medium-font-size\"><strong><strong>QUEST\u00c3O<\/strong> 03<\/strong><\/p>\n\n\n\n<p class=\"has-black-color has-text-color has-link-color has-medium-font-size wp-elements-ebb8652faf0d60da0b4f8fe8876d7f43\">A Lei de Terras de 1850 \u00e9 um marco fundamental na hist\u00f3ria do Brasil, particularmente quando analisada em conjunto com o fim do tr\u00e1fico de escravizados africanos e o processo gradual de aboli\u00e7\u00e3o da escravatura. Essa legisla\u00e7\u00e3o surgiu em um momento de grandes transforma\u00e7\u00f5es no pa\u00eds, especialmente devido \u00e0s press\u00f5es internacionais e internas para o fim do tr\u00e1fico negreiro e \u00e0 necessidade da elite agr\u00e1ria de reorganizar a estrutura fundi\u00e1ria brasileira. Com isso, o principal objetivo da Lei de Terras de 1850 no Brasil foi a<\/p>\n\n\n\n<p class=\"has-black-color has-text-color has-link-color has-medium-font-size wp-elements-a0bba47de6809b6c2f6db4c30a787302\">(A) distribui\u00e7\u00e3o e regulariza\u00e7\u00e3o de terras aos escravos rec\u00e9m-libertados.\u00a0<\/p>\n\n\n\n<p class=\"has-black-color has-text-color has-link-color has-medium-font-size wp-elements-4bd049e1a09d44ed58eb92e5aae92577\">(B) facilitar o acesso gratuito \u00e0 terra para todos os cidad\u00e3os do Brasil.\u00a0<\/p>\n\n\n\n<p class=\"has-black-color has-text-color has-link-color has-medium-font-size wp-elements-e2c9e5cfbef53cf6667051e82608c386\">(C) estabelecer que a posse de terras s\u00f3 seria poss\u00edvel mediante compra.\u00a0<\/p>\n\n\n\n<p class=\"has-black-color has-text-color has-link-color has-medium-font-size wp-elements-2e1997ca2b6544d86b3f068fcf9774c6\">(D) reverter as terras dos grandes latifundi\u00e1rios para o governo e imigrantes.<\/p>\n\n\n\n<p><\/p>\n\n\n\n<p class=\"has-black-color has-pale-cyan-blue-background-color has-text-color has-background has-medium-font-size\"><strong><strong>QUEST\u00c3O<\/strong> 04<\/strong><\/p>\n\n\n\n<p class=\"has-black-color has-text-color has-link-color has-medium-font-size wp-elements-b76d96d6a35c492d436ddb924eac3be9\">A Lei de Terras, aprovada no mesmo ano que a Lei Eus\u00e9bio de Queir\u00f3s, visava reorganizar a posse da terra no Brasil, que at\u00e9 ent\u00e3o se baseava no sistema de sesmarias, concedidas pelo Estado. E o principal motivo para a cria\u00e7\u00e3o da Lei de Terras de 1850 foi a necessidade de<\/p>\n\n\n\n<p class=\"has-black-color has-text-color has-link-color has-medium-font-size wp-elements-2c25ee188a1b01effdd99cebda2877e1\">(A) proteger as terras ind\u00edgenas contra invasores estrangeiros e grileiros.\u00a0<\/p>\n\n\n\n<p class=\"has-black-color has-text-color has-link-color has-medium-font-size wp-elements-8313d2cc01156222fbfb3efe2bea3518\">(B) impedir a posse gratuita de terras por trabalhadores pobres e imigrantes.\u00a0<\/p>\n\n\n\n<p class=\"has-black-color has-text-color has-link-color has-medium-font-size wp-elements-a896d417ef400659815b9dbaba431741\">(C) garantir que as terras devolutas fossem distribu\u00eddas aos ex-escravos.\u00a0<\/p>\n\n\n\n<p class=\"has-black-color has-text-color has-link-color has-medium-font-size wp-elements-a7753a46ff6a2dea9c81c0a8b23ff78e\">(D) estabelecer a reforma agr\u00e1ria para evitar conflitos no campo e cidade.<\/p>\n\n\n\n<p><\/p>\n\n\n\n<hr class=\"wp-block-separator has-alpha-channel-opacity\"\/>\n\n\n\n<figure class=\"wp-block-table is-style-stripes\" style=\"font-size:15px\"><table class=\"has-black-color has-text-color\"><tbody><tr><td><strong>Autoria:<\/strong><\/td><td>Prof. Me.: Gabriel Ramos Paiva<\/td><\/tr><tr><td><strong>Forma\u00e7\u00e3o:<\/strong><\/td><td>Licenciatura em Geografia;<br>Bacharelado em Geografia;<br>Licenciatura em Pedagogia;<br>Mestre em Geografia pelo IESA-UFG.<\/td><\/tr><tr><td><strong>Componente Curricular:<\/strong><\/td><td>Hist\u00f3ria<\/td><\/tr><tr><td><strong>DCGO \u2013 AMPLIADO (1\u00ba corte) Habilidades:<\/strong><\/td><td>(GO-EF08HI18-B) Refletir sobre o fim do tr\u00e1fico negreiro, a aboli\u00e7\u00e3o gradual da escravatura e a introdu\u00e7\u00e3o da m\u00e3o de obra imigrante, relacionando-os com a Lei de Terras de 1850, a concentra\u00e7\u00e3o&nbsp;fundi\u00e1ria e os conflitos no campo, no passado e no presente.<\/td><\/tr><tr><td><strong>Matriz de habilidades essenciais:<\/strong><\/td><td>Conhecer o significado da Lei de Terras de 1850, relacionando-a ao&nbsp;fim do tr\u00e1fico negreiro e o processo de aboli\u00e7\u00e3o gradual da escravatura.<\/td><\/tr><tr><td><strong>Refer\u00eancias:<\/strong><\/td><td>GADELHA, Regina Maria d&#8217;Aquino Fonseca. LEI DE TERRAS (1850) E A ABOLI\u00c7\u00c3O DA ESCRAVID\u00c3O CAPITALISMO E FOR\u00c7A DE TRABALHO NO BRASIL DO S\u00c9CULO XIX. R. Hist\u00f3ria, USP, 120, p. 153-162, jan\/jul. S\u00e3o Paulo,1989. Dispon\u00edvel em: &lt;<a href=\"https:\/\/revhistoria.usp.br\/?p=316\">https:\/\/revhistoria.usp.br\/?p=316<\/a>&gt;.&nbsp; Acesso em 26 de set. de 2024.<\/td><\/tr><\/tbody><\/table><\/figure>\n","protected":false},"author":20,"featured_media":188455,"template":"","ef_categoria":[16],"ef_ano":[91],"ef_componente":[95],"class_list":["post-188454","ensino_fundamental","type-ensino_fundamental","status-publish","has-post-thumbnail","hentry","ef_categoria-ciclo-da-adolescencia-hi","ef_ano-8o-ano","ef_componente-historia","entry","has-media"],"acf":[],"_links":{"self":[{"href":"https:\/\/sme.goiania.go.gov.br\/conexaoescola\/wp-json\/wp\/v2\/ensino_fundamental\/188454","targetHints":{"allow":["GET"]}}],"collection":[{"href":"https:\/\/sme.goiania.go.gov.br\/conexaoescola\/wp-json\/wp\/v2\/ensino_fundamental"}],"about":[{"href":"https:\/\/sme.goiania.go.gov.br\/conexaoescola\/wp-json\/wp\/v2\/types\/ensino_fundamental"}],"author":[{"embeddable":true,"href":"https:\/\/sme.goiania.go.gov.br\/conexaoescola\/wp-json\/wp\/v2\/users\/20"}],"version-history":[{"count":3,"href":"https:\/\/sme.goiania.go.gov.br\/conexaoescola\/wp-json\/wp\/v2\/ensino_fundamental\/188454\/revisions"}],"predecessor-version":[{"id":188927,"href":"https:\/\/sme.goiania.go.gov.br\/conexaoescola\/wp-json\/wp\/v2\/ensino_fundamental\/188454\/revisions\/188927"}],"wp:featuredmedia":[{"embeddable":true,"href":"https:\/\/sme.goiania.go.gov.br\/conexaoescola\/wp-json\/wp\/v2\/media\/188455"}],"wp:attachment":[{"href":"https:\/\/sme.goiania.go.gov.br\/conexaoescola\/wp-json\/wp\/v2\/media?parent=188454"}],"wp:term":[{"taxonomy":"ef_categoria","embeddable":true,"href":"https:\/\/sme.goiania.go.gov.br\/conexaoescola\/wp-json\/wp\/v2\/ef_categoria?post=188454"},{"taxonomy":"ef_ano","embeddable":true,"href":"https:\/\/sme.goiania.go.gov.br\/conexaoescola\/wp-json\/wp\/v2\/ef_ano?post=188454"},{"taxonomy":"ef_componente","embeddable":true,"href":"https:\/\/sme.goiania.go.gov.br\/conexaoescola\/wp-json\/wp\/v2\/ef_componente?post=188454"}],"curies":[{"name":"wp","href":"https:\/\/api.w.org\/{rel}","templated":true}]}}