{"id":188382,"date":"2024-10-04T07:00:00","date_gmt":"2024-10-04T10:00:00","guid":{"rendered":"https:\/\/sme.goiania.go.gov.br\/conexaoescola\/?post_type=ensino_fundamental&#038;p=188382"},"modified":"2024-10-03T13:57:23","modified_gmt":"2024-10-03T16:57:23","slug":"arte-artes-visuais-arte-figurativa-um-olhar-investigativo","status":"publish","type":"ensino_fundamental","link":"https:\/\/sme.goiania.go.gov.br\/conexaoescola\/ensino_fundamental\/arte-artes-visuais-arte-figurativa-um-olhar-investigativo\/","title":{"rendered":"Arte\/Artes Visuais &#8211; Arte Figurativa: Um Olhar Investigativo"},"content":{"rendered":"\n<p class=\"has-text-align-center has-background has-medium-font-size\" style=\"background-color:#abb7c285\">Esta proposta de atividade de ARTE\/ARTES VISUAIS \u00e9 destinada aos estudantes do 7\u00ba ano do Ensino Fundamental.<\/p>\n\n\n\n<p><\/p>\n\n\n\n<div class=\"wp-block-buttons is-content-justification-center is-layout-flex wp-container-core-buttons-is-layout-16018d1d wp-block-buttons-is-layout-flex\">\n<div class=\"wp-block-button has-custom-font-size has-medium-font-size\"><a class=\"wp-block-button__link wp-element-button\" href=\"https:\/\/drive.google.com\/uc?export=download&amp;id=1zlMfKefMVzw5BeKZLjOUnlWc_ioK_0Nh\">BAIXE A ATIVIDADE<\/a><\/div>\n\n\n\n<div class=\"wp-block-button has-custom-font-size has-medium-font-size\"><a class=\"wp-block-button__link wp-element-button\" href=\"https:\/\/drive.google.com\/uc?export=download&amp;id=1zM8BjQChAEApFtNeX-TfKyWPA7qD5zTT\">BAIXE OS SLIDES<\/a><\/div>\n\n\n\n<div class=\"wp-block-button has-custom-font-size has-medium-font-size\"><a class=\"wp-block-button__link wp-element-button\" href=\"https:\/\/drive.google.com\/uc?export=download&amp;id=1--VVV7RVIzXvb-ES1NY26EyMVr8I-bz3\">BAIXE O TEXTO<\/a><\/div>\n<\/div>\n\n\n\n<p><\/p>\n\n\n<div class=\"wp-block-image\">\n<figure class=\"aligncenter size-full\"><img fetchpriority=\"high\" decoding=\"async\" width=\"460\" height=\"306\" src=\"https:\/\/sme.goiania.go.gov.br\/conexaoescola\/wp-content\/uploads\/2024\/10\/image-10.png\" alt=\"\" class=\"wp-image-188383\" srcset=\"https:\/\/sme.goiania.go.gov.br\/conexaoescola\/wp-content\/uploads\/2024\/10\/image-10.png 460w, https:\/\/sme.goiania.go.gov.br\/conexaoescola\/wp-content\/uploads\/2024\/10\/image-10-300x200.png 300w\" sizes=\"(max-width: 460px) 100vw, 460px\" \/><figcaption class=\"wp-element-caption\">Dispon\u00edvel em <a href=\"https:\/\/pxhere.com\/pt\/photo\/1267636\">https:\/\/pxhere.com\/pt\/photo\/1267636<\/a> A<a href=\"https:\/\/www.flickr.com\/photos\/10015563@N03\/13693292495\/in\/photolist-mS2GMV-9upSut-bozBrE-J82wFx-2fEUd-gLhJ62-gHoNU7-5HTdEu-Mp6eWu-NUJH17-4wCZUR-9YcUN6-8CKkDG-LWccvW-7XJk3G-asQJpn-aPbL22-9ra88K-ai5X48-3wdP2C-gHoQ7f-eaHLBV-5DXn9A-CqrVp-fDdKDh-atp6MF-468N79-5DXdKf-aPbKmt-CqoW3-gHmYVm-8vnTjZ-xe3YEY-gHox9t-pgyxVz-cue6Eh-gK9rtY-aPbMvc-mS4wZJ-8t7u8G-4r5ZmW-6Pftz7-pw1BRb-eqViZ-aRtXVK-rExQdB-pQ7L46-akfJqb-pgzD9h-gK74Rc%20Acesso%20em%2002\">cesso em 02<\/a>, out. 2024.<\/figcaption><\/figure><\/div>\n\n\n<p><\/p>\n\n\n\n<p class=\"has-text-align-center has-medium-font-size\"><strong>Arte Figurativa: Um Olhar Investigativo<\/strong><\/p>\n\n\n\n<p><\/p>\n\n\n<div class=\"wp-block-image\">\n<figure class=\"aligncenter size-full\"><img decoding=\"async\" width=\"574\" height=\"400\" src=\"https:\/\/sme.goiania.go.gov.br\/conexaoescola\/wp-content\/uploads\/2024\/10\/image-11.png\" alt=\"\" class=\"wp-image-188384\" srcset=\"https:\/\/sme.goiania.go.gov.br\/conexaoescola\/wp-content\/uploads\/2024\/10\/image-11.png 574w, https:\/\/sme.goiania.go.gov.br\/conexaoescola\/wp-content\/uploads\/2024\/10\/image-11-300x209.png 300w\" sizes=\"(max-width: 574px) 100vw, 574px\" \/><\/figure><\/div>\n\n\n<p class=\"has-text-align-center has-small-font-size\">Dispon\u00edvel em <a href=\"https:\/\/www.flickr.com\/photos\/pedrosimoes7\/37024193633%20Acesso%20em%2002\">https:\/\/www.flickr.com\/photos\/pedrosimoes7\/37024193633 Acesso em 02<\/a>, out. 2024.<\/p>\n\n\n\n<p class=\"has-medium-font-size\">O que essa imagem representa?<\/p>\n\n\n\n<p class=\"has-medium-font-size\">Que mensagens s\u00e3o transmitidas?<\/p>\n\n\n\n<p class=\"has-medium-font-size\">Como as formas e cores dialogam com o espectador?<\/p>\n\n\n\n<p class=\"has-medium-font-size\">Quais sensa\u00e7\u00f5es ou reflex\u00f5es despertam?<\/p>\n\n\n\n<p class=\"has-medium-font-size\">Que hist\u00f3rias essa pintura poderia nos contar?<\/p>\n\n\n\n<p class=\"has-medium-font-size\">Ao contemplar a obra <strong><em>Delicioso Jardim<\/em><\/strong> (1970) de Ant\u00f3nio Palolo, somos levados a um universo que mistura o natural e o imagin\u00e1rio. A figura central emerge em um jardim simb\u00f3lico, onde formas l\u00fadicas e a natureza se fundem. As cores e formas vibrantes evocam o conceito de &#8220;delicioso&#8221;, proporcionando prazer e abund\u00e2ncia.<\/p>\n\n\n\n<p class=\"has-medium-font-size\">O di\u00e1logo entre a figura e o ambiente desperta o questionamento: Essa figura est\u00e1 em harmonia ou em conflito com a natureza?<\/p>\n\n\n\n<p class=\"has-medium-font-size\">As interpreta\u00e7\u00f5es s\u00e3o pessoais e ao mesmo tempo ativam nosso olhar cr\u00edtico sobre as m\u00faltiplas camadas de significa\u00e7\u00e3o e mensagens que a imagem transmite.<\/p>\n\n\n\n<p class=\"has-medium-font-size\"><strong>Leitura e Interpreta\u00e7\u00e3o de Imagens<\/strong><\/p>\n\n\n\n<p class=\"has-medium-font-size\">O processo de leitura e interpreta\u00e7\u00e3o de imagens envolve tanto a observa\u00e7\u00e3o dos elementos visuais quanto a ativa\u00e7\u00e3o de nossas refer\u00eancias culturais, sociais e pessoais. Na arte figurativa, onde a imagem representada tende a ser algo identific\u00e1vel (uma figura humana, um objeto do cotidiano, uma paisagem), o espectador muitas vezes se sente atra\u00eddo para um primeiro n\u00edvel de leitura mais imediato, ou seja, identifica apenas o que est\u00e1 sendo retratado. Contudo, a leitura cr\u00edtica vai al\u00e9m dessa primeira camada. Ela envolve a desconstru\u00e7\u00e3o do que parece \u00f3bvio, para investigar <em>como<\/em> e <em>por que<\/em> a imagem foi composta daquela maneira.<\/p>\n\n\n\n<p class=\"has-medium-font-size\">No caso de <em>Delicious Garden<\/em>, o t\u00edtulo nos direciona a um jardim, mas n\u00e3o a qualquer jardim.<\/p>\n\n\n\n<p class=\"has-medium-font-size\">Que associa\u00e7\u00f5es voc\u00ea faz entre este jardim e seus pr\u00f3prios conceitos de para\u00edso ou natureza?<\/p>\n\n\n\n<p class=\"has-medium-font-size\">Ao expandir essa investiga\u00e7\u00e3o, podemos olhar para outras obras de arte figurativa e questionar como elas nos fazem repensar nossas percep\u00e7\u00f5es do mundo ao redor. Por exemplo, em <em>O Nascimento de V\u00eanus<\/em> (c. 1486), de Sandro Botticelli, a figura de V\u00eanus emerge das \u00e1guas como s\u00edmbolo de beleza idealizada.<\/p>\n\n\n<div class=\"wp-block-image\">\n<figure class=\"aligncenter size-full\"><img decoding=\"async\" width=\"632\" height=\"408\" src=\"https:\/\/sme.goiania.go.gov.br\/conexaoescola\/wp-content\/uploads\/2024\/10\/image-12.png\" alt=\"\" class=\"wp-image-188386\" srcset=\"https:\/\/sme.goiania.go.gov.br\/conexaoescola\/wp-content\/uploads\/2024\/10\/image-12.png 632w, https:\/\/sme.goiania.go.gov.br\/conexaoescola\/wp-content\/uploads\/2024\/10\/image-12-300x194.png 300w\" sizes=\"(max-width: 632px) 100vw, 632px\" \/><\/figure><\/div>\n\n\n<p class=\"has-text-align-center has-small-font-size\">Dispon\u00edvel em <a href=\"https:\/\/www.needpix.com\/photo\/51183\/\">https:\/\/www.needpix.com\/photo\/51183\/<\/a> Acesso em 02, out. 2024.<\/p>\n\n\n\n<p class=\"has-medium-font-size\">Como a imagem de V\u00eanus influencia nossa percep\u00e7\u00e3o da beleza feminina hoje?<\/p>\n\n\n\n<p class=\"has-medium-font-size\">Como essa obra contribui para os padr\u00f5es est\u00e9ticos que consumimos diariamente na m\u00eddia?<\/p>\n\n\n\n<p class=\"has-medium-font-size\">Da mesma forma, em <em>American Gothic<\/em> (1930), de Grant Wood, o retrato de um casal rural americano nos leva a refletir sobre o estilo de vida, os valores e a identidade cultural.<\/p>\n\n\n<div class=\"wp-block-image\">\n<figure class=\"aligncenter size-full is-resized\"><img loading=\"lazy\" decoding=\"async\" width=\"470\" height=\"568\" src=\"https:\/\/sme.goiania.go.gov.br\/conexaoescola\/wp-content\/uploads\/2024\/10\/image-13.png\" alt=\"\" class=\"wp-image-188387\" style=\"width:379px;height:auto\" srcset=\"https:\/\/sme.goiania.go.gov.br\/conexaoescola\/wp-content\/uploads\/2024\/10\/image-13.png 470w, https:\/\/sme.goiania.go.gov.br\/conexaoescola\/wp-content\/uploads\/2024\/10\/image-13-248x300.png 248w\" sizes=\"(max-width: 470px) 100vw, 470px\" \/><\/figure><\/div>\n\n\n<p class=\"has-text-align-center has-small-font-size\">Dispon\u00edvel em <a href=\"https:\/\/www.flickr.com\/photos\/vintage_illustration\/51926606927%20Acesso%20em%2002\">https:\/\/www.flickr.com\/photos\/vintage_illustration\/51926606927 Acesso em 02<\/a>, out. 2024.<\/p>\n\n\n\n<p class=\"has-medium-font-size\">O que essa pintura nos revela sobre as tens\u00f5es entre tradi\u00e7\u00e3o e modernidade, entre o rural e o urbano?<\/p>\n\n\n\n<p class=\"has-medium-font-size\">E como essa imagem pode ecoar nossas pr\u00f3prias reflex\u00f5es sobre o que \u00e9 ser &#8220;tradicional&#8221; atualmente?<\/p>\n\n\n\n<p class=\"has-medium-font-size\"><strong>A Influ\u00eancia das Imagens em Nossa Sociedade<\/strong><\/p>\n\n\n\n<p class=\"has-medium-font-size\">A cada dia, somos inundados por imagens que moldam nossas percep\u00e7\u00f5es e atitudes. Publicidade, redes sociais, filmes, fotografias, todas essas formas de representa\u00e7\u00e3o visual influenciam nossas escolhas, gostos e comportamentos.<\/p>\n\n\n<div class=\"wp-block-image\">\n<figure class=\"aligncenter size-full is-resized\"><img loading=\"lazy\" decoding=\"async\" width=\"444\" height=\"444\" src=\"https:\/\/sme.goiania.go.gov.br\/conexaoescola\/wp-content\/uploads\/2024\/10\/image-14.png\" alt=\"\" class=\"wp-image-188389\" style=\"width:342px;height:auto\" srcset=\"https:\/\/sme.goiania.go.gov.br\/conexaoescola\/wp-content\/uploads\/2024\/10\/image-14.png 444w, https:\/\/sme.goiania.go.gov.br\/conexaoescola\/wp-content\/uploads\/2024\/10\/image-14-300x300.png 300w, https:\/\/sme.goiania.go.gov.br\/conexaoescola\/wp-content\/uploads\/2024\/10\/image-14-150x150.png 150w\" sizes=\"(max-width: 444px) 100vw, 444px\" \/><\/figure><\/div>\n\n\n<p class=\"has-text-align-center has-small-font-size\">Fonte: Canva.com<\/p>\n\n\n\n<p class=\"has-medium-font-size\">De que forma essa imagem me afeta?<\/p>\n\n\n\n<p class=\"has-medium-font-size\">Que valores ou ideologias ela refor\u00e7a?<\/p>\n\n\n\n<p class=\"has-medium-font-size\">Muitas vezes, consumimos essas imagens de maneira passiva, sem nos questionarmos sobre suas inten\u00e7\u00f5es ou implica\u00e7\u00f5es. No entanto, um olhar cr\u00edtico \u00e9 essencial para decifrar essas mensagens sutis e entender como as imagens est\u00e3o imersas em um jogo de poder, controle e sedu\u00e7\u00e3o.<\/p>\n\n\n\n<p class=\"has-medium-font-size\"><strong>O Olhar Cr\u00edtico e o Consumo de Imagens<\/strong><\/p>\n\n\n\n<p class=\"has-medium-font-size\">Desenvolver um olhar cr\u00edtico para o consumo de imagens \u00e9 crucial em nossa sociedade visual. A arte figurativa, ao representar e distorcer a realidade, nos convida a refletir sobre temas como corpo, natureza, beleza e identidade. Esse processo de interpreta\u00e7\u00e3o nos torna espectadores mais conscientes, revelando como as imagens moldam nossas identidades.<\/p>\n\n\n<div class=\"wp-block-image\">\n<figure class=\"aligncenter size-full is-resized\"><img loading=\"lazy\" decoding=\"async\" width=\"376\" height=\"469\" src=\"https:\/\/sme.goiania.go.gov.br\/conexaoescola\/wp-content\/uploads\/2024\/10\/image-15.png\" alt=\"\" class=\"wp-image-188390\" style=\"width:320px;height:auto\" srcset=\"https:\/\/sme.goiania.go.gov.br\/conexaoescola\/wp-content\/uploads\/2024\/10\/image-15.png 376w, https:\/\/sme.goiania.go.gov.br\/conexaoescola\/wp-content\/uploads\/2024\/10\/image-15-241x300.png 241w\" sizes=\"(max-width: 376px) 100vw, 376px\" \/><\/figure><\/div>\n\n\n<p class=\"has-text-align-center has-small-font-size\">Dispon\u00edvel em <a href=\"https:\/\/www.pexels.com\/pt-br\/foto\/mulher-maquiar-se-3093938\/\">https:\/\/www.pexels.com\/pt-br\/foto\/mulher-maquiar-se-3093938\/<\/a> Acesso em 02, out. 2024.<\/p>\n\n\n\n<p class=\"has-medium-font-size\">Ao questionar o papel das imagens no cotidiano, entendemos seu poder de nos manipular ou libertar, transformando nosso modo de ver e experienciar o mundo.<\/p>\n\n\n\n<p class=\"has-medium-font-size\"><strong>Desafio<\/strong><\/p>\n\n\n\n<p class=\"has-medium-font-size\">Escolha uma obra de arte figurativa que te chame a aten\u00e7\u00e3o e fa\u00e7a uma an\u00e1lise pessoal. Quais s\u00e3o os elementos visuais que mais te impressionam? Que hist\u00f3ria essa obra conta para voc\u00ea? <\/p>\n\n\n\n<p class=\"has-background has-medium-font-size\" style=\"background-color:#abb7c285\"><strong>QUEST\u00c3O 1<\/strong><\/p>\n\n\n\n<p class=\"has-medium-font-size\">A obra \u201cDelicioso Jardim\u201d de Ant\u00f3nio Palolo, tem como figura central um jardim simb\u00f3lico, onde as cores, as formas l\u00fadicas e a natureza se fundem, sugerindo<\/p>\n\n\n\n<p class=\"has-medium-font-size\">(A) a fus\u00e3o entre o real e o imagin\u00e1rio.<\/p>\n\n\n\n<p class=\"has-medium-font-size\">(B) um cen\u00e1rio comum de uma pra\u00e7a.<\/p>\n\n\n\n<p class=\"has-medium-font-size\">(C) as cores r\u00edgidas e formas da natureza.<\/p>\n\n\n\n<p class=\"has-medium-font-size\">(D) uma cr\u00edtica pol\u00edtica ao meio ambiente.<\/p>\n\n\n\n<p class=\"has-background has-medium-font-size\" style=\"background-color:#abb7c285\"><strong>QUEST\u00c3O 2<\/strong><\/p>\n\n\n\n<p class=\"has-medium-font-size\">O processo de leitura e interpreta\u00e7\u00e3o de imagens envolve tanto a observa\u00e7\u00e3o dos elementos visuais quanto a ativa\u00e7\u00e3o de nossas refer\u00eancias culturais, sociais e pessoais. Na arte figurativa, onde a imagem representada tende a ser algo identific\u00e1vel, o espectador muitas vezes se sente atra\u00eddo para um primeiro n\u00edvel de leitura mais imediato, ou seja, identifica apenas o que est\u00e1 sendo retratado.<\/p>\n\n\n\n<p class=\"has-medium-font-size\">(A) desconstr\u00f3i completamente a imagem.<\/p>\n\n\n\n<p class=\"has-medium-font-size\">(B) ativa e valoriza as emo\u00e7\u00f5es do artista.<\/p>\n\n\n\n<p class=\"has-medium-font-size\">(C) identifica o que est\u00e1 sendo retratado.<\/p>\n\n\n\n<p class=\"has-medium-font-size\">(D) analisa criticamente o uso das cores.<\/p>\n\n\n\n<p class=\"has-background has-medium-font-size\" style=\"background-color:#abb7c285\"><strong>QUEST\u00c3O 3<\/strong><\/p>\n\n\n\n<p class=\"has-medium-font-size\">O que o processo de leitura cr\u00edtica de uma imagem busca investigar?<\/p>\n\n\n\n<p class=\"has-background has-medium-font-size\" style=\"background-color:#abb7c285\"><strong>QUEST\u00c3O 4<\/strong><\/p>\n\n\n\n<p class=\"has-medium-font-size\">Por que \u00e9 essencial desenvolver um olhar cr\u00edtico para o consumo de imagens em nossa sociedade visual?<\/p>\n\n\n\n<hr class=\"wp-block-separator has-alpha-channel-opacity\"\/>\n\n\n\n<figure class=\"wp-block-table is-style-stripes has-medium-font-size\"><table><tbody><tr><td>Autoria<\/td><td>Veruska Bettiol<\/td><\/tr><tr><td>Forma\u00e7\u00e3o<\/td><td>Artes Visuais<\/td><\/tr><tr><td>Componente Curricular<\/td><td>Arte\/Artes Visuais<\/td><\/tr><tr><td>Habilidade<\/td><td>(GO-EF07AR06-A) Desenvolver processos de cria\u00e7\u00e3o em artes visuais com base em temas cotidianos ou de interesses art\u00edsticos, de modo individual, autoral, coletivo e colaborativo, fazendo uso de materiais, suportes, ferramentas, instrumentos, recursos convencionais, alternativos e digitais.<\/td><\/tr><tr><td>Refer\u00eancias<\/td><td>KELLNER, D. <strong>Lendo imagens criticamente: em dire\u00e7\u00e3o a uma pedagogia p\u00f3s-moderna.<\/strong> In: SILVA, T. T. (org.) Alien\u00edgenas na sala de aula: uma introdu\u00e7\u00e3o aos estudos culturais em educa\u00e7\u00e3o. Petr\u00f3polis: Vozes, 1995.<br>MANGUEL, A. <strong>Lendo imagens<\/strong>. S\u00e3o Paulo: Companhia das Letras, 2001.<br>ROSSI, M. H. <strong>Imagens que falam<\/strong>. Porto Alegre: Media\u00e7\u00e3o, 2003.<\/td><\/tr><\/tbody><\/table><\/figure>\n","protected":false},"author":62,"featured_media":188383,"template":"","ef_categoria":[15,27],"ef_ano":[90],"ef_componente":[99],"class_list":["post-188382","ensino_fundamental","type-ensino_fundamental","status-publish","has-post-thumbnail","hentry","ef_categoria-ciclo-da-adolescencia-fg","ef_categoria-corpo-e-movimento-ciclo-da-adolescencia-fg","ef_ano-7o-ano","ef_componente-arte-ef","entry","has-media"],"acf":[],"_links":{"self":[{"href":"https:\/\/sme.goiania.go.gov.br\/conexaoescola\/wp-json\/wp\/v2\/ensino_fundamental\/188382","targetHints":{"allow":["GET"]}}],"collection":[{"href":"https:\/\/sme.goiania.go.gov.br\/conexaoescola\/wp-json\/wp\/v2\/ensino_fundamental"}],"about":[{"href":"https:\/\/sme.goiania.go.gov.br\/conexaoescola\/wp-json\/wp\/v2\/types\/ensino_fundamental"}],"author":[{"embeddable":true,"href":"https:\/\/sme.goiania.go.gov.br\/conexaoescola\/wp-json\/wp\/v2\/users\/62"}],"version-history":[{"count":1,"href":"https:\/\/sme.goiania.go.gov.br\/conexaoescola\/wp-json\/wp\/v2\/ensino_fundamental\/188382\/revisions"}],"predecessor-version":[{"id":188391,"href":"https:\/\/sme.goiania.go.gov.br\/conexaoescola\/wp-json\/wp\/v2\/ensino_fundamental\/188382\/revisions\/188391"}],"wp:featuredmedia":[{"embeddable":true,"href":"https:\/\/sme.goiania.go.gov.br\/conexaoescola\/wp-json\/wp\/v2\/media\/188383"}],"wp:attachment":[{"href":"https:\/\/sme.goiania.go.gov.br\/conexaoescola\/wp-json\/wp\/v2\/media?parent=188382"}],"wp:term":[{"taxonomy":"ef_categoria","embeddable":true,"href":"https:\/\/sme.goiania.go.gov.br\/conexaoescola\/wp-json\/wp\/v2\/ef_categoria?post=188382"},{"taxonomy":"ef_ano","embeddable":true,"href":"https:\/\/sme.goiania.go.gov.br\/conexaoescola\/wp-json\/wp\/v2\/ef_ano?post=188382"},{"taxonomy":"ef_componente","embeddable":true,"href":"https:\/\/sme.goiania.go.gov.br\/conexaoescola\/wp-json\/wp\/v2\/ef_componente?post=188382"}],"curies":[{"name":"wp","href":"https:\/\/api.w.org\/{rel}","templated":true}]}}