{"id":188102,"date":"2024-09-27T09:19:44","date_gmt":"2024-09-27T12:19:44","guid":{"rendered":"https:\/\/sme.goiania.go.gov.br\/conexaoescola\/?post_type=ensino_fundamental&#038;p=188102"},"modified":"2024-10-15T15:42:11","modified_gmt":"2024-10-15T18:42:11","slug":"lingua-portuguesa-genero-textual-contos","status":"publish","type":"ensino_fundamental","link":"https:\/\/sme.goiania.go.gov.br\/conexaoescola\/ensino_fundamental\/lingua-portuguesa-genero-textual-contos\/","title":{"rendered":"L\u00cdNGUA PORTUGUESA &#8211; G\u00caNERO TEXTUAL: CONTOS"},"content":{"rendered":"\n<p class=\"has-text-align-center has-background has-medium-font-size\" style=\"background-color:#fbf1f3\"><strong>ESTA PROPOSTA DE ATIVIDADE DE L\u00cdNGUA PORTUGUESA \u00c9 DESTINADA AOS ESTUDANTES DO 1\u00ba ANO DOS ANOS INICIAS DO ENSINO FUNDAMENTAL.<\/strong><\/p>\n\n\n\n<div class=\"wp-block-buttons is-content-justification-center is-layout-flex wp-container-core-buttons-is-layout-16018d1d wp-block-buttons-is-layout-flex\">\n<div class=\"wp-block-button\"><a class=\"wp-block-button__link wp-element-button\" href=\"https:\/\/drive.google.com\/uc?export=download&amp;id=1UUDtvUjKOQR4Qg6xpeRpoumQXFAzFlg5\">BAIXE A ATIVIDADE<\/a><\/div>\n\n\n\n<div class=\"wp-block-button\"><a class=\"wp-block-button__link wp-element-button\" href=\"https:\/\/drive.google.com\/uc?export=download&amp;id=1Co65eg6lZ64U9ccS5to3NQyGTf33uviq\">BAIXE OS SLIDES<\/a><\/div>\n\n\n\n<div class=\"wp-block-button\"><a class=\"wp-block-button__link wp-element-button\" href=\"https:\/\/drive.google.com\/uc?export=download&amp;id=1XyFra0-1XLUX80BEMpai0jxh15UEzqzW\">BAIXE O TEXTO<\/a><\/div>\n<\/div>\n\n\n\n<p class=\"has-medium-font-size\">OS CONTOS<\/p>\n\n\n\n<figure class=\"wp-block-image\"><img decoding=\"async\" src=\"https:\/\/lh7-rt.googleusercontent.com\/docsz\/AD_4nXeoZBEYZ2pDggrjgUrq3QlJ1W4uSFwmtRG0iLcXtshTiHPAc9BE3caihFm0MGx7a8AVNfmDbsqyBVSmRUy4KIgvRtxSuXWT70RqjMrETZ-Shy6edixfg4ZuzDS2PlMaG2gWHBzYsXX7bM77aRKQtUnWUjYtblHGpZXB_6Fsyw?key=MKBNHnq7obfYdGLj6H8FiA\" alt=\"\"\/><\/figure>\n\n\n\n<p class=\"has-text-align-center has-background has-medium-font-size\" style=\"background-color:#f3e8e8\">OS CONTOS S\u00c3O HIST\u00d3RIAS CURTAS E ENVOLVENTES, QUE PODEM SER FICT\u00cdCIAS OU BASEADAS EM FATOS, CRIADAS PARA ENTRETER, ENSINAR OU PROVOCAR REFLEX\u00d5ES.&nbsp;<\/p>\n\n\n\n<p class=\"has-text-align-center has-background has-medium-font-size\" style=\"background-color:#f6f1fa\">TRABALHAR COM CONTOS EM SALA DE AULA \u00c9 UMA OPORTUNIDADE RICA PARA DESENVOLVER HABILIDADES DE LEITURA, INTERPRETA\u00c7\u00c3O E COMPREENS\u00c3O TEXTUAL.&nbsp;<\/p>\n\n\n\n<p class=\"has-text-align-center has-background has-medium-font-size\" style=\"background-color:#f3ede9\">ESSES TEXTOS S\u00c3O, EM GERAL, ACOMPANHADOS DE ILUSTRA\u00c7\u00d5ES QUE AJUDAM AS CRIAN\u00c7AS A ANTECIPAR A HIST\u00d3RIA, AL\u00c9M DE PROMOVEREM UMA COMPREENS\u00c3O MAIS L\u00daDICA E ACESS\u00cdVEL.<\/p>\n\n\n\n<h4 class=\"wp-block-heading has-background has-medium-font-size\" style=\"background-color:#ecf4f1\">ANTECIPA\u00c7\u00c3O E EXPECTATIVAS DO TEXTO<\/h4>\n\n\n\n<ul class=\"wp-block-list\">\n<li class=\"has-medium-font-size\">O QUE VOC\u00caS ACHAM QUE VAI ACONTECER NESSA HIST\u00d3RIA?<\/li>\n\n\n\n<li class=\"has-medium-font-size\">COMO S\u00c3O OS PERSONAGENS? ELES PARECEM FELIZES, TRISTES OU ASSUSTADOS?<\/li>\n\n\n\n<li class=\"has-medium-font-size\">PELO T\u00cdTULO, ONDE VOC\u00caS ACHAM QUE A HIST\u00d3RIA SE PASSA?<\/li>\n<\/ul>\n\n\n\n<h4 class=\"wp-block-heading has-background has-medium-font-size\" style=\"background-color:#f1faf6\">LOCALIZANDO INFORMA\u00c7\u00d5ES EXPL\u00cdCITAS<\/h4>\n\n\n\n<ul class=\"wp-block-list\">\n<li class=\"has-medium-font-size\">ONDE O PERSONAGEM PRINCIPAL MORA?<\/li>\n\n\n\n<li class=\"has-medium-font-size\">QUEM AJUDOU O PERSONAGEM EM UM DETERMINADO MOMENTO?<\/li>\n\n\n\n<li class=\"has-medium-font-size\">O QUE ACONTECEU NO FINAL DA HIST\u00d3RIA?<\/li>\n<\/ul>\n\n\n\n<h4 class=\"wp-block-heading has-background has-medium-font-size\" style=\"background-color:#f3f8f6\">IDENTIFICANDO A FUN\u00c7\u00c3O SOCIAL DO CONTO<\/h4>\n\n\n\n<ul class=\"wp-block-list\">\n<li class=\"has-medium-font-size\">PARA QUE SERVE UMA HIST\u00d3RIA COMO ESSA?<\/li>\n\n\n\n<li class=\"has-medium-font-size\">ONDE ENCONTRAMOS CONTOS (LIVROS, REVISTAS, SITES)?<\/li>\n\n\n\n<li class=\"has-medium-font-size\">QUEM VOC\u00caS ACHAM QUE ESCREVEU ESSA HIST\u00d3RIA? PARA QUEM ELA FOI ESCRITA?<\/li>\n<\/ul>\n\n\n\n<p class=\"has-text-align-center has-background has-medium-font-size\" style=\"background-color:#f8f5ed\">OS CONTOS T\u00caM DIFERENTES FUN\u00c7\u00d5ES (ENTRETER, ENSINAR, MORALIZAR), QUE CIRCULAM EM DIFERENTES MEIOS E QUE S\u00c3O PRODUZIDOS POR AUTORES PARA P\u00daBLICOS ESPEC\u00cdFICOS, GERALMENTE INFANTIS.<\/p>\n\n\n\n<hr class=\"wp-block-separator has-alpha-channel-opacity\"\/>\n\n\n\n<p class=\"has-text-align-center has-background has-medium-font-size\" style=\"background-color:#fbfafd\">VAMOS FAZER AS ATIVIDADES?<\/p>\n\n\n\n<p class=\"has-background has-medium-font-size\" style=\"background-color:#e1eef6\">QUEST\u00c3O 1 <\/p>\n\n\n\n<p class=\"has-medium-font-size\">VAMOS OUVIR A HIST\u00d3RIA: JO\u00c3O E MARIA? DEPOIS, VAMOS RESPONDER \u00c0S QUEST\u00d5ES QUE SE SEGUEM.&nbsp;<\/p>\n\n\n<div class=\"wp-block-image\">\n<figure class=\"aligncenter is-resized\"><img decoding=\"async\" src=\"https:\/\/lh7-rt.googleusercontent.com\/docsz\/AD_4nXdZJxhV_WpMnpFs4op6cGL_kNUmomsrj1PB3qpuOPn2CHmKpWfZrQ6v6Mjtt5z5ZhYX_Fn00GsVmUHLgMX7E6KbVLQQViXQxcT7odCDPQlpFIpt_mWTkl6t2dnLN0ZuhT6f17nOJsGXHrbSX1y-mox7B7XpwerogfeTHPV9cA?key=h30t6366GYjBAIHZEiS6iw\" alt=\"\" style=\"width:306px;height:auto\"\/><\/figure><\/div>\n\n\n<hr class=\"wp-block-separator has-alpha-channel-opacity\"\/>\n\n\n\n<p class=\"has-background has-medium-font-size\" style=\"background-color:#eaf0f3\">QUEST\u00c3O 2<\/p>\n\n\n\n<p class=\"has-medium-font-size\">O NOME DA IRM\u00c3 DE JO\u00c3O \u00c9<br><img decoding=\"async\" width=\"461.1084961167333\" height=\"260.0252329192546\" src=\"https:\/\/lh7-rt.googleusercontent.com\/docsz\/AD_4nXemWR7WEbP9u8CoXwwiCE6tsJmZ_eJ8gCe0yIu_M--Ul_tVsErXyDqYs5QwC9eKdoeZC4Qio5GN827YL_t8W_elKqqhGTd27UiY23pbaY97hdtlbDpR0YVPlpZwJuawvJd_MwnX7INCtyR2O-dwPTL3vil4tdbU_BEIijtBbw?key=h30t6366GYjBAIHZEiS6iw\"><\/p>\n\n\n\n<p class=\"has-medium-font-size\">(A) ANA.<br>(B) MARIA.<br>(C) CLARA.<br>(D) SOFIA.<\/p>\n\n\n\n<hr class=\"wp-block-separator has-alpha-channel-opacity\"\/>\n\n\n\n<p class=\"has-background has-medium-font-size\" style=\"background-color:#ebf5fa\">QUEST\u00c3O 3 <\/p>\n\n\n\n<p class=\"has-medium-font-size\">NA FLORESTA, JO\u00c3O E MARIA ENCONTRARAM<\/p>\n\n\n<div class=\"wp-block-image\">\n<figure class=\"aligncenter is-resized\"><img decoding=\"async\" src=\"https:\/\/lh7-rt.googleusercontent.com\/docsz\/AD_4nXc11kUT07FIe-SGSu96eVu7Qk3Z16k32UvdftraJgvhVA7ompKZl0wZR7s-PQ0PGd76PBuqHfsxz5SKVAdVVGiz5tV3W2AIDCJ3xDXiGa1mh7ynNChu0WyuAoL77zGUOwIRJ6InnTd5yo800oNptFfszag_gVOveDMhyPtBcQ?key=h30t6366GYjBAIHZEiS6iw\" alt=\"\" style=\"width:577px;height:auto\"\/><\/figure><\/div>\n\n\n<p class=\"has-medium-font-size\">(A) UMA CABANA DE MADEIRA.<br>(B) UMA CASA FEITA DE DOCES.<br>(C) UM CASTELO ENORME.<br>(D) UMA CAVERNA FRIA.<\/p>\n\n\n\n<hr class=\"wp-block-separator has-alpha-channel-opacity\"\/>\n\n\n\n<p class=\"has-background has-medium-font-size\" style=\"background-color:#eaf3f8\">QUEST\u00c3O 4 <\/p>\n\n\n\n<p class=\"has-medium-font-size\">QUEM MORAVA NA CASA DE DOCES ERA<\/p>\n\n\n<div class=\"wp-block-image\">\n<figure class=\"aligncenter is-resized\"><img decoding=\"async\" src=\"https:\/\/lh7-rt.googleusercontent.com\/docsz\/AD_4nXfzyaSATfIOdmA5Rm4zvN3D2GcSpJCYL_6jIf7ctKq_UmeqySNI4tH0PWEJu-U-XbYJyQ0lmzwRM9taDmPAaIdjNwBKS6UKLxE-9YDdRCHW_vWEWC4rXrwPJfF0RCg48j50AhjpjhWNVSW6Vg6s1Gca7ZgKyw_-B8mk5QN1MA?key=h30t6366GYjBAIHZEiS6iw\" alt=\"\" style=\"width:604px;height:auto\"\/><\/figure><\/div>\n\n\n<p class=\"has-medium-font-size\"><br>(A) UM GIGANTE.<br>(B) UMA BRUXA.<br>(C) UM LOBO.<br>(D) UM DRAG\u00c3O.<\/p>\n\n\n\n<hr class=\"wp-block-separator has-alpha-channel-opacity\"\/>\n\n\n\n<p class=\"has-background has-medium-font-size\" style=\"background-color:#f4f7f8\">QUEST\u00c3O 4 <\/p>\n\n\n\n<p class=\"has-medium-font-size\">O QUE VOC\u00ca FARIA SE ESTIVESSE NO LUGAR DE JO\u00c3O E MARIA AO ENCONTRAR A CASA DE DOCES?<\/p>\n\n\n\n<p class=\"has-large-font-size\">_________________________________________________________________________________________________________________________________________________________________________________________________________________________________________________________________________<\/p>\n\n\n\n<hr class=\"wp-block-separator has-alpha-channel-opacity\"\/>\n\n\n\n<p class=\"has-background has-medium-font-size\" style=\"background-color:#eaf3f8\">QUEST\u00c3O 5 <\/p>\n\n\n\n<p class=\"has-medium-font-size\">POR QUE VOC\u00ca ACHA QUE A BRUXA QUERIA CAPTURAR JO\u00c3O E MARIA?<\/p>\n\n\n\n<p class=\"has-large-font-size\">_________________________________________________________________________________________________________________________________________________________________________________________________________________________________________________________________________<\/p>\n\n\n\n<hr class=\"wp-block-separator has-alpha-channel-opacity\"\/>\n\n\n\n<p class=\"has-background has-medium-font-size\" style=\"background-color:#ebf5fa\">QUEST\u00c3O 6 <\/p>\n\n\n\n<p class=\"has-medium-font-size\">QUAL LI\u00c7\u00c3O VOC\u00ca ACHA QUE A HIST\u00d3RIA DE JO\u00c3O E MARIA ENSINA PARA AS CRIAN\u00c7AS?<\/p>\n\n\n\n<p class=\"has-large-font-size\">_________________________________________________________________________________________________________________________________________________________________________________________________________________________________________________________________________<\/p>\n\n\n\n<hr class=\"wp-block-separator has-alpha-channel-opacity\"\/>\n\n\n\n<figure class=\"wp-block-table is-style-stripes\"><table><tbody><tr><td><strong>AUTORIA<\/strong><\/td><td>MARIA DA LUZ SANTOS RAMOS<\/td><\/tr><tr><td><strong>FORMA\u00c7\u00c3O<\/strong><\/td><td>DOUTORA EM EDUCA\u00c7\u00c3O<\/td><\/tr><tr><td><strong>COMPONENTE&nbsp;<\/strong><strong>CURRICULAR:<\/strong><\/td><td><strong>L\u00cdNGUA PORTUGUESA<\/strong><\/td><\/tr><tr><td><strong>HABILIDADES:<\/strong><\/td><td>(EF15LP02) ESTABELECER EXPECTATIVAS EM RELA\u00c7\u00c3O AO TEXTO QUE VAI LER (PRESSUPOSI\u00c7\u00d5ES ANTECIPADORAS DOS SENTIDOS, DA FORMA E DA FUN\u00c7\u00c3O SOCIAL DO TEXTO), APOIANDO-SE EM SEUS CONHECIMENTOS PR\u00c9VIOS SOBRE AS CONDI\u00c7\u00d5ES DE PRODU\u00c7\u00c3O E RECEP\u00c7\u00c3O DESSE TEXTO, O G\u00caNERO, O SUPORTE E O UNIVERSO TEM\u00c1TICO, BEM COMO SOBRE SALI\u00caNCIAS TEXTUAIS, RECURSOS GR\u00c1FICOS, IMAGENS, DADOS DA PR\u00d3PRIA OBRA (\u00cdNDICE, PREF\u00c1CIO ETC.), CONFIRMANDO ANTECIPA\u00c7\u00d5ES E INFER\u00caNCIAS REALIZADAS ANTES E DURANTE A LEITURA DE TEXTOS, CHECANDO A ADEQUA\u00c7\u00c3O DAS HIP\u00d3TESES REALIZADAS.&nbsp;(EF15LP03) LOCALIZAR INFORMA\u00c7\u00d5ES EXPL\u00cdCITAS EM TEXTOS.&nbsp;(EF15LP01) IDENTIFICAR A FUN\u00c7\u00c3O SOCIAL DE TEXTOS QUE CIRCULAM EM CAMPOS DA VIDA SOCIAL DOS QUAIS PARTICIPA COTIDIANAMENTE (A CASA, A RUA, A COMUNIDADE, A ESCOLA) E NAS M\u00cdDIAS IMPRESSA, DE MASSA E DIGITAL, RECONHECENDO PARA QUE FORAM PRODUZIDOS, ONDE CIRCULAM, QUEM OS PRODUZIU E A QUEM SE DESTINAM.<\/td><\/tr><tr><td><strong>REFER\u00caNCIAS<\/strong><\/td><td>GOVERNO DO ESTADO DE GOI\u00c1S. SECRET\u00c1RIA DE ESTADO DE EDUCA\u00c7\u00c3O \u2013 SEDUC\/CONSED. DOCUMENTO CURRICULAR PARA GOI\u00c1S \u2013 AMPLIADO: <strong>VOLUME II ENSINO FUNDAMENTAL ANOS INICIAIS<\/strong>.<br>IMAGEM DO SITE: CANVA.COMMEIRELES, Cec\u00edlia. <strong>Ou isto ou aquilo.<\/strong> S\u00e3o Paulo: Nova Fronteira, 1997.&nbsp;MORAES, Vin\u00edcius. <strong>Arca de No\u00e9.<\/strong> S\u00e3o Paulo: Companhia das Letrinhas, 1970.<\/td><\/tr><\/tbody><\/table><\/figure>\n\n\n\n<p><\/p>\n\n\n\n<p><\/p>\n\n\n\n<p><\/p>\n\n\n\n<p><\/p>\n","protected":false},"author":39,"featured_media":188209,"template":"","ef_categoria":[193],"ef_ano":[84],"ef_componente":[93],"class_list":["post-188102","ensino_fundamental","type-ensino_fundamental","status-publish","has-post-thumbnail","hentry","ef_categoria-anos-iniciais","ef_ano-1o-ano","ef_componente-portugues","entry","has-media"],"acf":[],"_links":{"self":[{"href":"https:\/\/sme.goiania.go.gov.br\/conexaoescola\/wp-json\/wp\/v2\/ensino_fundamental\/188102","targetHints":{"allow":["GET"]}}],"collection":[{"href":"https:\/\/sme.goiania.go.gov.br\/conexaoescola\/wp-json\/wp\/v2\/ensino_fundamental"}],"about":[{"href":"https:\/\/sme.goiania.go.gov.br\/conexaoescola\/wp-json\/wp\/v2\/types\/ensino_fundamental"}],"author":[{"embeddable":true,"href":"https:\/\/sme.goiania.go.gov.br\/conexaoescola\/wp-json\/wp\/v2\/users\/39"}],"version-history":[{"count":2,"href":"https:\/\/sme.goiania.go.gov.br\/conexaoescola\/wp-json\/wp\/v2\/ensino_fundamental\/188102\/revisions"}],"predecessor-version":[{"id":188902,"href":"https:\/\/sme.goiania.go.gov.br\/conexaoescola\/wp-json\/wp\/v2\/ensino_fundamental\/188102\/revisions\/188902"}],"wp:featuredmedia":[{"embeddable":true,"href":"https:\/\/sme.goiania.go.gov.br\/conexaoescola\/wp-json\/wp\/v2\/media\/188209"}],"wp:attachment":[{"href":"https:\/\/sme.goiania.go.gov.br\/conexaoescola\/wp-json\/wp\/v2\/media?parent=188102"}],"wp:term":[{"taxonomy":"ef_categoria","embeddable":true,"href":"https:\/\/sme.goiania.go.gov.br\/conexaoescola\/wp-json\/wp\/v2\/ef_categoria?post=188102"},{"taxonomy":"ef_ano","embeddable":true,"href":"https:\/\/sme.goiania.go.gov.br\/conexaoescola\/wp-json\/wp\/v2\/ef_ano?post=188102"},{"taxonomy":"ef_componente","embeddable":true,"href":"https:\/\/sme.goiania.go.gov.br\/conexaoescola\/wp-json\/wp\/v2\/ef_componente?post=188102"}],"curies":[{"name":"wp","href":"https:\/\/api.w.org\/{rel}","templated":true}]}}