{"id":1879,"date":"2020-05-28T09:46:08","date_gmt":"2020-05-28T12:46:08","guid":{"rendered":"http:\/\/sme.goiania.go.gov.br\/conexaoescola\/?post_type=ensino_fundamental&#038;p=1879"},"modified":"2026-02-19T15:42:54","modified_gmt":"2026-02-19T18:42:54","slug":"o-direito-de-brincar-2","status":"publish","type":"ensino_fundamental","link":"https:\/\/sme.goiania.go.gov.br\/conexaoescola\/ensino_fundamental\/o-direito-de-brincar-2\/","title":{"rendered":"Hist\u00f3ria e L\u00edngua Portuguesa &#8211; O direito de brincar"},"content":{"rendered":"\n<p>Voc\u00ea gosta de brincar? Quais brincadeiras voc\u00ea conhece? Vamos ouvir uma m\u00fasica?<\/p>\n\n\n\n<figure class=\"wp-block-embed is-type-video is-provider-youtube wp-block-embed-youtube wp-embed-aspect-16-9 wp-has-aspect-ratio\"><div class=\"wp-block-embed__wrapper\">\n<p class=\"responsive-video-wrap clr\"><iframe title=\"Palavra Cantada | Crian\u00e7a n\u00e3o Trabalha\" width=\"1200\" height=\"675\" src=\"https:\/\/www.youtube.com\/embed\/lgDOXkKSobM?feature=oembed\" frameborder=\"0\" allow=\"accelerometer; autoplay; encrypted-media; gyroscope; picture-in-picture\" allowfullscreen><\/iframe><\/p>\n<\/div><\/figure>\n\n\n\n<p>(\u201cCrian\u00e7a n\u00e3o trabalha\u201d, canal Palavra Cantada- Youtube)<\/p>\n\n\n\n<p>Gostou da m\u00fasica? Na can\u00e7\u00e3o aparecem v\u00e1rias brincadeiras, voc\u00ea conhece alguma?<\/p>\n\n\n\n<p>Pergunte para algum adulto de sua fam\u00edlia quais eram as brincadeiras da sua \u00e9poca.<\/p>\n\n\n\n<p>As brincadeiras de antigamente s\u00e3o as mesmas que voc\u00ea brinca hoje?<\/p>\n\n\n\n<p>Escreva em seu caderno quais s\u00e3o iguais e quais s\u00e3o diferentes.<\/p>\n\n\n\n<p>\u00c9 muito importante brincar! Como diz a m\u00fasica, a crian\u00e7a n\u00e3o deve trabalhar e sim brincar, esse \u00e9 um direito definido em Lei.<\/p>\n\n\n\n<p>Essa lei \u00e9 chamada de <em>Estatuto da crian\u00e7a e do adolescente<\/em> e estabelece os direitos e deveres das crian\u00e7as e adolescentes<\/p>\n\n\n\n<p>Vamos conhecer esses direitos e deveres.<\/p>\n\n\n\n<p>Leia o material clicando no link abaixo.<\/p>\n\n\n\n<p><strong>Clique nesse Link Azul<\/strong>: <a rel=\"noreferrer noopener\" href=\"https:\/\/plenarinho.leg.br\/wp-content\/uploads\/2017\/01\/ECA_2015_3a_reimpressao_2016web.pdf\" target=\"_blank\">https:\/\/plenarinho.leg.br\/wp-Content\/uploads\/2017\/01\/ECA_2015_3a_reimpressao_2016web.pdf<\/a><\/p>\n\n\n\n<p>E a\u00ed, aprendeu sobre os seus direitos e deveres com a turma da M\u00f4nica?<\/p>\n\n\n\n<p>Agora, pergunte a algum adulto de sua casa como viviam e como eram tratadas as crian\u00e7as antigamente.<\/p>\n\n\n\n<p>Escreva um texto sobre a import\u00e2ncia do Estatuto da Crian\u00e7a e do Adolescente.<\/p>\n\n\n\n<p>N\u00e3o se esque\u00e7a de dar um t\u00edtulo para o seu texto.<\/p>\n\n\n\n<p>Para saber mais:<\/p>\n\n\n\n<p>Brincadeiras de antigamente:<\/p>\n\n\n\n<p><a href=\"https:\/\/www.todamateria.com.br\/brincadeiras-folcloricas\/\" target=\"_blank\" rel=\"noreferrer noopener\">https:\/\/www.todamateria.com.br\/brincadeiras-folcloricas\/<\/a><\/p>\n\n\n\n<p>DIREITOS DAS CRIAN\u00c7AS &#8211; especial de dia das crian\u00e7as | Faf\u00e1 Conta<\/p>\n\n\n\n<figure class=\"wp-block-embed is-type-video is-provider-youtube wp-block-embed-youtube wp-embed-aspect-16-9 wp-has-aspect-ratio\"><div class=\"wp-block-embed__wrapper\">\n<p class=\"responsive-video-wrap clr\"><iframe title=\"DIREITOS DAS CRIAN\u00c7AS - especial de dia das crian\u00e7as | Faf\u00e1 Conta\" width=\"1200\" height=\"675\" src=\"https:\/\/www.youtube.com\/embed\/v2sjbImajqY?feature=oembed\" frameborder=\"0\" allow=\"accelerometer; autoplay; clipboard-write; encrypted-media; gyroscope; picture-in-picture; web-share\" referrerpolicy=\"strict-origin-when-cross-origin\" allowfullscreen><\/iframe><\/p>\n<\/div><figcaption class=\"wp-element-caption\">Dispon\u00edvel em: <a href=\"https:\/\/youtu.be\/v2sjbImajqY\">https:\/\/youtu.be\/v2sjbImajqY<\/a><\/figcaption><\/figure>\n\n\n\n<p><\/p>\n\n\n\n<hr class=\"wp-block-separator has-css-opacity\"\/>\n\n\n\n<p class=\"has-text-align-center\">Ensino Fundamental \u2013 Ciclo da Inf\u00e2ncia \u2013 C (3\u00ba Ano) \u2013 \u00c9tica e Cidadania<\/p>\n\n\n\n<figure class=\"wp-block-table\"><table><tbody><tr><td class=\"has-text-align-left\" data-align=\"left\"><strong>Componentes:<\/strong><br><br><strong>Hist\u00f3ria:<\/strong> A vida em casa, a vida na escola e formas de representa\u00e7\u00e3o social e espacial: os jogos e brincadeiras como forma de intera\u00e7\u00e3o social e espacial: Espa\u00e7os e tempos<br><strong>L\u00edngua Portuguesa: <\/strong>&nbsp;Identifica\u00e7\u00e3o da ideia central de textos<\/td><td class=\"has-text-align-left\" data-align=\"left\"><strong>HABILIDADES:<\/strong><br>(EF01HI05) identificar semelhan\u00e7as e diferen\u00e7as entre jogos e brincadeiras atuais e de outras \u00e9pocas e lugares.<br>(EF35LP03) identificar a ideia central de textos, demonstrando compreens\u00e3o global<\/td><\/tr><\/tbody><\/table><\/figure>\n\n\n\n<p><\/p>\n","protected":false},"author":8,"featured_media":1880,"template":"","ef_categoria":[13,20],"ef_ano":[86],"ef_componente":[95,93],"class_list":["post-1879","ensino_fundamental","type-ensino_fundamental","status-publish","has-post-thumbnail","hentry","ef_categoria-ciclo-da-infancia-abc","ef_categoria-etica-e-cidadania","ef_ano-3o-ano","ef_componente-historia","ef_componente-portugues","entry","has-media"],"acf":[],"_links":{"self":[{"href":"https:\/\/sme.goiania.go.gov.br\/conexaoescola\/wp-json\/wp\/v2\/ensino_fundamental\/1879","targetHints":{"allow":["GET"]}}],"collection":[{"href":"https:\/\/sme.goiania.go.gov.br\/conexaoescola\/wp-json\/wp\/v2\/ensino_fundamental"}],"about":[{"href":"https:\/\/sme.goiania.go.gov.br\/conexaoescola\/wp-json\/wp\/v2\/types\/ensino_fundamental"}],"author":[{"embeddable":true,"href":"https:\/\/sme.goiania.go.gov.br\/conexaoescola\/wp-json\/wp\/v2\/users\/8"}],"version-history":[{"count":1,"href":"https:\/\/sme.goiania.go.gov.br\/conexaoescola\/wp-json\/wp\/v2\/ensino_fundamental\/1879\/revisions"}],"predecessor-version":[{"id":202698,"href":"https:\/\/sme.goiania.go.gov.br\/conexaoescola\/wp-json\/wp\/v2\/ensino_fundamental\/1879\/revisions\/202698"}],"wp:featuredmedia":[{"embeddable":true,"href":"https:\/\/sme.goiania.go.gov.br\/conexaoescola\/wp-json\/wp\/v2\/media\/1880"}],"wp:attachment":[{"href":"https:\/\/sme.goiania.go.gov.br\/conexaoescola\/wp-json\/wp\/v2\/media?parent=1879"}],"wp:term":[{"taxonomy":"ef_categoria","embeddable":true,"href":"https:\/\/sme.goiania.go.gov.br\/conexaoescola\/wp-json\/wp\/v2\/ef_categoria?post=1879"},{"taxonomy":"ef_ano","embeddable":true,"href":"https:\/\/sme.goiania.go.gov.br\/conexaoescola\/wp-json\/wp\/v2\/ef_ano?post=1879"},{"taxonomy":"ef_componente","embeddable":true,"href":"https:\/\/sme.goiania.go.gov.br\/conexaoescola\/wp-json\/wp\/v2\/ef_componente?post=1879"}],"curies":[{"name":"wp","href":"https:\/\/api.w.org\/{rel}","templated":true}]}}