{"id":187646,"date":"2024-09-18T13:37:10","date_gmt":"2024-09-18T16:37:10","guid":{"rendered":"https:\/\/sme.goiania.go.gov.br\/conexaoescola\/?post_type=ensino_fundamental&#038;p=187646"},"modified":"2024-10-15T15:58:52","modified_gmt":"2024-10-15T18:58:52","slug":"geografia-o-desenvolvimento-das-cidades-inteligentes-e-o-5g-no-brasil","status":"publish","type":"ensino_fundamental","link":"https:\/\/sme.goiania.go.gov.br\/conexaoescola\/ensino_fundamental\/geografia-o-desenvolvimento-das-cidades-inteligentes-e-o-5g-no-brasil\/","title":{"rendered":"Geografia &#8211; O desenvolvimento das cidades inteligentes e o 5G no Brasil"},"content":{"rendered":"\n<p class=\"has-black-color has-vivid-green-cyan-background-color has-text-color has-background has-medium-font-size\">Esta proposta de atividade de<strong> GEOGRAFIA<\/strong> \u00e9 destinada aos estudantes do 7<strong>\u00ba ano<\/strong> do Ensino Fundamental anos iniciais.<\/p>\n\n\n\n<div class=\"wp-block-buttons is-content-justification-center is-layout-flex wp-container-core-buttons-is-layout-16018d1d wp-block-buttons-is-layout-flex\">\n<div class=\"wp-block-button has-custom-font-size has-medium-font-size\"><a class=\"wp-block-button__link has-white-color has-black-background-color has-text-color has-background wp-element-button\" href=\"https:\/\/drive.google.com\/uc?export=download&amp;id=16uH5btDmyIIRV4vt6Y7W50KE23GexVTe\">BAIXE A ATIVIDADE<\/a><\/div>\n\n\n\n<div class=\"wp-block-button has-custom-font-size has-medium-font-size\"><a class=\"wp-block-button__link has-white-color has-black-background-color has-text-color has-background wp-element-button\" href=\"https:\/\/drive.google.com\/uc?export=download&amp;id=1MMjSR0ZgQ1Pm5ipJSlFQQ8g6Q2nbjbzS\">BAIXE OS SLIDES<\/a><\/div>\n\n\n\n<div class=\"wp-block-button has-custom-font-size has-medium-font-size\"><a class=\"wp-block-button__link has-white-color has-black-background-color has-text-color has-background wp-element-button\" href=\"https:\/\/drive.google.com\/uc?export=download&amp;id=1NwqqaxFtSHT1VEIz3NCATgYM7ADBc8-3\">BAIXE O TEXTO<\/a><\/div>\n<\/div>\n\n\n\n<p><\/p>\n\n\n<div class=\"wp-block-image\">\n<figure class=\"aligncenter size-large\"><img fetchpriority=\"high\" decoding=\"async\" width=\"1024\" height=\"576\" src=\"https:\/\/sme.goiania.go.gov.br\/conexaoescola\/wp-content\/uploads\/2024\/09\/1-e1726676176915-1024x576.png\" alt=\"\" class=\"wp-image-187647\" srcset=\"https:\/\/sme.goiania.go.gov.br\/conexaoescola\/wp-content\/uploads\/2024\/09\/1-e1726676176915-1024x576.png 1024w, https:\/\/sme.goiania.go.gov.br\/conexaoescola\/wp-content\/uploads\/2024\/09\/1-e1726676176915-300x169.png 300w, https:\/\/sme.goiania.go.gov.br\/conexaoescola\/wp-content\/uploads\/2024\/09\/1-e1726676176915-768x432.png 768w, https:\/\/sme.goiania.go.gov.br\/conexaoescola\/wp-content\/uploads\/2024\/09\/1-e1726676176915-1536x864.png 1536w, https:\/\/sme.goiania.go.gov.br\/conexaoescola\/wp-content\/uploads\/2024\/09\/1-e1726676176915.png 1920w\" sizes=\"(max-width: 1024px) 100vw, 1024px\" \/><\/figure><\/div>\n\n\n<p><\/p>\n\n\n\n<p class=\"has-text-align-center has-black-color has-pale-cyan-blue-background-color has-text-color has-background has-link-color has-medium-font-size wp-elements-11d710aae34a62cf37a0c1c93f8f84e1\"><strong><strong>O desenvolvimento das cidades inteligentes e o 5G no Brasil <\/strong><\/strong><\/p>\n\n\n\n<p class=\"has-black-color has-text-color has-link-color has-medium-font-size wp-elements-d3ed34dcc7bd932caef827eb2e0c2389\">A internet 5G \u00e9 a nova gera\u00e7\u00e3o de conectividade sem fio e est\u00e1 revolucionando como as pessoas e as cidades se comunicam. Com mais velocidade e capacidade de conectar in\u00fameros dispositivos simultaneamente, o 5G est\u00e1 impulsionando o conceito de \u201ccidades inteligentes\u201d no Brasil e no mundo. As cidades inteligentes s\u00e3o aquelas que utilizam tecnologias avan\u00e7adas para melhorar a infraestrutura, os servi\u00e7os e a qualidade de vida dos habitantes, sempre buscando mais efici\u00eancia, sustentabilidade e seguran\u00e7a.&nbsp;<\/p>\n\n\n\n<p class=\"has-text-align-center has-black-color has-text-color has-link-color has-medium-font-size wp-elements-0a7fb70bed117fd6383c6767f949e203\"><strong>Cobertura da internet 5G nos estados brasileiros em 2024<\/strong><\/p>\n\n\n<div class=\"wp-block-image\">\n<figure class=\"aligncenter size-large\"><img decoding=\"async\" width=\"1024\" height=\"486\" src=\"https:\/\/sme.goiania.go.gov.br\/conexaoescola\/wp-content\/uploads\/2024\/09\/dados-sobre-o-5G-no-Brasil-e1726676289950-1024x486.png\" alt=\"\" class=\"wp-image-187650\" srcset=\"https:\/\/sme.goiania.go.gov.br\/conexaoescola\/wp-content\/uploads\/2024\/09\/dados-sobre-o-5G-no-Brasil-e1726676289950-1024x486.png 1024w, https:\/\/sme.goiania.go.gov.br\/conexaoescola\/wp-content\/uploads\/2024\/09\/dados-sobre-o-5G-no-Brasil-e1726676289950-300x142.png 300w, https:\/\/sme.goiania.go.gov.br\/conexaoescola\/wp-content\/uploads\/2024\/09\/dados-sobre-o-5G-no-Brasil-e1726676289950-768x364.png 768w, https:\/\/sme.goiania.go.gov.br\/conexaoescola\/wp-content\/uploads\/2024\/09\/dados-sobre-o-5G-no-Brasil-e1726676289950-1536x729.png 1536w, https:\/\/sme.goiania.go.gov.br\/conexaoescola\/wp-content\/uploads\/2024\/09\/dados-sobre-o-5G-no-Brasil-e1726676289950.png 1650w\" sizes=\"(max-width: 1024px) 100vw, 1024px\" \/><\/figure><\/div>\n\n\n<p class=\"has-text-align-center has-black-color has-text-color has-link-color has-small-font-size wp-elements-7516029828a030bea86cc7eeb3cd89f4\">Fonte: Anatel, 2024. Dispon\u00edvel em: &lt;<a href=\"https:\/\/informacoes.anatel.gov.br\/paineis\/infraestrutura\/cobertura-movel\">https:\/\/informacoes.anatel.gov.br\/paineis\/infraestrutura\/cobertura-movel<\/a>&gt;. Acesso em 18 de set. de 2024.<\/p>\n\n\n\n<p class=\"has-black-color has-text-color has-link-color has-medium-font-size wp-elements-232f2ca6b3008dc110652d698a3d5207\"><strong>A internet 5G e seu desenvolvimentos&nbsp;<\/strong><\/p>\n\n\n\n<p class=\"has-black-color has-text-color has-link-color has-medium-font-size wp-elements-8ea2c5a08a0118a6d4ae74c2f1e13d0f\">A internet 5G \u00e9 a quinta gera\u00e7\u00e3o da tecnologia de redes m\u00f3veis. Ela \u00e9 muito mais r\u00e1pida que o 4G e consegue suportar uma quantidade maior de dados, o que significa que mais dispositivos podem ser conectados ao mesmo tempo, sem perder qualidade. Essa tecnologia permite que objetos como carros, sem\u00e1foros, c\u00e2meras de seguran\u00e7a e at\u00e9 mesmo eletrodom\u00e9sticos estejam conectados \u00e0 internet, formando a chamada \u201cinternet das coisas\u201d (IoT, na sigla em ingl\u00eas).<\/p>\n\n\n\n<p class=\"has-text-align-center has-black-color has-text-color has-link-color has-medium-font-size wp-elements-1ddd11e661a465efab1f88eb44463613\"><strong>A internet das coisas<\/strong><\/p>\n\n\n<div class=\"wp-block-image\">\n<figure class=\"aligncenter size-large\"><img decoding=\"async\" width=\"1024\" height=\"576\" src=\"https:\/\/sme.goiania.go.gov.br\/conexaoescola\/wp-content\/uploads\/2024\/09\/2-e1726676195815-1024x576.png\" alt=\"\" class=\"wp-image-187648\" srcset=\"https:\/\/sme.goiania.go.gov.br\/conexaoescola\/wp-content\/uploads\/2024\/09\/2-e1726676195815-1024x576.png 1024w, https:\/\/sme.goiania.go.gov.br\/conexaoescola\/wp-content\/uploads\/2024\/09\/2-e1726676195815-300x169.png 300w, https:\/\/sme.goiania.go.gov.br\/conexaoescola\/wp-content\/uploads\/2024\/09\/2-e1726676195815-768x432.png 768w, https:\/\/sme.goiania.go.gov.br\/conexaoescola\/wp-content\/uploads\/2024\/09\/2-e1726676195815-1536x864.png 1536w, https:\/\/sme.goiania.go.gov.br\/conexaoescola\/wp-content\/uploads\/2024\/09\/2-e1726676195815.png 1920w\" sizes=\"(max-width: 1024px) 100vw, 1024px\" \/><\/figure><\/div>\n\n\n<p class=\"has-black-color has-text-color has-link-color has-medium-font-size wp-elements-9db12bdca32300b3b57abe508b48aff9\"><strong>Cidades inteligentes: o papel do 5G&nbsp;<\/strong><\/p>\n\n\n\n<p class=\"has-black-color has-text-color has-link-color has-medium-font-size wp-elements-5d86735db7add34d386261af91502162\">O desenvolvimento das cidades inteligentes depende fortemente de tecnologias como a internet 5G. Cidades inteligentes utilizam redes de sensores, c\u00e2meras e outros dispositivos conectados para monitorar e gerenciar recursos de forma mais eficiente. Com a chegada do 5G, essas cidades poder\u00e3o se expandir e funcionar ainda melhor. Veja alguns exemplos de como o 5G pode transformar as cidades brasileiras:<\/p>\n\n\n\n<p class=\"has-black-color has-text-color has-link-color has-medium-font-size wp-elements-643a5c118debc98fc7d39cb3da1eb422\"><strong>Mobilidade urbana: <\/strong>O 5G facilita a cria\u00e7\u00e3o de sistemas de transporte mais eficientes, com carros aut\u00f4nomos e sem\u00e1foros inteligentes que ajustam o tempo de abertura conforme o fluxo de ve\u00edculos, reduzindo engarrafamentos.<\/p>\n\n\n\n<p class=\"has-black-color has-text-color has-link-color has-medium-font-size wp-elements-cafe149aa11e7876f5e244dbd32c86ea\"><strong>Seguran\u00e7a p\u00fablica:<\/strong> C\u00e2meras de seguran\u00e7a conectadas ao 5G podem transmitir imagens de alta qualidade em tempo real, ajudando na preven\u00e7\u00e3o e no combate \u00e0 criminalidade. Al\u00e9m disso, sistemas de monitoramento poder\u00e3o identificar riscos com maior rapidez.<\/p>\n\n\n\n<p class=\"has-text-align-center has-black-color has-text-color has-link-color has-medium-font-size wp-elements-d9d5c380357a5968884a93c973141ed1\"><strong>A cidade do Futuro<\/strong><\/p>\n\n\n<div class=\"wp-block-image\">\n<figure class=\"aligncenter size-large\"><img fetchpriority=\"high\" decoding=\"async\" width=\"1024\" height=\"576\" src=\"https:\/\/sme.goiania.go.gov.br\/conexaoescola\/wp-content\/uploads\/2024\/09\/1-e1726676176915-1024x576.png\" alt=\"\" class=\"wp-image-187647\" srcset=\"https:\/\/sme.goiania.go.gov.br\/conexaoescola\/wp-content\/uploads\/2024\/09\/1-e1726676176915-1024x576.png 1024w, https:\/\/sme.goiania.go.gov.br\/conexaoescola\/wp-content\/uploads\/2024\/09\/1-e1726676176915-300x169.png 300w, https:\/\/sme.goiania.go.gov.br\/conexaoescola\/wp-content\/uploads\/2024\/09\/1-e1726676176915-768x432.png 768w, https:\/\/sme.goiania.go.gov.br\/conexaoescola\/wp-content\/uploads\/2024\/09\/1-e1726676176915-1536x864.png 1536w, https:\/\/sme.goiania.go.gov.br\/conexaoescola\/wp-content\/uploads\/2024\/09\/1-e1726676176915.png 1920w\" sizes=\"(max-width: 1024px) 100vw, 1024px\" \/><\/figure><\/div>\n\n\n<p class=\"has-black-color has-text-color has-link-color has-medium-font-size wp-elements-ad7c3d2d27a1118eb0002a4cd8c9a854\"><strong>Sustentabilidade: <\/strong>O 5G ajuda a monitorar o consumo de energia e \u00e1gua nas cidades, tornando esses servi\u00e7os mais eficientes. Sistemas inteligentes de ilumina\u00e7\u00e3o, por exemplo, podem ser acionados de forma autom\u00e1tica, economizando energia el\u00e9trica.<\/p>\n\n\n\n<p class=\"has-black-color has-text-color has-link-color has-medium-font-size wp-elements-038dd58b5cbd405346189089073fa7a7\"><strong>Sa\u00fade:<\/strong> Com o 5G, servi\u00e7os de sa\u00fade podem melhorar, com consultas remotas sendo feitas por v\u00eddeo em tempo real, e dispositivos m\u00e9dicos conectados monitorando a sa\u00fade dos pacientes \u00e0 dist\u00e2ncia.<\/p>\n\n\n\n<p class=\"has-black-color has-text-color has-link-color has-medium-font-size wp-elements-84352e18a7a6531973c9fc78f8cc3b2e\"><strong>O Brasil e o 5G&nbsp;<\/strong><\/p>\n\n\n\n<p class=\"has-black-color has-text-color has-link-color has-medium-font-size wp-elements-684c286b8254e9b8ccdecc69752bfe18\">No Brasil, o 5G come\u00e7ou a ser implementado recentemente em grandes cidades, como S\u00e3o Paulo, Bras\u00edlia e Rio de Janeiro. Com o tempo, essa tecnologia deve chegar tamb\u00e9m \u00e0s cidades menores. O governo e empresas privadas est\u00e3o investindo na instala\u00e7\u00e3o de antenas e redes necess\u00e1rias para a expans\u00e3o do 5G. Isso trar\u00e1 benef\u00edcios para v\u00e1rias \u00e1reas, desde a economia at\u00e9 a educa\u00e7\u00e3o e sa\u00fade.<\/p>\n\n\n\n<p class=\"has-black-color has-text-color has-link-color has-medium-font-size wp-elements-c07905fa2d3cad5f2d0e0de07a8ee13e\">No entanto, \u00e9 importante destacar que a transi\u00e7\u00e3o para cidades inteligentes no Brasil tamb\u00e9m enfrenta desafios, como o alto custo da infraestrutura e a necessidade de preparar a popula\u00e7\u00e3o para o uso dessas novas tecnologias. Outro ponto relevante \u00e9 a preocupa\u00e7\u00e3o com a privacidade dos dados e a seguran\u00e7a digital, j\u00e1 que a conex\u00e3o de muitos dispositivos pode gerar mais vulnerabilidades.<\/p>\n\n\n\n<p class=\"has-text-align-center has-black-color has-text-color has-link-color has-medium-font-size wp-elements-037ee8a822b28b9245479f1f8fb67967\"><strong>Cobertura da internet 5G em Goi\u00e1s &#8211; 2024<\/strong><\/p>\n\n\n<div class=\"wp-block-image\">\n<figure class=\"aligncenter size-large\"><img loading=\"lazy\" decoding=\"async\" width=\"1024\" height=\"547\" src=\"https:\/\/sme.goiania.go.gov.br\/conexaoescola\/wp-content\/uploads\/2024\/09\/cobertura-5-G-em-Goias-e1726676273828-1024x547.png\" alt=\"\" class=\"wp-image-187649\" srcset=\"https:\/\/sme.goiania.go.gov.br\/conexaoescola\/wp-content\/uploads\/2024\/09\/cobertura-5-G-em-Goias-e1726676273828-1024x547.png 1024w, https:\/\/sme.goiania.go.gov.br\/conexaoescola\/wp-content\/uploads\/2024\/09\/cobertura-5-G-em-Goias-e1726676273828-300x160.png 300w, https:\/\/sme.goiania.go.gov.br\/conexaoescola\/wp-content\/uploads\/2024\/09\/cobertura-5-G-em-Goias-e1726676273828-768x410.png 768w, https:\/\/sme.goiania.go.gov.br\/conexaoescola\/wp-content\/uploads\/2024\/09\/cobertura-5-G-em-Goias-e1726676273828.png 1290w\" sizes=\"(max-width: 1024px) 100vw, 1024px\" \/><\/figure><\/div>\n\n\n<p class=\"has-text-align-center has-black-color has-text-color has-link-color has-small-font-size wp-elements-7516029828a030bea86cc7eeb3cd89f4\">Fonte: Anatel, 2024. Dispon\u00edvel em: &lt;<a href=\"https:\/\/informacoes.anatel.gov.br\/paineis\/infraestrutura\/cobertura-movel\">https:\/\/informacoes.anatel.gov.br\/paineis\/infraestrutura\/cobertura-movel<\/a>&gt;. Acesso em 18 de set. de 2024.<\/p>\n\n\n\n<p class=\"has-black-color has-text-color has-link-color has-medium-font-size wp-elements-9eced4557bd480279acfc4472092af25\"><strong>O futuro das cidades inteligentes&nbsp;<\/strong><\/p>\n\n\n\n<p class=\"has-black-color has-text-color has-link-color has-medium-font-size wp-elements-ad388ea206cadaf7f07e15b074ffa28a\">A internet 5G tem o potencial de transformar as cidades brasileiras em cidades inteligentes, oferecendo mais qualidade de vida, seguran\u00e7a e efici\u00eancia para os cidad\u00e3os. No entanto, o sucesso dessa transforma\u00e7\u00e3o depende de investimentos em infraestrutura e educa\u00e7\u00e3o digital, al\u00e9m da cria\u00e7\u00e3o de pol\u00edticas p\u00fablicas que garantam o uso seguro e inclusivo dessas tecnologias. O 5G \u00e9 uma ferramenta poderosa, mas seu impacto real depender\u00e1 de como as cidades e as pessoas a utilizar\u00e3o.<\/p>\n\n\n\n<p><\/p>\n\n\n\n<p class=\"has-text-align-center has-black-color has-text-color has-background has-medium-font-size\" style=\"background-color:#ffd2ae\"><strong>RESPONDA \u00c0S QUEST\u00d5ES<\/strong><\/p>\n\n\n\n<p class=\"has-black-color has-pale-cyan-blue-background-color has-text-color has-background has-medium-font-size\"><strong>QUEST\u00c3O 01<\/strong><\/p>\n\n\n\n<p class=\"has-black-color has-text-color has-medium-font-size\">Voc\u00ea e sua fam\u00edlia tem acesso \u00e0 internet 5G? Como voc\u00eas utilizam ela? Produza um texto explicando como \u00e9 o uso da internet m\u00f3vel na sua casa.<\/p>\n\n\n\n<p><\/p>\n\n\n\n<p class=\"has-black-color has-pale-cyan-blue-background-color has-text-color has-background has-medium-font-size\"><strong><strong>QUEST\u00c3O<\/strong> 02<\/strong><\/p>\n\n\n\n<p class=\"has-black-color has-text-color has-medium-font-size\">Produza um texto sobre como voc\u00ea espera que as tecnologias da sua cidade ser\u00e1 daqui a 30 anos.<\/p>\n\n\n\n<p><\/p>\n\n\n\n<p class=\"has-black-color has-pale-cyan-blue-background-color has-text-color has-background has-medium-font-size\"><strong><strong>QUEST\u00c3O<\/strong> 03<\/strong><\/p>\n\n\n\n<p class=\"has-black-color has-text-color has-link-color has-medium-font-size wp-elements-d0eb8fc4481cea06b816685145b500c0\">O desenvolvimento das cidades inteligentes depende fortemente de tecnologias como a internet 5G. Cidades inteligentes utilizam redes de sensores, c\u00e2meras e outros dispositivos conectados para&nbsp;&nbsp;&nbsp;<\/p>\n\n\n\n<p class=\"has-medium-font-size\">(A) somente fiscalizar o tr\u00e2nsito para gerar multas instant\u00e2neas.<\/p>\n\n\n\n<p class=\"has-medium-font-size\">(B) voltar a organizar a mobilidade urbana de forma anal\u00f3gica.<\/p>\n\n\n\n<p class=\"has-medium-font-size\">(C) monitorar e gerenciar recursos de forma mais eficiente.<\/p>\n\n\n\n<p class=\"has-black-color has-text-color has-link-color has-medium-font-size wp-elements-9f98729e2a2716bb4d1d162a0adf0e92\">(D) somente servir como ponto de recarga de aparelhos.<\/p>\n\n\n\n<p><\/p>\n\n\n\n<p class=\"has-black-color has-pale-cyan-blue-background-color has-text-color has-background has-medium-font-size\"><strong><strong>QUEST\u00c3O<\/strong> 04<\/strong><\/p>\n\n\n\n<p class=\"has-black-color has-text-color has-link-color has-medium-font-size wp-elements-597f9f91c1e6a09cdd2d8e7b8eb89156\">A internet 5G \u00e9 a nova gera\u00e7\u00e3o de conectividade sem fio e est\u00e1 revolucionando como as pessoas e as cidades se comunicam. Com mais velocidade e capacidade de conectar in\u00fameros dispositivos simultaneamente, o 5G est\u00e1 impulsionando o conceito de \u201ccidades inteligentes\u201d no Brasil e no mundo. E um dos principais desafios para a implementa\u00e7\u00e3o do 5G no Brasil \u00e9 <\/p>\n\n\n\n<p class=\"has-black-color has-text-color has-link-color has-medium-font-size wp-elements-3378bd6d7ffaf429ba3cc4138c7ea73e\">(A) o desinteresse das grandes cidades em instalar a tecnologia.\u00a0<\/p>\n\n\n\n<p class=\"has-black-color has-text-color has-link-color has-medium-font-size wp-elements-d13f9f0b9c8c90cda38b6826af5e90d1\">(B) o alto custo de instala\u00e7\u00e3o da infraestrutura necess\u00e1ria.\u00a0<\/p>\n\n\n\n<p class=\"has-black-color has-text-color has-link-color has-medium-font-size wp-elements-cb4dfa7b04c10e1f40f42602e4e3f5ba\">(C) o fato de o 5G n\u00e3o ser compat\u00edvel com dispositivos m\u00f3veis.\u00a0<\/p>\n\n\n\n<p class=\"has-black-color has-text-color has-link-color has-medium-font-size wp-elements-e14a4b284daa26d1773dd649ab75f633\">(D) a decis\u00e3o de n\u00e3o implementar o 5G nas capitais.<\/p>\n\n\n\n<p><\/p>\n\n\n\n<hr class=\"wp-block-separator has-alpha-channel-opacity\"\/>\n\n\n\n<figure class=\"wp-block-table is-style-stripes\" style=\"font-size:15px\"><table class=\"has-black-color has-text-color\"><tbody><tr><td><strong>Autoria:<\/strong><\/td><td>Prof. Me.: Gabriel Ramos Paiva<\/td><\/tr><tr><td><strong>Forma\u00e7\u00e3o:<\/strong><\/td><td>Licenciatura em Geografia;<br>Bacharelado em Geografia;<br>Licenciatura em Pedagogia;<br>Mestre em Geografia pelo IESA-UFG.<\/td><\/tr><tr><td><strong>Componente Curricular:<\/strong><\/td><td>Geografia<\/td><\/tr><tr><td><strong>DCGO \u2013 AMPLIADO (1\u00ba corte) Habilidades:<\/strong><\/td><td>(EF07GE08-A) Estabelecer rela\u00e7\u00f5es entre as modifica\u00e7\u00f5es do territ\u00f3rio brasileiro a partir dos processos de industrializa\u00e7\u00e3o e inova\u00e7\u00e3o tecnol\u00f3gica.<\/td><\/tr><tr><td><strong>Matriz de habilidades essenciais:<\/strong><\/td><td>Compreender as modifica\u00e7\u00f5es do territ\u00f3rio brasileiro a partir dos processos de industrializa\u00e7\u00e3o e inova\u00e7\u00e3o tecnol\u00f3gica.<\/td><\/tr><tr><td><strong>Refer\u00eancias:<\/strong><\/td><td>BRASIL. 5G completa dois anos no Brasil e deve beneficiar 84% da popula\u00e7\u00e3o at\u00e9 2030. Ag\u00eancia Gov. Anatel, publicado em 08\/07\/2024. Dispon\u00edvel em: &lt;<a href=\"https:\/\/agenciagov.ebc.com.br\/noticias\/202407\/5g-completa-dois-anos-de-implantacao-no-brasil\">https:\/\/agenciagov.ebc.com.br\/noticias\/202407\/5g-completa-dois-anos-de-implantacao-no-brasil<\/a>&gt;. Acesso em 17 de set. de 2024.<br><br>CURY, Mauro Jos\u00e9 Ferreira; MARQUES, Josiel Alan Leite Fernandes. A cidade inteligente: uma reterritorializa\u00e7\u00e3o.&nbsp; Redes &#8211; Santa Cruz do Sul: Universidade de Santa Cruz do Sul, v. 22, n. 1, janeiro-abril, 2017. Dispon\u00edvel em: &lt;<a href=\"https:\/\/online.unisc.br\/seer\/index.php\/redes\/article\/view\/8476\/pdf\">https:\/\/online.unisc.br\/seer\/index.php\/redes\/article\/view\/8476\/pdf<\/a>&gt;. Acesso em 17 de set. de 2024.<br><br>TUNES, Regina Geografia da inova\u00e7\u00e3o: territ\u00f3rio e inova\u00e7\u00e3o no Brasil no s\u00e9culo XXI. 1\u00ba edi\u00e7\u00e3o, Letra Capital: Observat\u00f3rio das metr\u00f3poles, Rio de Janeiro, 2020. Dispon\u00edvel em: &lt;<a href=\"https:\/\/www.observatoriodasmetropoles.net.br\/wp-content\/uploads\/2020\/03\/Geografia-da-Inova%C3%A7%C3%A3o-Territ%C3%B3rio-e-Inova%C3%A7%C3%A3o-no-Brasil-no-s%C3%A9culo-XXI_final.pdf\">https:\/\/www.observatoriodasmetropoles.net.br\/wp-content\/uploads\/2020\/03\/Geografia-da-Inova%C3%A7%C3%A3o-Territ%C3%B3rio-e-Inova%C3%A7%C3%A3o-no-Brasil-no-s%C3%A9culo-XXI_final.pdf<\/a>&gt;. Acesso em 17 de set. de 2024.<\/td><\/tr><\/tbody><\/table><\/figure>\n","protected":false},"author":20,"featured_media":187647,"template":"","ef_categoria":[15],"ef_ano":[90],"ef_componente":[96],"class_list":["post-187646","ensino_fundamental","type-ensino_fundamental","status-publish","has-post-thumbnail","hentry","ef_categoria-ciclo-da-adolescencia-fg","ef_ano-7o-ano","ef_componente-geografia","entry","has-media"],"acf":[],"_links":{"self":[{"href":"https:\/\/sme.goiania.go.gov.br\/conexaoescola\/wp-json\/wp\/v2\/ensino_fundamental\/187646","targetHints":{"allow":["GET"]}}],"collection":[{"href":"https:\/\/sme.goiania.go.gov.br\/conexaoescola\/wp-json\/wp\/v2\/ensino_fundamental"}],"about":[{"href":"https:\/\/sme.goiania.go.gov.br\/conexaoescola\/wp-json\/wp\/v2\/types\/ensino_fundamental"}],"author":[{"embeddable":true,"href":"https:\/\/sme.goiania.go.gov.br\/conexaoescola\/wp-json\/wp\/v2\/users\/20"}],"version-history":[{"count":2,"href":"https:\/\/sme.goiania.go.gov.br\/conexaoescola\/wp-json\/wp\/v2\/ensino_fundamental\/187646\/revisions"}],"predecessor-version":[{"id":188906,"href":"https:\/\/sme.goiania.go.gov.br\/conexaoescola\/wp-json\/wp\/v2\/ensino_fundamental\/187646\/revisions\/188906"}],"wp:featuredmedia":[{"embeddable":true,"href":"https:\/\/sme.goiania.go.gov.br\/conexaoescola\/wp-json\/wp\/v2\/media\/187647"}],"wp:attachment":[{"href":"https:\/\/sme.goiania.go.gov.br\/conexaoescola\/wp-json\/wp\/v2\/media?parent=187646"}],"wp:term":[{"taxonomy":"ef_categoria","embeddable":true,"href":"https:\/\/sme.goiania.go.gov.br\/conexaoescola\/wp-json\/wp\/v2\/ef_categoria?post=187646"},{"taxonomy":"ef_ano","embeddable":true,"href":"https:\/\/sme.goiania.go.gov.br\/conexaoescola\/wp-json\/wp\/v2\/ef_ano?post=187646"},{"taxonomy":"ef_componente","embeddable":true,"href":"https:\/\/sme.goiania.go.gov.br\/conexaoescola\/wp-json\/wp\/v2\/ef_componente?post=187646"}],"curies":[{"name":"wp","href":"https:\/\/api.w.org\/{rel}","templated":true}]}}