{"id":1874,"date":"2020-05-28T09:31:59","date_gmt":"2020-05-28T12:31:59","guid":{"rendered":"http:\/\/sme.goiania.go.gov.br\/conexaoescola\/?post_type=ensino_fundamental&#038;p=1874"},"modified":"2020-06-19T10:25:40","modified_gmt":"2020-06-19T13:25:40","slug":"cada-objeto-tem-o-seu-lugar","status":"publish","type":"ensino_fundamental","link":"https:\/\/sme.goiania.go.gov.br\/conexaoescola\/ensino_fundamental\/cada-objeto-tem-o-seu-lugar\/","title":{"rendered":"Voc\u00ea sabia que quase todos os objetos podem ser reaproveitados?"},"content":{"rendered":"\n<p class=\"has-medium-font-size\">Assista com aten\u00e7\u00e3o os 4 v\u00eddeos a seguir para conferir a origem de alguns objetos que conhecemos.<\/p>\n\n\n\n<p style=\"font-size:18px\"><a rel=\"noreferrer noopener\" href=\"https:\/\/www.youtube.com\/watch?v=rjUaQW0VG0k&amp;feature=youtu.be\" target=\"_blank\"><strong><span class=\"has-inline-color has-vivid-red-color\">Origem do papel:<\/span><\/strong><\/a> V\u00eddeo &#8220;De Onde Vem O Papel #Epis\u00f3dio 15&#8221; do canal De onde vem? Clique na imagem abaixo e assista o v\u00eddeo.<\/p>\n\n\n\n<figure class=\"wp-block-embed-youtube wp-block-embed is-type-video is-provider-youtube wp-embed-aspect-4-3 wp-has-aspect-ratio\"><div class=\"wp-block-embed__wrapper\">\n<p class=\"responsive-video-wrap clr\"><iframe title=\"De Onde Vem o Papel? #Epis\u00f3dio 15\" width=\"1200\" height=\"900\" src=\"https:\/\/www.youtube.com\/embed\/rjUaQW0VG0k?feature=oembed\" frameborder=\"0\" allow=\"accelerometer; autoplay; encrypted-media; gyroscope; picture-in-picture\" allowfullscreen><\/iframe><\/p>\n<\/div><figcaption>Fonte:<strong> De Onde Vem o Papel?<\/strong> do canal De onde vem?<\/figcaption><\/figure>\n\n\n\n<p style=\"font-size:18px\"><a href=\"https:\/\/www.youtube.com\/watch?v=uV0R0f1sy4Q&amp;feature=youtu.be\" target=\"_blank\" rel=\"noreferrer noopener\"><strong><span class=\"has-inline-color has-vivid-red-color\">Origem do pl\u00e1stico:<\/span><\/strong><\/a> V\u00eddeo &#8220;De Onde Vem o Pl\u00e1stico? #Epis\u00f3dio 16 do canal De onde vem? Clique na imagem abaixo e assista o v\u00eddeo:<\/p>\n\n\n\n<figure class=\"wp-block-embed-youtube wp-block-embed is-type-video is-provider-youtube wp-embed-aspect-4-3 wp-has-aspect-ratio\"><div class=\"wp-block-embed__wrapper\">\n<p class=\"responsive-video-wrap clr\"><iframe title=\"De Onde Vem o Pl\u00e1stico? #Epis\u00f3dio 16\" width=\"1200\" height=\"900\" src=\"https:\/\/www.youtube.com\/embed\/uV0R0f1sy4Q?feature=oembed\" frameborder=\"0\" allow=\"accelerometer; autoplay; encrypted-media; gyroscope; picture-in-picture\" allowfullscreen><\/iframe><\/p>\n<\/div><figcaption>Fonte: Youtube, De Onde Vem o Pl\u00e1stico? do canal De onde vem?<\/figcaption><\/figure>\n\n\n\n<p style=\"font-size:18px\"><a rel=\"noreferrer noopener\" href=\"https:\/\/www.youtube.com\/watch?v=gj9R3nmB67Q&amp;feature=youtu.be\" target=\"_blank\"><strong><span class=\"has-inline-color has-vivid-red-color\">Origem do vidro<\/span><\/strong>:<\/a>  V\u00eddeo &#8220;De Onde Vem o Vidro? Epis\u00f3dio 19&#8221; do canal De onde vem? Clique na imagem abaixo e assista o v\u00eddeo:<\/p>\n\n\n\n<figure class=\"wp-block-embed-youtube wp-block-embed is-type-video is-provider-youtube wp-embed-aspect-4-3 wp-has-aspect-ratio\"><div class=\"wp-block-embed__wrapper\">\n<p class=\"responsive-video-wrap clr\"><iframe title=\"De Onde Vem o Vidro? #Epis\u00f3dio 19\" width=\"1200\" height=\"900\" src=\"https:\/\/www.youtube.com\/embed\/gj9R3nmB67Q?feature=oembed\" frameborder=\"0\" allow=\"accelerometer; autoplay; encrypted-media; gyroscope; picture-in-picture\" allowfullscreen><\/iframe><\/p>\n<\/div><figcaption>Fonte: Youtube, &#8220;De onde vem o vidro do canal De onde vem?&#8221;<\/figcaption><\/figure>\n\n\n\n<p class=\"has-medium-font-size\"><a href=\"https:\/\/www.youtube.com\/watch?v=ekShrARxGjk&amp;feature=youtu.be\"><span class=\"has-inline-color has-vivid-red-color\">Consumo Consciente de \u00c1gua<\/span><\/a>: V\u00eddeo Cartilha Planeta \u00c1gua &#8211; O mau uso da \u00e1gua do canal Wilivro. Clique na imagem abaixo e assista o v\u00eddeo:<\/p>\n\n\n\n<figure class=\"wp-block-embed-youtube wp-block-embed is-type-video is-provider-youtube wp-embed-aspect-16-9 wp-has-aspect-ratio\"><div class=\"wp-block-embed__wrapper\">\n<p class=\"responsive-video-wrap clr\"><iframe title=\"Cartilha Planeta \u00c1gua - O mau uso da \u00e1gua\" width=\"1200\" height=\"675\" src=\"https:\/\/www.youtube.com\/embed\/ekShrARxGjk?feature=oembed\" frameborder=\"0\" allow=\"accelerometer; autoplay; encrypted-media; gyroscope; picture-in-picture\" allowfullscreen><\/iframe><\/p>\n<\/div><figcaption>Fonte: Youtube, &#8220;Cartilha Planeta \u00c1gua &#8211; O mau uso da \u00e1gua canal Wilivro&#8221;.<\/figcaption><\/figure>\n\n\n\n<p class=\"has-medium-font-size\">Pegue seu caderno e responda:<\/p>\n\n\n\n<p class=\"has-medium-font-size\">1 \u2013 Dentre os objetos em sua casa, liste pelo menos dois de cada material apresentado nos v\u00eddeos.<\/p>\n\n\n\n<p class=\"has-medium-font-size\">2 \u2013 Sobre a separa\u00e7\u00e3o dos objetos que voc\u00ea n\u00e3o usa, quais podem ser descartados, doados ou reutilizados?<\/p>\n\n\n\n<p class=\"has-medium-font-size\">3- Cite duas atitudes que voc\u00ea pode ter para evitar o mau uso da \u00e1gua.<\/p>\n\n\n\n<p class=\"has-medium-font-size\"><strong>Que tal se voc\u00ea contribuir para a coleta seletiva dentro da sua casa?&nbsp;<\/strong><\/p>\n\n\n\n<p class=\"has-medium-font-size\">Para isso, separe uma caixa de papel\u00e3o grande que n\u00e3o usa mais. Se poss\u00edvel, encape com papel colorido ou pinte-a. Divida-a em 4 partes de cores diferentes. Em cada divis\u00e3o escreva suas divis\u00f5es em: \u201cpapel\u201d, \u201cpl\u00e1stico\u201d, \u201cvidro\u201d, \u201coutros\u201d.&nbsp;<\/p>\n\n\n\n<p class=\"has-medium-font-size\">Passe a separar os materiais que podem ser doados, reutilizados, reciclados ou descartados.&nbsp; Assim, voc\u00ea ajuda a natureza.<\/p>\n\n\n\n<p><\/p>\n\n\n\n<p class=\"has-text-color has-medium-font-size has-vivid-purple-color\"><strong>Para saber mais:<\/strong><\/p>\n\n\n\n<p class=\"has-normal-font-size\">&#8220;<strong>Quem inventou o Celular<\/strong>&#8221; do canal ENT\u00c3O \u00c9 ISSO Curiosidades<br><\/p>\n\n\n\n<figure class=\"wp-block-embed-youtube wp-block-embed is-type-video is-provider-youtube wp-embed-aspect-16-9 wp-has-aspect-ratio\"><div class=\"wp-block-embed__wrapper\">\n<p class=\"responsive-video-wrap clr\"><iframe title=\"Quem inventou o Celular? #02\" width=\"1200\" height=\"675\" src=\"https:\/\/www.youtube.com\/embed\/Sc5hTdQHPs0?feature=oembed\" frameborder=\"0\" allow=\"accelerometer; autoplay; encrypted-media; gyroscope; picture-in-picture\" allowfullscreen><\/iframe><\/p>\n<\/div><\/figure>\n\n\n\n<p>&#8220;<strong>Consciente Coletivo &#8211; Impactos do Consumo<\/strong>&#8221; do canal institutoakatu<\/p>\n\n\n\n<figure class=\"wp-block-embed-youtube wp-block-embed is-type-video is-provider-youtube wp-embed-aspect-4-3 wp-has-aspect-ratio\"><div class=\"wp-block-embed__wrapper\">\n<p class=\"responsive-video-wrap clr\"><iframe title=\"Consciente Coletivo 07\/10 - Impactos do Consumo\" width=\"1200\" height=\"900\" src=\"https:\/\/www.youtube.com\/embed\/HVu_d0NZfNc?feature=oembed\" frameborder=\"0\" allow=\"accelerometer; autoplay; encrypted-media; gyroscope; picture-in-picture\" allowfullscreen><\/iframe><\/p>\n<\/div><\/figure>\n\n\n\n<p><strong>&#8220;Res\u00edduos s\u00f3lidos<\/strong>&#8221; do canal Programa \u00c1gua Brasil<\/p>\n\n\n\n<figure class=\"wp-block-embed-youtube wp-block-embed is-type-video is-provider-youtube wp-embed-aspect-16-9 wp-has-aspect-ratio\"><div class=\"wp-block-embed__wrapper\">\n<p class=\"responsive-video-wrap clr\"><iframe title=\"Res\u00edduos S\u00f3lidos\" width=\"1200\" height=\"675\" src=\"https:\/\/www.youtube.com\/embed\/MiuIckYJfQY?feature=oembed\" frameborder=\"0\" allow=\"accelerometer; autoplay; encrypted-media; gyroscope; picture-in-picture\" allowfullscreen><\/iframe><\/p>\n<\/div><\/figure>\n\n\n\n<hr class=\"wp-block-separator\"\/>\n\n\n\n<p><\/p>\n\n\n\n<figure class=\"wp-block-table\"><table><tbody><tr><td class=\"has-text-align-center\" data-align=\"center\"><strong>OBJETO DE CONHECIMENTO: <\/strong>Propriedades de materiais: origem dos materiais e consumo consciente.<\/td><td class=\"has-text-align-center\" data-align=\"center\"><strong>HABILIDADES:<\/strong><br>EF01CI01: Comparar caracter\u00edsticas de diferentes materiais presentes em objetos de uso cotidiano, discutindo sua origem, os modos como s\u00e3o descartados e como podem ser usados de forma mais consciente.<br>(GO-EF01CI11) Identificar as pr\u00e1ticas cotidianas de descarte dos materiais na escola, em casa, no bairro e em seu munic\u00edpio, relacionando-as \u00e0 conserva\u00e7\u00e3o do ambiente e profilaxia de doen\u00e7as. Res\u00edduos s\u00f3lidos (lixo).<br>(GO-EF01CI07) Compreender a import\u00e2ncia do uso consciente da \u00e1gua no cotidiano.<\/td><\/tr><\/tbody><\/table><\/figure>\n\n\n\n<p class=\"has-text-align-center\">(\u201cEixo tem\u00e1tico\u201d) Experi\u00eancias e Curiosidades | C\u00a0 &#8211; 3\u00ba ano<\/p>\n","protected":false},"author":11,"featured_media":2052,"template":"","ef_categoria":[13,21],"ef_ano":[],"ef_componente":[],"class_list":["post-1874","ensino_fundamental","type-ensino_fundamental","status-publish","has-post-thumbnail","hentry","ef_categoria-ciclo-da-infancia-abc","ef_categoria-experiencias-e-curiosidades","entry","has-media"],"acf":[],"_links":{"self":[{"href":"https:\/\/sme.goiania.go.gov.br\/conexaoescola\/wp-json\/wp\/v2\/ensino_fundamental\/1874","targetHints":{"allow":["GET"]}}],"collection":[{"href":"https:\/\/sme.goiania.go.gov.br\/conexaoescola\/wp-json\/wp\/v2\/ensino_fundamental"}],"about":[{"href":"https:\/\/sme.goiania.go.gov.br\/conexaoescola\/wp-json\/wp\/v2\/types\/ensino_fundamental"}],"author":[{"embeddable":true,"href":"https:\/\/sme.goiania.go.gov.br\/conexaoescola\/wp-json\/wp\/v2\/users\/11"}],"version-history":[{"count":0,"href":"https:\/\/sme.goiania.go.gov.br\/conexaoescola\/wp-json\/wp\/v2\/ensino_fundamental\/1874\/revisions"}],"wp:featuredmedia":[{"embeddable":true,"href":"https:\/\/sme.goiania.go.gov.br\/conexaoescola\/wp-json\/wp\/v2\/media\/2052"}],"wp:attachment":[{"href":"https:\/\/sme.goiania.go.gov.br\/conexaoescola\/wp-json\/wp\/v2\/media?parent=1874"}],"wp:term":[{"taxonomy":"ef_categoria","embeddable":true,"href":"https:\/\/sme.goiania.go.gov.br\/conexaoescola\/wp-json\/wp\/v2\/ef_categoria?post=1874"},{"taxonomy":"ef_ano","embeddable":true,"href":"https:\/\/sme.goiania.go.gov.br\/conexaoescola\/wp-json\/wp\/v2\/ef_ano?post=1874"},{"taxonomy":"ef_componente","embeddable":true,"href":"https:\/\/sme.goiania.go.gov.br\/conexaoescola\/wp-json\/wp\/v2\/ef_componente?post=1874"}],"curies":[{"name":"wp","href":"https:\/\/api.w.org\/{rel}","templated":true}]}}