{"id":187026,"date":"2024-09-06T10:50:56","date_gmt":"2024-09-06T13:50:56","guid":{"rendered":"https:\/\/sme.goiania.go.gov.br\/conexaoescola\/?post_type=ensino_fundamental&#038;p=187026"},"modified":"2024-09-06T10:52:11","modified_gmt":"2024-09-06T13:52:11","slug":"historia-desvendando-o-tempo-cronologico-e-historico","status":"publish","type":"ensino_fundamental","link":"https:\/\/sme.goiania.go.gov.br\/conexaoescola\/ensino_fundamental\/historia-desvendando-o-tempo-cronologico-e-historico\/","title":{"rendered":"Hist\u00f3ria &#8211; Desvendando o Tempo: Cronol\u00f3gico e Hist\u00f3rico"},"content":{"rendered":"\n<p class=\"has-cyan-bluish-gray-background-color has-background has-medium-font-size\">Esta proposta de atividade de<strong>\u00a0Hist\u00f3ria<\/strong>\u00a0tem como base o DC\/GO \u2013 Ampliado e est\u00e1 destinada a estudantes do\u00a0<strong>5\u00ba ano\u00a0<\/strong>do Ensino Fundamental &#8211; Anos Iniciais.<\/p>\n\n\n\n<div class=\"wp-block-buttons is-content-justification-center is-layout-flex wp-container-core-buttons-is-layout-16018d1d wp-block-buttons-is-layout-flex\">\n<div class=\"wp-block-button\"><a class=\"wp-block-button__link wp-element-button\" href=\"https:\/\/drive.google.com\/uc?export=download&amp;id=1Sqmra6qa94njM_DvWQMSPZG2RrMzCUuY\">BAIXE A ATIVIDADE<\/a><\/div>\n\n\n\n<div class=\"wp-block-button\"><a class=\"wp-block-button__link wp-element-button\" href=\"https:\/\/drive.google.com\/uc?export=download&amp;id=1WqqFeq9oSE5kZPnFoDi-8hFBp0L3qgG5\">BAIXE OS SLIDES<\/a><\/div>\n\n\n\n<div class=\"wp-block-button\"><a class=\"wp-block-button__link has-text-align-center wp-element-button\" href=\"https:\/\/drive.google.com\/uc?export=download&amp;id=12n8kCivsCHqe1oFKSKaSb-hcyvbELVSl\">BAIXE O TEXTO<\/a><\/div>\n<\/div>\n\n\n\n<p><\/p>\n\n\n<div class=\"wp-block-image\">\n<figure class=\"aligncenter size-full is-resized\"><img fetchpriority=\"high\" decoding=\"async\" width=\"386\" height=\"383\" src=\"https:\/\/sme.goiania.go.gov.br\/conexaoescola\/wp-content\/uploads\/2024\/09\/1-2-e1725630075576.jpg\" alt=\"\" class=\"wp-image-187049\" style=\"width:344px;height:auto\" srcset=\"https:\/\/sme.goiania.go.gov.br\/conexaoescola\/wp-content\/uploads\/2024\/09\/1-2-e1725630075576.jpg 386w, https:\/\/sme.goiania.go.gov.br\/conexaoescola\/wp-content\/uploads\/2024\/09\/1-2-e1725630075576-300x298.jpg 300w, https:\/\/sme.goiania.go.gov.br\/conexaoescola\/wp-content\/uploads\/2024\/09\/1-2-e1725630075576-150x150.jpg 150w\" sizes=\"(max-width: 386px) 100vw, 386px\" \/><figcaption class=\"wp-element-caption\"><br>Dispon\u00edvel em: &lt;https:\/\/www.canva.com>. \u00a0Acesso em: 07 de agosto de 2024.<\/figcaption><\/figure><\/div>\n\n\n<p class=\"has-text-align-center has-background has-medium-font-size\" style=\"background-color:#edd9de\"><strong>Desvendando o Tempo: Cronol\u00f3gico e Hist\u00f3rico<\/strong><\/p>\n\n\n\n<p class=\"has-medium-font-size\">Ol\u00e1 estudante!<\/p>\n\n\n\n<p class=\"has-medium-font-size\">Veja a linha do tempo de um estudante do 5\u00ba ANO:<\/p>\n\n\n\n<figure class=\"wp-block-image size-full\"><img decoding=\"async\" width=\"886\" height=\"286\" src=\"https:\/\/sme.goiania.go.gov.br\/conexaoescola\/wp-content\/uploads\/2024\/09\/1-e1725629744604.jpg\" alt=\"\" class=\"wp-image-187044\" srcset=\"https:\/\/sme.goiania.go.gov.br\/conexaoescola\/wp-content\/uploads\/2024\/09\/1-e1725629744604.jpg 886w, https:\/\/sme.goiania.go.gov.br\/conexaoescola\/wp-content\/uploads\/2024\/09\/1-e1725629744604-300x97.jpg 300w, https:\/\/sme.goiania.go.gov.br\/conexaoescola\/wp-content\/uploads\/2024\/09\/1-e1725629744604-768x248.jpg 768w\" sizes=\"(max-width: 886px) 100vw, 886px\" \/><figcaption class=\"wp-element-caption\">Dispon\u00edvel em: &lt;https:\/\/www.canva.com>. \u00a0Acesso em: 07 de agosto de 2024.<\/figcaption><\/figure>\n\n\n\n<p class=\"has-text-align-center has-medium-font-size\"><strong>Voc\u00ea j\u00e1 parou para pensar sobre como medimos o tempo? O que significa dizer que algo aconteceu &#8216;h\u00e1 muito tempo atr\u00e1s&#8217; ou &#8216;no ano passado&#8217;? Como voc\u00ea marca um compromisso?<\/strong><\/p>\n\n\n\n<p class=\"has-medium-font-size\">O tempo \u00e9 uma parte fundamental de como entendemos o mundo ao nosso redor. Ele nos ajuda a organizar os dias, a lembrar o passado, e a planejar o futuro.&nbsp;<\/p>\n\n\n\n<p class=\"has-medium-font-size\">Mas voc\u00ea sabia que existem diferentes maneiras de pensar sobre o tempo?&nbsp;<\/p>\n\n\n\n<p class=\"has-medium-font-size\">Dois conceitos importantes para entender s\u00e3o o <strong>tempo cronol\u00f3gico e o tempo hist\u00f3rico.<\/strong><\/p>\n\n\n\n<p class=\"has-text-align-center has-medium-font-size\"><strong>Tempo cronol\u00f3gico<\/strong><\/p>\n\n\n<div class=\"wp-block-image\">\n<figure class=\"aligncenter size-full is-resized\"><img decoding=\"async\" width=\"466\" height=\"364\" src=\"https:\/\/sme.goiania.go.gov.br\/conexaoescola\/wp-content\/uploads\/2024\/09\/1-3-e1725630159834.jpg\" alt=\"\" class=\"wp-image-187052\" style=\"width:357px;height:auto\" srcset=\"https:\/\/sme.goiania.go.gov.br\/conexaoescola\/wp-content\/uploads\/2024\/09\/1-3-e1725630159834.jpg 466w, https:\/\/sme.goiania.go.gov.br\/conexaoescola\/wp-content\/uploads\/2024\/09\/1-3-e1725630159834-300x234.jpg 300w\" sizes=\"(max-width: 466px) 100vw, 466px\" \/><figcaption class=\"wp-element-caption\">Dispon\u00edvel em: &lt;https:\/\/www.canva.com>. \u00a0Acesso em: 07 de agosto de 2024.<\/figcaption><\/figure><\/div>\n\n\n<p class=\"has-medium-font-size\">O tempo cronol\u00f3gico \u00e9 a maneira mais comum de medir o tempo. Ele \u00e9 linear e sequencial, como um calend\u00e1rio ou um rel\u00f3gio. Tem a fun\u00e7\u00e3o de ordenar os eventos na sequ\u00eancia em que ocorrem.<\/p>\n\n\n\n<p class=\"has-text-align-center has-medium-font-size\"><strong>Tempo hist\u00f3rico<\/strong><\/p>\n\n\n\n<figure class=\"wp-block-image size-full\"><img loading=\"lazy\" decoding=\"async\" width=\"886\" height=\"123\" src=\"https:\/\/sme.goiania.go.gov.br\/conexaoescola\/wp-content\/uploads\/2024\/09\/1-1-e1725629900382.jpg\" alt=\"\" class=\"wp-image-187048\" srcset=\"https:\/\/sme.goiania.go.gov.br\/conexaoescola\/wp-content\/uploads\/2024\/09\/1-1-e1725629900382.jpg 886w, https:\/\/sme.goiania.go.gov.br\/conexaoescola\/wp-content\/uploads\/2024\/09\/1-1-e1725629900382-300x42.jpg 300w, https:\/\/sme.goiania.go.gov.br\/conexaoescola\/wp-content\/uploads\/2024\/09\/1-1-e1725629900382-768x107.jpg 768w\" sizes=\"(max-width: 886px) 100vw, 886px\" \/><figcaption class=\"wp-element-caption\">Dispon\u00edvel em: &lt;https:\/\/www.canva.com&gt;. &nbsp;Acesso em: 07 de agosto de 2024.<\/figcaption><\/figure>\n\n\n\n<p class=\"has-medium-font-size\">O tempo hist\u00f3rico, por outro lado, vai al\u00e9m de apenas marcar datas. Ele envolve a interpreta\u00e7\u00e3o e o significado dos eventos ao longo do tempo. Quando estudamos hist\u00f3ria, estamos olhando para o tempo hist\u00f3rico. Ele nos ajuda a entender como e por que certos eventos aconteceram, e como esses eventos influenciam o presente e o futuro.\u00a0<\/p>\n\n\n\n<p class=\"has-medium-font-size\">O tempo cronol\u00f3gico e o tempo hist\u00f3rico est\u00e3o interligados. O tempo cronol\u00f3gico nos d\u00e1 uma estrutura para entender quando os eventos aconteceram, enquanto o tempo hist\u00f3rico nos ajuda a interpretar esses eventos e seu impacto ao longo do tempo.&nbsp;<\/p>\n\n\n\n<p class=\"has-medium-font-size\">Compreender o tempo cronol\u00f3gico \u00e9 essencial para organizar a vida cotidiana. J\u00e1 o tempo hist\u00f3rico \u00e9 crucial para entender a evolu\u00e7\u00e3o da sociedade, das culturas e das na\u00e7\u00f5es. Saber como esses dois conceitos funcionam juntos nos ajuda a ter uma vis\u00e3o mais completa do passado, presente e futuro.<\/p>\n\n\n\n<p class=\"has-text-align-center has-background has-medium-font-size\" style=\"background-color:#edd9de\"><strong>ATIVIDADES<\/strong><\/p>\n\n\n\n<p class=\"has-text-align-center has-cyan-bluish-gray-background-color has-background has-medium-font-size\"><strong>QUEST\u00c3O 1<\/strong><\/p>\n\n\n\n<p class=\"has-medium-font-size\">Veja a linha do tempo de um estudante do 5\u00ba ANO:<\/p>\n\n\n\n<figure class=\"wp-block-image size-full\"><img decoding=\"async\" width=\"886\" height=\"286\" src=\"https:\/\/sme.goiania.go.gov.br\/conexaoescola\/wp-content\/uploads\/2024\/09\/1-e1725629744604.jpg\" alt=\"\" class=\"wp-image-187044\" srcset=\"https:\/\/sme.goiania.go.gov.br\/conexaoescola\/wp-content\/uploads\/2024\/09\/1-e1725629744604.jpg 886w, https:\/\/sme.goiania.go.gov.br\/conexaoescola\/wp-content\/uploads\/2024\/09\/1-e1725629744604-300x97.jpg 300w, https:\/\/sme.goiania.go.gov.br\/conexaoescola\/wp-content\/uploads\/2024\/09\/1-e1725629744604-768x248.jpg 768w\" sizes=\"(max-width: 886px) 100vw, 886px\" \/><figcaption class=\"wp-element-caption\">Dispon\u00edvel em: &lt;https:\/\/www.canva.com&gt;. &nbsp;Acesso em: 07 de agosto de 2024.<\/figcaption><\/figure>\n\n\n\n<p class=\"has-medium-font-size\">A) Que dias da semana n\u00e3o tem nada agendado?<\/p>\n\n\n\n<ol class=\"wp-block-list\"><\/ol>\n\n\n\n<figure class=\"wp-block-table\"><table class=\"has-fixed-layout\"><tbody><tr><td><br><br><\/td><\/tr><\/tbody><\/table><\/figure>\n\n\n\n<p class=\"has-medium-font-size\">B) Que dia da semana ser\u00e1 a entrega do trabalho?<\/p>\n\n\n\n<ol start=\"2\" class=\"wp-block-list\"><\/ol>\n\n\n\n<figure class=\"wp-block-table\"><table class=\"has-fixed-layout\"><tbody><tr><td><br><br><\/td><\/tr><\/tbody><\/table><\/figure>\n\n\n\n<p class=\"has-medium-font-size\">C) O que est\u00e1 previsto na agenda para ser feito antes do dia da aula de m\u00fasica?<\/p>\n\n\n\n<ol start=\"3\" class=\"wp-block-list\"><\/ol>\n\n\n\n<figure class=\"wp-block-table\"><table class=\"has-fixed-layout\"><tbody><tr><td><br><br><\/td><\/tr><\/tbody><\/table><\/figure>\n\n\n\n<p class=\"has-medium-font-size\"><\/p>\n\n\n\n<p><\/p>\n\n\n\n<p class=\"has-text-align-center has-cyan-bluish-gray-background-color has-background has-medium-font-size\"><strong>QUEST\u00c3O 2<\/strong><\/p>\n\n\n\n<p class=\"has-medium-font-size\">A linha do tempo acima \u00e9 considerada tempo hist\u00f3rico ou cronol\u00f3gico? Justifique sua resposta.<\/p>\n\n\n\n<figure class=\"wp-block-table\"><table class=\"has-fixed-layout\"><tbody><tr><td><br><br><\/td><\/tr><\/tbody><\/table><\/figure>\n\n\n\n<p class=\"has-medium-font-size\"><\/p>\n\n\n\n<p class=\"has-text-align-center has-cyan-bluish-gray-background-color has-background has-medium-font-size\"><strong>QUEST\u00c3O 3<\/strong><\/p>\n\n\n\n<p class=\"has-medium-font-size\">A principal fun\u00e7\u00e3o do tempo cronol\u00f3gico \u00e9<\/p>\n\n\n\n<p class=\"has-medium-font-size\">(A) interpretar e compreender o impacto dos eventos hist\u00f3ricos.<\/p>\n\n\n\n<p class=\"has-medium-font-size\">(B) organizar os eventos em uma sequ\u00eancia linear de dias, meses e anos.<\/p>\n\n\n\n<p class=\"has-medium-font-size\">(C) analisar as causas e consequ\u00eancias dos acontecimentos importantes.<\/p>\n\n\n\n<p class=\"has-medium-font-size\">(D) definir a import\u00e2ncia dos eventos ao longo da hist\u00f3ria.<\/p>\n\n\n\n<p><\/p>\n\n\n\n<p class=\"has-text-align-center has-cyan-bluish-gray-background-color has-background has-medium-font-size\"><strong>QUEST\u00c3O 4<\/strong><\/p>\n\n\n\n<p class=\"has-medium-font-size\">A principal fun\u00e7\u00e3o do tempo hist\u00f3rico \u00e9<\/p>\n\n\n\n<p class=\"has-medium-font-size\">(A) medir o tempo entre eventos importantes.<\/p>\n\n\n\n<p class=\"has-medium-font-size\">(B) organizar os dias e horas de eventos.<\/p>\n\n\n\n<p class=\"has-medium-font-size\">(C) interpretar e compreender o impacto dos eventos.<\/p>\n\n\n\n<p class=\"has-medium-font-size\">(D) definir o n\u00famero de anos entre dois eventos.<\/p>\n\n\n\n<p><\/p>\n\n\n\n<hr class=\"wp-block-separator has-alpha-channel-opacity\"\/>\n\n\n\n<figure class=\"wp-block-table is-style-stripes\"><table class=\"has-fixed-layout\"><tbody><tr><td><strong>Autoria:<\/strong><\/td><td>Gabriele Leandro Dias<\/td><\/tr><tr><td><strong>Forma\u00e7\u00e3o:&nbsp;<\/strong><\/td><td>Pedagogia\/ Psicologia<\/td><\/tr><tr><td><strong>Componente Curricular:<\/strong><\/td><td>Hist\u00f3ria<\/td><\/tr><tr><td><strong>Habilidades:<\/strong><\/td><td>(EF05HI06-A) Identificar e discriminar diferentes formas de registro da Hist\u00f3ria (oral, escrita, pictogr\u00e1fica, imag\u00e9tica, eletr\u00f4nica, musical etc.)(EF05HI06-B) Compreender a import\u00e2ncia dos meios de comunica\u00e7\u00e3o para o registro de mem\u00f3ria, como fonte da Hist\u00f3ria.<br>(EF05HI07-A) Perceber que os marcos e registros da hist\u00f3ria foram produzidos e difundidos por um grupo social, que pode ser ou n\u00e3o representativo de todos os grupos que comp\u00f5em a sociedade.<br>(EF05HI08-A) Entender o conceito de tempo hist\u00f3rico e tempo cronol\u00f3gico.<br>(EF05HI09-A) Manusear diferentes tipos de fontes hist\u00f3ricas.(EF05HI09-B) Compreender a import\u00e2ncia das fontes orais na manuten\u00e7\u00e3o e na circula\u00e7\u00e3o dos registros hist\u00f3ricos antes da escrita ou por comunidades iletradas.<\/td><\/tr><tr><td><strong>Refer\u00eancias:&nbsp;<\/strong><\/td><td>2020. Documento Curricular para Goi\u00e1s (DC-GO). Goi\u00e2nia\/GO: CONSED\/ UNDIME Goi\u00e1s, 2018. Dispon\u00edvel em: https:\/\/cee.go.gov.br<br>Pintang\u00e1 Mais Hist\u00f3ria. (Cole\u00e7\u00e3o do 2\u00ba ao 5\u00ba ano). S\u00e3o Paulo: Moderna, 2021.<\/td><\/tr><\/tbody><\/table><\/figure>\n","protected":false},"author":45,"featured_media":187049,"template":"","ef_categoria":[30],"ef_ano":[88],"ef_componente":[95],"class_list":["post-187026","ensino_fundamental","type-ensino_fundamental","status-publish","has-post-thumbnail","hentry","ef_categoria-etica-e-cidadania-ciclo-da-adolescencia-fg","ef_ano-5o-ano","ef_componente-historia","entry","has-media"],"acf":[],"_links":{"self":[{"href":"https:\/\/sme.goiania.go.gov.br\/conexaoescola\/wp-json\/wp\/v2\/ensino_fundamental\/187026","targetHints":{"allow":["GET"]}}],"collection":[{"href":"https:\/\/sme.goiania.go.gov.br\/conexaoescola\/wp-json\/wp\/v2\/ensino_fundamental"}],"about":[{"href":"https:\/\/sme.goiania.go.gov.br\/conexaoescola\/wp-json\/wp\/v2\/types\/ensino_fundamental"}],"author":[{"embeddable":true,"href":"https:\/\/sme.goiania.go.gov.br\/conexaoescola\/wp-json\/wp\/v2\/users\/45"}],"version-history":[{"count":1,"href":"https:\/\/sme.goiania.go.gov.br\/conexaoescola\/wp-json\/wp\/v2\/ensino_fundamental\/187026\/revisions"}],"predecessor-version":[{"id":187054,"href":"https:\/\/sme.goiania.go.gov.br\/conexaoescola\/wp-json\/wp\/v2\/ensino_fundamental\/187026\/revisions\/187054"}],"wp:featuredmedia":[{"embeddable":true,"href":"https:\/\/sme.goiania.go.gov.br\/conexaoescola\/wp-json\/wp\/v2\/media\/187049"}],"wp:attachment":[{"href":"https:\/\/sme.goiania.go.gov.br\/conexaoescola\/wp-json\/wp\/v2\/media?parent=187026"}],"wp:term":[{"taxonomy":"ef_categoria","embeddable":true,"href":"https:\/\/sme.goiania.go.gov.br\/conexaoescola\/wp-json\/wp\/v2\/ef_categoria?post=187026"},{"taxonomy":"ef_ano","embeddable":true,"href":"https:\/\/sme.goiania.go.gov.br\/conexaoescola\/wp-json\/wp\/v2\/ef_ano?post=187026"},{"taxonomy":"ef_componente","embeddable":true,"href":"https:\/\/sme.goiania.go.gov.br\/conexaoescola\/wp-json\/wp\/v2\/ef_componente?post=187026"}],"curies":[{"name":"wp","href":"https:\/\/api.w.org\/{rel}","templated":true}]}}