{"id":186257,"date":"2024-08-23T07:00:00","date_gmt":"2024-08-23T10:00:00","guid":{"rendered":"https:\/\/sme.goiania.go.gov.br\/conexaoescola\/?post_type=ensino_fundamental&#038;p=186257"},"modified":"2024-08-21T14:17:28","modified_gmt":"2024-08-21T17:17:28","slug":"arte-artes-visuais-pintura-uma-relacao-com-os-movimentos-artisticos","status":"publish","type":"ensino_fundamental","link":"https:\/\/sme.goiania.go.gov.br\/conexaoescola\/ensino_fundamental\/arte-artes-visuais-pintura-uma-relacao-com-os-movimentos-artisticos\/","title":{"rendered":"Arte\/Artes Visuais &#8211; Pintura: Uma rela\u00e7\u00e3o com os movimentos art\u00edsticos"},"content":{"rendered":"\n<p class=\"has-text-align-center has-black-color has-text-color has-background has-medium-font-size\" style=\"background-color:#ff6a00cc\">Esta proposta de atividade de ARTE\/ARTES VISUAIS \u00e9 destinada aos estudantes do 9\u00ba ano do Ensino Fundamental.<\/p>\n\n\n\n<p><\/p>\n\n\n\n<div class=\"wp-block-buttons is-content-justification-center is-layout-flex wp-container-core-buttons-is-layout-16018d1d wp-block-buttons-is-layout-flex\">\n<div class=\"wp-block-button has-custom-font-size has-medium-font-size\"><a class=\"wp-block-button__link wp-element-button\" href=\"https:\/\/drive.google.com\/uc?export=download&amp;id=1ohbGqseSQ7FpJ8RNBtlJ_tw7SO5E-vEN\">BAIXE A ATIVIDADE<\/a><\/div>\n\n\n\n<div class=\"wp-block-button\"><a class=\"wp-block-button__link wp-element-button\" href=\"https:\/\/drive.google.com\/uc?export=download&amp;id=1PRSXLMLM8D0oAkuZeCEHu78EPwfcczj1\">BAIXE OS SLIDES<\/a><\/div>\n\n\n\n<div class=\"wp-block-button\"><a class=\"wp-block-button__link wp-element-button\" href=\"https:\/\/drive.google.com\/uc?export=download&amp;id=1mS49_Nq7KsSuS-17zTOVy4cjY5-lMnnE\">BAIXE O TEXTO<\/a><\/div>\n<\/div>\n\n\n\n<p><\/p>\n\n\n<div class=\"wp-block-image is-style-default\">\n<figure class=\"aligncenter size-full is-resized\"><img decoding=\"async\" src=\"https:\/\/sme.goiania.go.gov.br\/conexaoescola\/wp-content\/uploads\/2024\/08\/image-73.png\" alt=\"\" class=\"wp-image-186260\" style=\"width:405px;height:auto\"\/><figcaption class=\"wp-element-caption\">Dispon\u00edvel em <a href=\"https:\/\/www.flickr.com\/photos\/96723092@N08\/44615459985%20Acesso%20em%2020\">https:\/\/www.flickr.com\/photos\/96723092@N08\/44615459985 Acesso em 20<\/a>, ago. 2024.<\/figcaption><\/figure><\/div>\n\n\n<p><\/p>\n\n\n\n<p class=\"has-text-align-center has-medium-font-size\"><strong>Pintura: Uma rela\u00e7\u00e3o com os movimentos art\u00edsticos<\/strong><\/p>\n\n\n\n<p class=\"has-medium-font-size\">A pintura \u00e9 uma forma de arte visual que envolve a aplica\u00e7\u00e3o de pigmentos, sejam eles naturais ou sint\u00e9ticos, sobre uma superf\u00edcie, como papel, tela, madeira ou at\u00e9 mesmo paredes. \u00c9 uma das express\u00f5es art\u00edsticas mais antigas da humanidade, encontrada em cavernas pr\u00e9-hist\u00f3ricas, como as de Lascaux, na Fran\u00e7a, e evoluiu ao longo dos mil\u00eanios, refletindo as mudan\u00e7as culturais, sociais, tecnol\u00f3gicas e filos\u00f3ficas das sociedades.<\/p>\n\n\n<div class=\"wp-block-image\">\n<figure class=\"aligncenter size-full\"><img fetchpriority=\"high\" decoding=\"async\" width=\"484\" height=\"317\" src=\"https:\/\/sme.goiania.go.gov.br\/conexaoescola\/wp-content\/uploads\/2024\/08\/image-74.png\" alt=\"\" class=\"wp-image-186261\" srcset=\"https:\/\/sme.goiania.go.gov.br\/conexaoescola\/wp-content\/uploads\/2024\/08\/image-74.png 484w, https:\/\/sme.goiania.go.gov.br\/conexaoescola\/wp-content\/uploads\/2024\/08\/image-74-300x196.png 300w\" sizes=\"(max-width: 484px) 100vw, 484px\" \/><\/figure><\/div>\n\n\n<p class=\"has-text-align-center has-small-font-size\">Dispon\u00edvel em <a href=\"https:\/\/www.worldhistory.org\/trans\/pt\/1-15133\/caverna-de-lascaux\/\">https:\/\/www.worldhistory.org\/trans\/pt\/1-15133\/caverna-de-lascaux\/<\/a> Acesso em 20, ago. 2024.<\/p>\n\n\n\n<p class=\"has-text-align-center has-medium-font-size\"><strong>Movimentos art\u00edsticos e suas rela\u00e7\u00f5es com a pintura<\/strong><\/p>\n\n\n\n<p class=\"has-medium-font-size\">Ao longo da hist\u00f3ria da arte, diversos movimentos art\u00edsticos influenciaram e foram influenciados pelas t\u00e9cnicas de pintura.<\/p>\n\n\n\n<p class=\"has-medium-font-size\"><strong>Renascimento<\/strong> (s\u00e9culos XIV a XVII)<\/p>\n\n\n\n<p class=\"has-medium-font-size\">Este movimento enfatizou a perspectiva linear e o naturalismo, com artistas como Rafael, que trabalhava principalmente com pintura a \u00f3leo e afresco. O desenvolvimento do uso de \u00f3leo permitiu efeitos mais ricos de luz e sombra, caracter\u00edsticos da pintura renascentista.<\/p>\n\n\n<div class=\"wp-block-image\">\n<figure class=\"aligncenter size-full is-resized\"><img decoding=\"async\" width=\"402\" height=\"529\" src=\"https:\/\/sme.goiania.go.gov.br\/conexaoescola\/wp-content\/uploads\/2024\/08\/image-75.png\" alt=\"\" class=\"wp-image-186262\" style=\"width:300px;height:auto\" srcset=\"https:\/\/sme.goiania.go.gov.br\/conexaoescola\/wp-content\/uploads\/2024\/08\/image-75.png 402w, https:\/\/sme.goiania.go.gov.br\/conexaoescola\/wp-content\/uploads\/2024\/08\/image-75-228x300.png 228w\" sizes=\"(max-width: 402px) 100vw, 402px\" \/><\/figure><\/div>\n\n\n<p class=\"has-text-align-center has-small-font-size\">Dispon\u00edvel em <a href=\"https:\/\/www.worldhistory.org\/image\/12599\/galatea-by-raphael\/\">https:\/\/www.worldhistory.org\/image\/12599\/galatea-by-raphael\/<\/a> Acesso em 20, ago. 2024.<\/p>\n\n\n\n<p class=\"has-medium-font-size\"><strong>Barroco<\/strong> (s\u00e9culo XVII)<\/p>\n\n\n\n<p class=\"has-medium-font-size\">O Barroco, representado por artistas como Rembrandt, \u00e9 marcado pelo uso dram\u00e1tico da luz e da sombra e por composi\u00e7\u00f5es intensamente emocionais. A pintura a \u00f3leo foi o meio predominante, permitindo camadas profundas de luz e escurid\u00e3o.<\/p>\n\n\n<div class=\"wp-block-image\">\n<figure class=\"aligncenter size-full\"><img decoding=\"async\" width=\"361\" height=\"427\" src=\"https:\/\/sme.goiania.go.gov.br\/conexaoescola\/wp-content\/uploads\/2024\/08\/image-76.png\" alt=\"\" class=\"wp-image-186263\" srcset=\"https:\/\/sme.goiania.go.gov.br\/conexaoescola\/wp-content\/uploads\/2024\/08\/image-76.png 361w, https:\/\/sme.goiania.go.gov.br\/conexaoescola\/wp-content\/uploads\/2024\/08\/image-76-254x300.png 254w\" sizes=\"(max-width: 361px) 100vw, 361px\" \/><\/figure><\/div>\n\n\n<p class=\"has-text-align-center has-small-font-size\">Dispon\u00edvel em <a href=\"https:\/\/www.flickr.com\/photos\/76509819@N04\/51322642762%20Acesso%20em%2020\">https:\/\/www.flickr.com\/photos\/76509819@N04\/51322642762 Acesso em 20<\/a>, ago. 2024.<\/p>\n\n\n\n<p class=\"has-medium-font-size\"><strong>Impressionismo<\/strong> (final do s\u00e9culo XIX)<\/p>\n\n\n\n<p class=\"has-medium-font-size\">Artistas como Claude Monet adotaram a pintura a \u00f3leo com pinceladas r\u00e1pidas e soltas para capturar momentos fugazes da luz e da cor. A pintura impressionista \u00e9 not\u00f3ria pelo uso ao ar livre e pelo foco nas mudan\u00e7as atmosf\u00e9ricas.<\/p>\n\n\n<div class=\"wp-block-image\">\n<figure class=\"aligncenter size-full\"><img loading=\"lazy\" decoding=\"async\" width=\"488\" height=\"420\" src=\"https:\/\/sme.goiania.go.gov.br\/conexaoescola\/wp-content\/uploads\/2024\/08\/image-77.png\" alt=\"\" class=\"wp-image-186264\" srcset=\"https:\/\/sme.goiania.go.gov.br\/conexaoescola\/wp-content\/uploads\/2024\/08\/image-77.png 488w, https:\/\/sme.goiania.go.gov.br\/conexaoescola\/wp-content\/uploads\/2024\/08\/image-77-300x258.png 300w\" sizes=\"(max-width: 488px) 100vw, 488px\" \/><\/figure><\/div>\n\n\n<p class=\"has-text-align-center has-small-font-size\">Dispon\u00edvel em <a href=\"https:\/\/commons.wikimedia.org\/wiki\/File:Monet_-_Camille_Monet_and_a_Child_in_the_Artist%27s_Garden_in_Argenteuil,_1875.jpg\">https:\/\/commons.wikimedia.org\/wiki\/File:Monet_-_Camille_Monet_and_a_Child_in_the_Artist%27s_Garden_in_Argenteuil,_1875.jpg<\/a> Acesso em 20, ago. 2024.<\/p>\n\n\n\n<p class=\"has-medium-font-size\"><strong>Expressionismo<\/strong> (in\u00edcio do s\u00e9culo XX)<\/p>\n\n\n\n<p class=\"has-medium-font-size\">Reagindo contra o realismo impressionista, o expressionismo, com artistas como Edvard Munch, utilizou cores intensas e distorcidas para expressar emo\u00e7\u00f5es subjetivas. Embora a pintura a \u00f3leo fosse comum, muitos artistas expressionistas experimentaram o uso de acr\u00edlico.<\/p>\n\n\n<div class=\"wp-block-image\">\n<figure class=\"aligncenter size-full\"><img loading=\"lazy\" decoding=\"async\" width=\"331\" height=\"419\" src=\"https:\/\/sme.goiania.go.gov.br\/conexaoescola\/wp-content\/uploads\/2024\/08\/image-78.png\" alt=\"\" class=\"wp-image-186265\" srcset=\"https:\/\/sme.goiania.go.gov.br\/conexaoescola\/wp-content\/uploads\/2024\/08\/image-78.png 331w, https:\/\/sme.goiania.go.gov.br\/conexaoescola\/wp-content\/uploads\/2024\/08\/image-78-237x300.png 237w\" sizes=\"(max-width: 331px) 100vw, 331px\" \/><\/figure><\/div>\n\n\n<p class=\"has-text-align-center has-small-font-size\">Dispon\u00edvel em <a href=\"https:\/\/www.flickr.com\/photos\/lluisribes\/48804920461%20Acesso%20em%2020\">https:\/\/www.flickr.com\/photos\/lluisribes\/48804920461 Acesso em 20<\/a>, ago. 2024.<\/p>\n\n\n\n<p class=\"has-medium-font-size\"><strong>Surrealismo<\/strong> (d\u00e9cadas de 1920 e 1930)<\/p>\n\n\n\n<p class=\"has-medium-font-size\">Salvador Dal\u00ed usava a pintura a \u00f3leo para criar imagens realistas com conte\u00fado on\u00edrico e fantasioso, explorando o inconsciente e os sonhos.<\/p>\n\n\n<div class=\"wp-block-image\">\n<figure class=\"aligncenter size-full\"><img loading=\"lazy\" decoding=\"async\" width=\"518\" height=\"366\" src=\"https:\/\/sme.goiania.go.gov.br\/conexaoescola\/wp-content\/uploads\/2024\/08\/image-79.png\" alt=\"\" class=\"wp-image-186266\" srcset=\"https:\/\/sme.goiania.go.gov.br\/conexaoescola\/wp-content\/uploads\/2024\/08\/image-79.png 518w, https:\/\/sme.goiania.go.gov.br\/conexaoescola\/wp-content\/uploads\/2024\/08\/image-79-300x212.png 300w\" sizes=\"(max-width: 518px) 100vw, 518px\" \/><\/figure><\/div>\n\n\n<p class=\"has-text-align-center has-small-font-size\">Dispon\u00edvel em <a href=\"https:\/\/www.flickr.com\/photos\/sorarium\/8580025972%20Acesso%20em%2020\">https:\/\/www.flickr.com\/photos\/sorarium\/8580025972 Acesso em 20<\/a>, ago. 2024.<\/p>\n\n\n\n<p class=\"has-medium-font-size\"><strong>Cubismo<\/strong> (in\u00edcio do s\u00e9culo XX)<\/p>\n\n\n\n<p class=\"has-medium-font-size\">Pablo Picasso desconstr\u00eda formas em suas pinturas a \u00f3leo, representando m\u00faltiplas perspectivas em uma \u00fanica imagem. O cubismo foi revolucion\u00e1rio em seu afastamento da representa\u00e7\u00e3o realista da forma.<\/p>\n\n\n<div class=\"wp-block-image\">\n<figure class=\"aligncenter size-full\"><img loading=\"lazy\" decoding=\"async\" width=\"362\" height=\"483\" src=\"https:\/\/sme.goiania.go.gov.br\/conexaoescola\/wp-content\/uploads\/2024\/08\/image-80.png\" alt=\"\" class=\"wp-image-186267\" srcset=\"https:\/\/sme.goiania.go.gov.br\/conexaoescola\/wp-content\/uploads\/2024\/08\/image-80.png 362w, https:\/\/sme.goiania.go.gov.br\/conexaoescola\/wp-content\/uploads\/2024\/08\/image-80-225x300.png 225w\" sizes=\"(max-width: 362px) 100vw, 362px\" \/><\/figure><\/div>\n\n\n<p class=\"has-text-align-center has-small-font-size\">Dispon\u00edvel em <a href=\"https:\/\/www.flickr.com\/photos\/ewolivera\/27041812283%20Acesso%20em%2020\">https:\/\/www.flickr.com\/photos\/ewolivera\/27041812283 Acesso em 20<\/a>, ago. 2024.<\/p>\n\n\n\n<p class=\"has-medium-font-size\"><strong>Pop Art<\/strong> (d\u00e9cadas de 1950 e 1960)<\/p>\n\n\n\n<p class=\"has-medium-font-size\">Artistas como Andy Warhol usaram tinta acr\u00edlica e serigrafia para criar obras que refletiam a cultura de massa e a comercializa\u00e7\u00e3o. O acr\u00edlico, com sua r\u00e1pida secagem e cores vibrantes, foi ideal para o estilo gr\u00e1fico do Pop Art.<\/p>\n\n\n<div class=\"wp-block-image\">\n<figure class=\"aligncenter size-full is-resized\"><img loading=\"lazy\" decoding=\"async\" width=\"725\" height=\"439\" src=\"https:\/\/sme.goiania.go.gov.br\/conexaoescola\/wp-content\/uploads\/2024\/08\/image-81.png\" alt=\"\" class=\"wp-image-186268\" style=\"width:575px;height:auto\" srcset=\"https:\/\/sme.goiania.go.gov.br\/conexaoescola\/wp-content\/uploads\/2024\/08\/image-81.png 725w, https:\/\/sme.goiania.go.gov.br\/conexaoescola\/wp-content\/uploads\/2024\/08\/image-81-300x182.png 300w\" sizes=\"(max-width: 725px) 100vw, 725px\" \/><\/figure><\/div>\n\n\n<p class=\"has-text-align-center has-small-font-size\">Dispon\u00edvel em <a href=\"https:\/\/www.flickr.com\/photos\/96723092@N08\/44615870395\/\">https:\/\/www.flickr.com\/photos\/96723092@N08\/44615870395\/<\/a> Acesso em 20, ago. 2024<\/p>\n\n\n\n<p class=\"has-text-align-center has-medium-font-size\">A pintura, em suas diversas formas, \u00e9 uma express\u00e3o art\u00edstica que evoluiu ao longo dos s\u00e9culos, moldada por movimentos art\u00edsticos que refletiam as mudan\u00e7as nas percep\u00e7\u00f5es est\u00e9ticas e culturais. Desde os afrescos renascentistas at\u00e9 as obras em acr\u00edlico do Pop Art, a t\u00e9cnica e o meio escolhidos pelos artistas sempre foram fundamentais para comunicar as ideias e emo\u00e7\u00f5es de sua \u00e9poca.<\/p>\n\n\n\n<hr class=\"wp-block-separator has-alpha-channel-opacity\"\/>\n\n\n\n<p class=\"has-black-color has-text-color has-background has-medium-font-size\" style=\"background-color:#ff6a00cc\"><strong>QUEST\u00c3O 1<\/strong><\/p>\n\n\n\n<p class=\"has-medium-font-size\">A pintura \u00e9 uma das express\u00f5es art\u00edsticas mais antigas da humanidade, encontrada em cavernas pr\u00e9-hist\u00f3ricas, e evoluiu ao longo dos mil\u00eanios, refletindo as mudan\u00e7as culturais, sociais, tecnol\u00f3gicas e filos\u00f3ficas das sociedades. Podemos definir a pintura como<\/p>\n\n\n\n<p class=\"has-medium-font-size\">(A) uma forma de escultura feita em argila ou pedra esculpida, com detalhes realistas.<\/p>\n\n\n\n<p class=\"has-medium-font-size\">(B) um tipo de arte que envolve a aplica\u00e7\u00e3o de pigmentos em uma superf\u00edcie.<\/p>\n\n\n\n<p class=\"has-medium-font-size\">(C) uma t\u00e9cnica exclusiva de gravura feita em papel, alum\u00ednio, vidro ou madeira.<\/p>\n\n\n\n<p class=\"has-medium-font-size\">(D) uma arte perform\u00e1tica que utiliza o corpo como principal meio de express\u00e3o.<\/p>\n\n\n\n<p class=\"has-black-color has-text-color has-background has-medium-font-size\" style=\"background-color:#ff6a00cc\"><strong>QUEST\u00c3O 2<\/strong><\/p>\n\n\n\n<p class=\"has-medium-font-size\">Ao longo da hist\u00f3ria da arte, diversos movimentos art\u00edsticos influenciaram e foram influenciados pelas t\u00e9cnicas de pintura. Omovimento art\u00edstico que desconstruiu as formas em suas pinturas para representar m\u00faltiplas perspectivas em uma \u00fanica imagem foi o<\/p>\n\n\n\n<p class=\"has-medium-font-size\">(A) impressionismo.<\/p>\n\n\n\n<p class=\"has-medium-font-size\">(B) cubismo.<\/p>\n\n\n\n<p class=\"has-medium-font-size\">(C) barroco.<\/p>\n\n\n\n<p class=\"has-medium-font-size\">(D) surrealismo.<\/p>\n\n\n\n<p class=\"has-black-color has-text-color has-background has-medium-font-size\" style=\"background-color:#ff6a00cc\"><strong>QUEST\u00c3O 3<\/strong><\/p>\n\n\n\n<p class=\"has-medium-font-size\">Quais foram as principais caracter\u00edsticas das obras criadas no movimento art\u00edstico Cubismo?<\/p>\n\n\n\n<p class=\"has-black-color has-text-color has-background has-medium-font-size\" style=\"background-color:#ff6a00cc\"><strong>QUEST\u00c3O 4<\/strong><\/p>\n\n\n\n<p class=\"has-medium-font-size\">No movimento impressionista, qual foi a principal caracter\u00edstica da t\u00e9cnica de pintura adotada?<\/p>\n\n\n\n<hr class=\"wp-block-separator has-alpha-channel-opacity\"\/>\n\n\n\n<figure class=\"wp-block-table is-style-stripes has-medium-font-size\"><table><tbody><tr><td><strong>Autoria<\/strong><\/td><td>Veruska Bettiol<\/td><\/tr><tr><td><strong>Forma\u00e7\u00e3o <\/strong><\/td><td>Artes Visuais<\/td><\/tr><tr><td><strong>Componente Curricular<\/strong><\/td><td>Arte\/Artes Visuais<\/td><\/tr><tr><td><strong>Habilidade<\/strong><\/td><td>(GO-EF09AR01-A) Apontar, relacionar, compreender criticamente as formas distintas das artes visuais tradicionais e contempor\u00e2neas, locais, regionais, nacionais e universais, desenvolvendo a percep\u00e7\u00e3o, o imagin\u00e1rio, o pensamento cr\u00edtico, a interpreta\u00e7\u00e3o, a capacidade de simbolizar e valorizar o repert\u00f3rio imag\u00e9tico pessoal e do cotidiano, em contextos diversos.<\/td><\/tr><tr><td><strong>Refer\u00eancias<\/strong><\/td><td>ALBERTI, Leon Batista. <strong>Da Pintura<\/strong>. Editora da Unicamp. Campinas, 1989.<br>PROEN\u00c7A, Gra\u00e7a. <strong>Descobrindo a Hist\u00f3ria da Arte.<\/strong> S\u00e3o Paulo: \u00c1tica, 2006.<br>VENTURI, Lionello. <strong>Para compreender a pintura.<\/strong> Cole\u00e7\u00e3o Pensamento e Forma. Lisboa, 1983.<br>\u00a0<\/td><\/tr><\/tbody><\/table><\/figure>\n\n\n\n<hr class=\"wp-block-separator has-alpha-channel-opacity\"\/>\n","protected":false},"author":62,"featured_media":186260,"template":"","ef_categoria":[16,32],"ef_ano":[92],"ef_componente":[99],"class_list":["post-186257","ensino_fundamental","type-ensino_fundamental","status-publish","has-post-thumbnail","hentry","ef_categoria-ciclo-da-adolescencia-hi","ef_categoria-corpo-e-movimento-ciclo-da-adolescencia-hi","ef_ano-9o-ano","ef_componente-arte-ef","entry","has-media"],"acf":[],"_links":{"self":[{"href":"https:\/\/sme.goiania.go.gov.br\/conexaoescola\/wp-json\/wp\/v2\/ensino_fundamental\/186257","targetHints":{"allow":["GET"]}}],"collection":[{"href":"https:\/\/sme.goiania.go.gov.br\/conexaoescola\/wp-json\/wp\/v2\/ensino_fundamental"}],"about":[{"href":"https:\/\/sme.goiania.go.gov.br\/conexaoescola\/wp-json\/wp\/v2\/types\/ensino_fundamental"}],"author":[{"embeddable":true,"href":"https:\/\/sme.goiania.go.gov.br\/conexaoescola\/wp-json\/wp\/v2\/users\/62"}],"version-history":[{"count":1,"href":"https:\/\/sme.goiania.go.gov.br\/conexaoescola\/wp-json\/wp\/v2\/ensino_fundamental\/186257\/revisions"}],"predecessor-version":[{"id":186270,"href":"https:\/\/sme.goiania.go.gov.br\/conexaoescola\/wp-json\/wp\/v2\/ensino_fundamental\/186257\/revisions\/186270"}],"wp:featuredmedia":[{"embeddable":true,"href":"https:\/\/sme.goiania.go.gov.br\/conexaoescola\/wp-json\/wp\/v2\/media\/186260"}],"wp:attachment":[{"href":"https:\/\/sme.goiania.go.gov.br\/conexaoescola\/wp-json\/wp\/v2\/media?parent=186257"}],"wp:term":[{"taxonomy":"ef_categoria","embeddable":true,"href":"https:\/\/sme.goiania.go.gov.br\/conexaoescola\/wp-json\/wp\/v2\/ef_categoria?post=186257"},{"taxonomy":"ef_ano","embeddable":true,"href":"https:\/\/sme.goiania.go.gov.br\/conexaoescola\/wp-json\/wp\/v2\/ef_ano?post=186257"},{"taxonomy":"ef_componente","embeddable":true,"href":"https:\/\/sme.goiania.go.gov.br\/conexaoescola\/wp-json\/wp\/v2\/ef_componente?post=186257"}],"curies":[{"name":"wp","href":"https:\/\/api.w.org\/{rel}","templated":true}]}}