{"id":186226,"date":"2024-08-20T16:29:33","date_gmt":"2024-08-20T19:29:33","guid":{"rendered":"https:\/\/sme.goiania.go.gov.br\/conexaoescola\/?post_type=ensino_fundamental&#038;p=186226"},"modified":"2024-08-20T16:39:28","modified_gmt":"2024-08-20T19:39:28","slug":"geografia-o-processo-de-desenvolvimento-do-sistema-ferroviario-brasileiro","status":"publish","type":"ensino_fundamental","link":"https:\/\/sme.goiania.go.gov.br\/conexaoescola\/ensino_fundamental\/geografia-o-processo-de-desenvolvimento-do-sistema-ferroviario-brasileiro\/","title":{"rendered":"Geografia &#8211; O processo de desenvolvimento do sistema ferrovi\u00e1rio brasileiro"},"content":{"rendered":"\n<p class=\"has-black-color has-vivid-green-cyan-background-color has-text-color has-background has-medium-font-size\">Esta proposta de atividade de<strong> GEOGRAFIA<\/strong> \u00e9 destinada aos estudantes do 7<strong>\u00ba ano<\/strong> do Ensino Fundamental anos iniciais.<\/p>\n\n\n\n<div class=\"wp-block-buttons is-content-justification-center is-layout-flex wp-container-core-buttons-is-layout-16018d1d wp-block-buttons-is-layout-flex\">\n<div class=\"wp-block-button has-custom-font-size has-medium-font-size\"><a class=\"wp-block-button__link has-white-color has-black-background-color has-text-color has-background wp-element-button\" href=\"https:\/\/drive.google.com\/uc?export=download&amp;id=1UqUSNr3TArL5ttqmjZ6kaQnRoYkMiTCf\">BAIXE A ATIVIDADE<\/a><\/div>\n\n\n\n<div class=\"wp-block-button has-custom-font-size has-medium-font-size\"><a class=\"wp-block-button__link has-white-color has-black-background-color has-text-color has-background wp-element-button\" href=\"https:\/\/drive.google.com\/uc?export=download&amp;id=1JUI_hq7ClP3fn_RWSbuSmBTMgtTb3SBB\">BAIXE OS SLIDES<\/a><\/div>\n\n\n\n<div class=\"wp-block-button has-custom-font-size has-medium-font-size\"><a class=\"wp-block-button__link has-white-color has-black-background-color has-text-color has-background wp-element-button\" href=\"https:\/\/drive.google.com\/uc?export=download&amp;id=1XhU5AoYpRWpLCGdmOi7cUzFZbnDs4wLG\">BAIXE O TEXTO<\/a><\/div>\n<\/div>\n\n\n\n<p><\/p>\n\n\n<div class=\"wp-block-image\">\n<figure class=\"aligncenter size-full\"><img fetchpriority=\"high\" decoding=\"async\" width=\"779\" height=\"795\" src=\"https:\/\/sme.goiania.go.gov.br\/conexaoescola\/wp-content\/uploads\/2024\/08\/Ferrovia-2021-e1724181376968.png\" alt=\"\" class=\"wp-image-186229\" srcset=\"https:\/\/sme.goiania.go.gov.br\/conexaoescola\/wp-content\/uploads\/2024\/08\/Ferrovia-2021-e1724181376968.png 779w, https:\/\/sme.goiania.go.gov.br\/conexaoescola\/wp-content\/uploads\/2024\/08\/Ferrovia-2021-e1724181376968-294x300.png 294w, https:\/\/sme.goiania.go.gov.br\/conexaoescola\/wp-content\/uploads\/2024\/08\/Ferrovia-2021-e1724181376968-768x784.png 768w\" sizes=\"(max-width: 779px) 100vw, 779px\" \/><\/figure><\/div>\n\n\n<p class=\"has-text-align-center has-black-color has-text-color has-link-color has-small-font-size wp-elements-978f2ef77590d303fa4e728f2fc5129f\">Fonte: Atlas Geogr\u00e1fico Escolar do IBGE. Dispon\u00edvel em: &lt;<a href=\"https:\/\/atlasescolar.ibge.gov.br\/brasil\/3066-espaco-das-redes\/redes-de-transporte.html\">https:\/\/atlasescolar.ibge.gov.br\/brasil\/3066-espaco-das-redes\/redes-de-transporte.html<\/a>>. Acesso em 20 de ago. de 2024.<br><\/p>\n\n\n\n<p class=\"has-text-align-center has-black-color has-pale-cyan-blue-background-color has-text-color has-background has-link-color has-medium-font-size wp-elements-99f34d4f8ea58dfcbd325dff9be4a732\"><strong><strong>O processo de desenvolvimento do sistema ferrovi\u00e1rio brasileiro<\/strong><\/strong><\/p>\n\n\n\n<p class=\"has-black-color has-text-color has-link-color has-medium-font-size wp-elements-9c414ec4b7c777545bec8cecb8835a6a\">O sistema ferrovi\u00e1rio brasileiro \u00e9 uma parte importante da infraestrutura de transporte do pa\u00eds, que reflete o desenvolvimento econ\u00f4mico e social ao longo dos s\u00e9culos. Desde a sua introdu\u00e7\u00e3o, no s\u00e9culo XIX, as ferrovias desempenham um papel significativo na integra\u00e7\u00e3o regional e no escoamento da produ\u00e7\u00e3o agr\u00edcola e mineral do Brasil.<\/p>\n\n\n\n<p class=\"has-text-align-center has-black-color has-text-color has-link-color has-medium-font-size wp-elements-9faedf1a7b2662652f5fc61318939059\"><strong>O sistema ferrovi\u00e1rio brasileiro em 1960<\/strong><\/p>\n\n\n<div class=\"wp-block-image\">\n<figure class=\"aligncenter size-full\"><img decoding=\"async\" width=\"709\" height=\"781\" src=\"https:\/\/sme.goiania.go.gov.br\/conexaoescola\/wp-content\/uploads\/2024\/08\/Ferrovia-1960-e1724181396796.png\" alt=\"\" class=\"wp-image-186230\" srcset=\"https:\/\/sme.goiania.go.gov.br\/conexaoescola\/wp-content\/uploads\/2024\/08\/Ferrovia-1960-e1724181396796.png 709w, https:\/\/sme.goiania.go.gov.br\/conexaoescola\/wp-content\/uploads\/2024\/08\/Ferrovia-1960-e1724181396796-272x300.png 272w\" sizes=\"(max-width: 709px) 100vw, 709px\" \/><\/figure><\/div>\n\n\n<p class=\"has-text-align-center has-black-color has-text-color has-link-color has-small-font-size wp-elements-90f8ee91f6d2f28b82bd7b2e4474662c\">Fonte: Atlas Geogr\u00e1fico Escolar do IBGE. Dispon\u00edvel em: &lt;<a href=\"https:\/\/atlasescolar.ibge.gov.br\/brasil\/3066-espaco-das-redes\/redes-de-transporte.html\">https:\/\/atlasescolar.ibge.gov.br\/brasil\/3066-espaco-das-redes\/redes-de-transporte.html<\/a>&gt;. Acesso em 20 de ago. de 2024.<\/p>\n\n\n\n<p class=\"has-black-color has-text-color has-link-color has-medium-font-size wp-elements-90e65674dfb920b673dec81f94d0833c\">A hist\u00f3ria do sistema ferrovi\u00e1rio brasileiro come\u00e7ou em 1854, com a inaugura\u00e7\u00e3o da primeira linha ferrovi\u00e1ria do pa\u00eds, a Estrada de Ferro Mau\u00e1, que ligava o Porto de Mau\u00e1, na Ba\u00eda de Guanabara, a Raiz da Serra, no Rio de Janeiro. Esse empreendimento, liderado pelo Bar\u00e3o de Mau\u00e1, foi um marco do processo de moderniza\u00e7\u00e3o do Brasil, impulsionando a economia e o transporte de mercadorias e pessoas.&nbsp;<\/p>\n\n\n\n<p class=\"has-black-color has-text-color has-link-color has-medium-font-size wp-elements-12b3d46fc314b96f8da70d44b157f2d8\">Durante o final do s\u00e9culo XIX e in\u00edcio do s\u00e9culo XX, o Brasil viveu um per\u00edodo de intensa expans\u00e3o ferrovi\u00e1ria. Linhas f\u00e9rreas foram constru\u00eddas para atender principalmente \u00e0 exporta\u00e7\u00e3o de caf\u00e9, ligando as regi\u00f5es produtoras do interior aos portos. As ferrovias tornaram-se fundamentais para o desenvolvimento econ\u00f4mico, especialmente em S\u00e3o Paulo, Minas Gerais e Rio de Janeiro, onde o caf\u00e9 era a principal riqueza do pa\u00eds.&nbsp;<\/p>\n\n\n\n<p class=\"has-text-align-center has-black-color has-text-color has-link-color has-medium-font-size wp-elements-ef114f4b311ffb0700ad49b1cb2e7048\"><strong>O sistema ferrovi\u00e1rio brasileiro em 2021<\/strong><\/p>\n\n\n<div class=\"wp-block-image\">\n<figure class=\"aligncenter size-full\"><img fetchpriority=\"high\" decoding=\"async\" width=\"779\" height=\"795\" src=\"https:\/\/sme.goiania.go.gov.br\/conexaoescola\/wp-content\/uploads\/2024\/08\/Ferrovia-2021-e1724181376968.png\" alt=\"\" class=\"wp-image-186229\" srcset=\"https:\/\/sme.goiania.go.gov.br\/conexaoescola\/wp-content\/uploads\/2024\/08\/Ferrovia-2021-e1724181376968.png 779w, https:\/\/sme.goiania.go.gov.br\/conexaoescola\/wp-content\/uploads\/2024\/08\/Ferrovia-2021-e1724181376968-294x300.png 294w, https:\/\/sme.goiania.go.gov.br\/conexaoescola\/wp-content\/uploads\/2024\/08\/Ferrovia-2021-e1724181376968-768x784.png 768w\" sizes=\"(max-width: 779px) 100vw, 779px\" \/><\/figure><\/div>\n\n\n<p class=\"has-text-align-center has-black-color has-text-color has-link-color has-small-font-size wp-elements-90f8ee91f6d2f28b82bd7b2e4474662c\">Fonte: Atlas Geogr\u00e1fico Escolar do IBGE. Dispon\u00edvel em: &lt;<a href=\"https:\/\/atlasescolar.ibge.gov.br\/brasil\/3066-espaco-das-redes\/redes-de-transporte.html\">https:\/\/atlasescolar.ibge.gov.br\/brasil\/3066-espaco-das-redes\/redes-de-transporte.html<\/a>&gt;. Acesso em 20 de ago. de 2024.<\/p>\n\n\n\n<p class=\"has-black-color has-text-color has-link-color has-medium-font-size wp-elements-c91083c2b41935f9ccfe374b769249ac\">No entanto, essa expans\u00e3o n\u00e3o foi uniforme. O sistema ferrovi\u00e1rio foi desenvolvido de maneira fragmentada, com diferentes bitolas (largura dos trilhos) e padr\u00f5es de constru\u00e7\u00e3o. Isso resultou em dificuldades de integra\u00e7\u00e3o entre as diferentes regi\u00f5es do pa\u00eds, um problema que persiste at\u00e9 hoje.<\/p>\n\n\n\n<p class=\"has-text-align-center has-black-color has-text-color has-link-color has-medium-font-size wp-elements-3d4bda6693eb756b3e99720848a35916\"><strong>O sistema rodovi\u00e1rio brasileiro em 1960 e 2021<\/strong><\/p>\n\n\n<div class=\"wp-block-image\">\n<figure class=\"aligncenter size-large\"><img decoding=\"async\" width=\"1024\" height=\"502\" src=\"https:\/\/sme.goiania.go.gov.br\/conexaoescola\/wp-content\/uploads\/2024\/08\/2-5-e1724181317276-1024x502.png\" alt=\"\" class=\"wp-image-186227\" srcset=\"https:\/\/sme.goiania.go.gov.br\/conexaoescola\/wp-content\/uploads\/2024\/08\/2-5-e1724181317276-1024x502.png 1024w, https:\/\/sme.goiania.go.gov.br\/conexaoescola\/wp-content\/uploads\/2024\/08\/2-5-e1724181317276-300x147.png 300w, https:\/\/sme.goiania.go.gov.br\/conexaoescola\/wp-content\/uploads\/2024\/08\/2-5-e1724181317276-768x376.png 768w, https:\/\/sme.goiania.go.gov.br\/conexaoescola\/wp-content\/uploads\/2024\/08\/2-5-e1724181317276-1536x752.png 1536w, https:\/\/sme.goiania.go.gov.br\/conexaoescola\/wp-content\/uploads\/2024\/08\/2-5-e1724181317276.png 1778w\" sizes=\"(max-width: 1024px) 100vw, 1024px\" \/><\/figure><\/div>\n\n\n<p class=\"has-text-align-center has-small-font-size\">Fonte: Atlas Geogr\u00e1fico Escolar do IBGE. Dispon\u00edvel em: &lt;<a href=\"https:\/\/atlasescolar.ibge.gov.br\/brasil\/3066-espaco-das-redes\/redes-de-transporte.html\">https:\/\/atlasescolar.ibge.gov.br\/brasil\/3066-espaco-das-redes\/redes-de-transporte.html<\/a>&gt;. Acesso em 20 de ago. de 2024.<\/p>\n\n\n\n<p class=\"has-black-color has-text-color has-link-color has-medium-font-size wp-elements-9a419951bfb60b0a3063d15dd0c0ae3b\">Atualmente, o sistema ferrovi\u00e1rio brasileiro enfrenta v\u00e1rios desafios. Ap\u00f3s d\u00e9cadas de decl\u00ednio, nos quais as ferrovias perderam espa\u00e7o para as rodovias, o Brasil tem tentado revitalizar esse meio de transporte. As ferrovias brasileiras continuam sendo um modal importante para o escoamento de cargas pesadas, como min\u00e9rio de ferro, soja e outros produtos agr\u00edcolas.&nbsp;<\/p>\n\n\n\n<p class=\"has-black-color has-text-color has-link-color has-medium-font-size wp-elements-9ad0082037199672558d1d36ba0bde64\">A Ferrovia Norte-Sul e a Ferrovia de Integra\u00e7\u00e3o Oeste-Leste s\u00e3o exemplos de projetos recentes que visam conectar regi\u00f5es produtoras aos portos, contribuindo para a competitividade do Brasil no mercado internacional. Entretanto, a infraestrutura ferrovi\u00e1ria ainda \u00e9 limitada em termos de extens\u00e3o e qualidade. Muitas linhas s\u00e3o antigas e carecem de manuten\u00e7\u00e3o, e o transporte de passageiros \u00e9 praticamente inexistente na maioria do pa\u00eds, exceto por algumas poucas linhas urbanas e regionais.<\/p>\n\n\n<div class=\"wp-block-image\">\n<figure class=\"aligncenter size-large\"><img loading=\"lazy\" decoding=\"async\" width=\"1024\" height=\"576\" src=\"https:\/\/sme.goiania.go.gov.br\/conexaoescola\/wp-content\/uploads\/2024\/08\/1-6-e1724181351827-1024x576.png\" alt=\"\" class=\"wp-image-186228\" srcset=\"https:\/\/sme.goiania.go.gov.br\/conexaoescola\/wp-content\/uploads\/2024\/08\/1-6-e1724181351827-1024x576.png 1024w, https:\/\/sme.goiania.go.gov.br\/conexaoescola\/wp-content\/uploads\/2024\/08\/1-6-e1724181351827-300x169.png 300w, https:\/\/sme.goiania.go.gov.br\/conexaoescola\/wp-content\/uploads\/2024\/08\/1-6-e1724181351827-768x432.png 768w, https:\/\/sme.goiania.go.gov.br\/conexaoescola\/wp-content\/uploads\/2024\/08\/1-6-e1724181351827-1536x864.png 1536w, https:\/\/sme.goiania.go.gov.br\/conexaoescola\/wp-content\/uploads\/2024\/08\/1-6-e1724181351827.png 1920w\" sizes=\"(max-width: 1024px) 100vw, 1024px\" \/><\/figure><\/div>\n\n\n<p class=\"has-black-color has-text-color has-link-color has-medium-font-size wp-elements-db888a9ea405dd7d2701c01dc068149c\">Um dos maiores desafios \u00e9 a competi\u00e7\u00e3o com o transporte rodovi\u00e1rio, que, apesar de ser mais caro e menos eficiente para cargas pesadas, recebeu mais investimentos ao longo do s\u00e9culo XX. A depend\u00eancia das rodovias sobrecarrega a infraestrutura vi\u00e1ria e aumenta os custos log\u00edsticos, enquanto as ferrovias poderiam oferecer uma alternativa mais sustent\u00e1vel e eficiente.&nbsp;<\/p>\n\n\n\n<p class=\"has-black-color has-text-color has-link-color has-medium-font-size wp-elements-c7709d8f72bfd930cb5bee0c32520885\">Al\u00e9m disso, quest\u00f5es ambientais e sociais tamb\u00e9m precisam ser consideradas. A constru\u00e7\u00e3o de novas linhas f\u00e9rreas pode causar impactos ambientais significativos, especialmente em \u00e1reas sens\u00edveis como a Amaz\u00f4nia. Por isso, \u00e9 essencial que os projetos ferrovi\u00e1rios sejam planejados de forma sustent\u00e1vel, com medidas de mitiga\u00e7\u00e3o de impactos e compensa\u00e7\u00f5es ambientais adequadas.<\/p>\n\n\n\n<p class=\"has-black-color has-text-color has-link-color has-medium-font-size wp-elements-e6742c9c807e3cd3e1fe598993408ea7\">O sistema ferrovi\u00e1rio brasileiro tem uma hist\u00f3ria rica e desempenha um papel crucial na economia do pa\u00eds. No entanto, enfrenta desafios significativos em termos de moderniza\u00e7\u00e3o, integra\u00e7\u00e3o e sustentabilidade. Investimentos em infraestrutura, planejamento integrado e pol\u00edticas p\u00fablicas que promovam o uso eficiente e sustent\u00e1vel das ferrovias s\u00e3o essenciais para que esse modal de transporte possa contribuir de maneira mais efetiva para o desenvolvimento do Brasil.<\/p>\n\n\n\n<p><\/p>\n\n\n\n<p class=\"has-text-align-center has-black-color has-text-color has-background has-medium-font-size\" style=\"background-color:#ffd2ae\"><strong>RESPONDA \u00c0S QUEST\u00d5ES<\/strong><\/p>\n\n\n\n<p class=\"has-black-color has-pale-cyan-blue-background-color has-text-color has-background has-medium-font-size\"><strong>QUEST\u00c3O 01<\/strong><\/p>\n\n\n\n<p class=\"has-black-color has-text-color has-medium-font-size\">Observe o mapa do Brasil e crie 3 rotas ferrovi\u00e1rias que voc\u00ea deseja que fossem constru\u00eddas no pa\u00eds. Explique os motivos que te levou a escolher essas 3 rotas, e como essas rotas podem melhorar a vida da popula\u00e7\u00e3o brasileira.<\/p>\n\n\n\n<p><\/p>\n\n\n\n<p class=\"has-black-color has-pale-cyan-blue-background-color has-text-color has-background has-medium-font-size\"><strong><strong>QUEST\u00c3O<\/strong> 02<\/strong><\/p>\n\n\n\n<p class=\"has-black-color has-text-color has-medium-font-size\">Fa\u00e7a uma pesquisa sobre os novos projetos de ferrovias e parcerias internacionais que o Brasil vem buscando, ap\u00f3s a pesquisa, produza um texto sobre a import\u00e2ncia das ferrovias para o desenvolvimento econ\u00f4mico do Brasil.<\/p>\n\n\n\n<p><\/p>\n\n\n\n<p class=\"has-black-color has-pale-cyan-blue-background-color has-text-color has-background has-medium-font-size\"><strong><strong>QUEST\u00c3O<\/strong> 03<\/strong><\/p>\n\n\n\n<p class=\"has-black-color has-text-color has-link-color has-medium-font-size wp-elements-30127da24bad94871bf9a1a923047a49\">Durante o final do s\u00e9culo XIX e in\u00edcio do s\u00e9culo XX, o Brasil viveu um per\u00edodo de intensa expans\u00e3o ferrovi\u00e1ria. Linhas f\u00e9rreas foram constru\u00eddas para atender principalmente \u00e0 exporta\u00e7\u00e3o de caf\u00e9, ligando as regi\u00f5es produtoras do interior aos portos. As ferrovias tornaram-se fundamentais para o desenvolvimento econ\u00f4mico, especialmente em&nbsp;&nbsp;&nbsp;<\/p>\n\n\n\n<p class=\"has-black-color has-text-color has-link-color has-medium-font-size wp-elements-ea54c61ddc45aa724fb429ceb3e61955\">(A) Cear\u00e1, Rio Grande do Norte e Alagoas, onde a cana-de-a\u00e7\u00facar era a principal produ\u00e7\u00e3o do pa\u00eds.<\/p>\n\n\n\n<p class=\"has-black-color has-text-color has-link-color has-medium-font-size wp-elements-42203ba3f14d3d70881b79939a8b0643\">(B) Rond\u00f4nia, Roraima e Acre, onde a produ\u00e7\u00e3o de borra\u00e7a era a principal produ\u00e7\u00e3o do pa\u00eds.<\/p>\n\n\n\n<p class=\"has-black-color has-text-color has-link-color has-medium-font-size wp-elements-af0afa31768f537d18bb1e2e815bd637\">(C) Par\u00e1, Tocantins e Maranh\u00e3o, onde a produ\u00e7\u00e3o de soja era a principal produ\u00e7\u00e3o do pa\u00eds.<\/p>\n\n\n\n<p class=\"has-black-color has-text-color has-link-color has-medium-font-size wp-elements-a1dddbb119cd383afdb48d623f6492c5\">(D) S\u00e3o Paulo, Minas Gerais e Rio de Janeiro, onde o caf\u00e9 era a principal riqueza do pa\u00eds.<\/p>\n\n\n\n<p><\/p>\n\n\n\n<p class=\"has-black-color has-pale-cyan-blue-background-color has-text-color has-background has-medium-font-size\"><strong><strong>QUEST\u00c3O<\/strong> 04<\/strong><\/p>\n\n\n\n<p class=\"has-black-color has-text-color has-link-color has-medium-font-size wp-elements-ea527688fb825730f07c141d2bfa29e5\">A infraestrutura ferrovi\u00e1ria ainda \u00e9 limitada em termos de extens\u00e3o e qualidade. Muitas linhas s\u00e3o antigas e carecem de manuten\u00e7\u00e3o, e o transporte de passageiros \u00e9 praticamente inexistente na maioria do pa\u00eds, exceto por algumas poucas linhas urbanas e regionais. Um dos maiores desafios \u00e9 a competi\u00e7\u00e3o com o transporte rodovi\u00e1rio, que, apesar de ser mais caro e menos eficiente para cargas pesadas, recebeu mais investimentos ao longo do s\u00e9culo XX. A depend\u00eancia das rodovias&nbsp;<\/p>\n\n\n\n<p class=\"has-black-color has-text-color has-link-color has-medium-font-size wp-elements-602833434daf50d4c28587e366440ebf\">(A) sobrecarrega a infraestrutura vi\u00e1ria e aumenta os custos log\u00edsticos.<\/p>\n\n\n\n<p class=\"has-black-color has-text-color has-link-color has-medium-font-size wp-elements-99d11bcb71a6c2e944ea500857922d67\">(B) qualifica a infraestrutura vi\u00e1ria e diminui os custos com a produ\u00e7\u00e3o e transporte.<\/p>\n\n\n\n<p class=\"has-black-color has-text-color has-link-color has-medium-font-size wp-elements-4dfb5a5e3235fb5ba6f8447047e2da9e\">(C) melhora o desenvolvimento ambiental e social das \u00e1reas com rodovias.<\/p>\n\n\n\n<p class=\"has-black-color has-text-color has-link-color has-medium-font-size wp-elements-4dfad42bc70c0a551657a7e4123a7030\">(D) possibilitando o transporte de cargas muito pesadas e em grande quantidade.<\/p>\n\n\n\n<p><\/p>\n\n\n\n<hr class=\"wp-block-separator has-alpha-channel-opacity\"\/>\n\n\n\n<figure class=\"wp-block-table is-style-stripes\" style=\"font-size:15px\"><table class=\"has-black-color has-text-color\"><tbody><tr><td><strong>Autoria:<\/strong><\/td><td>Prof. Me.: Gabriel Ramos Paiva<\/td><\/tr><tr><td><strong>Forma\u00e7\u00e3o:<\/strong><\/td><td>Licenciatura em Geografia;<br>Bacharelado em Geografia;<br>Licenciatura em Pedagogia;<br>Mestre em Geografia pelo IESA-UFG.<\/td><\/tr><tr><td><strong>Componente Curricular:<\/strong><\/td><td>Geografia<\/td><\/tr><tr><td><strong>DCGO \u2013 AMPLIADO (1\u00ba corte) Habilidades:<\/strong><\/td><td><br>(EF07GE07-A) Compreender a import\u00e2ncia e a fun\u00e7\u00e3o das redes de transporte e comunica\u00e7\u00e3o no desenvolvimento do territ\u00f3rio brasileiro e suas implica\u00e7\u00f5es socioecon\u00f4micas, ambientais e culturais.<\/td><\/tr><tr><td><strong>Matriz de habilidades essenciais:<\/strong><\/td><td>Compreender a fun\u00e7\u00e3o das redes de transporte e comunica\u00e7\u00e3o no desenvolvimento do territ\u00f3rio brasileiro e as implica\u00e7\u00f5es socioecon\u00f4micas, ambientais e culturais no pa\u00eds.<\/td><\/tr><tr><td><strong>Refer\u00eancias:<\/strong><\/td><td>RUIZ-PADILLO, Alejandro; SILVEIRA, Caroline Alves da TORRES, T\u00e2nia Batistela. Sistemas de transporte: introdu\u00e7\u00e3o, conceitos e panorama: Cachoeira do Sul, Rio Grande do Sul, Brasil. Cachoeira do Sul\u2013RS,\u00a0 UFSM-CS, 2020. Dispon\u00edvel em: &lt;<a href=\"https:\/\/www.ufsm.br\/app\/uploads\/sites\/266\/2020\/09\/Sistemas-de-Transporte.-Introducao-conceitos-e-panorama.pdf\">https:\/\/www.ufsm.br\/app\/uploads\/sites\/266\/2020\/09\/Sistemas-de-Transporte.-Introducao-conceitos-e-panorama.pdf<\/a>>. Acesso em 20 de ago. de 2024.<\/td><\/tr><\/tbody><\/table><\/figure>\n","protected":false},"author":20,"featured_media":186229,"template":"","ef_categoria":[15],"ef_ano":[90],"ef_componente":[96],"class_list":["post-186226","ensino_fundamental","type-ensino_fundamental","status-publish","has-post-thumbnail","hentry","ef_categoria-ciclo-da-adolescencia-fg","ef_ano-7o-ano","ef_componente-geografia","entry","has-media"],"acf":[],"_links":{"self":[{"href":"https:\/\/sme.goiania.go.gov.br\/conexaoescola\/wp-json\/wp\/v2\/ensino_fundamental\/186226","targetHints":{"allow":["GET"]}}],"collection":[{"href":"https:\/\/sme.goiania.go.gov.br\/conexaoescola\/wp-json\/wp\/v2\/ensino_fundamental"}],"about":[{"href":"https:\/\/sme.goiania.go.gov.br\/conexaoescola\/wp-json\/wp\/v2\/types\/ensino_fundamental"}],"author":[{"embeddable":true,"href":"https:\/\/sme.goiania.go.gov.br\/conexaoescola\/wp-json\/wp\/v2\/users\/20"}],"version-history":[{"count":1,"href":"https:\/\/sme.goiania.go.gov.br\/conexaoescola\/wp-json\/wp\/v2\/ensino_fundamental\/186226\/revisions"}],"predecessor-version":[{"id":186232,"href":"https:\/\/sme.goiania.go.gov.br\/conexaoescola\/wp-json\/wp\/v2\/ensino_fundamental\/186226\/revisions\/186232"}],"wp:featuredmedia":[{"embeddable":true,"href":"https:\/\/sme.goiania.go.gov.br\/conexaoescola\/wp-json\/wp\/v2\/media\/186229"}],"wp:attachment":[{"href":"https:\/\/sme.goiania.go.gov.br\/conexaoescola\/wp-json\/wp\/v2\/media?parent=186226"}],"wp:term":[{"taxonomy":"ef_categoria","embeddable":true,"href":"https:\/\/sme.goiania.go.gov.br\/conexaoescola\/wp-json\/wp\/v2\/ef_categoria?post=186226"},{"taxonomy":"ef_ano","embeddable":true,"href":"https:\/\/sme.goiania.go.gov.br\/conexaoescola\/wp-json\/wp\/v2\/ef_ano?post=186226"},{"taxonomy":"ef_componente","embeddable":true,"href":"https:\/\/sme.goiania.go.gov.br\/conexaoescola\/wp-json\/wp\/v2\/ef_componente?post=186226"}],"curies":[{"name":"wp","href":"https:\/\/api.w.org\/{rel}","templated":true}]}}