{"id":186205,"date":"2024-08-23T07:00:00","date_gmt":"2024-08-23T10:00:00","guid":{"rendered":"https:\/\/sme.goiania.go.gov.br\/conexaoescola\/?post_type=ensino_fundamental&#038;p=186205"},"modified":"2024-09-02T19:15:38","modified_gmt":"2024-09-02T22:15:38","slug":"ciencias-da-natureza-a-participacao-dos-microrganismos-na-producao-de-alimentos-combustiveis-e-medicamentos","status":"publish","type":"ensino_fundamental","link":"https:\/\/sme.goiania.go.gov.br\/conexaoescola\/ensino_fundamental\/ciencias-da-natureza-a-participacao-dos-microrganismos-na-producao-de-alimentos-combustiveis-e-medicamentos\/","title":{"rendered":"CI\u00caNCIAS DA NATUREZA \u2013 A participa\u00e7\u00e3o dos microrganismos na produ\u00e7\u00e3o de alimentos, combust\u00edveis e medicamentos"},"content":{"rendered":"\n<p class=\"has-text-align-center has-pale-ocean-gradient-background has-background has-medium-font-size\"><strong>ESTA PROPOSTA DE ATIVIDADE DE CI\u00caNCIAS DA NATUREZA\u00a0\u00c9 DESTINADA AOS ESTUDANTES\u00a0DO\u00a04\u00ba ANO DO ENSINO FUNDAMENTAL.<\/strong><\/p>\n\n\n\n<div class=\"wp-block-buttons alignwide is-content-justification-center is-layout-flex wp-container-core-buttons-is-layout-16018d1d wp-block-buttons-is-layout-flex\">\n<div class=\"wp-block-button has-custom-width wp-block-button__width-25\"><a class=\"wp-block-button__link wp-element-button\" href=\"https:\/\/drive.google.com\/uc?export=download&amp;id=1KAktDDng_i7pCh7ET85UF4zY1tKniacs\"><strong>BAIXE A ATIVIDADE<\/strong><\/a><\/div>\n\n\n\n<div class=\"wp-block-button has-custom-width wp-block-button__width-25\"><a class=\"wp-block-button__link wp-element-button\" href=\"https:\/\/drive.google.com\/uc?export=download&amp;id=15LAxqlxhqhvn5bB1PENqCFoe28_2xHMj\"><strong>BAIXE OS SLIDES<\/strong><\/a><\/div>\n\n\n\n<div class=\"wp-block-button has-custom-width wp-block-button__width-25\"><a class=\"wp-block-button__link wp-element-button\" href=\"https:\/\/drive.google.com\/uc?export=download&amp;id=1T7f1wkzzCGJ50hvbfcRsGBRHT4nT0Sz6\"><strong>BAIXE O TEXTO<\/strong><\/a><\/div>\n<\/div>\n\n\n\n<hr class=\"wp-block-separator has-alpha-channel-opacity\"\/>\n\n\n\n<p class=\"has-text-align-center has-medium-font-size\"><strong>A participa\u00e7\u00e3o dos microrganismos na produ\u00e7\u00e3o de alimentos<\/strong><\/p>\n\n\n\n<p class=\"has-medium-font-size\">O leite fermentado \u00e9 um exemplo claro de como os microrganismos desempenham um papel essencial na produ\u00e7\u00e3o de alimentos. Esse processo envolve a a\u00e7\u00e3o de bact\u00e9rias ben\u00e9ficas, como os lactobacilos, que s\u00e3o respons\u00e1veis por transformar o leite em produtos como iogurtes e coalhadas.<\/p>\n\n\n\n<p class=\"has-medium-font-size\">Durante a fermenta\u00e7\u00e3o, essas bact\u00e9rias convertem a lactose, um tipo de a\u00e7\u00facar presente no leite, em \u00e1cido l\u00e1tico, o que d\u00e1 ao iogurte sua textura e sabor caracter\u00edsticos. Al\u00e9m de conferir um sabor agrad\u00e1vel, a fermenta\u00e7\u00e3o melhora a digestibilidade do leite, tornando-o mais toler\u00e1vel para pessoas com intoler\u00e2ncia \u00e0 lactose.<\/p>\n\n\n\n<p class=\"has-medium-font-size\">A produ\u00e7\u00e3o de leite fermentado tamb\u00e9m exemplifica a import\u00e2ncia da tecnologia nos processos alimentares. Hoje, gra\u00e7as aos avan\u00e7os tecnol\u00f3gicos, \u00e9 poss\u00edvel controlar precisamente as condi\u00e7\u00f5es de fermenta\u00e7\u00e3o, garantindo a qualidade e seguran\u00e7a dos produtos. A sele\u00e7\u00e3o e cultivo de microrganismos espec\u00edficos permitem a cria\u00e7\u00e3o de produtos com diferentes sabores, texturas e benef\u00edcios para a sa\u00fade.<\/p>\n\n\n\n<p class=\"has-medium-font-size\">Portanto, o leite fermentado n\u00e3o s\u00f3 ilustra a contribui\u00e7\u00e3o dos microrganismos na produ\u00e7\u00e3o de alimentos, mas tamb\u00e9m destaca como a tecnologia aprimora esses processos, tornando-os mais eficientes e diversificados.<\/p>\n\n\n\n<p class=\"has-text-align-center has-medium-font-size\"><strong>OBSERVE A SEGUINTE IMAGEM PARA RESPONDER \u00c0S QUEST\u00d5ES:<\/strong><\/p>\n\n\n<div class=\"wp-block-image\">\n<figure class=\"aligncenter size-full is-resized\"><img fetchpriority=\"high\" decoding=\"async\" width=\"900\" height=\"496\" src=\"https:\/\/sme.goiania.go.gov.br\/conexaoescola\/wp-content\/uploads\/2024\/08\/leite-fermentado.png\" alt=\"\" class=\"wp-image-186207\" style=\"width:583px;height:auto\" srcset=\"https:\/\/sme.goiania.go.gov.br\/conexaoescola\/wp-content\/uploads\/2024\/08\/leite-fermentado.png 900w, https:\/\/sme.goiania.go.gov.br\/conexaoescola\/wp-content\/uploads\/2024\/08\/leite-fermentado-300x165.png 300w, https:\/\/sme.goiania.go.gov.br\/conexaoescola\/wp-content\/uploads\/2024\/08\/leite-fermentado-768x423.png 768w\" sizes=\"(max-width: 900px) 100vw, 900px\" \/><figcaption class=\"wp-element-caption\">Imagem produzida em: www.canva.com<\/figcaption><\/figure><\/div>\n\n\n<p class=\"has-pale-ocean-gradient-background has-background has-medium-font-size\"><strong>QUEST\u00c3O 1<\/strong><\/p>\n\n\n\n<p class=\"has-medium-font-size\">O papel principal dos microrganismos na produ\u00e7\u00e3o de leite fermentado \u00e9<\/p>\n\n\n\n<p class=\"has-medium-font-size\">(A) transformar o leite em \u00e1gua.<\/p>\n\n\n\n<p class=\"has-medium-font-size\">(B) converter a lactose em \u00e1cido l\u00e1tico.<\/p>\n\n\n\n<p class=\"has-medium-font-size\">(C) remover todos os nutrientes do leite.<\/p>\n\n\n\n<p class=\"has-medium-font-size\">(D) aumentar a quantidade de gordura no leite.<\/p>\n\n\n\n<p class=\"has-pale-ocean-gradient-background has-background has-medium-font-size\"><strong>QUEST\u00c3O 2<\/strong><\/p>\n\n\n\n<p class=\"has-medium-font-size\">A fermenta\u00e7\u00e3o do leite \u00e9 importante porque<\/p>\n\n\n\n<p class=\"has-medium-font-size\">(A) aumenta a quantidade de calorias.<\/p>\n\n\n\n<p class=\"has-medium-font-size\">(B) melhora a digestibilidade e o sabor do leite.<\/p>\n\n\n\n<p class=\"has-medium-font-size\">(C) reduz a acidez do leite.<\/p>\n\n\n\n<p class=\"has-medium-font-size\">(D) remove as vitaminas do leite.<\/p>\n\n\n\n<p class=\"has-pale-ocean-gradient-background has-background has-medium-font-size\"><strong>QUEST\u00c3O 3<\/strong><\/p>\n\n\n\n<p class=\"has-medium-font-size\"><strong>Descreva <\/strong>como a tecnologia tem influenciado o processo de fermenta\u00e7\u00e3o do leite e a produ\u00e7\u00e3o de derivados como o iogurte.<\/p>\n\n\n\n<p class=\"has-pale-ocean-gradient-background has-background has-medium-font-size\"><strong>QUEST\u00c3O 4<\/strong><\/p>\n\n\n\n<p class=\"has-medium-font-size\"><strong>Liste <\/strong>alguns alimentos que dependem da a\u00e7\u00e3o de microrganismos em sua produ\u00e7\u00e3o.<\/p>\n\n\n\n<p class=\"has-text-align-center has-pale-ocean-gradient-background has-background has-medium-font-size\"><strong>ATIVIDADE EXPERIMENTAL<\/strong><\/p>\n\n\n\n<p class=\"has-medium-font-size\"><strong>Atividade Experimental:<\/strong> Produ\u00e7\u00e3o de P\u00e3o com Fermento Biol\u00f3gico<\/p>\n\n\n\n<p class=\"has-medium-font-size\"><strong>Objetivo: <\/strong>mostrar como os microrganismos, especificamente o fermento biol\u00f3gico (Saccharomyces cerevisiae), s\u00e3o utilizados para fazer o p\u00e3o crescer, destacando o processo de fermenta\u00e7\u00e3o de forma simples e divertida.<\/p>\n\n\n\n<p class=\"has-medium-font-size\"><strong>Materiais:<\/strong><\/p>\n\n\n\n<p class=\"has-medium-font-size\">2 x\u00edcaras de farinha de trigo<\/p>\n\n\n\n<p class=\"has-medium-font-size\">1\/2 x\u00edcara de \u00e1gua morna (n\u00e3o quente)<\/p>\n\n\n\n<p class=\"has-medium-font-size\">1 colher de ch\u00e1 de a\u00e7\u00facar<\/p>\n\n\n\n<p class=\"has-medium-font-size\">1\/2 colher de ch\u00e1 de sal<\/p>\n\n\n\n<p class=\"has-medium-font-size\">1 colher de ch\u00e1 de fermento biol\u00f3gico seco<\/p>\n\n\n\n<p class=\"has-medium-font-size\">1 tigela grande<\/p>\n\n\n\n<p class=\"has-medium-font-size\">1 colher de pau<\/p>\n\n\n\n<p class=\"has-medium-font-size\">1 pano de prato limpo<\/p>\n\n\n\n<p class=\"has-medium-font-size\">1 forma de p\u00e3o<\/p>\n\n\n\n<p class=\"has-medium-font-size\"><strong>Procedimento:<\/strong><\/p>\n\n\n\n<p class=\"has-medium-font-size\"><strong>Ativa\u00e7\u00e3o do fermento: <\/strong>em uma tigela pequena, misture a \u00e1gua morna com o a\u00e7\u00facar e o fermento biol\u00f3gico seco. Deixe descansar por cerca de 5 minutos at\u00e9 que comece a espumar. Isso mostra que o fermento est\u00e1 &#8220;acordando&#8221; e come\u00e7ando a trabalhar.<\/p>\n\n\n\n<p class=\"has-medium-font-size\"><strong>Prepara\u00e7\u00e3o da massa: <\/strong>em uma tigela grande, misture a farinha e o sal. Adicione a mistura de fermento ativado e mexa com a colher de pau at\u00e9 formar uma massa. Se necess\u00e1rio, adicione um pouco mais de \u00e1gua ou farinha para que a massa fique macia, mas n\u00e3o pegajosa.<\/p>\n\n\n\n<p class=\"has-medium-font-size\"><strong>Sova da massa: <\/strong>coloque a massa em uma superf\u00edcie enfarinhada e deixe as crian\u00e7as amassarem por cerca de 5 minutos. Explique que, ao amassar, estamos ajudando o fermento a se espalhar pela massa.<\/p>\n\n\n\n<p class=\"has-medium-font-size\"><strong>Primeira fermenta\u00e7\u00e3o:<\/strong> coloque a massa de volta na tigela, cubra com o pano de prato limpo e deixe descansar em um local morno por 1 hora. Durante esse tempo, o fermento produzir\u00e1 bolhas de g\u00e1s (di\u00f3xido de carbono), fazendo a massa crescer.<\/p>\n\n\n\n<p class=\"has-medium-font-size\"><strong>Prepara\u00e7\u00e3o para assar: <\/strong>ap\u00f3s a massa ter dobrado de tamanho, amasse a massa novamente por alguns minutos. Em seguida, coloque a massa em uma forma de p\u00e3o e deixe crescer por mais 30 minutos.<\/p>\n\n\n\n<p class=\"has-medium-font-size\"><strong>Observa\u00e7\u00e3o (sem assar): <\/strong>antes de assar, observe que o crescimento da massa \u00e9 causado pelas bolhas de g\u00e1s que o fermento produziu. Por quest\u00f5es de seguran\u00e7a, a parte de assar o p\u00e3o ser\u00e1 feita por um adulto, mas voc\u00ea poder\u00e1 observar o resultado final.<\/p>\n\n\n\n<p class=\"has-medium-font-size\"><strong>Conclus\u00e3o: <\/strong>ap\u00f3s o p\u00e3o assado esfriar, e o professor (a) cortar o mesmo em fatias, observe as bolhas de ar dentro do p\u00e3o, formadas pelo fermento. Os microrganismos ajudaram a transformar ingredientes simples em um p\u00e3o macio e saboroso.<\/p>\n\n\n\n<p class=\"has-medium-font-size\"><strong>Extens\u00e3o da atividade: <\/strong>professor (a), para explorar mais, as crian\u00e7as podem experimentar adicionar diferentes ingredientes \u00e0 massa, como ervas ou queijos, e observar como isso afeta o crescimento e o sabor do p\u00e3o.<\/p>\n\n\n\n<hr class=\"wp-block-separator has-alpha-channel-opacity\"\/>\n\n\n\n<figure class=\"wp-block-table is-style-stripes\"><table class=\"has-fixed-layout\"><tbody><tr><td><strong>Autoria:<\/strong><\/td><td>Prof\u00aa Esp. Danielle Assis Borges Fantini<\/td><\/tr><tr><td><strong>Forma\u00e7\u00e3o:<\/strong><\/td><td>Graduanda em: &#8211; Nutri\u00e7\u00e3o. \u00a0 <br><br>Graduada em:<br>\u2013 Pedagogia e Jornalismo. \u00a0 <br><br>P\u00f3s-graduada em:<br>\u2013 MBA em Gest\u00e3o das Tecnologias da Informa\u00e7\u00e3o e da Comunica\u00e7\u00e3o \u2013 Educa\u00e7\u00e3o.<br>\u2013 Doc\u00eancia Universit\u00e1ria.<br>\u2013 Neuropedagogia Aplicada \u00e0 Educa\u00e7\u00e3o.<br>\u2013 Psicopedagogia Institucional e Cl\u00ednica.<\/td><\/tr><tr><td><strong>Componente Curricular:<\/strong><\/td><td>CI\u00caNCIAS DA NATUREZA<\/td><\/tr><tr><td><strong>Habilidade (s):<\/strong><\/td><td>(EF04CI07-A) Identificar a participa\u00e7\u00e3o de microrganismos nos processos de produ\u00e7\u00e3o de alimentos (queijos, iogurtes, coalhadas), combust\u00edveis (\u00e1lcool), medicamentos (antibi\u00f3ticos), reconhecendo a import\u00e2ncia da tecnologia nesses processos. &nbsp;<\/td><\/tr><tr><td><strong>Refer\u00eancia (s):<\/strong><\/td><td>Bigaiski, Denise e Sourient, Lilian. Novo Akpal\u00f4. Ci\u00eancias da Natureza, 4\u00ba ano: ensino fundamental. 1 ed. S\u00e3o Paulo: Editora do Brasil, 2021. \u00a0 <br><br>MICRORGANISMOS. Toda Mat\u00e9ria, 2024. Dispon\u00edvel em: &lt;https:\/\/www.todamateria.com.br\/microrganismos\/>Acesso em: 19, ago. 2024. \u00a0<\/td><\/tr><tr><td><strong>Documento norteador:<\/strong><\/td><td>DOCUMENTO CURRICULAR PARA GOI\u00c1S \u2013 AMPLIADO (DCGO).<\/td><\/tr><\/tbody><\/table><\/figure>\n","protected":false},"author":64,"featured_media":186207,"template":"","ef_categoria":[193,23],"ef_ano":[87],"ef_componente":[98],"class_list":["post-186205","ensino_fundamental","type-ensino_fundamental","status-publish","has-post-thumbnail","hentry","ef_categoria-anos-iniciais","ef_categoria-educacao-ambiental-e-saude-ciclo-da-infancia-de","ef_ano-4o-ano","ef_componente-ciencia-da-natureza-ef","entry","has-media"],"acf":[],"_links":{"self":[{"href":"https:\/\/sme.goiania.go.gov.br\/conexaoescola\/wp-json\/wp\/v2\/ensino_fundamental\/186205","targetHints":{"allow":["GET"]}}],"collection":[{"href":"https:\/\/sme.goiania.go.gov.br\/conexaoescola\/wp-json\/wp\/v2\/ensino_fundamental"}],"about":[{"href":"https:\/\/sme.goiania.go.gov.br\/conexaoescola\/wp-json\/wp\/v2\/types\/ensino_fundamental"}],"author":[{"embeddable":true,"href":"https:\/\/sme.goiania.go.gov.br\/conexaoescola\/wp-json\/wp\/v2\/users\/64"}],"version-history":[{"count":1,"href":"https:\/\/sme.goiania.go.gov.br\/conexaoescola\/wp-json\/wp\/v2\/ensino_fundamental\/186205\/revisions"}],"predecessor-version":[{"id":186208,"href":"https:\/\/sme.goiania.go.gov.br\/conexaoescola\/wp-json\/wp\/v2\/ensino_fundamental\/186205\/revisions\/186208"}],"wp:featuredmedia":[{"embeddable":true,"href":"https:\/\/sme.goiania.go.gov.br\/conexaoescola\/wp-json\/wp\/v2\/media\/186207"}],"wp:attachment":[{"href":"https:\/\/sme.goiania.go.gov.br\/conexaoescola\/wp-json\/wp\/v2\/media?parent=186205"}],"wp:term":[{"taxonomy":"ef_categoria","embeddable":true,"href":"https:\/\/sme.goiania.go.gov.br\/conexaoescola\/wp-json\/wp\/v2\/ef_categoria?post=186205"},{"taxonomy":"ef_ano","embeddable":true,"href":"https:\/\/sme.goiania.go.gov.br\/conexaoescola\/wp-json\/wp\/v2\/ef_ano?post=186205"},{"taxonomy":"ef_componente","embeddable":true,"href":"https:\/\/sme.goiania.go.gov.br\/conexaoescola\/wp-json\/wp\/v2\/ef_componente?post=186205"}],"curies":[{"name":"wp","href":"https:\/\/api.w.org\/{rel}","templated":true}]}}