{"id":186134,"date":"2024-08-16T16:41:09","date_gmt":"2024-08-16T19:41:09","guid":{"rendered":"https:\/\/sme.goiania.go.gov.br\/conexaoescola\/?post_type=ensino_fundamental&#038;p=186134"},"modified":"2024-08-16T16:45:50","modified_gmt":"2024-08-16T19:45:50","slug":"historia-a-campanha-o-petroleo-e-nosso-e-a-criacao-da-petrobras","status":"publish","type":"ensino_fundamental","link":"https:\/\/sme.goiania.go.gov.br\/conexaoescola\/ensino_fundamental\/historia-a-campanha-o-petroleo-e-nosso-e-a-criacao-da-petrobras\/","title":{"rendered":"Hist\u00f3ria &#8211; A campanha o petr\u00f3leo \u00e9 nosso e a cria\u00e7\u00e3o da Petrobras"},"content":{"rendered":"\n<p class=\"has-black-color has-luminous-vivid-orange-background-color has-text-color has-background has-medium-font-size\">Esta proposta de atividade de<strong> HIST\u00d3RIA<\/strong> \u00e9 destinada aos estudantes do 9<strong>\u00ba ano<\/strong> do Ensino Fundamental anos iniciais.<\/p>\n\n\n\n<div class=\"wp-block-buttons is-content-justification-center is-layout-flex wp-container-core-buttons-is-layout-16018d1d wp-block-buttons-is-layout-flex\">\n<div class=\"wp-block-button has-custom-font-size has-medium-font-size\"><a class=\"wp-block-button__link has-white-color has-black-background-color has-text-color has-background wp-element-button\" href=\"https:\/\/drive.google.com\/uc?export=download&amp;id=1x8pWtoSFp6wiMqDpFi9o9D2Is2kN3quL\">BAIXE A ATIVIDADE<\/a><\/div>\n\n\n\n<div class=\"wp-block-button has-custom-font-size has-medium-font-size\"><a class=\"wp-block-button__link has-white-color has-black-background-color has-text-color has-background wp-element-button\" href=\"https:\/\/drive.google.com\/uc?export=download&amp;id=1qQQAnKooyZPhTPxAmN4yfnGA8N25wSmL\">BAIXE OS SLIDES<\/a><\/div>\n\n\n\n<div class=\"wp-block-button has-custom-font-size has-medium-font-size\"><a class=\"wp-block-button__link has-white-color has-black-background-color has-text-color has-background wp-element-button\" href=\"https:\/\/drive.google.com\/uc?export=download&amp;id=1OpdnBCAoTGVgj4HRphbLCSbwC5fFfAWd\">BAIXE O TEXTO<\/a><\/div>\n<\/div>\n\n\n\n<p><\/p>\n\n\n<div class=\"wp-block-image\">\n<figure class=\"aligncenter size-full\"><img fetchpriority=\"high\" decoding=\"async\" width=\"752\" height=\"285\" src=\"https:\/\/sme.goiania.go.gov.br\/conexaoescola\/wp-content\/uploads\/2024\/08\/campo-de-petroleo-e1723836429593.png\" alt=\"\" class=\"wp-image-186136\" srcset=\"https:\/\/sme.goiania.go.gov.br\/conexaoescola\/wp-content\/uploads\/2024\/08\/campo-de-petroleo-e1723836429593.png 752w, https:\/\/sme.goiania.go.gov.br\/conexaoescola\/wp-content\/uploads\/2024\/08\/campo-de-petroleo-e1723836429593-300x114.png 300w\" sizes=\"(max-width: 752px) 100vw, 752px\" \/><\/figure><\/div>\n\n\n<p class=\"has-text-align-center has-black-color has-text-color has-link-color has-small-font-size wp-elements-6c0589f453bbc5f89a938986dbb10959\">Fonte: RIBEIRO, Jos\u00e9 Augusto. A hist\u00f3ria da Petrobr\u00e1s.\u00a0 Rio de Janeiro, AEPET, 2023. Dispon\u00edvel em: &lt;<a href=\"https:\/\/bibliotecadigital.aepet.org.br\/wp-content\/uploads\/2023\/12\/A-Historia-da-Petrobras-Jose-Augusto-Ribeiro.pdf\">https:\/\/bibliotecadigital.aepet.org.br\/wp-content\/uploads\/2023\/12\/A-Historia-da-Petrobras-Jose-Augusto-Ribeiro.pdf<\/a>>. Acesso em 16 ago. de 2024.<br><\/p>\n\n\n\n<p class=\"has-text-align-center has-black-color has-text-color has-background has-medium-font-size\" style=\"background-color:#b8e0fb\"><strong>A campanha o petr\u00f3leo \u00e9 nosso e a cria\u00e7\u00e3o da Petrobras<\/strong><\/p>\n\n\n\n<p class=\"has-black-color has-text-color has-link-color has-medium-font-size wp-elements-d94addb57396e462f0f4088143744ad1\">No in\u00edcio do s\u00e9culo XX, o Brasil come\u00e7ou a perceber a import\u00e2ncia estrat\u00e9gica do petr\u00f3leo para o desenvolvimento econ\u00f4mico e industrial do pa\u00eds. At\u00e9 ent\u00e3o, o pa\u00eds dependia fortemente da importa\u00e7\u00e3o de petr\u00f3leo e derivados, o que deixava a economia nacional vulner\u00e1vel \u00e0s flutua\u00e7\u00f5es do mercado internacional e \u00e0s decis\u00f5es de empresas estrangeiras. Nesse contexto, surgiu a campanha \u201cO Petr\u00f3leo \u00e9 Nosso\u201d, que se tornaria um marco na hist\u00f3ria pol\u00edtica e econ\u00f4mica do Brasil.<\/p>\n\n\n\n<p class=\"has-text-align-center has-black-color has-text-color has-link-color has-medium-font-size wp-elements-3da132662258d274f8e2b0493c32942a\"><strong>A Campanha \u201cO Petr\u00f3leo \u00e9 Nosso\u201d<\/strong><\/p>\n\n\n\n<figure class=\"wp-block-image size-full\"><img decoding=\"async\" width=\"1002\" height=\"628\" src=\"https:\/\/sme.goiania.go.gov.br\/conexaoescola\/wp-content\/uploads\/2024\/08\/o-petroleo-ns-e1723836412343.png\" alt=\"\" class=\"wp-image-186135\" srcset=\"https:\/\/sme.goiania.go.gov.br\/conexaoescola\/wp-content\/uploads\/2024\/08\/o-petroleo-ns-e1723836412343.png 1002w, https:\/\/sme.goiania.go.gov.br\/conexaoescola\/wp-content\/uploads\/2024\/08\/o-petroleo-ns-e1723836412343-300x188.png 300w, https:\/\/sme.goiania.go.gov.br\/conexaoescola\/wp-content\/uploads\/2024\/08\/o-petroleo-ns-e1723836412343-768x481.png 768w\" sizes=\"(max-width: 1002px) 100vw, 1002px\" \/><\/figure>\n\n\n\n<p class=\"has-text-align-center has-black-color has-text-color has-link-color has-small-font-size wp-elements-6c0589f453bbc5f89a938986dbb10959\">Fonte: RIBEIRO, Jos\u00e9 Augusto. A hist\u00f3ria da Petrobr\u00e1s.\u00a0 Rio de Janeiro, AEPET, 2023. Dispon\u00edvel em: &lt;<a href=\"https:\/\/bibliotecadigital.aepet.org.br\/wp-content\/uploads\/2023\/12\/A-Historia-da-Petrobras-Jose-Augusto-Ribeiro.pdf\">https:\/\/bibliotecadigital.aepet.org.br\/wp-content\/uploads\/2023\/12\/A-Historia-da-Petrobras-Jose-Augusto-Ribeiro.pdf<\/a>>. Acesso em 16 ago. de 2024.<br><\/p>\n\n\n\n<p class=\"has-black-color has-text-color has-link-color has-medium-font-size wp-elements-80f642e64291ed007292893fc58eaa2b\">A campanha \u201cO Petr\u00f3leo \u00e9 Nosso\u201d iniciou-se na d\u00e9cada de 1940 e ganhou for\u00e7a em 1947, quando o tema da explora\u00e7\u00e3o do petr\u00f3leo passou a ser amplamente discutido na sociedade brasileira. Liderada por intelectuais, estudantes, trabalhadores, militares nacionalistas e setores da classe m\u00e9dia, a campanha tinha como objetivo principal garantir que a explora\u00e7\u00e3o e a produ\u00e7\u00e3o de petr\u00f3leo no Brasil fossem controladas pelo Estado brasileiro, em vez de serem entregues a empresas estrangeiras.&nbsp;<\/p>\n\n\n\n<p class=\"has-black-color has-text-color has-link-color has-medium-font-size wp-elements-76cd714867f8b3f867f8e6f515a9e14b\">Um dos principais argumentos da campanha era o de que o petr\u00f3leo era um recurso estrat\u00e9gico e fundamental para a soberania nacional. Os defensores da campanha acreditavam que, se o Brasil n\u00e3o controlasse suas pr\u00f3prias reservas de petr\u00f3leo, o pa\u00eds estaria sujeito \u00e0s imposi\u00e7\u00f5es de na\u00e7\u00f5es mais poderosas e de corpora\u00e7\u00f5es estrangeiras, o que poderia comprometer seu desenvolvimento e autonomia.<\/p>\n\n\n\n<p class=\"has-black-color has-text-color has-link-color has-medium-font-size wp-elements-45adc5c625e1999ffbd579798a872f30\"><strong>A Cria\u00e7\u00e3o da Petrobras&nbsp;<\/strong><\/p>\n\n\n\n<p class=\"has-black-color has-text-color has-link-color has-medium-font-size wp-elements-16d9b51f540263374b8548be10e1d743\">A press\u00e3o popular exercida pela campanha \u201cO Petr\u00f3leo \u00e9 Nosso\u201d foi decisiva para a cria\u00e7\u00e3o da Petrobras, em 1953. O ent\u00e3o presidente Get\u00falio Vargas, que j\u00e1 havia demonstrado interesse em desenvolver a ind\u00fastria nacional, sancionou a Lei n.\u00ba 2.004, de 3 de outubro de 1953, que institu\u00eda o monop\u00f3lio estatal do petr\u00f3leo e criava a Petr\u00f3leo Brasileiro S.A. (Petrobras).&nbsp;<\/p>\n\n\n\n<p class=\"has-text-align-center has-black-color has-text-color has-link-color has-medium-font-size wp-elements-a14a3aecac3ce089cb4423cbf8ae8749\"><strong>Campo de extra\u00e7\u00e3o de petr\u00f3leo<\/strong><\/p>\n\n\n<div class=\"wp-block-image\">\n<figure class=\"aligncenter size-full\"><img fetchpriority=\"high\" decoding=\"async\" width=\"752\" height=\"285\" src=\"https:\/\/sme.goiania.go.gov.br\/conexaoescola\/wp-content\/uploads\/2024\/08\/campo-de-petroleo-e1723836429593.png\" alt=\"\" class=\"wp-image-186136\" srcset=\"https:\/\/sme.goiania.go.gov.br\/conexaoescola\/wp-content\/uploads\/2024\/08\/campo-de-petroleo-e1723836429593.png 752w, https:\/\/sme.goiania.go.gov.br\/conexaoescola\/wp-content\/uploads\/2024\/08\/campo-de-petroleo-e1723836429593-300x114.png 300w\" sizes=\"(max-width: 752px) 100vw, 752px\" \/><\/figure><\/div>\n\n\n<p class=\"has-text-align-center has-black-color has-text-color has-link-color has-small-font-size wp-elements-0d836a13130f5e68ff1fffd6e45b1064\">Fonte: RIBEIRO, Jos\u00e9 Augusto. A hist\u00f3ria da Petrobr\u00e1s.&nbsp; Rio de Janeiro, AEPET, 2023. Dispon\u00edvel em: &lt;<a href=\"https:\/\/bibliotecadigital.aepet.org.br\/wp-content\/uploads\/2023\/12\/A-Historia-da-Petrobras-Jose-Augusto-Ribeiro.pdf\">https:\/\/bibliotecadigital.aepet.org.br\/wp-content\/uploads\/2023\/12\/A-Historia-da-Petrobras-Jose-Augusto-Ribeiro.pdf<\/a>&gt;. Acesso em 16 ago. de 2024.<\/p>\n\n\n\n<p class=\"has-black-color has-text-color has-link-color has-medium-font-size wp-elements-b78125cdee2ceb71cbd6ad2045286b83\">A Petrobras foi estabelecida com a miss\u00e3o de explorar, produzir, refinar e distribuir petr\u00f3leo e seus derivados em todo o territ\u00f3rio nacional. A cria\u00e7\u00e3o da empresa foi um marco na hist\u00f3ria do Brasil, simbolizando a vit\u00f3ria do nacionalismo econ\u00f4mico e a capacidade do pa\u00eds de gerir seus pr\u00f3prios recursos naturais.<\/p>\n\n\n\n<p class=\"has-black-color has-text-color has-link-color has-medium-font-size wp-elements-4f6eb7a3f405a5c1abb6791bed1d8c48\"><strong>A campanha o petr\u00f3leo \u00e9 nosso e a cria\u00e7\u00e3o da Petrobras<\/strong><\/p>\n\n\n\n<p class=\"has-black-color has-text-color has-link-color has-medium-font-size wp-elements-a09195fecc2a0fb695c89635bf97771b\">A cria\u00e7\u00e3o da Petrobras n\u00e3o foi isenta de controv\u00e9rsias e contradi\u00e7\u00f5es. Enquanto a campanha \u201cO Petr\u00f3leo \u00e9 Nosso\u201d representava a luta pela soberania nacional e o controle dos recursos estrat\u00e9gicos, houve tamb\u00e9m resist\u00eancia por parte de setores liberais e de empresas estrangeiras, que viam na estatiza\u00e7\u00e3o do petr\u00f3leo uma amea\u00e7a aos seus interesses.&nbsp;<\/p>\n\n\n\n<p class=\"has-text-align-center has-black-color has-text-color has-link-color has-medium-font-size wp-elements-eb325880da9d8e744485e7aca53b7292\"><strong>\u201cO Petr\u00f3leo \u00e9 Nosso\u201d<\/strong><\/p>\n\n\n<div class=\"wp-block-image\">\n<figure class=\"aligncenter size-full\"><img decoding=\"async\" width=\"759\" height=\"266\" src=\"https:\/\/sme.goiania.go.gov.br\/conexaoescola\/wp-content\/uploads\/2024\/08\/o-petroleo-e-nossp-e1723836444256.png\" alt=\"\" class=\"wp-image-186137\" srcset=\"https:\/\/sme.goiania.go.gov.br\/conexaoescola\/wp-content\/uploads\/2024\/08\/o-petroleo-e-nossp-e1723836444256.png 759w, https:\/\/sme.goiania.go.gov.br\/conexaoescola\/wp-content\/uploads\/2024\/08\/o-petroleo-e-nossp-e1723836444256-300x105.png 300w\" sizes=\"(max-width: 759px) 100vw, 759px\" \/><\/figure><\/div>\n\n\n<p class=\"has-text-align-center has-black-color has-text-color has-link-color has-small-font-size wp-elements-ed34e9ff3af8a54005735807976a0485\">Fonte: RIBEIRO, Jos\u00e9 Augusto. A hist\u00f3ria da Petrobr\u00e1s.\u00a0 Rio de Janeiro, AEPET, 2023. Dispon\u00edvel em: &lt;<a href=\"https:\/\/bibliotecadigital.aepet.org.br\/wp-content\/uploads\/2023\/12\/A-Historia-da-Petrobras-Jose-Augusto-Ribeiro.pdf\">https:\/\/bibliotecadigital.aepet.org.br\/wp-content\/uploads\/2023\/12\/A-Historia-da-Petrobras-Jose-Augusto-Ribeiro.pdf<\/a>>. Acesso em 16 ago. de 2024.<\/p>\n\n\n\n<p class=\"has-black-color has-text-color has-link-color has-medium-font-size wp-elements-1e7486885eae3ef5983fffe4d8c7cf84\">Al\u00e9m disso, a cria\u00e7\u00e3o da Petrobras gerou desafios internos, como a necessidade de desenvolvimento de tecnologia e infraestrutura adequadas para a explora\u00e7\u00e3o de petr\u00f3leo no Brasil, o que demandou investimentos significativos e a forma\u00e7\u00e3o de uma m\u00e3o-de-obra especializada.<\/p>\n\n\n\n<p class=\"has-black-color has-text-color has-link-color has-medium-font-size wp-elements-b1bca3b1dd926341916c64f62b92f654\">A campanha \u201cO Petr\u00f3leo \u00e9 Nosso\u201d e a subsequente cria\u00e7\u00e3o da Petrobras marcaram um momento crucial na hist\u00f3ria do Brasil. Ao garantir o controle estatal sobre a explora\u00e7\u00e3o do petr\u00f3leo, o pa\u00eds deu um passo importante rumo \u00e0 sua autonomia energ\u00e9tica e ao desenvolvimento industrial. Apesar das dificuldades e contradi\u00e7\u00f5es enfrentadas, a Petrobras se consolidou como uma das maiores empresas do Brasil e desempenhou um papel fundamental na transforma\u00e7\u00e3o do pa\u00eds em uma pot\u00eancia regional no setor energ\u00e9tico.<\/p>\n\n\n\n<p><\/p>\n\n\n\n<p class=\"has-text-align-center has-black-color has-text-color has-background has-medium-font-size\" style=\"background-color:#ffd2ae\"><strong>RESPONDA \u00c0S QUEST\u00d5ES<\/strong><\/p>\n\n\n\n<p class=\"has-black-color has-pale-cyan-blue-background-color has-text-color has-background has-medium-font-size\"><strong>QUEST\u00c3O 01<\/strong><\/p>\n\n\n\n<p class=\"has-black-color has-text-color has-medium-font-size\">Fa\u00e7a uma pesquisa sobre as principais estatais do Brasil. Ap\u00f3s a pesquisa, produza uma lista, com cinco pontos positivos e cinco pontos negativos, sobre a import\u00e2ncia de estatais para o Brasil.<\/p>\n\n\n\n<p><\/p>\n\n\n\n<p class=\"has-black-color has-pale-cyan-blue-background-color has-text-color has-background has-medium-font-size\"><strong><strong>QUEST\u00c3O<\/strong> 02<\/strong><\/p>\n\n\n\n<p class=\"has-black-color has-text-color has-link-color has-medium-font-size wp-elements-6176d4d3065ee177596aa5c9e6fc2317\">Fa\u00e7a uma pesquisa e produza um texto sobre a import\u00e2ncia da Petrobras para o desenvolvimento econ\u00f4mico, industrial e comercial do Brasil.<\/p>\n\n\n\n<p><\/p>\n\n\n\n<p class=\"has-black-color has-pale-cyan-blue-background-color has-text-color has-background has-medium-font-size\"><strong><strong>QUEST\u00c3O<\/strong> 0<\/strong>3<\/p>\n\n\n\n<p class=\"has-black-color has-text-color has-link-color has-medium-font-size wp-elements-df0f9e8508f1923ed38ac63a96d81811\">A campanha \u201cO Petr\u00f3leo \u00e9 Nosso\u201d iniciou-se na d\u00e9cada de 1940 e ganhou for\u00e7a em 1947, quando o tema da explora\u00e7\u00e3o do petr\u00f3leo passou a ser amplamente discutido na sociedade brasileira. Liderada por intelectuais, estudantes, trabalhadores, militares nacionalistas e setores da classe m\u00e9dia, a campanha tinha como objetivo principal garantir que<\/p>\n\n\n\n<p class=\"has-black-color has-text-color has-link-color has-medium-font-size wp-elements-9fedea9efb7b9d389a4ce42d18a21ed2\">(A) a explora\u00e7\u00e3o e a produ\u00e7\u00e3o de petr\u00f3leo no Brasil fossem controladas pelos Estados Unidos.<\/p>\n\n\n\n<p class=\"has-black-color has-text-color has-link-color has-medium-font-size wp-elements-c4b43d76f0e7f852921b03f06da59907\">(B) a explora\u00e7\u00e3o e a produ\u00e7\u00e3o de petr\u00f3leo no Brasil fossem controladas pela China.<\/p>\n\n\n\n<p class=\"has-black-color has-text-color has-link-color has-medium-font-size wp-elements-b1190e67bbb86224d47423274a7ff31c\">(C) a explora\u00e7\u00e3o e a produ\u00e7\u00e3o de petr\u00f3leo no Brasil fossem controladas pelo Estado brasileiro.<\/p>\n\n\n\n<p class=\"has-black-color has-text-color has-link-color has-medium-font-size wp-elements-02554b03503c9d42b165d1f596977e1c\">(D) a explora\u00e7\u00e3o e a produ\u00e7\u00e3o de petr\u00f3leo no Brasil fossem controladas exclusivamente pelo ex\u00e9rcito brasileiro.<\/p>\n\n\n\n<p class=\"has-black-color has-pale-cyan-blue-background-color has-text-color has-background has-medium-font-size\"><strong><strong>QUEST\u00c3O<\/strong> 04<\/strong><\/p>\n\n\n\n<p class=\"has-black-color has-text-color has-link-color has-medium-font-size wp-elements-5838afd99763fa5526a80794a683f197\">A Petrobras foi estabelecida com a miss\u00e3o de explorar, produzir, refinar e distribuir petr\u00f3leo e seus derivados em todo o territ\u00f3rio nacional. A cria\u00e7\u00e3o da empresa foi um marco na hist\u00f3ria do Brasil, simbolizando a vit\u00f3ria&nbsp;&nbsp;&nbsp;&nbsp;<\/p>\n\n\n\n<p class=\"has-black-color has-text-color has-link-color has-medium-font-size wp-elements-1630394aa94209b893156b511fdcd460\">(A) da terceiriza\u00e7\u00e3o dos servi\u00e7os de extra\u00e7\u00e3o de petr\u00f3leo e privatiza\u00e7\u00e3o dos recursos naturais.<\/p>\n\n\n\n<p class=\"has-black-color has-text-color has-link-color has-medium-font-size wp-elements-54f92d2cf53c26b0a6318ae6625e50af\">(B) do nacionalismo econ\u00f4mico e a capacidade do pa\u00eds de gerir seus pr\u00f3prios recursos.<\/p>\n\n\n\n<p class=\"has-black-color has-text-color has-link-color has-medium-font-size wp-elements-c710875c60cc4ac99272c244476de70a\">(C) da privatiza\u00e7\u00e3o dos recursos naturais brasileiros para fundos de investimentos \u00e1rabes.<\/p>\n\n\n\n<p class=\"has-black-color has-text-color has-link-color has-medium-font-size wp-elements-adb2430491cf077fff4d8f41a29b2058\">(D) da privatiza\u00e7\u00e3o dos recursos naturais brasileiros para fundos de investimentos dos Estados Unidos.<\/p>\n\n\n\n<p><\/p>\n\n\n\n<hr class=\"wp-block-separator has-alpha-channel-opacity\"\/>\n\n\n\n<figure class=\"wp-block-table is-style-stripes\" style=\"font-size:15px\"><table class=\"has-black-color has-text-color\"><tbody><tr><td><strong>Autoria:<\/strong><\/td><td>Prof. Me.: Gabriel Ramos Paiva<\/td><\/tr><tr><td><strong>Forma\u00e7\u00e3o:<\/strong><\/td><td>Licenciatura em Geografia;<br>Bacharelado em Geografia;<br>Licenciatura em Pedagogia;<br>Mestre em Geografia pelo IESA-UFG.<\/td><\/tr><tr><td><strong>Componente Curricular:<\/strong><\/td><td>Hist\u00f3ria<\/td><\/tr><tr><td><strong>DCGO \u2013 AMPLIADO (1\u00ba corte) Habilidades:<\/strong><\/td><td>(EF09HI17) Identificar e analisar processos sociais, econ\u00f4micos, culturais e pol\u00edticos do Brasil a partir de 1946.<br>(EF09HI18) Descrever e analisar as rela\u00e7\u00f5es entre as transforma\u00e7\u00f5es urbanas e seus impactos na cultura brasileira entre 1946 e 1964 e na produ\u00e7\u00e3o das desigualdades regionais e sociais.<\/td><\/tr><tr><td><strong>Matriz de habilidades essenciais:<\/strong><\/td><td>Identificar e analisar processos sociais, econ\u00f4micos, culturais e pol\u00edticos do Brasil no per\u00edodo entre 1946 e 1964.<br>Identificar as transforma\u00e7\u00f5es urbanas ocorridas entre 1946 e 1964 relacionando-as \u00e0 produ\u00e7\u00e3o das desigualdades regionais e sociais.<\/td><\/tr><tr><td><strong>Refer\u00eancias:<\/strong><\/td><td>RIBEIRO, Jos\u00e9 Augusto. A hist\u00f3ria da Petrobr\u00e1s.\u00a0 Rio de Janeiro, AEPET, 2023. Dispon\u00edvel em: &lt;<a href=\"https:\/\/bibliotecadigital.aepet.org.br\/wp-content\/uploads\/2023\/12\/A-Historia-da-Petrobras-Jose-Augusto-Ribeiro.pdf\">https:\/\/bibliotecadigital.aepet.org.br\/wp-content\/uploads\/2023\/12\/A-Historia-da-Petrobras-Jose-Augusto-Ribeiro.pdf<\/a>>. Acesso em 16 ago. de 2024.<\/td><\/tr><\/tbody><\/table><\/figure>\n","protected":false},"author":20,"featured_media":186136,"template":"","ef_categoria":[16],"ef_ano":[92],"ef_componente":[95],"class_list":["post-186134","ensino_fundamental","type-ensino_fundamental","status-publish","has-post-thumbnail","hentry","ef_categoria-ciclo-da-adolescencia-hi","ef_ano-9o-ano","ef_componente-historia","entry","has-media"],"acf":[],"_links":{"self":[{"href":"https:\/\/sme.goiania.go.gov.br\/conexaoescola\/wp-json\/wp\/v2\/ensino_fundamental\/186134","targetHints":{"allow":["GET"]}}],"collection":[{"href":"https:\/\/sme.goiania.go.gov.br\/conexaoescola\/wp-json\/wp\/v2\/ensino_fundamental"}],"about":[{"href":"https:\/\/sme.goiania.go.gov.br\/conexaoescola\/wp-json\/wp\/v2\/types\/ensino_fundamental"}],"author":[{"embeddable":true,"href":"https:\/\/sme.goiania.go.gov.br\/conexaoescola\/wp-json\/wp\/v2\/users\/20"}],"version-history":[{"count":1,"href":"https:\/\/sme.goiania.go.gov.br\/conexaoescola\/wp-json\/wp\/v2\/ensino_fundamental\/186134\/revisions"}],"predecessor-version":[{"id":186141,"href":"https:\/\/sme.goiania.go.gov.br\/conexaoescola\/wp-json\/wp\/v2\/ensino_fundamental\/186134\/revisions\/186141"}],"wp:featuredmedia":[{"embeddable":true,"href":"https:\/\/sme.goiania.go.gov.br\/conexaoescola\/wp-json\/wp\/v2\/media\/186136"}],"wp:attachment":[{"href":"https:\/\/sme.goiania.go.gov.br\/conexaoescola\/wp-json\/wp\/v2\/media?parent=186134"}],"wp:term":[{"taxonomy":"ef_categoria","embeddable":true,"href":"https:\/\/sme.goiania.go.gov.br\/conexaoescola\/wp-json\/wp\/v2\/ef_categoria?post=186134"},{"taxonomy":"ef_ano","embeddable":true,"href":"https:\/\/sme.goiania.go.gov.br\/conexaoescola\/wp-json\/wp\/v2\/ef_ano?post=186134"},{"taxonomy":"ef_componente","embeddable":true,"href":"https:\/\/sme.goiania.go.gov.br\/conexaoescola\/wp-json\/wp\/v2\/ef_componente?post=186134"}],"curies":[{"name":"wp","href":"https:\/\/api.w.org\/{rel}","templated":true}]}}