{"id":186057,"date":"2024-08-16T12:52:55","date_gmt":"2024-08-16T15:52:55","guid":{"rendered":"https:\/\/sme.goiania.go.gov.br\/conexaoescola\/?post_type=ensino_fundamental&#038;p=186057"},"modified":"2024-09-03T08:41:55","modified_gmt":"2024-09-03T11:41:55","slug":"historia-evolucao-dos-meios-de-comunicacao","status":"publish","type":"ensino_fundamental","link":"https:\/\/sme.goiania.go.gov.br\/conexaoescola\/ensino_fundamental\/historia-evolucao-dos-meios-de-comunicacao\/","title":{"rendered":"Hist\u00f3ria &#8211; Evolu\u00e7\u00e3o dos Meios de Comunica\u00e7\u00e3o"},"content":{"rendered":"\n<p class=\"has-cyan-bluish-gray-background-color has-background has-medium-font-size\">Esta proposta de atividade de<strong>&nbsp;Hist\u00f3ria<\/strong>&nbsp;tem como base o DC\/GO \u2013 Ampliado e est\u00e1 destinada a estudantes do&nbsp;<strong>4\u00ba ano&nbsp;<\/strong>do Ensino Fundamental &#8211; Anos Iniciais.<\/p>\n\n\n\n<div class=\"wp-block-buttons is-content-justification-center is-layout-flex wp-container-core-buttons-is-layout-16018d1d wp-block-buttons-is-layout-flex\">\n<div class=\"wp-block-button\"><a class=\"wp-block-button__link wp-element-button\" href=\"https:\/\/drive.google.com\/uc?export=download&amp;id=1lhzyi1l58JIzjLJYO8P2eL--huoYnOHy\">BAIXE A ATIVIDADE<\/a><\/div>\n\n\n\n<div class=\"wp-block-button\"><a class=\"wp-block-button__link wp-element-button\" href=\"https:\/\/drive.google.com\/uc?export=download&amp;id=1EJeV4Sg-SIpyNN_p-u1SzU5ZNMe18VCf\">BAIXE OS SLIDES<\/a><\/div>\n\n\n\n<div class=\"wp-block-button\"><a class=\"wp-block-button__link wp-element-button\" href=\"https:\/\/drive.google.com\/uc?export=download&amp;id=1du7_KQ4wK34SDOyVBpU4rRGdydaw-UCU\">BAIXE O TEXTO<\/a><\/div>\n<\/div>\n\n\n\n<p><\/p>\n\n\n<div class=\"wp-block-image\">\n<figure class=\"aligncenter size-full is-resized\"><img fetchpriority=\"high\" decoding=\"async\" width=\"458\" height=\"589\" src=\"https:\/\/sme.goiania.go.gov.br\/conexaoescola\/wp-content\/uploads\/2024\/08\/1-28-e1725363471218.jpg\" alt=\"\" class=\"wp-image-186131\" style=\"width:318px;height:auto\" srcset=\"https:\/\/sme.goiania.go.gov.br\/conexaoescola\/wp-content\/uploads\/2024\/08\/1-28-e1725363471218.jpg 458w, https:\/\/sme.goiania.go.gov.br\/conexaoescola\/wp-content\/uploads\/2024\/08\/1-28-e1725363471218-233x300.jpg 233w\" sizes=\"(max-width: 458px) 100vw, 458px\" \/><figcaption class=\"wp-element-caption\">Dispon\u00edvel em: &lt;https:\/\/www.canva.com>. \u00a0Acesso em: 07 de agosto de 2024.<\/figcaption><\/figure><\/div>\n\n\n<p class=\"has-text-align-center has-background has-medium-font-size\" style=\"background-color:#edd9de\"><strong> Evolu\u00e7\u00e3o dos Meios de Comunica\u00e7\u00e3o<\/strong><\/p>\n\n\n\n<p class=\"has-text-align-center has-medium-font-size\"><strong>Voc\u00ea j\u00e1 parou para pensar como seria a vida sem seu celular ou computador? Como ser\u00e1 que as pessoas se comunicavam antes de toda essa tecnologia?<\/strong><\/p>\n\n\n\n<p class=\"has-medium-font-size\">H\u00e1 muito, muito tempo, nossos antepassados n\u00e3o tinham papel, canetas, nem celulares! Eles se comunicavam atrav\u00e9s de desenhos nas cavernas. Esses desenhos, chamados de pinturas rupestres, contavam hist\u00f3rias de ca\u00e7a e da vida na tribo.&nbsp;<\/p>\n\n\n<div class=\"wp-block-image\">\n<figure class=\"aligncenter size-full\"><img decoding=\"async\" width=\"506\" height=\"365\" src=\"https:\/\/sme.goiania.go.gov.br\/conexaoescola\/wp-content\/uploads\/2024\/08\/1-13-e1723823361757.jpg\" alt=\"\" class=\"wp-image-186058\" srcset=\"https:\/\/sme.goiania.go.gov.br\/conexaoescola\/wp-content\/uploads\/2024\/08\/1-13-e1723823361757.jpg 506w, https:\/\/sme.goiania.go.gov.br\/conexaoescola\/wp-content\/uploads\/2024\/08\/1-13-e1723823361757-300x216.jpg 300w\" sizes=\"(max-width: 506px) 100vw, 506px\" \/><figcaption class=\"wp-element-caption\">Dispon\u00edvel em: &lt;https:\/\/www.canva.com&gt;. &nbsp;Acesso em: 07 de agosto de 2024.<\/figcaption><\/figure><\/div>\n\n\n<p class=\"has-medium-font-size\">Com o tempo, criaram-se s\u00edmbolos e letras gravados em pedras e t\u00e1buas. Depois, com a inven\u00e7\u00e3o do papel e da imprensa, foi poss\u00edvel espalhar informa\u00e7\u00f5es mais rapidamente com livros e jornais.<\/p>\n\n\n\n<p class=\"has-medium-font-size\">Na sequ\u00eancia surge o tel\u00e9grafo, que enviava mensagens em c\u00f3digo, e depois, o telefone, que&nbsp; permitia conversar \u00e0 dist\u00e2ncia.<\/p>\n\n\n\n<p class=\"has-medium-font-size\">Novas possibilidades iam surgindo e com o r\u00e1dio e a TV, as pessoas come\u00e7aram a ouvir e assistir a programas em casa, tornando a comunica\u00e7\u00e3o divertida.<\/p>\n\n\n\n<p class=\"has-medium-font-size\">Hoje, usamos computadores e smartphones para nos conectar instantaneamente com o mundo inteiro.<\/p>\n\n\n\n<p class=\"has-medium-font-size\">Veja alguns dados sobre os meios de comunica\u00e7\u00e3o mais usados:<\/p>\n\n\n<div class=\"wp-block-image\">\n<figure class=\"aligncenter size-full is-resized\"><img decoding=\"async\" width=\"683\" height=\"852\" src=\"https:\/\/sme.goiania.go.gov.br\/conexaoescola\/wp-content\/uploads\/2024\/08\/1-14-e1723823514623.jpg\" alt=\"\" class=\"wp-image-186059\" style=\"width:809px;height:auto\" srcset=\"https:\/\/sme.goiania.go.gov.br\/conexaoescola\/wp-content\/uploads\/2024\/08\/1-14-e1723823514623.jpg 683w, https:\/\/sme.goiania.go.gov.br\/conexaoescola\/wp-content\/uploads\/2024\/08\/1-14-e1723823514623-240x300.jpg 240w\" sizes=\"(max-width: 683px) 100vw, 683px\" \/><figcaption class=\"wp-element-caption\">Dispon\u00edvel em: &lt;https:\/\/www.canva.com&gt;. &nbsp;Acesso em: 07 de agosto de 2024.<\/figcaption><\/figure><\/div>\n\n\n<p class=\"has-medium-font-size\">Esses dados s\u00e3o uma m\u00e9dia global e podem variar dependendo da regi\u00e3o e do grupo demogr\u00e1fico.<\/p>\n\n\n\n<p class=\"has-text-align-center has-background has-medium-font-size\" style=\"background-color:#edd9de\"><strong>ATIVIDADES<\/strong><\/p>\n\n\n\n<p class=\"has-text-align-center has-cyan-bluish-gray-background-color has-background has-medium-font-size\"><strong>QUEST\u00c3O 1<\/strong><\/p>\n\n\n\n<p class=\"has-medium-font-size\">Veja alguns dados sobre os meios de comunica\u00e7\u00e3o mais usados&nbsp; e responda:<\/p>\n\n\n<div class=\"wp-block-image\">\n<figure class=\"aligncenter size-full\"><img loading=\"lazy\" decoding=\"async\" width=\"683\" height=\"391\" src=\"https:\/\/sme.goiania.go.gov.br\/conexaoescola\/wp-content\/uploads\/2024\/08\/1-16-e1723824689821.jpg\" alt=\"\" class=\"wp-image-186070\" srcset=\"https:\/\/sme.goiania.go.gov.br\/conexaoescola\/wp-content\/uploads\/2024\/08\/1-16-e1723824689821.jpg 683w, https:\/\/sme.goiania.go.gov.br\/conexaoescola\/wp-content\/uploads\/2024\/08\/1-16-e1723824689821-300x172.jpg 300w\" sizes=\"(max-width: 683px) 100vw, 683px\" \/><figcaption class=\"wp-element-caption\">Dispon\u00edvel em: &lt;https:\/\/www.canva.com&gt;. &nbsp;Acesso em: 07 de agosto de 2024.<\/figcaption><\/figure><\/div>\n\n\n<p class=\"has-medium-font-size\">A) Qual \u00e9 o meio mais usado?<\/p>\n\n\n\n<figure class=\"wp-block-table\"><table class=\"has-fixed-layout\"><tbody><tr><td><br><\/td><\/tr><\/tbody><\/table><\/figure>\n\n\n\n<p class=\"has-medium-font-size\">B) Qual \u00e9 o menos usado?<\/p>\n\n\n\n<figure class=\"wp-block-table\"><table class=\"has-fixed-layout\"><tbody><tr><td><br><\/td><\/tr><\/tbody><\/table><\/figure>\n\n\n\n<p class=\"has-medium-font-size\">C) Qual \u00e9 o meio que voc\u00ea mais usa?<\/p>\n\n\n\n<figure class=\"wp-block-table\"><table class=\"has-fixed-layout\"><tbody><tr><td><br><\/td><\/tr><\/tbody><\/table><\/figure>\n\n\n\n<p class=\"has-text-align-center has-cyan-bluish-gray-background-color has-background has-medium-font-size\"><strong>QUEST\u00c3O 2<\/strong><\/p>\n\n\n\n<p class=\"has-medium-font-size\">Um dos principais impactos da comunica\u00e7\u00e3o digital na sociedade moderna \u00e9<\/p>\n\n\n\n<p class=\"has-medium-font-size\">(A) redu\u00e7\u00e3o do acesso a informa\u00e7\u00f5es.<\/p>\n\n\n\n<p class=\"has-medium-font-size\">(B) diminui\u00e7\u00e3o das intera\u00e7\u00f5es sociais.<\/p>\n\n\n\n<p class=\"has-medium-font-size\">(C) conex\u00e3o instant\u00e2nea com pessoas ao redor do mundo.<\/p>\n\n\n\n<p class=\"has-medium-font-size\">(D) desaparecimento de formas tradicionais de comunica\u00e7\u00e3o.<\/p>\n\n\n\n<p class=\"has-text-align-center has-cyan-bluish-gray-background-color has-background has-medium-font-size\"><strong>QUEST\u00c3O 3<\/strong><\/p>\n\n\n\n<p class=\"has-medium-font-size\">As etapas na evolu\u00e7\u00e3o dos meios de comunica\u00e7\u00e3o, desde o registro visual at\u00e9 a comunica\u00e7\u00e3o digital, organizadas em uma sequ\u00eancia l\u00f3gica s\u00e3o<\/p>\n\n\n\n<p class=\"has-medium-font-size\">(A) Pintura Rupestre, S\u00edmbolos e Escrita, Papel e Impress\u00e3o, Tel\u00e9grafo e Telefone, R\u00e1dio e Televis\u00e3o, Comunica\u00e7\u00e3o Digital.<\/p>\n\n\n\n<p class=\"has-medium-font-size\">(B) Pintura Rupestre, Papel e Impress\u00e3o, S\u00edmbolos e Escrita, R\u00e1dio e Televis\u00e3o, Comunica\u00e7\u00e3o Digital, Tel\u00e9grafo e Telefone.<\/p>\n\n\n\n<p class=\"has-medium-font-size\">(C) S\u00edmbolos e Escrita, Pintura Rupestre, Papel e Impress\u00e3o, Comunica\u00e7\u00e3o Digital, Tel\u00e9grafo e Telefone, R\u00e1dio e Televis\u00e3o.<\/p>\n\n\n\n<p class=\"has-medium-font-size\">(D) Comunica\u00e7\u00e3o Digital, R\u00e1dio e Televis\u00e3o, Tel\u00e9grafo e Telefone, Papel e Impress\u00e3o, S\u00edmbolos e Escrita, Pintura Rupestre.<\/p>\n\n\n\n<p class=\"has-text-align-center has-cyan-bluish-gray-background-color has-background has-medium-font-size\"><strong>QUEST\u00c3O 4<\/strong><\/p>\n\n\n\n<p class=\"has-medium-font-size\">A comunica\u00e7\u00e3o sempre esteve em constante evolu\u00e7\u00e3o, e com o avan\u00e7o da tecnologia, essa transforma\u00e7\u00e3o se acelerou ainda mais. Desde as primeiras pinturas rupestres at\u00e9 a era digital, cada inova\u00e7\u00e3o tecnol\u00f3gica trouxe novas formas de conectar pessoas e compartilhar informa\u00e7\u00f5es. Que tal criar um meio de comunica\u00e7\u00e3o do futuro? Escolha um nome, explique como ser\u00e1 usado e fa\u00e7a um desenho. Seja criativo!<\/p>\n\n\n\n<figure class=\"wp-block-image size-full is-resized\"><img loading=\"lazy\" decoding=\"async\" width=\"627\" height=\"402\" src=\"https:\/\/sme.goiania.go.gov.br\/conexaoescola\/wp-content\/uploads\/2024\/08\/1-17-e1723824873301.jpg\" alt=\"\" class=\"wp-image-186072\" style=\"width:902px;height:auto\" srcset=\"https:\/\/sme.goiania.go.gov.br\/conexaoescola\/wp-content\/uploads\/2024\/08\/1-17-e1723824873301.jpg 627w, https:\/\/sme.goiania.go.gov.br\/conexaoescola\/wp-content\/uploads\/2024\/08\/1-17-e1723824873301-300x192.jpg 300w\" sizes=\"(max-width: 627px) 100vw, 627px\" \/><\/figure>\n\n\n\n<hr class=\"wp-block-separator has-alpha-channel-opacity\"\/>\n\n\n\n<figure class=\"wp-block-table is-style-stripes\"><table class=\"has-fixed-layout\"><tbody><tr><td><strong>Autoria:<\/strong><\/td><td>Gabriele Leandro Dias<\/td><\/tr><tr><td><strong>Forma\u00e7\u00e3o:&nbsp;<\/strong><\/td><td>Pedagogia\/ Psicologia<\/td><\/tr><tr><td><strong>Componente Curricular:<\/strong><\/td><td>Hist\u00f3ria<\/td><\/tr><tr><td><strong>Habilidades:<\/strong><\/td><td>(EF04HI08) Identificar as transforma\u00e7\u00f5es ocorridas nos meios de comunica\u00e7\u00e3o (cultura oral, imprensa, r\u00e1dio, televis\u00e3o, cinema, internet e demais tecnologias digitais de informa\u00e7\u00e3o e comunica\u00e7\u00e3o) e discutir seus significados para os diferentes grupos ou estratos sociais.<\/td><\/tr><tr><td><strong>Refer\u00eancias:&nbsp;<\/strong><\/td><td>2020. Documento Curricular para Goi\u00e1s (DC-GO). Goi\u00e2nia\/GO: CONSED\/ UNDIME Goi\u00e1s, 2018. Dispon\u00edvel em: https:\/\/cee.go.gov.br<br>Pintang\u00e1 Mais Hist\u00f3ria. (Cole\u00e7\u00e3o do 2\u00ba ao 5\u00ba ano). S\u00e3o Paulo: Moderna, 2021.<\/td><\/tr><\/tbody><\/table><\/figure>\n","protected":false},"author":45,"featured_media":186131,"template":"","ef_categoria":[30],"ef_ano":[87],"ef_componente":[95],"class_list":["post-186057","ensino_fundamental","type-ensino_fundamental","status-publish","has-post-thumbnail","hentry","ef_categoria-etica-e-cidadania-ciclo-da-adolescencia-fg","ef_ano-4o-ano","ef_componente-historia","entry","has-media"],"acf":[],"_links":{"self":[{"href":"https:\/\/sme.goiania.go.gov.br\/conexaoescola\/wp-json\/wp\/v2\/ensino_fundamental\/186057","targetHints":{"allow":["GET"]}}],"collection":[{"href":"https:\/\/sme.goiania.go.gov.br\/conexaoescola\/wp-json\/wp\/v2\/ensino_fundamental"}],"about":[{"href":"https:\/\/sme.goiania.go.gov.br\/conexaoescola\/wp-json\/wp\/v2\/types\/ensino_fundamental"}],"author":[{"embeddable":true,"href":"https:\/\/sme.goiania.go.gov.br\/conexaoescola\/wp-json\/wp\/v2\/users\/45"}],"version-history":[{"count":10,"href":"https:\/\/sme.goiania.go.gov.br\/conexaoescola\/wp-json\/wp\/v2\/ensino_fundamental\/186057\/revisions"}],"predecessor-version":[{"id":186829,"href":"https:\/\/sme.goiania.go.gov.br\/conexaoescola\/wp-json\/wp\/v2\/ensino_fundamental\/186057\/revisions\/186829"}],"wp:featuredmedia":[{"embeddable":true,"href":"https:\/\/sme.goiania.go.gov.br\/conexaoescola\/wp-json\/wp\/v2\/media\/186131"}],"wp:attachment":[{"href":"https:\/\/sme.goiania.go.gov.br\/conexaoescola\/wp-json\/wp\/v2\/media?parent=186057"}],"wp:term":[{"taxonomy":"ef_categoria","embeddable":true,"href":"https:\/\/sme.goiania.go.gov.br\/conexaoescola\/wp-json\/wp\/v2\/ef_categoria?post=186057"},{"taxonomy":"ef_ano","embeddable":true,"href":"https:\/\/sme.goiania.go.gov.br\/conexaoescola\/wp-json\/wp\/v2\/ef_ano?post=186057"},{"taxonomy":"ef_componente","embeddable":true,"href":"https:\/\/sme.goiania.go.gov.br\/conexaoescola\/wp-json\/wp\/v2\/ef_componente?post=186057"}],"curies":[{"name":"wp","href":"https:\/\/api.w.org\/{rel}","templated":true}]}}