{"id":185960,"date":"2024-08-14T14:44:25","date_gmt":"2024-08-14T17:44:25","guid":{"rendered":"https:\/\/sme.goiania.go.gov.br\/conexaoescola\/?post_type=ensino_fundamental&#038;p=185960"},"modified":"2024-08-14T15:00:14","modified_gmt":"2024-08-14T18:00:14","slug":"geografia-o-etnocentrismo-e-eurocentrismo-no-contexto-de-oriente-e-ocidente","status":"publish","type":"ensino_fundamental","link":"https:\/\/sme.goiania.go.gov.br\/conexaoescola\/ensino_fundamental\/geografia-o-etnocentrismo-e-eurocentrismo-no-contexto-de-oriente-e-ocidente\/","title":{"rendered":"Geografia &#8211; O etnocentrismo e eurocentrismo no contexto de oriente e ocidente"},"content":{"rendered":"\n<p class=\"has-black-color has-luminous-vivid-orange-background-color has-text-color has-background has-medium-font-size\">Esta proposta de atividade de<strong> GEOGRAFIA<\/strong> \u00e9 destinada aos estudantes do 9<strong>\u00ba ano<\/strong> do Ensino Fundamental anos iniciais.<\/p>\n\n\n\n<div class=\"wp-block-buttons is-content-justification-center is-layout-flex wp-container-core-buttons-is-layout-16018d1d wp-block-buttons-is-layout-flex\">\n<div class=\"wp-block-button has-custom-font-size has-medium-font-size\"><a class=\"wp-block-button__link has-white-color has-black-background-color has-text-color has-background wp-element-button\" href=\"https:\/\/drive.google.com\/uc?export=download&amp;id=1CuH7p2onxSghaTDAw2LGmlAdB0Ugidaj\" target=\"_blank\" rel=\"noreferrer noopener\">BAIXE A ATIVIDADE<\/a><\/div>\n\n\n\n<div class=\"wp-block-button has-custom-font-size has-medium-font-size\"><a class=\"wp-block-button__link has-white-color has-black-background-color has-text-color has-background wp-element-button\" href=\"https:\/\/drive.google.com\/uc?export=download&amp;id=1X_pkRAqe-LSkYK1HAJujp6oWbM15Ynvt\" target=\"_blank\" rel=\"noreferrer noopener\">BAIXE OS SLIDES<\/a><\/div>\n\n\n\n<div class=\"wp-block-button has-custom-font-size has-medium-font-size\"><a class=\"wp-block-button__link has-white-color has-black-background-color has-text-color has-background wp-element-button\" href=\"https:\/\/drive.google.com\/uc?export=download&amp;id=13W-U7tizxVLwH08SwNDF96DbT-4vA4ln\" target=\"_blank\" rel=\"noreferrer noopener\">BAIXE O TEXTO<\/a><\/div>\n<\/div>\n\n\n\n<p><\/p>\n\n\n\n<figure class=\"wp-block-image size-large\"><img fetchpriority=\"high\" decoding=\"async\" width=\"1024\" height=\"576\" src=\"https:\/\/sme.goiania.go.gov.br\/conexaoescola\/wp-content\/uploads\/2024\/08\/Fonte-canva.com-8-e1723655898383-1024x576.png\" alt=\"\" class=\"wp-image-185961\" srcset=\"https:\/\/sme.goiania.go.gov.br\/conexaoescola\/wp-content\/uploads\/2024\/08\/Fonte-canva.com-8-e1723655898383-1024x576.png 1024w, https:\/\/sme.goiania.go.gov.br\/conexaoescola\/wp-content\/uploads\/2024\/08\/Fonte-canva.com-8-e1723655898383-300x169.png 300w, https:\/\/sme.goiania.go.gov.br\/conexaoescola\/wp-content\/uploads\/2024\/08\/Fonte-canva.com-8-e1723655898383-768x432.png 768w, https:\/\/sme.goiania.go.gov.br\/conexaoescola\/wp-content\/uploads\/2024\/08\/Fonte-canva.com-8-e1723655898383-1536x864.png 1536w, https:\/\/sme.goiania.go.gov.br\/conexaoescola\/wp-content\/uploads\/2024\/08\/Fonte-canva.com-8-e1723655898383.png 1920w\" sizes=\"(max-width: 1024px) 100vw, 1024px\" \/><\/figure>\n\n\n\n<p class=\"has-text-align-center has-black-color has-text-color has-link-color has-small-font-size wp-elements-6c1dd500ab8b752b8e9ca4afa58412ce\">Fonte: Mundo Ocidental, dispon\u00edvel em: &lt;<a href=\"https:\/\/commons.wikimedia.org\/wiki\/File:Western_World_Latin_America_torn_countries.png\">https:\/\/commons.wikimedia.org\/wiki\/File:Western_World_Latin_America_torn_countries.png<\/a>&gt;. Acesso em 14 de ago. de 2024.<\/p>\n\n\n\n<p class=\"has-text-align-center has-black-color has-text-color has-background has-medium-font-size\" style=\"background-color:#b8e0fb\"><strong>O etnocentrismo e eurocentrismo no contexto de oriente e ocidente<\/strong><\/p>\n\n\n\n<p class=\"has-black-color has-text-color has-link-color has-medium-font-size wp-elements-8a33b2363626a151cb621e2eaebd667d\">No estudo da Geografia, os conceitos de etnocentrismo e eurocentrismo s\u00e3o fundamentais para entender como as sociedades percebem e se relacionam com o mundo ao seu redor. Esses conceitos ajudam a explicar as rela\u00e7\u00f5es entre diferentes culturas, especialmente no contexto hist\u00f3rico e contempor\u00e2neo entre o Oriente e o Ocidente.<\/p>\n\n\n<div class=\"wp-block-image\">\n<figure class=\"aligncenter size-large\"><img decoding=\"async\" width=\"1024\" height=\"863\" src=\"https:\/\/sme.goiania.go.gov.br\/conexaoescola\/wp-content\/uploads\/2024\/08\/Fonte-canva.com-7-e1723655989748-1024x863.png\" alt=\"\" class=\"wp-image-185964\" srcset=\"https:\/\/sme.goiania.go.gov.br\/conexaoescola\/wp-content\/uploads\/2024\/08\/Fonte-canva.com-7-e1723655989748-1024x863.png 1024w, https:\/\/sme.goiania.go.gov.br\/conexaoescola\/wp-content\/uploads\/2024\/08\/Fonte-canva.com-7-e1723655989748-300x253.png 300w, https:\/\/sme.goiania.go.gov.br\/conexaoescola\/wp-content\/uploads\/2024\/08\/Fonte-canva.com-7-e1723655989748-768x647.png 768w, https:\/\/sme.goiania.go.gov.br\/conexaoescola\/wp-content\/uploads\/2024\/08\/Fonte-canva.com-7-e1723655989748.png 1281w\" sizes=\"(max-width: 1024px) 100vw, 1024px\" \/><\/figure><\/div>\n\n\n<p class=\"has-black-color has-text-color has-link-color has-medium-font-size wp-elements-4ecfecfe49dce3590206040cb38318e6\"><strong>Etnocentrismo&nbsp;<\/strong><\/p>\n\n\n\n<p class=\"has-black-color has-text-color has-link-color has-medium-font-size wp-elements-4ca66ade2a6437150e359dc57527ae53\">Etnocentrismo \u00e9 a tend\u00eancia de uma pessoa ou grupo social de avaliar e interpretar o mundo a partir de sua pr\u00f3pria cultura, acreditando que seus valores, normas e costumes s\u00e3o superiores aos de outras culturas. Esse fen\u00f4meno pode levar \u00e0 distor\u00e7\u00e3o da compreens\u00e3o das diferen\u00e7as culturais, resultando em preconceitos e discrimina\u00e7\u00e3o.&nbsp;<\/p>\n\n\n\n<p class=\"has-black-color has-text-color has-link-color has-medium-font-size wp-elements-f80b556eb8dd3672df4de43217e8da72\">No contexto geogr\u00e1fico, o etnocentrismo pode ser observado quando uma sociedade imp\u00f5e seus padr\u00f5es culturais e sociais sobre outras, muitas vezes sem considerar as particularidades e a diversidade das culturas que encontra. Por exemplo, a coloniza\u00e7\u00e3o europeia de v\u00e1rias regi\u00f5es do mundo, incluindo partes da \u00c1frica, \u00c1sia e Am\u00e9ricas, foi marcada por uma vis\u00e3o etnoc\u00eantrica, na qual os colonizadores consideravam suas culturas e modos de vida superiores aos dos povos nativos.<\/p>\n\n\n\n<p class=\"has-text-align-center has-black-color has-text-color has-link-color has-medium-font-size wp-elements-59b4b1f84897d1686604197efe1d8f44\"><strong>Pintura da primeira missa do Brasil<\/strong><\/p>\n\n\n\n<figure class=\"wp-block-image size-large\"><img decoding=\"async\" width=\"1024\" height=\"787\" src=\"https:\/\/sme.goiania.go.gov.br\/conexaoescola\/wp-content\/uploads\/2024\/08\/Meirelles-primeiramissa2-e1723655959211-1024x787.jpg\" alt=\"\" class=\"wp-image-185963\" srcset=\"https:\/\/sme.goiania.go.gov.br\/conexaoescola\/wp-content\/uploads\/2024\/08\/Meirelles-primeiramissa2-e1723655959211-1024x787.jpg 1024w, https:\/\/sme.goiania.go.gov.br\/conexaoescola\/wp-content\/uploads\/2024\/08\/Meirelles-primeiramissa2-e1723655959211-300x231.jpg 300w, https:\/\/sme.goiania.go.gov.br\/conexaoescola\/wp-content\/uploads\/2024\/08\/Meirelles-primeiramissa2-e1723655959211-768x590.jpg 768w, https:\/\/sme.goiania.go.gov.br\/conexaoescola\/wp-content\/uploads\/2024\/08\/Meirelles-primeiramissa2-e1723655959211.jpg 1170w\" sizes=\"(max-width: 1024px) 100vw, 1024px\" \/><\/figure>\n\n\n\n<p class=\"has-text-align-center has-black-color has-text-color has-link-color has-small-font-size wp-elements-ace58fed4a51bc1ea65ca5d1d2aaedcf\">Fonte: A Primeira Missa no Brasil, Victor Meirelles 1860. Dispon\u00edvel em: &lt;<a href=\"https:\/\/commons.wikimedia.org\/wiki\/File:Meirelles-primeiramissa2.jpg\">https:\/\/commons.wikimedia.org\/wiki\/File:Meirelles-primeiramissa2.jpg<\/a>&gt;. Acesso em 14 de ago. de 2024.<\/p>\n\n\n\n<p class=\"has-black-color has-text-color has-link-color has-medium-font-size wp-elements-3d692167ba550e937f5d01cadaae1694\"><strong>Eurocentrismo&nbsp;<\/strong><\/p>\n\n\n\n<p class=\"has-black-color has-text-color has-link-color has-medium-font-size wp-elements-a4bafebdea62bdc2f226ec01fc2f3f79\">O eurocentrismo \u00e9 uma forma espec\u00edfica de etnocentrismo que se refere \u00e0 centraliza\u00e7\u00e3o e valoriza\u00e7\u00e3o da cultura europeia em detrimento de outras culturas. Esse conceito se desenvolveu particularmente durante os per\u00edodos de expans\u00e3o colonial europeia e do Iluminismo, quando a Europa se via como o centro do mundo civilizado e as demais regi\u00f5es, como o Oriente, eram vistas como ex\u00f3ticas, atrasadas ou primitivas.&nbsp;<\/p>\n\n\n\n<p class=\"has-black-color has-text-color has-link-color has-medium-font-size wp-elements-bbdb8f200a63565d9c2f66d8fe48f116\">Historicamente, o eurocentrismo teve um impacto profundo na maneira como o conhecimento foi produzido e difundido. Na Geografia, por exemplo, o eurocentrismo influenciou a maneira como os mapas eram desenhados, colocando a Europa no centro e as outras regi\u00f5es como perif\u00e9ricas. Al\u00e9m disso, a narrativa hist\u00f3rica e cultural ocidental foi amplamente difundida como a \u00fanica verdade, marginalizando ou distorcendo as perspectivas e contribui\u00e7\u00f5es de outras civiliza\u00e7\u00f5es, como as do Oriente M\u00e9dio, da China, da \u00cdndia e de outras partes da \u00c1sia.<\/p>\n\n\n\n<p class=\"has-black-color has-text-color has-link-color has-medium-font-size wp-elements-b118ce7a1580846b96d171c2ea684429\"><strong>Oriente e Ocidente&nbsp;<\/strong><\/p>\n\n\n\n<p class=\"has-black-color has-text-color has-link-color has-medium-font-size wp-elements-30c74ee0bdcc8ffc17d9c22ff1ff275f\">A dicotomia entre Oriente e Ocidente \u00e9 um reflexo dessas vis\u00f5es etnoc\u00eantricas e euroc\u00eantricas. O &#8220;Ocidente&#8221; \u00e9 frequentemente associado \u00e0 Europa e \u00e0s Am\u00e9ricas, enquanto o &#8220;Oriente&#8221; refere-se a regi\u00f5es da \u00c1sia, Oriente M\u00e9dio e, em alguns contextos, o Norte da \u00c1frica. Essa divis\u00e3o n\u00e3o \u00e9 apenas geogr\u00e1fica, mas tamb\u00e9m cultural e ideol\u00f3gica.<\/p>\n\n\n<div class=\"wp-block-image\">\n<figure class=\"aligncenter size-large\"><img fetchpriority=\"high\" decoding=\"async\" width=\"1024\" height=\"576\" src=\"https:\/\/sme.goiania.go.gov.br\/conexaoescola\/wp-content\/uploads\/2024\/08\/Fonte-canva.com-8-e1723655898383-1024x576.png\" alt=\"\" class=\"wp-image-185961\" srcset=\"https:\/\/sme.goiania.go.gov.br\/conexaoescola\/wp-content\/uploads\/2024\/08\/Fonte-canva.com-8-e1723655898383-1024x576.png 1024w, https:\/\/sme.goiania.go.gov.br\/conexaoescola\/wp-content\/uploads\/2024\/08\/Fonte-canva.com-8-e1723655898383-300x169.png 300w, https:\/\/sme.goiania.go.gov.br\/conexaoescola\/wp-content\/uploads\/2024\/08\/Fonte-canva.com-8-e1723655898383-768x432.png 768w, https:\/\/sme.goiania.go.gov.br\/conexaoescola\/wp-content\/uploads\/2024\/08\/Fonte-canva.com-8-e1723655898383-1536x864.png 1536w, https:\/\/sme.goiania.go.gov.br\/conexaoescola\/wp-content\/uploads\/2024\/08\/Fonte-canva.com-8-e1723655898383.png 1920w\" sizes=\"(max-width: 1024px) 100vw, 1024px\" \/><\/figure><\/div>\n\n\n<p class=\"has-text-align-center has-black-color has-text-color has-link-color has-small-font-size wp-elements-6c1dd500ab8b752b8e9ca4afa58412ce\">Fonte: Mundo Ocidental, dispon\u00edvel em: &lt;<a href=\"https:\/\/commons.wikimedia.org\/wiki\/File:Western_World_Latin_America_torn_countries.png\">https:\/\/commons.wikimedia.org\/wiki\/File:Western_World_Latin_America_torn_countries.png<\/a>&gt;. Acesso em 14 de ago. de 2024.<\/p>\n\n\n\n<p class=\"has-black-color has-text-color has-link-color has-medium-font-size wp-elements-7a5e09079ed8be95944ed8ac0bb8f1b9\">Historicamente, o Ocidente foi retratado como racional, moderno e progressista, enquanto o Oriente foi frequentemente descrito como misterioso, tradicional e est\u00e1tico. Essas caracteriza\u00e7\u00f5es simplistas ignoram a complexidade e a riqueza cultural de ambas as regi\u00f5es, perpetuando estere\u00f3tipos que ainda influenciam as rela\u00e7\u00f5es internacionais e a percep\u00e7\u00e3o cultural no mundo contempor\u00e2neo.<\/p>\n\n\n\n<p class=\"has-black-color has-text-color has-link-color has-medium-font-size wp-elements-e84ada09b1fcbe307bc4ebec89a3f9cf\">Compreender os conceitos de etnocentrismo e eurocentrismo \u00e9 essencial para reconhecer como as vis\u00f5es de mundo s\u00e3o constru\u00eddas e como elas podem influenciar a geopol\u00edtica, a cultura e as rela\u00e7\u00f5es sociais. Ao criticar essas vis\u00f5es, \u00e9 poss\u00edvel promover uma compreens\u00e3o mais equilibrada e inclusiva das diferentes culturas, reconhecendo a diversidade e a complexidade do mundo em que vivemos. \u00c9 fundamental, especialmente no estudo da Geografia, questionar essas perspectivas e buscar um entendimento que valorize todas as culturas, superando, preconceitos e construindo pontes de respeito e coopera\u00e7\u00e3o entre Oriente e Ocidente.<\/p>\n\n\n\n<p><\/p>\n\n\n\n<p class=\"has-text-align-center has-black-color has-text-color has-background has-medium-font-size\" style=\"background-color:#ffd2ae\"><strong>RESPONDA \u00c0S QUEST\u00d5ES<\/strong><\/p>\n\n\n\n<p class=\"has-black-color has-pale-cyan-blue-background-color has-text-color has-background has-medium-font-size\"><strong>QUEST\u00c3O 01<\/strong><\/p>\n\n\n\n<p class=\"has-black-color has-text-color has-medium-font-size\">Fa\u00e7a uma pesquisa sobre as influ\u00eancias das culturas ocidentais na cultura brasileira. Produza um texto explicando e citando exemplos de como essas influ\u00eancias podem interferir na nossa forma de entender e prestigiar a nossa cultura brasileira.<\/p>\n\n\n\n<p><\/p>\n\n\n\n<p class=\"has-black-color has-pale-cyan-blue-background-color has-text-color has-background has-medium-font-size\"><strong><strong>QUEST\u00c3O<\/strong> 02<\/strong><\/p>\n\n\n\n<p class=\"has-black-color has-text-color has-link-color has-medium-font-size wp-elements-d5c5beab59662b6113205ea2988e8669\">Fa\u00e7a uma pesquisa e produza um texto, sobre como o etnocentrismo e o eurocentrismo afetou na forma\u00e7\u00e3o da cultura brasileira.<\/p>\n\n\n\n<p><\/p>\n\n\n\n<p class=\"has-black-color has-pale-cyan-blue-background-color has-text-color has-background has-medium-font-size\"><strong><strong>QUEST\u00c3O<\/strong> 0<\/strong>3<\/p>\n\n\n\n<p class=\"has-black-color has-text-color has-link-color has-medium-font-size wp-elements-b0932b8fb75fb2ac8a1945094167b7a2\">O Etnocentrismo \u00e9 a tend\u00eancia de uma pessoa ou grupo social de avaliar e interpretar o mundo a partir de sua pr\u00f3pria cultura, acreditando que seus valores, normas e costumes s\u00e3o superiores aos de outras culturas. Esse fen\u00f4meno pode levar \u00e0 distor\u00e7\u00e3o da compreens\u00e3o das diferen\u00e7as culturais, resultando em preconceitos e discrimina\u00e7\u00e3o, um exemplo que descreve essa situa\u00e7\u00e3o \u00e9&nbsp;&nbsp;&nbsp;<\/p>\n\n\n\n<p class=\"has-black-color has-text-color has-link-color has-medium-font-size wp-elements-4a5e1c3c2a1a86397e2ebeeae23dfc38\">(A) a preserva\u00e7\u00e3o das culturas e valores de povos tradicionais.<\/p>\n\n\n\n<p class=\"has-black-color has-text-color has-link-color has-medium-font-size wp-elements-2f140a184115ca7391384d68e8a3c0df\">(B) a comercializa\u00e7\u00e3o de bens para v\u00e1rias regi\u00f5es do mundo.<\/p>\n\n\n\n<p class=\"has-black-color has-text-color has-link-color has-medium-font-size wp-elements-137b64d1e9f710dc24009317397acbb2\">(C) a coloniza\u00e7\u00e3o europeia de v\u00e1rias regi\u00f5es do mundo.<\/p>\n\n\n\n<p class=\"has-black-color has-text-color has-link-color has-medium-font-size wp-elements-c3f43957af0053ab6765555db84f1d43\">(D) a coopera\u00e7\u00e3o politica entre os pa\u00edses envolvidos.<\/p>\n\n\n\n<p class=\"has-black-color has-pale-cyan-blue-background-color has-text-color has-background has-medium-font-size\"><strong><strong>QUEST\u00c3O<\/strong> 04<\/strong><\/p>\n\n\n\n<p class=\"has-black-color has-text-color has-link-color has-medium-font-size wp-elements-94c00469c72b2eda008949a2a14773e2\">Historicamente, o Ocidente foi retratado como racional, moderno e progressista, enquanto o Oriente foi frequentemente descrito como misterioso, tradicional e est\u00e1tico. Essas caracteriza\u00e7\u00f5es simplistas ignoram a complexidade e a riqueza cultural de ambas as regi\u00f5es, perpetuando estere\u00f3tipos que ainda influenciam as rela\u00e7\u00f5es internacionais e a percep\u00e7\u00e3o cultural no mundo contempor\u00e2neo. Essa forma de pensamento est\u00e1 relacionada com<\/p>\n\n\n\n<p class=\"has-black-color has-text-color has-link-color has-medium-font-size wp-elements-13e0ed882f17d1f724024693b57c7249\">(A) o etnocentrismo e eurocentrismo.<\/p>\n\n\n\n<p class=\"has-black-color has-text-color has-link-color has-medium-font-size wp-elements-0176b4e97cfeec6c15a1a98532381f3b\">(B) o desenvolvimento chin\u00eas.&nbsp;<\/p>\n\n\n\n<p class=\"has-black-color has-text-color has-link-color has-medium-font-size wp-elements-b97d7d94d7536d9e01c6dc2e5257cf16\">(C) o processo de industrializa\u00e7\u00e3o.<\/p>\n\n\n\n<p class=\"has-black-color has-text-color has-link-color has-medium-font-size wp-elements-1f802d478aca28afda3c79f3e95423fe\">(D) o processo de desenvolvimento tecnol\u00f3gico.&nbsp;<\/p>\n\n\n\n<p><\/p>\n\n\n\n<hr class=\"wp-block-separator has-alpha-channel-opacity\"\/>\n\n\n\n<figure class=\"wp-block-table is-style-stripes\" style=\"font-size:15px\"><table class=\"has-black-color has-text-color\"><tbody><tr><td><strong>Autoria:<\/strong><\/td><td>Prof. Me.: Gabriel Ramos Paiva<\/td><\/tr><tr><td><strong>Forma\u00e7\u00e3o:<\/strong><\/td><td>Licenciatura em Geografia;<br>Bacharelado em Geografia;<br>Licenciatura em Pedagogia;<br>Mestre em Geografia pelo IESA-UFG.<\/td><\/tr><tr><td><strong>Componente Curricular:<\/strong><\/td><td>Geografia<\/td><\/tr><tr><td><strong>DCGO \u2013 AMPLIADO (1\u00ba corte) Habilidades:<\/strong><\/td><td>(EF09GE06) Associar o crit\u00e9rio de divis\u00e3o do mundo em Ocidente e Oriente com o Sistema Colonial implantado pelas pot\u00eancias europeias.<\/td><\/tr><tr><td><strong>Matriz de habilidades essenciais:<\/strong><\/td><td>Compreender o conceito e o contexto socioespacial de Oriente e Ocidente.<br>Compreender os conceitos de etnocentrismo e eurocentrismo no contexto de Oriente e Ocidente.<\/td><\/tr><tr><td><strong>Refer\u00eancias:<\/strong><\/td><td>MACEDO, Andr\u00e9 Luan Nunes. A HIST\u00d3RIA DO EUROCENTRISMO NA HIST\u00d3RIA INTELECTUAL. Universidade Federal de Goi\u00e1s-UFG, Revista de Teoria da Hist\u00f3ria \u2014 Volume 23, N\u00famero 01, Jul. de 2020. Dispon\u00edvel em: &lt;<a href=\"https:\/\/revistas.ufg.br\/teoria\/article\/view\/61801\">https:\/\/revistas.ufg.br\/teoria\/article\/view\/61801<\/a>>. Acesso em 14 de ago. de 2024.<br><br>MENESES, Paulo. Etnocentrismo e relativismo cultural: algumas reflex\u00f5es. Revista SymposiuM, Ano 3, N\u00famero Especial, dezembro de 1999. Dispon\u00edvel em: &lt;<a href=\"https:\/\/www.maxwell.vrac.puc-rio.br\/3152\/3152.PDF\">https:\/\/www.maxwell.vrac.puc-rio.br\/3152\/3152.PDF<\/a>>. Acesso em 14 de ago. de 2024.<\/td><\/tr><\/tbody><\/table><\/figure>\n","protected":false},"author":20,"featured_media":185961,"template":"","ef_categoria":[16],"ef_ano":[92],"ef_componente":[96],"class_list":["post-185960","ensino_fundamental","type-ensino_fundamental","status-publish","has-post-thumbnail","hentry","ef_categoria-ciclo-da-adolescencia-hi","ef_ano-9o-ano","ef_componente-geografia","entry","has-media"],"acf":[],"_links":{"self":[{"href":"https:\/\/sme.goiania.go.gov.br\/conexaoescola\/wp-json\/wp\/v2\/ensino_fundamental\/185960","targetHints":{"allow":["GET"]}}],"collection":[{"href":"https:\/\/sme.goiania.go.gov.br\/conexaoescola\/wp-json\/wp\/v2\/ensino_fundamental"}],"about":[{"href":"https:\/\/sme.goiania.go.gov.br\/conexaoescola\/wp-json\/wp\/v2\/types\/ensino_fundamental"}],"author":[{"embeddable":true,"href":"https:\/\/sme.goiania.go.gov.br\/conexaoescola\/wp-json\/wp\/v2\/users\/20"}],"version-history":[{"count":1,"href":"https:\/\/sme.goiania.go.gov.br\/conexaoescola\/wp-json\/wp\/v2\/ensino_fundamental\/185960\/revisions"}],"predecessor-version":[{"id":185968,"href":"https:\/\/sme.goiania.go.gov.br\/conexaoescola\/wp-json\/wp\/v2\/ensino_fundamental\/185960\/revisions\/185968"}],"wp:featuredmedia":[{"embeddable":true,"href":"https:\/\/sme.goiania.go.gov.br\/conexaoescola\/wp-json\/wp\/v2\/media\/185961"}],"wp:attachment":[{"href":"https:\/\/sme.goiania.go.gov.br\/conexaoescola\/wp-json\/wp\/v2\/media?parent=185960"}],"wp:term":[{"taxonomy":"ef_categoria","embeddable":true,"href":"https:\/\/sme.goiania.go.gov.br\/conexaoescola\/wp-json\/wp\/v2\/ef_categoria?post=185960"},{"taxonomy":"ef_ano","embeddable":true,"href":"https:\/\/sme.goiania.go.gov.br\/conexaoescola\/wp-json\/wp\/v2\/ef_ano?post=185960"},{"taxonomy":"ef_componente","embeddable":true,"href":"https:\/\/sme.goiania.go.gov.br\/conexaoescola\/wp-json\/wp\/v2\/ef_componente?post=185960"}],"curies":[{"name":"wp","href":"https:\/\/api.w.org\/{rel}","templated":true}]}}