{"id":184793,"date":"2024-08-01T16:14:30","date_gmt":"2024-08-01T19:14:30","guid":{"rendered":"https:\/\/sme.goiania.go.gov.br\/conexaoescola\/?post_type=ensino_fundamental&#038;p=184793"},"modified":"2025-02-17T10:55:31","modified_gmt":"2025-02-17T13:55:31","slug":"educacao-fisica-escalada-esportiva-aspectos-historicos-e-culturais","status":"publish","type":"ensino_fundamental","link":"https:\/\/sme.goiania.go.gov.br\/conexaoescola\/ensino_fundamental\/educacao-fisica-escalada-esportiva-aspectos-historicos-e-culturais\/","title":{"rendered":"Educa\u00e7\u00e3o F\u00edsica &#8211; Escalada Esportiva &#8211; Aspectos hist\u00f3ricos e Culturais"},"content":{"rendered":"\n<p class=\"has-text-align-center has-black-color has-luminous-vivid-amber-background-color has-text-color has-background has-medium-font-size\">Esta proposta de atividade de <strong>EDUCA\u00c7\u00c3O F\u00cdSICA<\/strong> \u00e9 destinada aos estudantes do <strong>9\u00aa ANO do Ensino fundamental<\/strong> &#8211; Anos finais.<\/p>\n\n\n\n<p><\/p>\n\n\n\n<div class=\"wp-block-buttons alignwide is-content-justification-center is-layout-flex wp-container-core-buttons-is-layout-16018d1d wp-block-buttons-is-layout-flex\">\n<div class=\"wp-block-button has-custom-font-size has-medium-font-size\"><a class=\"wp-block-button__link wp-element-button\" href=\"https:\/\/drive.google.com\/uc?export=douwnload&amp;id=1ob1q0_hHYg-ufPnDrxrEG-1c-ZiSAU4p\" target=\"_blank\" rel=\"noreferrer noopener\"><strong>BAIXE A ATIVIDADE<\/strong><\/a><\/div>\n\n\n\n<div class=\"wp-block-button has-custom-font-size has-medium-font-size\"><a class=\"wp-block-button__link wp-element-button\" href=\"https:\/\/drive.google.com\/uc?export=douwnload&amp;id=1PEF3zWoIlf4GxpCXC1a3Nz3qK4iEEEXX\" target=\"_blank\" rel=\"noreferrer noopener\"><strong>BAIXE OS SLIDES<\/strong><\/a><\/div>\n\n\n\n<div class=\"wp-block-button has-custom-font-size has-medium-font-size\"><a class=\"wp-block-button__link has-text-align-center wp-element-button\" href=\"https:\/\/drive.google.com\/uc?export=douwnload&amp;id=1oOxGNnbSW4fbfg2c0txy-W188ld76j6n\" target=\"_blank\" rel=\"noreferrer noopener\"><strong>BAIXE O TEXTO <\/strong><\/a><\/div>\n<\/div>\n\n\n\n<p><\/p>\n\n\n\n<figure class=\"wp-block-image size-full is-resized is-style-rounded\"><img fetchpriority=\"high\" decoding=\"async\" width=\"800\" height=\"534\" src=\"https:\/\/sme.goiania.go.gov.br\/conexaoescola\/wp-content\/uploads\/2024\/08\/s-1.jpg\" alt=\"\" class=\"wp-image-185236\" style=\"width:840px;height:auto\" srcset=\"https:\/\/sme.goiania.go.gov.br\/conexaoescola\/wp-content\/uploads\/2024\/08\/s-1.jpg 800w, https:\/\/sme.goiania.go.gov.br\/conexaoescola\/wp-content\/uploads\/2024\/08\/s-1-300x200.jpg 300w, https:\/\/sme.goiania.go.gov.br\/conexaoescola\/wp-content\/uploads\/2024\/08\/s-1-768x513.jpg 768w\" sizes=\"(max-width: 800px) 100vw, 800px\" \/><figcaption class=\"wp-element-caption\"><strong>Imagem dispon\u00edvel em: https:\/\/media-private.canva.com\/_tioQ\/MAEI_U_tioQ\/1\/s.jpg?X-Amz-Algorithm=AWS4-HMAC-SHA256&amp;X-Amz-Credential=AKIAJWF6QO3UH4PAAJ6Q%2F20240731%2Fus-east-1%2Fs3%2Faws4_request&amp;X-Amz-Date=20240731T185517Z&amp;X-Amz-Expires=97958&amp;X-Amz-Signature=fe0647b8dc28cc96c9951b801a29f8d3e5786f57d4b7c420c0dd269495cfcbe2&amp;X-Amz-SignedHeaders=host%3Bx-amz-expected-bucket-owner&amp;response-expires=Thu%2C%2001%20Aug%202024%2022%3A07%3A55%20GMT. Acesso: 01 de Agosto de 2024. <\/strong><\/figcaption><\/figure>\n\n\n\n<p class=\"has-text-align-center has-luminous-vivid-amber-background-color has-background has-medium-font-size\"><strong>CONCEITO <\/strong><\/p>\n\n\n\n<p class=\"has-text-align-center has-medium-font-size\"> Modalidade esportiva classificada como esporte de marca que ganhou muita popularidade nas \u00faltimas duas d\u00e9cadas, com uma significativa participa\u00e7\u00e3o de jovens. <\/p>\n\n\n\n<p class=\"has-text-align-center has-medium-font-size\">Praticada em ambientes especificamente projetados e preparados para competi\u00e7\u00f5es de alto n\u00edvel. <\/p>\n\n\n\n<p class=\"has-text-align-center has-medium-font-size\">Estes locais s\u00e3o conhecidos como &#8220;<strong>paredes de escalada<\/strong>&#8221; ou <strong>&#8220;muros de escalada&#8221; <\/strong>e podem ser encontrados em v\u00e1rias partes do mundo. <\/p>\n\n\n\n<h3 class=\"wp-block-heading has-text-align-center has-luminous-vivid-amber-background-color has-background has-medium-font-size\">ASPECTOS HIST\u00d3RICOS <\/h3>\n\n\n\n<p class=\"has-text-align-center has-medium-font-size\"><strong>A escalada esportiva, como a conhecemos hoje, evoluiu a partir de diversas formas de escalada que t\u00eam sido praticadas h\u00e1 s\u00e9culos. <\/strong><\/p>\n\n\n\n<p class=\"has-text-align-center has-medium-font-size\"><strong>ESCALADA TRADICIONAL<\/strong>: Desde tempos antigos, a escalada de rochas era praticada como parte de atividades de montanhismo e explora\u00e7\u00e3o. <\/p>\n\n\n\n<p class=\"has-text-align-center has-medium-font-size\">Os alpinistas escalavam rochas utilizando equipamentos m\u00ednimos, muitas vezes apenas botas e cordas de c\u00e2nhamo.<\/p>\n\n\n\n<p class=\"has-text-align-center has-medium-font-size\"><strong>S\u00c9CULO XIX e IN\u00cdCIO do S\u00c9CULO XX<\/strong>: Na Europa, especialmente nos Alpes, a escalada come\u00e7ou a se desenvolver como uma atividade recreativa e esportiva. Exploradores e alpinistas come\u00e7aram a desenvolver t\u00e9cnicas e equipamentos mais avan\u00e7ados. <\/p>\n\n\n\n<p class=\"has-text-align-center has-medium-font-size\">A partir dessa d\u00e9cada a Escalada esportiva come\u00e7ou a se diferenciar da escalada tradicional com o uso de prote\u00e7\u00e3o fixa, como <strong>grampos<\/strong> e <strong>parafusos<\/strong>, colocados permanentemente nas paredes de escalada. <\/p>\n\n\n\n<p class=\"has-text-align-center has-medium-font-size\">Isso permitiu aos escaladores focarem mais nas habilidades t\u00e9cnicas e menos na coloca\u00e7\u00e3o de prote\u00e7\u00e3o durante a subida.<\/p>\n\n\n\n<h3 class=\"wp-block-heading has-text-align-center has-luminous-vivid-amber-background-color has-background has-medium-font-size\">DESENVOLVIMENTO GLOBAL <\/h3>\n\n\n\n<p class=\"has-text-align-center has-medium-font-size\"> A <strong>Fran\u00e7a<\/strong> \u00e9 frequentemente creditada como o ber\u00e7o da escalada esportiva moderna. Lugares como <strong>Buoux <\/strong>e <strong>Verdon Gorge <\/strong>tornaram-se centros importantes para a pr\u00e1tica do esporte. <\/p>\n\n\n\n<p class=\"has-text-align-center has-medium-font-size\">Escaladores franceses como <strong>Patrick Edlinger<\/strong> e<strong> Jean-Baptiste Tribout <\/strong>foram pioneiros em empurrar os limites da dificuldade nas rotas de escalada esportiva, difundindo-a rapidamente pelo mundo. <\/p>\n\n\n\n<p class=\"has-text-align-center has-medium-font-size\">A introdu\u00e7\u00e3o de academias de escalada indoor tamb\u00e9m ajudou a popularizar o esporte, tornando-o mais acess\u00edvel a pessoas em \u00e1reas urbanas.<\/p>\n\n\n\n<h3 class=\"wp-block-heading has-text-align-center has-luminous-vivid-amber-background-color has-background has-medium-font-size\">ESCALADA ESPORTIVA COMO ESPORTE OL\u00cdMPICO <\/h3>\n\n\n\n<p class=\"has-text-align-center has-medium-font-size\"><strong> COMPETI\u00c7\u00d5ES E OLIMP\u00cdADAS<\/strong>: A escalada esportiva evoluiu para incluir competi\u00e7\u00f5es organizadas, com formatos espec\u00edficos como:  <strong>boulder<\/strong> (escalada em blocos), <strong>lead <\/strong>( escalada guiada) e <strong>speed<\/strong> (escalada de velocidade). <\/p>\n\n\n\n<p class=\"has-text-align-center has-medium-font-size\">Em 2020,  teve sua estreia nas Olimp\u00edadas de <strong>T\u00f3quio<\/strong>, marcando um reconhecimento significativo do esporte em n\u00edvel global.<\/p>\n\n\n\n<hr class=\"wp-block-separator has-alpha-channel-opacity\"\/>\n\n\n\n<p class=\"has-text-align-left has-vivid-green-cyan-background-color has-background has-medium-font-size\"><strong>QUEST\u00c3O 01<\/strong><\/p>\n\n\n\n<p class=\"has-medium-font-size\"><strong>A escalada esportiva foi projetada para ser realizada em locais e ambientes especialmente preparados para competi\u00e7\u00f5es de alto n\u00edvel, geralmente praticada em<\/strong><\/p>\n\n\n\n<p class=\"has-medium-font-size\">(A) florestas densas<\/p>\n\n\n\n<p class=\"has-medium-font-size\">(B) praias rasas.<\/p>\n\n\n\n<p class=\"has-medium-font-size\">(C) paredes de escalada.<\/p>\n\n\n\n<p class=\"has-medium-font-size\">(D) trilhas de montanhas.<\/p>\n\n\n\n<p class=\"has-vivid-green-cyan-background-color has-background has-medium-font-size\"><strong>QUEST\u00c3O 02<\/strong><\/p>\n\n\n\n<p class=\"has-medium-font-size\"><strong>A escalada esportiva estabeleceu-se no in\u00edcio do s\u00e9culo XX, na regi\u00e3o dos Alpes (Europa)  como uma pr\u00e1tica tanto recreativa quanto esportiva. Exploradores e alpinistas dedicaram-se ao desenvolvimento de novas t\u00e9cnicas e ao aprimoramento dos equipamentos, transformando e incorporando-a em competi\u00e7\u00f5es organizadas com a concep\u00e7\u00e3o de tr\u00eas formatos espec\u00edficos conhecidos como <\/strong><\/p>\n\n\n\n<p class=\"has-medium-font-size\">(A) boulder, lead e speed.<\/p>\n\n\n\n<p class=\"has-medium-font-size\">(B) boulder, sprint e endurance.<\/p>\n\n\n\n<p class=\"has-medium-font-size\">(C) lead, sprint e endurance.<\/p>\n\n\n\n<p class=\"has-medium-font-size\">(D) speed, endurance e boulder.<\/p>\n\n\n\n<p class=\"has-vivid-green-cyan-background-color has-background has-medium-font-size\"><strong>QUEST\u00c3O 03<\/strong><\/p>\n\n\n\n<p class=\"has-medium-font-size\"><strong>Responda<\/strong>:<\/p>\n\n\n\n<p class=\"has-medium-font-size\">a) Como a escalada esportiva se diferencia da escalada tradicional, e quais mudan\u00e7as ocorreram a partir do s\u00e9culo XIX?<\/p>\n\n\n\n<p class=\"has-medium-font-size\">b) Qual o impacto dos escaladores franceses Patrick Edlinger e Jean-Baptiste Tribout no desenvolvimento e populariza\u00e7\u00e3o da escalada esportiva?<\/p>\n\n\n\n<p class=\"has-vivid-green-cyan-background-color has-background has-medium-font-size\"><strong>QUEST\u00c3O 04<\/strong><\/p>\n\n\n\n<p class=\"has-medium-font-size\"><strong>Responda: <\/strong><\/p>\n\n\n\n<p class=\"has-medium-font-size\">a) Como a introdu\u00e7\u00e3o de academias de escalada indoor influenciou a acessibilidade e a popularidade da escalada esportiva?<\/p>\n\n\n\n<p class=\"has-medium-font-size\">b) Qual a import\u00e2ncia da estreia da escalada esportiva nas Olimp\u00edadas de T\u00f3quio 2020 para o reconhecimento global do esporte?<\/p>\n\n\n\n<figure class=\"wp-block-table is-style-stripes has-medium-font-size\"><table><tbody><tr><td class=\"has-text-align-left\" data-align=\"left\"><strong>Autoria <\/strong><\/td><td>Elaine Faria de Oliveira.<\/td><\/tr><tr><td class=\"has-text-align-left\" data-align=\"left\"><strong>Forma\u00e7\u00e3o<\/strong><\/td><td>Licenciatura em Educa\u00e7\u00e3o f\u00edsica.<\/td><\/tr><tr><td class=\"has-text-align-left\" data-align=\"left\"><strong>Componente Curricular<\/strong><\/td><td>Educa\u00e7\u00e3o F\u00edsica <\/td><\/tr><tr><td class=\"has-text-align-left\" data-align=\"left\"><strong>Habilidade <\/strong><\/td><td>(GO-EF09EF02) Praticar esportes de marca, precis\u00e3o, invas\u00e3o, rede, parede, campo e taco.<\/td><\/tr><tr><td class=\"has-text-align-left\" data-align=\"left\"><strong>Refer\u00eancias<\/strong><\/td><td>DC-GO Ampliado &#8211; Base\u00a0 Nacional\u00a0 Comum\u00a0 Curricular\u00a0 (BNCC)\u00a0 da Educa\u00e7\u00e3o Infantil e do Ensino\u00a0Fundamental, 2017.<br><br>Pr\u00e1ticas corporais: educa\u00e7\u00e3o f\u00edsica: 6\u00ba ao 9\u00ba anos: manual do professor\/ Suraya Cristina Darido. et AL 1 ed. &#8211; S\u00e3o Paulo:: Moderna, 2018.<\/td><\/tr><\/tbody><\/table><\/figure>\n","protected":false},"author":56,"featured_media":185236,"template":"","ef_categoria":[16,32],"ef_ano":[92],"ef_componente":[97],"class_list":["post-184793","ensino_fundamental","type-ensino_fundamental","status-publish","has-post-thumbnail","hentry","ef_categoria-ciclo-da-adolescencia-hi","ef_categoria-corpo-e-movimento-ciclo-da-adolescencia-hi","ef_ano-9o-ano","ef_componente-educacao-fisica","entry","has-media"],"acf":[],"_links":{"self":[{"href":"https:\/\/sme.goiania.go.gov.br\/conexaoescola\/wp-json\/wp\/v2\/ensino_fundamental\/184793","targetHints":{"allow":["GET"]}}],"collection":[{"href":"https:\/\/sme.goiania.go.gov.br\/conexaoescola\/wp-json\/wp\/v2\/ensino_fundamental"}],"about":[{"href":"https:\/\/sme.goiania.go.gov.br\/conexaoescola\/wp-json\/wp\/v2\/types\/ensino_fundamental"}],"author":[{"embeddable":true,"href":"https:\/\/sme.goiania.go.gov.br\/conexaoescola\/wp-json\/wp\/v2\/users\/56"}],"version-history":[{"count":17,"href":"https:\/\/sme.goiania.go.gov.br\/conexaoescola\/wp-json\/wp\/v2\/ensino_fundamental\/184793\/revisions"}],"predecessor-version":[{"id":192239,"href":"https:\/\/sme.goiania.go.gov.br\/conexaoescola\/wp-json\/wp\/v2\/ensino_fundamental\/184793\/revisions\/192239"}],"wp:featuredmedia":[{"embeddable":true,"href":"https:\/\/sme.goiania.go.gov.br\/conexaoescola\/wp-json\/wp\/v2\/media\/185236"}],"wp:attachment":[{"href":"https:\/\/sme.goiania.go.gov.br\/conexaoescola\/wp-json\/wp\/v2\/media?parent=184793"}],"wp:term":[{"taxonomy":"ef_categoria","embeddable":true,"href":"https:\/\/sme.goiania.go.gov.br\/conexaoescola\/wp-json\/wp\/v2\/ef_categoria?post=184793"},{"taxonomy":"ef_ano","embeddable":true,"href":"https:\/\/sme.goiania.go.gov.br\/conexaoescola\/wp-json\/wp\/v2\/ef_ano?post=184793"},{"taxonomy":"ef_componente","embeddable":true,"href":"https:\/\/sme.goiania.go.gov.br\/conexaoescola\/wp-json\/wp\/v2\/ef_componente?post=184793"}],"curies":[{"name":"wp","href":"https:\/\/api.w.org\/{rel}","templated":true}]}}