{"id":181885,"date":"2024-05-03T07:00:00","date_gmt":"2024-05-03T10:00:00","guid":{"rendered":"https:\/\/sme.goiania.go.gov.br\/conexaoescola\/?post_type=ensino_fundamental&#038;p=181885"},"modified":"2025-08-15T16:04:30","modified_gmt":"2025-08-15T19:04:30","slug":"arte-artes-visuais-arte-de-joan-miro","status":"publish","type":"ensino_fundamental","link":"https:\/\/sme.goiania.go.gov.br\/conexaoescola\/ensino_fundamental\/arte-artes-visuais-arte-de-joan-miro\/","title":{"rendered":"ARTE\/ARTES VISUAIS: Arte de Joan Mir\u00f3"},"content":{"rendered":"\n<p class=\"has-text-align-center has-background has-medium-font-size\" style=\"background-color:#0792e3d9\">Esta proposta de atividade de Arte\/Artes Visuais \u00e9 destinada aos estudantes do 5\u00ba ano do Ensino Fundamental.<\/p>\n\n\n\n<div class=\"wp-block-buttons is-content-justification-center is-layout-flex wp-container-core-buttons-is-layout-16018d1d wp-block-buttons-is-layout-flex\">\n<div class=\"wp-block-button\"><a class=\"wp-block-button__link wp-element-button\" href=\"https:\/\/drive.google.com\/uc?export=download&amp;id=1ivv_T_Ap-PoA6Auvi4i87PlWVdX-pD4V\" target=\"_blank\" rel=\"noreferrer noopener\">BAIXE A ATIVIDADE<\/a><\/div>\n\n\n\n<div class=\"wp-block-button\"><a class=\"wp-block-button__link wp-element-button\" href=\"https:\/\/drive.google.com\/uc?export=download&amp;id=193gRhgGvU-DfxfEjNfItLwp2P-FM5nDb\" target=\"_blank\" rel=\"noreferrer noopener\">BAIXE OS SLIDES<\/a><\/div>\n\n\n\n<div class=\"wp-block-button\"><a class=\"wp-block-button__link has-medium-font-size has-custom-font-size wp-element-button\" href=\"https:\/\/drive.google.com\/uc?export=download&amp;id=1hPBRvX5sbfv5jQx-XzDKavtiMyjPJosp\" target=\"_blank\" rel=\"noreferrer noopener\">BAIXE O TEXTO<\/a><\/div>\n<\/div>\n\n\n\n<p><\/p>\n\n\n<div class=\"wp-block-image\">\n<figure class=\"aligncenter size-full is-resized\"><img decoding=\"async\" src=\"https:\/\/sme.goiania.go.gov.br\/conexaoescola\/wp-content\/uploads\/2024\/05\/image-4.png\" alt=\"\" class=\"wp-image-181886\" style=\"width:589px;height:auto\"\/><figcaption class=\"wp-element-caption\">Imagem editada no Canva e dispon\u00edvel em <a href=\"https:\/\/www.canva.com\/design\/DAGD0sJBoBM\/Hp855w_4Q5LQLeRV6HD7bw\/view?utm_content=DAGD0sJBoBM&amp;utm_campaign=designshare&amp;utm_medium=link&amp;utm_source=editor\">https:\/\/www.canva.com\/design\/DAGD0sJBoBM\/Hp855w_4Q5LQLeRV6HD7bw\/view?utm_content=DAGD0sJBoBM&amp;utm_campaign=designshare&amp;utm_medium=link&amp;utm_source=editor<\/a><\/figcaption><\/figure><\/div>\n\n\n<p class=\"has-text-align-center has-medium-font-size\"><strong>Arte de Joan Mir\u00f3<\/strong><\/p>\n\n\n\n<p class=\"has-medium-font-size\">O artista espanhol Joan Mir\u00f3, foi um dos maiores representantes do Surrealismo, destacando-se como pintor, gravador, escultor e ceramista.<\/p>\n\n\n<div class=\"wp-block-image\">\n<figure class=\"aligncenter size-full is-resized\"><img fetchpriority=\"high\" decoding=\"async\" width=\"648\" height=\"431\" src=\"https:\/\/sme.goiania.go.gov.br\/conexaoescola\/wp-content\/uploads\/2024\/05\/image-5.png\" alt=\"\" class=\"wp-image-181887\" style=\"width:550px;height:auto\" srcset=\"https:\/\/sme.goiania.go.gov.br\/conexaoescola\/wp-content\/uploads\/2024\/05\/image-5.png 648w, https:\/\/sme.goiania.go.gov.br\/conexaoescola\/wp-content\/uploads\/2024\/05\/image-5-300x200.png 300w\" sizes=\"(max-width: 648px) 100vw, 648px\" \/><\/figure><\/div>\n\n\n<p class=\"has-text-align-center has-small-font-size\">Dispon\u00edvel em <a href=\"https:\/\/www.flickr.com\/photos\/20792787@N00\/6081869087\/in\/photolist-agraMR-agraur-UGsp1L-mcmc8k-eKLWV-UG9oJ9-dPkyX6-dkK9JA-csHm8s-aTTfJM-3bj8Lk-q2PELU-SxjPwQ-47eYAo-6RzEgG-7CQwZ7-TubVCW-SY7xr5-c7bLfW-73WfMr-741e1q-6vPwCW-2hgXPYa-6Xe9R5-3L4twE-6SNgbv-6SShpm-atZxtf-5AXSHh-gtub4y-9xmvyq-9FNXKy-a7o9md-6SSkvG-wYHmiN-bamXAz-6CEYuE-7KggED-7KkccA-6SSgj5-5kR47u-PVtQHo-2ncU5ph-5kR3vj-3cCDVU-5fbgN-5pyNxm-23DW8Am-3cCCf9-k9LK5y%20Acesso%20em%2029\">https:\/\/www.flickr.com\/photos\/20792787@N00\/6081869087\/in\/photolist-agraMR-agraur-UGsp1L-mcmc8k-eKLWV-UG9oJ9-dPkyX6-dkK9JA-csHm8s-aTTfJM-3bj8Lk-q2PELU-SxjPwQ-47eYAo-6RzEgG-7CQwZ7-TubVCW-SY7xr5-c7bLfW-73WfMr-741e1q-6vPwCW-2hgXPYa-6Xe9R5-3L4twE-6SNgbv-6SShpm-atZxtf-5AXSHh-gtub4y-9xmvyq-9FNXKy-a7o9md-6SSkvG-wYHmiN-bamXAz-6CEYuE-7KggED-7KkccA-6SSgj5-5kR47u-PVtQHo-2ncU5ph-5kR3vj-3cCDVU-5fbgN-5pyNxm-23DW8Am-3cCCf9-k9LK5y Acesso em 29<\/a>, abr. 2024.<\/p>\n\n\n\n<p class=\"has-medium-font-size\">Mir\u00f3 desenvolveu um estilo art\u00edstico pr\u00f3prio, no qual criava formas e figuras imagin\u00e1rias, usando cores intensas e variadas, al\u00e9m de manchas, pontos e linhas que retratava a natureza, figuras estilizadas como p\u00e1ssaros, estrelas e formas humanas simplificadas, com uma simplicidade que lembrava os desenhos de uma crian\u00e7a.<\/p>\n\n\n<div class=\"wp-block-image\">\n<figure class=\"aligncenter size-full is-resized\"><img decoding=\"async\" width=\"631\" height=\"498\" src=\"https:\/\/sme.goiania.go.gov.br\/conexaoescola\/wp-content\/uploads\/2024\/05\/image-6.png\" alt=\"\" class=\"wp-image-181888\" style=\"width:570px;height:auto\" srcset=\"https:\/\/sme.goiania.go.gov.br\/conexaoescola\/wp-content\/uploads\/2024\/05\/image-6.png 631w, https:\/\/sme.goiania.go.gov.br\/conexaoescola\/wp-content\/uploads\/2024\/05\/image-6-300x237.png 300w\" sizes=\"(max-width: 631px) 100vw, 631px\" \/><\/figure><\/div>\n\n\n<p class=\"has-text-align-center has-small-font-size\">Dispon\u00edvel em <a href=\"https:\/\/www.flickr.com\/photos\/snarfel\/3391311479\/in\/photolist-6aFmKz-TykyUh-6d5joE-EJZ4Lb-Yj4V4P-kj3iGy-nn24vt-aGmC6z-KDRdU3-6d1bfr-agtVKq-djh3PV-5BUDM3-2kbibji-agrarT-ZrsAp-6d5hCd-af7Zba-9F2fmf-agrb16-5J2PjL-2352Mj1-JxyHhq-5GrdEE-agraWz-Yrwj2z-agraSB-agrazH-Anz643-8hGky-8ZnXoP-8hGms-8hGoH-8hGq9-2fBWcSf-2fGBFXF-bE4dHc-EZSHS-ebmeF3-2fGBFc2-8hGqs-ebfyPM-ebfz1R-ebmef7-8YWg3i-8hGmD-2ZNrGt-Tykzcw-4U5YjK-w84kCo\/\">https:\/\/www.flickr.com\/photos\/snarfel\/3391311479\/in\/photolist-6aFmKz-TykyUh-6d5joE-EJZ4Lb-Yj4V4P-kj3iGy-nn24vt-aGmC6z-KDRdU3-6d1bfr-agtVKq-djh3PV-5BUDM3-2kbibji-agrarT-ZrsAp-6d5hCd-af7Zba-9F2fmf-agrb16-5J2PjL-2352Mj1-JxyHhq-5GrdEE-agraWz-Yrwj2z-agraSB-agrazH-Anz643-8hGky-8ZnXoP-8hGms-8hGoH-8hGq9-2fBWcSf-2fGBFXF-bE4dHc-EZSHS-ebmeF3-2fGBFc2-8hGqs-ebfyPM-ebfz1R-ebmef7-8YWg3i-8hGmD-2ZNrGt-Tykzcw-4U5YjK-w84kCo\/<\/a> Acesso em 29, abr. 2024.<\/p>\n\n\n\n<p class=\"has-text-align-center has-medium-font-size\"><strong>Movimentos art\u00edsticos que fez parte<\/strong><\/p>\n\n\n\n<p class=\"has-medium-font-size\">Joan Mir\u00f3 foi associado a v\u00e1rios movimentos art\u00edsticos ao longo de sua carreira como o Dada\u00edsmo, o Cubismo e o Fauvismo, sendo mais reconhecido por sua participa\u00e7\u00e3o no surrealismo.<\/p>\n\n\n\n<p class=\"has-text-align-center has-medium-font-size\"><strong>O que vemos na pintura de Mir\u00f3?<\/strong><\/p>\n\n\n\n<p class=\"has-medium-font-size\">Na pintura de Joan Mir\u00f3, podemos observar diversos elementos como formas org\u00e2nicas, s\u00edmbolos, cores vibrantes com tons prim\u00e1rios e secund\u00e1rios, linhas expressivas e gestuais que d\u00e3o movimento \u00e0s composi\u00e7\u00f5es e imagens surreais.&nbsp;<\/p>\n\n\n\n<p class=\"has-medium-font-size\">A pintura de Joan Mir\u00f3 \u00e9 um convite para explorar o mundo da imagina\u00e7\u00e3o e da fantasia, onde a realidade se mistura com o sonho, desafiando-nos a olhar para o mundo de uma nova maneira.<\/p>\n\n\n\n<p class=\"has-text-align-center has-medium-font-size\"><strong>Suas obras<\/strong><\/p>\n\n\n\n<p class=\"has-text-align-center has-medium-font-size\"><strong>&#8220;O Carnaval de Arlequim&#8221; (1924-1925)<\/strong><\/p>\n\n\n\n<p class=\"has-medium-font-size\">Nesta obra, Mir\u00f3 cria uma cena animada e ca\u00f3tica, repleta de figuras e elementos surreais, refletindo sua fascina\u00e7\u00e3o pelo circo e pelo teatro popular.<\/p>\n\n\n<div class=\"wp-block-image\">\n<figure class=\"aligncenter size-full is-resized\"><img decoding=\"async\" width=\"666\" height=\"471\" src=\"https:\/\/sme.goiania.go.gov.br\/conexaoescola\/wp-content\/uploads\/2024\/05\/image-7.png\" alt=\"\" class=\"wp-image-181890\" style=\"width:609px;height:auto\" srcset=\"https:\/\/sme.goiania.go.gov.br\/conexaoescola\/wp-content\/uploads\/2024\/05\/image-7.png 666w, https:\/\/sme.goiania.go.gov.br\/conexaoescola\/wp-content\/uploads\/2024\/05\/image-7-300x212.png 300w\" sizes=\"(max-width: 666px) 100vw, 666px\" \/><\/figure><\/div>\n\n\n<p class=\"has-text-align-center has-small-font-size\">Dispon\u00edvel em GON\u00c7ALVES, Aguinaldo Jos\u00e9. A explos\u00e3o de uma met\u00e1fora visual: Joan Mir\u00f3.&nbsp;<strong>Revista USP<\/strong>, n. 107, p. 118-134, 2015. Acesso em 29, abr. 2024.<\/p>\n\n\n\n<p class=\"has-text-align-center has-medium-font-size\"><strong>&#8220;O Jardim&#8221; (1925)<\/strong><\/p>\n\n\n\n<p class=\"has-medium-font-size\">Nesta obra, Mir\u00f3 retrata um jardim imagin\u00e1rio cheio de formas e cores vibrantes.<\/p>\n\n\n<div class=\"wp-block-image\">\n<figure class=\"aligncenter size-full\"><img loading=\"lazy\" decoding=\"async\" width=\"463\" height=\"549\" src=\"https:\/\/sme.goiania.go.gov.br\/conexaoescola\/wp-content\/uploads\/2024\/05\/image-8.png\" alt=\"\" class=\"wp-image-181891\" srcset=\"https:\/\/sme.goiania.go.gov.br\/conexaoescola\/wp-content\/uploads\/2024\/05\/image-8.png 463w, https:\/\/sme.goiania.go.gov.br\/conexaoescola\/wp-content\/uploads\/2024\/05\/image-8-253x300.png 253w\" sizes=\"(max-width: 463px) 100vw, 463px\" \/><\/figure><\/div>\n\n\n<p class=\"has-text-align-center has-small-font-size\">Dispon\u00edvel em <a href=\"https:\/\/www.flickr.com\/photos\/gilleverett\/52053895075%20Acesso%20em%2029\">https:\/\/www.flickr.com\/photos\/gilleverett\/52053895075 Acesso em 29<\/a>, abr. 2024.<\/p>\n\n\n\n<p class=\"has-text-align-center has-medium-font-size\"><strong>&#8220;Constela\u00e7\u00f5es&#8221; (1941-1959)<\/strong><\/p>\n\n\n\n<p class=\"has-medium-font-size\">Esta s\u00e9rie de pinturas e colagens representa uma das fases de Mir\u00f3, onde ele explorou temas c\u00f3smicos e celestiais, criando imagens misteriosas.<\/p>\n\n\n<div class=\"wp-block-image\">\n<figure class=\"aligncenter size-full is-resized\"><img loading=\"lazy\" decoding=\"async\" width=\"682\" height=\"537\" src=\"https:\/\/sme.goiania.go.gov.br\/conexaoescola\/wp-content\/uploads\/2024\/05\/image-9.png\" alt=\"\" class=\"wp-image-181892\" style=\"width:626px;height:auto\" srcset=\"https:\/\/sme.goiania.go.gov.br\/conexaoescola\/wp-content\/uploads\/2024\/05\/image-9.png 682w, https:\/\/sme.goiania.go.gov.br\/conexaoescola\/wp-content\/uploads\/2024\/05\/image-9-300x236.png 300w\" sizes=\"(max-width: 682px) 100vw, 682px\" \/><\/figure><\/div>\n\n\n<p class=\"has-text-align-center has-small-font-size\">Dispon\u00edvel em <a href=\"https:\/\/www.flickr.com\/photos\/snarfel\/5646175880%20Acesso%20em%2029\">https:\/\/www.flickr.com\/photos\/snarfel\/5646175880 Acesso em 29<\/a>, abr. 2024.<\/p>\n\n\n\n<p class=\"has-medium-font-size\">Joan Mir\u00f3 faleceu em 1983, deixando um legado art\u00edstico que continua a inspirar espectadores em todo o mundo. Sua capacidade de transformar a realidade em um universo de imagina\u00e7\u00e3o e fantasia permanece como um testemunho de sua genialidade e inova\u00e7\u00e3o art\u00edstica.<\/p>\n\n\n\n<p class=\"has-text-align-center has-medium-font-size\"><strong>AGORA \u00c9 A SUA VEZ!<\/strong><\/p>\n\n\n\n<p class=\"has-background has-medium-font-size\" style=\"background-color:#0792e3d9\"><strong>QUEST\u00c3O 1<\/strong><\/p>\n\n\n\n<p class=\"has-medium-font-size\">Considerando a variedade de movimentos art\u00edsticos aos quais Joan Mir\u00f3 esteve associado ao longo de sua carreira art\u00edstica, o que teve maior influ\u00eancia em sua obra foi o<\/p>\n\n\n\n<p class=\"has-medium-font-size\">(A) dada\u00edsmo, com sua abordagem antiarte e antinacionalista<\/p>\n\n\n\n<p class=\"has-medium-font-size\">(B) cubismo, com sua fragmenta\u00e7\u00e3o da realidade em formas geom\u00e9tricas<\/p>\n\n\n\n<p class=\"has-medium-font-size\">(C) fauvismo, com seu uso expressivo e n\u00e3o naturalista das cores<\/p>\n\n\n\n<p class=\"has-medium-font-size\">(D) surrealismo, com sua explora\u00e7\u00e3o da cria\u00e7\u00e3o e do imagin\u00e1rio<\/p>\n\n\n\n<p class=\"has-background has-medium-font-size\" style=\"background-color:#0792e3d9\"><strong>QUEST\u00c3O 2<\/strong><\/p>\n\n\n\n<p class=\"has-medium-font-size\">Nas pinturas de Joan Mir\u00f3 as cores t\u00eam destaque marcante, devido ao fato de que elas s\u00e3o<\/p>\n\n\n\n<p class=\"has-medium-font-size\">(A) suaves e discretas, complementando as formas org\u00e2nicas<\/p>\n\n\n\n<p class=\"has-medium-font-size\">(B) intensas e vibrantes, com uma mistura de tons prim\u00e1rios e secund\u00e1rios<\/p>\n\n\n\n<p class=\"has-medium-font-size\">(C) monocrom\u00e1ticas, com pouca varia\u00e7\u00e3o de tons<\/p>\n\n\n\n<p class=\"has-medium-font-size\">(D) escuras e sombrias, refletindo um estado de esp\u00edrito melanc\u00f3lico<\/p>\n\n\n\n<p class=\"has-background has-medium-font-size\" style=\"background-color:#0792e3d9\"><strong>QUEST\u00c3O 3<\/strong><\/p>\n\n\n\n<p class=\"has-medium-font-size\">De acordo com o texto, nas obras de Joan Mir\u00f3, \u00e9 poss\u00edvel identificar formas org\u00e2nicas, s\u00edmbolos, cores vibrantes em tons prim\u00e1rios e secund\u00e1rios, al\u00e9m de linhas expressivas e gestuais que conferem movimento \u00e0s composi\u00e7\u00f5es e criam imagens de car\u00e1ter surreal.<\/p>\n\n\n<div class=\"wp-block-image\">\n<figure class=\"aligncenter size-full is-resized\"><img loading=\"lazy\" decoding=\"async\" width=\"675\" height=\"524\" src=\"https:\/\/sme.goiania.go.gov.br\/conexaoescola\/wp-content\/uploads\/2024\/05\/image-10.png\" alt=\"\" class=\"wp-image-181893\" style=\"width:455px;height:auto\" srcset=\"https:\/\/sme.goiania.go.gov.br\/conexaoescola\/wp-content\/uploads\/2024\/05\/image-10.png 675w, https:\/\/sme.goiania.go.gov.br\/conexaoescola\/wp-content\/uploads\/2024\/05\/image-10-300x233.png 300w\" sizes=\"(max-width: 675px) 100vw, 675px\" \/><\/figure><\/div>\n\n\n<p class=\"has-text-align-center has-small-font-size\">Dispon\u00edvel em GON\u00c7ALVES, Aguinaldo Jos\u00e9. A explos\u00e3o de uma met\u00e1fora visual: Joan Mir\u00f3.&nbsp;<strong>Revista USP<\/strong>, n. 107, p. 118-134, 2015. Acesso em 29, abr. 2024.<\/p>\n\n\n\n<p class=\"has-medium-font-size\">Observe atentamente as imagens acima.<\/p>\n\n\n\n<p class=\"has-medium-font-size\">Quais elementos visuais presentes na pintura ajudam a criar a sensa\u00e7\u00e3o de movimento e de imagina\u00e7\u00e3o? Cite pelo menos dois exemplos, relacionando-os \u00e0s formas, cores ou linhas utilizadas pelo artista.<\/p>\n\n\n\n<p class=\"has-background has-medium-font-size\" style=\"background-color:#0792e3d9\"><strong>QUEST\u00c3O 4<\/strong><\/p>\n\n\n\n<p class=\"has-medium-font-size\">Joan Mir\u00f3 criava formas e figuras imagin\u00e1rias em suas obras, usando cores intensas e variadas, al\u00e9m de manchas, pontos e linhas que retratava a natureza, figuras estilizadas como p\u00e1ssaros, estrelas, formas humanas simplificadas, dentre outros temas.<\/p>\n\n\n\n<p class=\"has-medium-font-size\">Agora \u00e9 sua vez&#8230;<\/p>\n\n\n\n<ol class=\"wp-block-list\">\n<li class=\"has-medium-font-size\">Escolha um tema que faz parte do seu cotidiano (pra\u00e7a do bairro, jardim da sua casa, animal de estima\u00e7\u00e3o, brincadeira com os amigos, personagens, dentre outros).<\/li>\n\n\n\n<li class=\"has-medium-font-size\">Pense em como voc\u00ea poder\u00e1 represent\u00e1-lo no desenho, usando formas e s\u00edmbolos imagin\u00e1rios.<\/li>\n\n\n\n<li class=\"has-medium-font-size\">Brinque com a sua imagina\u00e7\u00e3o e crie uma composi\u00e7\u00e3o que n\u00e3o seja igual a uma imagem real, fuja do convencional.<\/li>\n\n\n\n<li class=\"has-medium-font-size\">Finalize com cores.<\/li>\n\n\n\n<li class=\"has-medium-font-size\">Compartilhe o resultado com os seus colegas e familiares.<\/li>\n<\/ol>\n\n\n\n<figure class=\"wp-block-table is-style-stripes has-medium-font-size\"><table><tbody><tr><td><strong>Autoria<\/strong><\/td><td>Veruska Bettiol<\/td><\/tr><tr><td><strong>Forma\u00e7\u00e3o<\/strong><\/td><td>Artes Visuais<\/td><\/tr><tr><td><strong>Componente Curricular<\/strong><\/td><td>Arte\/Artes Visuais<\/td><\/tr><tr><td><strong>Habilidade<\/strong><\/td><td>(GO-EF05AR05) Experimentar o processo de cria\u00e7\u00e3o e ressignifica\u00e7\u00e3o em artes visuais de modo individual, coletivo e colaborativo, explorando diferentes espa\u00e7os da institui\u00e7\u00e3o escolar e da comunidade.<\/td><\/tr><tr><td><strong>Descritor<\/strong><\/td><td>D5 &#8211; Interpretar texto com aux\u00edlio de material gr\u00e1fico diverso (propagandas, quadrinhos, foto etc.).<\/td><\/tr><tr><td><strong>Refer\u00eancias&nbsp;<\/strong><\/td><td><strong>GOI\u00c1S<\/strong>. Secretaria de Estado de Educa\u00e7\u00e3o. Documento Curricular para Goi\u00e1s &#8211; ampliado. Goi\u00e2nia: SEDUC; CONSED; UNDIME, 2020. V.2 &#8211; Ensino Fundamental &#8211; anos iniciais.<br><strong>GOI\u00c1S<\/strong>. Documento Curricular para Goi\u00e1s \u2013 Ampliado. Cortes Temporais. CONSED; UNDIME, 2019.<br><strong>MALET<\/strong>, Rosa Maria. Joan Mir\u00f3. Barcelona: Edicions 62, 1992.<br>PICASSO, P.;&nbsp;&nbsp; MODIGLIANI, A.&nbsp;&nbsp; C.;&nbsp;&nbsp; MIR\u00d3, J. Os Grandes&nbsp;&nbsp; Artistas&nbsp;&nbsp; Modernos.&nbsp;&nbsp; S\u00e3o&nbsp;&nbsp; Paulo:&nbsp;&nbsp; Nova Cultural, 1991.<\/td><\/tr><\/tbody><\/table><\/figure>\n","protected":false},"author":62,"featured_media":181886,"template":"","ef_categoria":[193,27],"ef_ano":[88],"ef_componente":[99],"class_list":["post-181885","ensino_fundamental","type-ensino_fundamental","status-publish","has-post-thumbnail","hentry","ef_categoria-anos-iniciais","ef_categoria-corpo-e-movimento-ciclo-da-adolescencia-fg","ef_ano-5o-ano","ef_componente-arte-ef","entry","has-media"],"acf":[],"_links":{"self":[{"href":"https:\/\/sme.goiania.go.gov.br\/conexaoescola\/wp-json\/wp\/v2\/ensino_fundamental\/181885","targetHints":{"allow":["GET"]}}],"collection":[{"href":"https:\/\/sme.goiania.go.gov.br\/conexaoescola\/wp-json\/wp\/v2\/ensino_fundamental"}],"about":[{"href":"https:\/\/sme.goiania.go.gov.br\/conexaoescola\/wp-json\/wp\/v2\/types\/ensino_fundamental"}],"author":[{"embeddable":true,"href":"https:\/\/sme.goiania.go.gov.br\/conexaoescola\/wp-json\/wp\/v2\/users\/62"}],"version-history":[{"count":4,"href":"https:\/\/sme.goiania.go.gov.br\/conexaoescola\/wp-json\/wp\/v2\/ensino_fundamental\/181885\/revisions"}],"predecessor-version":[{"id":198619,"href":"https:\/\/sme.goiania.go.gov.br\/conexaoescola\/wp-json\/wp\/v2\/ensino_fundamental\/181885\/revisions\/198619"}],"wp:featuredmedia":[{"embeddable":true,"href":"https:\/\/sme.goiania.go.gov.br\/conexaoescola\/wp-json\/wp\/v2\/media\/181886"}],"wp:attachment":[{"href":"https:\/\/sme.goiania.go.gov.br\/conexaoescola\/wp-json\/wp\/v2\/media?parent=181885"}],"wp:term":[{"taxonomy":"ef_categoria","embeddable":true,"href":"https:\/\/sme.goiania.go.gov.br\/conexaoescola\/wp-json\/wp\/v2\/ef_categoria?post=181885"},{"taxonomy":"ef_ano","embeddable":true,"href":"https:\/\/sme.goiania.go.gov.br\/conexaoescola\/wp-json\/wp\/v2\/ef_ano?post=181885"},{"taxonomy":"ef_componente","embeddable":true,"href":"https:\/\/sme.goiania.go.gov.br\/conexaoescola\/wp-json\/wp\/v2\/ef_componente?post=181885"}],"curies":[{"name":"wp","href":"https:\/\/api.w.org\/{rel}","templated":true}]}}