{"id":181778,"date":"2024-05-06T11:05:33","date_gmt":"2024-05-06T14:05:33","guid":{"rendered":"https:\/\/sme.goiania.go.gov.br\/conexaoescola\/?post_type=ensino_fundamental&#038;p=181778"},"modified":"2026-03-13T16:21:24","modified_gmt":"2026-03-13T19:21:24","slug":"educacao-fisica-um-olhar-sobre-as-dancas-indigenas","status":"publish","type":"ensino_fundamental","link":"https:\/\/sme.goiania.go.gov.br\/conexaoescola\/ensino_fundamental\/educacao-fisica-um-olhar-sobre-as-dancas-indigenas\/","title":{"rendered":"Educa\u00e7\u00e3o f\u00edsica &#8211; Um olhar sobre as dan\u00e7as ind\u00edgenas"},"content":{"rendered":"\n<p class=\"has-text-align-center has-electric-grass-gradient-background has-background has-medium-font-size\">Esta proposta de atividade de<strong>\u00a0EDUCA\u00c7\u00c3O F\u00cdSICA\u00a0<\/strong>\u00e9 destinada aos estudantes do<strong>\u00a04\u00ba ANO\u00a0<\/strong>do Ensino Fundamental \u2013 Anos Iniciais.<\/p>\n\n\n\n<div class=\"wp-block-buttons is-content-justification-center is-layout-flex wp-container-core-buttons-is-layout-16018d1d wp-block-buttons-is-layout-flex\">\n<div class=\"wp-block-button\"><a class=\"wp-block-button__link wp-element-button\" href=\"https:\/\/drive.google.com\/uc?export=download&amp;id=1XGdHiH-wuBkW4FS7pkvuTYP2_sdtq8eY\" target=\"_blank\" rel=\"noreferrer noopener\">BAIXE A ATIVIDADE<\/a><\/div>\n\n\n\n<div class=\"wp-block-button\"><a class=\"wp-block-button__link wp-element-button\" href=\"https:\/\/drive.google.com\/uc?export=download&amp;id=1cMpw5GbK5w-5HMZougKsfN2XjZQ9CeZ1\" target=\"_blank\" rel=\"noreferrer noopener\">BAIXE OS SLIDES<\/a><\/div>\n\n\n\n<div class=\"wp-block-button\"><a class=\"wp-block-button__link wp-element-button\" href=\"https:\/\/drive.google.com\/uc?export=download&amp;id=14hMTfAzM-pipbo4ImtRaBbnPC32ULlYw\" target=\"_blank\" rel=\"noreferrer noopener\">BAIXE O TEXTO<\/a><\/div>\n<\/div>\n\n\n\n<hr class=\"wp-block-separator has-alpha-channel-opacity\"\/>\n\n\n<div class=\"wp-block-image is-style-rounded\">\n<figure class=\"aligncenter size-full is-resized\"><img fetchpriority=\"high\" decoding=\"async\" width=\"768\" height=\"508\" src=\"https:\/\/sme.goiania.go.gov.br\/conexaoescola\/wp-content\/uploads\/2024\/04\/image-115.png\" alt=\"\" class=\"wp-image-181800\" style=\"width:735px;height:auto\" srcset=\"https:\/\/sme.goiania.go.gov.br\/conexaoescola\/wp-content\/uploads\/2024\/04\/image-115.png 768w, https:\/\/sme.goiania.go.gov.br\/conexaoescola\/wp-content\/uploads\/2024\/04\/image-115-300x198.png 300w\" sizes=\"(max-width: 768px) 100vw, 768px\" \/><\/figure><\/div>\n\n\n<p class=\"has-text-align-center\" style=\"font-size:10px\">Foto: D\u00e9bora Schuch\/Funai &#8211; Dispon\u00edvel em : &lt; <a href=\"https:\/\/www.gov.br\/funai\/pt-br\/assuntos\/noticias\/2022-02\/ritual-do-kuarup-reforca-lacos-familiares-e-culturais-dos-indigenas-do-xingu\">https:\/\/www.gov.br\/funai\/pt-br\/assuntos\/noticias\/2022-02\/ritual-do-kuarup-reforca-lacos-familiares-e-culturais-dos-indigenas-do-xingu<\/a> &gt; acesso em 30\/04\/2024.<\/p>\n\n\n\n<p class=\"has-text-align-center has-large-font-size\"><strong>Um olhar sobre as dan\u00e7as ind\u00edgenas<\/strong><\/p>\n\n\n\n<p class=\"has-medium-font-size\">As dan\u00e7as populares s\u00e3o express\u00f5es culturais ricas que refletem a identidade e os valores de diferentes comunidades ao redor do mundo. Entre essas dan\u00e7as, as ind\u00edgenas se destacam como uma forma \u00fanica de celebrar a hist\u00f3ria, a espiritualidade e a conex\u00e3o com a natureza.<\/p>\n\n\n<div class=\"wp-block-image is-style-rounded\">\n<figure class=\"aligncenter size-full is-resized\"><img decoding=\"async\" width=\"768\" height=\"508\" src=\"https:\/\/sme.goiania.go.gov.br\/conexaoescola\/wp-content\/uploads\/2024\/05\/ed0a7d0a-c6fc-4cc8-b53c-649cf8918fa7.jpeg\" alt=\"\" class=\"wp-image-181870\" style=\"width:749px;height:auto\" srcset=\"https:\/\/sme.goiania.go.gov.br\/conexaoescola\/wp-content\/uploads\/2024\/05\/ed0a7d0a-c6fc-4cc8-b53c-649cf8918fa7.jpeg 768w, https:\/\/sme.goiania.go.gov.br\/conexaoescola\/wp-content\/uploads\/2024\/05\/ed0a7d0a-c6fc-4cc8-b53c-649cf8918fa7-300x198.jpeg 300w\" sizes=\"(max-width: 768px) 100vw, 768px\" \/><\/figure><\/div>\n\n\n<p class=\"has-text-align-center\" style=\"font-size:10px\">Foto: D\u00e9bora Schuch\/Funai &#8211; Dispon\u00edvel em : &lt; <a href=\"https:\/\/www.gov.br\/funai\/pt-br\/assuntos\/noticias\/2022-02\/ritual-do-kuarup-reforca-lacos-familiares-e-culturais-dos-indigenas-do-xingu\">https:\/\/www.gov.br\/funai\/pt-br\/assuntos\/noticias\/2022-02\/ritual-do-kuarup-reforca-lacos-familiares-e-culturais-dos-indigenas-do-xingu<\/a> &gt; acesso em 30\/04\/2024.<\/p>\n\n\n\n<p class=\"has-medium-font-size\">As dan\u00e7as dos povos ind\u00edgenas s\u00e3o muito antigas, v\u00eam de tempos que a gente nem consegue imaginar, sendo passadas de gera\u00e7\u00e3o em gera\u00e7\u00e3o como parte essencial da tradi\u00e7\u00e3o oral e cultural. Cada tribo e comunidade ind\u00edgena possui suas pr\u00f3prias dan\u00e7as, com significados e prop\u00f3sitos distintos. Essas dan\u00e7as s\u00e3o frequentemente realizadas em cerim\u00f4nias religiosas, festivais sazonais (esta\u00e7\u00f5es do ano), rituais de cura e em momentos de celebra\u00e7\u00e3o da vida e da natureza.<\/p>\n\n\n\n<p class=\"has-medium-font-size\">As dan\u00e7as ind\u00edgenas s\u00e3o caracterizadas por uma fus\u00e3o \u00fanica de movimentos corporais, m\u00fasica e simbolismo. Muitas vezes, os dan\u00e7arinos usam trajes elaborados que refletem elementos da fauna ou da flora. Os movimentos s\u00e3o fluidos, imitando animais, elementos da natureza e gestos rituais. A m\u00fasica, tocada ao vivo, \u00e9 composta por instrumentos tradicionais, como tambores, flautas e chocalhos, criando uma atmosfera envolvente e espiritual.<\/p>\n\n\n<div class=\"wp-block-image is-style-rounded\">\n<figure class=\"aligncenter size-large is-resized\"><img decoding=\"async\" width=\"1024\" height=\"682\" src=\"https:\/\/sme.goiania.go.gov.br\/conexaoescola\/wp-content\/uploads\/2024\/04\/WhatsAppImage20210913at15.47.444-1024x682.jpeg\" alt=\"\" class=\"wp-image-181784\" style=\"width:724px;height:auto\" srcset=\"https:\/\/sme.goiania.go.gov.br\/conexaoescola\/wp-content\/uploads\/2024\/04\/WhatsAppImage20210913at15.47.444-1024x682.jpeg 1024w, https:\/\/sme.goiania.go.gov.br\/conexaoescola\/wp-content\/uploads\/2024\/04\/WhatsAppImage20210913at15.47.444-300x200.jpeg 300w, https:\/\/sme.goiania.go.gov.br\/conexaoescola\/wp-content\/uploads\/2024\/04\/WhatsAppImage20210913at15.47.444-768x512.jpeg 768w, https:\/\/sme.goiania.go.gov.br\/conexaoescola\/wp-content\/uploads\/2024\/04\/WhatsAppImage20210913at15.47.444.jpeg 1280w\" sizes=\"(max-width: 1024px) 100vw, 1024px\" \/><\/figure><\/div>\n\n\n<p class=\"has-medium-font-size\">As dan\u00e7as ind\u00edgenas t\u00eam profundos significados culturais e espirituais. Elas s\u00e3o vistas como uma forma de comunica\u00e7\u00e3o com os ancestrais, os esp\u00edritos da natureza e as divindades.&nbsp;<\/p>\n\n\n\n<p class=\"has-medium-font-size\">Ritual do kuarup&nbsp;&#8211; Kuarup \u00e9 um ritual f\u00fanebre sagrado que mant\u00e9m viva a cultura e a tradi\u00e7\u00e3o de diversas etnias do Parque do Xingu (MT). O evento ocorre sempre um ano ap\u00f3s a morte dos parentes ind\u00edgenas. Os troncos de madeira, colocados no centro do p\u00e1tio da aldeia, ornamentados, representam cada homenageado falecido e ponto principal de todo o ritual. Em torno deles, as fam\u00edlias realizam uma homenagem aos entes queridos.<\/p>\n\n\n\n<p class=\"has-text-align-center\" style=\"font-size:10px\">&nbsp;(Fotos: Hilda Azevedo e M\u00e1rio Vilela\/Funai) Dispon\u00edvel em: &lt;<a href=\"https:\/\/www.gov.br\/funai\/pt-br\/assuntos\/noticias\/2022-02\/no-parque-do-xingu-funai-participa-de-ritual-sagrado-da-etnia-kalapalo\">https:\/\/www.gov.br\/funai\/pt-br\/assuntos\/noticias\/2022-02\/no-parque-do-xingu-funai-participa-de-ritual-sagrado-da-etnia-kalapalo<\/a> &gt; acesso em 29\/04\/2024.<\/p>\n\n\n\n<p class=\"has-medium-font-size\">A dan\u00e7a tem v\u00e1rios est\u00e1gios durante o ritual, no primeiro dia de evento, ainda na parte da manh\u00e3, ocorreu a dan\u00e7a dos guerreiros e a Dan\u00e7a Uru\u00e1, em que dois ind\u00edgenas percorreram as casas da aldeia tocando a flauta uru\u00e1, que d\u00e1 nome ao rito. Nos dias seguintes tamb\u00e9m acontece a luta Huka Huka e ap\u00f3s os combates, inicia-se o cerimonial de meninas mo\u00e7as.<\/p>\n\n\n\n<figure class=\"wp-block-image size-large is-resized is-style-rounded\"><img loading=\"lazy\" decoding=\"async\" width=\"1024\" height=\"768\" src=\"https:\/\/sme.goiania.go.gov.br\/conexaoescola\/wp-content\/uploads\/2024\/05\/XinguKuarupKamayuraPresidentedaFunaiDeboraSchuchFUNAI_83-1024x768.jpg\" alt=\"\" class=\"wp-image-181864\" style=\"width:783px;height:auto\" srcset=\"https:\/\/sme.goiania.go.gov.br\/conexaoescola\/wp-content\/uploads\/2024\/05\/XinguKuarupKamayuraPresidentedaFunaiDeboraSchuchFUNAI_83-1024x768.jpg 1024w, https:\/\/sme.goiania.go.gov.br\/conexaoescola\/wp-content\/uploads\/2024\/05\/XinguKuarupKamayuraPresidentedaFunaiDeboraSchuchFUNAI_83-300x225.jpg 300w, https:\/\/sme.goiania.go.gov.br\/conexaoescola\/wp-content\/uploads\/2024\/05\/XinguKuarupKamayuraPresidentedaFunaiDeboraSchuchFUNAI_83-768x576.jpg 768w, https:\/\/sme.goiania.go.gov.br\/conexaoescola\/wp-content\/uploads\/2024\/05\/XinguKuarupKamayuraPresidentedaFunaiDeboraSchuchFUNAI_83-1536x1152.jpg 1536w, https:\/\/sme.goiania.go.gov.br\/conexaoescola\/wp-content\/uploads\/2024\/05\/XinguKuarupKamayuraPresidentedaFunaiDeboraSchuchFUNAI_83-2048x1536.jpg 2048w\" sizes=\"(max-width: 1024px) 100vw, 1024px\" \/><\/figure>\n\n\n\n<p class=\"has-text-align-center\" style=\"font-size:10px\">(Foto: Debora Schuch\/Funai) Dispon\u00edvel em : &lt; <a href=\"https:\/\/www.gov.br\/funai\/pt-br\/assuntos\/noticias\/2021\/comitiva-da-funai-participa-de-ritual-do-kuarup-no-parque-do-xingu\">https:\/\/www.gov.br\/funai\/pt-br\/assuntos\/noticias\/2021\/comitiva-da-funai-participa-de-ritual-do-kuarup-no-parque-do-xingu<\/a> &gt; acesso em 30\/04\/2024.<\/p>\n\n\n\n<p class=\"has-medium-font-size\">As dan\u00e7as ind\u00edgenas s\u00e3o cheias de sabedoria, beleza e espiritualidade. Ao explorar e aprender sobre essas formas de express\u00e3o, somos convidados a uma jornada de descoberta e aprecia\u00e7\u00e3o das riquezas culturais que formam nosso mundo.<\/p>\n\n\n\n<p class=\"has-text-align-center has-large-font-size\"><strong>Atividade<\/strong><\/p>\n\n\n\n<p class=\"has-electric-grass-gradient-background has-background has-medium-font-size\"><strong>QUEST\u00c3O 1<\/strong><\/p>\n\n\n\n<p class=\"has-medium-font-size\">Analise a foto e identifique uma influ\u00eancia externa na cultura ind\u00edgena.<\/p>\n\n\n<div class=\"wp-block-image is-style-rounded\">\n<figure class=\"aligncenter size-full is-resized\"><img loading=\"lazy\" decoding=\"async\" width=\"768\" height=\"483\" src=\"https:\/\/sme.goiania.go.gov.br\/conexaoescola\/wp-content\/uploads\/2024\/05\/1353c793-cde0-4c94-9d41-a7e58e73c8d9.jpeg\" alt=\"\" class=\"wp-image-181879\" style=\"width:604px;height:auto\" srcset=\"https:\/\/sme.goiania.go.gov.br\/conexaoescola\/wp-content\/uploads\/2024\/05\/1353c793-cde0-4c94-9d41-a7e58e73c8d9.jpeg 768w, https:\/\/sme.goiania.go.gov.br\/conexaoescola\/wp-content\/uploads\/2024\/05\/1353c793-cde0-4c94-9d41-a7e58e73c8d9-300x189.jpeg 300w\" sizes=\"(max-width: 768px) 100vw, 768px\" \/><\/figure><\/div>\n\n\n<p class=\"has-text-align-center\" style=\"font-size:10px\">Foto: D\u00e9bora Schuch\/Funai &#8211; Dispon\u00edvel em : &lt;<a href=\"https:\/\/www.gov.br\/funai\/pt-br\/assuntos\/noticias\/2022-02\/ritual-do-kuarup-reforca-lacos-familiares-e-culturais-dos-indigenas-do-xingu\"> https:\/\/www.gov.br\/funai\/pt-br\/assuntos\/noticias\/2022-02\/ritual-do-kuarup-reforca-lacos-familiares-e-culturais-dos-indigenas-do-xingu<\/a> &gt; acesso em 30\/04\/2024.<\/p>\n\n\n\n<p class=\"has-electric-grass-gradient-background has-background has-medium-font-size\"><strong>QUEST\u00c3O 2<\/strong><\/p>\n\n\n\n<p class=\"has-medium-font-size\">Uma das caracter\u00edsticas das dan\u00e7as ind\u00edgenas \u00e9 a<\/p>\n\n\n\n<p class=\"has-medium-font-size\">(A) utiliza\u00e7\u00e3o exclusiva de trajes simples.<\/p>\n\n\n\n<p class=\"has-medium-font-size\">(B) execu\u00e7\u00e3o apenas em festas de casamento.<\/p>\n\n\n\n<p class=\"has-medium-font-size\">(C) fus\u00e3o de movimentos corporais, m\u00fasica e simbolismo.<\/p>\n\n\n\n<p class=\"has-medium-font-size\">(D) realiza\u00e7\u00e3o somente em momentos de luto.<\/p>\n\n\n\n<p class=\"has-electric-grass-gradient-background has-background has-medium-font-size\"><strong>QUEST\u00c3O 3<\/strong><\/p>\n\n\n\n<p class=\"has-medium-font-size\">O prop\u00f3sito do ritual Kuarup \u00e9<\/p>\n\n\n\n<p class=\"has-medium-font-size\">(A) celebrar a colheita.<\/p>\n\n\n\n<p class=\"has-medium-font-size\">(B) realizar rituais de batismo.<\/p>\n\n\n\n<p class=\"has-medium-font-size\">(C) manter viva a cultura ap\u00f3s a morte de parentes ind\u00edgenas.<\/p>\n\n\n\n<p class=\"has-medium-font-size\">(D) promover eventos esportivos na comunidade.<\/p>\n\n\n\n<p class=\"has-electric-grass-gradient-background has-background has-medium-font-size\"><strong>QUEST\u00c3O 4<\/strong><\/p>\n\n\n\n<p class=\"has-medium-font-size\">Explique como o ritual Kuarup contribui para a preserva\u00e7\u00e3o da cultura e tradi\u00e7\u00e3o das etnias do Parque do Xingu.<\/p>\n\n\n\n<p class=\"has-electric-grass-gradient-background has-background has-medium-font-size\"><strong>QUEST\u00c3O 5<\/strong><\/p>\n\n\n\n<p class=\"has-medium-font-size\">Explique como as dan\u00e7as ind\u00edgenas refletem a conex\u00e3o com a natureza, conforme mencionado no texto.<\/p>\n\n\n\n<figure class=\"wp-block-table is-style-stripes\"><table><tbody><tr><td><strong>Autoria:<\/strong><\/td><td>Livia Analy Rezende Amancio<\/td><\/tr><tr><td><strong>Forma\u00e7\u00e3o:<\/strong><\/td><td>Educa\u00e7\u00e3o F\u00edsica<\/td><\/tr><tr><td><strong>Componente Curricular:<\/strong><\/td><td>Educa\u00e7\u00e3o F\u00edsica<\/td><\/tr><tr><td><strong>Habilidades:<\/strong><\/td><td>(GO-EF04EF17) Vivenciar e analisar dan\u00e7as populares do Brasil e do mundo e dan\u00e7as de ma-triz ind\u00edgena e africana, valorizando e respeitando os diferentes sentidos e significados dessasdan\u00e7as em suas culturas de origem.<\/td><\/tr><tr><td><strong>Refer\u00eancias:&nbsp;<\/strong><\/td><td>BRASIL. Minist\u00e9rio da Educa\u00e7\u00e3o. Base Nacional Comum Curricular: educa\u00e7\u00e3o \u00e9 a base. Bras\u00edlia: MEC, 2018.<br>DC-GO &#8211; Documento Curricular para Goi\u00e1s<br> Ampliado.IPHAN &#8211; Instituto do Patrim\u00f4nio Hist\u00f3rico Art\u00edstico Nacional &lt;<a href=\"http:\/\/portal.iphan.gov.br\/\">http:\/\/portal.iphan.gov.br\/<\/a>&gt; acesso em 22\/04\/2024.&nbsp;<br>Gov.br &#8211; Povos Ind\u00edgenas &lt;<a href=\"https:\/\/www.gov.br\/funai\/pt-br\">https:\/\/www.gov.br\/funai\/pt-br<\/a> &gt; acesso em 22\/04\/2024.<\/td><\/tr><\/tbody><\/table><\/figure>\n","protected":false},"author":30,"featured_media":181784,"template":"","ef_categoria":[14,22],"ef_ano":[87],"ef_componente":[97],"class_list":["post-181778","ensino_fundamental","type-ensino_fundamental","status-publish","has-post-thumbnail","hentry","ef_categoria-ciclo-da-infancia-de","ef_categoria-corpo-e-movimento-ciclo-da-infancia-de","ef_ano-4o-ano","ef_componente-educacao-fisica","entry","has-media"],"acf":[],"_links":{"self":[{"href":"https:\/\/sme.goiania.go.gov.br\/conexaoescola\/wp-json\/wp\/v2\/ensino_fundamental\/181778","targetHints":{"allow":["GET"]}}],"collection":[{"href":"https:\/\/sme.goiania.go.gov.br\/conexaoescola\/wp-json\/wp\/v2\/ensino_fundamental"}],"about":[{"href":"https:\/\/sme.goiania.go.gov.br\/conexaoescola\/wp-json\/wp\/v2\/types\/ensino_fundamental"}],"author":[{"embeddable":true,"href":"https:\/\/sme.goiania.go.gov.br\/conexaoescola\/wp-json\/wp\/v2\/users\/30"}],"version-history":[{"count":13,"href":"https:\/\/sme.goiania.go.gov.br\/conexaoescola\/wp-json\/wp\/v2\/ensino_fundamental\/181778\/revisions"}],"predecessor-version":[{"id":202957,"href":"https:\/\/sme.goiania.go.gov.br\/conexaoescola\/wp-json\/wp\/v2\/ensino_fundamental\/181778\/revisions\/202957"}],"wp:featuredmedia":[{"embeddable":true,"href":"https:\/\/sme.goiania.go.gov.br\/conexaoescola\/wp-json\/wp\/v2\/media\/181784"}],"wp:attachment":[{"href":"https:\/\/sme.goiania.go.gov.br\/conexaoescola\/wp-json\/wp\/v2\/media?parent=181778"}],"wp:term":[{"taxonomy":"ef_categoria","embeddable":true,"href":"https:\/\/sme.goiania.go.gov.br\/conexaoescola\/wp-json\/wp\/v2\/ef_categoria?post=181778"},{"taxonomy":"ef_ano","embeddable":true,"href":"https:\/\/sme.goiania.go.gov.br\/conexaoescola\/wp-json\/wp\/v2\/ef_ano?post=181778"},{"taxonomy":"ef_componente","embeddable":true,"href":"https:\/\/sme.goiania.go.gov.br\/conexaoescola\/wp-json\/wp\/v2\/ef_componente?post=181778"}],"curies":[{"name":"wp","href":"https:\/\/api.w.org\/{rel}","templated":true}]}}