{"id":181438,"date":"2024-04-23T16:04:34","date_gmt":"2024-04-23T19:04:34","guid":{"rendered":"https:\/\/sme.goiania.go.gov.br\/conexaoescola\/?post_type=ensino_fundamental&#038;p=181438"},"modified":"2024-04-23T16:04:36","modified_gmt":"2024-04-23T19:04:36","slug":"lingua-portuguesa-producao-de-texto-em-rede-genero-fabula","status":"publish","type":"ensino_fundamental","link":"https:\/\/sme.goiania.go.gov.br\/conexaoescola\/ensino_fundamental\/lingua-portuguesa-producao-de-texto-em-rede-genero-fabula\/","title":{"rendered":"L\u00edngua Portuguesa &#8211; Produ\u00e7\u00e3o de Texto em Rede: g\u00eanero f\u00e1bula"},"content":{"rendered":"\n<p class=\"has-black-color has-text-color has-background has-link-color has-medium-font-size wp-elements-5e94990edc4d5c726d37e2b3b0f6422e\" style=\"background-color:#bcf763\">Esta atividade de<strong>\u00a0L\u00edngua Portuguesa<\/strong>\u00a0tem como base as sequ\u00eancias did\u00e1ticas propostas pelo\u00a0<strong>Programa Aprender Sempre<\/strong>, da SME-Goi\u00e2nia, com base no DC\/GO \u2013 Ampliado e est\u00e1 destinada a estudantes do\u00a0<strong>6\u00ba ano<\/strong>\u00a0<strong>do Ensino Fundamental<\/strong>.<\/p>\n\n\n\n<div class=\"wp-block-buttons is-content-justification-center is-layout-flex wp-container-core-buttons-is-layout-16018d1d wp-block-buttons-is-layout-flex\">\n<div class=\"wp-block-button\"><a class=\"wp-block-button__link wp-element-button\" href=\"https:\/\/drive.google.com\/uc?export=download&amp;id=1EBUKAuDq9FqeMW83IIx0En2YW5Vc_89N\" target=\"_blank\" rel=\"noreferrer noopener\">BAIXE A ATIVIDADE<\/a><\/div>\n\n\n\n<div class=\"wp-block-button\"><a class=\"wp-block-button__link wp-element-button\" href=\"https:\/\/drive.google.com\/uc?export=download&amp;id=1aQjN0UtzpP77-pps9JMaVQzyr8q1p2TY\" target=\"_blank\" rel=\"noreferrer noopener\">BAIXE OS SLIDES<\/a><\/div>\n\n\n\n<div class=\"wp-block-button\"><a class=\"wp-block-button__link wp-element-button\" href=\"https:\/\/drive.google.com\/uc?export=download&amp;id=1Er1chNdVFN0cC1OzxE70J1jmovfFzAjz\" target=\"_blank\" rel=\"noreferrer noopener\">BAIXE O TEXTO<\/a><\/div>\n<\/div>\n\n\n<div class=\"wp-block-image\">\n<figure class=\"aligncenter size-full is-resized\"><img fetchpriority=\"high\" decoding=\"async\" width=\"1024\" height=\"1024\" src=\"https:\/\/sme.goiania.go.gov.br\/conexaoescola\/wp-content\/uploads\/2024\/04\/3ed68f02-b9e4-4090-adc9-3fa7cd96575b-e1713897763208.jpg\" alt=\"\" class=\"wp-image-181439\" style=\"width:481px;height:auto\" srcset=\"https:\/\/sme.goiania.go.gov.br\/conexaoescola\/wp-content\/uploads\/2024\/04\/3ed68f02-b9e4-4090-adc9-3fa7cd96575b-e1713897763208.jpg 1024w, https:\/\/sme.goiania.go.gov.br\/conexaoescola\/wp-content\/uploads\/2024\/04\/3ed68f02-b9e4-4090-adc9-3fa7cd96575b-e1713897763208-300x300.jpg 300w, https:\/\/sme.goiania.go.gov.br\/conexaoescola\/wp-content\/uploads\/2024\/04\/3ed68f02-b9e4-4090-adc9-3fa7cd96575b-e1713897763208-150x150.jpg 150w, https:\/\/sme.goiania.go.gov.br\/conexaoescola\/wp-content\/uploads\/2024\/04\/3ed68f02-b9e4-4090-adc9-3fa7cd96575b-e1713897763208-768x768.jpg 768w\" sizes=\"(max-width: 1024px) 100vw, 1024px\" \/><figcaption class=\"wp-element-caption\">Imagem 1: Criada no site &lt;<a href=\"https:\/\/www.bing.com\/images\/create\/desenha-uma-formiga-e-uma-abelha-escondidas-da-chu\/1-6627e3a5a5f9479d92fccc511603b165?id=56VcMvHhBS1vaHCVP8l7WA%3d%3d&amp;view=detailv2&amp;idpp=genimg&amp;thId=OIG3.kTP.S93J6yh_MhCPc2L3&amp;FORM=GCRIDP&amp;mode=overlay\">https:\/\/www.bing.com<\/a>> para fins did\u00e1ticos. Acesso em: 12, abr. 2024<\/figcaption><\/figure><\/div>\n\n\n<p class=\"has-black-color has-text-color has-link-color has-medium-font-size wp-elements-8154ba10f384c2094acde00db1bf558f\">A<strong> f\u00e1bula<\/strong> \u00e9 um texto liter\u00e1rio ficcional em que os personagens costumam ser animais ou elementos da flora, como \u00e1rvores. Durante a hist\u00f3ria, que \u00e9 bem curtinha e apresenta poucos personagens (geralmente s\u00e3o dois), alguns comportamentos humanos s\u00e3o revelados por meio de suas a\u00e7\u00f5es. Essas caracter\u00edsticas recebem o nome de personifica\u00e7\u00e3o.&nbsp;<\/p>\n\n\n\n<p class=\"has-black-color has-text-color has-link-color has-medium-font-size wp-elements-b1ea65b23a49fe974646bc6957a38239\">A personifica\u00e7\u00e3o acontece quando um ser inanimado, isto \u00e9, n\u00e3o humano, tem caracter\u00edsticas humanas, como pensar e sentir, por exemplo.<\/p>\n\n\n\n<p class=\"has-black-color has-text-color has-link-color has-medium-font-size wp-elements-383cfd6ad2f206fc935788bde0b3cebb\">Veja, a seguir, outras marcas caracter\u00edsticas de uma f\u00e1bula:<\/p>\n\n\n\n<ul class=\"wp-block-list\">\n<li class=\"has-medium-font-size\">O t\u00edtulo de uma f\u00e1bula \u00e9 sempre o nome dos protagonistas da narrativa.<\/li>\n\n\n\n<li class=\"has-medium-font-size\">Geralmente, quem narra uma f\u00e1bula \u00e9 o narrador observador, quase sempre onisciente.&nbsp;<\/li>\n\n\n\n<li class=\"has-medium-font-size\">A marca\u00e7\u00e3o do tempo nesse g\u00eanero textual costuma ser cronol\u00f3gica e o espa\u00e7o, geralmente, est\u00e1 associado a florestas e bosques.<\/li>\n\n\n\n<li class=\"has-medium-font-size\">No decorrer do enredo, os di\u00e1logos entre os personagens ajudam a avan\u00e7ar a hist\u00f3ria e revelar suas personalidades. Para isso, emprega-se corriqueiramente, o discurso direto. Esses personagens representam determinadas condutas humanas.<\/li>\n\n\n\n<li class=\"has-medium-font-size\">O fim da hist\u00f3ria traz um ensinamento ao leitor sobre o tema daquela f\u00e1bula, que \u00e9 a li\u00e7\u00e3o de moral. Algumas vezes, a li\u00e7\u00e3o se apresenta de maneira bem direta, com direito ao termo \u201cli\u00e7\u00e3o de moral\u201d escrito no final da hist\u00f3ria com sua explica\u00e7\u00e3o logo em seguida. Tamb\u00e9m \u00e9 comum o emprego de prov\u00e9rbios como li\u00e7\u00e3o de moral, como em \u201cPara bom entendedor, meia palavra basta\u201d e em \u201cA pressa \u00e9 inimiga da perfei\u00e7\u00e3o\u201d.<\/li>\n<\/ul>\n\n\n\n<p class=\"has-black-color has-text-color has-link-color has-medium-font-size wp-elements-11b78d1281a80ba02371232721835dc9\">Observe os passos para produzir uma f\u00e1bula:<\/p>\n\n\n\n<h2 class=\"wp-block-heading has-text-align-center has-black-color has-text-color has-background has-link-color has-medium-font-size wp-elements-1a9d3b008201ee18dd00fa04a349de74\" style=\"background-color:#e9b97b\"><strong>Passos para criar uma f\u00e1bula<\/strong><\/h2>\n\n\n\n<p class=\"has-black-color has-text-color has-background has-link-color has-medium-font-size wp-elements-3e262aa28a61bbce5d12624fc19be379\" style=\"background-color:#f7e2aca6\"><strong>1. Escolha seus personagens<\/strong> <\/p>\n\n\n\n<p class=\"has-black-color has-text-color has-link-color has-medium-font-size wp-elements-57756c1e937dc335bf86099ab6aa1b69\">Selecione animais ou criaturas que melhor representem as qualidades ou tra\u00e7os que voc\u00ea deseja destacar em sua li\u00e7\u00e3o de moral. Lembre-se que o t\u00edtulo da f\u00e1bula s\u00e3o os personagens centrais da hist\u00f3ria. <\/p>\n\n\n\n<p class=\"has-black-color has-text-color has-background has-link-color has-medium-font-size wp-elements-5c02274246aba0ce4b65f3bbad37ce16\" style=\"background-color:#f7e2aca6\"><strong>2. Desenvolva o enredo<\/strong> <\/p>\n\n\n\n<p class=\"has-black-color has-text-color has-link-color has-medium-font-size wp-elements-db706fbee96c44a3ab0a195ec9da3116\">Crie um problema ou conflito para seus personagens enfrentarem, levando a uma li\u00e7\u00e3o aprendida. <\/p>\n\n\n\n<p class=\"has-black-color has-text-color has-link-color has-medium-font-size wp-elements-4d52134295a401557fb1f323db802922\"><strong>Primeiro par\u00e1grafo: <\/strong>apresente os personagens, onde eles est\u00e3o, e a situa\u00e7\u00e3o inicial que trar\u00e1 o conflito para a hist\u00f3ria. Veja o exemplo: <\/p>\n\n\n\n<p class=\"has-black-color has-text-color has-link-color has-medium-font-size wp-elements-9cb4ba169860a571a6c7f0f588e6a1df\"><em>A tartaruga e a lebre<\/em> <\/p>\n\n\n\n<p class=\"has-black-color has-text-color has-link-color has-medium-font-size wp-elements-0f55c1bedbc16707ab9b1ae017e392c0\"><em>Em uma <\/em><strong><em>floresta<\/em><\/strong><em>, vivia uma <\/em><strong><em>lebre<\/em><\/strong><em> veloz que adorava se gabar de sua rapidez. Os outros animais cansaram de sua arrog\u00e2ncia e pediram ajuda \u00e0 s\u00e1bia <\/em><strong><em>tartaruga<\/em><\/strong><em>. Ela prop\u00f4s uma corrida para ensinar a import\u00e2ncia da humildade e da perseveran\u00e7a.<\/em><\/p>\n\n\n\n<p class=\"has-black-color has-text-color has-link-color has-medium-font-size wp-elements-39ec4b570ecb2c5bcb2728b6ce28bbdd\"><strong>Segundo par\u00e1grafo (em diante):<\/strong> as a\u00e7\u00f5es precisam ser desenvolvidas. Utilize o discurso direto, isto \u00e9, a fala dos pr\u00f3prios personagens para deixar o texto mais din\u00e2mico. Veja: <\/p>\n\n\n\n<p class=\"has-black-color has-text-color has-link-color has-medium-font-size wp-elements-686d64dd25b6c7cc57d94335ca5cdb9f\"><em>No dia da corrida, Lebre disparou \u00e0 frente, dizendo:<\/em> <\/p>\n\n\n\n<p class=\"has-black-color has-text-color has-link-color has-medium-font-size wp-elements-ac440859308a72b0eec27f8cf1113b0d\">&#8211; <em>Minha vit\u00f3ria \u00e9 certa. Vou ganhar da tartaruga f\u00e1cil, f\u00e1cil. Vou at\u00e9 parar para descansar um pouco.<\/em> <\/p>\n\n\n\n<p class=\"has-black-color has-text-color has-link-color has-medium-font-size wp-elements-daf62834b92ae1857b325500b08c4a23\"><em>Enquanto isso, a tartaruga avan\u00e7ava lentamente, sem perder de vista a linha de chegada. Quando a lebre cochilou no meio da corrida, a tartaruga continuou em ritmo constante e cruzou a linha de chegada primeiro.<\/em><\/p>\n\n\n\n<p class=\"has-black-color has-text-color has-link-color has-medium-font-size wp-elements-ba631fa1e7b41bd9f23064c8b2393434\"><strong>\u00daltimo par\u00e1grafo:<\/strong> \u00e9 preciso associar a resolu\u00e7\u00e3o do enredo com uma li\u00e7\u00e3o de moral. Observe: <\/p>\n\n\n\n<p class=\"has-black-color has-text-color has-link-color has-medium-font-size wp-elements-b02e146f4f937c1313c68b908bda8035\"><em>Os animais aplaudiram a tartaruga, surpresos por sua vit\u00f3ria. Calmamente, ela explicou:\u00a0<\/em><\/p>\n\n\n\n<p class=\"has-black-color has-text-color has-link-color has-medium-font-size wp-elements-55bbe7d17dcbf5d887ab4ac4d14a0f65\">&#8211; <em>Cara lebre, devagar e sempre vence a corrida. N\u00e3o se trata apenas de ser o mais r\u00e1pido, mas de manter a determina\u00e7\u00e3o e foco no objetivo.<\/em> <\/p>\n\n\n\n<p class=\"has-black-color has-text-color has-background has-link-color has-medium-font-size wp-elements-5c81a8f128b0ceb666c6f7dc6350a739\" style=\"background-color:#f7e2aca6\"><strong>3. Apresente uma li\u00e7\u00e3o de moral<\/strong> <\/p>\n\n\n\n<p class=\"has-black-color has-text-color has-link-color has-medium-font-size wp-elements-7e72eb9661e2405242bad707906680e9\">Por fim, de maneira direta, escreva a \u201cli\u00e7\u00e3o de moral\u201d, que pode ser uma frase reflexiva ou um prov\u00e9rbio popular. Veja:<\/p>\n\n\n\n<p class=\"has-black-color has-text-color has-link-color has-medium-font-size wp-elements-e64b071a749401e7279f82ca86aee0bb\"><em>Li\u00e7\u00e3o de moral: A velocidade nem sempre \u00e9 a chave para o sucesso.<\/em><\/p>\n\n\n\n<p class=\"has-black-color has-text-color has-link-color has-medium-font-size wp-elements-87c7275ff9676a51ae055b0669139e38\">Depois de estudar essas dicas, que tal produzir e compartilhar uma f\u00e1bula?<\/p>\n\n\n\n<p class=\"has-text-align-center has-black-color has-text-color has-background has-link-color has-medium-font-size wp-elements-309bdd0694e3a9c70569be42d3fd091a\" style=\"background-color:#bcf763\"><strong>Assista \u00e0 videoaula do professor Marlon Santos sobre essa tem\u00e1tica.<\/strong> <\/p>\n\n\n\n<figure class=\"wp-block-embed aligncenter is-type-video is-provider-youtube wp-block-embed-youtube wp-embed-aspect-16-9 wp-has-aspect-ratio\"><div class=\"wp-block-embed__wrapper\">\n<p class=\"responsive-video-wrap clr\"><iframe title=\"Produ\u00e7\u00e3o de Texto - F\u00e1bula - 6\u00ba Ano\" width=\"1200\" height=\"675\" src=\"https:\/\/www.youtube.com\/embed\/fAepFl6Dr70?feature=oembed\" frameborder=\"0\" allow=\"accelerometer; autoplay; clipboard-write; encrypted-media; gyroscope; picture-in-picture; web-share\" referrerpolicy=\"strict-origin-when-cross-origin\" allowfullscreen><\/iframe><\/p>\n<\/div><figcaption class=\"wp-element-caption\">Canal Portal Conex\u00e3o Escola &#8211; Produ\u00e7\u00e3o de Texto &#8211; F\u00e1bula &#8211; 6\u00ba Ano &#8211; Dispon\u00edvel em: &lt;https:\/\/www.youtube.com\/watch?v=fAepFl6Dr70> Acesso em: 12, abr. 2024<\/figcaption><\/figure>\n\n\n\n<p class=\"has-text-align-center has-black-color has-text-color has-background has-link-color has-medium-font-size wp-elements-3878d9dd234d362ca191ce76392b3465\" style=\"background-color:#bcf763\"><strong>Responda \u00e0s quest\u00f5es a seguir.<\/strong> <\/p>\n\n\n\n<p class=\"has-black-color has-text-color has-link-color has-medium-font-size wp-elements-c6810200d42e5034963fcebf2c00d9ca\">Leia o texto a seguir para responder \u00e0s quest\u00f5es 1 e 2.<\/p>\n\n\n\n<p class=\"has-text-align-center has-black-color has-text-color has-link-color has-medium-font-size wp-elements-594c17c4118bec3b970e2d0e1ea6dcf3\"><strong>A formiga e a abelha<\/strong><\/p>\n\n\n\n<p class=\"has-black-color has-text-color has-link-color has-medium-font-size wp-elements-05ffc453bd4e8c4bbcedddae445b4fde\">Num reino verdejante, viviam uma formiga e uma abelha, conhecidas por seu trabalho \u00e1rduo e amizade. Um dia, enquanto trabalhavam, a formiga suspirou:<\/p>\n\n\n\n<p class=\"has-black-color has-text-color has-link-color has-medium-font-size wp-elements-b34596567fc24841ba9f3a3547ab0948\">&#8220;Fico imaginando como seria voar como voc\u00ea, abelha. Seria t\u00e3o mais f\u00e1cil alcan\u00e7ar as flores altas!&#8221;<\/p>\n\n\n\n<p class=\"has-black-color has-text-color has-link-color has-medium-font-size wp-elements-86c77aaa576ca0545e41eb7064f3a5d1\">A abelha sorriu enquanto polinizava uma flor pr\u00f3xima:<\/p>\n\n\n\n<p class=\"has-black-color has-text-color has-link-color has-medium-font-size wp-elements-fbafaadac846be98c26f9222154ac7de\">&#8220;Cada um tem suas habilidades. Voc\u00ea \u00e9 forte e \u00e1gil.&#8221;<\/p>\n\n\n\n<p class=\"has-black-color has-text-color has-link-color has-medium-font-size wp-elements-b1dff5db260c21bba3987a708659d792\">Dias depois, quando uma tempestade surgiu de repente, a formiga e a abelha se encontraram presas em meio \u00e0 chuva torrencial. Enquanto a formiga buscava abrigo em meio \u00e0 vegeta\u00e7\u00e3o densa, a abelha voava ao redor, procurando um lugar seguro. Juntas, encontraram um abrigo sob uma grande folha.<\/p>\n\n\n\n<p class=\"has-black-color has-text-color has-link-color has-medium-font-size wp-elements-72a5043ba46ff79791a01de87f8c35b3\">&#8220;Voc\u00ea foi r\u00e1pida em encontrar este abrigo, abelha. Eu jamais teria alcan\u00e7ado sozinha&#8221;, reconheceu a formiga.<\/p>\n\n\n\n<p class=\"has-black-color has-text-color has-link-color has-medium-font-size wp-elements-68a538ed187f3a985d1dedb0dedf4141\">&#8220;A for\u00e7a e determina\u00e7\u00e3o que voc\u00ea mostrou ao se movimentar rapidamente pela vegeta\u00e7\u00e3o tamb\u00e9m foram essenciais, formiga. Juntas, superamos este desafio&#8221;, respondeu a abelha.<\/p>\n\n\n\n<p class=\"has-black-color has-text-color has-link-color has-medium-font-size wp-elements-c3a641bdfcab1a0de6e1fe6dbbbc6c6a\">Desde ent\u00e3o, a formiga e a abelha aprenderam que o trabalho conjunto era essencial.<\/p>\n\n\n\n<p class=\"has-black-color has-text-color has-link-color has-medium-font-size wp-elements-3e11fbe488c064a52c73f83bcebda908\"><strong>Moral:<\/strong><\/p>\n\n\n\n<p class=\"has-text-align-right\">Elaborado pela equipe NEC \/ SME &#8211; Goi\u00e2nia, para fins did\u00e1ticos.<\/p>\n\n\n\n<p class=\"has-text-align-left has-black-color has-text-color has-background has-link-color has-medium-font-size wp-elements-fbabc7647bd6ae29d27fe8dcb991fc72\" style=\"background-color:#bcf763\"><strong>QUEST\u00c3O 1<\/strong> <\/p>\n\n\n\n<p class=\"has-black-color has-text-color has-link-color has-medium-font-size wp-elements-548b6271fc636d3691b205c8d34085c1\">Sobre os elementos da narrativa que comp\u00f5em a f\u00e1bula, \u00e9 correto afirmar que ela <\/p>\n\n\n\n<p class=\"has-black-color has-text-color has-link-color has-medium-font-size wp-elements-8470f57653220bd077d8f13cc453b7ef\">(A) \u00e9 narrada em primeira pessoa. <\/p>\n\n\n\n<p class=\"has-black-color has-text-color has-link-color has-medium-font-size wp-elements-91776178f83ea9135ab271fd8471df2c\">(B) n\u00e3o apresenta um cen\u00e1rio. <\/p>\n\n\n\n<p class=\"has-black-color has-text-color has-link-color has-medium-font-size wp-elements-40691364b3512fea5e1f42e59083834b\">(C) narra os fatos em ordem cronol\u00f3gica. <\/p>\n\n\n\n<p class=\"has-black-color has-text-color has-link-color has-medium-font-size wp-elements-5e48562a3913d801974a13958236f041\">(D) narra os fatos em ordem n\u00e3o linear.<\/p>\n\n\n\n<p class=\"has-text-align-left has-black-color has-text-color has-background has-link-color has-medium-font-size wp-elements-f1b46b7dfa785409230303694b24a6ac\" style=\"background-color:#bcf763\"><strong>QUEST\u00c3O 2<\/strong> <\/p>\n\n\n\n<p class=\"has-black-color has-text-color has-link-color has-medium-font-size wp-elements-8461ee64fd11f3abf63a8642d2684a77\">A li\u00e7\u00e3o de moral mais apropriada para a f\u00e1bula  <\/p>\n\n\n\n<p class=\"has-black-color has-text-color has-link-color has-medium-font-size wp-elements-a3efec48ea2a4a518f343ab90193e4ba\">(A) devagar se vai ao longe. <\/p>\n\n\n\n<p class=\"has-black-color has-text-color has-link-color has-medium-font-size wp-elements-e59892da641df2d013bd2acb27550c13\">(B) a pressa \u00e9 inimiga da perfei\u00e7\u00e3o.\u00a0<\/p>\n\n\n\n<p class=\"has-black-color has-text-color has-link-color has-medium-font-size wp-elements-e1fb08e2ba35765623301bcd82a6a853\">(C) a uni\u00e3o faz a for\u00e7a. <\/p>\n\n\n\n<p class=\"has-black-color has-text-color has-link-color has-medium-font-size wp-elements-b655ca9c8d0da063693ed14a1ecf596f\">(D) quem desdenha quer comprar.<\/p>\n\n\n\n<p class=\"has-text-align-left has-black-color has-text-color has-background has-link-color has-medium-font-size wp-elements-eaef8f8025162ef012a84919f8ba9ac5\" style=\"background-color:#bcf763\"><strong>QUEST\u00c3O 3<\/strong>  <\/p>\n\n\n\n<p class=\"has-black-color has-text-color has-link-color has-medium-font-size wp-elements-12239e8972c890fdb5293f1b76cb64fe\">Como a li\u00e7\u00e3o de moral contribui para a mensagem geral da hist\u00f3ria contada em uma f\u00e1bula?<\/p>\n\n\n\n<p class=\"has-text-align-left has-black-color has-text-color has-background has-link-color has-medium-font-size wp-elements-26d122e863c4831778dc90aeefc571f8\" style=\"background-color:#bcf763\"><strong>QUEST\u00c3O 4<\/strong><\/p>\n\n\n\n<p class=\"has-black-color has-text-color has-link-color has-medium-font-size wp-elements-b4ac334e7a7e0454367438da9694f2c7\">Proposta de Produ\u00e7\u00e3o de Texto: Escreva sua pr\u00f3pria f\u00e1bula, incluindo personagens animais ou elementos da flora e uma moral clara ao final da hist\u00f3ria. Lembre-se de incluir uma situa\u00e7\u00e3o inicial, desenvolvimento e avan\u00e7o moralmente educativo.<\/p>\n\n\n\n<hr class=\"wp-block-separator has-alpha-channel-opacity\"\/>\n\n\n\n<figure class=\"wp-block-table is-style-stripes\"><table><tbody><tr><td><strong>Autoria:<\/strong><\/td><td>Marlon Santos<\/td><\/tr><tr><td><strong>Forma\u00e7\u00e3o:<\/strong><\/td><td>Letras \u2013 Portugu\u00eas<\/td><\/tr><tr><td><strong>Componente curricular:<\/strong><\/td><td>L\u00edngua Portuguesa<\/td><\/tr><tr><td><strong>Habilidades estruturantes:<\/strong><\/td><td>(EF67LP30-B) Observar os elementos da estrutura narrativa pr\u00f3prios ao g\u00eanero pretendido, tais como enredo, personagens, tempo, espa\u00e7o e narrador.<\/td><\/tr><tr><td><strong>Refer\u00eancias:<\/strong><\/td><td>Documento Curricular para Goi\u00e1s (DC-GO). Goi\u00e2nia\/GO: CONSED\/ UNDIME Goi\u00e1s, 2018. Dispon\u00edvel em: &lt;<a href=\"https:\/\/cee.go.gov.br\">https:\/\/cee.go.gov.br<\/a>> Acesso em: 01, set. 2023<br>GOI\u00c2NIA. Secretaria Municipal de Educa\u00e7\u00e3o. Aprender Sempre. 6\u00b0 ao 9\u00ba ano \u2013 Ensino Fundamental; L\u00edngua Portuguesa; 1\u00b0 Bimestre; Goi\u00e2nia, 2024.<br>Imagem 1:Criada no site &lt;<a href=\"https:\/\/www.bing.com\/images\/create\/desenha-uma-formiga-e-uma-abelha-escondidas-da-chu\/1-6627e3a5a5f9479d92fccc511603b165?id=56VcMvHhBS1vaHCVP8l7WA%3d%3d&amp;view=detailv2&amp;idpp=genimg&amp;thId=OIG3.kTP.S93J6yh_MhCPc2L3&amp;FORM=GCRIDP&amp;mode=overlay\">https:\/\/www.bing.com<\/a>> para fins did\u00e1ticos. Acesso em: 12, abr. 2024<\/td><\/tr><\/tbody><\/table><\/figure>\n","protected":false},"author":42,"featured_media":181439,"template":"","ef_categoria":[15,30],"ef_ano":[89],"ef_componente":[93],"class_list":["post-181438","ensino_fundamental","type-ensino_fundamental","status-publish","has-post-thumbnail","hentry","ef_categoria-ciclo-da-adolescencia-fg","ef_categoria-etica-e-cidadania-ciclo-da-adolescencia-fg","ef_ano-6o-ano","ef_componente-portugues","entry","has-media"],"acf":[],"_links":{"self":[{"href":"https:\/\/sme.goiania.go.gov.br\/conexaoescola\/wp-json\/wp\/v2\/ensino_fundamental\/181438","targetHints":{"allow":["GET"]}}],"collection":[{"href":"https:\/\/sme.goiania.go.gov.br\/conexaoescola\/wp-json\/wp\/v2\/ensino_fundamental"}],"about":[{"href":"https:\/\/sme.goiania.go.gov.br\/conexaoescola\/wp-json\/wp\/v2\/types\/ensino_fundamental"}],"author":[{"embeddable":true,"href":"https:\/\/sme.goiania.go.gov.br\/conexaoescola\/wp-json\/wp\/v2\/users\/42"}],"version-history":[{"count":2,"href":"https:\/\/sme.goiania.go.gov.br\/conexaoescola\/wp-json\/wp\/v2\/ensino_fundamental\/181438\/revisions"}],"predecessor-version":[{"id":181445,"href":"https:\/\/sme.goiania.go.gov.br\/conexaoescola\/wp-json\/wp\/v2\/ensino_fundamental\/181438\/revisions\/181445"}],"wp:featuredmedia":[{"embeddable":true,"href":"https:\/\/sme.goiania.go.gov.br\/conexaoescola\/wp-json\/wp\/v2\/media\/181439"}],"wp:attachment":[{"href":"https:\/\/sme.goiania.go.gov.br\/conexaoescola\/wp-json\/wp\/v2\/media?parent=181438"}],"wp:term":[{"taxonomy":"ef_categoria","embeddable":true,"href":"https:\/\/sme.goiania.go.gov.br\/conexaoescola\/wp-json\/wp\/v2\/ef_categoria?post=181438"},{"taxonomy":"ef_ano","embeddable":true,"href":"https:\/\/sme.goiania.go.gov.br\/conexaoescola\/wp-json\/wp\/v2\/ef_ano?post=181438"},{"taxonomy":"ef_componente","embeddable":true,"href":"https:\/\/sme.goiania.go.gov.br\/conexaoescola\/wp-json\/wp\/v2\/ef_componente?post=181438"}],"curies":[{"name":"wp","href":"https:\/\/api.w.org\/{rel}","templated":true}]}}