{"id":181221,"date":"2024-04-19T09:52:47","date_gmt":"2024-04-19T12:52:47","guid":{"rendered":"https:\/\/sme.goiania.go.gov.br\/conexaoescola\/?post_type=ensino_fundamental&#038;p=181221"},"modified":"2024-07-05T11:28:20","modified_gmt":"2024-07-05T14:28:20","slug":"lingua-portuguesa-concordancia-verbal-e-nominal","status":"publish","type":"ensino_fundamental","link":"https:\/\/sme.goiania.go.gov.br\/conexaoescola\/ensino_fundamental\/lingua-portuguesa-concordancia-verbal-e-nominal\/","title":{"rendered":"L\u00edngua Portuguesa &#8211; Concord\u00e2ncia verbal e nominal"},"content":{"rendered":"\n<p class=\"has-very-light-gray-to-cyan-bluish-gray-gradient-background has-background has-medium-font-size\">Esta proposta de atividade de<strong>&nbsp;L\u00edngua Portuguesa<\/strong>&nbsp;\u00e9 destinada aos estudantes do&nbsp;4<strong>\u00ba ano&nbsp;<\/strong>do Ensino Fundamental Anos Iniciais.<\/p>\n\n\n\n<div class=\"wp-block-buttons is-content-justification-center is-layout-flex wp-container-core-buttons-is-layout-16018d1d wp-block-buttons-is-layout-flex\">\n<div class=\"wp-block-button has-custom-font-size has-medium-font-size\"><a class=\"wp-block-button__link wp-element-button\" href=\"https:\/\/drive.google.com\/uc?export=download&amp;id=1Oc6e38J9RwrnnnSs4D0qr91YJLvvYGKo\">BAIXE A ATIVIDADE<\/a><\/div>\n\n\n\n<div class=\"wp-block-button has-custom-font-size has-medium-font-size\"><a class=\"wp-block-button__link wp-element-button\" href=\"https:\/\/drive.google.com\/uc?export=download&amp;id=1fcdPtB3ZDeOZDC8xL2G9oDbS6RmDxQYZ\">BAIXE OS SLIDES<\/a><\/div>\n\n\n\n<div class=\"wp-block-button has-custom-font-size has-medium-font-size\"><a class=\"wp-block-button__link wp-element-button\" href=\"https:\/\/drive.google.com\/uc?export=download&amp;id=1vbi6FWXUGE_dboDhcxfjcReBS66Ueloc\">BAIXE O TEXTO<\/a><\/div>\n<\/div>\n\n\n\n<p class=\"has-small-font-size\"><\/p>\n\n\n<div class=\"wp-block-image\">\n<figure class=\"aligncenter size-full is-resized\"><img fetchpriority=\"high\" decoding=\"async\" width=\"1000\" height=\"1000\" src=\"https:\/\/sme.goiania.go.gov.br\/conexaoescola\/wp-content\/uploads\/2024\/04\/Imagens-para-postagens-Portal-10-e1713468192940.jpg\" alt=\"\" class=\"wp-image-181227\" style=\"width:443px;height:auto\" srcset=\"https:\/\/sme.goiania.go.gov.br\/conexaoescola\/wp-content\/uploads\/2024\/04\/Imagens-para-postagens-Portal-10-e1713468192940.jpg 1000w, https:\/\/sme.goiania.go.gov.br\/conexaoescola\/wp-content\/uploads\/2024\/04\/Imagens-para-postagens-Portal-10-e1713468192940-300x300.jpg 300w, https:\/\/sme.goiania.go.gov.br\/conexaoescola\/wp-content\/uploads\/2024\/04\/Imagens-para-postagens-Portal-10-e1713468192940-150x150.jpg 150w, https:\/\/sme.goiania.go.gov.br\/conexaoescola\/wp-content\/uploads\/2024\/04\/Imagens-para-postagens-Portal-10-e1713468192940-768x768.jpg 768w\" sizes=\"(max-width: 1000px) 100vw, 1000px\" \/><\/figure><\/div>\n\n\n<p class=\"has-small-font-size\">Imagem dispon\u00edvel em: <a href=\"https:\/\/www.canva.com\/design\/DAF-7medgKQ\/C-DPp6WxUzNgNjQ5-OZtUg\/edit?utm_content=DAF-7medgKQ&amp;utm_campaign=designshare&amp;utm_medium=link2&amp;utm_source=sharebutton\">https:\/\/www.canva.com\/design\/DAF-7medgKQ\/C-DPp6WxUzNgNjQ5-OZtUg\/edit?utm_content=DAF-7medgKQ&amp;utm_campaign=designshare&amp;utm_medium=link2&amp;utm_source=sharebutton<\/a> &gt; Acesso em 18\/04\/2024<\/p>\n\n\n\n<p class=\"has-text-align-center has-medium-font-size\"><strong>Concord\u00e2ncia verbal e nominal<\/strong><\/p>\n\n\n\n<p class=\"has-medium-font-size\">Estudamos, <a href=\"https:\/\/sme.goiania.go.gov.br\/conexaoescola\/ensino_fundamental\/lingua-portuguesa-texto-expositivo-de-divulgacao-cientifica\/\">anteriormente<\/a>, acerca de textos expositivos de divulga\u00e7\u00e3o cient\u00edfica, que s\u00e3o textos explicativos sobre fatos cient\u00edficos que podem ser encontrados em livros de ci\u00eancias, revistas de divulga\u00e7\u00e3o cient\u00edfica, sites educativos, sites cient\u00edficos, v\u00eddeos online e at\u00e9 mesmo em programas de televis\u00e3o.<\/p>\n\n\n\n<p class=\"has-medium-font-size\">No entanto, \u00e9 importante esclarecermos que para escrever um texto cient\u00edfico, bem como qualquer outro tipo de texto, \u00e9 necess\u00e1rio levarmos em conta algumas caracter\u00edsticas da linguagem culta e formal, que este tipo de texto requer.\u00a0<\/p>\n\n\n\n<p class=\"has-medium-font-size\">Sendo assim, falaremos hoje sobre a concord\u00e2ncia verbal e concord\u00e2ncia nominal.<\/p>\n\n\n\n<p class=\"has-medium-font-size\">A <strong>concord\u00e2ncia verbal<\/strong> refere-se \u00e0 harmonia entre o verbo e seu sujeito em n\u00famero (singular ou plural) e pessoa (primeira, segunda ou terceira pessoa). Por exemplo, em uma frase como:<\/p>\n\n\n<div class=\"wp-block-image\">\n<figure class=\"aligncenter size-full is-resized\"><img decoding=\"async\" width=\"382\" height=\"77\" src=\"https:\/\/sme.goiania.go.gov.br\/conexaoescola\/wp-content\/uploads\/2024\/04\/1-3-e1713468467679.png\" alt=\"\" class=\"wp-image-181228\" style=\"width:507px;height:auto\" srcset=\"https:\/\/sme.goiania.go.gov.br\/conexaoescola\/wp-content\/uploads\/2024\/04\/1-3-e1713468467679.png 382w, https:\/\/sme.goiania.go.gov.br\/conexaoescola\/wp-content\/uploads\/2024\/04\/1-3-e1713468467679-300x60.png 300w\" sizes=\"(max-width: 382px) 100vw, 382px\" \/><\/figure><\/div>\n\n\n<p class=\"has-medium-font-size\">O verbo &#8220;estudam&#8221; concorda com o sujeito &#8220;alunos&#8221; em n\u00famero e pessoa, ambos no plural.&nbsp;<\/p>\n\n\n\n<p class=\"has-medium-font-size\">Outro exemplo seria:<\/p>\n\n\n<div class=\"wp-block-image\">\n<figure class=\"aligncenter size-full is-resized\"><img decoding=\"async\" width=\"322\" height=\"70\" src=\"https:\/\/sme.goiania.go.gov.br\/conexaoescola\/wp-content\/uploads\/2024\/04\/2-e1713468582174.png\" alt=\"\" class=\"wp-image-181229\" style=\"width:452px;height:auto\" srcset=\"https:\/\/sme.goiania.go.gov.br\/conexaoescola\/wp-content\/uploads\/2024\/04\/2-e1713468582174.png 322w, https:\/\/sme.goiania.go.gov.br\/conexaoescola\/wp-content\/uploads\/2024\/04\/2-e1713468582174-300x65.png 300w\" sizes=\"(max-width: 322px) 100vw, 322px\" \/><\/figure><\/div>\n\n\n<p class=\"has-medium-font-size\">O verbo &#8220;correu&#8221; concorda com o sujeito &#8220;menino&#8221; em n\u00famero (singular) e pessoa (terceira pessoa).<\/p>\n\n\n\n<p class=\"has-medium-font-size\">J\u00e1 a <strong>concord\u00e2ncia nominal<\/strong> diz respeito \u00e0 concord\u00e2ncia entre o substantivo (ou pronome) e seus modificadores, como adjetivos e artigos, em g\u00eanero (masculino ou feminino) e n\u00famero.&nbsp;<\/p>\n\n\n\n<p class=\"has-medium-font-size\">Por exemplo, na frase:<\/p>\n\n\n<div class=\"wp-block-image\">\n<figure class=\"aligncenter size-full is-resized\"><img loading=\"lazy\" decoding=\"async\" width=\"315\" height=\"71\" src=\"https:\/\/sme.goiania.go.gov.br\/conexaoescola\/wp-content\/uploads\/2024\/04\/3-e1713468732931.png\" alt=\"\" class=\"wp-image-181230\" style=\"width:401px;height:auto\" srcset=\"https:\/\/sme.goiania.go.gov.br\/conexaoescola\/wp-content\/uploads\/2024\/04\/3-e1713468732931.png 315w, https:\/\/sme.goiania.go.gov.br\/conexaoescola\/wp-content\/uploads\/2024\/04\/3-e1713468732931-300x68.png 300w\" sizes=\"(max-width: 315px) 100vw, 315px\" \/><\/figure><\/div>\n\n\n<p class=\"has-medium-font-size\">O artigo &#8220;A&#8221; e o adjetivo &#8220;grande&#8221; concordam com o substantivo &#8220;casa&#8221; em g\u00eanero (feminino) e n\u00famero (singular).&nbsp;<\/p>\n\n\n\n<p class=\"has-medium-font-size\">Outro exemplo seria:<\/p>\n\n\n<div class=\"wp-block-image\">\n<figure class=\"aligncenter size-full is-resized\"><img loading=\"lazy\" decoding=\"async\" width=\"383\" height=\"78\" src=\"https:\/\/sme.goiania.go.gov.br\/conexaoescola\/wp-content\/uploads\/2024\/04\/4-2-e1713468782983.png\" alt=\"\" class=\"wp-image-181231\" style=\"width:463px;height:auto\" srcset=\"https:\/\/sme.goiania.go.gov.br\/conexaoescola\/wp-content\/uploads\/2024\/04\/4-2-e1713468782983.png 383w, https:\/\/sme.goiania.go.gov.br\/conexaoescola\/wp-content\/uploads\/2024\/04\/4-2-e1713468782983-300x61.png 300w\" sizes=\"(max-width: 383px) 100vw, 383px\" \/><\/figure><\/div>\n\n\n<p class=\"has-medium-font-size\">O artigo &#8220;Os&#8221; e o adjetivo &#8220;coloridos&#8221; concordam com o substantivo &#8220;p\u00e1ssaros&#8221; em g\u00eanero (masculino) e n\u00famero (plural).<\/p>\n\n\n\n<p class=\"has-medium-font-size\">\u00c9 crucial fazer uso correto dessas concord\u00e2ncias em todas as produ\u00e7\u00f5es textuais, inclusive em textos cient\u00edficos, para garantir a clareza e precis\u00e3o das informa\u00e7\u00f5es transmitidas.&nbsp;<\/p>\n\n\n\n<p class=\"has-medium-font-size\">Erros de concord\u00e2ncia podem comprometer a compreens\u00e3o do texto e a credibilidade do autor. Portanto, ao redigir um texto cient\u00edfico, \u00e9 fundamental atentar para esses aspectos lingu\u00edsticos, pois contribuem para uma comunica\u00e7\u00e3o eficaz e confi\u00e1vel.<\/p>\n\n\n<div class=\"wp-block-image\">\n<figure class=\"aligncenter size-large is-resized\"><img loading=\"lazy\" decoding=\"async\" width=\"1024\" height=\"837\" src=\"https:\/\/sme.goiania.go.gov.br\/conexaoescola\/wp-content\/uploads\/2024\/04\/megafone-e1713468861682-1024x837.jpg\" alt=\"\" class=\"wp-image-181232\" style=\"width:436px;height:auto\" srcset=\"https:\/\/sme.goiania.go.gov.br\/conexaoescola\/wp-content\/uploads\/2024\/04\/megafone-e1713468861682-1024x837.jpg 1024w, https:\/\/sme.goiania.go.gov.br\/conexaoescola\/wp-content\/uploads\/2024\/04\/megafone-e1713468861682-300x245.jpg 300w, https:\/\/sme.goiania.go.gov.br\/conexaoescola\/wp-content\/uploads\/2024\/04\/megafone-e1713468861682-768x628.jpg 768w, https:\/\/sme.goiania.go.gov.br\/conexaoescola\/wp-content\/uploads\/2024\/04\/megafone-e1713468861682.jpg 1098w\" sizes=\"(max-width: 1024px) 100vw, 1024px\" \/><figcaption class=\"wp-element-caption\">Imagem dispon\u00edvel em: <a href=\"https:\/\/www.canva.com\/photos\/MAFAwxZHg64\/\">https:\/\/www.canva.com\/photos\/MAFAwxZHg64\/<\/a> &gt;&nbsp; Acesso em 10, abr. 2024.<\/figcaption><\/figure><\/div>\n\n\n<p class=\"has-medium-font-size\">Leia e observe o texto abaixo:<\/p>\n\n\n<div class=\"wp-block-image\">\n<figure class=\"aligncenter size-full\"><img loading=\"lazy\" decoding=\"async\" width=\"1016\" height=\"742\" src=\"https:\/\/sme.goiania.go.gov.br\/conexaoescola\/wp-content\/uploads\/2024\/04\/Butantan-e1713469398979.png\" alt=\"\" class=\"wp-image-181235\" srcset=\"https:\/\/sme.goiania.go.gov.br\/conexaoescola\/wp-content\/uploads\/2024\/04\/Butantan-e1713469398979.png 1016w, https:\/\/sme.goiania.go.gov.br\/conexaoescola\/wp-content\/uploads\/2024\/04\/Butantan-e1713469398979-300x219.png 300w, https:\/\/sme.goiania.go.gov.br\/conexaoescola\/wp-content\/uploads\/2024\/04\/Butantan-e1713469398979-768x561.png 768w\" sizes=\"(max-width: 1016px) 100vw, 1016px\" \/><\/figure><\/div>\n\n\n<p class=\"has-small-font-size\">Texto dispon\u00edvel em: <a href=\"https:\/\/butantan.gov.br\/noticias\/vacina-da-dengue-do-butantan-tem-eficacia-%E2%80%9Cmuito-satisfatoria%E2%80%9D-mas-ainda-esta-em-desenvolvimento-e-precisa-de-aprovacao-da-anvisa\">https:\/\/butantan.gov.br\/noticias\/vacina-da-dengue-do-butantan-tem-eficacia-%E2%80%9Cmuito-satisfatoria%E2%80%9D-mas-ainda-esta-em-desenvolvimento-e-precisa-de-aprovacao-da-anvisa<\/a> &gt; Acesso em 19\/03\/2024.<\/p>\n\n\n\n<p class=\"has-very-light-gray-to-cyan-bluish-gray-gradient-background has-background has-medium-font-size\"><strong>Quest\u00e3o 1<\/strong><\/p>\n\n\n\n<p class=\"has-medium-font-size\">A manchete da not\u00edcia acima encontra-se no singular. Caso fosse escrita no plural, para que ocorresse a concord\u00e2ncia verbal e nominal de forma correta, a frase ficaria da seguinte forma&nbsp;<\/p>\n\n\n\n<p class=\"has-medium-font-size\">(A) &#8220;Vacinas das dengues do Butantan tem efic\u00e1cia \u201cmuito satisfat\u00f3rias\u201d, mas ainda est\u00e1 em desenvolvimento e precisa de aprova\u00e7\u00e3o da Anvisa.&#8221;<\/p>\n\n\n\n<p class=\"has-medium-font-size\">(B) &#8220;Vacinas da dengue do Butantan t\u00eam efic\u00e1cia \u201cmuito satisfat\u00f3rias\u201d, mas ainda est\u00e3o em desenvolvimento e precisam de aprova\u00e7\u00e3o da Anvisa.&#8221;<\/p>\n\n\n\n<p class=\"has-medium-font-size\">(C) &#8220;Vacinas da dengue do Butantan tem efic\u00e1cia \u201cmuito satisfat\u00f3ria\u201d, mas ainda est\u00e3o em desenvolvimento e precisa de aprova\u00e7\u00e3o da Anvisa.&#8221;<\/p>\n\n\n\n<p class=\"has-medium-font-size\">(D) &#8220;Vacinas da dengue do Butantan t\u00eam efic\u00e1cia \u201cmuito satisfat\u00f3ria\u201d, mas ainda est\u00e1 em desenvolvimento e precisa de aprova\u00e7\u00e3o da Anvisa.&#8221;<\/p>\n\n\n\n<p class=\"has-very-light-gray-to-cyan-bluish-gray-gradient-background has-background has-medium-font-size\"><strong>Quest\u00e3o 2<\/strong><\/p>\n\n\n\n<p class=\"has-medium-font-size\">A concord\u00e2ncia verbal sugere que quando o substantivo est\u00e1 em terceira pessoa do singular o verbo deve concordar em<\/p>\n\n\n\n<p class=\"has-medium-font-size\">(a) n\u00famero e pessoa com o substantivo.<\/p>\n\n\n\n<p class=\"has-medium-font-size\">(b) n\u00famero e g\u00eanero com o substantivo.<\/p>\n\n\n\n<p class=\"has-medium-font-size\">(c) tempo e modo com o substantivo.<\/p>\n\n\n\n<p class=\"has-medium-font-size\">(d) g\u00eanero e pessoa com o substantivo.<\/p>\n\n\n\n<p class=\"has-very-light-gray-to-cyan-bluish-gray-gradient-background has-background has-medium-font-size\"><strong>Quest\u00e3o 3<\/strong><\/p>\n\n\n\n<p class=\"has-medium-font-size\">A concord\u00e2ncia nominal sugere que quando o substantivo est\u00e1 em terceira pessoa do plural o adjetivo deve concordar em<\/p>\n\n\n\n<p class=\"has-medium-font-size\">(a) n\u00famero e g\u00eanero com o substantivo.<\/p>\n\n\n\n<p class=\"has-medium-font-size\">(b) n\u00famero e pessoa com o substantivo.<\/p>\n\n\n\n<p class=\"has-medium-font-size\">(c) g\u00eanero e pessoa com o substantivo.<\/p>\n\n\n\n<p class=\"has-medium-font-size\">(d) tempo e modo com o substantivo.<\/p>\n\n\n\n<p class=\"has-very-light-gray-to-cyan-bluish-gray-gradient-background has-background has-medium-font-size\"><strong>Quest\u00e3o 4<\/strong><\/p>\n\n\n\n<p class=\"has-medium-font-size\">O que aconteceria se escrev\u00eassemos &#8220;O gato brincar no jardim&#8221; em vez de &#8220;O gato brinca no jardim&#8221;? Como podemos corrigir isso?<\/p>\n\n\n\n<p class=\"has-very-light-gray-to-cyan-bluish-gray-gradient-background has-background has-medium-font-size\"><strong>Quest\u00e3o 5<\/strong><\/p>\n\n\n\n<p class=\"has-medium-font-size\">Voc\u00ea pode pensar em outras frases em que as palavras precisam combinar em n\u00famero e g\u00eanero? Escreva abaixo ao menos 3 frases:<\/p>\n\n\n<div class=\"wp-block-image\">\n<figure class=\"aligncenter size-large\"><img loading=\"lazy\" decoding=\"async\" width=\"1024\" height=\"689\" src=\"https:\/\/sme.goiania.go.gov.br\/conexaoescola\/wp-content\/uploads\/2024\/04\/Concordancia-Verbal-e-Nominal-2-e1713530472992-1024x689.jpg\" alt=\"\" class=\"wp-image-181270\" srcset=\"https:\/\/sme.goiania.go.gov.br\/conexaoescola\/wp-content\/uploads\/2024\/04\/Concordancia-Verbal-e-Nominal-2-e1713530472992-1024x689.jpg 1024w, https:\/\/sme.goiania.go.gov.br\/conexaoescola\/wp-content\/uploads\/2024\/04\/Concordancia-Verbal-e-Nominal-2-e1713530472992-300x202.jpg 300w, https:\/\/sme.goiania.go.gov.br\/conexaoescola\/wp-content\/uploads\/2024\/04\/Concordancia-Verbal-e-Nominal-2-e1713530472992-768x517.jpg 768w, https:\/\/sme.goiania.go.gov.br\/conexaoescola\/wp-content\/uploads\/2024\/04\/Concordancia-Verbal-e-Nominal-2-e1713530472992-1536x1034.jpg 1536w, https:\/\/sme.goiania.go.gov.br\/conexaoescola\/wp-content\/uploads\/2024\/04\/Concordancia-Verbal-e-Nominal-2-e1713530472992.jpg 1605w\" sizes=\"(max-width: 1024px) 100vw, 1024px\" \/><figcaption class=\"wp-element-caption\">Dispon\u00edvel em: <a href=\"https:\/\/www.canva.com\/icons\/MAE8_vyr-l0\/\">https:\/\/www.canva.com\/icons\/MAE8_vyr-l0\/<\/a> &gt; Acesso em 12, abr. 2024.<\/figcaption><\/figure><\/div>\n\n\n<p class=\"has-text-align-center has-very-light-gray-to-cyan-bluish-gray-gradient-background has-background has-medium-font-size\"><strong>Hora de aprender brincando<\/strong><\/p>\n\n\n<div class=\"wp-block-image\">\n<figure class=\"aligncenter size-large is-resized\"><img loading=\"lazy\" decoding=\"async\" width=\"1024\" height=\"576\" src=\"https:\/\/sme.goiania.go.gov.br\/conexaoescola\/wp-content\/uploads\/2024\/04\/10-e1713530645679-1024x576.jpg\" alt=\"\" class=\"wp-image-181271\" style=\"width:586px;height:auto\" srcset=\"https:\/\/sme.goiania.go.gov.br\/conexaoescola\/wp-content\/uploads\/2024\/04\/10-e1713530645679-1024x576.jpg 1024w, https:\/\/sme.goiania.go.gov.br\/conexaoescola\/wp-content\/uploads\/2024\/04\/10-e1713530645679-300x169.jpg 300w, https:\/\/sme.goiania.go.gov.br\/conexaoescola\/wp-content\/uploads\/2024\/04\/10-e1713530645679-768x432.jpg 768w, https:\/\/sme.goiania.go.gov.br\/conexaoescola\/wp-content\/uploads\/2024\/04\/10-e1713530645679-1536x864.jpg 1536w, https:\/\/sme.goiania.go.gov.br\/conexaoescola\/wp-content\/uploads\/2024\/04\/10-e1713530645679.jpg 1920w\" sizes=\"(max-width: 1024px) 100vw, 1024px\" \/><\/figure><\/div>\n\n\n<p class=\"has-small-font-size\">Imagem dispon\u00edvel em: <a href=\"https:\/\/www.canva.com\/design\/DAGCBomSYlM\/tlp3MFy8bz0MvoRxiJ7wCg\/edit?utm_content=DAGCBomSYlM&amp;utm_campaign=designshare&amp;utm_medium=link2&amp;utm_source=sharebutton\">https:\/\/www.canva.com\/design\/DAGCBomSYlM\/tlp3MFy8bz0MvoRxiJ7wCg\/edit?utm_content=DAGCBomSYlM&amp;utm_campaign=designshare&amp;utm_medium=link2&amp;utm_source=sharebutton<\/a> &gt;&nbsp; Acesso em 11, abr. 2024.<\/p>\n\n\n\n<figure class=\"wp-block-embed is-type-wp-embed is-provider-genially wp-block-embed-genially\"><div class=\"wp-block-embed__wrapper\">\n<div class=\"oceanwp-oembed-wrap clr\"><iframe class=\"wp-embedded-content\" sandbox=\"allow-scripts\" security=\"restricted\" title=\"Concord\u00e2ncia Verbal\" frameborder='0' width='1200' height='675' src='https:\/\/view.genially.com\/611b1885fa485b0cff5ecc94#?secret=RkrX1Kuoqu' data-secret='RkrX1Kuoqu' scrolling='yes'><\/iframe><\/div>\n<\/div><figcaption class=\"wp-element-caption\">Dispon\u00edvel em: <a href=\"https:\/\/view.genial.ly\/611b1885fa485b0cff5ecc94\/interactive-content-concordancia-verbal\"><strong>https:\/\/view.genial.ly\/611b1885fa485b0cff5ecc94\/interactive-content-concordancia-verbal<\/strong><\/a><strong>&nbsp;<\/strong>&gt; Acesso em 19\/04\/2024.<br><\/figcaption><\/figure>\n\n\n\n<hr class=\"wp-block-separator has-alpha-channel-opacity is-style-wide\"\/>\n\n\n\n<figure class=\"wp-block-table is-style-stripes\"><table><tbody><tr><td><strong>Autoria:<\/strong><\/td><td>Andrielly Campos<\/td><\/tr><tr><td><strong>Forma\u00e7\u00e3o:<\/strong><\/td><td>Letras: Portugu\u00eas \/ Ingl\u00eas e Pedagogia<\/td><\/tr><tr><td><strong>Componente Curricular:<\/strong><\/td><td>L\u00edngua Portuguesa<\/td><\/tr><tr><td><strong>Habilidades:<\/strong><\/td><td>(EF03LP25-A) Analisar e produzir textos, de forma coletiva, com a ajuda do professor, para apresentar resultados de observa\u00e7\u00f5es e de pesquisas, em fontes de informa\u00e7\u00f5es incluindo, quando pertinente, imagens, diagramas e gr\u00e1ficos ou tabelas simples, considerando a situa\u00e7\u00e3o comunicativa e o tema\/assunto do texto. <strong>(Matriz de habilidades essenciais para o Ensino Fundamental Anos Iniciais&nbsp; &#8211; 4\u00b0 Ano &#8211; 2024\/ 1\u00ba bimestre)<\/strong><br>(EF04LP06) Identificar em textos e usar na produ\u00e7\u00e3o textual a concord\u00e2ncia entre substantivo ou pronome pessoal e verbo (concord\u00e2ncia verbal). <strong>(Matriz de habilidades essenciais para o Ensino Fundamental Anos Iniciais&nbsp; &#8211; 4\u00b0 Ano &#8211; 2024\/ 1\u00ba bimestre)<\/strong><br>(EF04LP07) Identificar em textos e usar na produ\u00e7\u00e3o textual a concord\u00e2ncia entre artigo, substantivo e adjetivo (concord\u00e2ncia no grupo nominal). <strong>(Matriz de habilidades essenciais para o Ensino Fundamental Anos Iniciais&nbsp; &#8211; 4\u00b0 Ano &#8211; 2024\/ 1\u00ba bimestre)<\/strong><\/td><\/tr><tr><td><strong>Refer\u00eancias:&nbsp;<\/strong><\/td><td>GOI\u00c1S. Documento Curricular para Goi\u00e1s \u2013 Ampliado. Volume II. Ensino Fundamental Anos Finais. CONSED; UNDIME, 2018. 433 p. Dispon\u00edvel em &lt;<a href=\"https:\/\/sme.goiania.go.gov.br\/site\/index.php\/institucional\/documentos-oficiais-2\/category\/27-documentos-gerais&amp;gt&amp;gt\">https:\/\/sme.goiania.go.gov.br\/site\/index.php\/institucional\/documentos-oficiais-2\/category\/27-documentos-gerais&amp;gt&amp;gt<\/a>;&gt; Acesso em 10\/04\/2024.<br><br>GOI\u00c1S. Matriz de habilidades essenciais para o Ensino Fundamental &#8211; L\u00edngua Portuguesa, 2\u00ba bimestre. SME- SUPPED, 2024. 17 p.&nbsp;<br><br>VILARINHO, Sabrina. &#8220;Concord\u00e2ncia Verbal e Nominal &#8220;; <em>Brasil Escola<\/em>. Dispon\u00edvel em: <a href=\"https:\/\/brasilescola.uol.com.br\/gramatica\/concordancia-verbal-nominal.htm\">https:\/\/brasilescola.uol.com.br\/gramatica\/concordancia-verbal-nominal.htm<\/a>. Acesso em 10 de abril de 2024.<br><br>SILVA, C\u00edcero de Oliveira; SILVA, Elizabeth Gavioli de Oliveira; MARCHETTI, Greta. <strong>Aprender Juntos<\/strong>: l\u00edngua portuguesa &#8211; 4\u00ba ano. 9. ed. S\u00e3o Paulo: Sm Educa\u00e7\u00e3o, 2021.<\/td><\/tr><\/tbody><\/table><\/figure>\n","protected":false},"author":43,"featured_media":181227,"template":"","ef_categoria":[14,25],"ef_ano":[87],"ef_componente":[93],"class_list":["post-181221","ensino_fundamental","type-ensino_fundamental","status-publish","has-post-thumbnail","hentry","ef_categoria-ciclo-da-infancia-de","ef_categoria-etica-e-cidadania-ciclo-da-infancia-de","ef_ano-4o-ano","ef_componente-portugues","entry","has-media"],"acf":[],"_links":{"self":[{"href":"https:\/\/sme.goiania.go.gov.br\/conexaoescola\/wp-json\/wp\/v2\/ensino_fundamental\/181221","targetHints":{"allow":["GET"]}}],"collection":[{"href":"https:\/\/sme.goiania.go.gov.br\/conexaoescola\/wp-json\/wp\/v2\/ensino_fundamental"}],"about":[{"href":"https:\/\/sme.goiania.go.gov.br\/conexaoescola\/wp-json\/wp\/v2\/types\/ensino_fundamental"}],"author":[{"embeddable":true,"href":"https:\/\/sme.goiania.go.gov.br\/conexaoescola\/wp-json\/wp\/v2\/users\/43"}],"version-history":[{"count":10,"href":"https:\/\/sme.goiania.go.gov.br\/conexaoescola\/wp-json\/wp\/v2\/ensino_fundamental\/181221\/revisions"}],"predecessor-version":[{"id":184863,"href":"https:\/\/sme.goiania.go.gov.br\/conexaoescola\/wp-json\/wp\/v2\/ensino_fundamental\/181221\/revisions\/184863"}],"wp:featuredmedia":[{"embeddable":true,"href":"https:\/\/sme.goiania.go.gov.br\/conexaoescola\/wp-json\/wp\/v2\/media\/181227"}],"wp:attachment":[{"href":"https:\/\/sme.goiania.go.gov.br\/conexaoescola\/wp-json\/wp\/v2\/media?parent=181221"}],"wp:term":[{"taxonomy":"ef_categoria","embeddable":true,"href":"https:\/\/sme.goiania.go.gov.br\/conexaoescola\/wp-json\/wp\/v2\/ef_categoria?post=181221"},{"taxonomy":"ef_ano","embeddable":true,"href":"https:\/\/sme.goiania.go.gov.br\/conexaoescola\/wp-json\/wp\/v2\/ef_ano?post=181221"},{"taxonomy":"ef_componente","embeddable":true,"href":"https:\/\/sme.goiania.go.gov.br\/conexaoescola\/wp-json\/wp\/v2\/ef_componente?post=181221"}],"curies":[{"name":"wp","href":"https:\/\/api.w.org\/{rel}","templated":true}]}}