{"id":180719,"date":"2024-04-10T08:59:25","date_gmt":"2024-04-10T11:59:25","guid":{"rendered":"https:\/\/sme.goiania.go.gov.br\/conexaoescola\/?post_type=ensino_fundamental&#038;p=180719"},"modified":"2024-04-19T19:00:22","modified_gmt":"2024-04-19T22:00:22","slug":"historia-pioneirismo-e-crescimento-na-comunidade","status":"publish","type":"ensino_fundamental","link":"https:\/\/sme.goiania.go.gov.br\/conexaoescola\/ensino_fundamental\/historia-pioneirismo-e-crescimento-na-comunidade\/","title":{"rendered":"Hist\u00f3ria &#8211;  Crescimento na Comunidade"},"content":{"rendered":"\n<p class=\"has-cyan-bluish-gray-background-color has-background has-medium-font-size\">Esta proposta de atividade de<strong>&nbsp;Hist\u00f3ria<\/strong>&nbsp;tem como base o DC\/GO \u2013 Ampliado e est\u00e1 destinada a estudantes do&nbsp;<strong>3\u00ba ano&nbsp;<\/strong>do Ensino Fundamental &#8211; Anos Iniciais.<\/p>\n\n\n\n<div class=\"wp-block-buttons is-content-justification-center is-layout-flex wp-container-core-buttons-is-layout-16018d1d wp-block-buttons-is-layout-flex\">\n<div class=\"wp-block-button\"><a class=\"wp-block-button__link wp-element-button\" href=\"https:\/\/drive.google.com\/uc?export=download&amp;id=1dLlQOELLNnZbFSaRvBtDVFL5s0hKeDdk\" target=\"_blank\" rel=\"noreferrer noopener\">BAIXE A ATIVIDADE<\/a><\/div>\n\n\n\n<div class=\"wp-block-button\"><a class=\"wp-block-button__link wp-element-button\" href=\"https:\/\/drive.google.com\/uc?export=download&amp;id=1tfa_Yd4qQ2HmcV18odY3k7rDdi1iLvrp\" target=\"_blank\" rel=\"noreferrer noopener\">BAIXE OS SLIDES<\/a><\/div>\n\n\n\n<div class=\"wp-block-button\"><a class=\"wp-block-button__link wp-element-button\" href=\"https:\/\/drive.google.com\/uc?export=download&amp;id=1pXo-EinTPolMnIaB0G8uuZtk4MzogZ7Q\" target=\"_blank\" rel=\"noreferrer noopener\">BAIXE O TEXTO<\/a><\/div>\n<\/div>\n\n\n<div class=\"wp-block-image\">\n<figure class=\"aligncenter size-full is-resized\"><img fetchpriority=\"high\" decoding=\"async\" width=\"489\" height=\"656\" src=\"https:\/\/sme.goiania.go.gov.br\/conexaoescola\/wp-content\/uploads\/2024\/04\/1-4-e1713562283325.png\" alt=\"\" class=\"wp-image-181310\" style=\"width:397px;height:auto\" srcset=\"https:\/\/sme.goiania.go.gov.br\/conexaoescola\/wp-content\/uploads\/2024\/04\/1-4-e1713562283325.png 489w, https:\/\/sme.goiania.go.gov.br\/conexaoescola\/wp-content\/uploads\/2024\/04\/1-4-e1713562283325-224x300.png 224w\" sizes=\"(max-width: 489px) 100vw, 489px\" \/><\/figure><\/div>\n\n\n<p class=\"has-text-align-center has-background has-medium-font-size\" style=\"background-color:#edd9de\"><strong> Crescimento na Comunidade<\/strong><\/p>\n\n\n\n<p class=\"has-medium-font-size\">Ol\u00e1 estudante!<\/p>\n\n\n<div class=\"wp-block-image\">\n<figure class=\"aligncenter size-full is-resized\"><img decoding=\"async\" width=\"604\" height=\"341\" src=\"https:\/\/sme.goiania.go.gov.br\/conexaoescola\/wp-content\/uploads\/2024\/04\/1-5-e1713562402245.png\" alt=\"\" class=\"wp-image-181312\" style=\"width:729px;height:auto\" srcset=\"https:\/\/sme.goiania.go.gov.br\/conexaoescola\/wp-content\/uploads\/2024\/04\/1-5-e1713562402245.png 604w, https:\/\/sme.goiania.go.gov.br\/conexaoescola\/wp-content\/uploads\/2024\/04\/1-5-e1713562402245-300x169.png 300w\" sizes=\"(max-width: 604px) 100vw, 604px\" \/><figcaption class=\"wp-element-caption\">Dispon\u00edvel em:\u00a0 &lt;https:\/\/br.freepik.com\/vetores-gratis\/conversa-amigavel-entre-dois-filhos_148813895.htm#fromView=search&amp;page=1&amp;position=40&amp;uuid=d07a9cb2-72bd-4c7e-afd6-3a0887498900>.\u00a0 Acesso em: 07 de mar\u00e7o de 2024.<\/figcaption><\/figure><\/div>\n\n\n<p class=\"has-medium-font-size\">H\u00e1 muito tempo, a nossa cidade era apenas uma vasta terra coberta por \u00e1rvores e cercada por montanhas. N\u00e3o havia estradas, casas ou escolas; era um lugar desconhecido.<\/p>\n\n\n<div class=\"wp-block-image\">\n<figure class=\"aligncenter size-full is-resized\"><img decoding=\"async\" width=\"526\" height=\"528\" src=\"https:\/\/sme.goiania.go.gov.br\/conexaoescola\/wp-content\/uploads\/2024\/04\/1-6-e1713562581141.png\" alt=\"\" class=\"wp-image-181314\" style=\"width:414px;height:auto\" srcset=\"https:\/\/sme.goiania.go.gov.br\/conexaoescola\/wp-content\/uploads\/2024\/04\/1-6-e1713562581141.png 526w, https:\/\/sme.goiania.go.gov.br\/conexaoescola\/wp-content\/uploads\/2024\/04\/1-6-e1713562581141-300x300.png 300w, https:\/\/sme.goiania.go.gov.br\/conexaoescola\/wp-content\/uploads\/2024\/04\/1-6-e1713562581141-150x150.png 150w\" sizes=\"(max-width: 526px) 100vw, 526px\" \/><figcaption class=\"wp-element-caption\">Dispon\u00edvel em:\u00a0 &lt;https:\/\/br.freepik.com\/vetores-gratis\/ilustracao-neolitica-desenhada-a-mao_36304358.htm#fromView=search&amp;page=2&amp;position=36&amp;uuid=72030383-27dd-4333-8def-66c4a672b845>.\u00a0 Acesso em: 07 de mar\u00e7o de 2024.<\/figcaption><\/figure><\/div>\n\n\n<p class=\"has-medium-font-size\">As cidades come\u00e7aram como pequenos assentamentos, modestas aldeias ou vilarejos. Ruas de terra batida, casas simples e uma popula\u00e7\u00e3o pequena caracterizavam esses lugares, onde todos se conheciam pelo nome e a vida era simples e tranquila.<\/p>\n\n\n\n<p class=\"has-medium-font-size\">Com o tempo, devido \u00e0s necessidades da pr\u00f3pria comunidade local, eventos hist\u00f3ricos, industrializa\u00e7\u00e3o, migra\u00e7\u00e3o rural-urbana e avan\u00e7os tecnol\u00f3gicos, as cidades mudaram.&nbsp;<\/p>\n\n\n\n<p class=\"has-medium-font-size\">O crescimento das cidades trouxe consigo muita movimenta\u00e7\u00e3o e uma infinidade de oportunidades, atraindo pessoas de todas as partes em busca de trabalho, educa\u00e7\u00e3o e uma vida melhor.&nbsp;<\/p>\n\n\n\n<p class=\"has-medium-font-size\">O aumento da demanda por servi\u00e7os e infraestrutura nas cidades estimula investimentos em projetos de infraestrutura, como transporte p\u00fablico, redes de energia, telecomunica\u00e7\u00f5es e saneamento b\u00e1sico.<\/p>\n\n\n\n<p class=\"has-medium-font-size\">No entanto, o crescimento urbano tamb\u00e9m apresentou desafios significativos. O r\u00e1pido aumento da popula\u00e7\u00e3o muitas vezes sobrecarrega infraestruturas existentes, levando a problemas como congestionamentos de tr\u00e1fego, polui\u00e7\u00e3o e habita\u00e7\u00e3o prec\u00e1ria.<\/p>\n\n\n<div class=\"wp-block-image\">\n<figure class=\"aligncenter size-full is-resized\"><img loading=\"lazy\" decoding=\"async\" width=\"634\" height=\"412\" src=\"https:\/\/sme.goiania.go.gov.br\/conexaoescola\/wp-content\/uploads\/2024\/04\/1-7-e1713562684241.png\" alt=\"\" class=\"wp-image-181316\" style=\"width:517px;height:auto\" srcset=\"https:\/\/sme.goiania.go.gov.br\/conexaoescola\/wp-content\/uploads\/2024\/04\/1-7-e1713562684241.png 634w, https:\/\/sme.goiania.go.gov.br\/conexaoescola\/wp-content\/uploads\/2024\/04\/1-7-e1713562684241-300x195.png 300w\" sizes=\"(max-width: 634px) 100vw, 634px\" \/><figcaption class=\"wp-element-caption\">Dispon\u00edvel em:\u00a0 &lt;https:\/\/br.freepik.com\/vetores-gratis\/ilustracao-desenhada-a-mao-dos-desenhos-animados-do-padre_42103519.htm#fromView=search&amp;page=1&amp;position=34&amp;uuid=2909c34b-c5a4-400f-8a78-d1ec4b25688e>.\u00a0 Acesso em: 07 de mar\u00e7o de 2024.<\/figcaption><\/figure><\/div>\n\n\n<p class=\"has-medium-font-size\">Apesar dos obst\u00e1culos, nossas cidades continuam crescendo. Hoje, elas s\u00e3o centros de cultura, inova\u00e7\u00e3o e progresso. Museus, teatros, parques, universidades e empresas se desenvolvem em meio ao cen\u00e1rio urbano, visando oferecer experi\u00eancias e oportunidades para as pessoas.<\/p>\n\n\n\n<p class=\"has-text-align-center has-background has-medium-font-size\" style=\"background-color:#edd9de\"><strong>Atividades<\/strong><\/p>\n\n\n\n<p class=\"has-text-align-center has-cyan-bluish-gray-background-color has-background has-medium-font-size\"><strong>QUEST\u00c3O 1<\/strong><\/p>\n\n\n\n<p class=\"has-medium-font-size\">Fa\u00e7a a leitura  seguinte:<\/p>\n\n\n<div class=\"wp-block-image\">\n<figure class=\"aligncenter size-full is-resized\"><img decoding=\"async\" width=\"604\" height=\"341\" src=\"https:\/\/sme.goiania.go.gov.br\/conexaoescola\/wp-content\/uploads\/2024\/04\/1-5-e1713562402245.png\" alt=\"\" class=\"wp-image-181312\" style=\"width:729px;height:auto\" srcset=\"https:\/\/sme.goiania.go.gov.br\/conexaoescola\/wp-content\/uploads\/2024\/04\/1-5-e1713562402245.png 604w, https:\/\/sme.goiania.go.gov.br\/conexaoescola\/wp-content\/uploads\/2024\/04\/1-5-e1713562402245-300x169.png 300w\" sizes=\"(max-width: 604px) 100vw, 604px\" \/><figcaption class=\"wp-element-caption\">Dispon\u00edvel em:\u00a0 &lt;https:\/\/br.freepik.com\/vetores-gratis\/conversa-amigavel-entre-dois-filhos_148813895.htm#fromView=search&amp;page=1&amp;position=40&amp;uuid=d07a9cb2-72bd-4c7e-afd6-3a0887498900>.\u00a0 Acesso em: 07 de mar\u00e7o de 2024.<\/figcaption><\/figure><\/div>\n\n\n<p class=\"has-medium-font-size\">A) Como voc\u00ea imagina que sua cidade era no passado? Quais mudan\u00e7as voc\u00ea acha que ocorreram na sua cidade ao longo do tempo?<\/p>\n\n\n\n<figure class=\"wp-block-table is-style-regular\"><table><tbody><tr><td><br><br><\/td><\/tr><\/tbody><\/table><\/figure>\n\n\n\n<p class=\"has-medium-font-size\">B) \u00a0Voc\u00ea concorda com a resposta da menina? Justifique a sua resposta.<\/p>\n\n\n\n<figure class=\"wp-block-table is-style-regular\"><table><tbody><tr><td><br><br><\/td><\/tr><\/tbody><\/table><\/figure>\n\n\n\n<p class=\"has-text-align-center has-cyan-bluish-gray-background-color has-background has-medium-font-size\"><strong>QUEST\u00c3O 2<\/strong><\/p>\n\n\n\n<p class=\"has-medium-font-size\">Quando um grupo de pessoas, vivem no mesmo lugar ou t\u00eam interesses parecidos, elas formam uma comunidade. Para viver em comunidade e contribuir para o seu crescimento \u00e9 importante&nbsp;<\/p>\n\n\n\n<p class=\"has-medium-font-size\">(A) ignorar as diferen\u00e7as entre os membros.<\/p>\n\n\n\n<p class=\"has-medium-font-size\">(B) trabalhar apenas para o benef\u00edcio pessoal.<\/p>\n\n\n\n<p class=\"has-medium-font-size\">(C) ter espa\u00e7os de uso comunit\u00e1rio e colaborar com os outros membros.<\/p>\n\n\n\n<p class=\"has-medium-font-size\">(D) compartilhar conquistas mas&nbsp; n\u00e3o participar dos desafios que surgirem.<\/p>\n\n\n\n<p class=\"has-text-align-center has-cyan-bluish-gray-background-color has-background has-medium-font-size\"><strong>QUEST\u00c3O 3<\/strong><\/p>\n\n\n\n<p class=\"has-medium-font-size\">Um dos desafios enfrentados pelo crescimento urbano \u00e9<\/p>\n\n\n\n<p class=\"has-medium-font-size\">(A) congestionamentos de tr\u00e1fego, polui\u00e7\u00e3o e habita\u00e7\u00e3o prec\u00e1ria.<\/p>\n\n\n\n<p class=\"has-medium-font-size\">(B) diminui\u00e7\u00e3o da popula\u00e7\u00e3o e da demanda por servi\u00e7os.<\/p>\n\n\n\n<p class=\"has-medium-font-size\">(C) redu\u00e7\u00e3o da diversidade cultural.<\/p>\n\n\n\n<p class=\"has-medium-font-size\">(D) menos oportunidades de emprego.<\/p>\n\n\n\n<p class=\"has-text-align-center has-cyan-bluish-gray-background-color has-background has-medium-font-size\"><strong>QUEST\u00c3O 4<\/strong><\/p>\n\n\n\n<p class=\"has-medium-font-size\">As cidades s\u00e3o centros de cultura, inova\u00e7\u00e3o e progresso. Museus, teatros, parques, universidades e empresas se desenvolvem em meio ao cen\u00e1rio urbano, visando oferecer experi\u00eancias e oportunidades para as pessoas. Na sua opini\u00e3o, qual \u00e9 a import\u00e2ncia de oferecer oportunidades para a popula\u00e7\u00e3o, e como isso pode influenciar a qualidade de vida e o bem-estar?<\/p>\n\n\n\n<figure class=\"wp-block-table is-style-regular\"><table><tbody><tr><td><br><br><br><br><br><\/td><\/tr><\/tbody><\/table><\/figure>\n\n\n\n<hr class=\"wp-block-separator has-alpha-channel-opacity\"\/>\n\n\n\n<figure class=\"wp-block-table is-style-stripes\"><table><tbody><tr><td><strong>Autoria:<\/strong><\/td><td>Gabriele Leandro Dias<\/td><\/tr><tr><td><strong>Forma\u00e7\u00e3o:&nbsp;<\/strong><\/td><td>Pedagogia\/ Psicologia<\/td><\/tr><tr><td><strong>Componente Curricular:<\/strong><\/td><td>Hist\u00f3ria<\/td><\/tr><tr><td><strong>Habilidades:<\/strong><\/td><td>(EF03HI01-A) Identificar os grupos populacionais que formam a sua cidade, o seu munic\u00edpio e a sua regi\u00e3o.<br>(EF03HI01-B) Compreender as rela\u00e7\u00f5es estabelecidas entre os grupos populacionais (imigrantes, africanos, ind\u00edgenase outros) que formam a cidade, o munic\u00edpio e a regi\u00e3o.<br>(EF03HI01-C) Distinguir os eventos que marcam a forma\u00e7\u00e3o da cidade, como fen\u00f4menos migrat\u00f3rios (vida rural\/vida urbana), desmatamentos, estabelecimento de grandes empresas etc.<br>(EF03HI02-A) Identificar acontecimentos ocorridos ao longo do tempo na cidade ou na regi\u00e3o em que vive.<\/td><\/tr><tr><td><strong>Refer\u00eancias:&nbsp;<\/strong><\/td><td>2020. Documento Curricular para Goi\u00e1s (DC-GO). Goi\u00e2nia\/GO: CONSED\/ UNDIME Goi\u00e1s, 2018. Dispon\u00edvel em: https:\/\/cee.go.gov.br<br>Pintang\u00e1 Mais Hist\u00f3ria. (Cole\u00e7\u00e3o do 2\u00ba ao 5\u00ba ano). S\u00e3o Paulo: Moderna, 2021.<\/td><\/tr><\/tbody><\/table><\/figure>\n","protected":false},"author":45,"featured_media":181310,"template":"","ef_categoria":[30],"ef_ano":[86],"ef_componente":[95],"class_list":["post-180719","ensino_fundamental","type-ensino_fundamental","status-publish","has-post-thumbnail","hentry","ef_categoria-etica-e-cidadania-ciclo-da-adolescencia-fg","ef_ano-3o-ano","ef_componente-historia","entry","has-media"],"acf":[],"_links":{"self":[{"href":"https:\/\/sme.goiania.go.gov.br\/conexaoescola\/wp-json\/wp\/v2\/ensino_fundamental\/180719","targetHints":{"allow":["GET"]}}],"collection":[{"href":"https:\/\/sme.goiania.go.gov.br\/conexaoescola\/wp-json\/wp\/v2\/ensino_fundamental"}],"about":[{"href":"https:\/\/sme.goiania.go.gov.br\/conexaoescola\/wp-json\/wp\/v2\/types\/ensino_fundamental"}],"author":[{"embeddable":true,"href":"https:\/\/sme.goiania.go.gov.br\/conexaoescola\/wp-json\/wp\/v2\/users\/45"}],"version-history":[{"count":16,"href":"https:\/\/sme.goiania.go.gov.br\/conexaoescola\/wp-json\/wp\/v2\/ensino_fundamental\/180719\/revisions"}],"predecessor-version":[{"id":181326,"href":"https:\/\/sme.goiania.go.gov.br\/conexaoescola\/wp-json\/wp\/v2\/ensino_fundamental\/180719\/revisions\/181326"}],"wp:featuredmedia":[{"embeddable":true,"href":"https:\/\/sme.goiania.go.gov.br\/conexaoescola\/wp-json\/wp\/v2\/media\/181310"}],"wp:attachment":[{"href":"https:\/\/sme.goiania.go.gov.br\/conexaoescola\/wp-json\/wp\/v2\/media?parent=180719"}],"wp:term":[{"taxonomy":"ef_categoria","embeddable":true,"href":"https:\/\/sme.goiania.go.gov.br\/conexaoescola\/wp-json\/wp\/v2\/ef_categoria?post=180719"},{"taxonomy":"ef_ano","embeddable":true,"href":"https:\/\/sme.goiania.go.gov.br\/conexaoescola\/wp-json\/wp\/v2\/ef_ano?post=180719"},{"taxonomy":"ef_componente","embeddable":true,"href":"https:\/\/sme.goiania.go.gov.br\/conexaoescola\/wp-json\/wp\/v2\/ef_componente?post=180719"}],"curies":[{"name":"wp","href":"https:\/\/api.w.org\/{rel}","templated":true}]}}