{"id":174885,"date":"2023-12-30T12:01:40","date_gmt":"2023-12-30T15:01:40","guid":{"rendered":"https:\/\/sme.goiania.go.gov.br\/conexaoescola\/?post_type=ensino_fundamental&#038;p=174885"},"modified":"2023-12-30T12:01:43","modified_gmt":"2023-12-30T15:01:43","slug":"lingua-portuguesa-discurso-direto-e-indireto-na-producao-de-narrativas","status":"publish","type":"ensino_fundamental","link":"https:\/\/sme.goiania.go.gov.br\/conexaoescola\/ensino_fundamental\/lingua-portuguesa-discurso-direto-e-indireto-na-producao-de-narrativas\/","title":{"rendered":"L\u00edngua Portuguesa &#8211; Discurso direto e indireto na produ\u00e7\u00e3o de narrativas"},"content":{"rendered":"\n<p class=\"has-black-color has-text-color has-background has-medium-font-size\" style=\"background-color:#f9a3bd9c\">Esta atividade de<strong>\u00a0L\u00edngua Portuguesa<\/strong>\u00a0tem como base as sequ\u00eancias did\u00e1ticas propostas pelo\u00a0<strong>Programa Aprender Sempre<\/strong>, da SME-Goi\u00e2nia, com base no DC\/GO \u2013 Ampliado e est\u00e1 destinada a estudantes do<strong>\u00a06\u00ba ano<\/strong>\u00a0do Ensino Fundamental.<\/p>\n\n\n\n<div class=\"wp-block-buttons is-content-justification-center is-layout-flex wp-container-core-buttons-is-layout-16018d1d wp-block-buttons-is-layout-flex\">\n<div class=\"wp-block-button\"><a class=\"wp-block-button__link wp-element-button\" href=\"https:\/\/drive.google.com\/uc?export=download&amp;id=1WFZC5Dr3NxaHSm1mwRH4oITTs1KFXNFS\" target=\"_blank\" rel=\"noreferrer noopener\">BAIXE A ATIVIDADE<\/a><\/div>\n\n\n\n<div class=\"wp-block-button\"><a class=\"wp-block-button__link wp-element-button\" href=\"https:\/\/drive.google.com\/uc?export=download&amp;id=1t3iDEAslMbU8K8yiekVCashCkNS4Yt48\" target=\"_blank\" rel=\"noreferrer noopener\">BAIXE OS SLIDES<\/a><\/div>\n\n\n\n<div class=\"wp-block-button\"><a class=\"wp-block-button__link wp-element-button\" href=\"https:\/\/drive.google.com\/uc?export=download&amp;id=1mE0SXZgSAPWaZP_tY8ZsAmzRJkZAEGUb\" target=\"_blank\" rel=\"noreferrer noopener\">BAIXE O TEXTO<\/a><\/div>\n<\/div>\n\n\n<div class=\"wp-block-image\">\n<figure class=\"aligncenter size-large is-resized\"><img fetchpriority=\"high\" decoding=\"async\" src=\"https:\/\/sme.goiania.go.gov.br\/conexaoescola\/wp-content\/uploads\/2023\/12\/copie-o-espaco-amigos-olhando-um-ao-outro-com-bolha-de-bate-papo-e1703946336972-1024x683.jpg\" alt=\"\" class=\"wp-image-174887\" width=\"658\" height=\"439\" srcset=\"https:\/\/sme.goiania.go.gov.br\/conexaoescola\/wp-content\/uploads\/2023\/12\/copie-o-espaco-amigos-olhando-um-ao-outro-com-bolha-de-bate-papo-e1703946336972-1024x683.jpg 1024w, https:\/\/sme.goiania.go.gov.br\/conexaoescola\/wp-content\/uploads\/2023\/12\/copie-o-espaco-amigos-olhando-um-ao-outro-com-bolha-de-bate-papo-e1703946336972-300x200.jpg 300w, https:\/\/sme.goiania.go.gov.br\/conexaoescola\/wp-content\/uploads\/2023\/12\/copie-o-espaco-amigos-olhando-um-ao-outro-com-bolha-de-bate-papo-e1703946336972-768x512.jpg 768w, https:\/\/sme.goiania.go.gov.br\/conexaoescola\/wp-content\/uploads\/2023\/12\/copie-o-espaco-amigos-olhando-um-ao-outro-com-bolha-de-bate-papo-e1703946336972.jpg 1500w\" sizes=\"(max-width: 658px) 100vw, 658px\" \/><figcaption class=\"wp-element-caption\">Imagem 1: Dispon\u00edvel em: &lt;<a href=\"https:\/\/br.freepik.com\/fotos-gratis\/copie-o-espaco-amigos-olhando-um-ao-outro-com-bolha-de-bate-papo_5966195.htm#query=dialogo&amp;position=24&amp;from_view=search&amp;track=sph&amp;uuid=fb242d85-d7f6-4812-9903-44ea2d76984e\">https:\/\/br.freepik.com\/fotos-gratis\/copie-o-espaco-amigos-olhando-um-ao-outro-com-bolha-de-bate-papo_5966195.htm#query=dialogo&amp;position=24&amp;from_view=search&amp;track=sph&amp;uuid=fb242d85-d7f6-4812-9903-44ea2d76984e<\/a>> Acesso em: 20, dez. 2023<\/figcaption><\/figure><\/div>\n\n\n<p class=\"has-black-color has-text-color has-medium-font-size\">A escrita de textos narrativos exige do autor cuidado com a sele\u00e7\u00e3o vocabular e estrat\u00e9gias de escrita a depender de sua intencionalidade e dos efeitos que deseja conferir ao texto. A escolha pelo emprego dos mecanismos de representa\u00e7\u00e3o de diferentes vozes por meio do discurso direto ou indireto nesses textos contribui para esses efeitos.<\/p>\n\n\n\n<p class=\"has-black-color has-text-color has-medium-font-size\">No <strong>discurso direto<\/strong>, as palavras exatas de um personagem s\u00e3o citadas entre aspas ou seguidas de um travess\u00e3o. \u00c9 como se o pr\u00f3prio personagem estivesse falando. Por exemplo:<\/p>\n\n\n\n<p class=\"has-text-align-center has-black-color has-text-color has-medium-font-size\"><em>Maria disse: &#8220;Estou muito feliz com a not\u00edcia!&#8221;<\/em><\/p>\n\n\n\n<p class=\"has-text-align-center has-black-color has-text-color has-medium-font-size\"><em>Maria disse:<\/em> <\/p>\n\n\n\n<p class=\"has-text-align-center has-black-color has-text-color has-medium-font-size\">&#8211; <em>Estou muito feliz com a not\u00edcia!<\/em><\/p>\n\n\n\n<p class=\"has-black-color has-text-color has-medium-font-size\">No <strong>discurso indireto<\/strong>, a fala do personagem \u00e9 relatada sem ser citada diretamente, utilizando uma estrutura diferente da do discurso direto, dita pelo narrador do texto. Por exemplo:<\/p>\n\n\n\n<p class=\"has-text-align-center has-black-color has-text-color has-medium-font-size\"><em>Maria disse <strong>que <\/strong>estava muito feliz com a not\u00edcia.<\/em><\/p>\n\n\n\n<p class=\"has-black-color has-text-color has-medium-font-size\">Observe que a palavra \u201cque\u201d demarca a fala de Maria, mas expressa, nesse contexto, pelo narrador.&nbsp;<\/p>\n\n\n\n<p class=\"has-black-color has-text-color has-medium-font-size\">Em s\u00edntese, o discurso direto transmite as palavras exatas de algu\u00e9m, enquanto o indireto relata o que foi dito de forma mais resumida e sem as aspas ou travess\u00e3o.<\/p>\n\n\n\n<p class=\"has-black-color has-text-color has-medium-font-size\">Esses recursos lingu\u00edsticos e mecanismos de representa\u00e7\u00e3o de vozes s\u00e3o fundamentais para enriquecer a comunica\u00e7\u00e3o e proporcionar nuances diferentes nas express\u00f5es lingu\u00edsticas. Desse modo, s\u00e3o cruciais para dar vida aos di\u00e1logos e \u00e0 narrativa como um todo. O uso habilidoso do discurso direto pode criar momentos de intensidade e realismo, permitindo que os personagens se expressem de forma aut\u00eantica, com suas pr\u00f3prias vozes. J\u00e1 o discurso indireto pode ser usado para sintetizar falas ou para transmitir informa\u00e7\u00f5es de maneira mais sutil, integrando-as organicamente \u00e0 narrativa.<\/p>\n\n\n\n<p class=\"has-black-color has-text-color has-medium-font-size\">Qual desses mecanismos de representa\u00e7\u00e3o de vozes mais parece com seu estilo de escrita?<\/p>\n\n\n\n<p class=\"has-text-align-center has-black-color has-text-color has-background has-medium-font-size\" style=\"background-color:#f9a3bd9c\"><strong>Responda \u00e0s quest\u00f5es a seguir.<\/strong><\/p>\n\n\n\n<p class=\"has-black-color has-text-color has-medium-font-size\"><strong>Leia o seguinte texto para responder \u00e0s duas pr\u00f3ximas quest\u00f5es.<\/strong><\/p>\n\n\n\n<p class=\"has-black-color has-text-color has-medium-font-size\"><em>Ana estava muito animada para contar a novidade aos amigos. Ela entrou na sala, onde todos estavam reunidos, e disse:<\/em><\/p>\n\n\n\n<p class=\"has-black-color has-text-color has-medium-font-size\"><em>\u2014 Gente, tenho uma \u00f3tima not\u00edcia! Consegui o emprego dos meus sonhos!<\/em><\/p>\n\n\n\n<p class=\"has-black-color has-text-color has-medium-font-size\"><em>Os amigos, empolgados, parabenizaram-na calorosamente. Jo\u00e3o, o mais pr\u00f3ximo de Ana, estava sorridente e disse:<\/em><\/p>\n\n\n\n<p class=\"has-black-color has-text-color has-medium-font-size\"><em>\u2014 Ana, isso \u00e9 maravilhoso! Voc\u00ea merece, parab\u00e9ns!<\/em><\/p>\n\n\n\n<p class=\"has-text-align-right\">Texto elaborado pela equipe NEC\/SME para fins did\u00e1ticos.<\/p>\n\n\n\n<p class=\"has-black-color has-text-color has-background has-medium-font-size\" style=\"background-color:#f9a3bd9c\"><strong>QUEST\u00c3O 1 <\/strong><\/p>\n\n\n\n<p class=\"has-black-color has-text-color has-medium-font-size\">O trecho <em>\u2014 Gente, tenho uma \u00f3tima not\u00edcia! Consegui o emprego dos meus sonhos!<\/em> est\u00e1 escrito: <\/p>\n\n\n\n<p class=\"has-black-color has-text-color has-medium-font-size\">(A) no discurso direto, porque h\u00e1 a fala direta da personagem, introduzida por um travess\u00e3o. <\/p>\n\n\n\n<p class=\"has-black-color has-text-color has-medium-font-size\">(B) no discurso indireto, porque h\u00e1 a fala indireta da personagem, introduzida por um travess\u00e3o. <\/p>\n\n\n\n<p class=\"has-black-color has-text-color has-medium-font-size\">(C) no discurso direto, porque o narrador introduz a fala da personagem com um verbo dicendi, dois-pontos e fala por ela. <\/p>\n\n\n\n<p class=\"has-black-color has-text-color has-medium-font-size\">(D) no discurso indireto, porque porque o narrador fala pela personagem, e n\u00e3o ela.<\/p>\n\n\n\n<p class=\"has-black-color has-text-color has-background has-medium-font-size\" style=\"background-color:#f9a3bd9c\"><strong>QUEST\u00c3O 2<\/strong> <\/p>\n\n\n\n<p class=\"has-black-color has-text-color has-medium-font-size\">Reescreva o seguinte trecho alterando o discurso direto pelo discurso indireto.<\/p>\n\n\n\n<p class=\"has-black-color has-text-color has-medium-font-size\"><em>Os amigos, empolgados, parabenizaram-na calorosamente. Jo\u00e3o, o mais pr\u00f3ximo de Ana, estava sorridente e disse:<\/em><\/p>\n\n\n\n<p class=\"has-black-color has-text-color has-medium-font-size\"><em>\u2014 Ana, isso \u00e9 maravilhoso! Voc\u00ea merece, parab\u00e9ns!<\/em><\/p>\n\n\n\n<p class=\"has-black-color has-text-color has-background has-medium-font-size\" style=\"background-color:#f9a3bd9c\"><strong>QUEST\u00c3O 3 <\/strong><\/p>\n\n\n\n<p class=\"has-black-color has-text-color has-medium-font-size\">Assinale a alternativa em que h\u00e1 um exemplo de discurso indireto. <\/p>\n\n\n\n<p class=\"has-black-color has-text-color has-medium-font-size\">(A) \u201cEu faria tudo pra n\u00e3o te perder assim, mas o dia vem, e deixo voc\u00ea ir\u201d. <\/p>\n\n\n\n<p class=\"has-black-color has-text-color has-medium-font-size\">(B) \u201cQuando a chuva passar, abra a janela e veja, eu sou o sol\u201d. <\/p>\n\n\n\n<p class=\"has-black-color has-text-color has-medium-font-size\">(C) \u201cT\u00f4 ligando pra te avisar que a partir de agora eu t\u00f4 solteira\u201d. <\/p>\n\n\n\n<p class=\"has-black-color has-text-color has-medium-font-size\">(D) \u201cO amor \u00e9 feito de paix\u00f5es e quando perde a raz\u00e3o n\u00e3o sabe quem vai machucar\u201d. <\/p>\n\n\n\n<p class=\"has-black-color has-text-color has-background has-medium-font-size\" style=\"background-color:#f9a3bd9c\"><strong>QUEST\u00c3O 4<\/strong><\/p>\n\n\n\n<p class=\"has-black-color has-text-color has-medium-font-size\">Observe a seguinte imagem:<\/p>\n\n\n<div class=\"wp-block-image\">\n<figure class=\"aligncenter size-large is-resized\"><img decoding=\"async\" src=\"https:\/\/sme.goiania.go.gov.br\/conexaoescola\/wp-content\/uploads\/2023\/12\/3998263_14212-1024x640.jpg\" alt=\"\" class=\"wp-image-174886\" width=\"738\" height=\"461\" srcset=\"https:\/\/sme.goiania.go.gov.br\/conexaoescola\/wp-content\/uploads\/2023\/12\/3998263_14212-1024x640.jpg 1024w, https:\/\/sme.goiania.go.gov.br\/conexaoescola\/wp-content\/uploads\/2023\/12\/3998263_14212-300x188.jpg 300w, https:\/\/sme.goiania.go.gov.br\/conexaoescola\/wp-content\/uploads\/2023\/12\/3998263_14212-768x480.jpg 768w, https:\/\/sme.goiania.go.gov.br\/conexaoescola\/wp-content\/uploads\/2023\/12\/3998263_14212-1536x960.jpg 1536w, https:\/\/sme.goiania.go.gov.br\/conexaoescola\/wp-content\/uploads\/2023\/12\/3998263_14212-2048x1280.jpg 2048w\" sizes=\"(max-width: 738px) 100vw, 738px\" \/><figcaption class=\"wp-element-caption\">Playing children cartoon background with outdoor summer activities symbols vector illustration Imagem 2: Cena cotidiana no parque. Dispon\u00edvel em &lt;ahref=&#8221;<a href=\"https:\/\/br.freepik.com\/vetores-gratis\/jogando-criancas-cartoon-fundo-com-ilustracao-em-vetor-simbolos-atividades-ao-ar-livre-do-verao_3998263.htm#query=cena%20crian%C3%A7a%20soltando%20pipa&amp;position=26&amp;from_view=search&amp;track=ais&amp;uuid=9923e842-5f02-4816-9a1a-839f59d63f4d\">https:\/\/br.freepik.com\/vetores-gratis\/jogando-criancas-cartoon-fundo-com-ilustracao-em-vetor-simbolos-atividades-ao-ar-livre-do-verao_3998263.htm#query=cena%20crian%C3%A7a%20soltando%20pipa&amp;position=26&amp;from_view=search&amp;track=ais&amp;uuid=9923e842-5f02-4816-9a1a-839f59d63f4d<\/a>&#8220;> Acesso em; 20, dez. 2023<\/figcaption><\/figure><\/div>\n\n\n<p class=\"has-black-color has-text-color has-medium-font-size\">Considerando a imagem acima, elabore um texto narrativo criativo. Seu texto deve conter a representa\u00e7\u00e3o de vozes no discurso direto e indireto. D\u00ea um t\u00edtulo para sua hist\u00f3ria.<\/p>\n\n\n\n<hr class=\"wp-block-separator has-alpha-channel-opacity\"\/>\n\n\n\n<figure class=\"wp-block-table is-style-stripes\"><table><tbody><tr><td><strong>Autoria:<\/strong><\/td><td>Marlon Santos<\/td><\/tr><tr><td><strong>Forma\u00e7\u00e3o:<\/strong><\/td><td>Letras \u2013 Portugu\u00eas<\/td><\/tr><tr><td><strong>Componente Curricular:<\/strong><\/td><td>L\u00edngua Portuguesa<\/td><\/tr><tr><td><strong>Habilidade:<\/strong><\/td><td>(EF06LP12) Utilizar, ao produzir texto do campo Art\u00edstico-Liter\u00e1rio, recursos de coes\u00e3o referencial (nome e pronomes), recursos sem\u00e2nticos de sinon\u00edmia, anton\u00edmia e homon\u00edmia e mecanismos de representa\u00e7\u00e3o de diferentes vozes (discurso direto e indireto).<\/td><\/tr><tr><td><strong>Refer\u00eancias:<\/strong><\/td><td>GOI\u00c2NIA. Secretaria Municipal de Educa\u00e7\u00e3o. Aprender Sempre. 6\u00b0 ao 9\u00ba ano \u2013 Ensino Fundamental; L\u00edngua Portuguesa; 4\u00b0 Bimestre; Goi\u00e2nia, 2023.<\/td><\/tr><\/tbody><\/table><\/figure>\n","protected":false},"author":42,"featured_media":174887,"template":"","ef_categoria":[15,30],"ef_ano":[89],"ef_componente":[93],"class_list":["post-174885","ensino_fundamental","type-ensino_fundamental","status-publish","has-post-thumbnail","hentry","ef_categoria-ciclo-da-adolescencia-fg","ef_categoria-etica-e-cidadania-ciclo-da-adolescencia-fg","ef_ano-6o-ano","ef_componente-portugues","entry","has-media"],"acf":[],"_links":{"self":[{"href":"https:\/\/sme.goiania.go.gov.br\/conexaoescola\/wp-json\/wp\/v2\/ensino_fundamental\/174885","targetHints":{"allow":["GET"]}}],"collection":[{"href":"https:\/\/sme.goiania.go.gov.br\/conexaoescola\/wp-json\/wp\/v2\/ensino_fundamental"}],"about":[{"href":"https:\/\/sme.goiania.go.gov.br\/conexaoescola\/wp-json\/wp\/v2\/types\/ensino_fundamental"}],"author":[{"embeddable":true,"href":"https:\/\/sme.goiania.go.gov.br\/conexaoescola\/wp-json\/wp\/v2\/users\/42"}],"version-history":[{"count":3,"href":"https:\/\/sme.goiania.go.gov.br\/conexaoescola\/wp-json\/wp\/v2\/ensino_fundamental\/174885\/revisions"}],"predecessor-version":[{"id":174890,"href":"https:\/\/sme.goiania.go.gov.br\/conexaoescola\/wp-json\/wp\/v2\/ensino_fundamental\/174885\/revisions\/174890"}],"wp:featuredmedia":[{"embeddable":true,"href":"https:\/\/sme.goiania.go.gov.br\/conexaoescola\/wp-json\/wp\/v2\/media\/174887"}],"wp:attachment":[{"href":"https:\/\/sme.goiania.go.gov.br\/conexaoescola\/wp-json\/wp\/v2\/media?parent=174885"}],"wp:term":[{"taxonomy":"ef_categoria","embeddable":true,"href":"https:\/\/sme.goiania.go.gov.br\/conexaoescola\/wp-json\/wp\/v2\/ef_categoria?post=174885"},{"taxonomy":"ef_ano","embeddable":true,"href":"https:\/\/sme.goiania.go.gov.br\/conexaoescola\/wp-json\/wp\/v2\/ef_ano?post=174885"},{"taxonomy":"ef_componente","embeddable":true,"href":"https:\/\/sme.goiania.go.gov.br\/conexaoescola\/wp-json\/wp\/v2\/ef_componente?post=174885"}],"curies":[{"name":"wp","href":"https:\/\/api.w.org\/{rel}","templated":true}]}}