{"id":173658,"date":"2023-12-07T19:27:11","date_gmt":"2023-12-07T22:27:11","guid":{"rendered":"https:\/\/sme.goiania.go.gov.br\/conexaoescola\/?post_type=ensino_fundamental&#038;p=173658"},"modified":"2023-12-08T11:07:28","modified_gmt":"2023-12-08T14:07:28","slug":"arte-danca-tradicoes-e-as-cantigas-de-roda","status":"publish","type":"ensino_fundamental","link":"https:\/\/sme.goiania.go.gov.br\/conexaoescola\/ensino_fundamental\/arte-danca-tradicoes-e-as-cantigas-de-roda\/","title":{"rendered":"Arte\/M\u00fasica\/Dan\u00e7a &#8211; Tradi\u00e7\u00f5es e Cantigas de Roda"},"content":{"rendered":"\n<p class=\"has-light-green-cyan-background-color has-background has-medium-font-size\">Esta proposta de Atividade de <strong>Arte<\/strong>, \u00e9 destinada a estudantes do <strong>5\u00ba Ano<\/strong> do Ensino Fundamental.<\/p>\n\n\n\n<div class=\"wp-block-buttons alignwide is-content-justification-center is-layout-flex wp-container-core-buttons-is-layout-16018d1d wp-block-buttons-is-layout-flex\">\n<div class=\"wp-block-button has-custom-font-size has-medium-font-size\"><a class=\"wp-block-button__link has-text-align-center wp-element-button\" href=\"https:\/\/drive.google.com\/uc?export=download&amp;id=1kUedTxljii_l-sY53zTAvQX7i4zB1U2r\">BAIXE A ATIVIDADE<\/a><\/div>\n\n\n\n<div class=\"wp-block-button has-custom-font-size has-medium-font-size\"><a class=\"wp-block-button__link has-text-align-center wp-element-button\" href=\"https:\/\/drive.google.com\/uc?export=download&amp;id=1WIZrLhl_igLtbSla1eI2BqIgvx6vqieu\">BAIXE OS SLIDES<\/a><\/div>\n\n\n\n<div class=\"wp-block-button has-custom-font-size has-medium-font-size\"><a class=\"wp-block-button__link has-text-align-center wp-element-button\" href=\"https:\/\/drive.google.com\/uc?export=download&amp;id=1iCxksd7WIUjfStNcquSdNhyRMC0p3vJ7\">BAIXE O TEXTO<\/a><\/div>\n<\/div>\n\n\n<div class=\"wp-block-image\">\n<figure class=\"aligncenter size-full is-resized\"><img fetchpriority=\"high\" decoding=\"async\" src=\"https:\/\/sme.goiania.go.gov.br\/conexaoescola\/wp-content\/uploads\/2023\/12\/COLA-.png\" alt=\"\" class=\"wp-image-173718\" width=\"470\" height=\"488\" srcset=\"https:\/\/sme.goiania.go.gov.br\/conexaoescola\/wp-content\/uploads\/2023\/12\/COLA-.png 670w, https:\/\/sme.goiania.go.gov.br\/conexaoescola\/wp-content\/uploads\/2023\/12\/COLA--289x300.png 289w\" sizes=\"(max-width: 470px) 100vw, 470px\" \/><\/figure><\/div>\n\n\n<p class=\"has-medium-font-size\">As cantigas de roda s\u00e3o uma forma de express\u00e3o cultural que existe h\u00e1 s\u00e9culos. Elas surgiram na Europa, provavelmente na Idade M\u00e9dia, e foram transmitidas de gera\u00e7\u00e3o em gera\u00e7\u00e3o, atrav\u00e9s da tradi\u00e7\u00e3o oral. No Brasil, as cantigas de roda foram trazidas pelos colonizadores portugueses e espanh\u00f3is e rapidamente se adaptaram \u00e0 cultura local.<\/p>\n\n\n\n<p class=\"has-medium-font-size\">As cantigas de roda s\u00e3o caracterizadas por sua simplicidade e cativante melodia. Elas s\u00e3o geralmente acompanhadas de movimentos e brincadeiras, o que as torna uma atividade divertida e educativa para crian\u00e7as de todas as idades.<\/p>\n\n\n\n<p class=\"has-medium-font-size\">As cantigas de roda t\u00eam uma import\u00e2ncia cultural e social significativa, pois permitem a preserva\u00e7\u00e3o da hist\u00f3ria e tradi\u00e7\u00f5es da cultura popular. Al\u00e9m disso, elas estimulam a intera\u00e7\u00e3o social e a comunica\u00e7\u00e3o entre as pessoas. As cantigas de roda tamb\u00e9m s\u00e3o consideradas uma forma de express\u00e3o art\u00edstica, transmitindo emo\u00e7\u00f5es, sentimentos e contando hist\u00f3rias por meio de suas letras e melodias.<\/p>\n\n\n\n<p class=\"has-medium-font-size\">Atualmente, as cantigas de roda continuam sendo cantadas e dan\u00e7adas por crian\u00e7as e adultos em escolas, festas tradicionais e eventos culturais, proporcionando momentos de divers\u00e3o, aprendizado e integra\u00e7\u00e3o.<\/p>\n\n\n\n<p class=\"has-medium-font-size\">As cantigas de roda s\u00e3o importantes por diversos motivos. <\/p>\n\n\n\n<ul class=\"wp-block-list\">\n<li class=\"has-medium-font-size\">Estimulam a criatividade e a imagina\u00e7\u00e3o: as crian\u00e7as podem usar sua imagina\u00e7\u00e3o para criar novas vers\u00f5es das cantigas, o que contribui para o desenvolvimento da criatividade e da imagina\u00e7\u00e3o.<\/li>\n\n\n\n<li class=\"has-medium-font-size\">Promovem a socializa\u00e7\u00e3o: as cantigas de roda s\u00e3o geralmente cantadas e tocadas em grupo, o que ajuda a promover a socializa\u00e7\u00e3o e a intera\u00e7\u00e3o entre as crian\u00e7as.<\/li>\n\n\n\n<li class=\"has-medium-font-size\">Ensinam valores e costumes: as cantigas de roda muitas vezes transmitem valores e costumes da cultura local, o que contribui para a forma\u00e7\u00e3o da identidade cultural das crian\u00e7as.<\/li>\n\n\n\n<li class=\"has-medium-font-size\">Desenvolvem a linguagem: as cantigas de roda s\u00e3o uma forma de exposi\u00e7\u00e3o \u00e0 linguagem, o que contribui para o desenvolvimento da linguagem oral e escrita das crian\u00e7as.<\/li>\n<\/ul>\n\n\n\n<p class=\"has-medium-font-size\">As cantigas de roda s\u00e3o uma parte importante da cultura brasileira e devem ser preservadas. Elas s\u00e3o uma forma divertida e educativa de transmitir valores, costumes e cultura para as crian\u00e7as. Atirei o pau no gato; Ciranda, cirandinha; Marcha soldado; O cravo brigou com a rosa; O sapo n\u00e3o lava o p\u00e9 s\u00e3o exemplos de cantigas tradicionais em nossa cultura.<\/p>\n\n\n\n<p class=\"has-light-green-cyan-background-color has-background has-medium-font-size\"><strong>Quest\u00e3o 1<\/strong><\/p>\n\n\n<div class=\"wp-block-image\">\n<figure class=\"aligncenter size-large is-resized\"><img decoding=\"async\" src=\"https:\/\/sme.goiania.go.gov.br\/conexaoescola\/wp-content\/uploads\/2023\/11\/roda-2-1024x659.png\" alt=\"\" class=\"wp-image-173398\" width=\"562\" height=\"361\" srcset=\"https:\/\/sme.goiania.go.gov.br\/conexaoescola\/wp-content\/uploads\/2023\/11\/roda-2-1024x659.png 1024w, https:\/\/sme.goiania.go.gov.br\/conexaoescola\/wp-content\/uploads\/2023\/11\/roda-2-300x193.png 300w, https:\/\/sme.goiania.go.gov.br\/conexaoescola\/wp-content\/uploads\/2023\/11\/roda-2-768x494.png 768w, https:\/\/sme.goiania.go.gov.br\/conexaoescola\/wp-content\/uploads\/2023\/11\/roda-2-1536x989.png 1536w, https:\/\/sme.goiania.go.gov.br\/conexaoescola\/wp-content\/uploads\/2023\/11\/roda-2.png 1678w\" sizes=\"(max-width: 562px) 100vw, 562px\" \/><\/figure><\/div>\n\n\n<p class=\"has-medium-font-size\">Marque a alternativa correta.<br>As cantigas de roda t\u00eam uma import\u00e2ncia cultural e social significativa,<br>A) pois permitem a preserva\u00e7\u00e3o da hist\u00f3ria e tradi\u00e7\u00f5es<br>B) pois permitem acabar com a hist\u00f3ria e tradi\u00e7\u00f5es<br>C) pois n\u00e3o permite brincar e cantar<br>D) pois n\u00e3o h\u00e1 socializa\u00e7\u00e3o entre as crian\u00e7as.<\/p>\n\n\n\n<p class=\"has-light-green-cyan-background-color has-background has-medium-font-size\"><strong>Quest\u00e3o 2<\/strong><\/p>\n\n\n\n<p class=\"has-medium-font-size\">Marque a alternativa correta.<br>Cantigas de roda s\u00e3o?<br>A) caracterizadas por sua complexidade com movimentos e passos.<br>B) caracterizadas por sua simplicidade com movimentos e brincadeiras.<br>C) caracterizadas por sua aus\u00eancia de letra e melodia.<br>D) caracterizadas por sua dificuldade de movimentos e brincadeiras.<\/p>\n\n\n\n<p class=\"has-light-green-cyan-background-color has-background has-medium-font-size\"><strong>Quest\u00e3o 3<\/strong><\/p>\n\n\n\n<p class=\"has-medium-font-size\">Veja a Reportagem a seguir:<\/p>\n\n\n\n<figure class=\"wp-block-embed is-type-video is-provider-youtube wp-block-embed-youtube wp-embed-aspect-16-9 wp-has-aspect-ratio\"><div class=\"wp-block-embed__wrapper\">\n<p class=\"responsive-video-wrap clr\"><iframe title=\"Cantigas de Roda\" width=\"1200\" height=\"675\" src=\"https:\/\/www.youtube.com\/embed\/A-16waL9Q94?feature=oembed\" frameborder=\"0\" allow=\"accelerometer; autoplay; clipboard-write; encrypted-media; gyroscope; picture-in-picture; web-share\" allowfullscreen><\/iframe><\/p>\n<\/div><figcaption class=\"wp-element-caption\">Cantigas de Roda &#8211; Programa Diversidade. Dispon\u00edvel em: <a href=\"http:\/\/www.youtube.com\/watch?v=A-16waL9Q94\">www.youtube.com\/watch?v=A-16waL9Q94<\/a><\/figcaption><\/figure>\n\n\n\n<p class=\"has-medium-font-size\"><em>\u201cAs cantigas de roda t\u00eam uma import\u00e2ncia cultural e social significativa, pois permitem a preserva\u00e7\u00e3o da hist\u00f3ria e tradi\u00e7\u00f5es da cultura popular.\u201d<\/em><\/p>\n\n\n\n<p class=\"has-medium-font-size\">Em nosso cotidiano, o di\u00e1logo com os mais velhos como av\u00f3s, bisav\u00f3s, familiares e amigos nos possibilita aprender e conhecer hist\u00f3rias, tradi\u00e7\u00f5es, culturas\u2026<br>Neste sentido, dialoga com pessoas mais velhas e pergunte como eram as brincadeiras de inf\u00e2ncia delas. Depois pergunte se conhecem cantigas de roda e quais?<\/p>\n\n\n\n<p class=\"has-light-green-cyan-background-color has-background has-medium-font-size\"><strong>Quest\u00e3o 4<\/strong><\/p>\n\n\n\n<p class=\"has-medium-font-size\"><strong>Inspira\u00e7\u00e3o:<\/strong><\/p>\n\n\n\n<p class=\"has-medium-font-size\">Vamos ver como algumas crian\u00e7as exploram as cantigas de Escravos de J\u00f3 e De ab\u00f3bora faz mel\u00e3o?<\/p>\n\n\n\n<figure class=\"wp-block-embed is-type-video is-provider-youtube wp-block-embed-youtube wp-embed-aspect-16-9 wp-has-aspect-ratio\"><div class=\"wp-block-embed__wrapper\">\n<p class=\"responsive-video-wrap clr\"><iframe title=\"CANTIGA DE RODA ( ESCRAVO DE J\u00d3)\" width=\"1200\" height=\"675\" src=\"https:\/\/www.youtube.com\/embed\/Mj7TZvi23XA?feature=oembed\" frameborder=\"0\" allow=\"accelerometer; autoplay; clipboard-write; encrypted-media; gyroscope; picture-in-picture; web-share\" allowfullscreen><\/iframe><\/p>\n<\/div><figcaption class=\"wp-element-caption\">Cantiga de roda (Escravo de J\u00f3) &#8211; Camila Picolo. Link: www.youtube.com\/watch?v=Mj7TZvi23XA.<\/figcaption><\/figure>\n\n\n\n<p class=\"has-medium-font-size\"><\/p>\n\n\n\n<figure class=\"wp-block-embed is-type-video is-provider-youtube wp-block-embed-youtube wp-embed-aspect-16-9 wp-has-aspect-ratio\"><div class=\"wp-block-embed__wrapper\">\n<p class=\"responsive-video-wrap clr\"><iframe title=\"De ab\u00f3bora faz mel\u00e3o | Ciranda | Cantiga de roda\" width=\"1200\" height=\"675\" src=\"https:\/\/www.youtube.com\/embed\/6ft7l4BD9qM?feature=oembed\" frameborder=\"0\" allow=\"accelerometer; autoplay; clipboard-write; encrypted-media; gyroscope; picture-in-picture; web-share\" allowfullscreen><\/iframe><\/p>\n<\/div><figcaption class=\"wp-element-caption\">De ab\u00f3bora faz mel\u00e3o | Ciranda | Cantiga de roda. Link: www.youtube.com\/watch?v=6ft7l4BD9qM.<\/figcaption><\/figure>\n\n\n\n<p class=\"has-light-green-cyan-background-color has-background has-medium-font-size\"><strong>Quest\u00e3o 4<\/strong><\/p>\n\n\n\n<p class=\"has-medium-font-size\">Depois de dialogar com os mais velhos, ver v\u00eddeos e refletir sobre as Cantigas de Roda. \u00c9 a nossa vez!<\/p>\n\n\n<div class=\"wp-block-image\">\n<figure class=\"aligncenter size-full is-resized\"><img decoding=\"async\" src=\"https:\/\/sme.goiania.go.gov.br\/conexaoescola\/wp-content\/uploads\/2023\/12\/COLA-4.png\" alt=\"\" class=\"wp-image-173736\" width=\"485\" height=\"272\" srcset=\"https:\/\/sme.goiania.go.gov.br\/conexaoescola\/wp-content\/uploads\/2023\/12\/COLA-4.png 769w, https:\/\/sme.goiania.go.gov.br\/conexaoescola\/wp-content\/uploads\/2023\/12\/COLA-4-300x168.png 300w\" sizes=\"(max-width: 485px) 100vw, 485px\" \/><\/figure><\/div>\n\n\n<p class=\"has-medium-font-size\">H\u00e1 v\u00e1rias possibilidades de brincar, cantar, dan\u00e7ar e conhecer Cantigas de Roda.<br>Escolha uma cantiga de seu gosto, com os colegas e a professora ou professor, criem uma forma diferente de dan\u00e7a\/brincar com a cantiga que escolheu.<\/p>\n\n\n\n<p class=\"has-medium-font-size\">Clique no bot\u00e3o e veja <strong>43 cantigas<\/strong> diferentes para se inspirar<\/p>\n\n\n\n<div class=\"wp-block-buttons is-content-justification-center is-layout-flex wp-container-core-buttons-is-layout-16018d1d wp-block-buttons-is-layout-flex\">\n<div class=\"wp-block-button has-custom-font-size has-medium-font-size\"><a class=\"wp-block-button__link has-background has-text-align-center wp-element-button\" href=\"https:\/\/drive.google.com\/uc?export=download&amp;id=14q2V0N631k-Pdew-wNisgdYeR1LFiROL9e3RicDTVio\" style=\"background-color:#602b91\">Veja 43 cantigas <\/a><\/div>\n<\/div>\n\n\n\n<div style=\"height:18px\" aria-hidden=\"true\" class=\"wp-block-spacer\"><\/div>\n\n\n\n<p class=\"has-light-green-cyan-background-color has-background has-medium-font-size\"><strong>Saiba mais<\/strong><\/p>\n\n\n\n<p class=\"has-medium-font-size\">Brincadeiras Regionais | Centro-Oeste. NOVA ESCOLA &#8211; Link: www.youtube.com\/watch?v=-LxocV2TYl0.<\/p>\n\n\n\n<figure class=\"wp-block-embed is-type-video is-provider-youtube wp-block-embed-youtube wp-embed-aspect-16-9 wp-has-aspect-ratio\"><div class=\"wp-block-embed__wrapper\">\n<p class=\"responsive-video-wrap clr\"><iframe title=\"TRILHAS DO BRINCAR | Cantiga de roda\" width=\"1200\" height=\"675\" src=\"https:\/\/www.youtube.com\/embed\/ChzTt0mm-U4?feature=oembed\" frameborder=\"0\" allow=\"accelerometer; autoplay; clipboard-write; encrypted-media; gyroscope; picture-in-picture; web-share\" allowfullscreen><\/iframe><\/p>\n<\/div><figcaption class=\"wp-element-caption\">TRILHAS DO BRINCAR | Cantiga de roda. Inf\u00e2ncias. Link: www.youtube.com\/watch?v=ChzTt0mm-U4<\/figcaption><\/figure>\n\n\n\n<figure class=\"wp-block-embed is-type-video is-provider-youtube wp-block-embed-youtube wp-embed-aspect-16-9 wp-has-aspect-ratio\"><div class=\"wp-block-embed__wrapper\">\n<p class=\"responsive-video-wrap clr\"><iframe title=\"Cantigas de Roda - DVD - Palavra Cantada\" width=\"1200\" height=\"675\" src=\"https:\/\/www.youtube.com\/embed\/videoseries?list=PLJP_tVi1LVdhdC0U8pc590Tj_WQ-hzbhM\" frameborder=\"0\" allow=\"accelerometer; autoplay; clipboard-write; encrypted-media; gyroscope; picture-in-picture; web-share\" allowfullscreen><\/iframe><\/p>\n<\/div><figcaption class=\"wp-element-caption\">Playlist: Cantigas de Roda &#8211; Palavra Cantada Oficial, com 10 v\u00eddeos. Dispon\u00edvel em: <a href=\"http:\/\/www.youtube.com\/playlist?list=PLJP_tVi1LVdhdC0U8pc590Tj_WQ-hzbhM\">www.youtube.com\/playlist?list=PLJP_tVi1LVdhdC0U8pc590Tj_WQ-hzbhM<\/a><\/figcaption><\/figure>\n\n\n\n<p><\/p>\n\n\n\n<hr class=\"wp-block-separator has-alpha-channel-opacity\"\/>\n\n\n\n<figure class=\"wp-block-table is-style-regular\"><table><tbody><tr><td><strong>Autoria:<\/strong><\/td><td>Ariadiny C\u00e2ndido Morais<\/td><\/tr><tr><td><strong>Forma\u00e7\u00e3o:<\/strong><\/td><td>Pedagoga e Mestre em Educa\u00e7\u00e3o.<\/td><\/tr><tr><td><strong>Componente Curricular:<\/strong><\/td><td>ARTE\/M\u00fasica\/Dan\u00e7a<\/td><\/tr><tr><td><strong>Habilidades:<\/strong><br>Elementos da Linguagem:<br>Elementos constitutivos da m\u00fasica<br><br>Contextos e Pr\u00e1ticas: Produ\u00e7\u00f5es em dan\u00e7a Produ\u00e7\u00e3o goiana e seus contextos.<br>Processos de Cria\u00e7\u00e3o: Processos de cria\u00e7\u00e3o e de composi\u00e7\u00e3o em dan\u00e7a. Materiais, recursos e espa\u00e7os convencionais, alternativos e\/ou digitais.<\/td><td>(GO-EF05AR14-B\/C) Perceber e identificar os elementos constitutivos da m\u00fasica, melodia, harmonia<br>e ritmo e do som, altura, intensidade, timbre, dura\u00e7\u00e3o, por meio de pr\u00e1ticas musicais diversas.<br><br>(GO-EF05AR08-B) Realizar leituras e releituras de produ\u00e7\u00f5es em dan\u00e7a em seus diferentes espa\u00e7os, de modo a ampliar as possibilidades de rela\u00e7\u00e3o da dan\u00e7a, em contextos diversos.<br><br>(GO-EF05AR12-B) Desenvolver processos de cria\u00e7\u00e3o e de composi\u00e7\u00e3o em dan\u00e7a, com base em temas ou interesses art\u00edsticos, fazendo uso de materiais recursos e espa\u00e7os convencionais, alternativos e\/ou digitais.<br><br>(EF15AR23) Reconhecer e experimentar, em projetos tem\u00e1ticos, as rela\u00e7\u00f5es processuais entre diversas linguagens art\u00edsticas.<\/td><\/tr><tr><td><strong>Refer\u00eancias:&nbsp;<\/strong><\/td><td>GOI\u00c1S. Documento Curricular para Goi\u00e1s \u2013 Ampliado. Volume II. Ensino Fundamental Anos Finais. CONSED; UNDIME, 2018. 433 p. Dispon\u00edvel em: &lt;<a href=\"https:\/\/sme.goiania.go.gov.br\/site\/index.php\/institucional\/documentos-oficiais-2\/category\/27-documentos-gerais&amp;gt&amp;gt\">sme.goiania.go.gov.br\/site\/index.php\/institucional\/documentos-oficiais-2\/category\/27-documentos-gerais&amp;gt&amp;gt<\/a>. Acesso em 23\/03\/2023.<br><br>GOI\u00c1S. Documento Curricular para Goi\u00e1s \u2013 Ampliado. Cortes Temporais. CONSED; UNDIME, 2019. p. 143. Dispon\u00edvel em: &lt;<a href=\"https:\/\/sme.goiania.go.gov.br\/site\/index.php\/institucional\/documentos-oficiais-2\">sme.goiania.go.gov.br\/site\/index.php\/institucional\/documentos-oficiais-2&gt;<\/a>. Acesso em: 23\/06\/2023.Toda Mat\u00e9ria. <br><br>As 43 Cantigas de Roda mais Populares do Brasil. Daniela Diana &#8211; Dispon\u00edvel em: <a href=\"http:\/\/www.todamateria.com.br\/cantigas-de-roda\">www.todamateria.com.br\/cantigas-de-roda<\/a>. Acesso em: 08\/08\/2023.<\/td><\/tr><\/tbody><\/table><\/figure>\n","protected":false},"author":12,"featured_media":173718,"template":"","ef_categoria":[14,22],"ef_ano":[88],"ef_componente":[99],"class_list":["post-173658","ensino_fundamental","type-ensino_fundamental","status-publish","has-post-thumbnail","hentry","ef_categoria-ciclo-da-infancia-de","ef_categoria-corpo-e-movimento-ciclo-da-infancia-de","ef_ano-5o-ano","ef_componente-arte-ef","entry","has-media"],"acf":[],"_links":{"self":[{"href":"https:\/\/sme.goiania.go.gov.br\/conexaoescola\/wp-json\/wp\/v2\/ensino_fundamental\/173658","targetHints":{"allow":["GET"]}}],"collection":[{"href":"https:\/\/sme.goiania.go.gov.br\/conexaoescola\/wp-json\/wp\/v2\/ensino_fundamental"}],"about":[{"href":"https:\/\/sme.goiania.go.gov.br\/conexaoescola\/wp-json\/wp\/v2\/types\/ensino_fundamental"}],"author":[{"embeddable":true,"href":"https:\/\/sme.goiania.go.gov.br\/conexaoescola\/wp-json\/wp\/v2\/users\/12"}],"version-history":[{"count":7,"href":"https:\/\/sme.goiania.go.gov.br\/conexaoescola\/wp-json\/wp\/v2\/ensino_fundamental\/173658\/revisions"}],"predecessor-version":[{"id":173836,"href":"https:\/\/sme.goiania.go.gov.br\/conexaoescola\/wp-json\/wp\/v2\/ensino_fundamental\/173658\/revisions\/173836"}],"wp:featuredmedia":[{"embeddable":true,"href":"https:\/\/sme.goiania.go.gov.br\/conexaoescola\/wp-json\/wp\/v2\/media\/173718"}],"wp:attachment":[{"href":"https:\/\/sme.goiania.go.gov.br\/conexaoescola\/wp-json\/wp\/v2\/media?parent=173658"}],"wp:term":[{"taxonomy":"ef_categoria","embeddable":true,"href":"https:\/\/sme.goiania.go.gov.br\/conexaoescola\/wp-json\/wp\/v2\/ef_categoria?post=173658"},{"taxonomy":"ef_ano","embeddable":true,"href":"https:\/\/sme.goiania.go.gov.br\/conexaoescola\/wp-json\/wp\/v2\/ef_ano?post=173658"},{"taxonomy":"ef_componente","embeddable":true,"href":"https:\/\/sme.goiania.go.gov.br\/conexaoescola\/wp-json\/wp\/v2\/ef_componente?post=173658"}],"curies":[{"name":"wp","href":"https:\/\/api.w.org\/{rel}","templated":true}]}}