{"id":173227,"date":"2023-12-01T07:00:00","date_gmt":"2023-12-01T10:00:00","guid":{"rendered":"https:\/\/sme.goiania.go.gov.br\/conexaoescola\/?post_type=ensino_fundamental&#038;p=173227"},"modified":"2023-11-22T15:57:58","modified_gmt":"2023-11-22T18:57:58","slug":"lingua-inglesa-days-of-the-week","status":"publish","type":"ensino_fundamental","link":"https:\/\/sme.goiania.go.gov.br\/conexaoescola\/ensino_fundamental\/lingua-inglesa-days-of-the-week\/","title":{"rendered":"L\u00edngua Inglesa &#8211; Days of the week"},"content":{"rendered":"\n<p class=\"has-background has-medium-font-size\" style=\"background-color:#fcb90063\">Esta proposta de atividade de\u00a0<strong>L\u00edngua Inglesa<\/strong>\u00a0\u00e9 destinada aos estudantes do\u00a0<strong>1\u00ba ano do Ensino Fundamental \u2013 Anos Iniciais<\/strong><\/p>\n\n\n\n<div class=\"wp-block-buttons is-content-justification-center is-layout-flex wp-container-core-buttons-is-layout-16018d1d wp-block-buttons-is-layout-flex\">\n<div class=\"wp-block-button has-custom-font-size has-medium-font-size\"><a class=\"wp-block-button__link wp-element-button\" href=\"https:\/\/drive.google.com\/uc?export=download&amp;id=1ofpfab_Y4UC9cLW4mxPZCuQLJMe2d_IU\">BAIXE A ATIVIDADE<\/a><\/div>\n\n\n\n<div class=\"wp-block-button has-custom-font-size has-medium-font-size\"><a class=\"wp-block-button__link wp-element-button\" href=\"https:\/\/drive.google.com\/uc?export=download&amp;id=1gSKi4fFl2ArVk0NcW4hcu8gZ4a0cOxY9\">BAIXE OS SLIDES<\/a><\/div>\n\n\n\n<div class=\"wp-block-button has-custom-font-size has-medium-font-size\"><a class=\"wp-block-button__link wp-element-button\" href=\"https:\/\/drive.google.com\/uc?export=download&amp;id=10TxjkoyBMGWMPN57o_6z6HyaY60a2eBV\">BAIXE O TEXTO<\/a><\/div>\n<\/div>\n\n\n\n<hr class=\"wp-block-separator has-alpha-channel-opacity is-style-wide\"\/>\n\n\n<div class=\"wp-block-image\">\n<figure class=\"aligncenter size-large is-resized\"><img fetchpriority=\"high\" decoding=\"async\" src=\"https:\/\/sme.goiania.go.gov.br\/conexaoescola\/wp-content\/uploads\/2023\/11\/Post-para-Portal-5-e1700676076686-1024x1024.jpg\" alt=\"\" class=\"wp-image-173230\" width=\"419\" height=\"419\"\/><\/figure><\/div>\n\n\n<p class=\"has-small-font-size\">Imagem dispon\u00edvel em: <a href=\"https:\/\/www.canva.com\/design\/DAFwJt7EuRs\/WF8Ae53-CptQiFD0rv2VrA\/edit?utm_content=DAFwJt7EuRs&amp;utm_campaign=designshare&amp;utm_medium=link2&amp;utm_source=sharebutton\">https:\/\/www.canva.com\/design\/DAFwJt7EuRs\/WF8Ae53-CptQiFD0rv2VrA\/edit?utm_content=DAFwJt7EuRs&amp;utm_campaign=designshare&amp;utm_medium=link2&amp;utm_source=sharebutton<\/a> > Acesso em 22\/11\/2023.<\/p>\n\n\n\n<p class=\"has-text-align-center has-medium-font-size\"><strong>DIAS DA\u00a0 SEMANA<\/strong><\/p>\n\n\n\n<div class=\"wp-block-media-text has-media-on-the-right is-stacked-on-mobile\" style=\"grid-template-columns:auto 37%\"><div class=\"wp-block-media-text__content\">\n<p class=\"has-medium-font-size\">EM UMA SEMANA DE SETE, VAMOS COME\u00c7AR.<\/p>\n\n\n\n<p class=\"has-medium-font-size\">DOMINGO COME\u00c7A NOSSA JORNADA.<\/p>\n\n\n\n<p class=\"has-medium-font-size\">CHEGOU SEGUNDA-FEIRA, \u00c9 UM NOVO DIA.<\/p>\n\n\n\n<p class=\"has-medium-font-size\">ESCOLA E AMIGOS, ESTAMOS A CAMINHO.<\/p>\n<\/div><figure class=\"wp-block-media-text__media\"><img decoding=\"async\" width=\"1024\" height=\"1024\" src=\"https:\/\/sme.goiania.go.gov.br\/conexaoescola\/wp-content\/uploads\/2023\/11\/1086701_185-1-e1700676278771-1024x1024.jpg\" alt=\"\" class=\"wp-image-173233 size-full\" srcset=\"https:\/\/sme.goiania.go.gov.br\/conexaoescola\/wp-content\/uploads\/2023\/11\/1086701_185-1-e1700676278771-1024x1024.jpg 1024w, https:\/\/sme.goiania.go.gov.br\/conexaoescola\/wp-content\/uploads\/2023\/11\/1086701_185-1-e1700676278771-300x300.jpg 300w, https:\/\/sme.goiania.go.gov.br\/conexaoescola\/wp-content\/uploads\/2023\/11\/1086701_185-1-e1700676278771-150x150.jpg 150w, https:\/\/sme.goiania.go.gov.br\/conexaoescola\/wp-content\/uploads\/2023\/11\/1086701_185-1-e1700676278771-768x768.jpg 768w, https:\/\/sme.goiania.go.gov.br\/conexaoescola\/wp-content\/uploads\/2023\/11\/1086701_185-1-e1700676278771-1536x1536.jpg 1536w, https:\/\/sme.goiania.go.gov.br\/conexaoescola\/wp-content\/uploads\/2023\/11\/1086701_185-1-e1700676278771.jpg 2000w\" sizes=\"(max-width: 1024px) 100vw, 1024px\" \/><\/figure><\/div>\n\n\n\n<p class=\"has-medium-font-size\">NA TER\u00c7A-FEIRA O C\u00c9U EST\u00c1 AZUL.<\/p>\n\n\n\n<p class=\"has-medium-font-size\">NA QUARTA-FEIRA UM DIA ESPECIAL PARA MIM E PARA VOC\u00ca.<\/p>\n\n\n\n<p class=\"has-medium-font-size\">NA QUINTA-FEIRA VEJO UM ROSTO AMIG\u00c1VEL.<\/p>\n\n\n\n<p class=\"has-medium-font-size\">NA SEXTA-FEIRA, O FIM DE SEMANA EST\u00c1 PR\u00d3XIMO, PELA GRA\u00c7A.<\/p>\n\n\n\n<p><\/p>\n\n\n\n<p class=\"has-medium-font-size\">S\u00c1BADO \u00c9 UM DIA CHEIO DE DIVERS\u00c3O.<\/p>\n\n\n\n<p class=\"has-medium-font-size\">NOS PARQUES POSSO CORRER.<\/p>\n\n\n\n<p class=\"has-medium-font-size\">DURANTE OS SETE DIAS DA SEMANA.<\/p>\n\n\n\n<p class=\"has-medium-font-size\">EXPLORANDO COISAS, ENCONTRANDO O QUE \u00c9 \u00daNICO.<\/p>\n\n\n\n<p class=\"has-small-font-size\">Imagem dispon\u00edvel em: <a href=\"https:\/\/br.freepik.com\/vetores-gratis\/dias-da-embalagem-semana_1086701.htm#query=days%20of%20the%20week&amp;position=10&amp;from_view=search&amp;track=ais&amp;uuid=cd4b87f2-ca66-45dd-b355-dab1cc73257e\">https:\/\/br.freepik.com\/vetores-gratis\/dias-da-embalagem-semana_1086701.htm#query=days%20of%20the%20week&amp;position=10&amp;from_view=search&amp;track=ais&amp;uuid=cd4b87f2-ca66-45dd-b355-dab1cc73257e<\/a> > Acesso em 20\/11\/2023.<\/p>\n\n\n\n<p class=\"has-luminous-vivid-amber-background-color has-background has-medium-font-size\"><strong>Obs.:<\/strong>\u00a0Quer conhecer um pouco mais? Este texto encontra-se tamb\u00e9m traduzido para a l\u00edngua inglesa. Basta clicar no bot\u00e3o:\u00a0<strong>BAIXE O TEXTO<\/strong><\/p>\n\n\n\n<p class=\"has-medium-font-size\">LEIA PARTE DA LETRA DA M\u00daSICA <strong>\u201cTHERE ARE SEVEN DAYS IN A WEEK\u201d<\/strong>, ESCRITA POR LAWRENCE I. HARON, COMO PARTE DO \u00c1LBUM BARNEY GOES TO SCHOOL, DISPON\u00cdVEL NO LINK:<a href=\"https:\/\/youtu.be\/fR0cYZhD9YE?feature=shared\">https:\/\/youtu.be\/fR0cYZhD9YE?feature=shared<\/a><\/p>\n\n\n\n<div class=\"wp-block-media-text has-media-on-the-right is-stacked-on-mobile\"><div class=\"wp-block-media-text__content\">\n<p class=\"has-medium-font-size\">\u201cTHERE ARE SEVEN DAYS,<\/p>\n\n\n\n<p class=\"has-medium-font-size\">THERE ARE SEVEN DAYS,<\/p>\n\n\n\n<p class=\"has-medium-font-size\">THERE ARE SEVEN DAYS IN A WEEK.<\/p>\n\n\n\n<p class=\"has-medium-font-size\">SUNDAY, MONDAY, TUESDAY, WEDNESDAY,<\/p>\n\n\n\n<p class=\"has-medium-font-size\">THURSDAY, FRIDAY, SATURDAY.\u201d<\/p>\n<\/div><figure class=\"wp-block-media-text__media\"><img decoding=\"async\" width=\"1024\" height=\"551\" src=\"https:\/\/sme.goiania.go.gov.br\/conexaoescola\/wp-content\/uploads\/2023\/11\/1846878_8795-1-scaled-e1700676597300-1024x551.jpg\" alt=\"\" class=\"wp-image-173234 size-full\" srcset=\"https:\/\/sme.goiania.go.gov.br\/conexaoescola\/wp-content\/uploads\/2023\/11\/1846878_8795-1-scaled-e1700676597300-1024x551.jpg 1024w, https:\/\/sme.goiania.go.gov.br\/conexaoescola\/wp-content\/uploads\/2023\/11\/1846878_8795-1-scaled-e1700676597300-300x161.jpg 300w, https:\/\/sme.goiania.go.gov.br\/conexaoescola\/wp-content\/uploads\/2023\/11\/1846878_8795-1-scaled-e1700676597300-768x413.jpg 768w, https:\/\/sme.goiania.go.gov.br\/conexaoescola\/wp-content\/uploads\/2023\/11\/1846878_8795-1-scaled-e1700676597300-1536x827.jpg 1536w, https:\/\/sme.goiania.go.gov.br\/conexaoescola\/wp-content\/uploads\/2023\/11\/1846878_8795-1-scaled-e1700676597300-2048x1102.jpg 2048w\" sizes=\"(max-width: 1024px) 100vw, 1024px\" \/><\/figure><\/div>\n\n\n\n<p class=\"has-background has-medium-font-size\" style=\"background-color:#fcb90063\"><strong>QUEST\u00c3O 1<\/strong><\/p>\n\n\n\n<p class=\"has-medium-font-size\">QUANTOS DIAS TEM A SEMANA?<\/p>\n\n\n\n<p class=\"has-medium-font-size\">(A)&nbsp; SEVEN.<\/p>\n\n\n\n<p class=\"has-medium-font-size\">(B)&nbsp; SEVENTY.<\/p>\n\n\n\n<p class=\"has-medium-font-size\">(C)&nbsp; SUNDAY.<\/p>\n\n\n\n<p class=\"has-medium-font-size\">(D)&nbsp; SATURDAY.<\/p>\n\n\n\n<p class=\"has-background has-medium-font-size\" style=\"background-color:#fcb90063\"><strong>QUEST\u00c3O 2<\/strong><\/p>\n\n\n\n<p class=\"has-medium-font-size\">MARQUE A ALTERNATIVA QUE MOSTRA APENAS OS DIAS DA SEMANA:<\/p>\n\n\n\n<p class=\"has-medium-font-size\">(A)&nbsp; SUNDAY, SEVEN, MONDAY.<\/p>\n\n\n\n<p class=\"has-medium-font-size\">(B)&nbsp; SEVEN, MONDAY, SATURDAY.<\/p>\n\n\n\n<p class=\"has-medium-font-size\">(C)&nbsp; SUNDAY, MONDAY, TUESDAY.<\/p>\n\n\n\n<p class=\"has-medium-font-size\">(D)\u00a0 WEDNESDAY, FRIDAY, SEPTEMBER.<\/p>\n\n\n\n<p class=\"has-background has-medium-font-size\" style=\"background-color:#fcb90063\"><strong>QUEST\u00c3O 3<\/strong><\/p>\n\n\n\n<p class=\"has-medium-font-size\">OS DIAS DA SEMANA SERVEM PARA QU\u00ca?<\/p>\n\n\n\n<p class=\"has-medium-font-size\">(A)&nbsp; ONLY TO REST.<\/p>\n\n\n\n<p class=\"has-medium-font-size\">(B)&nbsp; TO DO NOTHING.<\/p>\n\n\n\n<p class=\"has-medium-font-size\">(C)&nbsp; TO ORGANIZE OUR ROUTINE AND MONTHS OF THE YEAR.<\/p>\n\n\n\n<p class=\"has-medium-font-size\">(D)\u00a0 TO ONLY HAVE FUN ALL THE YEAR ALONG.<\/p>\n\n\n\n<p class=\"has-background has-medium-font-size\" style=\"background-color:#fcb90063\"><strong>QUEST\u00c3O 4<\/strong><\/p>\n\n\n\n<p class=\"has-medium-font-size\">QUAL O SEU DIA DA SEMANA FAVORITO? ESCREVA O MOTIVO DELE SER O SEU FAVORITO E DESENHE O QUE VOC\u00ca FAZ DURANTE ESTE DIA:<\/p>\n\n\n\n<p>_____________________________________________________________________________________________________________________________________________________________________________________________________________________________________________________________________________________________________________________________________________________________________<\/p>\n\n\n<div class=\"wp-block-image\">\n<figure class=\"aligncenter size-full is-resized\"><img loading=\"lazy\" decoding=\"async\" src=\"https:\/\/sme.goiania.go.gov.br\/conexaoescola\/wp-content\/uploads\/2023\/10\/RETANGULO-e1700678966407.png\" alt=\"\" class=\"wp-image-171658\" width=\"664\" height=\"399\"\/><\/figure><\/div>\n\n\n<p class=\"has-background has-medium-font-size\" style=\"background-color:#fcb90063\"><strong>QUEST\u00c3O 5<\/strong><\/p>\n\n\n\n<p class=\"has-medium-font-size\">QUE TAL ACESSAR O LINK A SEGUIR E OUVIR E CANTAR A M\u00daSICA: \u201cTHERE ARE SEVEN DAYS IN A WEEK\u201d?<\/p>\n\n\n\n<figure class=\"wp-block-embed is-type-video is-provider-youtube wp-block-embed-youtube wp-embed-aspect-16-9 wp-has-aspect-ratio\"><div class=\"wp-block-embed__wrapper\">\n<p class=\"responsive-video-wrap clr\"><iframe title=\"Days of the Week Song for Kids | Sing along with Barney and Friends\" width=\"1200\" height=\"675\" src=\"https:\/\/www.youtube.com\/embed\/fR0cYZhD9YE?feature=oembed\" frameborder=\"0\" allow=\"accelerometer; autoplay; clipboard-write; encrypted-media; gyroscope; picture-in-picture; web-share\" allowfullscreen><\/iframe><\/p>\n<\/div><figcaption class=\"wp-element-caption\">Dispon\u00edvel em: <a href=\"https:\/\/youtu.be\/fR0cYZhD9YE?feature=shared\">https:\/\/youtu.be\/fR0cYZhD9YE?feature=shared<\/a>\u00a0<\/figcaption><\/figure>\n\n\n\n<p class=\"has-background has-medium-font-size\" style=\"background-color:#fcb90063\"><strong>QUEST\u00c3O 6<\/strong><\/p>\n\n\n\n<p class=\"has-medium-font-size\">COMO VOC\u00ca ORGANIZA SEUS DIAS DURANTE A SEMANA? \u00c9 POSS\u00cdVEL FAZER TUDO QUE DESEJA DURANTE ESSES DIAS?<\/p>\n\n\n\n<p class=\"has-text-align-center has-background has-medium-font-size\" style=\"background-color:#fcb90063\"><strong>LET&#8217;S PLAY<\/strong><\/p>\n\n\n<div class=\"wp-block-image\">\n<figure class=\"aligncenter size-large is-resized\"><img loading=\"lazy\" decoding=\"async\" src=\"https:\/\/sme.goiania.go.gov.br\/conexaoescola\/wp-content\/uploads\/2023\/11\/Days-of-the-week-e1700679225486-1024x576.jpg\" alt=\"\" class=\"wp-image-173239\" width=\"563\" height=\"316\" srcset=\"https:\/\/sme.goiania.go.gov.br\/conexaoescola\/wp-content\/uploads\/2023\/11\/Days-of-the-week-e1700679225486-1024x576.jpg 1024w, https:\/\/sme.goiania.go.gov.br\/conexaoescola\/wp-content\/uploads\/2023\/11\/Days-of-the-week-e1700679225486-300x169.jpg 300w, https:\/\/sme.goiania.go.gov.br\/conexaoescola\/wp-content\/uploads\/2023\/11\/Days-of-the-week-e1700679225486-768x432.jpg 768w, https:\/\/sme.goiania.go.gov.br\/conexaoescola\/wp-content\/uploads\/2023\/11\/Days-of-the-week-e1700679225486-1536x864.jpg 1536w, https:\/\/sme.goiania.go.gov.br\/conexaoescola\/wp-content\/uploads\/2023\/11\/Days-of-the-week-e1700679225486.jpg 1920w\" sizes=\"(max-width: 563px) 100vw, 563px\" \/><\/figure><\/div>\n\n\n<p class=\"has-small-font-size\">Imagem dispon\u00edvel em: <a href=\"https:\/\/www.canva.com\/design\/DAF0uaOIEyg\/_VjsvZc58CyzdMe6BfAlvQ\/edit?utm_content=DAF0uaOIEyg&amp;utm_campaign=designshare&amp;utm_medium=link2&amp;utm_source=sharebutton\">https:\/\/www.canva.com\/design\/DAF0uaOIEyg\/_VjsvZc58CyzdMe6BfAlvQ\/edit?utm_content=DAF0uaOIEyg&amp;utm_campaign=designshare&amp;utm_medium=link2&amp;utm_source=sharebutton<\/a> > Acesso em 22\/11\/2023.<\/p>\n\n\n\n<p class=\"has-text-align-center has-large-font-size\"><a href=\"https:\/\/www.gamestolearnenglish.com\/days-of-the-week\/\">https:\/\/www.gamestolearnenglish.com\/days-of-the-week\/<\/a><\/p>\n\n\n\n<hr class=\"wp-block-separator has-alpha-channel-opacity is-style-wide\"\/>\n\n\n\n<figure class=\"wp-block-table is-style-stripes\"><table><tbody><tr><td><strong>Autoria:<\/strong><\/td><td>Andrielly Campos<\/td><\/tr><tr><td><strong>Forma\u00e7\u00e3o:<\/strong><\/td><td>Letras: Portugu\u00eas \/ Ingl\u00eas e Pedagogia<\/td><\/tr><tr><td><strong>Componente Curricular:<\/strong><\/td><td>L\u00edngua Inglesa<\/td><\/tr><tr><td><strong>Habilidades:<\/strong><\/td><td>(GO-EF01LI03) Vivenciar atividades l\u00fadicas, cantar, dan\u00e7ar, brincar, para utilizar, em diferentes contextos, o repert\u00f3rio lingu\u00edstico em rela\u00e7\u00e3o aos per\u00edodos do dia, dias da semana, adjetivos usados para descrever o clima e o tempo.<\/td><\/tr><tr><td><strong>Refer\u00eancias:&nbsp;<\/strong><\/td><td>GOI\u00c1S. Documento Curricular para Goi\u00e1s \u2013 Ampliado. Volume II. Ensino Fundamental Anos Finais. CONSED; UNDIME, 2018. 433 p. Dispon\u00edvel em &lt;<a href=\"https:\/\/sme.goiania.go.gov.br\/site\/index.php\/institucional\/documentos-oficiais-2\/category\/27-documentos-gerais&amp;gt&amp;gt\">https:\/\/sme.goiania.go.gov.br\/site\/index.php\/institucional\/documentos-oficiais-2\/category\/27-documentos-gerais&amp;gt&amp;gt<\/a>;> Acesso em 20\/11\/2023.<br><br>LINGO BEST ACADEMY (Berlim) (org.). <strong>Days of the week<\/strong>: learn the names of the days and how to ask questions about dates. Learn the names of the days and how to ask questions about dates. Dispon\u00edvel em: <a href=\"https:\/\/www.lingobest.com\/free-online-english-course\/learn-days-week-english\/\">https:\/\/www.lingobest.com\/free-online-english-course\/learn-days-week-english\/<\/a> > Acesso em: 21 nov. 2023.<\/td><\/tr><\/tbody><\/table><\/figure>\n","protected":false},"author":43,"featured_media":173230,"template":"","ef_categoria":[13,21],"ef_ano":[84],"ef_componente":[101],"class_list":["post-173227","ensino_fundamental","type-ensino_fundamental","status-publish","has-post-thumbnail","hentry","ef_categoria-ciclo-da-infancia-abc","ef_categoria-experiencias-e-curiosidades","ef_ano-1o-ano","ef_componente-lingua-inglesa","entry","has-media"],"acf":[],"_links":{"self":[{"href":"https:\/\/sme.goiania.go.gov.br\/conexaoescola\/wp-json\/wp\/v2\/ensino_fundamental\/173227","targetHints":{"allow":["GET"]}}],"collection":[{"href":"https:\/\/sme.goiania.go.gov.br\/conexaoescola\/wp-json\/wp\/v2\/ensino_fundamental"}],"about":[{"href":"https:\/\/sme.goiania.go.gov.br\/conexaoescola\/wp-json\/wp\/v2\/types\/ensino_fundamental"}],"author":[{"embeddable":true,"href":"https:\/\/sme.goiania.go.gov.br\/conexaoescola\/wp-json\/wp\/v2\/users\/43"}],"version-history":[{"count":3,"href":"https:\/\/sme.goiania.go.gov.br\/conexaoescola\/wp-json\/wp\/v2\/ensino_fundamental\/173227\/revisions"}],"predecessor-version":[{"id":173243,"href":"https:\/\/sme.goiania.go.gov.br\/conexaoescola\/wp-json\/wp\/v2\/ensino_fundamental\/173227\/revisions\/173243"}],"wp:featuredmedia":[{"embeddable":true,"href":"https:\/\/sme.goiania.go.gov.br\/conexaoescola\/wp-json\/wp\/v2\/media\/173230"}],"wp:attachment":[{"href":"https:\/\/sme.goiania.go.gov.br\/conexaoescola\/wp-json\/wp\/v2\/media?parent=173227"}],"wp:term":[{"taxonomy":"ef_categoria","embeddable":true,"href":"https:\/\/sme.goiania.go.gov.br\/conexaoescola\/wp-json\/wp\/v2\/ef_categoria?post=173227"},{"taxonomy":"ef_ano","embeddable":true,"href":"https:\/\/sme.goiania.go.gov.br\/conexaoescola\/wp-json\/wp\/v2\/ef_ano?post=173227"},{"taxonomy":"ef_componente","embeddable":true,"href":"https:\/\/sme.goiania.go.gov.br\/conexaoescola\/wp-json\/wp\/v2\/ef_componente?post=173227"}],"curies":[{"name":"wp","href":"https:\/\/api.w.org\/{rel}","templated":true}]}}