{"id":173187,"date":"2023-11-21T20:34:31","date_gmt":"2023-11-21T23:34:31","guid":{"rendered":"https:\/\/sme.goiania.go.gov.br\/conexaoescola\/?post_type=ensino_fundamental&#038;p=173187"},"modified":"2023-11-21T20:34:32","modified_gmt":"2023-11-21T23:34:32","slug":"lingua-portuguesa-efeitos-de-sentido-em-decorrencia-de-recursos-ortograficos-ou-morfossintaticos-descritor-19","status":"publish","type":"ensino_fundamental","link":"https:\/\/sme.goiania.go.gov.br\/conexaoescola\/ensino_fundamental\/lingua-portuguesa-efeitos-de-sentido-em-decorrencia-de-recursos-ortograficos-ou-morfossintaticos-descritor-19\/","title":{"rendered":"L\u00edngua Portuguesa &#8211; Efeitos de sentido em decorr\u00eancia de recursos ortogr\u00e1ficos ou morfossint\u00e1ticos (Descritor 19)"},"content":{"rendered":"\n<p class=\"has-black-color has-pale-cyan-blue-background-color has-text-color has-background has-medium-font-size\">Esta atividade de\u00a0<strong>L\u00edngua Portuguesa<\/strong>, que tem como base os descritores do\u00a0<strong>Programa Minha Escola \u00e9 Nota 10 (MEN10) \u2013 Goi\u00e2nia<\/strong>\u00a0e o\u00a0<strong>DC\/GO \u2013 Ampliado<\/strong>, est\u00e1 destinada a estudantes do\u00a0<strong>9\u00ba ano<\/strong>\u00a0do Ensino Fundamental. <\/p>\n\n\n\n<div class=\"wp-block-buttons is-content-justification-center is-layout-flex wp-container-core-buttons-is-layout-16018d1d wp-block-buttons-is-layout-flex\">\n<div class=\"wp-block-button\"><a class=\"wp-block-button__link wp-element-button\" href=\"https:\/\/drive.google.com\/uc?export=download&amp;id=1IqeUCPO1_W1SYck3nkxC6uZf9xKbU2AX\" target=\"_blank\" rel=\"noreferrer noopener\">BAIXE AS ATIVIDADES<\/a><\/div>\n\n\n\n<div class=\"wp-block-button\"><a class=\"wp-block-button__link wp-element-button\" href=\"https:\/\/drive.google.com\/uc?export=download&amp;id=13LggYaf46ujhT88LcgekC3CHbb1djz65\" target=\"_blank\" rel=\"noreferrer noopener\">BAIXE OS SLIDES<\/a><\/div>\n\n\n\n<div class=\"wp-block-button\"><a class=\"wp-block-button__link wp-element-button\" href=\"https:\/\/drive.google.com\/uc?export=download&amp;id=13U2RjxjrvIuS5RDS3aAQreTZVGOBoWP-\" target=\"_blank\" rel=\"noreferrer noopener\">BAIXE O TEXTO<\/a><\/div>\n<\/div>\n\n\n<div class=\"wp-block-image\">\n<figure class=\"aligncenter size-large is-resized\"><img fetchpriority=\"high\" decoding=\"async\" src=\"https:\/\/sme.goiania.go.gov.br\/conexaoescola\/wp-content\/uploads\/2023\/11\/25457156_7055477-e1700602399510-1024x1024.jpg\" alt=\"\" class=\"wp-image-173189\" width=\"535\" height=\"535\"\/><figcaption class=\"wp-element-caption\">Imagem 1:&lt;<a href=\"https:\/\/br.freepik.com\/vetores-gratis\/ilustracao-do-conceito-de-literatura_25457156.htm#query=ortografia&amp;position=2&amp;from_view=search&amp;track=sph\">https:\/\/br.freepik.com\/vetores-gratis\/ilustracao-do-conceito-de-literatura_25457156.htm#query=ortografia&amp;position=2&amp;from_view=search&amp;track=sph<\/a>&gt;&nbsp; Acesso em: 08, nov. 2023<\/figcaption><\/figure><\/div>\n\n\n<p class=\"has-black-color has-text-color has-medium-font-size\">A sele\u00e7\u00e3o de determinada palavra, estrutura sint\u00e1tica ou morfol\u00f3gica em lugar de uma outra pode responder a uma inten\u00e7\u00e3o particular do interlocutor de produzir certo efeito discursivo no texto. Por isso \u00e9 importante compreender os aspectos gramaticais da l\u00edngua para aplicarmos em nossos textos os mais variados efeitos de sentido. Por exemplo, em um texto, o autor pode optar pelo emprego de per\u00edodos mais curtos com o objetivo de provocar um efeito de velocidade ou pressa.<\/p>\n\n\n\n<p class=\"has-black-color has-text-color has-medium-font-size\">Mais do que identificar a estrutura sint\u00e1tica apresentada em um texto, vale discernir sobre o efeito discursivo provocado no leitor, isto \u00e9, observar os motivos de uma escolha para fins de se conseguir alcan\u00e7ar certos efeitos.<\/p>\n\n\n\n<p class=\"has-black-color has-text-color has-medium-font-size\">Veja um exemplo em que a estrutura sint\u00e1tica do texto provoca um efeito de sentido.<\/p>\n\n\n<div class=\"wp-block-image\">\n<figure class=\"aligncenter size-full is-resized\"><img decoding=\"async\" src=\"https:\/\/sme.goiania.go.gov.br\/conexaoescola\/wp-content\/uploads\/2023\/11\/Slide1.png\" alt=\"\" class=\"wp-image-173188\" width=\"258\" height=\"276\" srcset=\"https:\/\/sme.goiania.go.gov.br\/conexaoescola\/wp-content\/uploads\/2023\/11\/Slide1.png 386w, https:\/\/sme.goiania.go.gov.br\/conexaoescola\/wp-content\/uploads\/2023\/11\/Slide1-280x300.png 280w\" sizes=\"(max-width: 258px) 100vw, 258px\" \/><figcaption class=\"wp-element-caption\">NEVES, Lib\u00e9rio. Pedra solid\u00e3o. Belo Horizonte: Movimento Perspectiva, 1965.<\/figcaption><\/figure><\/div>\n\n\n<p class=\"has-black-color has-text-color has-medium-font-size\">Observe que o trecho do poema de Lib\u00e9rio Neves brinca com a disposi\u00e7\u00e3o das palavras no texto para criar um efeito de sentido. O fato de o p\u00e1ssaro que voava levar um tiro, faz com que ele caia. O efeito do tiro, o movimento da queda, \u00e9 representado graficamente no texto.<\/p>\n\n\n\n<p class=\"has-black-color has-text-color has-medium-font-size\">Neste caso, portanto, o autor utilizou a estrutura sint\u00e1tica do poema para provocar o efeito de sentido que representa a a\u00e7\u00e3o contada. <\/p>\n\n\n\n<p class=\"has-text-align-center has-black-color has-text-color has-background has-medium-font-size\" style=\"background-color:#ffcf4c\">Assista \u00e0 videoaula do professor Marlon Santos com essa tem\u00e1tica.<\/p>\n\n\n\n<figure class=\"wp-block-embed aligncenter is-type-video is-provider-youtube wp-block-embed-youtube wp-embed-aspect-16-9 wp-has-aspect-ratio\"><div class=\"wp-block-embed__wrapper\">\n<p class=\"responsive-video-wrap clr\"><iframe title=\"Videoaula 11- L\u00edngua Portuguesa - D19 - Reconhecer o efeito de sentido decorrente da exp... - 9\u00ba Ano\" width=\"1200\" height=\"675\" src=\"https:\/\/www.youtube.com\/embed\/kvcFQT0DTLs?list=PLxRkqxlT0AC3bJO8JvdFPSPxQGew3NMjE\" frameborder=\"0\" allow=\"accelerometer; autoplay; clipboard-write; encrypted-media; gyroscope; picture-in-picture; web-share\" allowfullscreen><\/iframe><\/p>\n<\/div><figcaption class=\"wp-element-caption\">Canal Portal Conex\u00e3o Escola &#8211; Videoaula 11- L\u00edngua Portuguesa &#8211; D19 &#8211; Reconhecer o efeito de sentido decorrente da exp&#8230; &#8211; 9\u00ba Ano &#8211; Dispon\u00edvel em: &lt;https:\/\/www.youtube.com\/watch?v=kvcFQT0DTLs&amp;list=PLxRkqxlT0AC3bJO8JvdFPSPxQGew3NMjE&amp;index=12&amp;ab_channel=PortalConex%C3%A3oEscola&gt;<\/figcaption><\/figure>\n\n\n\n<p class=\"has-text-align-center has-black-color has-text-color has-background has-medium-font-size\" style=\"background-color:#ffcf4c\"><strong>Leia o texto e responda \u00e0s quest\u00f5es a seguir.<\/strong><\/p>\n\n\n\n<p class=\"has-text-align-center has-black-color has-text-color has-medium-font-size\"><strong>Para al\u00e9m da curva da estrada<\/strong><\/p>\n\n\n\n<p class=\"has-text-align-center has-black-color has-text-color has-medium-font-size\">Para al\u00e9m da curva da estrada&nbsp;<\/p>\n\n\n\n<p class=\"has-text-align-center has-black-color has-text-color has-medium-font-size\">Talvez haja um po\u00e7o, e talvez um castelo,&nbsp;<\/p>\n\n\n\n<p class=\"has-text-align-center has-black-color has-text-color has-medium-font-size\">E talvez apenas a continua\u00e7\u00e3o da estrada.&nbsp;<\/p>\n\n\n\n<p class=\"has-text-align-center has-black-color has-text-color has-medium-font-size\">N\u00e3o sei nem pergunto.&nbsp;<\/p>\n\n\n\n<p class=\"has-text-align-center has-black-color has-text-color has-medium-font-size\">Enquanto vou na estrada antes da curva&nbsp;<\/p>\n\n\n\n<p class=\"has-text-align-center has-black-color has-text-color has-medium-font-size\">S\u00f3 olho para a estrada antes da curva,&nbsp;<\/p>\n\n\n\n<p class=\"has-text-align-center has-black-color has-text-color has-medium-font-size\">Porque n\u00e3o posso ver sen\u00e3o a estrada antes da curva.&nbsp;<\/p>\n\n\n\n<p class=\"has-text-align-center has-black-color has-text-color has-medium-font-size\">De nada me serviria estar olhando para outro lado&nbsp;<\/p>\n\n\n\n<p class=\"has-text-align-center has-black-color has-text-color has-medium-font-size\">E para aquilo que n\u00e3o vejo.&nbsp;<\/p>\n\n\n\n<p class=\"has-text-align-center has-black-color has-text-color has-medium-font-size\">Importemo-nos apenas com o lugar onde estamos.&nbsp;<\/p>\n\n\n\n<p class=\"has-text-align-center has-black-color has-text-color has-medium-font-size\">H\u00e1 beleza bastante em estar aqui e n\u00e3o noutra parte qualquer.&nbsp;<\/p>\n\n\n\n<p class=\"has-text-align-center has-black-color has-text-color has-medium-font-size\">Se h\u00e1 algu\u00e9m para al\u00e9m da curva da estrada,&nbsp;<\/p>\n\n\n\n<p class=\"has-text-align-center has-black-color has-text-color has-medium-font-size\">Esses que se preocupem com o que h\u00e1 para al\u00e9m da curva da estrada.&nbsp;<\/p>\n\n\n\n<p class=\"has-text-align-center has-black-color has-text-color has-medium-font-size\">Essa \u00e9 que \u00e9 a estrada para eles.&nbsp;<\/p>\n\n\n\n<p class=\"has-text-align-center has-black-color has-text-color has-medium-font-size\">Se n\u00f3s tivermos que chegar l\u00e1, quando l\u00e1 chegarmos saberemos.&nbsp;<\/p>\n\n\n\n<p class=\"has-text-align-center has-black-color has-text-color has-medium-font-size\">Por ora s\u00f3 sabemos que l\u00e1 n\u00e3o estamos.&nbsp;<\/p>\n\n\n\n<p class=\"has-text-align-center has-black-color has-text-color has-medium-font-size\">Aqui h\u00e1 s\u00f3 a estrada antes da curva, e antes da curva&nbsp;<\/p>\n\n\n\n<p class=\"has-text-align-center has-black-color has-text-color has-medium-font-size\">H\u00e1 a estrada sem curva nenhuma.<\/p>\n\n\n\n<p class=\"has-text-align-right has-black-color has-text-color has-small-font-size\">CAEIRO, A. <strong>Para al\u00e9m da curva da estrada<\/strong>. Dispon\u00edvel em: <a href=\"http:\/\/www.dominiopublico.gov.br\/download\/texto\/wk000381.pdf\">http:\/\/www.dominiopublico.gov.br\/download\/texto\/wk000381.pdf<\/a> Acesso em: 30, out. 2023<\/p>\n\n\n\n<p class=\"has-black-color has-pale-cyan-blue-background-color has-text-color has-background has-medium-font-size\"><strong>QUEST\u00c3O 1<\/strong> <\/p>\n\n\n\n<p class=\"has-black-color has-text-color has-medium-font-size\">Ao elaborar um texto, as escolhas de estruturas morfol\u00f3gicas ou sint\u00e1ticas&nbsp; est\u00e3o associadas a determinadas inten\u00e7\u00f5es discursivas do autor para produzir determinados efeitos de sentido. No poema de Alberto Caeiro, o eu l\u00edrico repete v\u00e1rias vezes o sintagma \u201cestrada antes da curva\u201d. Levante hip\u00f3teses: o que a repeti\u00e7\u00e3o dessa estrutura pode representar na produ\u00e7\u00e3o de sentido do poema? <\/p>\n\n\n\n<p class=\"has-black-color has-pale-cyan-blue-background-color has-text-color has-background has-medium-font-size\"><strong>QUEST\u00c3O 2 <\/strong> <\/p>\n\n\n\n<p class=\"has-black-color has-text-color has-medium-font-size\">Retirado do poema \u201cPara al\u00e9m da curva\u201d, um verso que exprime ideia de d\u00favida e outro que exprime certeza, respectivamente, s\u00e3o: <\/p>\n\n\n\n<p class=\"has-black-color has-text-color has-medium-font-size\">(A) Para al\u00e9m da curva da estrada | S\u00f3 olho para a estrada antes da curva&nbsp;<\/p>\n\n\n\n<p class=\"has-black-color has-text-color has-medium-font-size\">(B) Talvez haja um po\u00e7o, e talvez um castelo | E talvez apenas a continua\u00e7\u00e3o da estrada <\/p>\n\n\n\n<p class=\"has-black-color has-text-color has-medium-font-size\">(C) E talvez apenas a continua\u00e7\u00e3o da estrada | H\u00e1 beleza bastante em estar aqui e n\u00e3o noutra parte qualquer <\/p>\n\n\n\n<p class=\"has-black-color has-text-color has-medium-font-size\">(D) Se n\u00f3s tivermos que chegar l\u00e1, quando l\u00e1 chegarmos saberemos | N\u00e3o sei nem pergunto<\/p>\n\n\n\n<p class=\"has-black-color has-pale-cyan-blue-background-color has-text-color has-background has-medium-font-size\"><strong><strong>QUEST\u00c3O 3<\/strong><\/strong><\/p>\n\n\n\n<p class=\"has-black-color has-text-color has-medium-font-size\">Que mensagem o poema de Alberto Caeiro transmite ao leitor? <\/p>\n\n\n\n<p class=\"has-black-color has-pale-cyan-blue-background-color has-text-color has-background has-medium-font-size\"><strong><strong><strong>QUEST\u00c3O 4<\/strong> <\/strong> <\/strong><\/p>\n\n\n\n<p class=\"has-black-color has-text-color has-medium-font-size\">Releia os seguintes versos do poema:<\/p>\n\n\n\n<p class=\"has-text-align-center has-black-color has-text-color has-medium-font-size\">S\u00f3 olho para a estrada antes da curva,&nbsp;<\/p>\n\n\n\n<p class=\"has-text-align-center has-black-color has-text-color has-medium-font-size\"><strong>Porque<\/strong> n\u00e3o posso ver sen\u00e3o a estrada antes da curva.<\/p>\n\n\n\n<p class=\"has-black-color has-text-color has-medium-font-size\">O termo em destaque introduz uma ideia: <\/p>\n\n\n\n<p class=\"has-black-color has-text-color has-medium-font-size\">(A) explicativa&nbsp; <\/p>\n\n\n\n<p class=\"has-black-color has-text-color has-medium-font-size\">(B) ilustrativa <\/p>\n\n\n\n<p class=\"has-black-color has-text-color has-medium-font-size\">(C) alternativa <\/p>\n\n\n\n<p class=\"has-black-color has-text-color has-medium-font-size\">(D) concessiva <\/p>\n\n\n\n<p class=\"has-black-color has-pale-cyan-blue-background-color has-text-color has-background has-medium-font-size\"><strong>QUEST\u00c3O 5<\/strong>  <\/p>\n\n\n\n<p class=\"has-black-color has-text-color has-medium-font-size\">Alberto Caeiro \u00e9 um heter\u00f4nimo do poeta portugu\u00eas Fernando Pessoa. Sabendo disso: <\/p>\n\n\n\n<p class=\"has-black-color has-text-color has-medium-font-size\">(A) Pesquise sobre a diferen\u00e7a entre pseud\u00f4nimo e heter\u00f4nimo. <\/p>\n\n\n\n<p class=\"has-black-color has-text-color has-medium-font-size\">(B) Pesquise sobre quem foi Fernando Pessoa e qual a import\u00e2ncia de sua obra para a literatura em l\u00edngua portuguesa.<\/p>\n\n\n\n<hr class=\"wp-block-separator has-alpha-channel-opacity\"\/>\n\n\n\n<figure class=\"wp-block-table is-style-stripes\"><table><tbody><tr><td><strong>Autoria:<\/strong><\/td><td>Marlon Santos<\/td><\/tr><tr><td><strong>Forma\u00e7\u00e3o:<\/strong><\/td><td>Letras \u2013 Portugu\u00eas<\/td><\/tr><tr><td><strong>Componente curricular:<\/strong><\/td><td>L\u00edngua Portuguesa<\/td><\/tr><tr><td><strong>Habilidade estruturante:<\/strong><\/td><td>(EF67LP06-A) Avaliar os efeitos de sentido decorrentes das escolhas lexicais e sint\u00e1ticas, bem como os valores ideol\u00f3gicos para compreender a posi\u00e7\u00e3o impl\u00edcita do ve\u00edculo no qual o texto foi publicado.<\/td><\/tr><tr><td><strong>Refer\u00eancias:<\/strong><\/td><td>Documento Curricular para Goi\u00e1s (DC-GO). Goi\u00e2nia\/GO: CONSED\/ UNDIME Goi\u00e1s, 2018. Dispon\u00edvel em: &lt;<a href=\"https:\/\/cee.go.gov.br\/\">https:\/\/cee.go.gov.br<\/a>&gt; Acesso em: 01, set. 2023<\/td><\/tr><\/tbody><\/table><\/figure>\n","protected":false},"author":42,"featured_media":173189,"template":"","ef_categoria":[16,36],"ef_ano":[92],"ef_componente":[93],"class_list":["post-173187","ensino_fundamental","type-ensino_fundamental","status-publish","has-post-thumbnail","hentry","ef_categoria-ciclo-da-adolescencia-hi","ef_categoria-etica-e-cidadania-ciclo-da-adolescencia-hi","ef_ano-9o-ano","ef_componente-portugues","entry","has-media"],"acf":[],"_links":{"self":[{"href":"https:\/\/sme.goiania.go.gov.br\/conexaoescola\/wp-json\/wp\/v2\/ensino_fundamental\/173187","targetHints":{"allow":["GET"]}}],"collection":[{"href":"https:\/\/sme.goiania.go.gov.br\/conexaoescola\/wp-json\/wp\/v2\/ensino_fundamental"}],"about":[{"href":"https:\/\/sme.goiania.go.gov.br\/conexaoescola\/wp-json\/wp\/v2\/types\/ensino_fundamental"}],"author":[{"embeddable":true,"href":"https:\/\/sme.goiania.go.gov.br\/conexaoescola\/wp-json\/wp\/v2\/users\/42"}],"version-history":[{"count":3,"href":"https:\/\/sme.goiania.go.gov.br\/conexaoescola\/wp-json\/wp\/v2\/ensino_fundamental\/173187\/revisions"}],"predecessor-version":[{"id":173192,"href":"https:\/\/sme.goiania.go.gov.br\/conexaoescola\/wp-json\/wp\/v2\/ensino_fundamental\/173187\/revisions\/173192"}],"wp:featuredmedia":[{"embeddable":true,"href":"https:\/\/sme.goiania.go.gov.br\/conexaoescola\/wp-json\/wp\/v2\/media\/173189"}],"wp:attachment":[{"href":"https:\/\/sme.goiania.go.gov.br\/conexaoescola\/wp-json\/wp\/v2\/media?parent=173187"}],"wp:term":[{"taxonomy":"ef_categoria","embeddable":true,"href":"https:\/\/sme.goiania.go.gov.br\/conexaoescola\/wp-json\/wp\/v2\/ef_categoria?post=173187"},{"taxonomy":"ef_ano","embeddable":true,"href":"https:\/\/sme.goiania.go.gov.br\/conexaoescola\/wp-json\/wp\/v2\/ef_ano?post=173187"},{"taxonomy":"ef_componente","embeddable":true,"href":"https:\/\/sme.goiania.go.gov.br\/conexaoescola\/wp-json\/wp\/v2\/ef_componente?post=173187"}],"curies":[{"name":"wp","href":"https:\/\/api.w.org\/{rel}","templated":true}]}}