{"id":172781,"date":"2023-11-13T19:28:00","date_gmt":"2023-11-13T22:28:00","guid":{"rendered":"https:\/\/sme.goiania.go.gov.br\/conexaoescola\/?post_type=ensino_fundamental&#038;p=172781"},"modified":"2023-11-13T19:53:20","modified_gmt":"2023-11-13T22:53:20","slug":"historia-o-lazer-e-um-direito","status":"publish","type":"ensino_fundamental","link":"https:\/\/sme.goiania.go.gov.br\/conexaoescola\/ensino_fundamental\/historia-o-lazer-e-um-direito\/","title":{"rendered":"HIST\u00d3RIA &#8211; O lazer \u00e9 um direito"},"content":{"rendered":"\n<p class=\"has-text-align-center has-background has-medium-font-size\" style=\"background-color:#c4dfc0\"><strong>ESTA PROPOSTA DE ATIVIDADE DE HIST\u00d3RIA&nbsp;\u00c9 DESTINADA AOS ESTUDANTES<\/strong>&nbsp;<strong>DO<\/strong>&nbsp;<strong>3\u00ba ANO DO ENSINO FUNDAMENTAL<\/strong>.<\/p>\n\n\n\n<div class=\"wp-block-buttons is-content-justification-center is-layout-flex wp-container-core-buttons-is-layout-16018d1d wp-block-buttons-is-layout-flex\">\n<div class=\"wp-block-button\"><a class=\"wp-block-button__link wp-element-button\" href=\"https:\/\/drive.google.com\/uc?export=download&amp;id=1s60kZ1hLKfu0ce5iF90WeFiTG8NWifvc\" target=\"_blank\" rel=\"noreferrer noopener\">BAIXE A ATIVIDADE <\/a><\/div>\n\n\n\n<div class=\"wp-block-button\"><a class=\"wp-block-button__link wp-element-button\" href=\"https:\/\/drive.google.com\/uc?export=download&amp;id=1DGPbxClpACgSb85_eNIpFp3kb2j5rCh6\" target=\"_blank\" rel=\"noreferrer noopener\">BAIXE OS SLIDES <\/a><\/div>\n\n\n\n<div class=\"wp-block-button\"><a class=\"wp-block-button__link wp-element-button\" href=\"https:\/\/drive.google.com\/uc?export=download&amp;id=1YVbPCJLMvGw3InL1E3r-J_TRnrAVfvPh\" target=\"_blank\" rel=\"noreferrer noopener\">BAIXE O TEXTO <\/a><\/div>\n<\/div>\n\n\n\n<p class=\"has-medium-font-size\">As atividades humanas cotidianas devem intercalar trabalho, estudo e momentos de relaxamento, descanso e divers\u00e3o. Assim, conseguimos ter uma qualidade boa de vida e preservamos a sa\u00fade f\u00edsica e mental.<\/p>\n\n\n\n<p class=\"has-text-align-center has-medium-font-size\"><strong>O LAZER \u00c9 UM DIREITO<\/strong><\/p>\n\n\n<div class=\"wp-block-image\">\n<figure class=\"aligncenter size-full\"><img decoding=\"async\" src=\"https:\/\/sme.goiania.go.gov.br\/conexaoescola\/wp-content\/uploads\/2023\/11\/3-ANO.jpg\" alt=\"\" class=\"wp-image-172786\"\/><\/figure><\/div>\n\n\n<p class=\"has-text-align-center has-small-font-size\"><strong>&nbsp;<\/strong>Dispon\u00edvel em:https:\/\/pixabay.com\/pt\/photos\/parque-jogando-bola-crian%C3%A7as-ver%C3%A3o-6688951\/.Acesso em 10 nov. 2023.<\/p>\n\n\n\n<p class=\"has-medium-font-size\">Em nossas atividades cotidianas temos o direito ao lazer. N\u00e3o \u00e9 saud\u00e1vel para uma pessoa apenas trabalhar e estudar e n\u00e3o dedicar tempo a atividades de descanso, divers\u00e3o e conv\u00edvio familiar.<\/p>\n\n\n\n<p class=\"has-medium-font-size\">O direito ao lazer \u00e9 reconhecido como um direito humano fundamental. Est\u00e1 previsto em diversos instrumentos como a Declara\u00e7\u00e3o Universal dos Direitos Humanos e a Constitui\u00e7\u00e3o Federal.<\/p>\n\n\n\n<p class=\"has-medium-font-size\">O direito ao lazer garante \u00e0s pessoas o tempo e o espa\u00e7o para descansar, se divertir, realizar atividades de lazer e praticar esportes. Ele tamb\u00e9m est\u00e1 relacionado ao direito \u00e0 cultura e \u00e0 participa\u00e7\u00e3o na vida cultural e social da comunidade.<\/p>\n\n\n\n<p class=\"has-medium-font-size\">O lazer \u00e9 importante para que as pessoas conservem a sa\u00fade f\u00edsica e mental, pois proporciona descanso, relaxamento e al\u00edvio do estresse. Al\u00e9m disso, o lazer tamb\u00e9m contribui para que tenhamos mais criatividade, contatos sociais, aprendizado de conhecimentos diversos e desenvolvimento pessoal. Por esses motivos, \u00e9 essencial encontrar um equil\u00edbrio entre o trabalho e o lazer na vida cotidiana.<\/p>\n\n\n\n<p class=\"has-medium-font-size\">Os espa\u00e7os para lazer s\u00e3o locais destinados ao descanso, entretenimento e divers\u00e3o das pessoas. \u00c9 fundamental que existam espa\u00e7os de lazer p\u00fablicos e gratuitos, que podem incluir parques, pra\u00e7as, praias, cinemas, teatros, zonas de recrea\u00e7\u00e3o, entre outros. Esses espa\u00e7os s\u00e3o importantes para promover o bem-estar e a qualidade de vida das pessoas.<\/p>\n\n\n\n<p class=\"has-text-align-center has-medium-font-size\"><strong>AGORA \u00c9 COM VOC\u00caS, VAMOS RESPONDER ALGUMAS QUEST\u00d5ES?<\/strong><\/p>\n\n\n\n<p class=\"has-text-align-left has-background has-medium-font-size\" style=\"background-color:#c4dfc0\"><strong>QUEST\u00c3O 1<\/strong><\/p>\n\n\n\n<p class=\"has-medium-font-size\">Crian\u00e7as e adultos podem encontrar modalidades de lazer diferenciadas.<\/p>\n\n\n\n<p class=\"has-medium-font-size\">Entreviste um adulto e uma crian\u00e7a sobre as atividades de lazer preferidas e preencha as informa\u00e7\u00f5es.<\/p>\n\n\n\n<p class=\"has-medium-font-size\">a) Entrevista com o adulto<\/p>\n\n\n\n<p class=\"has-medium-font-size\">1 &#8211; Qual a sua atividade de lazer preferida?<\/p>\n\n\n\n<p class=\"has-medium-font-size\">2 &#8211; Em que momentos de sua semana voc\u00ea costuma realiz\u00e1-la?<\/p>\n\n\n\n<p class=\"has-medium-font-size\">3 &#8211; Por quais motivos voc\u00ea gosta de praticar a atividade?<\/p>\n\n\n\n<p class=\"has-medium-font-size\">b) Entrevista com a crian\u00e7a<\/p>\n\n\n\n<p class=\"has-medium-font-size\">1 &#8211; Qual a sua atividade de lazer preferida?<\/p>\n\n\n\n<p class=\"has-medium-font-size\">2 &#8211; Em que momentos de sua semana voc\u00ea costuma realiz\u00e1-la?<\/p>\n\n\n\n<p class=\"has-medium-font-size\">3 &#8211; Por quais motivos voc\u00ea gosta de praticar a atividade?<\/p>\n\n\n\n<p class=\"has-medium-font-size\"><\/p>\n\n\n\n<p class=\"has-text-align-left has-background has-medium-font-size\" style=\"background-color:#c4dfc0\"><strong>QUEST\u00c3O 2<\/strong><\/p>\n\n\n\n<p class=\"has-medium-font-size\">Os espa\u00e7os de lazer devem estar espalhados por v\u00e1rias regi\u00f5es das cidades, para que todos tenham acesso.<\/p>\n\n\n\n<p class=\"has-medium-font-size\">Fa\u00e7a uma pesquisa dos espa\u00e7os de lazer que existem na regi\u00e3o da cidade em que voc\u00ea mora, informando as caracter\u00edsticas, onde est\u00e1 localizado e quais atividades as pessoas podem realizar.<\/p>\n\n\n\n<p class=\"has-text-align-left has-background has-medium-font-size\" style=\"background-color:#c4dfc0\"><strong>QUEST\u00c3O<\/strong> <strong>3<\/strong><\/p>\n\n\n\n<p class=\"has-medium-font-size\">Os espa\u00e7os de lazer s\u00e3o modificados ao longo do tempo e evoluem de acordo com as tecnologias e interesses sociais.<\/p>\n\n\n\n<p class=\"has-medium-font-size\">Qual espa\u00e7o de lazer n\u00e3o era existente na Antiguidade e que hoje \u00e9 comum nos centros urbanos:<\/p>\n\n\n\n<p class=\"has-medium-font-size\">a) Cinemas.<\/p>\n\n\n\n<p class=\"has-medium-font-size\">b) Pra\u00e7as.<\/p>\n\n\n\n<p class=\"has-medium-font-size\">c) Teatros.<\/p>\n\n\n\n<p class=\"has-medium-font-size\">d) Bosques com \u00e1reas verdes.<\/p>\n\n\n\n<p class=\"has-text-align-left has-background has-medium-font-size\" style=\"background-color:#c4dfc0\"><strong>QUEST\u00c3O 4<\/strong><\/p>\n\n\n\n<p class=\"has-medium-font-size\">A cidade de Goi\u00e2nia tem em sua estrutura v\u00e1rios ambientes para o lazer, que podem ser usufru\u00eddos pela popula\u00e7\u00e3o.&nbsp;<\/p>\n\n\n\n<p class=\"has-medium-font-size\">Assinale a alternativa que representa um espa\u00e7o de lazer existente na capital do Estado de Goi\u00e1s:<\/p>\n\n\n\n<p class=\"has-medium-font-size\">a) Cristo Redentor.<\/p>\n\n\n\n<p class=\"has-medium-font-size\">b) Praia de Copacabana.<\/p>\n\n\n\n<p class=\"has-medium-font-size\">c) Bosque dos Buritis.<\/p>\n\n\n\n<p class=\"has-medium-font-size\">d) Museu do Ipiranga.<\/p>\n\n\n\n<hr class=\"wp-block-separator has-alpha-channel-opacity\"\/>\n\n\n\n<figure class=\"wp-block-table is-style-stripes\"><table><tbody><tr><td><strong>Autoria:<\/strong><\/td><td>Lorena Guimar\u00e3es<\/td><\/tr><tr><td><strong>Forma\u00e7\u00e3o:<\/strong><\/td><td>Formada em Pedagogia e Letras<\/td><\/tr><tr><td><strong>Componente<\/strong>:<\/td><td>Hist\u00f3ria<\/td><\/tr><tr><td><strong>Habilidade<\/strong>:<\/td><td>(EF03HI12) Comparar as rela\u00e7\u00f5es de trabalho e lazer do presente com as de outros tempos e espa\u00e7os, analisando mudan\u00e7as e perman\u00eancias.<br>(GO-EF03HI12-A) Conhecer as atividades de lazer praticadas e\/ou possibilitadas em seu munic\u00edpio e comunidade, comparando com outros munic\u00edpios, em diferentes tempos.<br><\/td><\/tr><tr><td><strong>Refer\u00eancias:<\/strong><\/td><td>GOI\u00c1S. Documento Curricular para Goi\u00e1s \u2013 Ampliado. Volume II. Ensino Fundamental Anos Finais. CONSED; UNDIME, 2018. 433 p. Dispon\u00edvel em &lt;<a href=\"https:\/\/sme.goiania.go.gov.br\/site\/index.php\/institucional\/documentos-oficiais-2\/category\/27-documentos-gerais&amp;gt&amp;gt\">sme.goiania.go.gov.br\/site\/index.php\/institucional\/documentos-oficiais-2\/category\/27-documentos-gerais&amp;gt&amp;gt<\/a>;. Acesso em 23\/03\/2023.<br><br>GOI\u00c1S. Documento Curricular para Goi\u00e1s \u2013 Ampliado. Cortes Temporais. CONSED; UNDIME, 2019. p. 143. Dispon\u00edvel em: &lt;<a href=\"https:\/\/sme.goiania.go.gov.br\/site\/index.php\/institucional\/documentos-oficiais-2\">sme.goiania.go.gov.br\/site\/index.php\/institucional\/documentos-oficiais-2 &gt;&nbsp;<\/a>. Acesso em 23\/03\/2023.<br><br>PREFEITURA DE GOI\u00c2NIA. Parques e bosques. Dispon\u00edvel em: https:\/\/www.goiania.go.gov.br\/sobre-goiania\/parques-e-bosques\/. Acesso em 10 nov. 2023.&nbsp;<br><br>RECORD TV GOI\u00c1S. Parques de Goi\u00e2nia melhoram cen\u00e1rio da cidade e tornam ambiente mais atrativo. Dispon\u00edvel em: https:\/\/www.youtube.com\/watch?v=4zkvAp7Bk0w. Acesso em: 10 nov. 2023.&nbsp;<br><\/td><\/tr><\/tbody><\/table><\/figure>\n\n\n\n<p><\/p>\n","protected":false},"author":59,"featured_media":172804,"template":"","ef_categoria":[13],"ef_ano":[86],"ef_componente":[95],"class_list":["post-172781","ensino_fundamental","type-ensino_fundamental","status-publish","has-post-thumbnail","hentry","ef_categoria-ciclo-da-infancia-abc","ef_ano-3o-ano","ef_componente-historia","entry","has-media"],"acf":[],"_links":{"self":[{"href":"https:\/\/sme.goiania.go.gov.br\/conexaoescola\/wp-json\/wp\/v2\/ensino_fundamental\/172781","targetHints":{"allow":["GET"]}}],"collection":[{"href":"https:\/\/sme.goiania.go.gov.br\/conexaoescola\/wp-json\/wp\/v2\/ensino_fundamental"}],"about":[{"href":"https:\/\/sme.goiania.go.gov.br\/conexaoescola\/wp-json\/wp\/v2\/types\/ensino_fundamental"}],"author":[{"embeddable":true,"href":"https:\/\/sme.goiania.go.gov.br\/conexaoescola\/wp-json\/wp\/v2\/users\/59"}],"version-history":[{"count":2,"href":"https:\/\/sme.goiania.go.gov.br\/conexaoescola\/wp-json\/wp\/v2\/ensino_fundamental\/172781\/revisions"}],"predecessor-version":[{"id":172805,"href":"https:\/\/sme.goiania.go.gov.br\/conexaoescola\/wp-json\/wp\/v2\/ensino_fundamental\/172781\/revisions\/172805"}],"wp:featuredmedia":[{"embeddable":true,"href":"https:\/\/sme.goiania.go.gov.br\/conexaoescola\/wp-json\/wp\/v2\/media\/172804"}],"wp:attachment":[{"href":"https:\/\/sme.goiania.go.gov.br\/conexaoescola\/wp-json\/wp\/v2\/media?parent=172781"}],"wp:term":[{"taxonomy":"ef_categoria","embeddable":true,"href":"https:\/\/sme.goiania.go.gov.br\/conexaoescola\/wp-json\/wp\/v2\/ef_categoria?post=172781"},{"taxonomy":"ef_ano","embeddable":true,"href":"https:\/\/sme.goiania.go.gov.br\/conexaoescola\/wp-json\/wp\/v2\/ef_ano?post=172781"},{"taxonomy":"ef_componente","embeddable":true,"href":"https:\/\/sme.goiania.go.gov.br\/conexaoescola\/wp-json\/wp\/v2\/ef_componente?post=172781"}],"curies":[{"name":"wp","href":"https:\/\/api.w.org\/{rel}","templated":true}]}}