{"id":172078,"date":"2023-11-08T19:03:11","date_gmt":"2023-11-08T22:03:11","guid":{"rendered":"https:\/\/sme.goiania.go.gov.br\/conexaoescola\/?post_type=ensino_fundamental&#038;p=172078"},"modified":"2023-11-08T19:07:25","modified_gmt":"2023-11-08T22:07:25","slug":"arte-tarsilinha-tracos-e-cores","status":"publish","type":"ensino_fundamental","link":"https:\/\/sme.goiania.go.gov.br\/conexaoescola\/ensino_fundamental\/arte-tarsilinha-tracos-e-cores\/","title":{"rendered":"ARTE &#8211; TARSILINHA: TRA\u00c7OS E CORES"},"content":{"rendered":"\n<p class=\"has-background has-medium-font-size\" style=\"background-color:#00cc4e\">Esta proposta de Atividade de&nbsp;<strong>Arte<\/strong>&nbsp;&#8211; Artes visuais, \u00e9 destinada a estudantes do&nbsp;<strong>2\u00ba&nbsp;Ano<\/strong>&nbsp;do&nbsp;<strong>Ensino Fundamental.<\/strong><\/p>\n\n\n\n<div class=\"wp-block-buttons is-content-justification-center is-layout-flex wp-container-core-buttons-is-layout-16018d1d wp-block-buttons-is-layout-flex\">\n<div class=\"wp-block-button has-custom-font-size has-medium-font-size\"><a class=\"wp-block-button__link wp-element-button\" href=\"https:\/\/drive.google.com\/uc?export=download&amp;id=1BFXm1cj871eQXuwMd9veQSobqezlxi08\">BAIXE A ATIVIDADE<\/a><\/div>\n\n\n\n<div class=\"wp-block-button has-custom-font-size has-medium-font-size\"><a class=\"wp-block-button__link wp-element-button\" href=\"https:\/\/drive.google.com\/uc?export=download&amp;id=1uoCkOlseWN6g3pisp8rfQZucgM97i2Zb\">BAIXE OS SLIDES<\/a><\/div>\n\n\n\n<div class=\"wp-block-button has-custom-font-size has-medium-font-size\"><a class=\"wp-block-button__link wp-element-button\" href=\"https:\/\/drive.google.com\/uc?export=download&amp;id=11Sayii3KY1v_VIyiNPA-PuO_7SS7y6vO\">BAIXE O TEXTO<\/a><\/div>\n<\/div>\n\n\n\n<div style=\"height:11px\" aria-hidden=\"true\" class=\"wp-block-spacer\"><\/div>\n\n\n\n<div style=\"height:11px\" aria-hidden=\"true\" class=\"wp-block-spacer\"><\/div>\n\n\n<div class=\"wp-block-image\">\n<figure class=\"aligncenter size-full is-resized\"><img fetchpriority=\"high\" decoding=\"async\" src=\"https:\/\/sme.goiania.go.gov.br\/conexaoescola\/wp-content\/uploads\/2023\/11\/tarsilinha.png\" alt=\"\" class=\"wp-image-172329\" width=\"417\" height=\"614\" srcset=\"https:\/\/sme.goiania.go.gov.br\/conexaoescola\/wp-content\/uploads\/2023\/11\/tarsilinha.png 556w, https:\/\/sme.goiania.go.gov.br\/conexaoescola\/wp-content\/uploads\/2023\/11\/tarsilinha-204x300.png 204w\" sizes=\"(max-width: 417px) 100vw, 417px\" \/><figcaption class=\"wp-element-caption\">Filme: Tarsilinha. Produ\u00e7\u00e3o: Pinguim Content. Dire\u00e7\u00e3o: Celia Catunda, Kiko Mistrorigo. Roteiro: Fernando Salem, Marcus Aurelius Pimenta. Produ\u00e7\u00e3o Executiva: Ricardo Rozzino. Produtora Associada: Tarsila do Amaral. Imagem Dispon\u00edvel em: <a href=\"http:\/\/www.tarsilinha.com\/\">www.tarsilinha.com\/<\/a><\/figcaption><\/figure><\/div>\n\n\n<p class=\"has-medium-font-size\"><strong><em>TARSILINHA<\/em><\/strong> \u00c9 UM FILME EM OMENAGEM AS OBRAS DE TARSILA DO AMARAL QUE D\u00c1 VIDA AS PINTURAS. VALE CONHECER!<\/p>\n\n\n\n<p class=\"has-medium-font-size\"><strong>QUEM FOI TARSILA DO AMARAL?<\/strong><\/p>\n\n\n<div class=\"wp-block-image\">\n<figure class=\"aligncenter size-large is-resized\"><img decoding=\"async\" src=\"https:\/\/sme.goiania.go.gov.br\/conexaoescola\/wp-content\/uploads\/2023\/10\/19479290400_229b416a6c_o-820x1024.jpg\" alt=\"\" class=\"wp-image-171911\" width=\"438\" height=\"546\" srcset=\"https:\/\/sme.goiania.go.gov.br\/conexaoescola\/wp-content\/uploads\/2023\/10\/19479290400_229b416a6c_o-820x1024.jpg 820w, https:\/\/sme.goiania.go.gov.br\/conexaoescola\/wp-content\/uploads\/2023\/10\/19479290400_229b416a6c_o-240x300.jpg 240w, https:\/\/sme.goiania.go.gov.br\/conexaoescola\/wp-content\/uploads\/2023\/10\/19479290400_229b416a6c_o-768x959.jpg 768w, https:\/\/sme.goiania.go.gov.br\/conexaoescola\/wp-content\/uploads\/2023\/10\/19479290400_229b416a6c_o-1230x1536.jpg 1230w, https:\/\/sme.goiania.go.gov.br\/conexaoescola\/wp-content\/uploads\/2023\/10\/19479290400_229b416a6c_o.jpg 1513w\" sizes=\"(max-width: 438px) 100vw, 438px\" \/><figcaption class=\"wp-element-caption\">Cole\u00e7\u00e3o de Arte: Banco Central do Brasil. Tarsila do Amaral &#8211; Autorretrato com vestido laranja. \u00d3leo sobre tela, 50cm \u00d7 41cm | 1921. Dispon\u00edvel em: <a href=\"http:\/\/www.flickr.com\/photos\/bancocentralbr\/19479290400\/in\/album-72157655361202251\/\">www.flickr.com\/photos\/bancocentralbr\/19479290400\/in\/album-72157655361202251\/<\/a><\/figcaption><\/figure><\/div>\n\n\n<p class=\"has-medium-font-size\">TARSILA FOI A MAIOR PINTORA BRASILEIRA, FICOU FAMOSA POR SUAS OBRAS, QUE COMBINAM ELEMENTOS DA CULTURA BRASILEIRA, COM CORES E TRA\u00c7OS \u00daNICOS. ILUSTRAVA A&nbsp; VIDA NO INTERIOR, A FLORA E A FAUNA BRASILEIRA.<\/p>\n\n\n\n<p class=\"has-medium-font-size\">ELA NASCEU NO INTERIOR DE S\u00c3O PAULO, EM 1886. FILHA DE UMA FAM\u00cdLIA RICA, ELA TEVE UMA EDUCA\u00c7\u00c3O PRIVILEGIADA. EM BARCELONA, NA ESPANHA, PARA ESTUDAR ARTES.<\/p>\n\n\n\n<p class=\"has-medium-font-size\">EM SUAS OBRAS ELA COMBINAVA ELEMENTOS DA CULTURA BRASILEIRA, COMO AS OBRAS DE TARSILA POSSUEM CORES FORTES E TRA\u00c7OS \u00daNICOS QUE ENCANTAM ADULTOS E CRIAN\u00c7AS. A CRIA\u00c7\u00c3O DE TARSILINHA \u00c9 UMA REAFIRMA\u00c7\u00c3O DO INTERESSE INFANTIL, O FILME TARSILINHA PARA CRIAN\u00c7AS \u00c9 UMA PRODU\u00c7\u00c3O MUITO INTERESSANTE PARA CONHECER AS OBRAS DA ARTISTA.<\/p>\n\n\n\n<p class=\"has-medium-font-size\">TARSILA MORREU EM S\u00c3O PAULO, EM 1973. ELA \u00c9 CONSIDERADA UMA DAS ARTISTAS PL\u00c1STICAS MAIS IMPORTANTES DO BRASIL, E SUA OBRA \u00c9 UM LEGADO PARA A CULTURA BRASILEIRA.<\/p>\n\n\n\n<div style=\"height:16px\" aria-hidden=\"true\" class=\"wp-block-spacer\"><\/div>\n\n\n\n<p class=\"has-background has-medium-font-size\" style=\"background-color:#00cc4e\"><strong>QUEST\u00c3O<\/strong> <strong>1<\/strong><\/p>\n\n\n\n<p class=\"has-medium-font-size\">VAMOS CONHECER ALGUMAS DAS OBRAS MAIS FAMOSAS DE TARSILA DO AMARAL EM MOVIMENTO E COM SOM.\u00a0<\/p>\n\n\n\n<ul class=\"wp-block-list\">\n<li class=\"has-medium-font-size\">DEPOIS VAMOS DISCUTIR O QUE MAIS NOS CHAMOU A ATEN\u00c7\u00c3O.<\/li>\n\n\n\n<li class=\"has-medium-font-size\">POR QUE A OBRA DE TARSILA DO AMARAL \u00c9 IMPORTANTE?<\/li>\n<\/ul>\n\n\n\n<figure class=\"wp-block-embed is-type-video is-provider-youtube wp-block-embed-youtube wp-embed-aspect-16-9 wp-has-aspect-ratio\"><div class=\"wp-block-embed__wrapper\">\n<p class=\"responsive-video-wrap clr\"><iframe title=\"Anima\u00e7\u00e3o Tarsila do amaral\" width=\"1200\" height=\"675\" src=\"https:\/\/www.youtube.com\/embed\/vkKAqsdcEAo?start=4&#038;feature=oembed\" frameborder=\"0\" allow=\"accelerometer; autoplay; clipboard-write; encrypted-media; gyroscope; picture-in-picture; web-share\" allowfullscreen><\/iframe><\/p>\n<\/div><\/figure>\n\n\n\n<div style=\"height:16px\" aria-hidden=\"true\" class=\"wp-block-spacer\"><\/div>\n\n\n\n<p class=\"has-background has-medium-font-size\" style=\"background-color:#00cc4e\"><strong>QUEST\u00c3O 2 <\/strong><\/p>\n\n\n\n<p class=\"has-medium-font-size\">OBSERVE A IMAGEM A SEGUIR E MARQUE A ALTERNATIVA CORRETA:<\/p>\n\n\n<div class=\"wp-block-image\">\n<figure class=\"aligncenter size-full is-resized\"><img decoding=\"async\" src=\"https:\/\/sme.goiania.go.gov.br\/conexaoescola\/wp-content\/uploads\/2023\/10\/Abaporu.jpg\" alt=\"\" class=\"wp-image-171913\" width=\"500\" height=\"591\" srcset=\"https:\/\/sme.goiania.go.gov.br\/conexaoescola\/wp-content\/uploads\/2023\/10\/Abaporu.jpg 422w, https:\/\/sme.goiania.go.gov.br\/conexaoescola\/wp-content\/uploads\/2023\/10\/Abaporu-253x300.jpg 253w\" sizes=\"(max-width: 500px) 100vw, 500px\" \/><figcaption class=\"wp-element-caption\">Abaporu, \u00f3leo sobre tela, Tarsila do Amaral &#8211; Colecci\u00f3n Costantini (Buenos Aires, Argentina). Dispon\u00edvel em: SP escola de Teatro &#8211; 100 anos da Semana de 22. Link: <a href=\"http:\/\/www.spescoladeteatro.org.br\/noticia\/100-anos-da-semana-de-22-confira-todas-as-pilulas-modernistas-curiosidades-do-periodo-compiladas-pela-comunicacao-da-sp\">www.spescoladeteatro.org.br\/noticia\/100-anos-da-semana-de-22-confira-todas-as-pilulas-modernistas-curiosidades-do-periodo-compiladas-pela-comunicacao-da-sp<\/a>.<\/figcaption><\/figure><\/div>\n\n\n<p class=\"has-medium-font-size\">O NOME DA OBRA \u00c9:<\/p>\n\n\n\n<div class=\"wp-block-group is-vertical is-layout-flex wp-container-core-group-is-layout-8cf370e7 wp-block-group-is-layout-flex\">\n<p class=\"has-medium-font-size\">(A) ABAPORU&nbsp;&nbsp;<\/p>\n\n\n\n<p class=\"has-medium-font-size\">(B) A NEGRA<\/p>\n\n\n\n<p class=\"has-medium-font-size\">(C) CAIPIRINHA<\/p>\n\n\n\n<p class=\"has-medium-font-size\">(D) CUCA<\/p>\n\n\n\n<div style=\"height:16px\" aria-hidden=\"true\" class=\"wp-block-spacer\"><\/div>\n\n\n\n<div style=\"height:16px\" aria-hidden=\"true\" class=\"wp-block-spacer\"><\/div>\n<\/div>\n\n\n\n<p class=\"has-background has-medium-font-size\" style=\"background-color:#00cc4e\"><strong>QUEST\u00c3O 3 <\/strong><\/p>\n\n\n\n<p class=\"has-medium-font-size\">TARSILA DO AMARAL ERA UMA:<\/p>\n\n\n\n<div class=\"wp-block-group is-vertical is-layout-flex wp-container-core-group-is-layout-8cf370e7 wp-block-group-is-layout-flex\">\n<p class=\"has-medium-font-size\">(A) ESCRITORA<\/p>\n\n\n\n<p class=\"has-medium-font-size\">(B) ATLETA<\/p>\n\n\n\n<p class=\"has-medium-font-size\">(C) ARTISTA<\/p>\n\n\n\n<p class=\"has-medium-font-size\">(D) JORNALISTA<\/p>\n\n\n\n<div style=\"height:16px\" aria-hidden=\"true\" class=\"wp-block-spacer\"><\/div>\n<\/div>\n\n\n\n<div style=\"height:16px\" aria-hidden=\"true\" class=\"wp-block-spacer\"><\/div>\n\n\n\n<p class=\"has-background has-medium-font-size\" style=\"background-color:#00cc4e\"><strong>QUEST\u00c3O 4<\/strong><\/p>\n\n\n\n<p class=\"has-medium-font-size\">OBSERVE OS QUADROS DE TARSILA DO AMARAL E DEPOIS REGISTRE EM SEU CADERNO.<\/p>\n\n\n\n<figure class=\"wp-block-image size-large\"><img loading=\"lazy\" decoding=\"async\" width=\"1024\" height=\"390\" src=\"https:\/\/sme.goiania.go.gov.br\/conexaoescola\/wp-content\/uploads\/2023\/10\/2-2-1-1024x390.png\" alt=\"\" class=\"wp-image-172088\" srcset=\"https:\/\/sme.goiania.go.gov.br\/conexaoescola\/wp-content\/uploads\/2023\/10\/2-2-1-1024x390.png 1024w, https:\/\/sme.goiania.go.gov.br\/conexaoescola\/wp-content\/uploads\/2023\/10\/2-2-1-300x114.png 300w, https:\/\/sme.goiania.go.gov.br\/conexaoescola\/wp-content\/uploads\/2023\/10\/2-2-1-768x292.png 768w, https:\/\/sme.goiania.go.gov.br\/conexaoescola\/wp-content\/uploads\/2023\/10\/2-2-1.png 1124w\" sizes=\"(max-width: 1024px) 100vw, 1024px\" \/><\/figure>\n\n\n\n<ul class=\"wp-block-list\">\n<li class=\"has-medium-font-size\">O QUE LHE CHAMOU A ATEN\u00c7\u00c3O NO MOMENTO EM QUE OLHOU?<\/li>\n\n\n\n<li class=\"has-medium-font-size\">COMO S\u00c3O AS CORES E A FORMA DE DESENHAR DA ARTISTA?<\/li>\n<\/ul>\n\n\n\n<div style=\"height:16px\" aria-hidden=\"true\" class=\"wp-block-spacer\"><\/div>\n\n\n\n<p class=\"has-background has-medium-font-size\" style=\"background-color:#00cc4e\"><strong>QUEST\u00c3O 5<\/strong><\/p>\n\n\n\n<div class=\"wp-block-media-text is-stacked-on-mobile is-vertically-aligned-center\" style=\"grid-template-columns:21% auto\"><figure class=\"wp-block-media-text__media\"><a href=\"https:\/\/www.youtube.com\/watch?v=SJhBy2_0nWw\"><img loading=\"lazy\" decoding=\"async\" width=\"700\" height=\"933\" src=\"https:\/\/sme.goiania.go.gov.br\/conexaoescola\/wp-content\/uploads\/2023\/10\/ER.jpg\" alt=\"\" class=\"wp-image-172097 size-full\" srcset=\"https:\/\/sme.goiania.go.gov.br\/conexaoescola\/wp-content\/uploads\/2023\/10\/ER.jpg 700w, https:\/\/sme.goiania.go.gov.br\/conexaoescola\/wp-content\/uploads\/2023\/10\/ER-225x300.jpg 225w\" sizes=\"(max-width: 700px) 100vw, 700px\" \/><\/a><\/figure><div class=\"wp-block-media-text__content\">\n<p><\/p>\n\n\n\n<p><\/p>\n\n\n\n<p class=\"has-medium-font-size\">AGORA VAMOS CONHECER A HIST\u00d3RIA: TARSILA E O PAPAGAIO JUVENAL DE M\u00c9RCIA MARIA LEIT\u00c3O E NEIDE DUARTE, QUE ABORDA A TELA: <strong>O VENDEDOR DE FRUTAS. <\/strong><\/p>\n\n\n\n<p class=\"has-medium-font-size\"><a rel=\"noreferrer noopener\" href=\"https:\/\/www.youtube.com\/watch?v=SJhBy2_0nWw\" target=\"_blank\"><strong>ACESSE:<\/strong> www.youtube.com\/watch?v=SJhBy2_0nWw<\/a><\/p>\n\n\n\n<p><\/p>\n\n\n\n<p class=\"has-medium-font-size\"><\/p>\n<\/div><\/div>\n\n\n\n<div style=\"height:20px\" aria-hidden=\"true\" class=\"wp-block-spacer\"><\/div>\n\n\n\n<p class=\"has-background has-medium-font-size\" style=\"background-color:#00cc4e\"><strong>QUEST\u00c3O 6<\/strong><\/p>\n\n\n\n<div class=\"wp-block-media-text is-stacked-on-mobile is-vertically-aligned-center\" style=\"grid-template-columns:22% auto\"><figure class=\"wp-block-media-text__media\"><img loading=\"lazy\" decoding=\"async\" width=\"556\" height=\"818\" src=\"https:\/\/sme.goiania.go.gov.br\/conexaoescola\/wp-content\/uploads\/2023\/11\/tarsilinha.png\" alt=\"\" class=\"wp-image-172329 size-full\" srcset=\"https:\/\/sme.goiania.go.gov.br\/conexaoescola\/wp-content\/uploads\/2023\/11\/tarsilinha.png 556w, https:\/\/sme.goiania.go.gov.br\/conexaoescola\/wp-content\/uploads\/2023\/11\/tarsilinha-204x300.png 204w\" sizes=\"(max-width: 556px) 100vw, 556px\" \/><\/figure><div class=\"wp-block-media-text__content\">\n<p class=\"has-medium-font-size\"><strong>AGORA \u00c9 A NOSSA VEZ!<\/strong><\/p>\n\n\n\n<p class=\"has-medium-font-size\">VAMOS BRINCAR DE TARSILINHA!<\/p>\n\n\n\n<p class=\"has-medium-font-size\">EM UMA FOLHA BRANCA VAMOS RECRIAR TARSILA E O VENDEDOR DE FRUTAS?<\/p>\n\n\n\n<p class=\"has-medium-font-size\">PODEMOS USAR NOSSA CRIATIVIDADES, <strong>MUITAS CORES<\/strong> E ELEMENTOS COMO <strong>C\u00cdRCULOS, RETANGULARES, QUADRADOS E TRI\u00c2NGULOS.<\/strong><\/p>\n<\/div><\/div>\n\n\n\n<p class=\"has-medium-font-size\"><em>N\u00c3O DEIXE DE COMPARTILHAR COM OS COLEGAS E FAMILHARES SUA CRIA\u00c7\u00c3O E APRECIAR A CRIA\u00c7\u00c3O DOS COLEGAS!<\/em><\/p>\n\n\n\n<div style=\"height:9px\" aria-hidden=\"true\" class=\"wp-block-spacer\"><\/div>\n\n\n\n<p class=\"has-text-align-center\">____<\/p>\n\n\n\n<p class=\"has-background has-medium-font-size\" style=\"background-color:#00cc4e\"><strong>PARA SABER MAIS:&nbsp;<\/strong><\/p>\n\n\n\n<h1 class=\"wp-block-heading has-medium-font-size\" style=\"font-style:normal;font-weight:400\"><\/h1>\n\n\n\n<figure class=\"wp-block-embed is-type-video is-provider-youtube wp-block-embed-youtube wp-embed-aspect-4-3 wp-has-aspect-ratio\"><div class=\"wp-block-embed__wrapper\">\nhttps:\/\/www.youtube.com\/watch?v=h3PPAorD9pk\n<\/div><\/figure>\n\n\n\n<p class=\"has-text-align-center\">____<\/p>\n\n\n\n<figure class=\"wp-block-table is-style-regular\"><table><tbody><tr><td><strong>Autoria:<\/strong><\/td><td>Ariadiny C\u00e2ndido Morais<\/td><\/tr><tr><td><strong>Forma\u00e7\u00e3o:<\/strong><\/td><td>Pedagoga e Mestre em Educa\u00e7\u00e3o.<\/td><\/tr><tr><td><strong>Componente Curricular:<\/strong><\/td><td>ARTE<\/td><\/tr><tr><td><strong>Habilidades:<\/strong><br>Contextos e Pr\u00e1ticas: Patrim\u00f4nio cultural material e imaterial<br><br>Processos de Cria\u00e7\u00e3o: Cria\u00e7\u00e3o e a ressignifica\u00e7\u00e3o em artes visuais.<\/td><td>(GO-EF02AR25) Conhecer e valorizar o patrim\u00f4nio cultural, material e imaterial, de culturas diversas, em especial da brasileira, incluindo-se suas matrizes ind\u00edgenas, africanas e europeias, de diferentes \u00e9pocas, construir e compreender o vocabul\u00e1rio e o repert\u00f3rio relativos \u00e0s diferentes linguagens art\u00edsticas, bem como reconhecer as suas heran\u00e7as culturais.<br><br>(GO-EF02AR05) Experimentar a cria\u00e7\u00e3o e a ressignifica\u00e7\u00e3o em artes visuais, explorando diferentes espa\u00e7os da institui\u00e7\u00e3o escolar e da comunidade, sentindo-se pertencente a esses espa\u00e7os, respeitando os contextos afetivos, sociais e culturais de modo individual, coletivo e colaborativo.<\/td><\/tr><tr><td><strong>Refer\u00eancias:&nbsp;<\/strong><\/td><td>GOI\u00c1S. Documento Curricular para Goi\u00e1s \u2013 Ampliado. Volume II. Ensino Fundamental Anos Finais. CONSED; UNDIME, 2018. 433 p. Dispon\u00edvel em: &lt;<a href=\"https:\/\/sme.goiania.go.gov.br\/site\/index.php\/institucional\/documentos-oficiais-2\/category\/27-documentos-gerais&amp;gt&amp;gt\">sme.goiania.go.gov.br\/site\/index.php\/institucional\/documentos-oficiais-2\/category\/27-documentos-gerais&amp;gt&amp;gt<\/a>&gt;. Acesso em 23\/03\/2023.<br><br>GOI\u00c1S. Documento Curricular para Goi\u00e1s \u2013 Ampliado. Cortes Temporais. CONSED; UNDIME, 2019. p. 143. Dispon\u00edvel em: &lt;<a href=\"https:\/\/sme.goiania.go.gov.br\/site\/index.php\/institucional\/documentos-oficiais-2\">sme.goiania.go.gov.br\/site\/index.php\/institucional\/documentos-oficiais-2 &gt;<\/a>. Acesso em: 23\/06\/2023.<br><br>MD. Casas Ribeirinhas &#8211; Tarsila do Amaral. Dispon\u00edvel em: &lt;<a href=\"https:\/\/br.museum-digital.org\/object\/92?navlang=pt\">br.museum-digital.org\/object\/92?navlang=pt<\/a>&gt;. Acesso em: 26\/10\/2023<br><br>SP Escola de Teatro. 100 anos da Semana de 22: confira todas as P\u00edlulas Modernistas, curiosidades do per\u00edodo compiladas pela comunica\u00e7\u00e3o da SP! Publicado em: 22\/02\/2022. Dispon\u00edvel em: &lt;<a href=\"https:\/\/www.spescoladeteatro.org.br\/noticia\/100-anos-da-semana-de-22-confira-todas-as-pilulas-modernistas-curiosidades-do-periodo-compiladas-pela-comunicacao-da-sp\">www.spescoladeteatro.org.br\/noticia\/100-anos-da-semana-de-22-confira-todas-as-pilulas-modernistas-curiosidades-do-periodo-compiladas-pela-comunicacao-da-sp<\/a>&gt;. Acesso em: 26\/10\/2023.<br><br>Minist\u00e9rio da Cultura. Funarte. Voc\u00ea conhece o Abaporu? Quadro brasileiro, um dos mais valiosos do pa\u00eds, \u00e9 s\u00edmbolo do modernismo. Atualizado em 28\/06\/2022. Dispon\u00edvel em: &lt;<a href=\"http:\/\/www.gov.br\/funarte\/pt-br\/assuntos\/noticias\/todas-noticias\/voce-conhece-o-abaporu\">www.gov.br\/funarte\/pt-br\/assuntos\/noticias\/todas-noticias\/voce-conhece-o-abaporu<\/a>&gt;. Acesso em: 26\/10\/2023.<br><\/td><\/tr><\/tbody><\/table><\/figure>\n","protected":false},"author":12,"featured_media":172097,"template":"","ef_categoria":[13,17],"ef_ano":[85],"ef_componente":[99],"class_list":["post-172078","ensino_fundamental","type-ensino_fundamental","status-publish","has-post-thumbnail","hentry","ef_categoria-ciclo-da-infancia-abc","ef_categoria-corpo-e-movimento","ef_ano-2o-ano","ef_componente-arte-ef","entry","has-media"],"acf":[],"_links":{"self":[{"href":"https:\/\/sme.goiania.go.gov.br\/conexaoescola\/wp-json\/wp\/v2\/ensino_fundamental\/172078","targetHints":{"allow":["GET"]}}],"collection":[{"href":"https:\/\/sme.goiania.go.gov.br\/conexaoescola\/wp-json\/wp\/v2\/ensino_fundamental"}],"about":[{"href":"https:\/\/sme.goiania.go.gov.br\/conexaoescola\/wp-json\/wp\/v2\/types\/ensino_fundamental"}],"author":[{"embeddable":true,"href":"https:\/\/sme.goiania.go.gov.br\/conexaoescola\/wp-json\/wp\/v2\/users\/12"}],"version-history":[{"count":23,"href":"https:\/\/sme.goiania.go.gov.br\/conexaoescola\/wp-json\/wp\/v2\/ensino_fundamental\/172078\/revisions"}],"predecessor-version":[{"id":172509,"href":"https:\/\/sme.goiania.go.gov.br\/conexaoescola\/wp-json\/wp\/v2\/ensino_fundamental\/172078\/revisions\/172509"}],"wp:featuredmedia":[{"embeddable":true,"href":"https:\/\/sme.goiania.go.gov.br\/conexaoescola\/wp-json\/wp\/v2\/media\/172097"}],"wp:attachment":[{"href":"https:\/\/sme.goiania.go.gov.br\/conexaoescola\/wp-json\/wp\/v2\/media?parent=172078"}],"wp:term":[{"taxonomy":"ef_categoria","embeddable":true,"href":"https:\/\/sme.goiania.go.gov.br\/conexaoescola\/wp-json\/wp\/v2\/ef_categoria?post=172078"},{"taxonomy":"ef_ano","embeddable":true,"href":"https:\/\/sme.goiania.go.gov.br\/conexaoescola\/wp-json\/wp\/v2\/ef_ano?post=172078"},{"taxonomy":"ef_componente","embeddable":true,"href":"https:\/\/sme.goiania.go.gov.br\/conexaoescola\/wp-json\/wp\/v2\/ef_componente?post=172078"}],"curies":[{"name":"wp","href":"https:\/\/api.w.org\/{rel}","templated":true}]}}